{"id":9171,"date":"2017-02-03T00:57:19","date_gmt":"2017-02-03T00:57:19","guid":{"rendered":"http:\/\/terjebjornstad.com\/no\/?page_id=9171"},"modified":"2024-11-01T12:05:58","modified_gmt":"2024-11-01T11:05:58","slug":"isuzu","status":"publish","type":"page","link":"https:\/\/terjebjornstad.com\/no\/isuzu\/","title":{"rendered":""},"content":{"rendered":"<p><figure id=\"attachment_58413\" aria-describedby=\"caption-attachment-58413\" style=\"width: 300px\" class=\"wp-caption alignleft\"><img data-recalc-dims=\"1\" loading=\"lazy\" decoding=\"async\" data-attachment-id=\"58413\" data-permalink=\"https:\/\/terjebjornstad.com\/no\/isuzu\/isizi-logo-300x200\/\" data-orig-file=\"https:\/\/i0.wp.com\/terjebjornstad.com\/no\/wp-content\/uploads\/2023\/03\/isizi-logo-300x200-1.jpg?fit=300%2C200&amp;ssl=1\" data-orig-size=\"300,200\" data-comments-opened=\"1\" data-image-meta=\"{&quot;aperture&quot;:&quot;0&quot;,&quot;credit&quot;:&quot;&quot;,&quot;camera&quot;:&quot;&quot;,&quot;caption&quot;:&quot;&quot;,&quot;created_timestamp&quot;:&quot;0&quot;,&quot;copyright&quot;:&quot;&quot;,&quot;focal_length&quot;:&quot;0&quot;,&quot;iso&quot;:&quot;0&quot;,&quot;shutter_speed&quot;:&quot;0&quot;,&quot;title&quot;:&quot;&quot;,&quot;orientation&quot;:&quot;0&quot;}\" data-image-title=\"isizi-logo-300&amp;#215;200\" data-image-description=\"\" data-image-caption=\"&lt;p&gt;&amp;nbsp;&lt;\/p&gt;\n\" data-large-file=\"https:\/\/i0.wp.com\/terjebjornstad.com\/no\/wp-content\/uploads\/2023\/03\/isizi-logo-300x200-1.jpg?fit=300%2C200&amp;ssl=1\" src=\"https:\/\/i0.wp.com\/terjebjornstad.com\/no\/wp-content\/uploads\/2023\/03\/isizi-logo-300x200-1.jpg?resize=300%2C200&#038;ssl=1\" alt=\"\" width=\"300\" height=\"200\" class=\"size-full wp-image-58413\" \/><figcaption id=\"caption-attachment-58413\" class=\"wp-caption-text\">&nbsp;<\/figcaption><\/figure><br \/>\n&nbsp;<\/p>\n<div class=\"copy_teb1\">Bilproduksjonen til Isuzu begynte i mellomkrigstiden i et samarbeid med Wolseley. Etter krigen samarbeidet de med Rootes, senere med GM. I dag produserer de dieselmotorer og lettere nyttekj\u00f8ret\u00f8y.<\/div>\n<h6><\/h6>\n<h3 class=\"tebh2ingreslbcenter\">Tidligere publisert om Isuzu<\/h3>\n<figure id=\"attachment_9156\" aria-describedby=\"caption-attachment-9156\" style=\"width: 300px\" class=\"wp-caption alignleft\"><a href=\"https:\/\/terjebjornstad.com\/no\/2017\/02\/02\/isuzu-d-max\/\"><img data-recalc-dims=\"1\" loading=\"lazy\" decoding=\"async\" data-attachment-id=\"9156\" data-permalink=\"https:\/\/terjebjornstad.com\/no\/2017\/02\/02\/isuzu-d-max\/2016-isuzu-d-max-5\/\" data-orig-file=\"https:\/\/i0.wp.com\/terjebjornstad.com\/no\/wp-content\/uploads\/2017\/02\/2016-isuzu-d-max-5.png?fit=686%2C506&amp;ssl=1\" data-orig-size=\"686,506\" data-comments-opened=\"1\" data-image-meta=\"{&quot;aperture&quot;:&quot;0&quot;,&quot;credit&quot;:&quot;&quot;,&quot;camera&quot;:&quot;&quot;,&quot;caption&quot;:&quot;&quot;,&quot;created_timestamp&quot;:&quot;0&quot;,&quot;copyright&quot;:&quot;&quot;,&quot;focal_length&quot;:&quot;0&quot;,&quot;iso&quot;:&quot;0&quot;,&quot;shutter_speed&quot;:&quot;0&quot;,&quot;title&quot;:&quot;&quot;,&quot;orientation&quot;:&quot;0&quot;}\" data-image-title=\"2016-isuzu-d-max-5\" data-image-description=\"\" data-image-caption=\"&lt;p&gt;Isuzu D-Max&lt;\/p&gt;\n\" data-large-file=\"https:\/\/i0.wp.com\/terjebjornstad.com\/no\/wp-content\/uploads\/2017\/02\/2016-isuzu-d-max-5.png?fit=686%2C506&amp;ssl=1\" src=\"https:\/\/i0.wp.com\/terjebjornstad.com\/no\/wp-content\/uploads\/2017\/02\/2016-isuzu-d-max-5.png?resize=271%2C200&#038;ssl=1\" alt=\"\" width=\"271\" height=\"200\" class=\"size-medium wp-image-9156\" srcset=\"https:\/\/i0.wp.com\/terjebjornstad.com\/no\/wp-content\/uploads\/2017\/02\/2016-isuzu-d-max-5.png?resize=300%2C221&amp;ssl=1 300w, https:\/\/i0.wp.com\/terjebjornstad.com\/no\/wp-content\/uploads\/2017\/02\/2016-isuzu-d-max-5.png?w=686&amp;ssl=1 686w\" sizes=\"auto, (max-width: 271px) 100vw, 271px\" \/><\/a><figcaption id=\"caption-attachment-9156\" class=\"wp-caption-text\"><\/p>\n<h3 class=\"tebh2s\">Isuzu D-Max<\/h3>\n<div class=\"tebtext\">Jeg har brukt D-Max til diverse praktiske form\u00e5l. Lett \u00e5 laste og lett \u00e5 losse. Fin ogs\u00e5 hvis du driver med friluftsaktiviteter. Twin turbo dieselmotor har solid dreiemoment. Ganske h\u00f8y feelgood-faktor.<\/div>\n<p><\/figcaption><\/figure>\n<figure id=\"attachment_11299\" aria-describedby=\"caption-attachment-11299\" style=\"width: 300px\" class=\"wp-caption alignleft\"><a href=\"https:\/\/terjebjornstad.com\/no\/2017\/07\/24\/feelgood-med-d-max\/\"><img data-recalc-dims=\"1\" loading=\"lazy\" decoding=\"async\" data-attachment-id=\"11299\" data-permalink=\"https:\/\/terjebjornstad.com\/no\/2017\/07\/24\/feelgood-med-d-max\/isuzu-dmax-1-2307-686\/\" data-orig-file=\"https:\/\/i0.wp.com\/terjebjornstad.com\/no\/wp-content\/uploads\/2017\/07\/isuzu-dmax-1-2307-686.png?fit=686%2C457&amp;ssl=1\" data-orig-size=\"686,457\" data-comments-opened=\"1\" data-image-meta=\"{&quot;aperture&quot;:&quot;0&quot;,&quot;credit&quot;:&quot;&quot;,&quot;camera&quot;:&quot;&quot;,&quot;caption&quot;:&quot;&quot;,&quot;created_timestamp&quot;:&quot;0&quot;,&quot;copyright&quot;:&quot;&quot;,&quot;focal_length&quot;:&quot;0&quot;,&quot;iso&quot;:&quot;0&quot;,&quot;shutter_speed&quot;:&quot;0&quot;,&quot;title&quot;:&quot;&quot;,&quot;orientation&quot;:&quot;0&quot;}\" data-image-title=\"isuzu-dmax-1-2307-686\" data-image-description=\"\" data-image-caption=\"&lt;p&gt;Feelgood med D-Max&lt;\/p&gt;\n\" data-large-file=\"https:\/\/i0.wp.com\/terjebjornstad.com\/no\/wp-content\/uploads\/2017\/07\/isuzu-dmax-1-2307-686.png?fit=686%2C457&amp;ssl=1\" src=\"https:\/\/i0.wp.com\/terjebjornstad.com\/no\/wp-content\/uploads\/2017\/07\/isuzu-dmax-1-2307-686.png?resize=300%2C200&#038;ssl=1\" alt=\"\" width=\"300\" height=\"200\" class=\"size-medium wp-image-11299\" srcset=\"https:\/\/i0.wp.com\/terjebjornstad.com\/no\/wp-content\/uploads\/2017\/07\/isuzu-dmax-1-2307-686.png?resize=300%2C200&amp;ssl=1 300w, https:\/\/i0.wp.com\/terjebjornstad.com\/no\/wp-content\/uploads\/2017\/07\/isuzu-dmax-1-2307-686.png?w=686&amp;ssl=1 686w\" sizes=\"auto, (max-width: 300px) 100vw, 300px\" \/><\/a><figcaption id=\"caption-attachment-11299\" class=\"wp-caption-text\"><\/p>\n<h3 class=\"tebh2s\">Feelgood med D-Max<\/h3>\n<div class=\"tebtext\">Tenk deg noe som du ikke liker spesielt godt ved f\u00f8rste \u00f8yekast. Men etter hvert som du bruker det, blir du mer og mer glad i det. Akkurat s\u00e5nn er det med offroadsykler og D-Max.<\/div>\n<p><\/figcaption><\/figure>\n<p><a href=\"https:\/\/terjebjornstad.com\/no\/bildekatalogen\/\"><img data-recalc-dims=\"1\" loading=\"lazy\" decoding=\"async\" data-attachment-id=\"30740\" data-permalink=\"https:\/\/terjebjornstad.com\/no\/bildekatalogen\/bilkatalogen-1\/\" data-orig-file=\"https:\/\/i0.wp.com\/terjebjornstad.com\/no\/wp-content\/uploads\/2020\/02\/bilkatalogen-1.png?fit=183%2C53&amp;ssl=1\" data-orig-size=\"183,53\" data-comments-opened=\"1\" data-image-meta=\"{&quot;aperture&quot;:&quot;0&quot;,&quot;credit&quot;:&quot;&quot;,&quot;camera&quot;:&quot;&quot;,&quot;caption&quot;:&quot;&quot;,&quot;created_timestamp&quot;:&quot;0&quot;,&quot;copyright&quot;:&quot;&quot;,&quot;focal_length&quot;:&quot;0&quot;,&quot;iso&quot;:&quot;0&quot;,&quot;shutter_speed&quot;:&quot;0&quot;,&quot;title&quot;:&quot;&quot;,&quot;orientation&quot;:&quot;0&quot;}\" data-image-title=\"bilkatalogen-1\" data-image-description=\"\" data-image-caption=\"\" data-large-file=\"https:\/\/i0.wp.com\/terjebjornstad.com\/no\/wp-content\/uploads\/2020\/02\/bilkatalogen-1.png?fit=183%2C53&amp;ssl=1\" src=\"https:\/\/i0.wp.com\/terjebjornstad.com\/no\/wp-content\/uploads\/2024\/09\/bilkatalogen-1-wiii-1.png?resize=183%2C53&#038;ssl=1\" alt=\"longchamp\" width=\"183\" height=\"53\" class=\"alignright size-full wp-image-30740\" \/><\/a><\/p>\n<h6><\/h6>\n","protected":false},"excerpt":{"rendered":"<p>&nbsp; Bilproduksjonen til Isuzu begynte i mellomkrigstiden i et samarbeid med Wolseley. Etter krigen samarbeidet de med Rootes, senere med GM. I dag produserer de dieselmotorer og lettere nyttekj\u00f8ret\u00f8y. Tidligere publisert om Isuzu<\/p>\n","protected":false},"author":1,"featured_media":0,"parent":0,"menu_order":0,"comment_status":"closed","ping_status":"closed","template":"templates\/full-width-page.php","meta":{"_monsterinsights_skip_tracking":false,"_monsterinsights_sitenote_active":false,"_monsterinsights_sitenote_note":"","_monsterinsights_sitenote_category":0,"jetpack_post_was_ever_published":false,"footnotes":""},"class_list":["post-9171","page","type-page","status-publish","hentry"],"yoast_head":"<!-- This site is optimized with the Yoast SEO plugin v27.5 - https:\/\/yoast.com\/product\/yoast-seo-wordpress\/ -->\n<title>- Terjes biler<\/title>\n<meta name=\"robots\" content=\"index, follow, max-snippet:-1, max-image-preview:large, max-video-preview:-1\" \/>\n<link rel=\"canonical\" href=\"https:\/\/terjebjornstad.com\/no\/isuzu\/\" \/>\n<meta property=\"og:locale\" content=\"nb_NO\" \/>\n<meta property=\"og:type\" content=\"article\" \/>\n<meta property=\"og:title\" content=\"- Terjes biler\" \/>\n<meta property=\"og:description\" content=\"&nbsp; Bilproduksjonen til Isuzu begynte i mellomkrigstiden i et samarbeid med Wolseley. Etter krigen samarbeidet de med Rootes, senere med GM. I dag produserer de dieselmotorer og lettere nyttekj\u00f8ret\u00f8y. Tidligere publisert om Isuzu\" \/>\n<meta property=\"og:url\" content=\"https:\/\/terjebjornstad.com\/no\/isuzu\/\" \/>\n<meta property=\"og:site_name\" content=\"Terjes biler\" \/>\n<meta property=\"article:publisher\" content=\"https:\/\/www.facebook.com\/terjesbiler\/\" \/>\n<meta property=\"article:modified_time\" content=\"2024-11-01T11:05:58+00:00\" \/>\n<meta property=\"og:image\" content=\"https:\/\/terjebjornstad.com\/no\/wp-content\/uploads\/2023\/03\/isizi-logo-300x200-1.jpg\" \/>\n<meta name=\"twitter:card\" content=\"summary_large_image\" \/>\n<meta name=\"twitter:label1\" content=\"Ansl. lesetid\" \/>\n\t<meta name=\"twitter:data1\" content=\"2 minutter\" \/>\n<script type=\"application\/ld+json\" class=\"yoast-schema-graph\">{\"@context\":\"https:\\\/\\\/schema.org\",\"@graph\":[{\"@type\":\"WebPage\",\"@id\":\"https:\\\/\\\/terjebjornstad.com\\\/no\\\/isuzu\\\/\",\"url\":\"https:\\\/\\\/terjebjornstad.com\\\/no\\\/isuzu\\\/\",\"name\":\"- Terjes biler\",\"isPartOf\":{\"@id\":\"https:\\\/\\\/terjebjornstad.com\\\/no\\\/#website\"},\"primaryImageOfPage\":{\"@id\":\"https:\\\/\\\/terjebjornstad.com\\\/no\\\/isuzu\\\/#primaryimage\"},\"image\":{\"@id\":\"https:\\\/\\\/terjebjornstad.com\\\/no\\\/isuzu\\\/#primaryimage\"},\"thumbnailUrl\":\"https:\\\/\\\/terjebjornstad.com\\\/no\\\/wp-content\\\/uploads\\\/2023\\\/03\\\/isizi-logo-300x200-1.jpg\",\"datePublished\":\"2017-02-03T00:57:19+00:00\",\"dateModified\":\"2024-11-01T11:05:58+00:00\",\"inLanguage\":\"nb-NO\",\"potentialAction\":[{\"@type\":\"ReadAction\",\"target\":[\"https:\\\/\\\/terjebjornstad.com\\\/no\\\/isuzu\\\/\"]}]},{\"@type\":\"ImageObject\",\"inLanguage\":\"nb-NO\",\"@id\":\"https:\\\/\\\/terjebjornstad.com\\\/no\\\/isuzu\\\/#primaryimage\",\"url\":\"https:\\\/\\\/i0.wp.com\\\/terjebjornstad.com\\\/no\\\/wp-content\\\/uploads\\\/2023\\\/03\\\/isizi-logo-300x200-1.jpg?fit=300%2C200&ssl=1\",\"contentUrl\":\"https:\\\/\\\/i0.wp.com\\\/terjebjornstad.com\\\/no\\\/wp-content\\\/uploads\\\/2023\\\/03\\\/isizi-logo-300x200-1.jpg?fit=300%2C200&ssl=1\",\"width\":300,\"height\":200,\"caption\":\"&nbsp;\"},{\"@type\":\"WebSite\",\"@id\":\"https:\\\/\\\/terjebjornstad.com\\\/no\\\/#website\",\"url\":\"https:\\\/\\\/terjebjornstad.com\\\/no\\\/\",\"name\":\"Terjes biler\",\"description\":\"HONEST ABOUT CARS\",\"publisher\":{\"@id\":\"https:\\\/\\\/terjebjornstad.com\\\/no\\\/#organization\"},\"alternateName\":\"Terjebjornstad.com\",\"potentialAction\":[{\"@type\":\"SearchAction\",\"target\":{\"@type\":\"EntryPoint\",\"urlTemplate\":\"https:\\\/\\\/terjebjornstad.com\\\/no\\\/?s={search_term_string}\"},\"query-input\":{\"@type\":\"PropertyValueSpecification\",\"valueRequired\":true,\"valueName\":\"search_term_string\"}}],\"inLanguage\":\"nb-NO\"},{\"@type\":\"Organization\",\"@id\":\"https:\\\/\\\/terjebjornstad.com\\\/no\\\/#organization\",\"name\":\"Terje Bj\u00f8rnstad ENK\",\"url\":\"https:\\\/\\\/terjebjornstad.com\\\/no\\\/\",\"logo\":{\"@type\":\"ImageObject\",\"inLanguage\":\"nb-NO\",\"@id\":\"https:\\\/\\\/terjebjornstad.com\\\/no\\\/#\\\/schema\\\/logo\\\/image\\\/\",\"url\":\"https:\\\/\\\/i0.wp.com\\\/terjebjornstad.com\\\/no\\\/wp-content\\\/uploads\\\/2026\\\/02\\\/terjesbiler2024-960x354-1.png?fit=960%2C354&ssl=1\",\"contentUrl\":\"https:\\\/\\\/i0.wp.com\\\/terjebjornstad.com\\\/no\\\/wp-content\\\/uploads\\\/2026\\\/02\\\/terjesbiler2024-960x354-1.png?fit=960%2C354&ssl=1\",\"width\":960,\"height\":354,\"caption\":\"Terje Bj\u00f8rnstad ENK\"},\"image\":{\"@id\":\"https:\\\/\\\/terjebjornstad.com\\\/no\\\/#\\\/schema\\\/logo\\\/image\\\/\"},\"sameAs\":[\"https:\\\/\\\/www.facebook.com\\\/terjesbiler\\\/\",\"https:\\\/\\\/www.instagram.com\\\/terjesbiler\\\/\",\"https:\\\/\\\/www.pinteres.com\\\/terjebjrnstad\\\/terjes-biler\\\/\"]}]}<\/script>\n<!-- \/ Yoast SEO plugin. -->","yoast_head_json":{"title":"- Terjes biler","robots":{"index":"index","follow":"follow","max-snippet":"max-snippet:-1","max-image-preview":"max-image-preview:large","max-video-preview":"max-video-preview:-1"},"canonical":"https:\/\/terjebjornstad.com\/no\/isuzu\/","og_locale":"nb_NO","og_type":"article","og_title":"- Terjes biler","og_description":"&nbsp; Bilproduksjonen til Isuzu begynte i mellomkrigstiden i et samarbeid med Wolseley. Etter krigen samarbeidet de med Rootes, senere med GM. I dag produserer de dieselmotorer og lettere nyttekj\u00f8ret\u00f8y. Tidligere publisert om Isuzu","og_url":"https:\/\/terjebjornstad.com\/no\/isuzu\/","og_site_name":"Terjes biler","article_publisher":"https:\/\/www.facebook.com\/terjesbiler\/","article_modified_time":"2024-11-01T11:05:58+00:00","og_image":[{"url":"https:\/\/terjebjornstad.com\/no\/wp-content\/uploads\/2023\/03\/isizi-logo-300x200-1.jpg","type":"","width":"","height":""}],"twitter_card":"summary_large_image","twitter_misc":{"Ansl. lesetid":"2 minutter"},"schema":{"@context":"https:\/\/schema.org","@graph":[{"@type":"WebPage","@id":"https:\/\/terjebjornstad.com\/no\/isuzu\/","url":"https:\/\/terjebjornstad.com\/no\/isuzu\/","name":"- Terjes biler","isPartOf":{"@id":"https:\/\/terjebjornstad.com\/no\/#website"},"primaryImageOfPage":{"@id":"https:\/\/terjebjornstad.com\/no\/isuzu\/#primaryimage"},"image":{"@id":"https:\/\/terjebjornstad.com\/no\/isuzu\/#primaryimage"},"thumbnailUrl":"https:\/\/terjebjornstad.com\/no\/wp-content\/uploads\/2023\/03\/isizi-logo-300x200-1.jpg","datePublished":"2017-02-03T00:57:19+00:00","dateModified":"2024-11-01T11:05:58+00:00","inLanguage":"nb-NO","potentialAction":[{"@type":"ReadAction","target":["https:\/\/terjebjornstad.com\/no\/isuzu\/"]}]},{"@type":"ImageObject","inLanguage":"nb-NO","@id":"https:\/\/terjebjornstad.com\/no\/isuzu\/#primaryimage","url":"https:\/\/i0.wp.com\/terjebjornstad.com\/no\/wp-content\/uploads\/2023\/03\/isizi-logo-300x200-1.jpg?fit=300%2C200&ssl=1","contentUrl":"https:\/\/i0.wp.com\/terjebjornstad.com\/no\/wp-content\/uploads\/2023\/03\/isizi-logo-300x200-1.jpg?fit=300%2C200&ssl=1","width":300,"height":200,"caption":"&nbsp;"},{"@type":"WebSite","@id":"https:\/\/terjebjornstad.com\/no\/#website","url":"https:\/\/terjebjornstad.com\/no\/","name":"Terjes biler","description":"HONEST ABOUT CARS","publisher":{"@id":"https:\/\/terjebjornstad.com\/no\/#organization"},"alternateName":"Terjebjornstad.com","potentialAction":[{"@type":"SearchAction","target":{"@type":"EntryPoint","urlTemplate":"https:\/\/terjebjornstad.com\/no\/?s={search_term_string}"},"query-input":{"@type":"PropertyValueSpecification","valueRequired":true,"valueName":"search_term_string"}}],"inLanguage":"nb-NO"},{"@type":"Organization","@id":"https:\/\/terjebjornstad.com\/no\/#organization","name":"Terje Bj\u00f8rnstad ENK","url":"https:\/\/terjebjornstad.com\/no\/","logo":{"@type":"ImageObject","inLanguage":"nb-NO","@id":"https:\/\/terjebjornstad.com\/no\/#\/schema\/logo\/image\/","url":"https:\/\/i0.wp.com\/terjebjornstad.com\/no\/wp-content\/uploads\/2026\/02\/terjesbiler2024-960x354-1.png?fit=960%2C354&ssl=1","contentUrl":"https:\/\/i0.wp.com\/terjebjornstad.com\/no\/wp-content\/uploads\/2026\/02\/terjesbiler2024-960x354-1.png?fit=960%2C354&ssl=1","width":960,"height":354,"caption":"Terje Bj\u00f8rnstad ENK"},"image":{"@id":"https:\/\/terjebjornstad.com\/no\/#\/schema\/logo\/image\/"},"sameAs":["https:\/\/www.facebook.com\/terjesbiler\/","https:\/\/www.instagram.com\/terjesbiler\/","https:\/\/www.pinteres.com\/terjebjrnstad\/terjes-biler\/"]}]}},"jetpack_sharing_enabled":true,"jetpack_shortlink":"https:\/\/wp.me\/P48zYA-2nV","jetpack-related-posts":[{"id":53197,"url":"https:\/\/terjebjornstad.com\/no\/chevrolet-s-10-pickup-og-blazer\/","url_meta":{"origin":9171,"position":0},"title":"Chevrolet S-10 Pickup og Blazer","author":"Terje Bj\u00f8rnstad","date":"18\/10\/2022","format":false,"excerpt":"P\u00e5 begynnelsen av 80-tallet begynte amerikanerne \u00e5 bygge kompakte pickup'er, blant annet Chevrolet S-10. En mindre pickup P\u00e5 70-tallet dukket japanske pickuper opp og dannet en egen kompaktklasse innen lette nyttekj\u00f8ret\u00f8yer. GM's store pickup C-serie og Blazer K-serie var, da som n\u00e5, p\u00e5 salgstopp i USA. F\u00e5 andre biler duger\u2026","rel":"","context":"Liknende innlegg","block_context":{"text":"Liknende innlegg","link":""},"img":{"alt_text":"","src":"https:\/\/i0.wp.com\/terjebjornstad.com\/no\/wp-content\/uploads\/2022\/10\/1994-chevrolet-blazer-s10-080x720-1.jpg?fit=1080%2C720&ssl=1&resize=350%2C200","width":350,"height":200,"srcset":"https:\/\/i0.wp.com\/terjebjornstad.com\/no\/wp-content\/uploads\/2022\/10\/1994-chevrolet-blazer-s10-080x720-1.jpg?fit=1080%2C720&ssl=1&resize=350%2C200 1x, https:\/\/i0.wp.com\/terjebjornstad.com\/no\/wp-content\/uploads\/2022\/10\/1994-chevrolet-blazer-s10-080x720-1.jpg?fit=1080%2C720&ssl=1&resize=525%2C300 1.5x, https:\/\/i0.wp.com\/terjebjornstad.com\/no\/wp-content\/uploads\/2022\/10\/1994-chevrolet-blazer-s10-080x720-1.jpg?fit=1080%2C720&ssl=1&resize=700%2C400 2x, https:\/\/i0.wp.com\/terjebjornstad.com\/no\/wp-content\/uploads\/2022\/10\/1994-chevrolet-blazer-s10-080x720-1.jpg?fit=1080%2C720&ssl=1&resize=1050%2C600 3x"},"classes":[]},{"id":8924,"url":"https:\/\/terjebjornstad.com\/no\/2016-ford-ranger\/","url_meta":{"origin":9171,"position":1},"title":"Ford Ranger","author":"Terje Bj\u00f8rnstad","date":"19\/12\/2016","format":false,"excerpt":"Jeg liker pickup'er. Ford Ranger ser amerikansk ut, men produseres andre steder. I f\u00f8lge VIN-nummeret er bilene til Norge produsert i Australia, og deres bilkultur er jo faktisk ikke s\u00e5 forskjellig fra det amerikanske. Ranger konkurrerer f\u00f8rst og fremst med Isuzu D-Max, men ogs\u00e5 Toyota HiLux og Nissan Navara. Jeg\u2026","rel":"","context":"Liknende innlegg","block_context":{"text":"Liknende innlegg","link":""},"img":{"alt_text":"","src":"https:\/\/i0.wp.com\/terjebjornstad.com\/no\/wp-content\/uploads\/2016\/12\/2016-ford-ranger-1.png?fit=686%2C536&ssl=1&resize=350%2C200","width":350,"height":200,"srcset":"https:\/\/i0.wp.com\/terjebjornstad.com\/no\/wp-content\/uploads\/2016\/12\/2016-ford-ranger-1.png?fit=686%2C536&ssl=1&resize=350%2C200 1x, https:\/\/i0.wp.com\/terjebjornstad.com\/no\/wp-content\/uploads\/2016\/12\/2016-ford-ranger-1.png?fit=686%2C536&ssl=1&resize=525%2C300 1.5x"},"classes":[]},{"id":9169,"url":"https:\/\/terjebjornstad.com\/no\/2016-isuzu-d-max\/","url_meta":{"origin":9171,"position":2},"title":"Du blir automatisk omdirigert til:","author":"Terje Bj\u00f8rnstad","date":"03\/02\/2017","format":false,"excerpt":"Du blir automatisk omdirigert til:","rel":"","context":"Liknende innlegg","block_context":{"text":"Liknende innlegg","link":""},"img":{"alt_text":"","src":"https:\/\/i0.wp.com\/terjebjornstad.com\/no\/wp-content\/uploads\/2017\/02\/2016-isuzu-d-max-5-300x221.png?resize=350%2C200&ssl=1","width":350,"height":200},"classes":[]},{"id":58605,"url":"https:\/\/terjebjornstad.com\/no\/jeep-cj7\/","url_meta":{"origin":9171,"position":3},"title":"Jeep CJ7","author":"Terje Bj\u00f8rnstad","date":"28\/03\/2023","format":false,"excerpt":"De siste Jeep som ble produsert under AMC med r\u00f8tter tilbake til det opprinnelige konseptet. Jeep-gener CJ st\u00e5r for Civil Jeep og har v\u00e6rt et begrep fra de f\u00f8rste Jeep\u2019ene ble produsert. Selv om de 4-hjulsdrevne kj\u00f8ret\u00f8yene var utviklet til milit\u00e6re form\u00e5l, s\u00e5 man at de ogs\u00e5 kunne gj\u00f8re stor\u2026","rel":"","context":"Liknende innlegg","block_context":{"text":"Liknende innlegg","link":""},"img":{"alt_text":"","src":"https:\/\/i0.wp.com\/terjebjornstad.com\/no\/wp-content\/uploads\/2021\/06\/12-1979-jeep-cj7-renegade-1080x720-1.png?fit=1080%2C720&ssl=1&resize=350%2C200","width":350,"height":200,"srcset":"https:\/\/i0.wp.com\/terjebjornstad.com\/no\/wp-content\/uploads\/2021\/06\/12-1979-jeep-cj7-renegade-1080x720-1.png?fit=1080%2C720&ssl=1&resize=350%2C200 1x, https:\/\/i0.wp.com\/terjebjornstad.com\/no\/wp-content\/uploads\/2021\/06\/12-1979-jeep-cj7-renegade-1080x720-1.png?fit=1080%2C720&ssl=1&resize=525%2C300 1.5x, https:\/\/i0.wp.com\/terjebjornstad.com\/no\/wp-content\/uploads\/2021\/06\/12-1979-jeep-cj7-renegade-1080x720-1.png?fit=1080%2C720&ssl=1&resize=700%2C400 2x, https:\/\/i0.wp.com\/terjebjornstad.com\/no\/wp-content\/uploads\/2021\/06\/12-1979-jeep-cj7-renegade-1080x720-1.png?fit=1080%2C720&ssl=1&resize=1050%2C600 3x"},"classes":[]},{"id":5619,"url":"https:\/\/terjebjornstad.com\/no\/volkswagen\/","url_meta":{"origin":9171,"position":4},"title":"Volkswagen ble stiftet via det\u2026","author":"Terje Bj\u00f8rnstad","date":"23\/06\/2016","format":false,"excerpt":"Volkswagen ble stiftet via det tyske nazi-partiet i 1937. Form\u00e5let var \u00e5 skape en bil for folket. Ferdinand Porsche kom frem til et konsept som ble sv\u00e6rt vellykket. Volkswagen er i dag ett av flere bilmerker under Volkswagen Group AG. Tidligere publisert om Volkswagen Volkswagen-modeller i tekst og bilder","rel":"","context":"Liknende innlegg","block_context":{"text":"Liknende innlegg","link":""},"img":{"alt_text":"","src":"https:\/\/i0.wp.com\/terjebjornstad.com\/no\/wp-content\/uploads\/2023\/04\/volkswagen-logo-300x200-1.jpg?resize=350%2C200&ssl=1","width":350,"height":200},"classes":[]},{"id":683,"url":"https:\/\/terjebjornstad.com\/no\/terjes-biler\/","url_meta":{"origin":9171,"position":5},"title":"Biler vi har kj\u00f8rt nylig\u2026","author":"Terje Bj\u00f8rnstad","date":"02\/02\/2014","format":false,"excerpt":"Biler vi har kj\u00f8rt nylig Alfa Romeo Stelvio Audi e-tron 55 BMW I3 120Ah Citroen C3 Aircross Citroen C4 PureTech Citroen \u00eb-Jumpy 75 Kwh Cupra Born 58 kwh Ford Kuga ladbar hybrid Ford Mustang Mach-E Ford Transit Connect L1 Hyundai Kona Electric MG MG4 Mini Cooper SE Mitsubishi Eclipse Cross\u2026","rel":"","context":"Liknende innlegg","block_context":{"text":"Liknende innlegg","link":""},"img":{"alt_text":"","src":"https:\/\/i0.wp.com\/terjebjornstad.com\/no\/wp-content\/uploads\/2024\/10\/terjesbiler2024-960x354-1.png?fit=960%2C354&ssl=1&resize=350%2C200","width":350,"height":200,"srcset":"https:\/\/i0.wp.com\/terjebjornstad.com\/no\/wp-content\/uploads\/2024\/10\/terjesbiler2024-960x354-1.png?fit=960%2C354&ssl=1&resize=350%2C200 1x, https:\/\/i0.wp.com\/terjebjornstad.com\/no\/wp-content\/uploads\/2024\/10\/terjesbiler2024-960x354-1.png?fit=960%2C354&ssl=1&resize=525%2C300 1.5x, https:\/\/i0.wp.com\/terjebjornstad.com\/no\/wp-content\/uploads\/2024\/10\/terjesbiler2024-960x354-1.png?fit=960%2C354&ssl=1&resize=700%2C400 2x"},"classes":[]}],"_links":{"self":[{"href":"https:\/\/terjebjornstad.com\/no\/wp-json\/wp\/v2\/pages\/9171","targetHints":{"allow":["GET"]}}],"collection":[{"href":"https:\/\/terjebjornstad.com\/no\/wp-json\/wp\/v2\/pages"}],"about":[{"href":"https:\/\/terjebjornstad.com\/no\/wp-json\/wp\/v2\/types\/page"}],"author":[{"embeddable":true,"href":"https:\/\/terjebjornstad.com\/no\/wp-json\/wp\/v2\/users\/1"}],"replies":[{"embeddable":true,"href":"https:\/\/terjebjornstad.com\/no\/wp-json\/wp\/v2\/comments?post=9171"}],"version-history":[{"count":10,"href":"https:\/\/terjebjornstad.com\/no\/wp-json\/wp\/v2\/pages\/9171\/revisions"}],"predecessor-version":[{"id":90670,"href":"https:\/\/terjebjornstad.com\/no\/wp-json\/wp\/v2\/pages\/9171\/revisions\/90670"}],"wp:attachment":[{"href":"https:\/\/terjebjornstad.com\/no\/wp-json\/wp\/v2\/media?parent=9171"}],"curies":[{"name":"wp","href":"https:\/\/api.w.org\/{rel}","templated":true}]}}