{"id":8748,"date":"2016-11-26T00:39:12","date_gmt":"2016-11-26T00:39:12","guid":{"rendered":"http:\/\/terjebjornstad.com\/no\/?page_id=8748"},"modified":"2024-08-28T14:06:44","modified_gmt":"2024-08-28T13:06:44","slug":"memory-lane","status":"publish","type":"page","link":"https:\/\/terjebjornstad.com\/no\/memory-lane\/","title":{"rendered":"Memory Lane"},"content":{"rendered":"<p><img data-recalc-dims=\"1\" loading=\"lazy\" decoding=\"async\" data-attachment-id=\"8744\" data-permalink=\"https:\/\/terjebjornstad.com\/no\/2016\/06\/24\/en-galant-verdensbil\/memorylane1\/\" data-orig-file=\"https:\/\/i0.wp.com\/terjebjornstad.com\/no\/wp-content\/uploads\/2016\/11\/memorylane1.png?fit=183%2C53&amp;ssl=1\" data-orig-size=\"183,53\" data-comments-opened=\"1\" data-image-meta=\"{&quot;aperture&quot;:&quot;0&quot;,&quot;credit&quot;:&quot;&quot;,&quot;camera&quot;:&quot;&quot;,&quot;caption&quot;:&quot;&quot;,&quot;created_timestamp&quot;:&quot;0&quot;,&quot;copyright&quot;:&quot;&quot;,&quot;focal_length&quot;:&quot;0&quot;,&quot;iso&quot;:&quot;0&quot;,&quot;shutter_speed&quot;:&quot;0&quot;,&quot;title&quot;:&quot;&quot;,&quot;orientation&quot;:&quot;0&quot;}\" data-image-title=\"memorylane1\" data-image-description=\"\" data-image-caption=\"\" data-large-file=\"https:\/\/i0.wp.com\/terjebjornstad.com\/no\/wp-content\/uploads\/2016\/11\/memorylane1.png?fit=183%2C53&amp;ssl=1\" class=\"aligncenter size-full wp-image-8744\" src=\"https:\/\/i0.wp.com\/terjebjornstad.com\/no\/wp-content\/uploads\/2016\/11\/memorylane1.png?resize=183%2C53&#038;ssl=1\" alt=\"memorylane1\" width=\"183\" height=\"53\" \/><\/p>\n<blockquote>\n<p style=\"text-align: center;\">Youngtimer&#8217;e som er i ferd med \u00e5 g\u00e5 i glemmeboken og forsvinne fra veien.<\/p>\n<\/blockquote>\n<figure id=\"attachment_35862\" aria-describedby=\"caption-attachment-35862\" style=\"width: 300px\" class=\"wp-caption alignleft\"><a href=\"https:\/\/terjebjornstad.com\/no\/2020\/10\/27\/sannheten-om-k70\/\"><img data-recalc-dims=\"1\" loading=\"lazy\" decoding=\"async\" data-attachment-id=\"35862\" data-permalink=\"https:\/\/terjebjornstad.com\/no\/2020\/10\/27\/sannheten-om-k70\/xvolkswagen-k70-1-1080x1080\/\" data-orig-file=\"https:\/\/i0.wp.com\/terjebjornstad.com\/no\/wp-content\/uploads\/2020\/10\/xvolkswagen-k70-1-1080x1080-1.png?fit=1080%2C1080&amp;ssl=1\" data-orig-size=\"1080,1080\" data-comments-opened=\"1\" data-image-meta=\"{&quot;aperture&quot;:&quot;0&quot;,&quot;credit&quot;:&quot;&quot;,&quot;camera&quot;:&quot;&quot;,&quot;caption&quot;:&quot;&quot;,&quot;created_timestamp&quot;:&quot;0&quot;,&quot;copyright&quot;:&quot;&quot;,&quot;focal_length&quot;:&quot;0&quot;,&quot;iso&quot;:&quot;0&quot;,&quot;shutter_speed&quot;:&quot;0&quot;,&quot;title&quot;:&quot;&quot;,&quot;orientation&quot;:&quot;0&quot;}\" data-image-title=\"xvolkswagen-k70-1-1080&amp;#215;1080\" data-image-description=\"\" data-image-caption=\"&lt;p&gt;Sannheten om K70&lt;\/p&gt;\n\" data-large-file=\"https:\/\/i0.wp.com\/terjebjornstad.com\/no\/wp-content\/uploads\/2020\/10\/xvolkswagen-k70-1-1080x1080-1.png?fit=980%2C980&amp;ssl=1\" src=\"https:\/\/i0.wp.com\/terjebjornstad.com\/no\/wp-content\/uploads\/2019\/11\/vw-k70-686x457.png?resize=300%2C300&#038;ssl=1\" alt=\"\" width=\"300\" height=\"300\" class=\"size-medium wp-image-35862\" \/><\/a><figcaption id=\"caption-attachment-35862\" class=\"wp-caption-text\">Sannheten om K70<\/figcaption><\/figure>\n<figure id=\"attachment_35210\" aria-describedby=\"caption-attachment-35210\" style=\"width: 300px\" class=\"wp-caption alignleft\"><a href=\"https:\/\/terjebjornstad.com\/no\/nissan\/datsun-180b-610\/\"><img data-recalc-dims=\"1\" loading=\"lazy\" decoding=\"async\" data-attachment-id=\"35210\" data-permalink=\"https:\/\/terjebjornstad.com\/no\/nissan\/datsun-180b-610\/datsun-180b-sii-5-1080x720\/\" data-orig-file=\"https:\/\/i0.wp.com\/terjebjornstad.com\/no\/wp-content\/uploads\/2020\/10\/datsun-180b-sii-5-1080x720-1.png?fit=1080%2C720&amp;ssl=1\" data-orig-size=\"1080,720\" data-comments-opened=\"1\" data-image-meta=\"{&quot;aperture&quot;:&quot;0&quot;,&quot;credit&quot;:&quot;&quot;,&quot;camera&quot;:&quot;&quot;,&quot;caption&quot;:&quot;&quot;,&quot;created_timestamp&quot;:&quot;0&quot;,&quot;copyright&quot;:&quot;&quot;,&quot;focal_length&quot;:&quot;0&quot;,&quot;iso&quot;:&quot;0&quot;,&quot;shutter_speed&quot;:&quot;0&quot;,&quot;title&quot;:&quot;&quot;,&quot;orientation&quot;:&quot;0&quot;}\" data-image-title=\"datsun-180b-sii-5-1080&amp;#215;720\" data-image-description=\"\" data-image-caption=\"&lt;p&gt;Datsun 180B&lt;\/p&gt;\n\" data-large-file=\"https:\/\/i0.wp.com\/terjebjornstad.com\/no\/wp-content\/uploads\/2020\/10\/datsun-180b-sii-5-1080x720-1.png?fit=980%2C653&amp;ssl=1\" src=\"https:\/\/i0.wp.com\/terjebjornstad.com\/no\/wp-content\/uploads\/2020\/10\/datsun-180b-sii-5-1080x720-1.png?resize=300%2C200&#038;ssl=1\" alt=\"160b\" width=\"300\" height=\"200\" class=\"size-medium wp-image-35210\" srcset=\"https:\/\/i0.wp.com\/terjebjornstad.com\/no\/wp-content\/uploads\/2020\/10\/datsun-180b-sii-5-1080x720-1.png?resize=300%2C200&amp;ssl=1 300w, https:\/\/i0.wp.com\/terjebjornstad.com\/no\/wp-content\/uploads\/2020\/10\/datsun-180b-sii-5-1080x720-1.png?resize=768%2C512&amp;ssl=1 768w, https:\/\/i0.wp.com\/terjebjornstad.com\/no\/wp-content\/uploads\/2020\/10\/datsun-180b-sii-5-1080x720-1.png?resize=690%2C460&amp;ssl=1 690w, https:\/\/i0.wp.com\/terjebjornstad.com\/no\/wp-content\/uploads\/2020\/10\/datsun-180b-sii-5-1080x720-1.png?resize=980%2C653&amp;ssl=1 980w, https:\/\/i0.wp.com\/terjebjornstad.com\/no\/wp-content\/uploads\/2020\/10\/datsun-180b-sii-5-1080x720-1.png?w=1080&amp;ssl=1 1080w\" sizes=\"auto, (max-width: 300px) 100vw, 300px\" \/><\/a><figcaption id=\"caption-attachment-35210\" class=\"wp-caption-text\">Datsun 180B\/160B<\/figcaption><\/figure>\n<figure id=\"attachment_31989\" aria-describedby=\"caption-attachment-31989\" style=\"width: 300px\" class=\"wp-caption alignleft\"><a href=\"https:\/\/terjebjornstad.com\/no\/2020\/04\/07\/a-crown-someday\/\"><img data-recalc-dims=\"1\" loading=\"lazy\" decoding=\"async\" data-attachment-id=\"31989\" data-permalink=\"https:\/\/terjebjornstad.com\/no\/2020\/04\/07\/a-crown-someday\/toyota-crown-4-1080x720\/\" data-orig-file=\"https:\/\/i0.wp.com\/terjebjornstad.com\/no\/wp-content\/uploads\/2020\/04\/toyota-crown-4-1080x720-1.png?fit=1080%2C720&amp;ssl=1\" data-orig-size=\"1080,720\" data-comments-opened=\"1\" data-image-meta=\"{&quot;aperture&quot;:&quot;0&quot;,&quot;credit&quot;:&quot;&quot;,&quot;camera&quot;:&quot;&quot;,&quot;caption&quot;:&quot;&quot;,&quot;created_timestamp&quot;:&quot;0&quot;,&quot;copyright&quot;:&quot;&quot;,&quot;focal_length&quot;:&quot;0&quot;,&quot;iso&quot;:&quot;0&quot;,&quot;shutter_speed&quot;:&quot;0&quot;,&quot;title&quot;:&quot;&quot;,&quot;orientation&quot;:&quot;0&quot;}\" data-image-title=\"toyota-crown-4-1080&amp;#215;720\" data-image-description=\"\" data-image-caption=\"&lt;p&gt;A Crown someday&lt;\/p&gt;\n\" data-large-file=\"https:\/\/i0.wp.com\/terjebjornstad.com\/no\/wp-content\/uploads\/2020\/04\/toyota-crown-4-1080x720-1.png?fit=980%2C653&amp;ssl=1\" src=\"https:\/\/i0.wp.com\/terjebjornstad.com\/no\/wp-content\/uploads\/2020\/04\/toyota-crown-4-1080x720-1.png?resize=300%2C200&#038;ssl=1\" alt=\"\" width=\"300\" height=\"200\" class=\"size-medium wp-image-31989\" srcset=\"https:\/\/i0.wp.com\/terjebjornstad.com\/no\/wp-content\/uploads\/2020\/04\/toyota-crown-4-1080x720-1.png?resize=300%2C200&amp;ssl=1 300w, https:\/\/i0.wp.com\/terjebjornstad.com\/no\/wp-content\/uploads\/2020\/04\/toyota-crown-4-1080x720-1.png?resize=768%2C512&amp;ssl=1 768w, https:\/\/i0.wp.com\/terjebjornstad.com\/no\/wp-content\/uploads\/2020\/04\/toyota-crown-4-1080x720-1.png?resize=690%2C460&amp;ssl=1 690w, https:\/\/i0.wp.com\/terjebjornstad.com\/no\/wp-content\/uploads\/2020\/04\/toyota-crown-4-1080x720-1.png?resize=980%2C653&amp;ssl=1 980w, https:\/\/i0.wp.com\/terjebjornstad.com\/no\/wp-content\/uploads\/2020\/04\/toyota-crown-4-1080x720-1.png?w=1080&amp;ssl=1 1080w\" sizes=\"auto, (max-width: 300px) 100vw, 300px\" \/><\/a><figcaption id=\"caption-attachment-31989\" class=\"wp-caption-text\">Toyota Crown (VI) S110<\/figcaption><\/figure>\n<figure id=\"attachment_16733\" aria-describedby=\"caption-attachment-16733\" style=\"width: 300px\" class=\"wp-caption alignleft\"><a href=\"https:\/\/terjebjornstad.com\/no\/2018\/05\/22\/fransk-v8\/\"><img data-recalc-dims=\"1\" loading=\"lazy\" decoding=\"async\" data-attachment-id=\"16733\" data-permalink=\"https:\/\/terjebjornstad.com\/no\/2018\/05\/22\/fransk-v8\/vedette-beaulieu-110\/\" data-orig-file=\"https:\/\/i0.wp.com\/terjebjornstad.com\/no\/wp-content\/uploads\/2018\/05\/vedette-beaulieu-110.png?fit=686%2C457&amp;ssl=1\" data-orig-size=\"686,457\" data-comments-opened=\"1\" data-image-meta=\"{&quot;aperture&quot;:&quot;0&quot;,&quot;credit&quot;:&quot;&quot;,&quot;camera&quot;:&quot;&quot;,&quot;caption&quot;:&quot;&quot;,&quot;created_timestamp&quot;:&quot;0&quot;,&quot;copyright&quot;:&quot;&quot;,&quot;focal_length&quot;:&quot;0&quot;,&quot;iso&quot;:&quot;0&quot;,&quot;shutter_speed&quot;:&quot;0&quot;,&quot;title&quot;:&quot;&quot;,&quot;orientation&quot;:&quot;0&quot;}\" data-image-title=\"vedette-beaulieu-110\" data-image-description=\"\" data-image-caption=\"&lt;p&gt;Simca Vedette&lt;\/p&gt;\n\" data-large-file=\"https:\/\/i0.wp.com\/terjebjornstad.com\/no\/wp-content\/uploads\/2018\/05\/vedette-beaulieu-110.png?fit=686%2C457&amp;ssl=1\" src=\"https:\/\/i0.wp.com\/terjebjornstad.com\/no\/wp-content\/uploads\/2018\/05\/vedette-beaulieu-110.png?resize=300%2C200&#038;ssl=1\" alt=\"\" width=\"300\" height=\"200\" class=\"size-medium wp-image-16733\" srcset=\"https:\/\/i0.wp.com\/terjebjornstad.com\/no\/wp-content\/uploads\/2018\/05\/vedette-beaulieu-110.png?resize=300%2C200&amp;ssl=1 300w, https:\/\/i0.wp.com\/terjebjornstad.com\/no\/wp-content\/uploads\/2018\/05\/vedette-beaulieu-110.png?w=686&amp;ssl=1 686w\" sizes=\"auto, (max-width: 300px) 100vw, 300px\" \/><\/a><figcaption id=\"caption-attachment-16733\" class=\"wp-caption-text\">Simca Vedette Beaulieu.<\/figcaption><\/figure>\n<figure id=\"attachment_14135\" aria-describedby=\"caption-attachment-14135\" style=\"width: 300px\" class=\"wp-caption alignleft\"><a href=\"https:\/\/terjebjornstad.com\/no\/2017\/12\/17\/ford-capri-guttedrommen\/\"><img data-recalc-dims=\"1\" loading=\"lazy\" decoding=\"async\" data-attachment-id=\"14135\" data-permalink=\"https:\/\/terjebjornstad.com\/no\/2017\/12\/17\/ford-capri-guttedrommen\/71-ford-capri-2300-gt-2-686\/\" data-orig-file=\"https:\/\/i0.wp.com\/terjebjornstad.com\/no\/wp-content\/uploads\/2017\/12\/71-ford-capri-2300-gt-2-686.png?fit=686%2C457&amp;ssl=1\" data-orig-size=\"686,457\" data-comments-opened=\"1\" data-image-meta=\"{&quot;aperture&quot;:&quot;0&quot;,&quot;credit&quot;:&quot;&quot;,&quot;camera&quot;:&quot;&quot;,&quot;caption&quot;:&quot;&quot;,&quot;created_timestamp&quot;:&quot;0&quot;,&quot;copyright&quot;:&quot;&quot;,&quot;focal_length&quot;:&quot;0&quot;,&quot;iso&quot;:&quot;0&quot;,&quot;shutter_speed&quot;:&quot;0&quot;,&quot;title&quot;:&quot;&quot;,&quot;orientation&quot;:&quot;0&quot;}\" data-image-title=\"1971 Ford Capri 2300 GT\" data-image-description=\"\" data-image-caption=\"&lt;p&gt;Ford Capri mk1&lt;\/p&gt;\n\" data-large-file=\"https:\/\/i0.wp.com\/terjebjornstad.com\/no\/wp-content\/uploads\/2017\/12\/71-ford-capri-2300-gt-2-686.png?fit=686%2C457&amp;ssl=1\" src=\"https:\/\/i0.wp.com\/terjebjornstad.com\/no\/wp-content\/uploads\/2017\/12\/71-ford-capri-2300-gt-2-686.png?resize=300%2C200&#038;ssl=1\" alt=\"\" width=\"300\" height=\"200\" class=\"size-medium wp-image-14135\" srcset=\"https:\/\/i0.wp.com\/terjebjornstad.com\/no\/wp-content\/uploads\/2017\/12\/71-ford-capri-2300-gt-2-686.png?resize=300%2C200&amp;ssl=1 300w, https:\/\/i0.wp.com\/terjebjornstad.com\/no\/wp-content\/uploads\/2017\/12\/71-ford-capri-2300-gt-2-686.png?w=686&amp;ssl=1 686w\" sizes=\"auto, (max-width: 300px) 100vw, 300px\" \/><\/a><figcaption id=\"caption-attachment-14135\" class=\"wp-caption-text\">Ford Capri mk1<\/figcaption><\/figure>\n<figure id=\"attachment_13763\" aria-describedby=\"caption-attachment-13763\" style=\"width: 300px\" class=\"wp-caption alignleft\"><a href=\"https:\/\/terjebjornstad.com\/no\/2017\/11\/16\/bare-chrysler\/\"><img data-recalc-dims=\"1\" loading=\"lazy\" decoding=\"async\" data-attachment-id=\"13763\" data-permalink=\"https:\/\/terjebjornstad.com\/no\/2017\/11\/15\/husker-du-disse-franske\/french-chrysler-180-1-686\/\" data-orig-file=\"https:\/\/i0.wp.com\/terjebjornstad.com\/no\/wp-content\/uploads\/2017\/11\/french-chrysler-180-1-686.png?fit=686%2C500&amp;ssl=1\" data-orig-size=\"686,500\" data-comments-opened=\"1\" data-image-meta=\"{&quot;aperture&quot;:&quot;0&quot;,&quot;credit&quot;:&quot;&quot;,&quot;camera&quot;:&quot;&quot;,&quot;caption&quot;:&quot;&quot;,&quot;created_timestamp&quot;:&quot;0&quot;,&quot;copyright&quot;:&quot;&quot;,&quot;focal_length&quot;:&quot;0&quot;,&quot;iso&quot;:&quot;0&quot;,&quot;shutter_speed&quot;:&quot;0&quot;,&quot;title&quot;:&quot;&quot;,&quot;orientation&quot;:&quot;0&quot;}\" data-image-title=\"french-chrysler-180-1-686\" data-image-description=\"\" data-image-caption=\"&lt;p&gt;Chrysler 2 litres&lt;\/p&gt;\n\" data-large-file=\"https:\/\/i0.wp.com\/terjebjornstad.com\/no\/wp-content\/uploads\/2017\/11\/french-chrysler-180-1-686.png?fit=686%2C500&amp;ssl=1\" src=\"https:\/\/i0.wp.com\/terjebjornstad.com\/no\/wp-content\/uploads\/2017\/11\/french-chrysler-180-1-686.png?resize=300%2C219&#038;ssl=1\" alt=\"\" width=\"300\" height=\"219\" class=\"size-medium wp-image-13763\" srcset=\"https:\/\/i0.wp.com\/terjebjornstad.com\/no\/wp-content\/uploads\/2017\/11\/french-chrysler-180-1-686.png?resize=300%2C219&amp;ssl=1 300w, https:\/\/i0.wp.com\/terjebjornstad.com\/no\/wp-content\/uploads\/2017\/11\/french-chrysler-180-1-686.png?w=686&amp;ssl=1 686w\" sizes=\"auto, (max-width: 300px) 100vw, 300px\" \/><\/a><figcaption id=\"caption-attachment-13763\" class=\"wp-caption-text\">Chrysler 2-litre<\/figcaption><\/figure>\n<figure id=\"attachment_12935\" aria-describedby=\"caption-attachment-12935\" style=\"width: 300px\" class=\"wp-caption alignleft\"><a href=\"https:\/\/terjebjornstad.com\/no\/2017\/09\/30\/ford-taunus-p7a\/\"><img data-recalc-dims=\"1\" loading=\"lazy\" decoding=\"async\" data-attachment-id=\"12935\" data-permalink=\"https:\/\/terjebjornstad.com\/no\/ford-p7\/ford-p7a-9\/\" data-orig-file=\"https:\/\/i0.wp.com\/terjebjornstad.com\/no\/wp-content\/uploads\/2017\/09\/ford-p7a-9.png?fit=686%2C686&amp;ssl=1\" data-orig-size=\"686,686\" data-comments-opened=\"1\" data-image-meta=\"{&quot;aperture&quot;:&quot;0&quot;,&quot;credit&quot;:&quot;&quot;,&quot;camera&quot;:&quot;&quot;,&quot;caption&quot;:&quot;&quot;,&quot;created_timestamp&quot;:&quot;0&quot;,&quot;copyright&quot;:&quot;&quot;,&quot;focal_length&quot;:&quot;0&quot;,&quot;iso&quot;:&quot;0&quot;,&quot;shutter_speed&quot;:&quot;0&quot;,&quot;title&quot;:&quot;&quot;,&quot;orientation&quot;:&quot;0&quot;}\" data-image-title=\"Fort Taunus P7A\" data-image-description=\"\" data-image-caption=\"&lt;p&gt;Ford P7&lt;\/p&gt;\n\" data-large-file=\"https:\/\/i0.wp.com\/terjebjornstad.com\/no\/wp-content\/uploads\/2017\/09\/ford-p7a-9.png?fit=686%2C686&amp;ssl=1\" src=\"https:\/\/i0.wp.com\/terjebjornstad.com\/no\/wp-content\/uploads\/2017\/09\/ford-p7a-9.png?resize=300%2C300&#038;ssl=1\" alt=\"\" width=\"300\" height=\"300\" class=\"size-medium wp-image-12935\" srcset=\"https:\/\/i0.wp.com\/terjebjornstad.com\/no\/wp-content\/uploads\/2017\/09\/ford-p7a-9.png?resize=300%2C300&amp;ssl=1 300w, https:\/\/i0.wp.com\/terjebjornstad.com\/no\/wp-content\/uploads\/2017\/09\/ford-p7a-9.png?resize=150%2C150&amp;ssl=1 150w, https:\/\/i0.wp.com\/terjebjornstad.com\/no\/wp-content\/uploads\/2017\/09\/ford-p7a-9.png?resize=50%2C50&amp;ssl=1 50w, https:\/\/i0.wp.com\/terjebjornstad.com\/no\/wp-content\/uploads\/2017\/09\/ford-p7a-9.png?w=686&amp;ssl=1 686w\" sizes=\"auto, (max-width: 300px) 100vw, 300px\" \/><\/a><figcaption id=\"caption-attachment-12935\" class=\"wp-caption-text\">Ford Taunus P7A.<\/figcaption><\/figure>\n<figure id=\"attachment_11069\" aria-describedby=\"caption-attachment-11069\" style=\"width: 300px\" class=\"wp-caption alignleft\"><a href=\"https:\/\/terjebjornstad.com\/no\/2017\/06\/27\/citroen-cx-en-legende\/\"><img data-recalc-dims=\"1\" loading=\"lazy\" decoding=\"async\" data-attachment-id=\"11069\" data-permalink=\"https:\/\/terjebjornstad.com\/no\/2017\/06\/27\/citroen-cx-en-legende\/citroen-cx-1-686\/\" data-orig-file=\"https:\/\/i0.wp.com\/terjebjornstad.com\/no\/wp-content\/uploads\/2017\/06\/citroen-cx-1-686.png?fit=686%2C457&amp;ssl=1\" data-orig-size=\"686,457\" data-comments-opened=\"1\" data-image-meta=\"{&quot;aperture&quot;:&quot;0&quot;,&quot;credit&quot;:&quot;&quot;,&quot;camera&quot;:&quot;&quot;,&quot;caption&quot;:&quot;&quot;,&quot;created_timestamp&quot;:&quot;0&quot;,&quot;copyright&quot;:&quot;&quot;,&quot;focal_length&quot;:&quot;0&quot;,&quot;iso&quot;:&quot;0&quot;,&quot;shutter_speed&quot;:&quot;0&quot;,&quot;title&quot;:&quot;&quot;,&quot;orientation&quot;:&quot;0&quot;}\" data-image-title=\"Citroen CX serie 1\" data-image-description=\"\" data-image-caption=\"&lt;p&gt;Citro\u00ebn CX &amp;#8211; en legende?&lt;\/p&gt;\n\" data-large-file=\"https:\/\/i0.wp.com\/terjebjornstad.com\/no\/wp-content\/uploads\/2017\/06\/citroen-cx-1-686.png?fit=686%2C457&amp;ssl=1\" src=\"https:\/\/i0.wp.com\/terjebjornstad.com\/no\/wp-content\/uploads\/2017\/06\/citroen-cx-1-686.png?resize=300%2C200&#038;ssl=1\" alt=\"\" width=\"300\" height=\"200\" class=\"size-medium wp-image-11069\" srcset=\"https:\/\/i0.wp.com\/terjebjornstad.com\/no\/wp-content\/uploads\/2017\/06\/citroen-cx-1-686.png?resize=300%2C200&amp;ssl=1 300w, https:\/\/i0.wp.com\/terjebjornstad.com\/no\/wp-content\/uploads\/2017\/06\/citroen-cx-1-686.png?w=686&amp;ssl=1 686w\" sizes=\"auto, (max-width: 300px) 100vw, 300px\" \/><\/a><figcaption id=\"caption-attachment-11069\" class=\"wp-caption-text\">Citroen CX &#8211; en legende?<\/figcaption><\/figure>\n<figure id=\"attachment_10330\" aria-describedby=\"caption-attachment-10330\" style=\"width: 300px\" class=\"wp-caption alignleft\"><a href=\"https:\/\/terjebjornstad.com\/no\/2017\/04\/26\/bilen-som-ga-audi-identitet\/\"><img data-recalc-dims=\"1\" loading=\"lazy\" decoding=\"async\" data-attachment-id=\"10330\" data-permalink=\"https:\/\/terjebjornstad.com\/no\/memory-lane\/audi-80-1\/\" data-orig-file=\"https:\/\/i0.wp.com\/terjebjornstad.com\/no\/wp-content\/uploads\/2017\/04\/audi-80-1.png?fit=686%2C686&amp;ssl=1\" data-orig-size=\"686,686\" data-comments-opened=\"1\" data-image-meta=\"{&quot;aperture&quot;:&quot;0&quot;,&quot;credit&quot;:&quot;&quot;,&quot;camera&quot;:&quot;&quot;,&quot;caption&quot;:&quot;&quot;,&quot;created_timestamp&quot;:&quot;0&quot;,&quot;copyright&quot;:&quot;&quot;,&quot;focal_length&quot;:&quot;0&quot;,&quot;iso&quot;:&quot;0&quot;,&quot;shutter_speed&quot;:&quot;0&quot;,&quot;title&quot;:&quot;&quot;,&quot;orientation&quot;:&quot;0&quot;}\" data-image-title=\"Audi 80 B1\" data-image-description=\"\" data-image-caption=\"&lt;p&gt;Audi 80 B1&lt;\/p&gt;\n\" data-large-file=\"https:\/\/i0.wp.com\/terjebjornstad.com\/no\/wp-content\/uploads\/2017\/04\/audi-80-1.png?fit=686%2C686&amp;ssl=1\" src=\"https:\/\/i0.wp.com\/terjebjornstad.com\/no\/wp-content\/uploads\/2017\/04\/audi-80-1.png?resize=300%2C300&#038;ssl=1\" alt=\"\" width=\"300\" height=\"300\" class=\"size-medium wp-image-10330\" srcset=\"https:\/\/i0.wp.com\/terjebjornstad.com\/no\/wp-content\/uploads\/2017\/04\/audi-80-1.png?resize=300%2C300&amp;ssl=1 300w, https:\/\/i0.wp.com\/terjebjornstad.com\/no\/wp-content\/uploads\/2017\/04\/audi-80-1.png?resize=150%2C150&amp;ssl=1 150w, https:\/\/i0.wp.com\/terjebjornstad.com\/no\/wp-content\/uploads\/2017\/04\/audi-80-1.png?resize=50%2C50&amp;ssl=1 50w, https:\/\/i0.wp.com\/terjebjornstad.com\/no\/wp-content\/uploads\/2017\/04\/audi-80-1.png?w=686&amp;ssl=1 686w\" sizes=\"auto, (max-width: 300px) 100vw, 300px\" \/><\/a><figcaption id=\"caption-attachment-10330\" class=\"wp-caption-text\">Bilen som ga Audi sin identitet.<\/figcaption><\/figure>\n<figure id=\"attachment_9253\" aria-describedby=\"caption-attachment-9253\" style=\"width: 300px\" class=\"wp-caption alignleft\"><a href=\"https:\/\/terjebjornstad.com\/no\/2017\/02\/15\/bilen-som-aldri-ble-ny-bare-bedre\/\"><img data-recalc-dims=\"1\" loading=\"lazy\" decoding=\"async\" data-attachment-id=\"9253\" data-permalink=\"https:\/\/terjebjornstad.com\/no\/volvo-240\/volvo-240-5\/\" data-orig-file=\"https:\/\/i0.wp.com\/terjebjornstad.com\/no\/wp-content\/uploads\/2017\/02\/volvo-240-5.png?fit=686%2C470&amp;ssl=1\" data-orig-size=\"686,470\" data-comments-opened=\"1\" data-image-meta=\"{&quot;aperture&quot;:&quot;0&quot;,&quot;credit&quot;:&quot;&quot;,&quot;camera&quot;:&quot;&quot;,&quot;caption&quot;:&quot;&quot;,&quot;created_timestamp&quot;:&quot;0&quot;,&quot;copyright&quot;:&quot;&quot;,&quot;focal_length&quot;:&quot;0&quot;,&quot;iso&quot;:&quot;0&quot;,&quot;shutter_speed&quot;:&quot;0&quot;,&quot;title&quot;:&quot;&quot;,&quot;orientation&quot;:&quot;0&quot;}\" data-image-title=\"Volvo 240 Telenor Arena\" data-image-description=\"\" data-image-caption=\"&lt;p&gt;Volvo 240 GL Herreg\u00e5rdsvogn.&lt;\/p&gt;\n\" data-large-file=\"https:\/\/i0.wp.com\/terjebjornstad.com\/no\/wp-content\/uploads\/2017\/02\/volvo-240-5.png?fit=686%2C470&amp;ssl=1\" src=\"https:\/\/i0.wp.com\/terjebjornstad.com\/no\/wp-content\/uploads\/2017\/02\/volvo-240-5.png?resize=300%2C206&#038;ssl=1\" alt=\"\" width=\"300\" height=\"206\" class=\"size-medium wp-image-9253\" srcset=\"https:\/\/i0.wp.com\/terjebjornstad.com\/no\/wp-content\/uploads\/2017\/02\/volvo-240-5.png?resize=300%2C206&amp;ssl=1 300w, https:\/\/i0.wp.com\/terjebjornstad.com\/no\/wp-content\/uploads\/2017\/02\/volvo-240-5.png?w=686&amp;ssl=1 686w\" sizes=\"auto, (max-width: 300px) 100vw, 300px\" \/><\/a><figcaption id=\"caption-attachment-9253\" class=\"wp-caption-text\">Volvo 240 GL Herreg\u00e5rdsvogn.<\/figcaption><\/figure>\n<figure id=\"attachment_8741\" aria-describedby=\"caption-attachment-8741\" style=\"width: 300px\" class=\"wp-caption alignleft\"><a href=\"https:\/\/terjebjornstad.com\/no\/2016\/11\/27\/renault-6\/\"><img data-recalc-dims=\"1\" loading=\"lazy\" decoding=\"async\" data-attachment-id=\"8741\" data-permalink=\"https:\/\/terjebjornstad.com\/no\/2016\/11\/27\/renault-6\/renault-6-11\/\" data-orig-file=\"https:\/\/i0.wp.com\/terjebjornstad.com\/no\/wp-content\/uploads\/2016\/11\/renault-6-11.png?fit=686%2C457&amp;ssl=1\" data-orig-size=\"686,457\" data-comments-opened=\"1\" data-image-meta=\"{&quot;aperture&quot;:&quot;0&quot;,&quot;credit&quot;:&quot;&quot;,&quot;camera&quot;:&quot;&quot;,&quot;caption&quot;:&quot;&quot;,&quot;created_timestamp&quot;:&quot;0&quot;,&quot;copyright&quot;:&quot;&quot;,&quot;focal_length&quot;:&quot;0&quot;,&quot;iso&quot;:&quot;0&quot;,&quot;shutter_speed&quot;:&quot;0&quot;,&quot;title&quot;:&quot;&quot;,&quot;orientation&quot;:&quot;0&quot;}\" data-image-title=\"renault-6-11\" data-image-description=\"\" data-image-caption=\"&lt;p&gt;Renault 6&lt;\/p&gt;\n\" data-large-file=\"https:\/\/i0.wp.com\/terjebjornstad.com\/no\/wp-content\/uploads\/2016\/11\/renault-6-11.png?fit=686%2C457&amp;ssl=1\" src=\"https:\/\/i0.wp.com\/terjebjornstad.com\/no\/wp-content\/uploads\/2016\/11\/renault-6-11.png?resize=300%2C200&#038;ssl=1\" alt=\"I gammel fransk sm\u00e5by passer Renault 6 godt inn.\" width=\"300\" height=\"200\" class=\"size-medium wp-image-8741\" srcset=\"https:\/\/i0.wp.com\/terjebjornstad.com\/no\/wp-content\/uploads\/2016\/11\/renault-6-11.png?resize=300%2C200&amp;ssl=1 300w, https:\/\/i0.wp.com\/terjebjornstad.com\/no\/wp-content\/uploads\/2016\/11\/renault-6-11.png?w=686&amp;ssl=1 686w\" sizes=\"auto, (max-width: 300px) 100vw, 300px\" \/><\/a><figcaption id=\"caption-attachment-8741\" class=\"wp-caption-text\">1973 Renault 6.<\/figcaption><\/figure>\n<figure id=\"attachment_8770\" aria-describedby=\"caption-attachment-8770\" style=\"width: 300px\" class=\"wp-caption alignleft\"><a href=\"https:\/\/terjebjornstad.com\/no\/2016\/11\/27\/da-carina-fikk-forhjulstrekk\/\"><img data-recalc-dims=\"1\" loading=\"lazy\" decoding=\"async\" data-attachment-id=\"8770\" data-permalink=\"https:\/\/terjebjornstad.com\/no\/2016\/11\/27\/da-carina-fikk-forhjulstrekk\/1986-toyota-carina-ii\/\" data-orig-file=\"https:\/\/i0.wp.com\/terjebjornstad.com\/no\/wp-content\/uploads\/2016\/11\/1986-toyota-carina-ii.png?fit=686%2C457&amp;ssl=1\" data-orig-size=\"686,457\" data-comments-opened=\"1\" data-image-meta=\"{&quot;aperture&quot;:&quot;0&quot;,&quot;credit&quot;:&quot;&quot;,&quot;camera&quot;:&quot;&quot;,&quot;caption&quot;:&quot;&quot;,&quot;created_timestamp&quot;:&quot;0&quot;,&quot;copyright&quot;:&quot;&quot;,&quot;focal_length&quot;:&quot;0&quot;,&quot;iso&quot;:&quot;0&quot;,&quot;shutter_speed&quot;:&quot;0&quot;,&quot;title&quot;:&quot;&quot;,&quot;orientation&quot;:&quot;0&quot;}\" data-image-title=\"1986-toyota-carina-ii\" data-image-description=\"\" data-image-caption=\"&lt;p&gt;Da Carina fikk forhjulstrekk&lt;\/p&gt;\n\" data-large-file=\"https:\/\/i0.wp.com\/terjebjornstad.com\/no\/wp-content\/uploads\/2016\/11\/1986-toyota-carina-ii.png?fit=686%2C457&amp;ssl=1\" src=\"https:\/\/i0.wp.com\/terjebjornstad.com\/no\/wp-content\/uploads\/2016\/11\/1986-toyota-carina-ii.png?resize=300%2C200&#038;ssl=1\" alt=\"T150 hadde en sv\u00e6rt stilren form, men Toyota valgte \u00e5 redesigne bilen totalt etter bare 4 \u00e5r.\" width=\"300\" height=\"200\" class=\"size-medium wp-image-8770\" srcset=\"https:\/\/i0.wp.com\/terjebjornstad.com\/no\/wp-content\/uploads\/2016\/11\/1986-toyota-carina-ii.png?resize=300%2C200&amp;ssl=1 300w, https:\/\/i0.wp.com\/terjebjornstad.com\/no\/wp-content\/uploads\/2016\/11\/1986-toyota-carina-ii.png?w=686&amp;ssl=1 686w\" sizes=\"auto, (max-width: 300px) 100vw, 300px\" \/><\/a><figcaption id=\"caption-attachment-8770\" class=\"wp-caption-text\">1986 Toyota Carina II (T150).<\/figcaption><\/figure>\n<figure id=\"attachment_5049\" aria-describedby=\"caption-attachment-5049\" style=\"width: 300px\" class=\"wp-caption alignleft\"><a href=\"https:\/\/terjebjornstad.com\/no\/2016\/06\/24\/en-galant-verdensbil\/\"><img data-recalc-dims=\"1\" loading=\"lazy\" decoding=\"async\" data-attachment-id=\"5049\" data-permalink=\"https:\/\/terjebjornstad.com\/no\/2016\/06\/24\/en-galant-verdensbil\/1980-mitsubishi-galant-3\/\" data-orig-file=\"https:\/\/i0.wp.com\/terjebjornstad.com\/no\/wp-content\/uploads\/2016\/06\/1980-mitsubishi-galant-3.png?fit=686%2C511&amp;ssl=1\" data-orig-size=\"686,511\" data-comments-opened=\"1\" data-image-meta=\"{&quot;aperture&quot;:&quot;0&quot;,&quot;credit&quot;:&quot;&quot;,&quot;camera&quot;:&quot;&quot;,&quot;caption&quot;:&quot;&quot;,&quot;created_timestamp&quot;:&quot;0&quot;,&quot;copyright&quot;:&quot;&quot;,&quot;focal_length&quot;:&quot;0&quot;,&quot;iso&quot;:&quot;0&quot;,&quot;shutter_speed&quot;:&quot;0&quot;,&quot;title&quot;:&quot;&quot;,&quot;orientation&quot;:&quot;0&quot;}\" data-image-title=\"1980-mitsubishi-galant-3\" data-image-description=\"\" data-image-caption=\"&lt;p&gt;Mitsubishi Galant Sigma&lt;\/p&gt;\n\" data-large-file=\"https:\/\/i0.wp.com\/terjebjornstad.com\/no\/wp-content\/uploads\/2016\/06\/1980-mitsubishi-galant-3.png?fit=686%2C511&amp;ssl=1\" class=\"size-medium wp-image-5049\" src=\"https:\/\/i0.wp.com\/terjebjornstad.com\/no\/wp-content\/uploads\/2016\/06\/1980-mitsubishi-galant-3.png?resize=300%2C223&#038;ssl=1\" alt=\"1980 Mitsubishi Galant Sigma.\" width=\"300\" height=\"223\" srcset=\"https:\/\/i0.wp.com\/terjebjornstad.com\/no\/wp-content\/uploads\/2016\/06\/1980-mitsubishi-galant-3.png?resize=300%2C223&amp;ssl=1 300w, https:\/\/i0.wp.com\/terjebjornstad.com\/no\/wp-content\/uploads\/2016\/06\/1980-mitsubishi-galant-3.png?w=686&amp;ssl=1 686w\" sizes=\"auto, (max-width: 300px) 100vw, 300px\" \/><\/a><figcaption id=\"caption-attachment-5049\" class=\"wp-caption-text\">1980 Mitsubishi Galant Sigma.<\/figcaption><\/figure>\n<figure id=\"attachment_6155\" aria-describedby=\"caption-attachment-6155\" style=\"width: 300px\" class=\"wp-caption alignleft\"><a href=\" https:\/\/terjebjornstad.com\/no\/2016\/07\/15\/forloperen-renault-16\/\"><img data-recalc-dims=\"1\" loading=\"lazy\" decoding=\"async\" data-attachment-id=\"6155\" data-permalink=\"https:\/\/terjebjornstad.com\/no\/1971-1975-renault-16\/1971-renault-16-tl-5\/\" data-orig-file=\"https:\/\/i0.wp.com\/terjebjornstad.com\/no\/wp-content\/uploads\/2016\/07\/1971-renault-16-tl-5.png?fit=686%2C469&amp;ssl=1\" data-orig-size=\"686,469\" data-comments-opened=\"1\" data-image-meta=\"{&quot;aperture&quot;:&quot;0&quot;,&quot;credit&quot;:&quot;&quot;,&quot;camera&quot;:&quot;&quot;,&quot;caption&quot;:&quot;&quot;,&quot;created_timestamp&quot;:&quot;0&quot;,&quot;copyright&quot;:&quot;&quot;,&quot;focal_length&quot;:&quot;0&quot;,&quot;iso&quot;:&quot;0&quot;,&quot;shutter_speed&quot;:&quot;0&quot;,&quot;title&quot;:&quot;&quot;,&quot;orientation&quot;:&quot;0&quot;}\" data-image-title=\"\" data-image-description=\"\" data-image-caption=\"&lt;p&gt;Renault 16 (7)&lt;\/p&gt;\n\" data-large-file=\"https:\/\/i0.wp.com\/terjebjornstad.com\/no\/wp-content\/uploads\/2016\/07\/1971-renault-16-tl-5.png?fit=686%2C469&amp;ssl=1\" class=\"size-medium wp-image-6155\" src=\"https:\/\/i0.wp.com\/terjebjornstad.com\/no\/wp-content\/uploads\/2016\/07\/1971-renault-16-tl-5.png?resize=300%2C205&#038;ssl=1\" alt=\"1971-75 Renault 16.\" width=\"300\" height=\"205\" srcset=\"https:\/\/i0.wp.com\/terjebjornstad.com\/no\/wp-content\/uploads\/2016\/07\/1971-renault-16-tl-5.png?resize=300%2C205&amp;ssl=1 300w, https:\/\/i0.wp.com\/terjebjornstad.com\/no\/wp-content\/uploads\/2016\/07\/1971-renault-16-tl-5.png?w=686&amp;ssl=1 686w\" sizes=\"auto, (max-width: 300px) 100vw, 300px\" \/><\/a><figcaption id=\"caption-attachment-6155\" class=\"wp-caption-text\">1971-75 Renault 16.<\/figcaption><\/figure>\n","protected":false},"excerpt":{"rendered":"<p>Youngtimer&#8217;e som er i ferd med \u00e5 g\u00e5 i glemmeboken og forsvinne fra veien.<\/p>\n","protected":false},"author":1,"featured_media":0,"parent":0,"menu_order":0,"comment_status":"closed","ping_status":"closed","template":"","meta":{"_monsterinsights_skip_tracking":false,"_monsterinsights_sitenote_active":false,"_monsterinsights_sitenote_note":"","_monsterinsights_sitenote_category":0,"jetpack_post_was_ever_published":false,"footnotes":""},"class_list":["post-8748","page","type-page","status-publish","hentry"],"yoast_head":"<!-- This site is optimized with the Yoast SEO plugin v27.5 - https:\/\/yoast.com\/product\/yoast-seo-wordpress\/ -->\n<title>Memory Lane - Terjes biler<\/title>\n<meta name=\"robots\" content=\"index, follow, max-snippet:-1, max-image-preview:large, max-video-preview:-1\" \/>\n<link rel=\"canonical\" href=\"https:\/\/terjebjornstad.com\/no\/memory-lane\/\" \/>\n<meta property=\"og:locale\" content=\"nb_NO\" \/>\n<meta property=\"og:type\" content=\"article\" \/>\n<meta property=\"og:title\" content=\"Memory Lane - Terjes biler\" \/>\n<meta property=\"og:description\" content=\"Youngtimer&#8217;e som er i ferd med \u00e5 g\u00e5 i glemmeboken og forsvinne fra veien.\" \/>\n<meta property=\"og:url\" content=\"https:\/\/terjebjornstad.com\/no\/memory-lane\/\" \/>\n<meta property=\"og:site_name\" content=\"Terjes biler\" \/>\n<meta property=\"article:publisher\" content=\"https:\/\/www.facebook.com\/terjesbiler\/\" \/>\n<meta property=\"article:modified_time\" content=\"2024-08-28T13:06:44+00:00\" \/>\n<meta property=\"og:image\" content=\"https:\/\/terjebjornstad.com\/no\/wp-content\/uploads\/2016\/11\/memorylane1.png\" \/>\n<meta name=\"twitter:card\" content=\"summary_large_image\" \/>\n<meta name=\"twitter:label1\" content=\"Ansl. lesetid\" \/>\n\t<meta name=\"twitter:data1\" content=\"4 minutter\" \/>\n<script type=\"application\/ld+json\" class=\"yoast-schema-graph\">{\"@context\":\"https:\\\/\\\/schema.org\",\"@graph\":[{\"@type\":\"WebPage\",\"@id\":\"https:\\\/\\\/terjebjornstad.com\\\/no\\\/memory-lane\\\/\",\"url\":\"https:\\\/\\\/terjebjornstad.com\\\/no\\\/memory-lane\\\/\",\"name\":\"Memory Lane - Terjes biler\",\"isPartOf\":{\"@id\":\"https:\\\/\\\/terjebjornstad.com\\\/no\\\/#website\"},\"primaryImageOfPage\":{\"@id\":\"https:\\\/\\\/terjebjornstad.com\\\/no\\\/memory-lane\\\/#primaryimage\"},\"image\":{\"@id\":\"https:\\\/\\\/terjebjornstad.com\\\/no\\\/memory-lane\\\/#primaryimage\"},\"thumbnailUrl\":\"https:\\\/\\\/terjebjornstad.com\\\/no\\\/wp-content\\\/uploads\\\/2016\\\/11\\\/memorylane1.png\",\"datePublished\":\"2016-11-26T00:39:12+00:00\",\"dateModified\":\"2024-08-28T13:06:44+00:00\",\"breadcrumb\":{\"@id\":\"https:\\\/\\\/terjebjornstad.com\\\/no\\\/memory-lane\\\/#breadcrumb\"},\"inLanguage\":\"nb-NO\",\"potentialAction\":[{\"@type\":\"ReadAction\",\"target\":[\"https:\\\/\\\/terjebjornstad.com\\\/no\\\/memory-lane\\\/\"]}]},{\"@type\":\"ImageObject\",\"inLanguage\":\"nb-NO\",\"@id\":\"https:\\\/\\\/terjebjornstad.com\\\/no\\\/memory-lane\\\/#primaryimage\",\"url\":\"https:\\\/\\\/i0.wp.com\\\/terjebjornstad.com\\\/no\\\/wp-content\\\/uploads\\\/2016\\\/11\\\/memorylane1.png?fit=183%2C53&ssl=1\",\"contentUrl\":\"https:\\\/\\\/i0.wp.com\\\/terjebjornstad.com\\\/no\\\/wp-content\\\/uploads\\\/2016\\\/11\\\/memorylane1.png?fit=183%2C53&ssl=1\",\"width\":183,\"height\":53},{\"@type\":\"BreadcrumbList\",\"@id\":\"https:\\\/\\\/terjebjornstad.com\\\/no\\\/memory-lane\\\/#breadcrumb\",\"itemListElement\":[{\"@type\":\"ListItem\",\"position\":1,\"name\":\"Hjem\",\"item\":\"https:\\\/\\\/terjebjornstad.com\\\/no\\\/\"},{\"@type\":\"ListItem\",\"position\":2,\"name\":\"Memory Lane\"}]},{\"@type\":\"WebSite\",\"@id\":\"https:\\\/\\\/terjebjornstad.com\\\/no\\\/#website\",\"url\":\"https:\\\/\\\/terjebjornstad.com\\\/no\\\/\",\"name\":\"Terjes biler\",\"description\":\"HONEST ABOUT CARS\",\"publisher\":{\"@id\":\"https:\\\/\\\/terjebjornstad.com\\\/no\\\/#organization\"},\"alternateName\":\"Terjebjornstad.com\",\"potentialAction\":[{\"@type\":\"SearchAction\",\"target\":{\"@type\":\"EntryPoint\",\"urlTemplate\":\"https:\\\/\\\/terjebjornstad.com\\\/no\\\/?s={search_term_string}\"},\"query-input\":{\"@type\":\"PropertyValueSpecification\",\"valueRequired\":true,\"valueName\":\"search_term_string\"}}],\"inLanguage\":\"nb-NO\"},{\"@type\":\"Organization\",\"@id\":\"https:\\\/\\\/terjebjornstad.com\\\/no\\\/#organization\",\"name\":\"Terje Bj\u00f8rnstad ENK\",\"url\":\"https:\\\/\\\/terjebjornstad.com\\\/no\\\/\",\"logo\":{\"@type\":\"ImageObject\",\"inLanguage\":\"nb-NO\",\"@id\":\"https:\\\/\\\/terjebjornstad.com\\\/no\\\/#\\\/schema\\\/logo\\\/image\\\/\",\"url\":\"https:\\\/\\\/i0.wp.com\\\/terjebjornstad.com\\\/no\\\/wp-content\\\/uploads\\\/2026\\\/02\\\/terjesbiler2024-960x354-1.png?fit=960%2C354&ssl=1\",\"contentUrl\":\"https:\\\/\\\/i0.wp.com\\\/terjebjornstad.com\\\/no\\\/wp-content\\\/uploads\\\/2026\\\/02\\\/terjesbiler2024-960x354-1.png?fit=960%2C354&ssl=1\",\"width\":960,\"height\":354,\"caption\":\"Terje Bj\u00f8rnstad ENK\"},\"image\":{\"@id\":\"https:\\\/\\\/terjebjornstad.com\\\/no\\\/#\\\/schema\\\/logo\\\/image\\\/\"},\"sameAs\":[\"https:\\\/\\\/www.facebook.com\\\/terjesbiler\\\/\",\"https:\\\/\\\/www.instagram.com\\\/terjesbiler\\\/\",\"https:\\\/\\\/www.pinteres.com\\\/terjebjrnstad\\\/terjes-biler\\\/\"]}]}<\/script>\n<!-- \/ Yoast SEO plugin. -->","yoast_head_json":{"title":"Memory Lane - Terjes biler","robots":{"index":"index","follow":"follow","max-snippet":"max-snippet:-1","max-image-preview":"max-image-preview:large","max-video-preview":"max-video-preview:-1"},"canonical":"https:\/\/terjebjornstad.com\/no\/memory-lane\/","og_locale":"nb_NO","og_type":"article","og_title":"Memory Lane - Terjes biler","og_description":"Youngtimer&#8217;e som er i ferd med \u00e5 g\u00e5 i glemmeboken og forsvinne fra veien.","og_url":"https:\/\/terjebjornstad.com\/no\/memory-lane\/","og_site_name":"Terjes biler","article_publisher":"https:\/\/www.facebook.com\/terjesbiler\/","article_modified_time":"2024-08-28T13:06:44+00:00","og_image":[{"url":"https:\/\/terjebjornstad.com\/no\/wp-content\/uploads\/2016\/11\/memorylane1.png","type":"","width":"","height":""}],"twitter_card":"summary_large_image","twitter_misc":{"Ansl. lesetid":"4 minutter"},"schema":{"@context":"https:\/\/schema.org","@graph":[{"@type":"WebPage","@id":"https:\/\/terjebjornstad.com\/no\/memory-lane\/","url":"https:\/\/terjebjornstad.com\/no\/memory-lane\/","name":"Memory Lane - Terjes biler","isPartOf":{"@id":"https:\/\/terjebjornstad.com\/no\/#website"},"primaryImageOfPage":{"@id":"https:\/\/terjebjornstad.com\/no\/memory-lane\/#primaryimage"},"image":{"@id":"https:\/\/terjebjornstad.com\/no\/memory-lane\/#primaryimage"},"thumbnailUrl":"https:\/\/terjebjornstad.com\/no\/wp-content\/uploads\/2016\/11\/memorylane1.png","datePublished":"2016-11-26T00:39:12+00:00","dateModified":"2024-08-28T13:06:44+00:00","breadcrumb":{"@id":"https:\/\/terjebjornstad.com\/no\/memory-lane\/#breadcrumb"},"inLanguage":"nb-NO","potentialAction":[{"@type":"ReadAction","target":["https:\/\/terjebjornstad.com\/no\/memory-lane\/"]}]},{"@type":"ImageObject","inLanguage":"nb-NO","@id":"https:\/\/terjebjornstad.com\/no\/memory-lane\/#primaryimage","url":"https:\/\/i0.wp.com\/terjebjornstad.com\/no\/wp-content\/uploads\/2016\/11\/memorylane1.png?fit=183%2C53&ssl=1","contentUrl":"https:\/\/i0.wp.com\/terjebjornstad.com\/no\/wp-content\/uploads\/2016\/11\/memorylane1.png?fit=183%2C53&ssl=1","width":183,"height":53},{"@type":"BreadcrumbList","@id":"https:\/\/terjebjornstad.com\/no\/memory-lane\/#breadcrumb","itemListElement":[{"@type":"ListItem","position":1,"name":"Hjem","item":"https:\/\/terjebjornstad.com\/no\/"},{"@type":"ListItem","position":2,"name":"Memory Lane"}]},{"@type":"WebSite","@id":"https:\/\/terjebjornstad.com\/no\/#website","url":"https:\/\/terjebjornstad.com\/no\/","name":"Terjes biler","description":"HONEST ABOUT CARS","publisher":{"@id":"https:\/\/terjebjornstad.com\/no\/#organization"},"alternateName":"Terjebjornstad.com","potentialAction":[{"@type":"SearchAction","target":{"@type":"EntryPoint","urlTemplate":"https:\/\/terjebjornstad.com\/no\/?s={search_term_string}"},"query-input":{"@type":"PropertyValueSpecification","valueRequired":true,"valueName":"search_term_string"}}],"inLanguage":"nb-NO"},{"@type":"Organization","@id":"https:\/\/terjebjornstad.com\/no\/#organization","name":"Terje Bj\u00f8rnstad ENK","url":"https:\/\/terjebjornstad.com\/no\/","logo":{"@type":"ImageObject","inLanguage":"nb-NO","@id":"https:\/\/terjebjornstad.com\/no\/#\/schema\/logo\/image\/","url":"https:\/\/i0.wp.com\/terjebjornstad.com\/no\/wp-content\/uploads\/2026\/02\/terjesbiler2024-960x354-1.png?fit=960%2C354&ssl=1","contentUrl":"https:\/\/i0.wp.com\/terjebjornstad.com\/no\/wp-content\/uploads\/2026\/02\/terjesbiler2024-960x354-1.png?fit=960%2C354&ssl=1","width":960,"height":354,"caption":"Terje Bj\u00f8rnstad ENK"},"image":{"@id":"https:\/\/terjebjornstad.com\/no\/#\/schema\/logo\/image\/"},"sameAs":["https:\/\/www.facebook.com\/terjesbiler\/","https:\/\/www.instagram.com\/terjesbiler\/","https:\/\/www.pinteres.com\/terjebjrnstad\/terjes-biler\/"]}]}},"jetpack_sharing_enabled":true,"jetpack_shortlink":"https:\/\/wp.me\/P48zYA-2h6","jetpack-related-posts":[{"id":5619,"url":"https:\/\/terjebjornstad.com\/no\/volkswagen\/","url_meta":{"origin":8748,"position":0},"title":"Volkswagen ble stiftet via det\u2026","author":"Terje Bj\u00f8rnstad","date":"23\/06\/2016","format":false,"excerpt":"Volkswagen ble stiftet via det tyske nazi-partiet i 1937. Form\u00e5let var \u00e5 skape en bil for folket. Ferdinand Porsche kom frem til et konsept som ble sv\u00e6rt vellykket. Volkswagen er i dag ett av flere bilmerker under Volkswagen Group AG. Tidligere publisert om Volkswagen Volkswagen-modeller i tekst og bilder","rel":"","context":"Liknende innlegg","block_context":{"text":"Liknende innlegg","link":""},"img":{"alt_text":"","src":"https:\/\/i0.wp.com\/terjebjornstad.com\/no\/wp-content\/uploads\/2023\/04\/volkswagen-logo-300x200-1.jpg?resize=350%2C200&ssl=1","width":350,"height":200},"classes":[]},{"id":35348,"url":"https:\/\/terjebjornstad.com\/no\/bobiler\/american-dream-trailers\/","url_meta":{"origin":8748,"position":1},"title":"American Dream Trailers","author":"Terje Bj\u00f8rnstad","date":"06\/10\/2020","format":false,"excerpt":"Dette m\u00e5 v\u00e6re den cooleste campingvogna du kan hekte bak p\u00e5 veteranbilen din. Mon tro om den kunne passet til en Tesla ogs\u00e5? \u00a0 Cool men ikke stor Det er ikke hver dag vi kommer over en American Dream Classic Camping Trailer. Denne vogna er faktisk flunkende ny, bygget i\u2026","rel":"","context":"Liknende innlegg","block_context":{"text":"Liknende innlegg","link":""},"img":{"alt_text":"","src":"https:\/\/i0.wp.com\/terjebjornstad.com\/no\/wp-content\/uploads\/2016\/10\/american-dream-5.png?fit=686%2C598&ssl=1&resize=350%2C200","width":350,"height":200,"srcset":"https:\/\/i0.wp.com\/terjebjornstad.com\/no\/wp-content\/uploads\/2016\/10\/american-dream-5.png?fit=686%2C598&ssl=1&resize=350%2C200 1x, https:\/\/i0.wp.com\/terjebjornstad.com\/no\/wp-content\/uploads\/2016\/10\/american-dream-5.png?fit=686%2C598&ssl=1&resize=525%2C300 1.5x"},"classes":[]},{"id":5449,"url":"https:\/\/terjebjornstad.com\/no\/mercedes-benz-190-sl\/","url_meta":{"origin":8748,"position":2},"title":"Mercedes-Benz SL","author":"Terje Bj\u00f8rnstad","date":"22\/06\/2016","format":false,"excerpt":"190 SL (W121 B2) To-seteren er basert p\u00e5 Mercedes-Benz 190 \"ponton\" W121-serie med 1,9 liters bensinmotor. Sedanmodellen og SL delte det interne serienummeret W121, s\u00e5 SL-utgaven blir ofte omtalt som W121 B2 eller BII. 1,9-liters motoren ga den lette SL-utgaven relativt gode ytelser. 0-100 g\u00e5r unna p\u00e5 13,3 sekunder, -\u2026","rel":"","context":"Liknende innlegg","block_context":{"text":"Liknende innlegg","link":""},"img":{"alt_text":"","src":"https:\/\/i0.wp.com\/terjebjornstad.com\/no\/wp-content\/uploads\/2018\/11\/1960-mercedes-benz-190-sl-1080x720.png?fit=1080%2C720&ssl=1&resize=350%2C200","width":350,"height":200,"srcset":"https:\/\/i0.wp.com\/terjebjornstad.com\/no\/wp-content\/uploads\/2018\/11\/1960-mercedes-benz-190-sl-1080x720.png?fit=1080%2C720&ssl=1&resize=350%2C200 1x, https:\/\/i0.wp.com\/terjebjornstad.com\/no\/wp-content\/uploads\/2018\/11\/1960-mercedes-benz-190-sl-1080x720.png?fit=1080%2C720&ssl=1&resize=525%2C300 1.5x, https:\/\/i0.wp.com\/terjebjornstad.com\/no\/wp-content\/uploads\/2018\/11\/1960-mercedes-benz-190-sl-1080x720.png?fit=1080%2C720&ssl=1&resize=700%2C400 2x, https:\/\/i0.wp.com\/terjebjornstad.com\/no\/wp-content\/uploads\/2018\/11\/1960-mercedes-benz-190-sl-1080x720.png?fit=1080%2C720&ssl=1&resize=1050%2C600 3x"},"classes":[]},{"id":9720,"url":"https:\/\/terjebjornstad.com\/no\/mercedes-w126\/","url_meta":{"origin":8748,"position":3},"title":"Mercedes W126","author":"Terje Bj\u00f8rnstad","date":"28\/03\/2017","format":false,"excerpt":"En moderne S-klasse F\u00f8rste moderne S-klasse ble produsert mellom 1980 til 1991. Mange av dem er fremdeles i trafikk over hele verden. Flere biler ble benyttet - og benyttes fortsatt - i offisielle og h\u00f8ytidelige oppdrag, og har s\u00e5ledes lav km-stand. Det er med andre ord mulig \u00e5 skaffe helt\u2026","rel":"","context":"Liknende innlegg","block_context":{"text":"Liknende innlegg","link":""},"img":{"alt_text":"","src":"https:\/\/i0.wp.com\/terjebjornstad.com\/no\/wp-content\/uploads\/2017\/03\/MBW126.png?fit=686%2C686&ssl=1&resize=350%2C200","width":350,"height":200,"srcset":"https:\/\/i0.wp.com\/terjebjornstad.com\/no\/wp-content\/uploads\/2017\/03\/MBW126.png?fit=686%2C686&ssl=1&resize=350%2C200 1x, https:\/\/i0.wp.com\/terjebjornstad.com\/no\/wp-content\/uploads\/2017\/03\/MBW126.png?fit=686%2C686&ssl=1&resize=525%2C300 1.5x"},"classes":[]},{"id":7480,"url":"https:\/\/terjebjornstad.com\/no\/citroen-ds-id\/","url_meta":{"origin":8748,"position":4},"title":"Citroen DS\/ID","author":"Terje Bj\u00f8rnstad","date":"21\/09\/2016","format":false,"excerpt":"Futuristisk, sofistikert, innovativ, eksentrisk og en tanke spr\u00f8. Det er karakteristikker som har fulgt Citroen DS gjennom 20 \u00e5r i produksjon. I l\u00f8pet av de 20 \u00e5rene Citroen DS har v\u00e6rt i produksjon, ble det gjort to facelifts. \u00c9n mindre oppdatering i 1962 og \u00e9n stor i 1967. Da modellen\u2026","rel":"","context":"Liknende innlegg","block_context":{"text":"Liknende innlegg","link":""},"img":{"alt_text":"","src":"https:\/\/i0.wp.com\/terjebjornstad.com\/no\/wp-content\/uploads\/2025\/12\/2-1970-citroen-ds21-pallas-1440x1080-1.jpg?resize=350%2C200&ssl=1","width":350,"height":200,"srcset":"https:\/\/i0.wp.com\/terjebjornstad.com\/no\/wp-content\/uploads\/2025\/12\/2-1970-citroen-ds21-pallas-1440x1080-1.jpg?resize=350%2C200&ssl=1 1x, https:\/\/i0.wp.com\/terjebjornstad.com\/no\/wp-content\/uploads\/2025\/12\/2-1970-citroen-ds21-pallas-1440x1080-1.jpg?resize=525%2C300&ssl=1 1.5x, https:\/\/i0.wp.com\/terjebjornstad.com\/no\/wp-content\/uploads\/2025\/12\/2-1970-citroen-ds21-pallas-1440x1080-1.jpg?resize=700%2C400&ssl=1 2x, https:\/\/i0.wp.com\/terjebjornstad.com\/no\/wp-content\/uploads\/2025\/12\/2-1970-citroen-ds21-pallas-1440x1080-1.jpg?resize=1050%2C600&ssl=1 3x, https:\/\/i0.wp.com\/terjebjornstad.com\/no\/wp-content\/uploads\/2025\/12\/2-1970-citroen-ds21-pallas-1440x1080-1.jpg?resize=1400%2C800&ssl=1 4x"},"classes":[]},{"id":35361,"url":"https:\/\/terjebjornstad.com\/no\/2016-ford-ranger\/mini-cab-fra-straume\/","url_meta":{"origin":8748,"position":5},"title":"Mini-Cab fra Straume","author":"Terje Bj\u00f8rnstad","date":"06\/10\/2020","format":false,"excerpt":"Camper-p\u00e5bygg p\u00e5 pickup'er er typisk amerikansk. Noe man forbinder med lumber jackets og villmark. Her forleden kom vi over et helnorsk p\u00e5bygg fra Straume utenfor Bergen. \u00a0 Solid og enkel Vi m\u00e5tte dykke ned i gamle numre av \"Caravan\" - Norsk Caravan Club's medlemsblad for \u00e5 finne ut mer om\u2026","rel":"","context":"Liknende innlegg","block_context":{"text":"Liknende innlegg","link":""},"img":{"alt_text":"mini-cab","src":"https:\/\/i0.wp.com\/terjebjornstad.com\/no\/wp-content\/uploads\/2020\/10\/ranger-mini-cab-straume-1-1080x720-1.png?fit=1080%2C720&ssl=1&resize=350%2C200","width":350,"height":200,"srcset":"https:\/\/i0.wp.com\/terjebjornstad.com\/no\/wp-content\/uploads\/2020\/10\/ranger-mini-cab-straume-1-1080x720-1.png?fit=1080%2C720&ssl=1&resize=350%2C200 1x, https:\/\/i0.wp.com\/terjebjornstad.com\/no\/wp-content\/uploads\/2020\/10\/ranger-mini-cab-straume-1-1080x720-1.png?fit=1080%2C720&ssl=1&resize=525%2C300 1.5x, https:\/\/i0.wp.com\/terjebjornstad.com\/no\/wp-content\/uploads\/2020\/10\/ranger-mini-cab-straume-1-1080x720-1.png?fit=1080%2C720&ssl=1&resize=700%2C400 2x, https:\/\/i0.wp.com\/terjebjornstad.com\/no\/wp-content\/uploads\/2020\/10\/ranger-mini-cab-straume-1-1080x720-1.png?fit=1080%2C720&ssl=1&resize=1050%2C600 3x"},"classes":[]}],"_links":{"self":[{"href":"https:\/\/terjebjornstad.com\/no\/wp-json\/wp\/v2\/pages\/8748","targetHints":{"allow":["GET"]}}],"collection":[{"href":"https:\/\/terjebjornstad.com\/no\/wp-json\/wp\/v2\/pages"}],"about":[{"href":"https:\/\/terjebjornstad.com\/no\/wp-json\/wp\/v2\/types\/page"}],"author":[{"embeddable":true,"href":"https:\/\/terjebjornstad.com\/no\/wp-json\/wp\/v2\/users\/1"}],"replies":[{"embeddable":true,"href":"https:\/\/terjebjornstad.com\/no\/wp-json\/wp\/v2\/comments?post=8748"}],"version-history":[{"count":7,"href":"https:\/\/terjebjornstad.com\/no\/wp-json\/wp\/v2\/pages\/8748\/revisions"}],"predecessor-version":[{"id":35894,"href":"https:\/\/terjebjornstad.com\/no\/wp-json\/wp\/v2\/pages\/8748\/revisions\/35894"}],"wp:attachment":[{"href":"https:\/\/terjebjornstad.com\/no\/wp-json\/wp\/v2\/media?parent=8748"}],"curies":[{"name":"wp","href":"https:\/\/api.w.org\/{rel}","templated":true}]}}