{"id":8519,"date":"2016-11-10T00:05:11","date_gmt":"2016-11-10T00:05:11","guid":{"rendered":"http:\/\/terjebjornstad.com\/no\/?page_id=8519"},"modified":"2026-02-09T01:38:04","modified_gmt":"2026-02-09T00:38:04","slug":"citroen-mehari-mk1","status":"publish","type":"page","link":"https:\/\/terjebjornstad.com\/no\/citroen-mehari-mk1\/","title":{"rendered":"Citroen Mehari"},"content":{"rendered":"<div class=\"copy_teb\"><figure id=\"attachment_11963\" aria-describedby=\"caption-attachment-11963\" style=\"width: 686px\" class=\"wp-caption aligncenter\"><img data-recalc-dims=\"1\" loading=\"lazy\" decoding=\"async\" data-attachment-id=\"11963\" data-permalink=\"https:\/\/terjebjornstad.com\/no\/citroen-mehari-mk1\/citroen-mehari-yelloe-2207-1-686\/\" data-orig-file=\"https:\/\/i0.wp.com\/terjebjornstad.com\/no\/wp-content\/uploads\/2017\/08\/citroen-mehari-yelloe-2207-1-686.png?fit=686%2C457&amp;ssl=1\" data-orig-size=\"686,457\" data-comments-opened=\"1\" data-image-meta=\"{&quot;aperture&quot;:&quot;0&quot;,&quot;credit&quot;:&quot;&quot;,&quot;camera&quot;:&quot;&quot;,&quot;caption&quot;:&quot;&quot;,&quot;created_timestamp&quot;:&quot;0&quot;,&quot;copyright&quot;:&quot;&quot;,&quot;focal_length&quot;:&quot;0&quot;,&quot;iso&quot;:&quot;0&quot;,&quot;shutter_speed&quot;:&quot;0&quot;,&quot;title&quot;:&quot;&quot;,&quot;orientation&quot;:&quot;0&quot;}\" data-image-title=\"Citroen M\u00e9hari\" data-image-description=\"\" data-image-caption=\"&lt;p&gt;Citro\u00ebn Mehari&lt;\/p&gt;\n\" data-large-file=\"https:\/\/i0.wp.com\/terjebjornstad.com\/no\/wp-content\/uploads\/2017\/08\/citroen-mehari-yelloe-2207-1-686.png?fit=686%2C457&amp;ssl=1\" src=\"https:\/\/i0.wp.com\/terjebjornstad.com\/no\/wp-content\/uploads\/2017\/08\/citroen-mehari-yelloe-2207-1-686.png?resize=686%2C457&#038;ssl=1\" alt=\"mehari\" width=\"686\" height=\"457\" class=\"size-full wp-image-11963\" srcset=\"https:\/\/i0.wp.com\/terjebjornstad.com\/no\/wp-content\/uploads\/2017\/08\/citroen-mehari-yelloe-2207-1-686.png?w=686&amp;ssl=1 686w, https:\/\/i0.wp.com\/terjebjornstad.com\/no\/wp-content\/uploads\/2017\/08\/citroen-mehari-yelloe-2207-1-686.png?resize=300%2C200&amp;ssl=1 300w\" sizes=\"auto, (max-width: 686px) 100vw, 686px\" \/><figcaption id=\"caption-attachment-11963\" class=\"wp-caption-text\">Citro\u00ebn M\u00e9hari som bryllupsbil i et fransk bryllup.<\/figcaption><\/figure><\/p>\n<h3 class=\"tebh2\">Bryllupsbil<\/h3>\n<p>I det jeg syklet gjennom den lille Syd-Franske landsbyen Saint-Jean-Pla-de-Courts s\u00e5 jeg at byens restaurant var fylt til randen, &#8211; og i bakgaten sto bryllupsbilen ferdig pyntet: En Citro\u00ebn Mehari. Det er 35 grader. Hvilken annen bil kunne passet bedre til \u00e5 frakte brudeparet?<\/p>\n<h3 class=\"tebh2\">Mye til felles med Dyane<\/h3>\n<p>Citro\u00ebn Mehari deler mekanikk med Dyane. Den har den samme 602 ccm motor og 4 trinns girkasse med paraplygir. Karosseriet er laget av plast. De glorete fargene fra 70-tallet gjorde ikke noe for \u00e5 dempe plastpreget. I dag er disse bilene kjempepopul\u00e6re i Frankrike. Prisen p\u00e5 en restaurert modell ligger p\u00e5 15 000 Euro. Selv om produksjonen er avsluttet, er ikke Mehari noen sjelden bil. Man kan nemlig bygge ny hvis man \u00f8nsker. Alt det mekaniske kan kj\u00f8pes nytt og formene til karosseriene finnes enn\u00e5.<\/p>\n<p>&nbsp;<br \/>\n<figure id=\"attachment_25383\" aria-describedby=\"caption-attachment-25383\" style=\"width: 1080px\" class=\"wp-caption aligncenter\"><a href=\"https:\/\/i0.wp.com\/terjebjornstad.com\/no\/wp-content\/uploads\/2019\/08\/citroen-mehari-19-3-1080x720.png?ssl=1\"><img data-recalc-dims=\"1\" loading=\"lazy\" decoding=\"async\" data-attachment-id=\"25383\" data-permalink=\"https:\/\/terjebjornstad.com\/no\/citroen-mehari-19-3-1080x720\/\" data-orig-file=\"https:\/\/i0.wp.com\/terjebjornstad.com\/no\/wp-content\/uploads\/2019\/08\/citroen-mehari-19-3-1080x720.png?fit=1080%2C720&amp;ssl=1\" data-orig-size=\"1080,720\" data-comments-opened=\"1\" data-image-meta=\"{&quot;aperture&quot;:&quot;0&quot;,&quot;credit&quot;:&quot;&quot;,&quot;camera&quot;:&quot;&quot;,&quot;caption&quot;:&quot;&quot;,&quot;created_timestamp&quot;:&quot;0&quot;,&quot;copyright&quot;:&quot;&quot;,&quot;focal_length&quot;:&quot;0&quot;,&quot;iso&quot;:&quot;0&quot;,&quot;shutter_speed&quot;:&quot;0&quot;,&quot;title&quot;:&quot;&quot;,&quot;orientation&quot;:&quot;0&quot;}\" data-image-title=\"Citroen M\u00e9hari\" data-image-description=\"\" data-image-caption=\"&lt;p&gt;Citro\u00ebn M\u00e9hari, Port Vendres, Frankrike.&lt;\/p&gt;\n\" data-large-file=\"https:\/\/i0.wp.com\/terjebjornstad.com\/no\/wp-content\/uploads\/2019\/08\/citroen-mehari-19-3-1080x720.png?fit=980%2C653&amp;ssl=1\" src=\"https:\/\/i0.wp.com\/terjebjornstad.com\/no\/wp-content\/uploads\/2019\/08\/citroen-mehari-19-3-1080x720.png?resize=980%2C653&#038;ssl=1\" alt=\"mehari\" width=\"980\" height=\"653\" class=\"size-full wp-image-25383\" srcset=\"https:\/\/i0.wp.com\/terjebjornstad.com\/no\/wp-content\/uploads\/2019\/08\/citroen-mehari-19-3-1080x720.png?resize=1080%2C720&amp;ssl=1 1080w, https:\/\/i0.wp.com\/terjebjornstad.com\/no\/wp-content\/uploads\/2019\/08\/citroen-mehari-19-3-1080x720.png?resize=300%2C200&amp;ssl=1 300w, https:\/\/i0.wp.com\/terjebjornstad.com\/no\/wp-content\/uploads\/2019\/08\/citroen-mehari-19-3-1080x720.png?resize=768%2C512&amp;ssl=1 768w, https:\/\/i0.wp.com\/terjebjornstad.com\/no\/wp-content\/uploads\/2019\/08\/citroen-mehari-19-3-1080x720.png?resize=690%2C460&amp;ssl=1 690w, https:\/\/i0.wp.com\/terjebjornstad.com\/no\/wp-content\/uploads\/2019\/08\/citroen-mehari-19-3-1080x720.png?resize=980%2C653&amp;ssl=1 980w\" sizes=\"auto, (max-width: 980px) 100vw, 980px\" \/><\/a><figcaption id=\"caption-attachment-25383\" class=\"wp-caption-text\">Citro\u00ebn M\u00e9hari, Port Vendres, Frankrike.<\/figcaption><\/figure><br \/>\n&nbsp;<br \/>\n<figure id=\"attachment_39957\" aria-describedby=\"caption-attachment-39957\" style=\"width: 1080px\" class=\"wp-caption aligncenter\"><a href=\"https:\/\/i0.wp.com\/terjebjornstad.com\/no\/wp-content\/uploads\/2021\/05\/citroen-mehari-19-2-1080x720-1.png?ssl=1\"><img data-recalc-dims=\"1\" loading=\"lazy\" decoding=\"async\" data-attachment-id=\"39957\" data-permalink=\"https:\/\/terjebjornstad.com\/no\/citroen-mehari-mk1\/citroen-mehari-19-2-1080x720-1\/\" data-orig-file=\"https:\/\/i0.wp.com\/terjebjornstad.com\/no\/wp-content\/uploads\/2021\/05\/citroen-mehari-19-2-1080x720-1.png?fit=1080%2C720&amp;ssl=1\" data-orig-size=\"1080,720\" data-comments-opened=\"1\" data-image-meta=\"{&quot;aperture&quot;:&quot;0&quot;,&quot;credit&quot;:&quot;&quot;,&quot;camera&quot;:&quot;&quot;,&quot;caption&quot;:&quot;&quot;,&quot;created_timestamp&quot;:&quot;0&quot;,&quot;copyright&quot;:&quot;&quot;,&quot;focal_length&quot;:&quot;0&quot;,&quot;iso&quot;:&quot;0&quot;,&quot;shutter_speed&quot;:&quot;0&quot;,&quot;title&quot;:&quot;&quot;,&quot;orientation&quot;:&quot;0&quot;}\" data-image-title=\"citroen-mehari-19-2-1080&amp;#215;720-1\" data-image-description=\"\" data-image-caption=\"&lt;p&gt;Tradisjonell Citroen M\u00e9hari&lt;\/p&gt;\n\" data-large-file=\"https:\/\/i0.wp.com\/terjebjornstad.com\/no\/wp-content\/uploads\/2021\/05\/citroen-mehari-19-2-1080x720-1.png?fit=980%2C653&amp;ssl=1\" src=\"https:\/\/i0.wp.com\/terjebjornstad.com\/no\/wp-content\/uploads\/2021\/05\/citroen-mehari-19-2-1080x720-1.png?resize=980%2C653&#038;ssl=1\" alt=\"mehari\" width=\"980\" height=\"653\" class=\"size-full wp-image-39957\" srcset=\"https:\/\/i0.wp.com\/terjebjornstad.com\/no\/wp-content\/uploads\/2021\/05\/citroen-mehari-19-2-1080x720-1.png?w=1080&amp;ssl=1 1080w, https:\/\/i0.wp.com\/terjebjornstad.com\/no\/wp-content\/uploads\/2021\/05\/citroen-mehari-19-2-1080x720-1.png?resize=300%2C200&amp;ssl=1 300w, https:\/\/i0.wp.com\/terjebjornstad.com\/no\/wp-content\/uploads\/2021\/05\/citroen-mehari-19-2-1080x720-1.png?resize=768%2C512&amp;ssl=1 768w, https:\/\/i0.wp.com\/terjebjornstad.com\/no\/wp-content\/uploads\/2021\/05\/citroen-mehari-19-2-1080x720-1.png?resize=690%2C460&amp;ssl=1 690w, https:\/\/i0.wp.com\/terjebjornstad.com\/no\/wp-content\/uploads\/2021\/05\/citroen-mehari-19-2-1080x720-1.png?resize=980%2C653&amp;ssl=1 980w\" sizes=\"auto, (max-width: 980px) 100vw, 980px\" \/><\/a><figcaption id=\"caption-attachment-39957\" class=\"wp-caption-text\">Tradisjonell Citroen M\u00e9hari<\/figcaption><\/figure><\/p>\n<p><figure id=\"attachment_25381\" aria-describedby=\"caption-attachment-25381\" style=\"width: 1080px\" class=\"wp-caption aligncenter\"><a href=\"https:\/\/i0.wp.com\/terjebjornstad.com\/no\/wp-content\/uploads\/2019\/08\/citroen-mehari-19-1-1080x720.png?ssl=1\"><img data-recalc-dims=\"1\" loading=\"lazy\" decoding=\"async\" data-attachment-id=\"25381\" data-permalink=\"https:\/\/terjebjornstad.com\/no\/1967-1983-citroen-dyane\/citroen-mehari-19-1-1080x720\/\" data-orig-file=\"https:\/\/i0.wp.com\/terjebjornstad.com\/no\/wp-content\/uploads\/2019\/08\/citroen-mehari-19-1-1080x720.png?fit=1080%2C720&amp;ssl=1\" data-orig-size=\"1080,720\" data-comments-opened=\"1\" data-image-meta=\"{&quot;aperture&quot;:&quot;0&quot;,&quot;credit&quot;:&quot;&quot;,&quot;camera&quot;:&quot;&quot;,&quot;caption&quot;:&quot;&quot;,&quot;created_timestamp&quot;:&quot;0&quot;,&quot;copyright&quot;:&quot;&quot;,&quot;focal_length&quot;:&quot;0&quot;,&quot;iso&quot;:&quot;0&quot;,&quot;shutter_speed&quot;:&quot;0&quot;,&quot;title&quot;:&quot;&quot;,&quot;orientation&quot;:&quot;0&quot;}\" data-image-title=\"Citroen M\u00e9hari\" data-image-description=\"\" data-image-caption=\"&lt;p&gt;Citro\u00ebn M\u00e9hari&lt;\/p&gt;\n\" data-large-file=\"https:\/\/i0.wp.com\/terjebjornstad.com\/no\/wp-content\/uploads\/2019\/08\/citroen-mehari-19-1-1080x720.png?fit=980%2C653&amp;ssl=1\" src=\"https:\/\/i0.wp.com\/terjebjornstad.com\/no\/wp-content\/uploads\/2019\/08\/citroen-mehari-19-1-1080x720.png?resize=980%2C653&#038;ssl=1\" alt=\"mehari\" width=\"980\" height=\"653\" class=\"size-full wp-image-25381\" srcset=\"https:\/\/i0.wp.com\/terjebjornstad.com\/no\/wp-content\/uploads\/2019\/08\/citroen-mehari-19-1-1080x720.png?resize=1080%2C720&amp;ssl=1 1080w, https:\/\/i0.wp.com\/terjebjornstad.com\/no\/wp-content\/uploads\/2019\/08\/citroen-mehari-19-1-1080x720.png?resize=300%2C200&amp;ssl=1 300w, https:\/\/i0.wp.com\/terjebjornstad.com\/no\/wp-content\/uploads\/2019\/08\/citroen-mehari-19-1-1080x720.png?resize=768%2C512&amp;ssl=1 768w, https:\/\/i0.wp.com\/terjebjornstad.com\/no\/wp-content\/uploads\/2019\/08\/citroen-mehari-19-1-1080x720.png?resize=690%2C460&amp;ssl=1 690w, https:\/\/i0.wp.com\/terjebjornstad.com\/no\/wp-content\/uploads\/2019\/08\/citroen-mehari-19-1-1080x720.png?resize=980%2C653&amp;ssl=1 980w\" sizes=\"auto, (max-width: 980px) 100vw, 980px\" \/><\/a><figcaption id=\"caption-attachment-25381\" class=\"wp-caption-text\">Citro\u00ebn M\u00e9hari<\/figcaption><\/figure><br \/>\n&nbsp;<br \/>\n<figure id=\"attachment_14383\" aria-describedby=\"caption-attachment-14383\" style=\"width: 686px\" class=\"wp-caption aligncenter\"><a href=\"https:\/\/i0.wp.com\/terjebjornstad.com\/no\/wp-content\/uploads\/2018\/01\/2_116_13.jpg?ssl=1\"><img data-recalc-dims=\"1\" loading=\"lazy\" decoding=\"async\" data-attachment-id=\"14383\" data-permalink=\"https:\/\/terjebjornstad.com\/no\/2018\/01\/03\/tilslagsprisene\/2_116_13\/\" data-orig-file=\"https:\/\/i0.wp.com\/terjebjornstad.com\/no\/wp-content\/uploads\/2018\/01\/2_116_13.jpg?fit=686%2C457&amp;ssl=1\" data-orig-size=\"686,457\" data-comments-opened=\"1\" data-image-meta=\"{&quot;aperture&quot;:&quot;0&quot;,&quot;credit&quot;:&quot;&quot;,&quot;camera&quot;:&quot;&quot;,&quot;caption&quot;:&quot;&quot;,&quot;created_timestamp&quot;:&quot;0&quot;,&quot;copyright&quot;:&quot;&quot;,&quot;focal_length&quot;:&quot;0&quot;,&quot;iso&quot;:&quot;0&quot;,&quot;shutter_speed&quot;:&quot;0&quot;,&quot;title&quot;:&quot;&quot;,&quot;orientation&quot;:&quot;0&quot;}\" data-image-title=\"Citroen M\u00e9hari 4&amp;#215;43\" data-image-description=\"\" data-image-caption=\"&lt;p&gt;1979 Citro\u00ebn M\u00e9hari 4&amp;#215;4 &amp;#8211; f\u00f8rserie-bil. Biler uten frontrute ble brukt som patruljebil av bev\u00e6pnede vakter. &lt;\/p&gt;\n\" data-large-file=\"https:\/\/i0.wp.com\/terjebjornstad.com\/no\/wp-content\/uploads\/2018\/01\/2_116_13.jpg?fit=686%2C457&amp;ssl=1\" src=\"https:\/\/i0.wp.com\/terjebjornstad.com\/no\/wp-content\/uploads\/2018\/01\/2_116_13.jpg?resize=686%2C457&#038;ssl=1\" alt=\"\" width=\"686\" height=\"457\" class=\"size-full wp-image-14383\" srcset=\"https:\/\/i0.wp.com\/terjebjornstad.com\/no\/wp-content\/uploads\/2018\/01\/2_116_13.jpg?w=686&amp;ssl=1 686w, https:\/\/i0.wp.com\/terjebjornstad.com\/no\/wp-content\/uploads\/2018\/01\/2_116_13.jpg?resize=300%2C200&amp;ssl=1 300w\" sizes=\"auto, (max-width: 686px) 100vw, 686px\" \/><\/a><figcaption id=\"caption-attachment-14383\" class=\"wp-caption-text\">1979 Citro\u00ebn M\u00e9hari 4&#215;4 &#8211; f\u00f8rserie-bil. Biler uten frontrute ble brukt som patruljebil av bev\u00e6pnede vakter.<\/figcaption><\/figure><\/p>\n<p><figure id=\"attachment_14384\" aria-describedby=\"caption-attachment-14384\" style=\"width: 686px\" class=\"wp-caption aligncenter\"><a href=\"https:\/\/i0.wp.com\/terjebjornstad.com\/no\/wp-content\/uploads\/2018\/01\/2_132_17.jpg?ssl=1\"><img data-recalc-dims=\"1\" loading=\"lazy\" decoding=\"async\" data-attachment-id=\"14384\" data-permalink=\"https:\/\/terjebjornstad.com\/no\/2018\/01\/03\/tilslagsprisene\/2_132_17\/\" data-orig-file=\"https:\/\/i0.wp.com\/terjebjornstad.com\/no\/wp-content\/uploads\/2018\/01\/2_132_17.jpg?fit=686%2C457&amp;ssl=1\" data-orig-size=\"686,457\" data-comments-opened=\"1\" data-image-meta=\"{&quot;aperture&quot;:&quot;0&quot;,&quot;credit&quot;:&quot;&quot;,&quot;camera&quot;:&quot;&quot;,&quot;caption&quot;:&quot;&quot;,&quot;created_timestamp&quot;:&quot;0&quot;,&quot;copyright&quot;:&quot;&quot;,&quot;focal_length&quot;:&quot;0&quot;,&quot;iso&quot;:&quot;0&quot;,&quot;shutter_speed&quot;:&quot;0&quot;,&quot;title&quot;:&quot;&quot;,&quot;orientation&quot;:&quot;0&quot;}\" data-image-title=\"Citroen Mehari 4\u00d74\" data-image-description=\"\" data-image-caption=\"&lt;p&gt;1979 Citro\u00ebn M\u00e9hari 4&amp;#215;4 &lt;\/p&gt;\n\" data-large-file=\"https:\/\/i0.wp.com\/terjebjornstad.com\/no\/wp-content\/uploads\/2018\/01\/2_132_17.jpg?fit=686%2C457&amp;ssl=1\" src=\"https:\/\/i0.wp.com\/terjebjornstad.com\/no\/wp-content\/uploads\/2018\/01\/2_132_17.jpg?resize=686%2C457&#038;ssl=1\" alt=\"\" width=\"686\" height=\"457\" class=\"size-full wp-image-14384\" srcset=\"https:\/\/i0.wp.com\/terjebjornstad.com\/no\/wp-content\/uploads\/2018\/01\/2_132_17.jpg?w=686&amp;ssl=1 686w, https:\/\/i0.wp.com\/terjebjornstad.com\/no\/wp-content\/uploads\/2018\/01\/2_132_17.jpg?resize=300%2C200&amp;ssl=1 300w\" sizes=\"auto, (max-width: 686px) 100vw, 686px\" \/><\/a><figcaption id=\"caption-attachment-14384\" class=\"wp-caption-text\">1979 Citro\u00ebn M\u00e9hari 4&#215;4<\/figcaption><\/figure><br \/>\n&nbsp;<br \/>\n<figure id=\"attachment_81699\" aria-describedby=\"caption-attachment-81699\" style=\"width: 686px\" class=\"wp-caption aligncenter\"><a href=\"https:\/\/i0.wp.com\/terjebjornstad.com\/no\/wp-content\/uploads\/2025\/06\/citroen-mehari-0511-1-686-1.jpg?ssl=1\"><img data-recalc-dims=\"1\" loading=\"lazy\" decoding=\"async\" data-attachment-id=\"81699\" data-permalink=\"https:\/\/terjebjornstad.com\/no\/citroen-mehari-mk1\/citroen-mehari-0511-1-686-1\/\" data-orig-file=\"https:\/\/i0.wp.com\/terjebjornstad.com\/no\/wp-content\/uploads\/2025\/06\/citroen-mehari-0511-1-686-1.jpg?fit=686%2C457&amp;ssl=1\" data-orig-size=\"686,457\" data-comments-opened=\"1\" data-image-meta=\"{&quot;aperture&quot;:&quot;0&quot;,&quot;credit&quot;:&quot;&quot;,&quot;camera&quot;:&quot;&quot;,&quot;caption&quot;:&quot;&quot;,&quot;created_timestamp&quot;:&quot;0&quot;,&quot;copyright&quot;:&quot;&quot;,&quot;focal_length&quot;:&quot;0&quot;,&quot;iso&quot;:&quot;0&quot;,&quot;shutter_speed&quot;:&quot;0&quot;,&quot;title&quot;:&quot;&quot;,&quot;orientation&quot;:&quot;0&quot;}\" data-image-title=\"citroen-mehari-0511-1-686-1\" data-image-description=\"\" data-image-caption=\"&lt;p&gt;Citro\u00ebn Mehari, Canet en Roussillon, Frankrike.&lt;\/p&gt;\n\" data-large-file=\"https:\/\/i0.wp.com\/terjebjornstad.com\/no\/wp-content\/uploads\/2025\/06\/citroen-mehari-0511-1-686-1.jpg?fit=686%2C457&amp;ssl=1\" src=\"https:\/\/i0.wp.com\/terjebjornstad.com\/no\/wp-content\/uploads\/2025\/06\/citroen-mehari-0511-1-686-1.jpg?resize=686%2C457&#038;ssl=1\" alt=\"\" width=\"686\" height=\"457\" class=\"size-full wp-image-81699\" srcset=\"https:\/\/i0.wp.com\/terjebjornstad.com\/no\/wp-content\/uploads\/2025\/06\/citroen-mehari-0511-1-686-1.jpg?w=686&amp;ssl=1 686w, https:\/\/i0.wp.com\/terjebjornstad.com\/no\/wp-content\/uploads\/2025\/06\/citroen-mehari-0511-1-686-1.jpg?resize=300%2C200&amp;ssl=1 300w\" sizes=\"auto, (max-width: 686px) 100vw, 686px\" \/><\/a><figcaption id=\"caption-attachment-81699\" class=\"wp-caption-text\">Citro\u00ebn Mehari, Canet-en-Roussillon, Frankrike.<\/figcaption><\/figure><br \/>\n&nbsp;<br \/>\n<figure id=\"attachment_81701\" aria-describedby=\"caption-attachment-81701\" style=\"width: 686px\" class=\"wp-caption aligncenter\"><a href=\"https:\/\/i0.wp.com\/terjebjornstad.com\/no\/wp-content\/uploads\/2025\/06\/citroen-mehari-0511-3-686-1.jpg?ssl=1\"><img data-recalc-dims=\"1\" loading=\"lazy\" decoding=\"async\" data-attachment-id=\"81701\" data-permalink=\"https:\/\/terjebjornstad.com\/no\/citroen-mehari-mk1\/citroen-mehari-0511-3-686-1\/\" data-orig-file=\"https:\/\/i0.wp.com\/terjebjornstad.com\/no\/wp-content\/uploads\/2025\/06\/citroen-mehari-0511-3-686-1.jpg?fit=686%2C457&amp;ssl=1\" data-orig-size=\"686,457\" data-comments-opened=\"1\" data-image-meta=\"{&quot;aperture&quot;:&quot;0&quot;,&quot;credit&quot;:&quot;&quot;,&quot;camera&quot;:&quot;&quot;,&quot;caption&quot;:&quot;&quot;,&quot;created_timestamp&quot;:&quot;0&quot;,&quot;copyright&quot;:&quot;&quot;,&quot;focal_length&quot;:&quot;0&quot;,&quot;iso&quot;:&quot;0&quot;,&quot;shutter_speed&quot;:&quot;0&quot;,&quot;title&quot;:&quot;&quot;,&quot;orientation&quot;:&quot;0&quot;}\" data-image-title=\"citroen-mehari-0511-3-686-1\" data-image-description=\"\" data-image-caption=\"&lt;p&gt;Citro\u00ebn M\u00e9hari, Canet-en-Roussillon.&lt;\/p&gt;\n\" data-large-file=\"https:\/\/i0.wp.com\/terjebjornstad.com\/no\/wp-content\/uploads\/2025\/06\/citroen-mehari-0511-3-686-1.jpg?fit=686%2C457&amp;ssl=1\" src=\"https:\/\/i0.wp.com\/terjebjornstad.com\/no\/wp-content\/uploads\/2025\/06\/citroen-mehari-0511-3-686-1.jpg?resize=686%2C457&#038;ssl=1\" alt=\"\" width=\"686\" height=\"457\" class=\"size-full wp-image-81701\" srcset=\"https:\/\/i0.wp.com\/terjebjornstad.com\/no\/wp-content\/uploads\/2025\/06\/citroen-mehari-0511-3-686-1.jpg?w=686&amp;ssl=1 686w, https:\/\/i0.wp.com\/terjebjornstad.com\/no\/wp-content\/uploads\/2025\/06\/citroen-mehari-0511-3-686-1.jpg?resize=300%2C200&amp;ssl=1 300w\" sizes=\"auto, (max-width: 686px) 100vw, 686px\" \/><\/a><figcaption id=\"caption-attachment-81701\" class=\"wp-caption-text\">Citro\u00ebn M\u00e9hari, Canet-en-Roussillon.<\/figcaption><\/figure><br \/>\n&nbsp;<br \/>\n<figure id=\"attachment_8506\" aria-describedby=\"caption-attachment-8506\" style=\"width: 686px\" class=\"wp-caption aligncenter\"><a href=\"https:\/\/i0.wp.com\/terjebjornstad.com\/no\/wp-content\/uploads\/2016\/11\/citroen-mehari-5.png?ssl=1\"><img data-recalc-dims=\"1\" loading=\"lazy\" decoding=\"async\" data-attachment-id=\"8506\" data-permalink=\"https:\/\/terjebjornstad.com\/no\/renault-alpine-a310\/citroen-mehari-5\/\" data-orig-file=\"https:\/\/i0.wp.com\/terjebjornstad.com\/no\/wp-content\/uploads\/2016\/11\/citroen-mehari-5.png?fit=686%2C451&amp;ssl=1\" data-orig-size=\"686,451\" data-comments-opened=\"1\" data-image-meta=\"{&quot;aperture&quot;:&quot;0&quot;,&quot;credit&quot;:&quot;&quot;,&quot;camera&quot;:&quot;&quot;,&quot;caption&quot;:&quot;&quot;,&quot;created_timestamp&quot;:&quot;0&quot;,&quot;copyright&quot;:&quot;&quot;,&quot;focal_length&quot;:&quot;0&quot;,&quot;iso&quot;:&quot;0&quot;,&quot;shutter_speed&quot;:&quot;0&quot;,&quot;title&quot;:&quot;&quot;,&quot;orientation&quot;:&quot;0&quot;}\" data-image-title=\"Citroen M\u00e9hari\" data-image-description=\"\" data-image-caption=\"&lt;p&gt;Familievennlig versjon med plastvinduer og baksete.&lt;\/p&gt;\n\" data-large-file=\"https:\/\/i0.wp.com\/terjebjornstad.com\/no\/wp-content\/uploads\/2016\/11\/citroen-mehari-5.png?fit=686%2C451&amp;ssl=1\" src=\"https:\/\/i0.wp.com\/terjebjornstad.com\/no\/wp-content\/uploads\/2016\/11\/citroen-mehari-5.png?resize=686%2C451&#038;ssl=1\" alt=\"\" width=\"686\" height=\"451\" class=\"size-full wp-image-8506\" srcset=\"https:\/\/i0.wp.com\/terjebjornstad.com\/no\/wp-content\/uploads\/2016\/11\/citroen-mehari-5.png?w=686&amp;ssl=1 686w, https:\/\/i0.wp.com\/terjebjornstad.com\/no\/wp-content\/uploads\/2016\/11\/citroen-mehari-5.png?resize=300%2C197&amp;ssl=1 300w\" sizes=\"auto, (max-width: 686px) 100vw, 686px\" \/><\/a><figcaption id=\"caption-attachment-8506\" class=\"wp-caption-text\">Familievennlig versjon med plastvinduer og baksete.<\/figcaption><\/figure><\/p>\n<p><figure id=\"attachment_8646\" aria-describedby=\"caption-attachment-8646\" style=\"width: 686px\" class=\"wp-caption aligncenter\"><a href=\"https:\/\/i0.wp.com\/terjebjornstad.com\/no\/wp-content\/uploads\/2016\/11\/mehari-dash-1.png?ssl=1\"><img data-recalc-dims=\"1\" loading=\"lazy\" decoding=\"async\" data-attachment-id=\"8646\" data-permalink=\"https:\/\/terjebjornstad.com\/no\/2016\/12\/26\/citroen-i-plast\/mehari-dash-1\/\" data-orig-file=\"https:\/\/i0.wp.com\/terjebjornstad.com\/no\/wp-content\/uploads\/2016\/11\/mehari-dash-1.png?fit=686%2C457&amp;ssl=1\" data-orig-size=\"686,457\" data-comments-opened=\"1\" data-image-meta=\"{&quot;aperture&quot;:&quot;0&quot;,&quot;credit&quot;:&quot;&quot;,&quot;camera&quot;:&quot;&quot;,&quot;caption&quot;:&quot;&quot;,&quot;created_timestamp&quot;:&quot;0&quot;,&quot;copyright&quot;:&quot;&quot;,&quot;focal_length&quot;:&quot;0&quot;,&quot;iso&quot;:&quot;0&quot;,&quot;shutter_speed&quot;:&quot;0&quot;,&quot;title&quot;:&quot;&quot;,&quot;orientation&quot;:&quot;0&quot;}\" data-image-title=\"Citroen M\u00e9hari Dashoard\" data-image-description=\"\" data-image-caption=\"&lt;p&gt;Instrumentpanel med kun det vesentligste.&lt;\/p&gt;\n\" data-large-file=\"https:\/\/i0.wp.com\/terjebjornstad.com\/no\/wp-content\/uploads\/2016\/11\/mehari-dash-1.png?fit=686%2C457&amp;ssl=1\" src=\"https:\/\/i0.wp.com\/terjebjornstad.com\/no\/wp-content\/uploads\/2016\/11\/mehari-dash-1.png?resize=686%2C457&#038;ssl=1\" alt=\"mehari\" width=\"686\" height=\"457\" class=\"size-full wp-image-8646\" srcset=\"https:\/\/i0.wp.com\/terjebjornstad.com\/no\/wp-content\/uploads\/2016\/11\/mehari-dash-1.png?w=686&amp;ssl=1 686w, https:\/\/i0.wp.com\/terjebjornstad.com\/no\/wp-content\/uploads\/2016\/11\/mehari-dash-1.png?resize=300%2C200&amp;ssl=1 300w\" sizes=\"auto, (max-width: 686px) 100vw, 686px\" \/><\/a><figcaption id=\"caption-attachment-8646\" class=\"wp-caption-text\">Instrumentpanel med kun det vesentligste.<\/figcaption><\/figure><figure id=\"attachment_8507\" aria-describedby=\"caption-attachment-8507\" style=\"width: 686px\" class=\"wp-caption aligncenter\"><a href=\"https:\/\/i0.wp.com\/terjebjornstad.com\/no\/wp-content\/uploads\/2016\/11\/citroen-mehari-7.png?ssl=1\"><img data-recalc-dims=\"1\" loading=\"lazy\" decoding=\"async\" data-attachment-id=\"8507\" data-permalink=\"https:\/\/terjebjornstad.com\/no\/renault-alpine-a310\/citroen-mehari-7\/\" data-orig-file=\"https:\/\/i0.wp.com\/terjebjornstad.com\/no\/wp-content\/uploads\/2016\/11\/citroen-mehari-7.png?fit=686%2C457&amp;ssl=1\" data-orig-size=\"686,457\" data-comments-opened=\"1\" data-image-meta=\"{&quot;aperture&quot;:&quot;0&quot;,&quot;credit&quot;:&quot;&quot;,&quot;camera&quot;:&quot;&quot;,&quot;caption&quot;:&quot;&quot;,&quot;created_timestamp&quot;:&quot;0&quot;,&quot;copyright&quot;:&quot;&quot;,&quot;focal_length&quot;:&quot;0&quot;,&quot;iso&quot;:&quot;0&quot;,&quot;shutter_speed&quot;:&quot;0&quot;,&quot;title&quot;:&quot;&quot;,&quot;orientation&quot;:&quot;0&quot;}\" data-image-title=\"Citroen M\u00e9hari\" data-image-description=\"\" data-image-caption=\"&lt;p&gt;Fargekombinasjonen hvit og r\u00f8d passer nok bedre til strandliv enn villsvinjakt.&lt;\/p&gt;\n\" data-large-file=\"https:\/\/i0.wp.com\/terjebjornstad.com\/no\/wp-content\/uploads\/2016\/11\/citroen-mehari-7.png?fit=686%2C457&amp;ssl=1\" src=\"https:\/\/i0.wp.com\/terjebjornstad.com\/no\/wp-content\/uploads\/2016\/11\/citroen-mehari-7.png?resize=686%2C457&#038;ssl=1\" alt=\"mehari\" width=\"686\" height=\"457\" class=\"size-full wp-image-8507\" srcset=\"https:\/\/i0.wp.com\/terjebjornstad.com\/no\/wp-content\/uploads\/2016\/11\/citroen-mehari-7.png?w=686&amp;ssl=1 686w, https:\/\/i0.wp.com\/terjebjornstad.com\/no\/wp-content\/uploads\/2016\/11\/citroen-mehari-7.png?resize=300%2C200&amp;ssl=1 300w\" sizes=\"auto, (max-width: 686px) 100vw, 686px\" \/><\/a><figcaption id=\"caption-attachment-8507\" class=\"wp-caption-text\">Fargekombinasjonen hvit og r\u00f8d passer nok bedre til strandliv enn villsvinjakt.<\/figcaption><\/figure><br \/>\n&nbsp;<br \/>\n<figure id=\"attachment_8505\" aria-describedby=\"caption-attachment-8505\" style=\"width: 686px\" class=\"wp-caption aligncenter\"><a href=\"https:\/\/i0.wp.com\/terjebjornstad.com\/no\/wp-content\/uploads\/2016\/11\/citroen-mehari-3.png?ssl=1\"><img data-recalc-dims=\"1\" loading=\"lazy\" decoding=\"async\" data-attachment-id=\"8505\" data-permalink=\"https:\/\/terjebjornstad.com\/no\/renault-alpine-a310\/citroen-mehari-3\/\" data-orig-file=\"https:\/\/i0.wp.com\/terjebjornstad.com\/no\/wp-content\/uploads\/2016\/11\/citroen-mehari-3.png?fit=686%2C535&amp;ssl=1\" data-orig-size=\"686,535\" data-comments-opened=\"1\" data-image-meta=\"{&quot;aperture&quot;:&quot;0&quot;,&quot;credit&quot;:&quot;&quot;,&quot;camera&quot;:&quot;&quot;,&quot;caption&quot;:&quot;&quot;,&quot;created_timestamp&quot;:&quot;0&quot;,&quot;copyright&quot;:&quot;&quot;,&quot;focal_length&quot;:&quot;0&quot;,&quot;iso&quot;:&quot;0&quot;,&quot;shutter_speed&quot;:&quot;0&quot;,&quot;title&quot;:&quot;&quot;,&quot;orientation&quot;:&quot;0&quot;}\" data-image-title=\"Citroen M\u00e9hari\" data-image-description=\"\" data-image-caption=\"&lt;p&gt;Min favoritt er i milit\u00e6rlook (kaki).&lt;\/p&gt;\n\" data-large-file=\"https:\/\/i0.wp.com\/terjebjornstad.com\/no\/wp-content\/uploads\/2016\/11\/citroen-mehari-3.png?fit=686%2C535&amp;ssl=1\" src=\"https:\/\/i0.wp.com\/terjebjornstad.com\/no\/wp-content\/uploads\/2016\/11\/citroen-mehari-3.png?resize=686%2C535&#038;ssl=1\" alt=\"mehari\" width=\"686\" height=\"535\" class=\"size-full wp-image-8505\" srcset=\"https:\/\/i0.wp.com\/terjebjornstad.com\/no\/wp-content\/uploads\/2016\/11\/citroen-mehari-3.png?w=686&amp;ssl=1 686w, https:\/\/i0.wp.com\/terjebjornstad.com\/no\/wp-content\/uploads\/2016\/11\/citroen-mehari-3.png?resize=300%2C234&amp;ssl=1 300w\" sizes=\"auto, (max-width: 686px) 100vw, 686px\" \/><\/a><figcaption id=\"caption-attachment-8505\" class=\"wp-caption-text\">Min favoritt er i milit\u00e6rlook (kaki).<\/figcaption><\/figure><\/p>\n<p><figure id=\"attachment_8504\" aria-describedby=\"caption-attachment-8504\" style=\"width: 686px\" class=\"wp-caption aligncenter\"><a href=\"https:\/\/i0.wp.com\/terjebjornstad.com\/no\/wp-content\/uploads\/2016\/11\/citroen-mehari-1.png?ssl=1\"><img data-recalc-dims=\"1\" loading=\"lazy\" decoding=\"async\" data-attachment-id=\"8504\" data-permalink=\"https:\/\/terjebjornstad.com\/no\/renault-alpine-a310\/citroen-mehari-1\/\" data-orig-file=\"https:\/\/i0.wp.com\/terjebjornstad.com\/no\/wp-content\/uploads\/2016\/11\/citroen-mehari-1.png?fit=686%2C457&amp;ssl=1\" data-orig-size=\"686,457\" data-comments-opened=\"1\" data-image-meta=\"{&quot;aperture&quot;:&quot;0&quot;,&quot;credit&quot;:&quot;&quot;,&quot;camera&quot;:&quot;&quot;,&quot;caption&quot;:&quot;&quot;,&quot;created_timestamp&quot;:&quot;0&quot;,&quot;copyright&quot;:&quot;&quot;,&quot;focal_length&quot;:&quot;0&quot;,&quot;iso&quot;:&quot;0&quot;,&quot;shutter_speed&quot;:&quot;0&quot;,&quot;title&quot;:&quot;&quot;,&quot;orientation&quot;:&quot;0&quot;}\" data-image-title=\"Citroen M\u00e9hari\" data-image-description=\"\" data-image-caption=\"&lt;p&gt;Som en fransk Humvee :-)&lt;\/p&gt;\n\" data-large-file=\"https:\/\/i0.wp.com\/terjebjornstad.com\/no\/wp-content\/uploads\/2016\/11\/citroen-mehari-1.png?fit=686%2C457&amp;ssl=1\" src=\"https:\/\/i0.wp.com\/terjebjornstad.com\/no\/wp-content\/uploads\/2016\/11\/citroen-mehari-1.png?resize=686%2C457&#038;ssl=1\" alt=\"mehari\" width=\"686\" height=\"457\" class=\"size-full wp-image-8504\" srcset=\"https:\/\/i0.wp.com\/terjebjornstad.com\/no\/wp-content\/uploads\/2016\/11\/citroen-mehari-1.png?w=686&amp;ssl=1 686w, https:\/\/i0.wp.com\/terjebjornstad.com\/no\/wp-content\/uploads\/2016\/11\/citroen-mehari-1.png?resize=300%2C200&amp;ssl=1 300w\" sizes=\"auto, (max-width: 686px) 100vw, 686px\" \/><\/a><figcaption id=\"caption-attachment-8504\" class=\"wp-caption-text\">Som en fransk Humvee \ud83d\ude42<\/figcaption><\/figure><br \/>\n&nbsp;<br \/>\n<figure id=\"attachment_11641\" aria-describedby=\"caption-attachment-11641\" style=\"width: 686px\" class=\"wp-caption aligncenter\"><a href=\"https:\/\/i0.wp.com\/terjebjornstad.com\/no\/wp-content\/uploads\/2016\/11\/citroen-mehari-green-interior-686.png?ssl=1\"><img data-recalc-dims=\"1\" loading=\"lazy\" decoding=\"async\" data-attachment-id=\"11641\" data-permalink=\"https:\/\/terjebjornstad.com\/no\/citroen-mehari-mk1\/citroen-mehari-green-interior-686\/\" data-orig-file=\"https:\/\/i0.wp.com\/terjebjornstad.com\/no\/wp-content\/uploads\/2016\/11\/citroen-mehari-green-interior-686.png?fit=686%2C857&amp;ssl=1\" data-orig-size=\"686,857\" data-comments-opened=\"1\" data-image-meta=\"{&quot;aperture&quot;:&quot;0&quot;,&quot;credit&quot;:&quot;&quot;,&quot;camera&quot;:&quot;&quot;,&quot;caption&quot;:&quot;&quot;,&quot;created_timestamp&quot;:&quot;0&quot;,&quot;copyright&quot;:&quot;&quot;,&quot;focal_length&quot;:&quot;0&quot;,&quot;iso&quot;:&quot;0&quot;,&quot;shutter_speed&quot;:&quot;0&quot;,&quot;title&quot;:&quot;&quot;,&quot;orientation&quot;:&quot;0&quot;}\" data-image-title=\"Citroen M\u00e9hari\" data-image-description=\"\" data-image-caption=\"&lt;p&gt;Bilen er bygget i plast. Enkel innredning. Ideell sommerbil for korte turer.&lt;\/p&gt;\n\" data-large-file=\"https:\/\/i0.wp.com\/terjebjornstad.com\/no\/wp-content\/uploads\/2016\/11\/citroen-mehari-green-interior-686.png?fit=686%2C857&amp;ssl=1\" src=\"https:\/\/i0.wp.com\/terjebjornstad.com\/no\/wp-content\/uploads\/2016\/11\/citroen-mehari-green-interior-686.png?resize=686%2C857&#038;ssl=1\" alt=\"mehari\" width=\"686\" height=\"857\" class=\"size-full wp-image-11641\" srcset=\"https:\/\/i0.wp.com\/terjebjornstad.com\/no\/wp-content\/uploads\/2016\/11\/citroen-mehari-green-interior-686.png?w=686&amp;ssl=1 686w, https:\/\/i0.wp.com\/terjebjornstad.com\/no\/wp-content\/uploads\/2016\/11\/citroen-mehari-green-interior-686.png?resize=240%2C300&amp;ssl=1 240w\" sizes=\"auto, (max-width: 686px) 100vw, 686px\" \/><\/a><figcaption id=\"caption-attachment-11641\" class=\"wp-caption-text\">Bilen er bygget i plast. Enkel innredning. Ideell sommerbil for korte turer.<\/figcaption><\/figure><br \/>\n&nbsp;<br \/>\n<figure id=\"attachment_18317\" aria-describedby=\"caption-attachment-18317\" style=\"width: 1080px\" class=\"wp-caption aligncenter\"><a href=\"https:\/\/i0.wp.com\/terjebjornstad.com\/no\/wp-content\/uploads\/2018\/08\/mehari-ceret-1080-1350.png?ssl=1\"><img data-recalc-dims=\"1\" loading=\"lazy\" decoding=\"async\" data-attachment-id=\"18317\" data-permalink=\"https:\/\/terjebjornstad.com\/no\/renault-goelette\/mehari-ceret-1080-1350\/\" data-orig-file=\"https:\/\/i0.wp.com\/terjebjornstad.com\/no\/wp-content\/uploads\/2018\/08\/mehari-ceret-1080-1350.png?fit=1080%2C1350&amp;ssl=1\" data-orig-size=\"1080,1350\" data-comments-opened=\"1\" data-image-meta=\"{&quot;aperture&quot;:&quot;0&quot;,&quot;credit&quot;:&quot;&quot;,&quot;camera&quot;:&quot;&quot;,&quot;caption&quot;:&quot;&quot;,&quot;created_timestamp&quot;:&quot;0&quot;,&quot;copyright&quot;:&quot;&quot;,&quot;focal_length&quot;:&quot;0&quot;,&quot;iso&quot;:&quot;0&quot;,&quot;shutter_speed&quot;:&quot;0&quot;,&quot;title&quot;:&quot;&quot;,&quot;orientation&quot;:&quot;0&quot;}\" data-image-title=\"Citroen M\u00e9hari\" data-image-description=\"\" data-image-caption=\"&lt;p&gt;En Citro\u00ebn Mehari vakkert parkert foran den gamle bymuren i C\u00e9ret.&lt;\/p&gt;\n\" data-large-file=\"https:\/\/i0.wp.com\/terjebjornstad.com\/no\/wp-content\/uploads\/2018\/08\/mehari-ceret-1080-1350.png?fit=819%2C1024&amp;ssl=1\" src=\"https:\/\/i0.wp.com\/terjebjornstad.com\/no\/wp-content\/uploads\/2018\/08\/mehari-ceret-1080-1350.png?resize=980%2C1225&#038;ssl=1\" alt=\"\" width=\"980\" height=\"1225\" class=\"size-full wp-image-18317\" srcset=\"https:\/\/i0.wp.com\/terjebjornstad.com\/no\/wp-content\/uploads\/2018\/08\/mehari-ceret-1080-1350.png?w=1080&amp;ssl=1 1080w, https:\/\/i0.wp.com\/terjebjornstad.com\/no\/wp-content\/uploads\/2018\/08\/mehari-ceret-1080-1350.png?resize=240%2C300&amp;ssl=1 240w, https:\/\/i0.wp.com\/terjebjornstad.com\/no\/wp-content\/uploads\/2018\/08\/mehari-ceret-1080-1350.png?resize=768%2C960&amp;ssl=1 768w, https:\/\/i0.wp.com\/terjebjornstad.com\/no\/wp-content\/uploads\/2018\/08\/mehari-ceret-1080-1350.png?resize=819%2C1024&amp;ssl=1 819w, https:\/\/i0.wp.com\/terjebjornstad.com\/no\/wp-content\/uploads\/2018\/08\/mehari-ceret-1080-1350.png?resize=690%2C863&amp;ssl=1 690w, https:\/\/i0.wp.com\/terjebjornstad.com\/no\/wp-content\/uploads\/2018\/08\/mehari-ceret-1080-1350.png?resize=980%2C1225&amp;ssl=1 980w\" sizes=\"auto, (max-width: 980px) 100vw, 980px\" \/><\/a><figcaption id=\"caption-attachment-18317\" class=\"wp-caption-text\">En Citro\u00ebn Mehari vakkert parkert foran den gamle bymuren i C\u00e9ret.<\/figcaption><\/figure><\/p>\n<h3 class=\"tebh2\">Om bildene<\/h3>\n<p>Jeg ser ofte M\u00e9hari langs veien, men rekker sjelden \u00e5 knipse. Den hvite og den gr\u00f8nne var utstilt p\u00e5 bilsamlinger ved Canet-en-Roussillon, Syd-Frankrike. De \u00f8vrige er fotografert i forskjellige sm\u00e5byer i Pyrenees-Orientales, Syd-Frankrike. If\u00f8lge Kj\u00f8ret\u00f8yregisteret skal det befinne seg 15 M\u00e9hari i Norge, men ingen av dem er avbildet her p\u00e5 Terjes biler.<\/p>\n<p>&nbsp;<br \/>\n<br \/>\n<figure id=\"attachment_58170\" aria-describedby=\"caption-attachment-58170\" style=\"width: 300px\" class=\"wp-caption aligncenter\"><a href=\"https:\/\/terjebjornstad.com\/no\/citroen\/\"><img data-recalc-dims=\"1\" loading=\"lazy\" decoding=\"async\" data-attachment-id=\"58170\" data-permalink=\"https:\/\/terjebjornstad.com\/no\/citroen\/citroen-logo-300x200\/\" data-orig-file=\"https:\/\/i0.wp.com\/terjebjornstad.com\/no\/wp-content\/uploads\/2023\/03\/citroen-logo-300x200-1.jpg?fit=300%2C200&amp;ssl=1\" data-orig-size=\"300,200\" data-comments-opened=\"1\" data-image-meta=\"{&quot;aperture&quot;:&quot;0&quot;,&quot;credit&quot;:&quot;&quot;,&quot;camera&quot;:&quot;&quot;,&quot;caption&quot;:&quot;&quot;,&quot;created_timestamp&quot;:&quot;0&quot;,&quot;copyright&quot;:&quot;&quot;,&quot;focal_length&quot;:&quot;0&quot;,&quot;iso&quot;:&quot;0&quot;,&quot;shutter_speed&quot;:&quot;0&quot;,&quot;title&quot;:&quot;&quot;,&quot;orientation&quot;:&quot;0&quot;}\" data-image-title=\"citroen-logo-300&amp;#215;200\" data-image-description=\"\" data-image-caption=\"&lt;p&gt;&amp;nbsp;&lt;\/p&gt;\n\" data-large-file=\"https:\/\/i0.wp.com\/terjebjornstad.com\/no\/wp-content\/uploads\/2023\/03\/citroen-logo-300x200-1.jpg?fit=300%2C200&amp;ssl=1\" src=\"https:\/\/i0.wp.com\/terjebjornstad.com\/no\/wp-content\/uploads\/2023\/03\/citroen-logo-300x200-1.jpg?resize=300%2C200&#038;ssl=1\" alt=\"\" width=\"300\" height=\"200\" class=\"size-full wp-image-58170\" \/><\/a><figcaption id=\"caption-attachment-58170\" class=\"wp-caption-text\">&nbsp;<\/figcaption><\/figure><\/p>\n<h3 class=\"tebh2\">Se ogs\u00e5<\/h3>\n<p><figure id=\"attachment_6455\" aria-describedby=\"caption-attachment-6455\" style=\"width: 150px\" class=\"wp-caption alignleft\"><a href=\"https:\/\/terjebjornstad.com\/no\/1960-1990-citroen-2-cv\/\"><img data-recalc-dims=\"1\" loading=\"lazy\" decoding=\"async\" data-attachment-id=\"6455\" data-permalink=\"https:\/\/terjebjornstad.com\/no\/2016\/08\/04\/en-kort-citroenade\/citroen-2cv-301\/\" data-orig-file=\"https:\/\/i0.wp.com\/terjebjornstad.com\/no\/wp-content\/uploads\/2016\/08\/citroen-2cv-301.png?fit=686%2C457&amp;ssl=1\" data-orig-size=\"686,457\" data-comments-opened=\"1\" data-image-meta=\"{&quot;aperture&quot;:&quot;0&quot;,&quot;credit&quot;:&quot;&quot;,&quot;camera&quot;:&quot;&quot;,&quot;caption&quot;:&quot;&quot;,&quot;created_timestamp&quot;:&quot;0&quot;,&quot;copyright&quot;:&quot;&quot;,&quot;focal_length&quot;:&quot;0&quot;,&quot;iso&quot;:&quot;0&quot;,&quot;shutter_speed&quot;:&quot;0&quot;,&quot;title&quot;:&quot;&quot;,&quot;orientation&quot;:&quot;0&quot;}\" data-image-title=\"Citroen 2V\" data-image-description=\"\" data-image-caption=\"&lt;p&gt;Citro\u00ebn 2CV&lt;\/p&gt;\n\" data-large-file=\"https:\/\/i0.wp.com\/terjebjornstad.com\/no\/wp-content\/uploads\/2016\/08\/citroen-2cv-301.png?fit=686%2C457&amp;ssl=1\" src=\"https:\/\/i0.wp.com\/terjebjornstad.com\/no\/wp-content\/uploads\/2016\/08\/citroen-2cv-301.png?resize=150%2C150&#038;ssl=1\" alt=\"\" width=\"150\" height=\"150\" class=\"size-thumbnail wp-image-6455\" srcset=\"https:\/\/i0.wp.com\/terjebjornstad.com\/no\/wp-content\/uploads\/2016\/08\/citroen-2cv-301.png?resize=150%2C150&amp;ssl=1 150w, https:\/\/i0.wp.com\/terjebjornstad.com\/no\/wp-content\/uploads\/2016\/08\/citroen-2cv-301.png?resize=50%2C50&amp;ssl=1 50w, https:\/\/i0.wp.com\/terjebjornstad.com\/no\/wp-content\/uploads\/2016\/08\/citroen-2cv-301.png?zoom=2&amp;resize=150%2C150&amp;ssl=1 300w, https:\/\/i0.wp.com\/terjebjornstad.com\/no\/wp-content\/uploads\/2016\/08\/citroen-2cv-301.png?zoom=3&amp;resize=150%2C150&amp;ssl=1 450w\" sizes=\"auto, (max-width: 150px) 100vw, 150px\" \/><\/a><figcaption id=\"caption-attachment-6455\" class=\"wp-caption-text\">Citro\u00ebn 2CV.<\/figcaption><\/figure><figure id=\"attachment_11450\" aria-describedby=\"caption-attachment-11450\" style=\"width: 150px\" class=\"wp-caption alignleft\"><a href=\"https:\/\/terjebjornstad.com\/no\/1967-1983-citroen-dyane\/\"><img data-recalc-dims=\"1\" loading=\"lazy\" decoding=\"async\" src=\"https:\/\/i0.wp.com\/terjebjornstad.com\/no\/wp-content\/uploads\/2022\/03\/citroen-dyane-654x471-1.png?resize=150%2C150&#038;ssl=1\" alt=\"\" width=\"150\" height=\"150\" class=\"size-thumbnail wp-image-11450\" \/><\/a><figcaption id=\"caption-attachment-11450\" class=\"wp-caption-text\">Dyane<\/figcaption><\/figure><figure id=\"attachment_34452\" aria-describedby=\"caption-attachment-34452\" style=\"width: 150px\" class=\"wp-caption alignleft\"><a href=\"https:\/\/terjebjornstad.com\/no\/2020\/08\/17\/citroen-ami-6-ikke-som-alle-andre-biler\/\"><img data-recalc-dims=\"1\" loading=\"lazy\" decoding=\"async\" data-attachment-id=\"34452\" data-permalink=\"https:\/\/terjebjornstad.com\/no\/terjes-biler\/ami6-avers-320x400-2\/\" data-orig-file=\"https:\/\/i0.wp.com\/terjebjornstad.com\/no\/wp-content\/uploads\/2020\/08\/ami6-avers-320x400-2.png?fit=320%2C400&amp;ssl=1\" data-orig-size=\"320,400\" data-comments-opened=\"1\" data-image-meta=\"{&quot;aperture&quot;:&quot;0&quot;,&quot;credit&quot;:&quot;&quot;,&quot;camera&quot;:&quot;&quot;,&quot;caption&quot;:&quot;&quot;,&quot;created_timestamp&quot;:&quot;0&quot;,&quot;copyright&quot;:&quot;&quot;,&quot;focal_length&quot;:&quot;0&quot;,&quot;iso&quot;:&quot;0&quot;,&quot;shutter_speed&quot;:&quot;0&quot;,&quot;title&quot;:&quot;&quot;,&quot;orientation&quot;:&quot;0&quot;}\" data-image-title=\"ami6-avers-320&amp;#215;400-2\" data-image-description=\"\" data-image-caption=\"&lt;p&gt;Citro\u00ebn Ami 6&lt;\/p&gt;\n\" data-large-file=\"https:\/\/i0.wp.com\/terjebjornstad.com\/no\/wp-content\/uploads\/2020\/08\/ami6-avers-320x400-2.png?fit=320%2C400&amp;ssl=1\" src=\"https:\/\/i0.wp.com\/terjebjornstad.com\/no\/wp-content\/uploads\/2020\/08\/ami6-avers-320x400-2.png?resize=150%2C150&#038;ssl=1\" alt=\"\" width=\"150\" height=\"150\" class=\"size-thumbnail wp-image-34452\" srcset=\"https:\/\/i0.wp.com\/terjebjornstad.com\/no\/wp-content\/uploads\/2020\/08\/ami6-avers-320x400-2.png?resize=150%2C150&amp;ssl=1 150w, https:\/\/i0.wp.com\/terjebjornstad.com\/no\/wp-content\/uploads\/2020\/08\/ami6-avers-320x400-2.png?resize=50%2C50&amp;ssl=1 50w, https:\/\/i0.wp.com\/terjebjornstad.com\/no\/wp-content\/uploads\/2020\/08\/ami6-avers-320x400-2.png?zoom=2&amp;resize=150%2C150&amp;ssl=1 300w\" sizes=\"auto, (max-width: 150px) 100vw, 150px\" \/><\/a><figcaption id=\"caption-attachment-34452\" class=\"wp-caption-text\">Citro\u00ebn Ami 6<\/figcaption><\/figure><figure id=\"attachment_8347\" aria-describedby=\"caption-attachment-8347\" style=\"width: 150px\" class=\"wp-caption alignleft\"><a href=\"https:\/\/terjebjornstad.com\/no\/citroen-ami-8\/\"><img data-recalc-dims=\"1\" loading=\"lazy\" decoding=\"async\" data-attachment-id=\"8347\" data-permalink=\"https:\/\/terjebjornstad.com\/no\/2016\/11\/08\/godbiter-for-lunsj\/citroen-ami-break-11\/\" data-orig-file=\"https:\/\/i0.wp.com\/terjebjornstad.com\/no\/wp-content\/uploads\/2016\/11\/citroen-ami-break-11.png?fit=686%2C457&amp;ssl=1\" data-orig-size=\"686,457\" data-comments-opened=\"1\" data-image-meta=\"{&quot;aperture&quot;:&quot;0&quot;,&quot;credit&quot;:&quot;&quot;,&quot;camera&quot;:&quot;&quot;,&quot;caption&quot;:&quot;&quot;,&quot;created_timestamp&quot;:&quot;0&quot;,&quot;copyright&quot;:&quot;&quot;,&quot;focal_length&quot;:&quot;0&quot;,&quot;iso&quot;:&quot;0&quot;,&quot;shutter_speed&quot;:&quot;0&quot;,&quot;title&quot;:&quot;&quot;,&quot;orientation&quot;:&quot;0&quot;}\" data-image-title=\"Citroen Ami Break\" data-image-description=\"\" data-image-caption=\"&lt;p&gt;Citroen Ami &lt;\/p&gt;\n\" data-large-file=\"https:\/\/i0.wp.com\/terjebjornstad.com\/no\/wp-content\/uploads\/2016\/11\/citroen-ami-break-11.png?fit=686%2C457&amp;ssl=1\" src=\"https:\/\/i0.wp.com\/terjebjornstad.com\/no\/wp-content\/uploads\/2016\/11\/citroen-ami-break-11.png?resize=150%2C150&#038;ssl=1\" alt=\"\" width=\"150\" height=\"150\" class=\"size-thumbnail wp-image-8347\" srcset=\"https:\/\/i0.wp.com\/terjebjornstad.com\/no\/wp-content\/uploads\/2016\/11\/citroen-ami-break-11.png?resize=150%2C150&amp;ssl=1 150w, https:\/\/i0.wp.com\/terjebjornstad.com\/no\/wp-content\/uploads\/2016\/11\/citroen-ami-break-11.png?resize=50%2C50&amp;ssl=1 50w, https:\/\/i0.wp.com\/terjebjornstad.com\/no\/wp-content\/uploads\/2016\/11\/citroen-ami-break-11.png?zoom=2&amp;resize=150%2C150&amp;ssl=1 300w, https:\/\/i0.wp.com\/terjebjornstad.com\/no\/wp-content\/uploads\/2016\/11\/citroen-ami-break-11.png?zoom=3&amp;resize=150%2C150&amp;ssl=1 450w\" sizes=\"auto, (max-width: 150px) 100vw, 150px\" \/><\/a><figcaption id=\"caption-attachment-8347\" class=\"wp-caption-text\">Citroen Ami<\/figcaption><\/figure><figure id=\"attachment_39969\" aria-describedby=\"caption-attachment-39969\" style=\"width: 150px\" class=\"wp-caption alignleft\"><a href=\"https:\/\/terjebjornstad.com\/no\/2021\/05\/07\/2cv-elbil-pa-20-timer\/\"><img data-recalc-dims=\"1\" loading=\"lazy\" decoding=\"async\" data-attachment-id=\"39969\" data-permalink=\"https:\/\/terjebjornstad.com\/no\/2021\/05\/07\/2cv-elbil-pa-20-timer\/rfit-elektro-2cv-686x457\/\" data-orig-file=\"https:\/\/i0.wp.com\/terjebjornstad.com\/no\/wp-content\/uploads\/2021\/05\/rfit-elektro-2cv-686x457-1.png?fit=686%2C457&amp;ssl=1\" data-orig-size=\"686,457\" data-comments-opened=\"1\" data-image-meta=\"{&quot;aperture&quot;:&quot;0&quot;,&quot;credit&quot;:&quot;&quot;,&quot;camera&quot;:&quot;&quot;,&quot;caption&quot;:&quot;&quot;,&quot;created_timestamp&quot;:&quot;0&quot;,&quot;copyright&quot;:&quot;&quot;,&quot;focal_length&quot;:&quot;0&quot;,&quot;iso&quot;:&quot;0&quot;,&quot;shutter_speed&quot;:&quot;0&quot;,&quot;title&quot;:&quot;&quot;,&quot;orientation&quot;:&quot;0&quot;}\" data-image-title=\"rfit-elektro-2cv-686&amp;#215;457\" data-image-description=\"\" data-image-caption=\"&lt;p&gt;2CV &amp;#8211; elbil p\u00e5 20 timer&lt;\/p&gt;\n\" data-large-file=\"https:\/\/i0.wp.com\/terjebjornstad.com\/no\/wp-content\/uploads\/2021\/05\/rfit-elektro-2cv-686x457-1.png?fit=686%2C457&amp;ssl=1\" src=\"https:\/\/i0.wp.com\/terjebjornstad.com\/no\/wp-content\/uploads\/2021\/05\/rfit-elektro-2cv-686x457-1.png?resize=150%2C150&#038;ssl=1\" alt=\"\" width=\"150\" height=\"150\" class=\"size-thumbnail wp-image-39969\" srcset=\"https:\/\/i0.wp.com\/terjebjornstad.com\/no\/wp-content\/uploads\/2021\/05\/rfit-elektro-2cv-686x457-1.png?resize=150%2C150&amp;ssl=1 150w, https:\/\/i0.wp.com\/terjebjornstad.com\/no\/wp-content\/uploads\/2021\/05\/rfit-elektro-2cv-686x457-1.png?resize=50%2C50&amp;ssl=1 50w, https:\/\/i0.wp.com\/terjebjornstad.com\/no\/wp-content\/uploads\/2021\/05\/rfit-elektro-2cv-686x457-1.png?zoom=2&amp;resize=150%2C150&amp;ssl=1 300w, https:\/\/i0.wp.com\/terjebjornstad.com\/no\/wp-content\/uploads\/2021\/05\/rfit-elektro-2cv-686x457-1.png?zoom=3&amp;resize=150%2C150&amp;ssl=1 450w\" sizes=\"auto, (max-width: 150px) 100vw, 150px\" \/><\/a><figcaption id=\"caption-attachment-39969\" class=\"wp-caption-text\">2CV &#8211; elbil p\u00e5 20 timer<\/figcaption><\/figure><\/p>\n<h6><\/h6>\n<p><a href=\"https:\/\/www.eden-cassis.com\/\" target=\"_blank\" rel=\"noopener\"><strong>EDEN &#8211; M\u00e9hari som elbil<\/strong><\/a><\/p>\n<h6><\/h6>\n<\/div>\n","protected":false},"excerpt":{"rendered":"<p>Bryllupsbil I det jeg syklet gjennom den lille Syd-Franske landsbyen Saint-Jean-Pla-de-Courts s\u00e5 jeg at byens restaurant var fylt til randen, &#8211; og i bakgaten sto bryllupsbilen ferdig pyntet: En Citro\u00ebn Mehari. Det er 35 grader. Hvilken annen bil kunne passet bedre til \u00e5 frakte brudeparet? Mye til felles med Dyane Citro\u00ebn Mehari deler mekanikk med [&hellip;]<\/p>\n","protected":false},"author":1,"featured_media":11963,"parent":0,"menu_order":0,"comment_status":"closed","ping_status":"closed","template":"templates\/full-width-page.php","meta":{"_monsterinsights_skip_tracking":false,"_monsterinsights_sitenote_active":false,"_monsterinsights_sitenote_note":"","_monsterinsights_sitenote_category":0,"jetpack_post_was_ever_published":false,"footnotes":""},"class_list":["post-8519","page","type-page","status-publish","has-post-thumbnail","hentry"],"yoast_head":"<!-- This site is optimized with the Yoast SEO plugin v27.5 - https:\/\/yoast.com\/product\/yoast-seo-wordpress\/ -->\n<title>Citroen Mehari - Terjes biler Citro\u00ebn Mehari deler mekanikk med Dyane.<\/title>\n<meta name=\"description\" content=\"Prisen p\u00e5 en restaurert modell ligger p\u00e5 15 000 Euro. Selv om produksjonen av Mehari er avsluttet, er ikke Mehari noen sjelden bil.\" \/>\n<meta name=\"robots\" content=\"index, follow, max-snippet:-1, max-image-preview:large, max-video-preview:-1\" \/>\n<link rel=\"canonical\" href=\"https:\/\/terjebjornstad.com\/no\/citroen-mehari-mk1\/\" \/>\n<meta property=\"og:locale\" content=\"nb_NO\" \/>\n<meta property=\"og:type\" content=\"article\" \/>\n<meta property=\"og:title\" content=\"Citroen Mehari - Terjes biler Citro\u00ebn Mehari deler mekanikk med Dyane.\" \/>\n<meta property=\"og:description\" content=\"Prisen p\u00e5 en restaurert modell ligger p\u00e5 15 000 Euro. Selv om produksjonen av Mehari er avsluttet, er ikke Mehari noen sjelden bil.\" \/>\n<meta property=\"og:url\" content=\"https:\/\/terjebjornstad.com\/no\/citroen-mehari-mk1\/\" \/>\n<meta property=\"og:site_name\" content=\"Terjes biler\" \/>\n<meta property=\"article:publisher\" content=\"https:\/\/www.facebook.com\/terjesbiler\/\" \/>\n<meta property=\"article:modified_time\" content=\"2026-02-09T00:38:04+00:00\" \/>\n<meta property=\"og:image\" content=\"https:\/\/terjebjornstad.com\/no\/wp-content\/uploads\/2017\/08\/citroen-mehari-yelloe-2207-1-686.png\" \/>\n\t<meta property=\"og:image:width\" content=\"686\" \/>\n\t<meta property=\"og:image:height\" content=\"457\" \/>\n\t<meta property=\"og:image:type\" content=\"image\/png\" \/>\n<meta name=\"twitter:card\" content=\"summary_large_image\" \/>\n<meta name=\"twitter:label1\" content=\"Ansl. lesetid\" \/>\n\t<meta name=\"twitter:data1\" content=\"7 minutter\" \/>\n<script type=\"application\/ld+json\" class=\"yoast-schema-graph\">{\"@context\":\"https:\\\/\\\/schema.org\",\"@graph\":[{\"@type\":\"WebPage\",\"@id\":\"https:\\\/\\\/terjebjornstad.com\\\/no\\\/citroen-mehari-mk1\\\/\",\"url\":\"https:\\\/\\\/terjebjornstad.com\\\/no\\\/citroen-mehari-mk1\\\/\",\"name\":\"Citroen Mehari - Terjes biler Citro\u00ebn Mehari deler mekanikk med Dyane.\",\"isPartOf\":{\"@id\":\"https:\\\/\\\/terjebjornstad.com\\\/no\\\/#website\"},\"primaryImageOfPage\":{\"@id\":\"https:\\\/\\\/terjebjornstad.com\\\/no\\\/citroen-mehari-mk1\\\/#primaryimage\"},\"image\":{\"@id\":\"https:\\\/\\\/terjebjornstad.com\\\/no\\\/citroen-mehari-mk1\\\/#primaryimage\"},\"thumbnailUrl\":\"https:\\\/\\\/i0.wp.com\\\/terjebjornstad.com\\\/no\\\/wp-content\\\/uploads\\\/2017\\\/08\\\/citroen-mehari-yelloe-2207-1-686.png?fit=686%2C457&ssl=1\",\"datePublished\":\"2016-11-10T00:05:11+00:00\",\"dateModified\":\"2026-02-09T00:38:04+00:00\",\"description\":\"Prisen p\u00e5 en restaurert modell ligger p\u00e5 15 000 Euro. Selv om produksjonen av Mehari er avsluttet, er ikke Mehari noen sjelden bil.\",\"breadcrumb\":{\"@id\":\"https:\\\/\\\/terjebjornstad.com\\\/no\\\/citroen-mehari-mk1\\\/#breadcrumb\"},\"inLanguage\":\"nb-NO\",\"potentialAction\":[{\"@type\":\"ReadAction\",\"target\":[\"https:\\\/\\\/terjebjornstad.com\\\/no\\\/citroen-mehari-mk1\\\/\"]}]},{\"@type\":\"ImageObject\",\"inLanguage\":\"nb-NO\",\"@id\":\"https:\\\/\\\/terjebjornstad.com\\\/no\\\/citroen-mehari-mk1\\\/#primaryimage\",\"url\":\"https:\\\/\\\/i0.wp.com\\\/terjebjornstad.com\\\/no\\\/wp-content\\\/uploads\\\/2017\\\/08\\\/citroen-mehari-yelloe-2207-1-686.png?fit=686%2C457&ssl=1\",\"contentUrl\":\"https:\\\/\\\/i0.wp.com\\\/terjebjornstad.com\\\/no\\\/wp-content\\\/uploads\\\/2017\\\/08\\\/citroen-mehari-yelloe-2207-1-686.png?fit=686%2C457&ssl=1\",\"width\":686,\"height\":457,\"caption\":\"Citro\u00ebn Mehari\"},{\"@type\":\"BreadcrumbList\",\"@id\":\"https:\\\/\\\/terjebjornstad.com\\\/no\\\/citroen-mehari-mk1\\\/#breadcrumb\",\"itemListElement\":[{\"@type\":\"ListItem\",\"position\":1,\"name\":\"Hjem\",\"item\":\"https:\\\/\\\/terjebjornstad.com\\\/no\\\/\"},{\"@type\":\"ListItem\",\"position\":2,\"name\":\"Citroen Mehari\"}]},{\"@type\":\"WebSite\",\"@id\":\"https:\\\/\\\/terjebjornstad.com\\\/no\\\/#website\",\"url\":\"https:\\\/\\\/terjebjornstad.com\\\/no\\\/\",\"name\":\"Terjes biler\",\"description\":\"HONEST ABOUT CARS\",\"publisher\":{\"@id\":\"https:\\\/\\\/terjebjornstad.com\\\/no\\\/#organization\"},\"alternateName\":\"Terjebjornstad.com\",\"potentialAction\":[{\"@type\":\"SearchAction\",\"target\":{\"@type\":\"EntryPoint\",\"urlTemplate\":\"https:\\\/\\\/terjebjornstad.com\\\/no\\\/?s={search_term_string}\"},\"query-input\":{\"@type\":\"PropertyValueSpecification\",\"valueRequired\":true,\"valueName\":\"search_term_string\"}}],\"inLanguage\":\"nb-NO\"},{\"@type\":\"Organization\",\"@id\":\"https:\\\/\\\/terjebjornstad.com\\\/no\\\/#organization\",\"name\":\"Terje Bj\u00f8rnstad ENK\",\"url\":\"https:\\\/\\\/terjebjornstad.com\\\/no\\\/\",\"logo\":{\"@type\":\"ImageObject\",\"inLanguage\":\"nb-NO\",\"@id\":\"https:\\\/\\\/terjebjornstad.com\\\/no\\\/#\\\/schema\\\/logo\\\/image\\\/\",\"url\":\"https:\\\/\\\/i0.wp.com\\\/terjebjornstad.com\\\/no\\\/wp-content\\\/uploads\\\/2026\\\/02\\\/terjesbiler2024-960x354-1.png?fit=960%2C354&ssl=1\",\"contentUrl\":\"https:\\\/\\\/i0.wp.com\\\/terjebjornstad.com\\\/no\\\/wp-content\\\/uploads\\\/2026\\\/02\\\/terjesbiler2024-960x354-1.png?fit=960%2C354&ssl=1\",\"width\":960,\"height\":354,\"caption\":\"Terje Bj\u00f8rnstad ENK\"},\"image\":{\"@id\":\"https:\\\/\\\/terjebjornstad.com\\\/no\\\/#\\\/schema\\\/logo\\\/image\\\/\"},\"sameAs\":[\"https:\\\/\\\/www.facebook.com\\\/terjesbiler\\\/\",\"https:\\\/\\\/www.instagram.com\\\/terjesbiler\\\/\",\"https:\\\/\\\/www.pinteres.com\\\/terjebjrnstad\\\/terjes-biler\\\/\"]}]}<\/script>\n<!-- \/ Yoast SEO plugin. -->","yoast_head_json":{"title":"Citroen Mehari - Terjes biler Citro\u00ebn Mehari deler mekanikk med Dyane.","description":"Prisen p\u00e5 en restaurert modell ligger p\u00e5 15 000 Euro. Selv om produksjonen av Mehari er avsluttet, er ikke Mehari noen sjelden bil.","robots":{"index":"index","follow":"follow","max-snippet":"max-snippet:-1","max-image-preview":"max-image-preview:large","max-video-preview":"max-video-preview:-1"},"canonical":"https:\/\/terjebjornstad.com\/no\/citroen-mehari-mk1\/","og_locale":"nb_NO","og_type":"article","og_title":"Citroen Mehari - Terjes biler Citro\u00ebn Mehari deler mekanikk med Dyane.","og_description":"Prisen p\u00e5 en restaurert modell ligger p\u00e5 15 000 Euro. Selv om produksjonen av Mehari er avsluttet, er ikke Mehari noen sjelden bil.","og_url":"https:\/\/terjebjornstad.com\/no\/citroen-mehari-mk1\/","og_site_name":"Terjes biler","article_publisher":"https:\/\/www.facebook.com\/terjesbiler\/","article_modified_time":"2026-02-09T00:38:04+00:00","og_image":[{"width":686,"height":457,"url":"https:\/\/terjebjornstad.com\/no\/wp-content\/uploads\/2017\/08\/citroen-mehari-yelloe-2207-1-686.png","type":"image\/png"}],"twitter_card":"summary_large_image","twitter_misc":{"Ansl. lesetid":"7 minutter"},"schema":{"@context":"https:\/\/schema.org","@graph":[{"@type":"WebPage","@id":"https:\/\/terjebjornstad.com\/no\/citroen-mehari-mk1\/","url":"https:\/\/terjebjornstad.com\/no\/citroen-mehari-mk1\/","name":"Citroen Mehari - Terjes biler Citro\u00ebn Mehari deler mekanikk med Dyane.","isPartOf":{"@id":"https:\/\/terjebjornstad.com\/no\/#website"},"primaryImageOfPage":{"@id":"https:\/\/terjebjornstad.com\/no\/citroen-mehari-mk1\/#primaryimage"},"image":{"@id":"https:\/\/terjebjornstad.com\/no\/citroen-mehari-mk1\/#primaryimage"},"thumbnailUrl":"https:\/\/i0.wp.com\/terjebjornstad.com\/no\/wp-content\/uploads\/2017\/08\/citroen-mehari-yelloe-2207-1-686.png?fit=686%2C457&ssl=1","datePublished":"2016-11-10T00:05:11+00:00","dateModified":"2026-02-09T00:38:04+00:00","description":"Prisen p\u00e5 en restaurert modell ligger p\u00e5 15 000 Euro. Selv om produksjonen av Mehari er avsluttet, er ikke Mehari noen sjelden bil.","breadcrumb":{"@id":"https:\/\/terjebjornstad.com\/no\/citroen-mehari-mk1\/#breadcrumb"},"inLanguage":"nb-NO","potentialAction":[{"@type":"ReadAction","target":["https:\/\/terjebjornstad.com\/no\/citroen-mehari-mk1\/"]}]},{"@type":"ImageObject","inLanguage":"nb-NO","@id":"https:\/\/terjebjornstad.com\/no\/citroen-mehari-mk1\/#primaryimage","url":"https:\/\/i0.wp.com\/terjebjornstad.com\/no\/wp-content\/uploads\/2017\/08\/citroen-mehari-yelloe-2207-1-686.png?fit=686%2C457&ssl=1","contentUrl":"https:\/\/i0.wp.com\/terjebjornstad.com\/no\/wp-content\/uploads\/2017\/08\/citroen-mehari-yelloe-2207-1-686.png?fit=686%2C457&ssl=1","width":686,"height":457,"caption":"Citro\u00ebn Mehari"},{"@type":"BreadcrumbList","@id":"https:\/\/terjebjornstad.com\/no\/citroen-mehari-mk1\/#breadcrumb","itemListElement":[{"@type":"ListItem","position":1,"name":"Hjem","item":"https:\/\/terjebjornstad.com\/no\/"},{"@type":"ListItem","position":2,"name":"Citroen Mehari"}]},{"@type":"WebSite","@id":"https:\/\/terjebjornstad.com\/no\/#website","url":"https:\/\/terjebjornstad.com\/no\/","name":"Terjes biler","description":"HONEST ABOUT CARS","publisher":{"@id":"https:\/\/terjebjornstad.com\/no\/#organization"},"alternateName":"Terjebjornstad.com","potentialAction":[{"@type":"SearchAction","target":{"@type":"EntryPoint","urlTemplate":"https:\/\/terjebjornstad.com\/no\/?s={search_term_string}"},"query-input":{"@type":"PropertyValueSpecification","valueRequired":true,"valueName":"search_term_string"}}],"inLanguage":"nb-NO"},{"@type":"Organization","@id":"https:\/\/terjebjornstad.com\/no\/#organization","name":"Terje Bj\u00f8rnstad ENK","url":"https:\/\/terjebjornstad.com\/no\/","logo":{"@type":"ImageObject","inLanguage":"nb-NO","@id":"https:\/\/terjebjornstad.com\/no\/#\/schema\/logo\/image\/","url":"https:\/\/i0.wp.com\/terjebjornstad.com\/no\/wp-content\/uploads\/2026\/02\/terjesbiler2024-960x354-1.png?fit=960%2C354&ssl=1","contentUrl":"https:\/\/i0.wp.com\/terjebjornstad.com\/no\/wp-content\/uploads\/2026\/02\/terjesbiler2024-960x354-1.png?fit=960%2C354&ssl=1","width":960,"height":354,"caption":"Terje Bj\u00f8rnstad ENK"},"image":{"@id":"https:\/\/terjebjornstad.com\/no\/#\/schema\/logo\/image\/"},"sameAs":["https:\/\/www.facebook.com\/terjesbiler\/","https:\/\/www.instagram.com\/terjesbiler\/","https:\/\/www.pinteres.com\/terjebjrnstad\/terjes-biler\/"]}]}},"jetpack_sharing_enabled":true,"jetpack_shortlink":"https:\/\/wp.me\/P48zYA-2dp","jetpack-related-posts":[{"id":5651,"url":"https:\/\/terjebjornstad.com\/no\/1967-1983-citroen-dyane\/","url_meta":{"origin":8519,"position":0},"title":"Citroen Dyane\/Acadiane","author":"Terje Bj\u00f8rnstad","date":"23\/06\/2016","format":false,"excerpt":"Dyane Dyane har samme drivverk og oppbygning som 2CV 4 og 6, men fikk et karosseri som skulle v\u00e6re mer moderne. Citro\u00ebn regnet med at den nye modellen skulle ta over etter den popul\u00e6re 2CV. Dyane s\u00e5 kanskje mer moderne ut enn 2CV, men fikk aldri samme kultstatus - ei\u2026","rel":"","context":"Liknende innlegg","block_context":{"text":"Liknende innlegg","link":""},"img":{"alt_text":"","src":"https:\/\/i0.wp.com\/terjebjornstad.com\/no\/wp-content\/uploads\/2024\/10\/citroen-dyane-1920x1920-1.jpg?fit=1200%2C1200&ssl=1&resize=350%2C200","width":350,"height":200,"srcset":"https:\/\/i0.wp.com\/terjebjornstad.com\/no\/wp-content\/uploads\/2024\/10\/citroen-dyane-1920x1920-1.jpg?fit=1200%2C1200&ssl=1&resize=350%2C200 1x, https:\/\/i0.wp.com\/terjebjornstad.com\/no\/wp-content\/uploads\/2024\/10\/citroen-dyane-1920x1920-1.jpg?fit=1200%2C1200&ssl=1&resize=525%2C300 1.5x, https:\/\/i0.wp.com\/terjebjornstad.com\/no\/wp-content\/uploads\/2024\/10\/citroen-dyane-1920x1920-1.jpg?fit=1200%2C1200&ssl=1&resize=700%2C400 2x, https:\/\/i0.wp.com\/terjebjornstad.com\/no\/wp-content\/uploads\/2024\/10\/citroen-dyane-1920x1920-1.jpg?fit=1200%2C1200&ssl=1&resize=1050%2C600 3x"},"classes":[]},{"id":25506,"url":"https:\/\/terjebjornstad.com\/no\/renault-rodeo\/","url_meta":{"origin":8519,"position":1},"title":"Renault Rodeo","author":"Terje Bj\u00f8rnstad","date":"15\/08\/2019","format":false,"excerpt":"Skulle konkurrere med M\u00e9hari I Syd-Europa fikk Citroen M\u00e9hari popularitet som et praktisk, uj\u00e5lete kj\u00f8ret\u00f8y for b\u00f8nder til \u00e5 ta seg frem p\u00e5 d\u00e5rlige veier, som strandbil (alternativ til \"beach buggy\") og til milit\u00e6re og samfunnsmessige oppgaver. M\u00e9hari deler plattform og drivverk med Citroen Dyane. Med et enkelt karosseri i\u2026","rel":"","context":"Liknende innlegg","block_context":{"text":"Liknende innlegg","link":""},"img":{"alt_text":"","src":"https:\/\/i0.wp.com\/terjebjornstad.com\/no\/wp-content\/uploads\/2019\/08\/renault-rodeo-1080x1080.png?fit=1080%2C1080&ssl=1&resize=350%2C200","width":350,"height":200,"srcset":"https:\/\/i0.wp.com\/terjebjornstad.com\/no\/wp-content\/uploads\/2019\/08\/renault-rodeo-1080x1080.png?fit=1080%2C1080&ssl=1&resize=350%2C200 1x, https:\/\/i0.wp.com\/terjebjornstad.com\/no\/wp-content\/uploads\/2019\/08\/renault-rodeo-1080x1080.png?fit=1080%2C1080&ssl=1&resize=525%2C300 1.5x, https:\/\/i0.wp.com\/terjebjornstad.com\/no\/wp-content\/uploads\/2019\/08\/renault-rodeo-1080x1080.png?fit=1080%2C1080&ssl=1&resize=700%2C400 2x, https:\/\/i0.wp.com\/terjebjornstad.com\/no\/wp-content\/uploads\/2019\/08\/renault-rodeo-1080x1080.png?fit=1080%2C1080&ssl=1&resize=1050%2C600 3x"},"classes":[]},{"id":5242,"url":"https:\/\/terjebjornstad.com\/no\/citroen\/","url_meta":{"origin":8519,"position":2},"title":"Automobiles Citro\u00ebn ble grunnlagt i\u2026","author":"Terje Bj\u00f8rnstad","date":"21\/06\/2016","format":false,"excerpt":"Automobiles Citro\u00ebn ble grunnlagt i 1919 av Andr\u00e9 Citro\u00ebn. Selskapet gikk konkurs to ganger - i 1934 forut for lansering av sin Traction Avant - og i 1974 like f\u00f8r CX skulle produseres. Citroen ble da tatt over av Peugeot og etter hver ble PSA stiftet. I 2021 gikk PSA\u2026","rel":"","context":"Liknende innlegg","block_context":{"text":"Liknende innlegg","link":""},"img":{"alt_text":"","src":"https:\/\/i0.wp.com\/terjebjornstad.com\/no\/wp-content\/uploads\/2023\/03\/citroen-logo-300x200-1.jpg?resize=350%2C200&ssl=1","width":350,"height":200},"classes":[]},{"id":5239,"url":"https:\/\/terjebjornstad.com\/no\/1960-1990-citroen-2-cv\/","url_meta":{"origin":8519,"position":3},"title":"Citro\u00ebn 2CV","author":"Terje Bj\u00f8rnstad","date":"20\/06\/2016","format":false,"excerpt":"En 2 CV pynter opp hvor den enn st\u00e5r. Det spiller ingen rolle om den er litt - skal vi si - patinert. Jeg synes det er str\u00e5lende \u00e5 se 2 CV'er som faktisk blir brukt, og ikke bare st\u00e5r til pynt. Ideell hobbybil Jeg har aldri kj\u00f8rt 2 CV,\u2026","rel":"","context":"Liknende innlegg","block_context":{"text":"Liknende innlegg","link":""},"img":{"alt_text":"2cv","src":"https:\/\/i0.wp.com\/terjebjornstad.com\/no\/wp-content\/uploads\/2016\/08\/citroen-2cv-301.png?fit=686%2C457&ssl=1&resize=350%2C200","width":350,"height":200,"srcset":"https:\/\/i0.wp.com\/terjebjornstad.com\/no\/wp-content\/uploads\/2016\/08\/citroen-2cv-301.png?fit=686%2C457&ssl=1&resize=350%2C200 1x, https:\/\/i0.wp.com\/terjebjornstad.com\/no\/wp-content\/uploads\/2016\/08\/citroen-2cv-301.png?fit=686%2C457&ssl=1&resize=525%2C300 1.5x"},"classes":[]},{"id":6497,"url":"https:\/\/terjebjornstad.com\/no\/citroen-ami-8\/","url_meta":{"origin":8519,"position":4},"title":"Citro\u00ebn Ami","author":"Terje Bj\u00f8rnstad","date":"09\/08\/2016","format":false,"excerpt":"\u00a0 Familiens venn Citroen Ami er en modell som bygger p\u00e5 2CV-familien. Den ble laget i to serier, Ami 6 (1961-67) og Ami 8 (1968-78). Ami 8 fikk omarbeidet front og sedanutgaven fikk en mer tidsriktig skr\u00e5nende bakrute i stedet for den omvendte bakruten ogs\u00e5 kjent fra Ford Anglia. Mekanikken\u2026","rel":"","context":"Liknende innlegg","block_context":{"text":"Liknende innlegg","link":""},"img":{"alt_text":"","src":"https:\/\/i0.wp.com\/terjebjornstad.com\/no\/wp-content\/uploads\/2023\/06\/citroen-ami-8-1920x1280-1-scaled.jpeg?fit=1200%2C800&ssl=1&resize=350%2C200","width":350,"height":200,"srcset":"https:\/\/i0.wp.com\/terjebjornstad.com\/no\/wp-content\/uploads\/2023\/06\/citroen-ami-8-1920x1280-1-scaled.jpeg?fit=1200%2C800&ssl=1&resize=350%2C200 1x, https:\/\/i0.wp.com\/terjebjornstad.com\/no\/wp-content\/uploads\/2023\/06\/citroen-ami-8-1920x1280-1-scaled.jpeg?fit=1200%2C800&ssl=1&resize=525%2C300 1.5x, https:\/\/i0.wp.com\/terjebjornstad.com\/no\/wp-content\/uploads\/2023\/06\/citroen-ami-8-1920x1280-1-scaled.jpeg?fit=1200%2C800&ssl=1&resize=700%2C400 2x, https:\/\/i0.wp.com\/terjebjornstad.com\/no\/wp-content\/uploads\/2023\/06\/citroen-ami-8-1920x1280-1-scaled.jpeg?fit=1200%2C800&ssl=1&resize=1050%2C600 3x"},"classes":[]},{"id":47806,"url":"https:\/\/terjebjornstad.com\/no\/citroen-visa\/","url_meta":{"origin":8519,"position":5},"title":"Citroen Visa","author":"Terje Bj\u00f8rnstad","date":"10\/04\/2022","format":false,"excerpt":"\u00a0 Fra luft til vann Citroen Visa ble utformet som en modellserie som skulle fange opp kunder fra 2CV, Dyane og Ami. Understell med lang fj\u00e6ringsvei samt et litt \"spr\u00f8tt\" design p\u00e5 bil, instrumentbord og innredning skulle f\u00e5 gamle Citroen-kunder til \u00e5 f\u00f8le seg hjemme. De f\u00f8rste bilene hadde til\u2026","rel":"","context":"Liknende innlegg","block_context":{"text":"Liknende innlegg","link":""},"img":{"alt_text":"","src":"https:\/\/i0.wp.com\/terjebjornstad.com\/no\/wp-content\/uploads\/2022\/04\/citroen-visa-club-1080x720-1.png?fit=1080%2C720&ssl=1&resize=350%2C200","width":350,"height":200,"srcset":"https:\/\/i0.wp.com\/terjebjornstad.com\/no\/wp-content\/uploads\/2022\/04\/citroen-visa-club-1080x720-1.png?fit=1080%2C720&ssl=1&resize=350%2C200 1x, https:\/\/i0.wp.com\/terjebjornstad.com\/no\/wp-content\/uploads\/2022\/04\/citroen-visa-club-1080x720-1.png?fit=1080%2C720&ssl=1&resize=525%2C300 1.5x, https:\/\/i0.wp.com\/terjebjornstad.com\/no\/wp-content\/uploads\/2022\/04\/citroen-visa-club-1080x720-1.png?fit=1080%2C720&ssl=1&resize=700%2C400 2x, https:\/\/i0.wp.com\/terjebjornstad.com\/no\/wp-content\/uploads\/2022\/04\/citroen-visa-club-1080x720-1.png?fit=1080%2C720&ssl=1&resize=1050%2C600 3x"},"classes":[]}],"_links":{"self":[{"href":"https:\/\/terjebjornstad.com\/no\/wp-json\/wp\/v2\/pages\/8519","targetHints":{"allow":["GET"]}}],"collection":[{"href":"https:\/\/terjebjornstad.com\/no\/wp-json\/wp\/v2\/pages"}],"about":[{"href":"https:\/\/terjebjornstad.com\/no\/wp-json\/wp\/v2\/types\/page"}],"author":[{"embeddable":true,"href":"https:\/\/terjebjornstad.com\/no\/wp-json\/wp\/v2\/users\/1"}],"replies":[{"embeddable":true,"href":"https:\/\/terjebjornstad.com\/no\/wp-json\/wp\/v2\/comments?post=8519"}],"version-history":[{"count":23,"href":"https:\/\/terjebjornstad.com\/no\/wp-json\/wp\/v2\/pages\/8519\/revisions"}],"predecessor-version":[{"id":88574,"href":"https:\/\/terjebjornstad.com\/no\/wp-json\/wp\/v2\/pages\/8519\/revisions\/88574"}],"wp:featuredmedia":[{"embeddable":true,"href":"https:\/\/terjebjornstad.com\/no\/wp-json\/wp\/v2\/media\/11963"}],"wp:attachment":[{"href":"https:\/\/terjebjornstad.com\/no\/wp-json\/wp\/v2\/media?parent=8519"}],"curies":[{"name":"wp","href":"https:\/\/api.w.org\/{rel}","templated":true}]}}