{"id":8377,"date":"2016-11-08T09:15:29","date_gmt":"2016-11-08T09:15:29","guid":{"rendered":"http:\/\/terjebjornstad.com\/no\/?page_id=8377"},"modified":"2026-02-10T23:49:18","modified_gmt":"2026-02-10T22:49:18","slug":"1965-70-opel-kadett-coupe","status":"publish","type":"page","link":"https:\/\/terjebjornstad.com\/no\/1965-70-opel-kadett-coupe\/","title":{"rendered":"Opel Kadett B"},"content":{"rendered":"<div class=\"copy_teb\">\n<h3 class=\"tebh2ingreslbcenter\">Kadett B sedan<\/h3>\n<figure id=\"attachment_48888\" aria-describedby=\"caption-attachment-48888\" style=\"width: 1080px\" class=\"wp-caption aligncenter\"><a href=\"https:\/\/i0.wp.com\/terjebjornstad.com\/no\/wp-content\/uploads\/2022\/06\/1971-opel-kadett-1100-1080x720-1.png?ssl=1\"><img data-recalc-dims=\"1\" loading=\"lazy\" decoding=\"async\" data-attachment-id=\"48888\" data-permalink=\"https:\/\/terjebjornstad.com\/no\/1965-70-opel-kadett-coupe\/1971-opel-kadett-1100-1080x720\/\" data-orig-file=\"https:\/\/i0.wp.com\/terjebjornstad.com\/no\/wp-content\/uploads\/2022\/06\/1971-opel-kadett-1100-1080x720-1.png?fit=1080%2C608&amp;ssl=1\" data-orig-size=\"1080,608\" data-comments-opened=\"1\" data-image-meta=\"{&quot;aperture&quot;:&quot;0&quot;,&quot;credit&quot;:&quot;&quot;,&quot;camera&quot;:&quot;&quot;,&quot;caption&quot;:&quot;&quot;,&quot;created_timestamp&quot;:&quot;0&quot;,&quot;copyright&quot;:&quot;&quot;,&quot;focal_length&quot;:&quot;0&quot;,&quot;iso&quot;:&quot;0&quot;,&quot;shutter_speed&quot;:&quot;0&quot;,&quot;title&quot;:&quot;&quot;,&quot;orientation&quot;:&quot;0&quot;}\" data-image-title=\"1971-opel-kadett-1100-1080&amp;#215;720\" data-image-description=\"\" data-image-caption=\"&lt;p&gt;Opel Kadett B 1100&lt;\/p&gt;\n\" data-large-file=\"https:\/\/i0.wp.com\/terjebjornstad.com\/no\/wp-content\/uploads\/2022\/06\/1971-opel-kadett-1100-1080x720-1.png?fit=980%2C552&amp;ssl=1\" src=\"https:\/\/i0.wp.com\/terjebjornstad.com\/no\/wp-content\/uploads\/2022\/06\/1971-opel-kadett-1100-1080x720-1.png?resize=980%2C552&#038;ssl=1\" alt=\"motordilla\" width=\"980\" height=\"552\" class=\"size-full wp-image-48888\" srcset=\"https:\/\/i0.wp.com\/terjebjornstad.com\/no\/wp-content\/uploads\/2022\/06\/1971-opel-kadett-1100-1080x720-1.png?w=1080&amp;ssl=1 1080w, https:\/\/i0.wp.com\/terjebjornstad.com\/no\/wp-content\/uploads\/2022\/06\/1971-opel-kadett-1100-1080x720-1.png?resize=300%2C169&amp;ssl=1 300w, https:\/\/i0.wp.com\/terjebjornstad.com\/no\/wp-content\/uploads\/2022\/06\/1971-opel-kadett-1100-1080x720-1.png?resize=768%2C432&amp;ssl=1 768w, https:\/\/i0.wp.com\/terjebjornstad.com\/no\/wp-content\/uploads\/2022\/06\/1971-opel-kadett-1100-1080x720-1.png?resize=690%2C388&amp;ssl=1 690w, https:\/\/i0.wp.com\/terjebjornstad.com\/no\/wp-content\/uploads\/2022\/06\/1971-opel-kadett-1100-1080x720-1.png?resize=980%2C552&amp;ssl=1 980w\" sizes=\"auto, (max-width: 980px) 100vw, 980px\" \/><\/a><figcaption id=\"caption-attachment-48888\" class=\"wp-caption-text\">Opel Kadett B 1100<\/figcaption><\/figure>\n<h3 class=\"tebh2\">Da Opel viste vei<\/h3>\n<p>Jeg skulle \u00f8nske dagens Opel-designere kunne ta et blikk bakover til sin amerikanske GM-epoke. Opel&#8217;ene fra 60- og 70-tallet s\u00e5 fantastiske ut. Ta for eksempel Kadett B. Sm\u00e5, billige biler som ble brukt som familiebiler. Modellen dukket opp som i 1965 og ble produsert ut modell\u00e5r 1973. Den kunne leveres i mange varianter, som 2- og 4 d\u00f8rer sedan, 3- og 5 d\u00f8rer Caravan (stasjonsvogn), 2- og 4 d\u00f8rer Fastback og Coup\u00e9 modellene beskrevet tidligere.<br \/>\n&nbsp;<br \/>\n<figure id=\"attachment_86138\" aria-describedby=\"caption-attachment-86138\" style=\"width: 960px\" class=\"wp-caption aligncenter\"><a href=\"https:\/\/i0.wp.com\/terjebjornstad.com\/no\/wp-content\/uploads\/2025\/11\/1969-opel-kadett-1920x1440-1.jpg?ssl=1\"><img data-recalc-dims=\"1\" loading=\"lazy\" decoding=\"async\" data-attachment-id=\"86138\" data-permalink=\"https:\/\/terjebjornstad.com\/no\/1965-70-opel-kadett-coupe\/1969-opel-kadett-1920x1440\/\" data-orig-file=\"https:\/\/i0.wp.com\/terjebjornstad.com\/no\/wp-content\/uploads\/2025\/11\/1969-opel-kadett-1920x1440-1.jpg?fit=1920%2C1440&amp;ssl=1\" data-orig-size=\"1920,1440\" data-comments-opened=\"1\" data-image-meta=\"{&quot;aperture&quot;:&quot;0&quot;,&quot;credit&quot;:&quot;&quot;,&quot;camera&quot;:&quot;&quot;,&quot;caption&quot;:&quot;&quot;,&quot;created_timestamp&quot;:&quot;0&quot;,&quot;copyright&quot;:&quot;&quot;,&quot;focal_length&quot;:&quot;0&quot;,&quot;iso&quot;:&quot;0&quot;,&quot;shutter_speed&quot;:&quot;0&quot;,&quot;title&quot;:&quot;&quot;,&quot;orientation&quot;:&quot;0&quot;}\" data-image-title=\"1969-opel-kadett-1920&amp;#215;1440\" data-image-description=\"\" data-image-caption=\"&lt;p&gt;1969 Opel Kadett&lt;\/p&gt;\n\" data-large-file=\"https:\/\/i0.wp.com\/terjebjornstad.com\/no\/wp-content\/uploads\/2025\/11\/1969-opel-kadett-1920x1440-1.jpg?fit=980%2C735&amp;ssl=1\" src=\"https:\/\/i0.wp.com\/terjebjornstad.com\/no\/wp-content\/uploads\/2025\/11\/1969-opel-kadett-1920x1440-1.jpg?resize=960%2C720&#038;ssl=1\" alt=\"\" width=\"960\" height=\"720\" class=\"size-full wp-image-86138\" srcset=\"https:\/\/i0.wp.com\/terjebjornstad.com\/no\/wp-content\/uploads\/2025\/11\/1969-opel-kadett-1920x1440-1.jpg?w=1920&amp;ssl=1 1920w, https:\/\/i0.wp.com\/terjebjornstad.com\/no\/wp-content\/uploads\/2025\/11\/1969-opel-kadett-1920x1440-1.jpg?resize=300%2C225&amp;ssl=1 300w, https:\/\/i0.wp.com\/terjebjornstad.com\/no\/wp-content\/uploads\/2025\/11\/1969-opel-kadett-1920x1440-1.jpg?resize=1080%2C810&amp;ssl=1 1080w, https:\/\/i0.wp.com\/terjebjornstad.com\/no\/wp-content\/uploads\/2025\/11\/1969-opel-kadett-1920x1440-1.jpg?resize=768%2C576&amp;ssl=1 768w, https:\/\/i0.wp.com\/terjebjornstad.com\/no\/wp-content\/uploads\/2025\/11\/1969-opel-kadett-1920x1440-1.jpg?resize=1536%2C1152&amp;ssl=1 1536w, https:\/\/i0.wp.com\/terjebjornstad.com\/no\/wp-content\/uploads\/2025\/11\/1969-opel-kadett-1920x1440-1.jpg?resize=690%2C518&amp;ssl=1 690w, https:\/\/i0.wp.com\/terjebjornstad.com\/no\/wp-content\/uploads\/2025\/11\/1969-opel-kadett-1920x1440-1.jpg?resize=980%2C735&amp;ssl=1 980w\" sizes=\"auto, (max-width: 960px) 100vw, 960px\" \/><\/a><figcaption id=\"caption-attachment-86138\" class=\"wp-caption-text\">1969 Opel Kadett<\/figcaption><\/figure><\/p>\n<h3 class=\"tebh2\">&laquo;Suger\u00f8rs-Kadett&raquo;<\/h3>\n<p>Motormessig gikk de fleste Kadettene med en 1100 S motor som ga 55 HK. Vi kalte Kadett B for &laquo;suger\u00f8rs-Kadett&raquo; fordi eksosr\u00f8ret var tynt og snorrett, som et suger\u00f8r, og kunne gi fra seg en suger\u00f8rslyd under gange. Kadett er enkle biler. Rimelige \u00e5 produsere, og rimelige \u00e5 vedlikeholde. Det er lenge siden jeg sist kj\u00f8rte en Kadett B, men husker at sittekomforten var OK, og jeg opplevde 1100-motoren som &laquo;helt grei&raquo; &#8211; for sin tid, kan man vel si.<\/p>\n<p>&nbsp;<br \/>\n<figure id=\"attachment_49564\" aria-describedby=\"caption-attachment-49564\" style=\"width: 1280px\" class=\"wp-caption aligncenter\"><a href=\"https:\/\/i0.wp.com\/terjebjornstad.com\/no\/wp-content\/uploads\/2022\/07\/1973-opel-kadett-1100-0002-1280x853-1.jpg?ssl=1\"><img data-recalc-dims=\"1\" loading=\"lazy\" decoding=\"async\" data-attachment-id=\"49564\" data-permalink=\"https:\/\/terjebjornstad.com\/no\/1965-70-opel-kadett-coupe\/1973-opel-kadett-1100-0002-1280x853\/\" data-orig-file=\"https:\/\/i0.wp.com\/terjebjornstad.com\/no\/wp-content\/uploads\/2022\/07\/1973-opel-kadett-1100-0002-1280x853-1.jpg?fit=1280%2C853&amp;ssl=1\" data-orig-size=\"1280,853\" data-comments-opened=\"1\" data-image-meta=\"{&quot;aperture&quot;:&quot;0&quot;,&quot;credit&quot;:&quot;&quot;,&quot;camera&quot;:&quot;&quot;,&quot;caption&quot;:&quot;&quot;,&quot;created_timestamp&quot;:&quot;0&quot;,&quot;copyright&quot;:&quot;&quot;,&quot;focal_length&quot;:&quot;0&quot;,&quot;iso&quot;:&quot;0&quot;,&quot;shutter_speed&quot;:&quot;0&quot;,&quot;title&quot;:&quot;&quot;,&quot;orientation&quot;:&quot;0&quot;}\" data-image-title=\"1973-opel-kadett-1100-0002-1280&amp;#215;853\" data-image-description=\"\" data-image-caption=\"&lt;p&gt;Opel Kadett B parkert ved siden av flotte, klassiske amerikanere. &lt;\/p&gt;\n\" data-large-file=\"https:\/\/i0.wp.com\/terjebjornstad.com\/no\/wp-content\/uploads\/2022\/07\/1973-opel-kadett-1100-0002-1280x853-1.jpg?fit=980%2C653&amp;ssl=1\" src=\"https:\/\/i0.wp.com\/terjebjornstad.com\/no\/wp-content\/uploads\/2022\/07\/1973-opel-kadett-1100-0002-1280x853-1.jpg?resize=980%2C653&#038;ssl=1\" alt=\"\" width=\"980\" height=\"653\" class=\"size-full wp-image-49564\" srcset=\"https:\/\/i0.wp.com\/terjebjornstad.com\/no\/wp-content\/uploads\/2022\/07\/1973-opel-kadett-1100-0002-1280x853-1.jpg?w=1280&amp;ssl=1 1280w, https:\/\/i0.wp.com\/terjebjornstad.com\/no\/wp-content\/uploads\/2022\/07\/1973-opel-kadett-1100-0002-1280x853-1.jpg?resize=300%2C200&amp;ssl=1 300w, https:\/\/i0.wp.com\/terjebjornstad.com\/no\/wp-content\/uploads\/2022\/07\/1973-opel-kadett-1100-0002-1280x853-1.jpg?resize=1080%2C720&amp;ssl=1 1080w, https:\/\/i0.wp.com\/terjebjornstad.com\/no\/wp-content\/uploads\/2022\/07\/1973-opel-kadett-1100-0002-1280x853-1.jpg?resize=768%2C512&amp;ssl=1 768w, https:\/\/i0.wp.com\/terjebjornstad.com\/no\/wp-content\/uploads\/2022\/07\/1973-opel-kadett-1100-0002-1280x853-1.jpg?resize=690%2C460&amp;ssl=1 690w, https:\/\/i0.wp.com\/terjebjornstad.com\/no\/wp-content\/uploads\/2022\/07\/1973-opel-kadett-1100-0002-1280x853-1.jpg?resize=980%2C653&amp;ssl=1 980w\" sizes=\"auto, (max-width: 980px) 100vw, 980px\" \/><\/a><figcaption id=\"caption-attachment-49564\" class=\"wp-caption-text\">Opel Kadett B parkert ved siden av amerikanske biler.<\/figcaption><\/figure><\/p>\n<figure id=\"attachment_21352\" aria-describedby=\"caption-attachment-21352\" style=\"width: 1080px\" class=\"wp-caption aligncenter\"><a href=\"https:\/\/i0.wp.com\/terjebjornstad.com\/no\/wp-content\/uploads\/2019\/01\/opel-kadett-b-1080x720.png?ssl=1\"><img data-recalc-dims=\"1\" loading=\"lazy\" decoding=\"async\" data-attachment-id=\"21352\" data-permalink=\"https:\/\/terjebjornstad.com\/no\/1965-70-opel-kadett-coupe\/opel-kadett-b-1080x720\/\" data-orig-file=\"https:\/\/i0.wp.com\/terjebjornstad.com\/no\/wp-content\/uploads\/2019\/01\/opel-kadett-b-1080x720.png?fit=1080%2C720&amp;ssl=1\" data-orig-size=\"1080,720\" data-comments-opened=\"1\" data-image-meta=\"{&quot;aperture&quot;:&quot;0&quot;,&quot;credit&quot;:&quot;&quot;,&quot;camera&quot;:&quot;&quot;,&quot;caption&quot;:&quot;&quot;,&quot;created_timestamp&quot;:&quot;0&quot;,&quot;copyright&quot;:&quot;&quot;,&quot;focal_length&quot;:&quot;0&quot;,&quot;iso&quot;:&quot;0&quot;,&quot;shutter_speed&quot;:&quot;0&quot;,&quot;title&quot;:&quot;&quot;,&quot;orientation&quot;:&quot;0&quot;}\" data-image-title=\"opel-kadett-b-1080&amp;#215;720\" data-image-description=\"\" data-image-caption=\"&lt;p&gt;Opel Kadett B&lt;\/p&gt;\n\" data-large-file=\"https:\/\/i0.wp.com\/terjebjornstad.com\/no\/wp-content\/uploads\/2019\/01\/opel-kadett-b-1080x720.png?fit=980%2C653&amp;ssl=1\" src=\"https:\/\/i0.wp.com\/terjebjornstad.com\/no\/wp-content\/uploads\/2019\/01\/opel-kadett-b-1080x720.png?resize=980%2C653&#038;ssl=1\" alt=\"\" width=\"980\" height=\"653\" class=\"size-full wp-image-21352\" srcset=\"https:\/\/i0.wp.com\/terjebjornstad.com\/no\/wp-content\/uploads\/2019\/01\/opel-kadett-b-1080x720.png?resize=1080%2C720&amp;ssl=1 1080w, https:\/\/i0.wp.com\/terjebjornstad.com\/no\/wp-content\/uploads\/2019\/01\/opel-kadett-b-1080x720.png?resize=300%2C200&amp;ssl=1 300w, https:\/\/i0.wp.com\/terjebjornstad.com\/no\/wp-content\/uploads\/2019\/01\/opel-kadett-b-1080x720.png?resize=768%2C512&amp;ssl=1 768w, https:\/\/i0.wp.com\/terjebjornstad.com\/no\/wp-content\/uploads\/2019\/01\/opel-kadett-b-1080x720.png?resize=690%2C460&amp;ssl=1 690w, https:\/\/i0.wp.com\/terjebjornstad.com\/no\/wp-content\/uploads\/2019\/01\/opel-kadett-b-1080x720.png?resize=980%2C653&amp;ssl=1 980w\" sizes=\"auto, (max-width: 980px) 100vw, 980px\" \/><\/a><figcaption id=\"caption-attachment-21352\" class=\"wp-caption-text\">Opel Kadett B<\/figcaption><\/figure>\n<h3 class=\"tebh2\">1900 med fres<\/h3>\n<p>Det er god plass i motorrommet p\u00e5 Kadett B. Du kunne f\u00e5 den med alle Opels 4-sylindrede motorene p\u00e5 den tiden. Den gjeveste var 1900-motoren p\u00e5 90 hester. Finner du en Coup\u00e9 med 1900 S motor, har du en dr\u00f8mmebil fra denne perioden.<\/p>\n<h3 class=\"tebh2\">Om bildene av Kadett Sedan<\/h3>\n<p>De to gr\u00f8nne bilene er forskjellige biler. Den ene er fotografert i \u00c5rnes i anledning &laquo;Motordilla&raquo; 2022 &#8211; den andre er fotografert i Pyrenees-Orientales, Frankrike. Den lys-beige bilen sto utstilt p\u00e5 Oslo Motor Show i 2025. Den r\u00f8de er fotografert i anledning et biltreff p\u00e5 Nebbenes ved E6 gjennom Eidsvoll.<\/p>\n\n<h3 class=\"tebh2ingreslbcenter\">Kadett B Coup\u00e9<\/h3>\n<figure id=\"attachment_8355\" aria-describedby=\"caption-attachment-8355\" style=\"width: 686px\" class=\"wp-caption aligncenter\"><a href=\"https:\/\/terjebjornstad.com\/no\/2016\/11\/08\/godbiter-for-lunsj\/\"><img data-recalc-dims=\"1\" loading=\"lazy\" decoding=\"async\" data-attachment-id=\"8355\" data-permalink=\"https:\/\/terjebjornstad.com\/no\/2016\/11\/08\/godbiter-for-lunsj\/opel-kadett-fastback-1\/\" data-orig-file=\"https:\/\/i0.wp.com\/terjebjornstad.com\/no\/wp-content\/uploads\/2016\/11\/opel-kadett-fastback-1.png?fit=686%2C457&amp;ssl=1\" data-orig-size=\"686,457\" data-comments-opened=\"1\" data-image-meta=\"{&quot;aperture&quot;:&quot;0&quot;,&quot;credit&quot;:&quot;&quot;,&quot;camera&quot;:&quot;&quot;,&quot;caption&quot;:&quot;&quot;,&quot;created_timestamp&quot;:&quot;0&quot;,&quot;copyright&quot;:&quot;&quot;,&quot;focal_length&quot;:&quot;0&quot;,&quot;iso&quot;:&quot;0&quot;,&quot;shutter_speed&quot;:&quot;0&quot;,&quot;title&quot;:&quot;&quot;,&quot;orientation&quot;:&quot;0&quot;}\" data-image-title=\"opel-kadett-fastback-1\" data-image-description=\"\" data-image-caption=\"&lt;p&gt;Opel Kadett B.&lt;\/p&gt;\n\" data-large-file=\"https:\/\/i0.wp.com\/terjebjornstad.com\/no\/wp-content\/uploads\/2016\/11\/opel-kadett-fastback-1.png?fit=686%2C457&amp;ssl=1\" src=\"https:\/\/i0.wp.com\/terjebjornstad.com\/no\/wp-content\/uploads\/2016\/11\/opel-kadett-fastback-1.png?resize=686%2C457&#038;ssl=1\" alt=\"Kadett B\" width=\"686\" height=\"457\" class=\"size-full wp-image-8355\" srcset=\"https:\/\/i0.wp.com\/terjebjornstad.com\/no\/wp-content\/uploads\/2016\/11\/opel-kadett-fastback-1.png?w=686&amp;ssl=1 686w, https:\/\/i0.wp.com\/terjebjornstad.com\/no\/wp-content\/uploads\/2016\/11\/opel-kadett-fastback-1.png?resize=300%2C200&amp;ssl=1 300w\" sizes=\"auto, (max-width: 686px) 100vw, 686px\" \/><\/a><figcaption id=\"caption-attachment-8355\" class=\"wp-caption-text\">1965-70 Opel Kadett Fastback Coupe.<\/figcaption><\/figure>\n<h3 class=\"tebh2\">Med og uten gjeller<\/h3>\n<p>Opel Kadett Coup\u00e9 finnes i 2 varianter. I Tyskland fikk den ene coup\u00e9-varianten kallenavnet &laquo;Kiemen-coup\u00e9&raquo; (Kiemen=gjeller) p\u00e5 grunn av luftuttakene bak sidevinduene som s\u00e5 ut som fiskegjeller. Man ser klare forbindelser til 60-tallets amerikanske coup\u00e9er her. Etter 1970 ble Kadett Coup\u00e9 oppgradert med et 70-tallsdesign, &#8211; t\u00f8ft det ogs\u00e5, &#8211; og klart i tr\u00e5d med amerikanske 70-tallere. Da den nye modellen kom, syntes jeg <em>den<\/em> var t\u00f8ffere enn Kiemen-coup\u00e9, &#8211; men n\u00e5 i ettertid er jeg ikke lenger sikker. Den ene oser 60-talls stll &#8211; den andre 70-tallet &#8211; begge inspirert av amerikanske GM.<\/p>\n<p>&nbsp;<br \/>\n<figure id=\"attachment_8357\" aria-describedby=\"caption-attachment-8357\" style=\"width: 686px\" class=\"wp-caption aligncenter\"><a href=\"https:\/\/i0.wp.com\/terjebjornstad.com\/no\/wp-content\/uploads\/2016\/11\/opel-kadett-fastback-5.png?ssl=1\"><img data-recalc-dims=\"1\" loading=\"lazy\" decoding=\"async\" data-attachment-id=\"8357\" data-permalink=\"https:\/\/terjebjornstad.com\/no\/2016\/11\/08\/godbiter-for-lunsj\/opel-kadett-fastback-5\/\" data-orig-file=\"https:\/\/i0.wp.com\/terjebjornstad.com\/no\/wp-content\/uploads\/2016\/11\/opel-kadett-fastback-5.png?fit=686%2C880&amp;ssl=1\" data-orig-size=\"686,880\" data-comments-opened=\"1\" data-image-meta=\"{&quot;aperture&quot;:&quot;0&quot;,&quot;credit&quot;:&quot;&quot;,&quot;camera&quot;:&quot;&quot;,&quot;caption&quot;:&quot;&quot;,&quot;created_timestamp&quot;:&quot;0&quot;,&quot;copyright&quot;:&quot;&quot;,&quot;focal_length&quot;:&quot;0&quot;,&quot;iso&quot;:&quot;0&quot;,&quot;shutter_speed&quot;:&quot;0&quot;,&quot;title&quot;:&quot;&quot;,&quot;orientation&quot;:&quot;0&quot;}\" data-image-title=\"opel-kadett-fastback-5\" data-image-description=\"\" data-image-caption=\"&lt;p&gt;Opel Kadett Coup\u00e9 p\u00e5 franske skilter. Denne bilen er utstyrt med Variflex bakfj\u00e6rer.&lt;\/p&gt;\n\" data-large-file=\"https:\/\/i0.wp.com\/terjebjornstad.com\/no\/wp-content\/uploads\/2016\/11\/opel-kadett-fastback-5.png?fit=686%2C880&amp;ssl=1\" src=\"https:\/\/i0.wp.com\/terjebjornstad.com\/no\/wp-content\/uploads\/2016\/11\/opel-kadett-fastback-5.png?resize=686%2C880&#038;ssl=1\" alt=\"\" width=\"686\" height=\"880\" class=\"size-full wp-image-8357\" srcset=\"https:\/\/i0.wp.com\/terjebjornstad.com\/no\/wp-content\/uploads\/2016\/11\/opel-kadett-fastback-5.png?w=686&amp;ssl=1 686w, https:\/\/i0.wp.com\/terjebjornstad.com\/no\/wp-content\/uploads\/2016\/11\/opel-kadett-fastback-5.png?resize=234%2C300&amp;ssl=1 234w\" sizes=\"auto, (max-width: 686px) 100vw, 686px\" \/><\/a><figcaption id=\"caption-attachment-8357\" class=\"wp-caption-text\">Opel Kadett Coup\u00e9 p\u00e5 franske skilter. Denne bilen er utstyrt med Variflex bakfj\u00e6rer.<\/figcaption><\/figure><br \/>\n&nbsp;<br \/>\n&nbsp;<br \/>\n<figure id=\"attachment_42451\" aria-describedby=\"caption-attachment-42451\" style=\"width: 686px\" class=\"wp-caption aligncenter\"><a href=\"https:\/\/i0.wp.com\/terjebjornstad.com\/no\/wp-content\/uploads\/2021\/08\/opel-kadett-fastback-3-2.png?ssl=1\"><img data-recalc-dims=\"1\" loading=\"lazy\" decoding=\"async\" data-attachment-id=\"42451\" data-permalink=\"https:\/\/terjebjornstad.com\/no\/1965-70-opel-kadett-coupe\/opel-kadett-fastback-3-2\/\" data-orig-file=\"https:\/\/i0.wp.com\/terjebjornstad.com\/no\/wp-content\/uploads\/2021\/08\/opel-kadett-fastback-3-2.png?fit=686%2C457&amp;ssl=1\" data-orig-size=\"686,457\" data-comments-opened=\"1\" data-image-meta=\"{&quot;aperture&quot;:&quot;0&quot;,&quot;credit&quot;:&quot;&quot;,&quot;camera&quot;:&quot;&quot;,&quot;caption&quot;:&quot;&quot;,&quot;created_timestamp&quot;:&quot;0&quot;,&quot;copyright&quot;:&quot;&quot;,&quot;focal_length&quot;:&quot;0&quot;,&quot;iso&quot;:&quot;0&quot;,&quot;shutter_speed&quot;:&quot;0&quot;,&quot;title&quot;:&quot;&quot;,&quot;orientation&quot;:&quot;0&quot;}\" data-image-title=\"opel-kadett-fastback-3-2\" data-image-description=\"\" data-image-caption=\"&lt;p&gt;Opel Kadett Coupe&lt;\/p&gt;\n\" data-large-file=\"https:\/\/i0.wp.com\/terjebjornstad.com\/no\/wp-content\/uploads\/2021\/08\/opel-kadett-fastback-3-2.png?fit=686%2C457&amp;ssl=1\" src=\"https:\/\/i0.wp.com\/terjebjornstad.com\/no\/wp-content\/uploads\/2021\/08\/opel-kadett-fastback-3-2.png?resize=686%2C457&#038;ssl=1\" alt=\"kadett b\" width=\"686\" height=\"457\" class=\"size-full wp-image-42451\" srcset=\"https:\/\/i0.wp.com\/terjebjornstad.com\/no\/wp-content\/uploads\/2021\/08\/opel-kadett-fastback-3-2.png?w=686&amp;ssl=1 686w, https:\/\/i0.wp.com\/terjebjornstad.com\/no\/wp-content\/uploads\/2021\/08\/opel-kadett-fastback-3-2.png?resize=300%2C200&amp;ssl=1 300w\" sizes=\"auto, (max-width: 686px) 100vw, 686px\" \/><\/a><figcaption id=\"caption-attachment-42451\" class=\"wp-caption-text\">Opel Kadett Coupe<\/figcaption><\/figure><br \/>\n&nbsp;<br \/>\n<figure id=\"attachment_12719\" aria-describedby=\"caption-attachment-12719\" style=\"width: 686px\" class=\"wp-caption aligncenter\"><a href=\"https:\/\/i0.wp.com\/terjebjornstad.com\/no\/wp-content\/uploads\/2016\/11\/opel-kadett-coupe-3-1309-686.png?ssl=1\"><img data-recalc-dims=\"1\" loading=\"lazy\" decoding=\"async\" data-attachment-id=\"12719\" data-permalink=\"https:\/\/terjebjornstad.com\/no\/1965-70-opel-kadett-coupe\/opel-kadett-coupe-3-1309-686\/\" data-orig-file=\"https:\/\/i0.wp.com\/terjebjornstad.com\/no\/wp-content\/uploads\/2016\/11\/opel-kadett-coupe-3-1309-686.png?fit=686%2C686&amp;ssl=1\" data-orig-size=\"686,686\" data-comments-opened=\"1\" data-image-meta=\"{&quot;aperture&quot;:&quot;0&quot;,&quot;credit&quot;:&quot;&quot;,&quot;camera&quot;:&quot;&quot;,&quot;caption&quot;:&quot;&quot;,&quot;created_timestamp&quot;:&quot;0&quot;,&quot;copyright&quot;:&quot;&quot;,&quot;focal_length&quot;:&quot;0&quot;,&quot;iso&quot;:&quot;0&quot;,&quot;shutter_speed&quot;:&quot;0&quot;,&quot;title&quot;:&quot;&quot;,&quot;orientation&quot;:&quot;0&quot;}\" data-image-title=\"opel-kadett-coupe-3-1309-686\" data-image-description=\"\" data-image-caption=\"&lt;p&gt;Opel Kadett Coupe. Den svarte grillen kom i 1973.&lt;\/p&gt;\n\" data-large-file=\"https:\/\/i0.wp.com\/terjebjornstad.com\/no\/wp-content\/uploads\/2016\/11\/opel-kadett-coupe-3-1309-686.png?fit=686%2C686&amp;ssl=1\" src=\"https:\/\/i0.wp.com\/terjebjornstad.com\/no\/wp-content\/uploads\/2016\/11\/opel-kadett-coupe-3-1309-686.png?resize=686%2C686&#038;ssl=1\" alt=\"\" width=\"686\" height=\"686\" class=\"size-full wp-image-12719\" srcset=\"https:\/\/i0.wp.com\/terjebjornstad.com\/no\/wp-content\/uploads\/2016\/11\/opel-kadett-coupe-3-1309-686.png?w=686&amp;ssl=1 686w, https:\/\/i0.wp.com\/terjebjornstad.com\/no\/wp-content\/uploads\/2016\/11\/opel-kadett-coupe-3-1309-686.png?resize=150%2C150&amp;ssl=1 150w, https:\/\/i0.wp.com\/terjebjornstad.com\/no\/wp-content\/uploads\/2016\/11\/opel-kadett-coupe-3-1309-686.png?resize=300%2C300&amp;ssl=1 300w, https:\/\/i0.wp.com\/terjebjornstad.com\/no\/wp-content\/uploads\/2016\/11\/opel-kadett-coupe-3-1309-686.png?resize=50%2C50&amp;ssl=1 50w\" sizes=\"auto, (max-width: 686px) 100vw, 686px\" \/><\/a><figcaption id=\"caption-attachment-12719\" class=\"wp-caption-text\">Opel Kadett Coupe. Den svarte grillen kom i 1973.<\/figcaption><\/figure><br \/>\n&nbsp;<br \/>\n<figure id=\"attachment_49526\" aria-describedby=\"caption-attachment-49526\" style=\"width: 1080px\" class=\"wp-caption aligncenter\"><a href=\"https:\/\/i0.wp.com\/terjebjornstad.com\/no\/wp-content\/uploads\/2022\/07\/1969-opel-kadett-1-1coupe-1080x720-1.jpg?ssl=1\"><img data-recalc-dims=\"1\" loading=\"lazy\" decoding=\"async\" data-attachment-id=\"49526\" data-permalink=\"https:\/\/terjebjornstad.com\/no\/1965-70-opel-kadett-coupe\/1969-opel-kadett-1-1coupe-1080x720\/\" data-orig-file=\"https:\/\/i0.wp.com\/terjebjornstad.com\/no\/wp-content\/uploads\/2022\/07\/1969-opel-kadett-1-1coupe-1080x720-1.jpg?fit=1080%2C720&amp;ssl=1\" data-orig-size=\"1080,720\" data-comments-opened=\"1\" data-image-meta=\"{&quot;aperture&quot;:&quot;0&quot;,&quot;credit&quot;:&quot;&quot;,&quot;camera&quot;:&quot;&quot;,&quot;caption&quot;:&quot;&quot;,&quot;created_timestamp&quot;:&quot;0&quot;,&quot;copyright&quot;:&quot;&quot;,&quot;focal_length&quot;:&quot;0&quot;,&quot;iso&quot;:&quot;0&quot;,&quot;shutter_speed&quot;:&quot;0&quot;,&quot;title&quot;:&quot;&quot;,&quot;orientation&quot;:&quot;0&quot;}\" data-image-title=\"1969-opel-kadett-1-1coupe-1080&amp;#215;720\" data-image-description=\"\" data-image-caption=\"&lt;p&gt;Opel Kadett B Coup\u00e9&lt;\/p&gt;\n\" data-large-file=\"https:\/\/i0.wp.com\/terjebjornstad.com\/no\/wp-content\/uploads\/2022\/07\/1969-opel-kadett-1-1coupe-1080x720-1.jpg?fit=980%2C653&amp;ssl=1\" src=\"https:\/\/i0.wp.com\/terjebjornstad.com\/no\/wp-content\/uploads\/2022\/07\/1969-opel-kadett-1-1coupe-1080x720-1.jpg?resize=980%2C653&#038;ssl=1\" alt=\"\" width=\"980\" height=\"653\" class=\"size-full wp-image-49526\" srcset=\"https:\/\/i0.wp.com\/terjebjornstad.com\/no\/wp-content\/uploads\/2022\/07\/1969-opel-kadett-1-1coupe-1080x720-1.jpg?w=1080&amp;ssl=1 1080w, https:\/\/i0.wp.com\/terjebjornstad.com\/no\/wp-content\/uploads\/2022\/07\/1969-opel-kadett-1-1coupe-1080x720-1.jpg?resize=300%2C200&amp;ssl=1 300w, https:\/\/i0.wp.com\/terjebjornstad.com\/no\/wp-content\/uploads\/2022\/07\/1969-opel-kadett-1-1coupe-1080x720-1.jpg?resize=768%2C512&amp;ssl=1 768w, https:\/\/i0.wp.com\/terjebjornstad.com\/no\/wp-content\/uploads\/2022\/07\/1969-opel-kadett-1-1coupe-1080x720-1.jpg?resize=690%2C460&amp;ssl=1 690w, https:\/\/i0.wp.com\/terjebjornstad.com\/no\/wp-content\/uploads\/2022\/07\/1969-opel-kadett-1-1coupe-1080x720-1.jpg?resize=980%2C653&amp;ssl=1 980w\" sizes=\"auto, (max-width: 980px) 100vw, 980px\" \/><\/a><figcaption id=\"caption-attachment-49526\" class=\"wp-caption-text\">Opel Kadett B Coup\u00e9<\/figcaption><\/figure><br \/>\n&nbsp;<br \/>\n<figure id=\"attachment_85501\" aria-describedby=\"caption-attachment-85501\" style=\"width: 448px\" class=\"wp-caption aligncenter\"><a href=\"https:\/\/i0.wp.com\/terjebjornstad.com\/no\/wp-content\/uploads\/2025\/10\/opel-kadett-rallye-brochure-448x303-1.jpg?ssl=1\"><img data-recalc-dims=\"1\" loading=\"lazy\" decoding=\"async\" data-attachment-id=\"85501\" data-permalink=\"https:\/\/terjebjornstad.com\/no\/1965-70-opel-kadett-coupe\/opel-kadett-rallye-brochure-448x303\/\" data-orig-file=\"https:\/\/i0.wp.com\/terjebjornstad.com\/no\/wp-content\/uploads\/2025\/10\/opel-kadett-rallye-brochure-448x303-1.jpg?fit=448%2C303&amp;ssl=1\" data-orig-size=\"448,303\" data-comments-opened=\"1\" data-image-meta=\"{&quot;aperture&quot;:&quot;0&quot;,&quot;credit&quot;:&quot;&quot;,&quot;camera&quot;:&quot;&quot;,&quot;caption&quot;:&quot;&quot;,&quot;created_timestamp&quot;:&quot;0&quot;,&quot;copyright&quot;:&quot;&quot;,&quot;focal_length&quot;:&quot;0&quot;,&quot;iso&quot;:&quot;0&quot;,&quot;shutter_speed&quot;:&quot;0&quot;,&quot;title&quot;:&quot;&quot;,&quot;orientation&quot;:&quot;1&quot;}\" data-image-title=\"opel-kadett-rallye-brochure-448&amp;#215;303\" data-image-description=\"\" data-image-caption=\"&lt;p&gt;Opel Kadett Rallye (Reklamebilde).&lt;\/p&gt;\n\" data-large-file=\"https:\/\/i0.wp.com\/terjebjornstad.com\/no\/wp-content\/uploads\/2025\/10\/opel-kadett-rallye-brochure-448x303-1.jpg?fit=448%2C303&amp;ssl=1\" src=\"https:\/\/i0.wp.com\/terjebjornstad.com\/no\/wp-content\/uploads\/2025\/10\/opel-kadett-rallye-brochure-448x303-1.jpg?resize=448%2C303&#038;ssl=1\" alt=\"\" width=\"448\" height=\"303\" class=\"size-full wp-image-85501\" srcset=\"https:\/\/i0.wp.com\/terjebjornstad.com\/no\/wp-content\/uploads\/2025\/10\/opel-kadett-rallye-brochure-448x303-1.jpg?w=448&amp;ssl=1 448w, https:\/\/i0.wp.com\/terjebjornstad.com\/no\/wp-content\/uploads\/2025\/10\/opel-kadett-rallye-brochure-448x303-1.jpg?resize=300%2C203&amp;ssl=1 300w\" sizes=\"auto, (max-width: 448px) 100vw, 448px\" \/><\/a><figcaption id=\"caption-attachment-85501\" class=\"wp-caption-text\">Opel Kadett Rallye (Reklamebilde).<\/figcaption><\/figure><\/p>\n<p>Opel Kadett var mye brukt i rallysport. Dette var biler som var ombygget og rigget for bilsport, men Opel lagde ogs\u00e5 en egen variant som de kalte Kadett Rallye. If\u00f8lge datidens reklame hadde den doble Solex forgassere, tusenmetere, radialdekk, hullfelger, turteller, amp\u00e8re-meter, oljetrykksm\u00e5ler og sports-eksosanlegg.<\/p>\n<h3 class=\"tebh2\">Om bildene av Kadett Coup\u00e9<\/h3>\n<p>Bildene av den r\u00f8de bilen med &laquo;gjeller&raquo; er tatt p\u00e5 en bilsamling ved Canet-en-Roussillon i Syd-Frankrike. Den oransje Kadett Rallye er tatt p\u00e5 \u00d8vrevoll galoppbane utenfor Oslo. Den r\u00f8de serie 2 coup\u00e9-utgaven er fotografert utenfor et bilverksted i \u00d8yer.<\/p>\n<h3 class=\"tebh2\">Suspension Variflex<\/h3>\n<p>Som en liten kuriositet kan det nevnes at den r\u00f8de Kadett Coupe med franske skilter, ble utstyrt med Variflex. Franske bilkj\u00f8pere foretrakk biler med myk fj\u00e6ring. Tidlige utgaver (f\u00f8r 1968-modellen) hadde bladfj\u00e6rer bak. Da merket man ganske godt vaskebrettene p\u00e5 d\u00e5rlige veier. S\u00e5 franske Kadetter kunne da f\u00e5 montert spiralfj\u00e6rer i bakhjulsopphenget \u2013 kalt Suspension Variflex. Etter 1968 fikk alle nye Kadett-biler bedre bakfj\u00e6ring.<br \/>\n&nbsp;<br \/>\n<figure id=\"attachment_87585\" aria-describedby=\"caption-attachment-87585\" style=\"width: 914px\" class=\"wp-caption aligncenter\"><a href=\"https:\/\/i0.wp.com\/terjebjornstad.com\/no\/wp-content\/uploads\/2026\/01\/opel-kadett-b-914x914-1.jpg?ssl=1\"><img data-recalc-dims=\"1\" loading=\"lazy\" decoding=\"async\" data-attachment-id=\"87585\" data-permalink=\"https:\/\/terjebjornstad.com\/no\/1965-70-opel-kadett-coupe\/opel-kadett-b-914x914\/\" data-orig-file=\"https:\/\/i0.wp.com\/terjebjornstad.com\/no\/wp-content\/uploads\/2026\/01\/opel-kadett-b-914x914-1.jpg?fit=914%2C914&amp;ssl=1\" data-orig-size=\"914,914\" data-comments-opened=\"1\" data-image-meta=\"{&quot;aperture&quot;:&quot;0&quot;,&quot;credit&quot;:&quot;&quot;,&quot;camera&quot;:&quot;&quot;,&quot;caption&quot;:&quot;&quot;,&quot;created_timestamp&quot;:&quot;0&quot;,&quot;copyright&quot;:&quot;&quot;,&quot;focal_length&quot;:&quot;0&quot;,&quot;iso&quot;:&quot;0&quot;,&quot;shutter_speed&quot;:&quot;0&quot;,&quot;title&quot;:&quot;&quot;,&quot;orientation&quot;:&quot;0&quot;}\" data-image-title=\"opel-kadett-b-914&amp;#215;914\" data-image-description=\"\" data-image-caption=\"&lt;p&gt;Opel Kadett skogsvrak.&lt;\/p&gt;\n\" data-large-file=\"https:\/\/i0.wp.com\/terjebjornstad.com\/no\/wp-content\/uploads\/2026\/01\/opel-kadett-b-914x914-1.jpg?fit=914%2C914&amp;ssl=1\" src=\"https:\/\/i0.wp.com\/terjebjornstad.com\/no\/wp-content\/uploads\/2026\/01\/opel-kadett-b-914x914-1.jpg?resize=914%2C914&#038;ssl=1\" alt=\"\" width=\"914\" height=\"914\" class=\"size-full wp-image-87585\" srcset=\"https:\/\/i0.wp.com\/terjebjornstad.com\/no\/wp-content\/uploads\/2026\/01\/opel-kadett-b-914x914-1.jpg?w=914&amp;ssl=1 914w, https:\/\/i0.wp.com\/terjebjornstad.com\/no\/wp-content\/uploads\/2026\/01\/opel-kadett-b-914x914-1.jpg?resize=300%2C300&amp;ssl=1 300w, https:\/\/i0.wp.com\/terjebjornstad.com\/no\/wp-content\/uploads\/2026\/01\/opel-kadett-b-914x914-1.jpg?resize=150%2C150&amp;ssl=1 150w, https:\/\/i0.wp.com\/terjebjornstad.com\/no\/wp-content\/uploads\/2026\/01\/opel-kadett-b-914x914-1.jpg?resize=768%2C768&amp;ssl=1 768w, https:\/\/i0.wp.com\/terjebjornstad.com\/no\/wp-content\/uploads\/2026\/01\/opel-kadett-b-914x914-1.jpg?resize=690%2C690&amp;ssl=1 690w, https:\/\/i0.wp.com\/terjebjornstad.com\/no\/wp-content\/uploads\/2026\/01\/opel-kadett-b-914x914-1.jpg?resize=50%2C50&amp;ssl=1 50w\" sizes=\"auto, (max-width: 914px) 100vw, 914px\" \/><\/a><figcaption id=\"caption-attachment-87585\" class=\"wp-caption-text\">Opel Kadett skogsvrak.<\/figcaption><\/figure><\/p>\n<p><br \/>\n<br \/>\n<figure id=\"attachment_55683\" aria-describedby=\"caption-attachment-55683\" style=\"width: 300px\" class=\"wp-caption aligncenter\"><a href=\"https:\/\/terjebjornstad.com\/no\/opel-2\/\"><img data-recalc-dims=\"1\" loading=\"lazy\" decoding=\"async\" data-attachment-id=\"55683\" data-permalink=\"https:\/\/terjebjornstad.com\/no\/opel-2\/opel-300-200\/\" data-orig-file=\"https:\/\/i0.wp.com\/terjebjornstad.com\/no\/wp-content\/uploads\/2023\/01\/opel-300-200.gif?fit=300%2C200&amp;ssl=1\" data-orig-size=\"300,200\" data-comments-opened=\"1\" data-image-meta=\"{&quot;aperture&quot;:&quot;0&quot;,&quot;credit&quot;:&quot;&quot;,&quot;camera&quot;:&quot;&quot;,&quot;caption&quot;:&quot;&quot;,&quot;created_timestamp&quot;:&quot;0&quot;,&quot;copyright&quot;:&quot;&quot;,&quot;focal_length&quot;:&quot;0&quot;,&quot;iso&quot;:&quot;0&quot;,&quot;shutter_speed&quot;:&quot;0&quot;,&quot;title&quot;:&quot;&quot;,&quot;orientation&quot;:&quot;0&quot;}\" data-image-title=\"opel-300-200\" data-image-description=\"\" data-image-caption=\"&lt;p&gt;&amp;nbsp;&lt;\/p&gt;\n\" data-large-file=\"https:\/\/i0.wp.com\/terjebjornstad.com\/no\/wp-content\/uploads\/2023\/01\/opel-300-200.gif?fit=300%2C200&amp;ssl=1\" src=\"https:\/\/i0.wp.com\/terjebjornstad.com\/no\/wp-content\/uploads\/2023\/01\/opel-300-200.gif?resize=300%2C200&#038;ssl=1\" alt=\"\" width=\"300\" height=\"200\" class=\"size-full wp-image-55683\" \/><\/a><figcaption id=\"caption-attachment-55683\" class=\"wp-caption-text\">&nbsp;<\/figcaption><\/figure><\/p>\n<h3 class=\"tebh2\">Se ogs\u00e5<\/h3>\n<p><figure id=\"attachment_22955\" aria-describedby=\"caption-attachment-22955\" style=\"width: 150px\" class=\"wp-caption alignleft\"><a href=\"https:\/\/terjebjornstad.com\/no\/opel-rekord-b\/\"><img data-recalc-dims=\"1\" loading=\"lazy\" decoding=\"async\" data-attachment-id=\"22955\" data-permalink=\"https:\/\/terjebjornstad.com\/no\/opel-rekord-b\/opel-rekord-b-coupe-720x615\/\" data-orig-file=\"https:\/\/i0.wp.com\/terjebjornstad.com\/no\/wp-content\/uploads\/2019\/04\/opel-rekord-b-coupe-720x615.png?fit=720%2C615&amp;ssl=1\" data-orig-size=\"720,615\" data-comments-opened=\"1\" data-image-meta=\"{&quot;aperture&quot;:&quot;0&quot;,&quot;credit&quot;:&quot;&quot;,&quot;camera&quot;:&quot;&quot;,&quot;caption&quot;:&quot;&quot;,&quot;created_timestamp&quot;:&quot;0&quot;,&quot;copyright&quot;:&quot;&quot;,&quot;focal_length&quot;:&quot;0&quot;,&quot;iso&quot;:&quot;0&quot;,&quot;shutter_speed&quot;:&quot;0&quot;,&quot;title&quot;:&quot;&quot;,&quot;orientation&quot;:&quot;0&quot;}\" data-image-title=\"opel-rekord-b-coupe-720&amp;#215;615\" data-image-description=\"\" data-image-caption=\"&lt;p&gt;Opel Rekord B&lt;\/p&gt;\n\" data-large-file=\"https:\/\/i0.wp.com\/terjebjornstad.com\/no\/wp-content\/uploads\/2019\/04\/opel-rekord-b-coupe-720x615.png?fit=720%2C615&amp;ssl=1\" src=\"https:\/\/i0.wp.com\/terjebjornstad.com\/no\/wp-content\/uploads\/2019\/04\/opel-rekord-b-coupe-720x615.png?resize=150%2C150&#038;ssl=1\" alt=\"rekord b\" width=\"150\" height=\"150\" class=\"size-thumbnail wp-image-22955\" srcset=\"https:\/\/i0.wp.com\/terjebjornstad.com\/no\/wp-content\/uploads\/2019\/04\/opel-rekord-b-coupe-720x615.png?resize=150%2C150&amp;ssl=1 150w, https:\/\/i0.wp.com\/terjebjornstad.com\/no\/wp-content\/uploads\/2019\/04\/opel-rekord-b-coupe-720x615.png?resize=50%2C50&amp;ssl=1 50w, https:\/\/i0.wp.com\/terjebjornstad.com\/no\/wp-content\/uploads\/2019\/04\/opel-rekord-b-coupe-720x615.png?zoom=2&amp;resize=150%2C150&amp;ssl=1 300w, https:\/\/i0.wp.com\/terjebjornstad.com\/no\/wp-content\/uploads\/2019\/04\/opel-rekord-b-coupe-720x615.png?zoom=3&amp;resize=150%2C150&amp;ssl=1 450w\" sizes=\"auto, (max-width: 150px) 100vw, 150px\" \/><\/a><figcaption id=\"caption-attachment-22955\" class=\"wp-caption-text\">Opel Rekord B<\/figcaption><\/figure><figure id=\"attachment_22953\" aria-describedby=\"caption-attachment-22953\" style=\"width: 150px\" class=\"wp-caption alignleft\"><a href=\"https:\/\/terjebjornstad.com\/no\/opel-rekord-c\/\"><img data-recalc-dims=\"1\" loading=\"lazy\" decoding=\"async\" data-attachment-id=\"22953\" data-permalink=\"https:\/\/terjebjornstad.com\/no\/opel-rekord-c\/opel-rekord-c-1-720x615\/\" data-orig-file=\"https:\/\/i0.wp.com\/terjebjornstad.com\/no\/wp-content\/uploads\/2019\/04\/opel-rekord-c-1-720x615.png?fit=720%2C615&amp;ssl=1\" data-orig-size=\"720,615\" data-comments-opened=\"1\" data-image-meta=\"{&quot;aperture&quot;:&quot;0&quot;,&quot;credit&quot;:&quot;&quot;,&quot;camera&quot;:&quot;&quot;,&quot;caption&quot;:&quot;&quot;,&quot;created_timestamp&quot;:&quot;0&quot;,&quot;copyright&quot;:&quot;&quot;,&quot;focal_length&quot;:&quot;0&quot;,&quot;iso&quot;:&quot;0&quot;,&quot;shutter_speed&quot;:&quot;0&quot;,&quot;title&quot;:&quot;&quot;,&quot;orientation&quot;:&quot;0&quot;}\" data-image-title=\"opel-rekord-c-1-720&amp;#215;615\" data-image-description=\"\" data-image-caption=\"&lt;p&gt;Opel Rekord C&lt;\/p&gt;\n\" data-large-file=\"https:\/\/i0.wp.com\/terjebjornstad.com\/no\/wp-content\/uploads\/2019\/04\/opel-rekord-c-1-720x615.png?fit=720%2C615&amp;ssl=1\" src=\"https:\/\/i0.wp.com\/terjebjornstad.com\/no\/wp-content\/uploads\/2019\/04\/opel-rekord-c-1-720x615.png?resize=150%2C150&#038;ssl=1\" alt=\"opel rekord c\" width=\"150\" height=\"150\" class=\"size-thumbnail wp-image-22953\" srcset=\"https:\/\/i0.wp.com\/terjebjornstad.com\/no\/wp-content\/uploads\/2019\/04\/opel-rekord-c-1-720x615.png?resize=150%2C150&amp;ssl=1 150w, https:\/\/i0.wp.com\/terjebjornstad.com\/no\/wp-content\/uploads\/2019\/04\/opel-rekord-c-1-720x615.png?resize=50%2C50&amp;ssl=1 50w, https:\/\/i0.wp.com\/terjebjornstad.com\/no\/wp-content\/uploads\/2019\/04\/opel-rekord-c-1-720x615.png?zoom=2&amp;resize=150%2C150&amp;ssl=1 300w, https:\/\/i0.wp.com\/terjebjornstad.com\/no\/wp-content\/uploads\/2019\/04\/opel-rekord-c-1-720x615.png?zoom=3&amp;resize=150%2C150&amp;ssl=1 450w\" sizes=\"auto, (max-width: 150px) 100vw, 150px\" \/><\/a><figcaption id=\"caption-attachment-22953\" class=\"wp-caption-text\">Opel Rekord C<\/figcaption><\/figure><figure id=\"attachment_32424\" aria-describedby=\"caption-attachment-32424\" style=\"width: 150px\" class=\"wp-caption alignleft\"><a href=\"https:\/\/terjebjornstad.com\/no\/1975-1979-opel-ascona\/\"><img data-recalc-dims=\"1\" loading=\"lazy\" decoding=\"async\" data-attachment-id=\"32424\" data-permalink=\"https:\/\/terjebjornstad.com\/no\/opel-2\/opel-ascona-series-2-1-3-1065x710\/\" data-orig-file=\"https:\/\/i0.wp.com\/terjebjornstad.com\/no\/wp-content\/uploads\/2020\/05\/opel-ascona-series-2-1-3-1065x710-1.png?fit=1065%2C710&amp;ssl=1\" data-orig-size=\"1065,710\" data-comments-opened=\"1\" data-image-meta=\"{&quot;aperture&quot;:&quot;0&quot;,&quot;credit&quot;:&quot;&quot;,&quot;camera&quot;:&quot;&quot;,&quot;caption&quot;:&quot;&quot;,&quot;created_timestamp&quot;:&quot;0&quot;,&quot;copyright&quot;:&quot;&quot;,&quot;focal_length&quot;:&quot;0&quot;,&quot;iso&quot;:&quot;0&quot;,&quot;shutter_speed&quot;:&quot;0&quot;,&quot;title&quot;:&quot;&quot;,&quot;orientation&quot;:&quot;0&quot;}\" data-image-title=\"opel-ascona-series-2-1-3-1065&amp;#215;710\" data-image-description=\"\" data-image-caption=\"&lt;p&gt;Opel Ascona B&lt;\/p&gt;\n\" data-large-file=\"https:\/\/i0.wp.com\/terjebjornstad.com\/no\/wp-content\/uploads\/2020\/05\/opel-ascona-series-2-1-3-1065x710-1.png?fit=980%2C653&amp;ssl=1\" src=\"https:\/\/i0.wp.com\/terjebjornstad.com\/no\/wp-content\/uploads\/2020\/05\/opel-ascona-series-2-1-3-1065x710-1.png?resize=150%2C150&#038;ssl=1\" alt=\"\" width=\"150\" height=\"150\" class=\"size-thumbnail wp-image-32424\" srcset=\"https:\/\/i0.wp.com\/terjebjornstad.com\/no\/wp-content\/uploads\/2020\/05\/opel-ascona-series-2-1-3-1065x710-1.png?resize=150%2C150&amp;ssl=1 150w, https:\/\/i0.wp.com\/terjebjornstad.com\/no\/wp-content\/uploads\/2020\/05\/opel-ascona-series-2-1-3-1065x710-1.png?resize=50%2C50&amp;ssl=1 50w, https:\/\/i0.wp.com\/terjebjornstad.com\/no\/wp-content\/uploads\/2020\/05\/opel-ascona-series-2-1-3-1065x710-1.png?zoom=2&amp;resize=150%2C150&amp;ssl=1 300w, https:\/\/i0.wp.com\/terjebjornstad.com\/no\/wp-content\/uploads\/2020\/05\/opel-ascona-series-2-1-3-1065x710-1.png?zoom=3&amp;resize=150%2C150&amp;ssl=1 450w\" sizes=\"auto, (max-width: 150px) 100vw, 150px\" \/><\/a><figcaption id=\"caption-attachment-32424\" class=\"wp-caption-text\">Opel Ascona B<\/figcaption><\/figure><\/p>\n<p><a href=\"https:\/\/www.opel.no\" target=\"_blank\" rel=\"noopener\"><strong>Opel.no<\/strong><\/a><br \/>\n<\/div>\n","protected":false},"excerpt":{"rendered":"<p>Kadett B sedan Da Opel viste vei Jeg skulle \u00f8nske dagens Opel-designere kunne ta et blikk bakover til sin amerikanske GM-epoke. Opel&#8217;ene fra 60- og 70-tallet s\u00e5 fantastiske ut. Ta for eksempel Kadett B. Sm\u00e5, billige biler som ble brukt som familiebiler. Modellen dukket opp som i 1965 og ble produsert ut modell\u00e5r 1973. Den [&hellip;]<\/p>\n","protected":false},"author":1,"featured_media":8355,"parent":0,"menu_order":0,"comment_status":"closed","ping_status":"closed","template":"templates\/full-width-page.php","meta":{"_monsterinsights_skip_tracking":false,"_monsterinsights_sitenote_active":false,"_monsterinsights_sitenote_note":"","_monsterinsights_sitenote_category":0,"jetpack_post_was_ever_published":false,"footnotes":""},"class_list":["post-8377","page","type-page","status-publish","has-post-thumbnail","hentry"],"yoast_head":"<!-- This site is optimized with the Yoast SEO plugin v27.5 - https:\/\/yoast.com\/product\/yoast-seo-wordpress\/ -->\n<title>Opel Kadett B - Suksessbiler fra Opels GM-periode.<\/title>\n<meta name=\"description\" content=\"Kadett B Coup\u00e9 finnes i 2 varianter, en tidlig og en senere variant. Den tidlige ble produsert mellom 1965-70 og ble kalt for &quot;Kiemen Coup\u00e9&quot;.\" \/>\n<meta name=\"robots\" content=\"index, follow, max-snippet:-1, max-image-preview:large, max-video-preview:-1\" \/>\n<link rel=\"canonical\" href=\"https:\/\/terjebjornstad.com\/no\/1965-70-opel-kadett-coupe\/\" \/>\n<meta property=\"og:locale\" content=\"nb_NO\" \/>\n<meta property=\"og:type\" content=\"article\" \/>\n<meta property=\"og:title\" content=\"Opel Kadett B - Suksessbiler fra Opels GM-periode.\" \/>\n<meta property=\"og:description\" content=\"Kadett B Coup\u00e9 finnes i 2 varianter, en tidlig og en senere variant. Den tidlige ble produsert mellom 1965-70 og ble kalt for &quot;Kiemen Coup\u00e9&quot;.\" \/>\n<meta property=\"og:url\" content=\"https:\/\/terjebjornstad.com\/no\/1965-70-opel-kadett-coupe\/\" \/>\n<meta property=\"og:site_name\" content=\"Terjes biler\" \/>\n<meta property=\"article:publisher\" content=\"https:\/\/www.facebook.com\/terjesbiler\/\" \/>\n<meta property=\"article:modified_time\" content=\"2026-02-10T22:49:18+00:00\" \/>\n<meta property=\"og:image\" content=\"https:\/\/terjebjornstad.com\/no\/wp-content\/uploads\/2016\/11\/opel-kadett-fastback-1.png\" \/>\n\t<meta property=\"og:image:width\" content=\"686\" \/>\n\t<meta property=\"og:image:height\" content=\"457\" \/>\n\t<meta property=\"og:image:type\" content=\"image\/png\" \/>\n<meta name=\"twitter:card\" content=\"summary_large_image\" \/>\n<meta name=\"twitter:label1\" content=\"Ansl. lesetid\" \/>\n\t<meta name=\"twitter:data1\" content=\"7 minutter\" \/>\n<script type=\"application\/ld+json\" class=\"yoast-schema-graph\">{\"@context\":\"https:\\\/\\\/schema.org\",\"@graph\":[{\"@type\":\"WebPage\",\"@id\":\"https:\\\/\\\/terjebjornstad.com\\\/no\\\/1965-70-opel-kadett-coupe\\\/\",\"url\":\"https:\\\/\\\/terjebjornstad.com\\\/no\\\/1965-70-opel-kadett-coupe\\\/\",\"name\":\"Opel Kadett B - Suksessbiler fra Opels GM-periode.\",\"isPartOf\":{\"@id\":\"https:\\\/\\\/terjebjornstad.com\\\/no\\\/#website\"},\"primaryImageOfPage\":{\"@id\":\"https:\\\/\\\/terjebjornstad.com\\\/no\\\/1965-70-opel-kadett-coupe\\\/#primaryimage\"},\"image\":{\"@id\":\"https:\\\/\\\/terjebjornstad.com\\\/no\\\/1965-70-opel-kadett-coupe\\\/#primaryimage\"},\"thumbnailUrl\":\"https:\\\/\\\/i0.wp.com\\\/terjebjornstad.com\\\/no\\\/wp-content\\\/uploads\\\/2016\\\/11\\\/opel-kadett-fastback-1.png?fit=686%2C457&ssl=1\",\"datePublished\":\"2016-11-08T09:15:29+00:00\",\"dateModified\":\"2026-02-10T22:49:18+00:00\",\"description\":\"Kadett B Coup\u00e9 finnes i 2 varianter, en tidlig og en senere variant. Den tidlige ble produsert mellom 1965-70 og ble kalt for \\\"Kiemen Coup\u00e9\\\".\",\"breadcrumb\":{\"@id\":\"https:\\\/\\\/terjebjornstad.com\\\/no\\\/1965-70-opel-kadett-coupe\\\/#breadcrumb\"},\"inLanguage\":\"nb-NO\",\"potentialAction\":[{\"@type\":\"ReadAction\",\"target\":[\"https:\\\/\\\/terjebjornstad.com\\\/no\\\/1965-70-opel-kadett-coupe\\\/\"]}]},{\"@type\":\"ImageObject\",\"inLanguage\":\"nb-NO\",\"@id\":\"https:\\\/\\\/terjebjornstad.com\\\/no\\\/1965-70-opel-kadett-coupe\\\/#primaryimage\",\"url\":\"https:\\\/\\\/i0.wp.com\\\/terjebjornstad.com\\\/no\\\/wp-content\\\/uploads\\\/2016\\\/11\\\/opel-kadett-fastback-1.png?fit=686%2C457&ssl=1\",\"contentUrl\":\"https:\\\/\\\/i0.wp.com\\\/terjebjornstad.com\\\/no\\\/wp-content\\\/uploads\\\/2016\\\/11\\\/opel-kadett-fastback-1.png?fit=686%2C457&ssl=1\",\"width\":686,\"height\":457,\"caption\":\"Opel Kadett B.\"},{\"@type\":\"BreadcrumbList\",\"@id\":\"https:\\\/\\\/terjebjornstad.com\\\/no\\\/1965-70-opel-kadett-coupe\\\/#breadcrumb\",\"itemListElement\":[{\"@type\":\"ListItem\",\"position\":1,\"name\":\"Hjem\",\"item\":\"https:\\\/\\\/terjebjornstad.com\\\/no\\\/\"},{\"@type\":\"ListItem\",\"position\":2,\"name\":\"Opel Kadett B\"}]},{\"@type\":\"WebSite\",\"@id\":\"https:\\\/\\\/terjebjornstad.com\\\/no\\\/#website\",\"url\":\"https:\\\/\\\/terjebjornstad.com\\\/no\\\/\",\"name\":\"Terjes biler\",\"description\":\"HONEST ABOUT CARS\",\"publisher\":{\"@id\":\"https:\\\/\\\/terjebjornstad.com\\\/no\\\/#organization\"},\"alternateName\":\"Terjebjornstad.com\",\"potentialAction\":[{\"@type\":\"SearchAction\",\"target\":{\"@type\":\"EntryPoint\",\"urlTemplate\":\"https:\\\/\\\/terjebjornstad.com\\\/no\\\/?s={search_term_string}\"},\"query-input\":{\"@type\":\"PropertyValueSpecification\",\"valueRequired\":true,\"valueName\":\"search_term_string\"}}],\"inLanguage\":\"nb-NO\"},{\"@type\":\"Organization\",\"@id\":\"https:\\\/\\\/terjebjornstad.com\\\/no\\\/#organization\",\"name\":\"Terje Bj\u00f8rnstad ENK\",\"url\":\"https:\\\/\\\/terjebjornstad.com\\\/no\\\/\",\"logo\":{\"@type\":\"ImageObject\",\"inLanguage\":\"nb-NO\",\"@id\":\"https:\\\/\\\/terjebjornstad.com\\\/no\\\/#\\\/schema\\\/logo\\\/image\\\/\",\"url\":\"https:\\\/\\\/i0.wp.com\\\/terjebjornstad.com\\\/no\\\/wp-content\\\/uploads\\\/2026\\\/02\\\/terjesbiler2024-960x354-1.png?fit=960%2C354&ssl=1\",\"contentUrl\":\"https:\\\/\\\/i0.wp.com\\\/terjebjornstad.com\\\/no\\\/wp-content\\\/uploads\\\/2026\\\/02\\\/terjesbiler2024-960x354-1.png?fit=960%2C354&ssl=1\",\"width\":960,\"height\":354,\"caption\":\"Terje Bj\u00f8rnstad ENK\"},\"image\":{\"@id\":\"https:\\\/\\\/terjebjornstad.com\\\/no\\\/#\\\/schema\\\/logo\\\/image\\\/\"},\"sameAs\":[\"https:\\\/\\\/www.facebook.com\\\/terjesbiler\\\/\",\"https:\\\/\\\/www.instagram.com\\\/terjesbiler\\\/\",\"https:\\\/\\\/www.pinteres.com\\\/terjebjrnstad\\\/terjes-biler\\\/\"]}]}<\/script>\n<!-- \/ Yoast SEO plugin. -->","yoast_head_json":{"title":"Opel Kadett B - Suksessbiler fra Opels GM-periode.","description":"Kadett B Coup\u00e9 finnes i 2 varianter, en tidlig og en senere variant. Den tidlige ble produsert mellom 1965-70 og ble kalt for \"Kiemen Coup\u00e9\".","robots":{"index":"index","follow":"follow","max-snippet":"max-snippet:-1","max-image-preview":"max-image-preview:large","max-video-preview":"max-video-preview:-1"},"canonical":"https:\/\/terjebjornstad.com\/no\/1965-70-opel-kadett-coupe\/","og_locale":"nb_NO","og_type":"article","og_title":"Opel Kadett B - Suksessbiler fra Opels GM-periode.","og_description":"Kadett B Coup\u00e9 finnes i 2 varianter, en tidlig og en senere variant. Den tidlige ble produsert mellom 1965-70 og ble kalt for \"Kiemen Coup\u00e9\".","og_url":"https:\/\/terjebjornstad.com\/no\/1965-70-opel-kadett-coupe\/","og_site_name":"Terjes biler","article_publisher":"https:\/\/www.facebook.com\/terjesbiler\/","article_modified_time":"2026-02-10T22:49:18+00:00","og_image":[{"width":686,"height":457,"url":"https:\/\/terjebjornstad.com\/no\/wp-content\/uploads\/2016\/11\/opel-kadett-fastback-1.png","type":"image\/png"}],"twitter_card":"summary_large_image","twitter_misc":{"Ansl. lesetid":"7 minutter"},"schema":{"@context":"https:\/\/schema.org","@graph":[{"@type":"WebPage","@id":"https:\/\/terjebjornstad.com\/no\/1965-70-opel-kadett-coupe\/","url":"https:\/\/terjebjornstad.com\/no\/1965-70-opel-kadett-coupe\/","name":"Opel Kadett B - Suksessbiler fra Opels GM-periode.","isPartOf":{"@id":"https:\/\/terjebjornstad.com\/no\/#website"},"primaryImageOfPage":{"@id":"https:\/\/terjebjornstad.com\/no\/1965-70-opel-kadett-coupe\/#primaryimage"},"image":{"@id":"https:\/\/terjebjornstad.com\/no\/1965-70-opel-kadett-coupe\/#primaryimage"},"thumbnailUrl":"https:\/\/i0.wp.com\/terjebjornstad.com\/no\/wp-content\/uploads\/2016\/11\/opel-kadett-fastback-1.png?fit=686%2C457&ssl=1","datePublished":"2016-11-08T09:15:29+00:00","dateModified":"2026-02-10T22:49:18+00:00","description":"Kadett B Coup\u00e9 finnes i 2 varianter, en tidlig og en senere variant. Den tidlige ble produsert mellom 1965-70 og ble kalt for \"Kiemen Coup\u00e9\".","breadcrumb":{"@id":"https:\/\/terjebjornstad.com\/no\/1965-70-opel-kadett-coupe\/#breadcrumb"},"inLanguage":"nb-NO","potentialAction":[{"@type":"ReadAction","target":["https:\/\/terjebjornstad.com\/no\/1965-70-opel-kadett-coupe\/"]}]},{"@type":"ImageObject","inLanguage":"nb-NO","@id":"https:\/\/terjebjornstad.com\/no\/1965-70-opel-kadett-coupe\/#primaryimage","url":"https:\/\/i0.wp.com\/terjebjornstad.com\/no\/wp-content\/uploads\/2016\/11\/opel-kadett-fastback-1.png?fit=686%2C457&ssl=1","contentUrl":"https:\/\/i0.wp.com\/terjebjornstad.com\/no\/wp-content\/uploads\/2016\/11\/opel-kadett-fastback-1.png?fit=686%2C457&ssl=1","width":686,"height":457,"caption":"Opel Kadett B."},{"@type":"BreadcrumbList","@id":"https:\/\/terjebjornstad.com\/no\/1965-70-opel-kadett-coupe\/#breadcrumb","itemListElement":[{"@type":"ListItem","position":1,"name":"Hjem","item":"https:\/\/terjebjornstad.com\/no\/"},{"@type":"ListItem","position":2,"name":"Opel Kadett B"}]},{"@type":"WebSite","@id":"https:\/\/terjebjornstad.com\/no\/#website","url":"https:\/\/terjebjornstad.com\/no\/","name":"Terjes biler","description":"HONEST ABOUT CARS","publisher":{"@id":"https:\/\/terjebjornstad.com\/no\/#organization"},"alternateName":"Terjebjornstad.com","potentialAction":[{"@type":"SearchAction","target":{"@type":"EntryPoint","urlTemplate":"https:\/\/terjebjornstad.com\/no\/?s={search_term_string}"},"query-input":{"@type":"PropertyValueSpecification","valueRequired":true,"valueName":"search_term_string"}}],"inLanguage":"nb-NO"},{"@type":"Organization","@id":"https:\/\/terjebjornstad.com\/no\/#organization","name":"Terje Bj\u00f8rnstad ENK","url":"https:\/\/terjebjornstad.com\/no\/","logo":{"@type":"ImageObject","inLanguage":"nb-NO","@id":"https:\/\/terjebjornstad.com\/no\/#\/schema\/logo\/image\/","url":"https:\/\/i0.wp.com\/terjebjornstad.com\/no\/wp-content\/uploads\/2026\/02\/terjesbiler2024-960x354-1.png?fit=960%2C354&ssl=1","contentUrl":"https:\/\/i0.wp.com\/terjebjornstad.com\/no\/wp-content\/uploads\/2026\/02\/terjesbiler2024-960x354-1.png?fit=960%2C354&ssl=1","width":960,"height":354,"caption":"Terje Bj\u00f8rnstad ENK"},"image":{"@id":"https:\/\/terjebjornstad.com\/no\/#\/schema\/logo\/image\/"},"sameAs":["https:\/\/www.facebook.com\/terjesbiler\/","https:\/\/www.instagram.com\/terjesbiler\/","https:\/\/www.pinteres.com\/terjebjrnstad\/terjes-biler\/"]}]}},"jetpack_sharing_enabled":true,"jetpack_shortlink":"https:\/\/wp.me\/P48zYA-2b7","jetpack-related-posts":[{"id":67752,"url":"https:\/\/terjebjornstad.com\/no\/opel-kadett-e\/","url_meta":{"origin":8377,"position":0},"title":"Opel Kadett E","author":"Terje Bj\u00f8rnstad","date":"06\/12\/2023","format":false,"excerpt":"En fremtidsrettet og moderne bil som skulle konkurrere opp med Volkswagen Golf og Ford Escort. Selv om den ble k\u00e5ret til \u00e5rets bil i 1985, kommer den neppe til \u00e5 bli noen klassiker. Hvorfor valgte man Kadett E? Jeg har hatt gleden \u00e5 eie en 1985 Kadett E kj\u00f8pt ny\u2026","rel":"","context":"Liknende innlegg","block_context":{"text":"Liknende innlegg","link":""},"img":{"alt_text":"","src":"https:\/\/i0.wp.com\/terjebjornstad.com\/no\/wp-content\/uploads\/2021\/05\/5-1985-opel-kadett-e-1.3s-1080x702-1.png?fit=1080%2C702&ssl=1&resize=350%2C200","width":350,"height":200,"srcset":"https:\/\/i0.wp.com\/terjebjornstad.com\/no\/wp-content\/uploads\/2021\/05\/5-1985-opel-kadett-e-1.3s-1080x702-1.png?fit=1080%2C702&ssl=1&resize=350%2C200 1x, https:\/\/i0.wp.com\/terjebjornstad.com\/no\/wp-content\/uploads\/2021\/05\/5-1985-opel-kadett-e-1.3s-1080x702-1.png?fit=1080%2C702&ssl=1&resize=525%2C300 1.5x, https:\/\/i0.wp.com\/terjebjornstad.com\/no\/wp-content\/uploads\/2021\/05\/5-1985-opel-kadett-e-1.3s-1080x702-1.png?fit=1080%2C702&ssl=1&resize=700%2C400 2x, https:\/\/i0.wp.com\/terjebjornstad.com\/no\/wp-content\/uploads\/2021\/05\/5-1985-opel-kadett-e-1.3s-1080x702-1.png?fit=1080%2C702&ssl=1&resize=1050%2C600 3x"},"classes":[]},{"id":68821,"url":"https:\/\/terjebjornstad.com\/no\/opel-kadett-c\/","url_meta":{"origin":8377,"position":1},"title":"Opel Kadett C","author":"Terje Bj\u00f8rnstad","date":"29\/09\/2024","format":false,"excerpt":"Opel Kadett C var den siste Kadett med bakhjulsdrift. En enkel bil og et takknemlig objekt \u00e5 skru p\u00e5. En bil mange har valgt som restomod-objekt og bygget opp med forsterket understell og motor. Modellhistorikk Opel Kadett C ble produsert fra annen halvdel av 1973 som 1974-modell. De utvendige m\u00e5lene\u2026","rel":"","context":"Liknende innlegg","block_context":{"text":"Liknende innlegg","link":""},"img":{"alt_text":"","src":"https:\/\/i0.wp.com\/terjebjornstad.com\/no\/wp-content\/uploads\/2024\/01\/opel-kadett-c-1780x1166-1.jpg?fit=1200%2C800&ssl=1&resize=350%2C200","width":350,"height":200,"srcset":"https:\/\/i0.wp.com\/terjebjornstad.com\/no\/wp-content\/uploads\/2024\/01\/opel-kadett-c-1780x1166-1.jpg?fit=1200%2C800&ssl=1&resize=350%2C200 1x, https:\/\/i0.wp.com\/terjebjornstad.com\/no\/wp-content\/uploads\/2024\/01\/opel-kadett-c-1780x1166-1.jpg?fit=1200%2C800&ssl=1&resize=525%2C300 1.5x, https:\/\/i0.wp.com\/terjebjornstad.com\/no\/wp-content\/uploads\/2024\/01\/opel-kadett-c-1780x1166-1.jpg?fit=1200%2C800&ssl=1&resize=700%2C400 2x, https:\/\/i0.wp.com\/terjebjornstad.com\/no\/wp-content\/uploads\/2024\/01\/opel-kadett-c-1780x1166-1.jpg?fit=1200%2C800&ssl=1&resize=1050%2C600 3x"},"classes":[]},{"id":42937,"url":"https:\/\/terjebjornstad.com\/no\/opel-commodore-b\/","url_meta":{"origin":8377,"position":2},"title":"Opel Commodore B","author":"Terje Bj\u00f8rnstad","date":"11\/03\/2023","format":false,"excerpt":"Opel Commodore B var bygget som en luksusvariant av Opel Rekord D. Modellen ble tilbudt som 4 d\u00f8rer sedan eller 2 d\u00f8rer coup\u00e9. Den fikk ogs\u00e5 egne 6-sylindrede motorer. Modellhistorikk Opel Commodore B var bygget som en luksusvariant av Opel Rekord D. Mens Rekord ble tilbudt i en rekke varianter,\u2026","rel":"","context":"Liknende innlegg","block_context":{"text":"Liknende innlegg","link":""},"img":{"alt_text":"commodore b","src":"https:\/\/i0.wp.com\/terjebjornstad.com\/no\/wp-content\/uploads\/2021\/06\/7-1974-opel-commodore-gs-28-1080x720-1.png?fit=1080%2C720&ssl=1&resize=350%2C200","width":350,"height":200,"srcset":"https:\/\/i0.wp.com\/terjebjornstad.com\/no\/wp-content\/uploads\/2021\/06\/7-1974-opel-commodore-gs-28-1080x720-1.png?fit=1080%2C720&ssl=1&resize=350%2C200 1x, https:\/\/i0.wp.com\/terjebjornstad.com\/no\/wp-content\/uploads\/2021\/06\/7-1974-opel-commodore-gs-28-1080x720-1.png?fit=1080%2C720&ssl=1&resize=525%2C300 1.5x, https:\/\/i0.wp.com\/terjebjornstad.com\/no\/wp-content\/uploads\/2021\/06\/7-1974-opel-commodore-gs-28-1080x720-1.png?fit=1080%2C720&ssl=1&resize=700%2C400 2x, https:\/\/i0.wp.com\/terjebjornstad.com\/no\/wp-content\/uploads\/2021\/06\/7-1974-opel-commodore-gs-28-1080x720-1.png?fit=1080%2C720&ssl=1&resize=1050%2C600 3x"},"classes":[]},{"id":76531,"url":"https:\/\/terjebjornstad.com\/no\/vauxhall-viva-hb\/","url_meta":{"origin":8377,"position":3},"title":"Vauxhall Viva HB","author":"Terje Bj\u00f8rnstad","date":"30\/10\/2024","format":false,"excerpt":"Vauxhall Viva HB var utviklet i England med innflytelse fra GM's amerikanske modeller. En vakker, liten bil som i flere \u00e5r var et vanlig syn p\u00e5 veiene. I dag er de nesten borte. Kort om Vauxhall Viva HB Vauxhall Viva HB er vakre biler med en typisk Coke-bottle fasong. De\u2026","rel":"","context":"Liknende innlegg","block_context":{"text":"Liknende innlegg","link":""},"img":{"alt_text":"","src":"https:\/\/i0.wp.com\/terjebjornstad.com\/no\/wp-content\/uploads\/2023\/07\/vauxhall-viva-sl-1920x1920-1.jpg?fit=1200%2C1200&ssl=1&resize=350%2C200","width":350,"height":200,"srcset":"https:\/\/i0.wp.com\/terjebjornstad.com\/no\/wp-content\/uploads\/2023\/07\/vauxhall-viva-sl-1920x1920-1.jpg?fit=1200%2C1200&ssl=1&resize=350%2C200 1x, https:\/\/i0.wp.com\/terjebjornstad.com\/no\/wp-content\/uploads\/2023\/07\/vauxhall-viva-sl-1920x1920-1.jpg?fit=1200%2C1200&ssl=1&resize=525%2C300 1.5x, https:\/\/i0.wp.com\/terjebjornstad.com\/no\/wp-content\/uploads\/2023\/07\/vauxhall-viva-sl-1920x1920-1.jpg?fit=1200%2C1200&ssl=1&resize=700%2C400 2x, https:\/\/i0.wp.com\/terjebjornstad.com\/no\/wp-content\/uploads\/2023\/07\/vauxhall-viva-sl-1920x1920-1.jpg?fit=1200%2C1200&ssl=1&resize=1050%2C600 3x"},"classes":[]},{"id":5468,"url":"https:\/\/terjebjornstad.com\/no\/opel-2\/","url_meta":{"origin":8377,"position":4},"title":"Opel er en av verdens\u2026","author":"Terje Bj\u00f8rnstad","date":"22\/06\/2016","format":false,"excerpt":"Opel er en av verdens eldste bilprodusenter med historie helt tilbake til 1869 med produksjon av symaskier, sykler og biler. I 1929 ble Opel kj\u00f8pt opp av GM som utnyttet det beste fra amerikansk og europeisk bilindustri i tekologi og design. I 2017 trakk GM seg ut av Opel, og\u2026","rel":"","context":"Liknende innlegg","block_context":{"text":"Liknende innlegg","link":""},"img":{"alt_text":"opel","src":"https:\/\/i0.wp.com\/terjebjornstad.com\/no\/wp-content\/uploads\/2023\/01\/opel-300-200.gif?resize=350%2C200&ssl=1","width":350,"height":200},"classes":[]},{"id":49550,"url":"https:\/\/terjebjornstad.com\/no\/opel-manta-b\/","url_meta":{"origin":8377,"position":5},"title":"Opel Manta B","author":"Terje Bj\u00f8rnstad","date":"03\/07\/2022","format":false,"excerpt":"Opel Manta B kunne leveres i to utf\u00f8relser - coup\u00e9 og combicoup\u00e9. Under skallet delte de teknikk med Ascona B - og Ascona C. Modellhistorikk Opel Manta B delte motorer og teknikk med Ascona B men fikk et mer sportslig karosseri og innredning. Da Ascona B ble avl\u00f8st av Ascona\u2026","rel":"","context":"Liknende innlegg","block_context":{"text":"Liknende innlegg","link":""},"img":{"alt_text":"","src":"https:\/\/i0.wp.com\/terjebjornstad.com\/no\/wp-content\/uploads\/2022\/07\/opel-manta-b-720x480-1.jpg?fit=720%2C480&ssl=1&resize=350%2C200","width":350,"height":200,"srcset":"https:\/\/i0.wp.com\/terjebjornstad.com\/no\/wp-content\/uploads\/2022\/07\/opel-manta-b-720x480-1.jpg?fit=720%2C480&ssl=1&resize=350%2C200 1x, https:\/\/i0.wp.com\/terjebjornstad.com\/no\/wp-content\/uploads\/2022\/07\/opel-manta-b-720x480-1.jpg?fit=720%2C480&ssl=1&resize=525%2C300 1.5x, https:\/\/i0.wp.com\/terjebjornstad.com\/no\/wp-content\/uploads\/2022\/07\/opel-manta-b-720x480-1.jpg?fit=720%2C480&ssl=1&resize=700%2C400 2x"},"classes":[]}],"_links":{"self":[{"href":"https:\/\/terjebjornstad.com\/no\/wp-json\/wp\/v2\/pages\/8377","targetHints":{"allow":["GET"]}}],"collection":[{"href":"https:\/\/terjebjornstad.com\/no\/wp-json\/wp\/v2\/pages"}],"about":[{"href":"https:\/\/terjebjornstad.com\/no\/wp-json\/wp\/v2\/types\/page"}],"author":[{"embeddable":true,"href":"https:\/\/terjebjornstad.com\/no\/wp-json\/wp\/v2\/users\/1"}],"replies":[{"embeddable":true,"href":"https:\/\/terjebjornstad.com\/no\/wp-json\/wp\/v2\/comments?post=8377"}],"version-history":[{"count":36,"href":"https:\/\/terjebjornstad.com\/no\/wp-json\/wp\/v2\/pages\/8377\/revisions"}],"predecessor-version":[{"id":89179,"href":"https:\/\/terjebjornstad.com\/no\/wp-json\/wp\/v2\/pages\/8377\/revisions\/89179"}],"wp:featuredmedia":[{"embeddable":true,"href":"https:\/\/terjebjornstad.com\/no\/wp-json\/wp\/v2\/media\/8355"}],"wp:attachment":[{"href":"https:\/\/terjebjornstad.com\/no\/wp-json\/wp\/v2\/media?parent=8377"}],"curies":[{"name":"wp","href":"https:\/\/api.w.org\/{rel}","templated":true}]}}