{"id":8232,"date":"2016-10-31T23:40:03","date_gmt":"2016-10-31T23:40:03","guid":{"rendered":"http:\/\/terjebjornstad.com\/no\/?page_id=8232"},"modified":"2025-10-15T09:21:56","modified_gmt":"2025-10-15T08:21:56","slug":"matra-bagheera","status":"publish","type":"page","link":"https:\/\/terjebjornstad.com\/no\/matra-bagheera\/","title":{"rendered":"Matra Bagheera"},"content":{"rendered":"<div class=\"copy_teb\"><figure id=\"attachment_23096\" aria-describedby=\"caption-attachment-23096\" style=\"width: 1080px\" class=\"wp-caption aligncenter\"><a href=\"https:\/\/i0.wp.com\/terjebjornstad.com\/no\/wp-content\/uploads\/2023\/01\/matra-bagheera-1-1080x720-1.jpg?ssl=1\"><img data-recalc-dims=\"1\" loading=\"lazy\" decoding=\"async\" data-attachment-id=\"23096\" data-permalink=\"https:\/\/terjebjornstad.com\/no\/2019\/05\/10\/franske-klassikere-4\/matra-bagheera-1-1080x720\/\" data-orig-file=\"https:\/\/i0.wp.com\/terjebjornstad.com\/no\/wp-content\/uploads\/2019\/05\/matra-bagheera-1-1080x720.png?fit=1080%2C720&amp;ssl=1\" data-orig-size=\"1080,720\" data-comments-opened=\"1\" data-image-meta=\"{&quot;aperture&quot;:&quot;0&quot;,&quot;credit&quot;:&quot;&quot;,&quot;camera&quot;:&quot;&quot;,&quot;caption&quot;:&quot;&quot;,&quot;created_timestamp&quot;:&quot;0&quot;,&quot;copyright&quot;:&quot;&quot;,&quot;focal_length&quot;:&quot;0&quot;,&quot;iso&quot;:&quot;0&quot;,&quot;shutter_speed&quot;:&quot;0&quot;,&quot;title&quot;:&quot;&quot;,&quot;orientation&quot;:&quot;0&quot;}\" data-image-title=\"matra-bagheera-1&amp;#8211;1080&amp;#215;720\" data-image-description=\"\" data-image-caption=\"&lt;p&gt;Matra Bagheera&lt;\/p&gt;\n\" data-large-file=\"https:\/\/i0.wp.com\/terjebjornstad.com\/no\/wp-content\/uploads\/2019\/05\/matra-bagheera-1-1080x720.png?fit=980%2C653&amp;ssl=1\" src=\"https:\/\/i0.wp.com\/terjebjornstad.com\/no\/wp-content\/uploads\/2023\/01\/matra-bagheera-1-1080x720-1.jpg?resize=980%2C653&#038;ssl=1\" alt=\"bagheera\" width=\"980\" height=\"653\" class=\"size-full wp-image-23096\" \/><\/a><figcaption id=\"caption-attachment-23096\" class=\"wp-caption-text\">Et flott eksemplar<\/figcaption><\/figure><\/p>\n<blockquote><p>Matra Bagheera er en sportslig bil med glassfiberkarosseri bygget p\u00e5 st\u00e5lr\u00f8rsramme. Den har et meget originalt sete-arrangement &#8211; \u00e9n seterad med 3 seter i bredden. <\/p><\/blockquote>\n\n<h3 class=\"tebh2\">Var s\u00e5rbar for rust<\/h3>\n<p>Bagheera hadde nesten alt for \u00e5 kunne bli en suksess, men st\u00e5lr\u00f8rskonstruksjonen var utsatt for rust. N\u00e5r den rustet, kunne hele bilen falle sammen. Derfor er det gledelig \u00e5 se at det fortsatt finnes flotte, bevarte eksemplarer. Mange av bilene som ruller p\u00e5 veien i dag, har hatt full ramme-renovasjon.<\/p>\n<h3 class=\"tebh2\">Modellhistorikk<\/h3>\n<p>Matra-Simca ble produsert av <em>Matra Automobiles<\/em> fra 1973 til 1980 med en facelift i 1976. Visuelle endringer omfatter st\u00f8tfangere som krummer rundt hj\u00f8rnene, bredere bakre sidevinduer og st\u00f8rre baklys. Opprinnelig fikk bilene 1300 cc motorer med Weber dobbeltforgassere midtplassert bak. I 1975 kunne man ogs\u00e5 f\u00e5 Bagheera S med 1500 motor. Simca tilh\u00f8rte <em>Chrysler Europe<\/em> som ble overtatt av Peugeot i 1978. Da ble bilene d\u00f8pt om til <em>Talbot-Matra Bagheera<\/em>.<br \/>\n&nbsp;<br \/>\n<figure id=\"attachment_85474\" aria-describedby=\"caption-attachment-85474\" style=\"width: 686px\" class=\"wp-caption aligncenter\"><a href=\"https:\/\/i0.wp.com\/terjebjornstad.com\/no\/wp-content\/uploads\/2025\/10\/matra-simca-bagheera-phase-1-686x457-1.jpg?ssl=1\"><img data-recalc-dims=\"1\" loading=\"lazy\" decoding=\"async\" data-attachment-id=\"85474\" data-permalink=\"https:\/\/terjebjornstad.com\/no\/matra-bagheera\/matra-simca-bagheera-phase-1-686x457\/\" data-orig-file=\"https:\/\/i0.wp.com\/terjebjornstad.com\/no\/wp-content\/uploads\/2025\/10\/matra-simca-bagheera-phase-1-686x457-1.jpg?fit=686%2C457&amp;ssl=1\" data-orig-size=\"686,457\" data-comments-opened=\"1\" data-image-meta=\"{&quot;aperture&quot;:&quot;0&quot;,&quot;credit&quot;:&quot;&quot;,&quot;camera&quot;:&quot;&quot;,&quot;caption&quot;:&quot;&quot;,&quot;created_timestamp&quot;:&quot;0&quot;,&quot;copyright&quot;:&quot;&quot;,&quot;focal_length&quot;:&quot;0&quot;,&quot;iso&quot;:&quot;0&quot;,&quot;shutter_speed&quot;:&quot;0&quot;,&quot;title&quot;:&quot;&quot;,&quot;orientation&quot;:&quot;0&quot;}\" data-image-title=\"matra-simca-bagheera-phase-1-686&amp;#215;457\" data-image-description=\"\" data-image-caption=\"&lt;p&gt;Matra-Simca Bagheera phase 1.&lt;\/p&gt;\n\" data-large-file=\"https:\/\/i0.wp.com\/terjebjornstad.com\/no\/wp-content\/uploads\/2025\/10\/matra-simca-bagheera-phase-1-686x457-1.jpg?fit=686%2C457&amp;ssl=1\" src=\"https:\/\/i0.wp.com\/terjebjornstad.com\/no\/wp-content\/uploads\/2025\/10\/matra-simca-bagheera-phase-1-686x457-1.jpg?resize=686%2C457&#038;ssl=1\" alt=\"\" width=\"686\" height=\"457\" class=\"size-full wp-image-85474\" srcset=\"https:\/\/i0.wp.com\/terjebjornstad.com\/no\/wp-content\/uploads\/2025\/10\/matra-simca-bagheera-phase-1-686x457-1.jpg?w=686&amp;ssl=1 686w, https:\/\/i0.wp.com\/terjebjornstad.com\/no\/wp-content\/uploads\/2025\/10\/matra-simca-bagheera-phase-1-686x457-1.jpg?resize=300%2C200&amp;ssl=1 300w\" sizes=\"auto, (max-width: 686px) 100vw, 686px\" \/><\/a><figcaption id=\"caption-attachment-85474\" class=\"wp-caption-text\">Matra-Simca Bagheera S (phase 1).<\/figcaption><\/figure><\/p>\n<h3 class=\"tebh2\">Popul\u00e6r p\u00e5 biltreff<\/h3>\n<p>Bildene er tatt p\u00e5 franske biltreff. Franske biler, som dette, er midtpunkt for publikum, &#8211; spesielt oss som er litt oppe i \u00e5rene. Jeg er gammel nok til \u00e5 huske Bagheera da den var ny og ble markedsf\u00f8rt i bilpressen her hjemme. Bagheera m\u00e5 ha v\u00e6rt en flott bil \u00e5 kj\u00f8re rundt med i Syd-Frankrike tidlig p\u00e5 70-tallet. Den fremst\u00e5r som bred og lav og gir et sportslig inntrykk  &#8211; og relativt moderne sett med dagens \u00f8yne. Men stolene i loddent stoff med fargerike striper plasseres oss fort til 70-tallet. Jeg synes setearrangementet, stoffkvaliteten og fargene er en viktig del av  Bagheera&#8217;s identitet.<\/p>\n<p>&nbsp;<br \/>\n<figure id=\"attachment_8146\" aria-describedby=\"caption-attachment-8146\" style=\"width: 686px\" class=\"wp-caption aligncenter\"><a href=\"https:\/\/i0.wp.com\/terjebjornstad.com\/no\/wp-content\/uploads\/2016\/10\/matra-bagheera-3.png?ssl=1\"><img data-recalc-dims=\"1\" loading=\"lazy\" decoding=\"async\" data-attachment-id=\"8146\" data-permalink=\"https:\/\/terjebjornstad.com\/no\/matra-bagheera\/matra-bagheera-3\/\" data-orig-file=\"https:\/\/i0.wp.com\/terjebjornstad.com\/no\/wp-content\/uploads\/2016\/10\/matra-bagheera-3.png?fit=686%2C457&amp;ssl=1\" data-orig-size=\"686,457\" data-comments-opened=\"1\" data-image-meta=\"{&quot;aperture&quot;:&quot;0&quot;,&quot;credit&quot;:&quot;&quot;,&quot;camera&quot;:&quot;&quot;,&quot;caption&quot;:&quot;&quot;,&quot;created_timestamp&quot;:&quot;0&quot;,&quot;copyright&quot;:&quot;&quot;,&quot;focal_length&quot;:&quot;0&quot;,&quot;iso&quot;:&quot;0&quot;,&quot;shutter_speed&quot;:&quot;0&quot;,&quot;title&quot;:&quot;&quot;,&quot;orientation&quot;:&quot;0&quot;}\" data-image-title=\"matra-bagheera-3\" data-image-description=\"\" data-image-caption=\"&lt;p&gt;Matra Bagheera&lt;\/p&gt;\n\" data-large-file=\"https:\/\/i0.wp.com\/terjebjornstad.com\/no\/wp-content\/uploads\/2016\/10\/matra-bagheera-3.png?fit=686%2C457&amp;ssl=1\" src=\"https:\/\/i0.wp.com\/terjebjornstad.com\/no\/wp-content\/uploads\/2016\/10\/matra-bagheera-3.png?resize=686%2C457&#038;ssl=1\" alt=\"bagheera\" width=\"686\" height=\"457\" class=\"size-full wp-image-8146\" srcset=\"https:\/\/i0.wp.com\/terjebjornstad.com\/no\/wp-content\/uploads\/2016\/10\/matra-bagheera-3.png?w=686&amp;ssl=1 686w, https:\/\/i0.wp.com\/terjebjornstad.com\/no\/wp-content\/uploads\/2016\/10\/matra-bagheera-3.png?resize=300%2C200&amp;ssl=1 300w\" sizes=\"auto, (max-width: 686px) 100vw, 686px\" \/><\/a><figcaption id=\"caption-attachment-8146\" class=\"wp-caption-text\">Matra Bagheera<\/figcaption><\/figure><\/p>\n<h3 class=\"tebh2\">Om bildene<\/h3>\n<p>Det er ikke hver dag man ser Matra Bagheera, selv ikke her i Frankrike. Den hvite bilen deltok i et rally for klassiske biler. Den er fotografert i Saint Cyprien hvor alle deltakende biler fikk en teknisk inspeksjon f\u00f8r avgang. Jeg overvar arrang\u00f8renes inspeksjon av denne bilen for \u00e5 danne meg et bedre inntrykk. Alt var ok og tommel opp. Den s\u00f8lvgr\u00e5 bilen med svarte skilter er avbildet p\u00e5 et m\u00e5nedlig biltreff i Perpignan. <\/p>\n<h3 class=\"tebh2\">Brosjyrebilder<\/h3>\n<p><figure id=\"attachment_85466\" aria-describedby=\"caption-attachment-85466\" style=\"width: 360px\" class=\"wp-caption alignleft\"><img data-recalc-dims=\"1\" loading=\"lazy\" decoding=\"async\" data-attachment-id=\"85466\" data-permalink=\"https:\/\/terjebjornstad.com\/no\/matra-bagheera\/simca-bagheera-frontseats-brochure-360x360\/\" data-orig-file=\"https:\/\/i0.wp.com\/terjebjornstad.com\/no\/wp-content\/uploads\/2025\/10\/simca-bagheera-frontseats-brochure-360x360-1.jpg?fit=360%2C360&amp;ssl=1\" data-orig-size=\"360,360\" data-comments-opened=\"1\" data-image-meta=\"{&quot;aperture&quot;:&quot;0&quot;,&quot;credit&quot;:&quot;&quot;,&quot;camera&quot;:&quot;&quot;,&quot;caption&quot;:&quot;&quot;,&quot;created_timestamp&quot;:&quot;0&quot;,&quot;copyright&quot;:&quot;&quot;,&quot;focal_length&quot;:&quot;0&quot;,&quot;iso&quot;:&quot;0&quot;,&quot;shutter_speed&quot;:&quot;0&quot;,&quot;title&quot;:&quot;&quot;,&quot;orientation&quot;:&quot;0&quot;}\" data-image-title=\"simca-bagheera-frontseats-brochure-360&amp;#215;360\" data-image-description=\"\" data-image-caption=\"&lt;p&gt;Matra-Simca bagheera. S3 seter ved siden av hverandre.&lt;\/p&gt;\n\" data-large-file=\"https:\/\/i0.wp.com\/terjebjornstad.com\/no\/wp-content\/uploads\/2025\/10\/simca-bagheera-frontseats-brochure-360x360-1.jpg?fit=360%2C360&amp;ssl=1\" src=\"https:\/\/i0.wp.com\/terjebjornstad.com\/no\/wp-content\/uploads\/2025\/10\/simca-bagheera-frontseats-brochure-360x360-1.jpg?resize=360%2C360&#038;ssl=1\" alt=\"\" width=\"360\" height=\"360\" class=\"size-full wp-image-85466\" srcset=\"https:\/\/i0.wp.com\/terjebjornstad.com\/no\/wp-content\/uploads\/2025\/10\/simca-bagheera-frontseats-brochure-360x360-1.jpg?w=360&amp;ssl=1 360w, https:\/\/i0.wp.com\/terjebjornstad.com\/no\/wp-content\/uploads\/2025\/10\/simca-bagheera-frontseats-brochure-360x360-1.jpg?resize=300%2C300&amp;ssl=1 300w, https:\/\/i0.wp.com\/terjebjornstad.com\/no\/wp-content\/uploads\/2025\/10\/simca-bagheera-frontseats-brochure-360x360-1.jpg?resize=150%2C150&amp;ssl=1 150w, https:\/\/i0.wp.com\/terjebjornstad.com\/no\/wp-content\/uploads\/2025\/10\/simca-bagheera-frontseats-brochure-360x360-1.jpg?resize=50%2C50&amp;ssl=1 50w\" sizes=\"auto, (max-width: 360px) 100vw, 360px\" \/><figcaption id=\"caption-attachment-85466\" class=\"wp-caption-text\">Matra-Simca bagheera. S3 seter ved siden av hverandre.<\/figcaption><\/figure><figure id=\"attachment_85467\" aria-describedby=\"caption-attachment-85467\" style=\"width: 360px\" class=\"wp-caption alignleft\"><a href=\"https:\/\/i0.wp.com\/terjebjornstad.com\/no\/wp-content\/uploads\/2025\/10\/simca-bagheera-trunk-360x360-1.jpg?ssl=1\"><img data-recalc-dims=\"1\" loading=\"lazy\" decoding=\"async\" data-attachment-id=\"85467\" data-permalink=\"https:\/\/terjebjornstad.com\/no\/matra-bagheera\/simca-bagheera-trunk-360x360\/\" data-orig-file=\"https:\/\/i0.wp.com\/terjebjornstad.com\/no\/wp-content\/uploads\/2025\/10\/simca-bagheera-trunk-360x360-1.jpg?fit=360%2C360&amp;ssl=1\" data-orig-size=\"360,360\" data-comments-opened=\"1\" data-image-meta=\"{&quot;aperture&quot;:&quot;0&quot;,&quot;credit&quot;:&quot;&quot;,&quot;camera&quot;:&quot;&quot;,&quot;caption&quot;:&quot;&quot;,&quot;created_timestamp&quot;:&quot;0&quot;,&quot;copyright&quot;:&quot;&quot;,&quot;focal_length&quot;:&quot;0&quot;,&quot;iso&quot;:&quot;0&quot;,&quot;shutter_speed&quot;:&quot;0&quot;,&quot;title&quot;:&quot;&quot;,&quot;orientation&quot;:&quot;0&quot;}\" data-image-title=\"simca-bagheera-trunk-360&amp;#215;360\" data-image-description=\"\" data-image-caption=\"&lt;p&gt;Matra-Simca bagheera. Rom for bagasje.&lt;\/p&gt;\n\" data-large-file=\"https:\/\/i0.wp.com\/terjebjornstad.com\/no\/wp-content\/uploads\/2025\/10\/simca-bagheera-trunk-360x360-1.jpg?fit=360%2C360&amp;ssl=1\" src=\"https:\/\/i0.wp.com\/terjebjornstad.com\/no\/wp-content\/uploads\/2025\/10\/simca-bagheera-trunk-360x360-1.jpg?resize=360%2C360&#038;ssl=1\" alt=\"\" width=\"360\" height=\"360\" class=\"size-full wp-image-85467\" srcset=\"https:\/\/i0.wp.com\/terjebjornstad.com\/no\/wp-content\/uploads\/2025\/10\/simca-bagheera-trunk-360x360-1.jpg?w=360&amp;ssl=1 360w, https:\/\/i0.wp.com\/terjebjornstad.com\/no\/wp-content\/uploads\/2025\/10\/simca-bagheera-trunk-360x360-1.jpg?resize=300%2C300&amp;ssl=1 300w, https:\/\/i0.wp.com\/terjebjornstad.com\/no\/wp-content\/uploads\/2025\/10\/simca-bagheera-trunk-360x360-1.jpg?resize=150%2C150&amp;ssl=1 150w, https:\/\/i0.wp.com\/terjebjornstad.com\/no\/wp-content\/uploads\/2025\/10\/simca-bagheera-trunk-360x360-1.jpg?resize=50%2C50&amp;ssl=1 50w\" sizes=\"auto, (max-width: 360px) 100vw, 360px\" \/><\/a><figcaption id=\"caption-attachment-85467\" class=\"wp-caption-text\">Matra-Simca bagheera. Rom for bagasje.<\/figcaption><\/figure><\/p>\n<h6><\/h6>\n<p>&nbsp;<br \/>\n<br \/>\n&nbsp;<\/p>\n<h3 class=\"tebh2\">Se ogs\u00e5<\/h3>\n<p><a href=\"https:\/\/matradoc.free.fr\/clubs.htm\" target=\"_blank\" rel=\"noopener\"><strong>Europeiske Matra-klubber <\/strong><\/a><\/p>\n<h6><\/h6>\n<figure id=\"attachment_3822\" aria-describedby=\"caption-attachment-3822\" style=\"width: 150px\" class=\"wp-caption alignleft\"><a href=\"https:\/\/terjebjornstad.com\/no\/1980-1983-matra-murena\/\"><img data-recalc-dims=\"1\" loading=\"lazy\" decoding=\"async\" data-attachment-id=\"3822\" data-permalink=\"https:\/\/terjebjornstad.com\/no\/2016\/04\/04\/amerikafest-pa-fransk\/matra-murena-7\/\" data-orig-file=\"https:\/\/i0.wp.com\/terjebjornstad.com\/no\/wp-content\/uploads\/2016\/03\/matra-murena-7.png?fit=457%2C686&amp;ssl=1\" data-orig-size=\"457,686\" data-comments-opened=\"1\" data-image-meta=\"{&quot;aperture&quot;:&quot;0&quot;,&quot;credit&quot;:&quot;&quot;,&quot;camera&quot;:&quot;&quot;,&quot;caption&quot;:&quot;&quot;,&quot;created_timestamp&quot;:&quot;0&quot;,&quot;copyright&quot;:&quot;&quot;,&quot;focal_length&quot;:&quot;0&quot;,&quot;iso&quot;:&quot;0&quot;,&quot;shutter_speed&quot;:&quot;0&quot;,&quot;title&quot;:&quot;&quot;,&quot;orientation&quot;:&quot;0&quot;}\" data-image-title=\"matra-murena-7\" data-image-description=\"\" data-image-caption=\"&lt;p&gt;Amerikansk-inspirert&lt;\/p&gt;\n\" data-large-file=\"https:\/\/i0.wp.com\/terjebjornstad.com\/no\/wp-content\/uploads\/2016\/03\/matra-murena-7.png?fit=457%2C686&amp;ssl=1\" src=\"https:\/\/i0.wp.com\/terjebjornstad.com\/no\/wp-content\/uploads\/2016\/03\/matra-murena-7.png?resize=150%2C150&#038;ssl=1\" alt=\"Murena\" width=\"150\" height=\"150\" class=\"size-thumbnail wp-image-3822\" srcset=\"https:\/\/i0.wp.com\/terjebjornstad.com\/no\/wp-content\/uploads\/2016\/03\/matra-murena-7.png?resize=150%2C150&amp;ssl=1 150w, https:\/\/i0.wp.com\/terjebjornstad.com\/no\/wp-content\/uploads\/2016\/03\/matra-murena-7.png?resize=50%2C50&amp;ssl=1 50w, https:\/\/i0.wp.com\/terjebjornstad.com\/no\/wp-content\/uploads\/2016\/03\/matra-murena-7.png?zoom=2&amp;resize=150%2C150&amp;ssl=1 300w, https:\/\/i0.wp.com\/terjebjornstad.com\/no\/wp-content\/uploads\/2016\/03\/matra-murena-7.png?zoom=3&amp;resize=150%2C150&amp;ssl=1 450w\" sizes=\"auto, (max-width: 150px) 100vw, 150px\" \/><\/a><figcaption id=\"caption-attachment-3822\" class=\"wp-caption-text\">Matra  Murena S<\/figcaption><\/figure>\n<h6><\/h6>\n<\/div>\n","protected":false},"excerpt":{"rendered":"<p>Matra Bagheera er en sportslig bil med glassfiberkarosseri bygget p\u00e5 st\u00e5lr\u00f8rsramme. Den har et meget originalt sete-arrangement &#8211; \u00e9n seterad med 3 seter i bredden. Var s\u00e5rbar for rust Bagheera hadde nesten alt for \u00e5 kunne bli en suksess, men st\u00e5lr\u00f8rskonstruksjonen var utsatt for rust. N\u00e5r den rustet, kunne hele bilen falle sammen. Derfor er [&hellip;]<\/p>\n","protected":false},"author":1,"featured_media":56392,"parent":0,"menu_order":0,"comment_status":"closed","ping_status":"closed","template":"templates\/full-width-page.php","meta":{"_monsterinsights_skip_tracking":false,"_monsterinsights_sitenote_active":false,"_monsterinsights_sitenote_note":"","_monsterinsights_sitenote_category":0,"jetpack_post_was_ever_published":false,"footnotes":""},"class_list":["post-8232","page","type-page","status-publish","has-post-thumbnail","hentry"],"yoast_head":"<!-- This site is optimized with the Yoast SEO plugin v27.5 - https:\/\/yoast.com\/product\/yoast-seo-wordpress\/ -->\n<title>3 personer kan sitte i bredden<\/title>\n<meta name=\"description\" content=\"Matra Bagheera er en sportslig bil med et originalt sete-arrangement - \u00e9n seterad med 3 seter - glassfiberkarosseri bygget p\u00e5 st\u00e5lr\u00f8rsramme.\" \/>\n<meta name=\"robots\" content=\"index, follow, max-snippet:-1, max-image-preview:large, max-video-preview:-1\" \/>\n<link rel=\"canonical\" href=\"https:\/\/terjebjornstad.com\/no\/matra-bagheera\/\" \/>\n<meta property=\"og:locale\" content=\"nb_NO\" \/>\n<meta property=\"og:type\" content=\"article\" \/>\n<meta property=\"og:title\" content=\"3 personer kan sitte i bredden\" \/>\n<meta property=\"og:description\" content=\"Matra Bagheera er en sportslig bil med et originalt sete-arrangement - \u00e9n seterad med 3 seter - glassfiberkarosseri bygget p\u00e5 st\u00e5lr\u00f8rsramme.\" \/>\n<meta property=\"og:url\" content=\"https:\/\/terjebjornstad.com\/no\/matra-bagheera\/\" \/>\n<meta property=\"og:site_name\" content=\"Terjes biler\" \/>\n<meta property=\"article:publisher\" content=\"https:\/\/www.facebook.com\/terjesbiler\/\" \/>\n<meta property=\"article:modified_time\" content=\"2025-10-15T08:21:56+00:00\" \/>\n<meta property=\"og:image\" content=\"https:\/\/terjebjornstad.com\/no\/wp-content\/uploads\/2023\/01\/matra-bagheera-1-1080x720-1.jpg\" \/>\n\t<meta property=\"og:image:width\" content=\"1080\" \/>\n\t<meta property=\"og:image:height\" content=\"720\" \/>\n\t<meta property=\"og:image:type\" content=\"image\/jpeg\" \/>\n<meta name=\"twitter:card\" content=\"summary_large_image\" \/>\n<meta name=\"twitter:label1\" content=\"Ansl. lesetid\" \/>\n\t<meta name=\"twitter:data1\" content=\"4 minutter\" \/>\n<script type=\"application\/ld+json\" class=\"yoast-schema-graph\">{\"@context\":\"https:\\\/\\\/schema.org\",\"@graph\":[{\"@type\":\"WebPage\",\"@id\":\"https:\\\/\\\/terjebjornstad.com\\\/no\\\/matra-bagheera\\\/\",\"url\":\"https:\\\/\\\/terjebjornstad.com\\\/no\\\/matra-bagheera\\\/\",\"name\":\"3 personer kan sitte i bredden\",\"isPartOf\":{\"@id\":\"https:\\\/\\\/terjebjornstad.com\\\/no\\\/#website\"},\"primaryImageOfPage\":{\"@id\":\"https:\\\/\\\/terjebjornstad.com\\\/no\\\/matra-bagheera\\\/#primaryimage\"},\"image\":{\"@id\":\"https:\\\/\\\/terjebjornstad.com\\\/no\\\/matra-bagheera\\\/#primaryimage\"},\"thumbnailUrl\":\"https:\\\/\\\/i0.wp.com\\\/terjebjornstad.com\\\/no\\\/wp-content\\\/uploads\\\/2023\\\/01\\\/matra-bagheera-1-1080x720-1.jpg?fit=1080%2C720&ssl=1\",\"datePublished\":\"2016-10-31T23:40:03+00:00\",\"dateModified\":\"2025-10-15T08:21:56+00:00\",\"description\":\"Matra Bagheera er en sportslig bil med et originalt sete-arrangement - \u00e9n seterad med 3 seter - glassfiberkarosseri bygget p\u00e5 st\u00e5lr\u00f8rsramme.\",\"breadcrumb\":{\"@id\":\"https:\\\/\\\/terjebjornstad.com\\\/no\\\/matra-bagheera\\\/#breadcrumb\"},\"inLanguage\":\"nb-NO\",\"potentialAction\":[{\"@type\":\"ReadAction\",\"target\":[\"https:\\\/\\\/terjebjornstad.com\\\/no\\\/matra-bagheera\\\/\"]}]},{\"@type\":\"ImageObject\",\"inLanguage\":\"nb-NO\",\"@id\":\"https:\\\/\\\/terjebjornstad.com\\\/no\\\/matra-bagheera\\\/#primaryimage\",\"url\":\"https:\\\/\\\/i0.wp.com\\\/terjebjornstad.com\\\/no\\\/wp-content\\\/uploads\\\/2023\\\/01\\\/matra-bagheera-1-1080x720-1.jpg?fit=1080%2C720&ssl=1\",\"contentUrl\":\"https:\\\/\\\/i0.wp.com\\\/terjebjornstad.com\\\/no\\\/wp-content\\\/uploads\\\/2023\\\/01\\\/matra-bagheera-1-1080x720-1.jpg?fit=1080%2C720&ssl=1\",\"width\":1080,\"height\":720},{\"@type\":\"BreadcrumbList\",\"@id\":\"https:\\\/\\\/terjebjornstad.com\\\/no\\\/matra-bagheera\\\/#breadcrumb\",\"itemListElement\":[{\"@type\":\"ListItem\",\"position\":1,\"name\":\"Hjem\",\"item\":\"https:\\\/\\\/terjebjornstad.com\\\/no\\\/\"},{\"@type\":\"ListItem\",\"position\":2,\"name\":\"Matra Bagheera\"}]},{\"@type\":\"WebSite\",\"@id\":\"https:\\\/\\\/terjebjornstad.com\\\/no\\\/#website\",\"url\":\"https:\\\/\\\/terjebjornstad.com\\\/no\\\/\",\"name\":\"Terjes biler\",\"description\":\"HONEST ABOUT CARS\",\"publisher\":{\"@id\":\"https:\\\/\\\/terjebjornstad.com\\\/no\\\/#organization\"},\"alternateName\":\"Terjebjornstad.com\",\"potentialAction\":[{\"@type\":\"SearchAction\",\"target\":{\"@type\":\"EntryPoint\",\"urlTemplate\":\"https:\\\/\\\/terjebjornstad.com\\\/no\\\/?s={search_term_string}\"},\"query-input\":{\"@type\":\"PropertyValueSpecification\",\"valueRequired\":true,\"valueName\":\"search_term_string\"}}],\"inLanguage\":\"nb-NO\"},{\"@type\":\"Organization\",\"@id\":\"https:\\\/\\\/terjebjornstad.com\\\/no\\\/#organization\",\"name\":\"Terje Bj\u00f8rnstad ENK\",\"url\":\"https:\\\/\\\/terjebjornstad.com\\\/no\\\/\",\"logo\":{\"@type\":\"ImageObject\",\"inLanguage\":\"nb-NO\",\"@id\":\"https:\\\/\\\/terjebjornstad.com\\\/no\\\/#\\\/schema\\\/logo\\\/image\\\/\",\"url\":\"https:\\\/\\\/i0.wp.com\\\/terjebjornstad.com\\\/no\\\/wp-content\\\/uploads\\\/2026\\\/02\\\/terjesbiler2024-960x354-1.png?fit=960%2C354&ssl=1\",\"contentUrl\":\"https:\\\/\\\/i0.wp.com\\\/terjebjornstad.com\\\/no\\\/wp-content\\\/uploads\\\/2026\\\/02\\\/terjesbiler2024-960x354-1.png?fit=960%2C354&ssl=1\",\"width\":960,\"height\":354,\"caption\":\"Terje Bj\u00f8rnstad ENK\"},\"image\":{\"@id\":\"https:\\\/\\\/terjebjornstad.com\\\/no\\\/#\\\/schema\\\/logo\\\/image\\\/\"},\"sameAs\":[\"https:\\\/\\\/www.facebook.com\\\/terjesbiler\\\/\",\"https:\\\/\\\/www.instagram.com\\\/terjesbiler\\\/\",\"https:\\\/\\\/www.pinteres.com\\\/terjebjrnstad\\\/terjes-biler\\\/\"]}]}<\/script>\n<!-- \/ Yoast SEO plugin. -->","yoast_head_json":{"title":"3 personer kan sitte i bredden","description":"Matra Bagheera er en sportslig bil med et originalt sete-arrangement - \u00e9n seterad med 3 seter - glassfiberkarosseri bygget p\u00e5 st\u00e5lr\u00f8rsramme.","robots":{"index":"index","follow":"follow","max-snippet":"max-snippet:-1","max-image-preview":"max-image-preview:large","max-video-preview":"max-video-preview:-1"},"canonical":"https:\/\/terjebjornstad.com\/no\/matra-bagheera\/","og_locale":"nb_NO","og_type":"article","og_title":"3 personer kan sitte i bredden","og_description":"Matra Bagheera er en sportslig bil med et originalt sete-arrangement - \u00e9n seterad med 3 seter - glassfiberkarosseri bygget p\u00e5 st\u00e5lr\u00f8rsramme.","og_url":"https:\/\/terjebjornstad.com\/no\/matra-bagheera\/","og_site_name":"Terjes biler","article_publisher":"https:\/\/www.facebook.com\/terjesbiler\/","article_modified_time":"2025-10-15T08:21:56+00:00","og_image":[{"width":1080,"height":720,"url":"https:\/\/terjebjornstad.com\/no\/wp-content\/uploads\/2023\/01\/matra-bagheera-1-1080x720-1.jpg","type":"image\/jpeg"}],"twitter_card":"summary_large_image","twitter_misc":{"Ansl. lesetid":"4 minutter"},"schema":{"@context":"https:\/\/schema.org","@graph":[{"@type":"WebPage","@id":"https:\/\/terjebjornstad.com\/no\/matra-bagheera\/","url":"https:\/\/terjebjornstad.com\/no\/matra-bagheera\/","name":"3 personer kan sitte i bredden","isPartOf":{"@id":"https:\/\/terjebjornstad.com\/no\/#website"},"primaryImageOfPage":{"@id":"https:\/\/terjebjornstad.com\/no\/matra-bagheera\/#primaryimage"},"image":{"@id":"https:\/\/terjebjornstad.com\/no\/matra-bagheera\/#primaryimage"},"thumbnailUrl":"https:\/\/i0.wp.com\/terjebjornstad.com\/no\/wp-content\/uploads\/2023\/01\/matra-bagheera-1-1080x720-1.jpg?fit=1080%2C720&ssl=1","datePublished":"2016-10-31T23:40:03+00:00","dateModified":"2025-10-15T08:21:56+00:00","description":"Matra Bagheera er en sportslig bil med et originalt sete-arrangement - \u00e9n seterad med 3 seter - glassfiberkarosseri bygget p\u00e5 st\u00e5lr\u00f8rsramme.","breadcrumb":{"@id":"https:\/\/terjebjornstad.com\/no\/matra-bagheera\/#breadcrumb"},"inLanguage":"nb-NO","potentialAction":[{"@type":"ReadAction","target":["https:\/\/terjebjornstad.com\/no\/matra-bagheera\/"]}]},{"@type":"ImageObject","inLanguage":"nb-NO","@id":"https:\/\/terjebjornstad.com\/no\/matra-bagheera\/#primaryimage","url":"https:\/\/i0.wp.com\/terjebjornstad.com\/no\/wp-content\/uploads\/2023\/01\/matra-bagheera-1-1080x720-1.jpg?fit=1080%2C720&ssl=1","contentUrl":"https:\/\/i0.wp.com\/terjebjornstad.com\/no\/wp-content\/uploads\/2023\/01\/matra-bagheera-1-1080x720-1.jpg?fit=1080%2C720&ssl=1","width":1080,"height":720},{"@type":"BreadcrumbList","@id":"https:\/\/terjebjornstad.com\/no\/matra-bagheera\/#breadcrumb","itemListElement":[{"@type":"ListItem","position":1,"name":"Hjem","item":"https:\/\/terjebjornstad.com\/no\/"},{"@type":"ListItem","position":2,"name":"Matra Bagheera"}]},{"@type":"WebSite","@id":"https:\/\/terjebjornstad.com\/no\/#website","url":"https:\/\/terjebjornstad.com\/no\/","name":"Terjes biler","description":"HONEST ABOUT CARS","publisher":{"@id":"https:\/\/terjebjornstad.com\/no\/#organization"},"alternateName":"Terjebjornstad.com","potentialAction":[{"@type":"SearchAction","target":{"@type":"EntryPoint","urlTemplate":"https:\/\/terjebjornstad.com\/no\/?s={search_term_string}"},"query-input":{"@type":"PropertyValueSpecification","valueRequired":true,"valueName":"search_term_string"}}],"inLanguage":"nb-NO"},{"@type":"Organization","@id":"https:\/\/terjebjornstad.com\/no\/#organization","name":"Terje Bj\u00f8rnstad ENK","url":"https:\/\/terjebjornstad.com\/no\/","logo":{"@type":"ImageObject","inLanguage":"nb-NO","@id":"https:\/\/terjebjornstad.com\/no\/#\/schema\/logo\/image\/","url":"https:\/\/i0.wp.com\/terjebjornstad.com\/no\/wp-content\/uploads\/2026\/02\/terjesbiler2024-960x354-1.png?fit=960%2C354&ssl=1","contentUrl":"https:\/\/i0.wp.com\/terjebjornstad.com\/no\/wp-content\/uploads\/2026\/02\/terjesbiler2024-960x354-1.png?fit=960%2C354&ssl=1","width":960,"height":354,"caption":"Terje Bj\u00f8rnstad ENK"},"image":{"@id":"https:\/\/terjebjornstad.com\/no\/#\/schema\/logo\/image\/"},"sameAs":["https:\/\/www.facebook.com\/terjesbiler\/","https:\/\/www.instagram.com\/terjesbiler\/","https:\/\/www.pinteres.com\/terjebjrnstad\/terjes-biler\/"]}]}},"jetpack_sharing_enabled":true,"jetpack_shortlink":"https:\/\/wp.me\/P48zYA-28M","jetpack-related-posts":[{"id":5623,"url":"https:\/\/terjebjornstad.com\/no\/1980-1983-matra-murena\/","url_meta":{"origin":8232,"position":0},"title":"Matra Murena","author":"Terje Bj\u00f8rnstad","date":"23\/06\/2016","format":false,"excerpt":"\u00a0 Tre seter i bredden I likhet med forgjengeren, Matra Bagheera, har Murena ogs\u00e5 tre seter i bredden. Den var heldigvis mye bedre rustbeskyttet enn forgjengeren. Den ble bygget med glassfiberkarosseri p\u00e5 en varmgalvanisert \u00abspace frame\u00bb ramme. Totalt ble det produsert 10 500 eksemplarer, ca. 5 000 med 2,2 liter\u2026","rel":"","context":"Liknende innlegg","block_context":{"text":"Liknende innlegg","link":""},"img":{"alt_text":"murena","src":"https:\/\/i0.wp.com\/terjebjornstad.com\/no\/wp-content\/uploads\/2021\/10\/matra-murena-1080x1080-1.png?fit=1080%2C1080&ssl=1&resize=350%2C200","width":350,"height":200,"srcset":"https:\/\/i0.wp.com\/terjebjornstad.com\/no\/wp-content\/uploads\/2021\/10\/matra-murena-1080x1080-1.png?fit=1080%2C1080&ssl=1&resize=350%2C200 1x, https:\/\/i0.wp.com\/terjebjornstad.com\/no\/wp-content\/uploads\/2021\/10\/matra-murena-1080x1080-1.png?fit=1080%2C1080&ssl=1&resize=525%2C300 1.5x, https:\/\/i0.wp.com\/terjebjornstad.com\/no\/wp-content\/uploads\/2021\/10\/matra-murena-1080x1080-1.png?fit=1080%2C1080&ssl=1&resize=700%2C400 2x, https:\/\/i0.wp.com\/terjebjornstad.com\/no\/wp-content\/uploads\/2021\/10\/matra-murena-1080x1080-1.png?fit=1080%2C1080&ssl=1&resize=1050%2C600 3x"},"classes":[]},{"id":7782,"url":"https:\/\/terjebjornstad.com\/no\/matrasimcatalbot\/","url_meta":{"origin":8232,"position":1},"title":"Simca (Soci\u00e9t\u00e9 Industrielle de M\u00e9canique\u2026","author":"Terje Bj\u00f8rnstad","date":"11\/10\/2016","format":false,"excerpt":"Simca (Soci\u00e9t\u00e9 Industrielle de M\u00e9canique et Carrosserie Automobile) begynte i 1934 med \u00e5 produsere Fiat p\u00e5 lisens. I 1951 kom Aronde som umiddelbart ble en salgssuksess. Etter overtakelsen av Fords fabrikk i Frankrike fikk Simca Vedette med i modellutvalget. Andre popul\u00e6re modeller var Simca 1000, 1300\/1500 og Simca 1100. I\u2026","rel":"","context":"Liknende innlegg","block_context":{"text":"Liknende innlegg","link":""},"img":{"alt_text":"","src":"https:\/\/i0.wp.com\/terjebjornstad.com\/no\/wp-content\/uploads\/2020\/07\/simca-logo-300x300-1.jpg?resize=350%2C200&ssl=1","width":350,"height":200},"classes":[]},{"id":14210,"url":"https:\/\/terjebjornstad.com\/no\/talbot-horizon\/","url_meta":{"origin":8232,"position":2},"title":"Talbot Horizon","author":"Terje Bj\u00f8rnstad","date":"19\/12\/2017","format":false,"excerpt":"Ikke mange igjen Sene Simca'er og Talbot'er havner i avdelingen for sjeldne, franske biler. Horizon er en slik bil. Da jeg s\u00f8kte p\u00e5 leboncoin.fr (fransk \"Finn.no\"), fant jeg 14 biler i hele Frankrike til salgs. P\u00e5 nettstedet Howmanyleft.co.uk finnes det kun 15 biler igjen av merkene Chrysler og Talbot Horizon\u2026","rel":"","context":"Liknende innlegg","block_context":{"text":"Liknende innlegg","link":""},"img":{"alt_text":"","src":"https:\/\/i0.wp.com\/terjebjornstad.com\/no\/wp-content\/uploads\/2017\/12\/82-talbot-horizon-gl-2-686.jpg?fit=640%2C480&ssl=1&resize=350%2C200","width":350,"height":200,"srcset":"https:\/\/i0.wp.com\/terjebjornstad.com\/no\/wp-content\/uploads\/2017\/12\/82-talbot-horizon-gl-2-686.jpg?fit=640%2C480&ssl=1&resize=350%2C200 1x, https:\/\/i0.wp.com\/terjebjornstad.com\/no\/wp-content\/uploads\/2017\/12\/82-talbot-horizon-gl-2-686.jpg?fit=640%2C480&ssl=1&resize=525%2C300 1.5x"},"classes":[]},{"id":69053,"url":"https:\/\/terjebjornstad.com\/no\/69053-2\/","url_meta":{"origin":8232,"position":3},"title":"... &nbsp; ...","author":"Terje Bj\u00f8rnstad","date":"26\/01\/2024","format":false,"excerpt":"... \u00a0 ...","rel":"","context":"Liknende innlegg","block_context":{"text":"Liknende innlegg","link":""},"img":{"alt_text":"","src":"https:\/\/i0.wp.com\/terjebjornstad.com\/no\/wp-content\/uploads\/2024\/11\/allbwd.png?resize=350%2C200&ssl=1","width":350,"height":200},"classes":[]},{"id":13869,"url":"https:\/\/terjebjornstad.com\/no\/chrysler\/","url_meta":{"origin":8232,"position":4},"title":"Chrysler","author":"Terje Bj\u00f8rnstad","date":"17\/11\/2017","format":false,"excerpt":"Blott til beundring \u00a0 Se ogs\u00e5 Matra, Simca, Talbot","rel":"","context":"Liknende innlegg","block_context":{"text":"Liknende innlegg","link":""},"img":{"alt_text":"","src":"https:\/\/i0.wp.com\/terjebjornstad.com\/no\/wp-content\/uploads\/2017\/11\/french-chrysler-180-1-686-300x219.png?resize=350%2C200&ssl=1","width":350,"height":200},"classes":[]},{"id":76531,"url":"https:\/\/terjebjornstad.com\/no\/vauxhall-viva-hb\/","url_meta":{"origin":8232,"position":5},"title":"Vauxhall Viva HB","author":"Terje Bj\u00f8rnstad","date":"30\/10\/2024","format":false,"excerpt":"Vauxhall Viva HB var utviklet i England med innflytelse fra GM's amerikanske modeller. En vakker, liten bil som i flere \u00e5r var et vanlig syn p\u00e5 veiene. I dag er de nesten borte. Kort om Vauxhall Viva HB Vauxhall Viva HB er vakre biler med en typisk Coke-bottle fasong. De\u2026","rel":"","context":"Liknende innlegg","block_context":{"text":"Liknende innlegg","link":""},"img":{"alt_text":"","src":"https:\/\/i0.wp.com\/terjebjornstad.com\/no\/wp-content\/uploads\/2023\/07\/vauxhall-viva-sl-1920x1920-1.jpg?fit=1200%2C1200&ssl=1&resize=350%2C200","width":350,"height":200,"srcset":"https:\/\/i0.wp.com\/terjebjornstad.com\/no\/wp-content\/uploads\/2023\/07\/vauxhall-viva-sl-1920x1920-1.jpg?fit=1200%2C1200&ssl=1&resize=350%2C200 1x, https:\/\/i0.wp.com\/terjebjornstad.com\/no\/wp-content\/uploads\/2023\/07\/vauxhall-viva-sl-1920x1920-1.jpg?fit=1200%2C1200&ssl=1&resize=525%2C300 1.5x, https:\/\/i0.wp.com\/terjebjornstad.com\/no\/wp-content\/uploads\/2023\/07\/vauxhall-viva-sl-1920x1920-1.jpg?fit=1200%2C1200&ssl=1&resize=700%2C400 2x, https:\/\/i0.wp.com\/terjebjornstad.com\/no\/wp-content\/uploads\/2023\/07\/vauxhall-viva-sl-1920x1920-1.jpg?fit=1200%2C1200&ssl=1&resize=1050%2C600 3x"},"classes":[]}],"_links":{"self":[{"href":"https:\/\/terjebjornstad.com\/no\/wp-json\/wp\/v2\/pages\/8232","targetHints":{"allow":["GET"]}}],"collection":[{"href":"https:\/\/terjebjornstad.com\/no\/wp-json\/wp\/v2\/pages"}],"about":[{"href":"https:\/\/terjebjornstad.com\/no\/wp-json\/wp\/v2\/types\/page"}],"author":[{"embeddable":true,"href":"https:\/\/terjebjornstad.com\/no\/wp-json\/wp\/v2\/users\/1"}],"replies":[{"embeddable":true,"href":"https:\/\/terjebjornstad.com\/no\/wp-json\/wp\/v2\/comments?post=8232"}],"version-history":[{"count":20,"href":"https:\/\/terjebjornstad.com\/no\/wp-json\/wp\/v2\/pages\/8232\/revisions"}],"predecessor-version":[{"id":85497,"href":"https:\/\/terjebjornstad.com\/no\/wp-json\/wp\/v2\/pages\/8232\/revisions\/85497"}],"wp:featuredmedia":[{"embeddable":true,"href":"https:\/\/terjebjornstad.com\/no\/wp-json\/wp\/v2\/media\/56392"}],"wp:attachment":[{"href":"https:\/\/terjebjornstad.com\/no\/wp-json\/wp\/v2\/media?parent=8232"}],"curies":[{"name":"wp","href":"https:\/\/api.w.org\/{rel}","templated":true}]}}