{"id":72186,"date":"2024-05-20T00:07:34","date_gmt":"2024-05-19T23:07:34","guid":{"rendered":"https:\/\/terjebjornstad.com\/no\/?page_id=72186"},"modified":"2026-02-26T23:33:33","modified_gmt":"2026-02-26T22:33:33","slug":"bilene-fra-1967","status":"publish","type":"page","link":"https:\/\/terjebjornstad.com\/no\/bilene-fra-1967\/","title":{"rendered":"Bilene fra 1967"},"content":{"rendered":"<div class=\"copy_teb\"><figure id=\"attachment_32561\" aria-describedby=\"caption-attachment-32561\" style=\"width: 1080px\" class=\"wp-caption aligncenter\"><a href=\"https:\/\/i0.wp.com\/terjebjornstad.com\/no\/wp-content\/uploads\/2020\/05\/1967-ford-mustang-289-1080x720-1.png?ssl=1\"><img data-recalc-dims=\"1\" loading=\"lazy\" decoding=\"async\" data-attachment-id=\"32561\" data-permalink=\"https:\/\/terjebjornstad.com\/no\/2020\/05\/17\/utflukt-til-hadeland-glassverk\/1967-ford-mustang-289-1080x720\/\" data-orig-file=\"https:\/\/i0.wp.com\/terjebjornstad.com\/no\/wp-content\/uploads\/2020\/05\/1967-ford-mustang-289-1080x720-1.png?fit=1080%2C720&amp;ssl=1\" data-orig-size=\"1080,720\" data-comments-opened=\"1\" data-image-meta=\"{&quot;aperture&quot;:&quot;0&quot;,&quot;credit&quot;:&quot;&quot;,&quot;camera&quot;:&quot;&quot;,&quot;caption&quot;:&quot;&quot;,&quot;created_timestamp&quot;:&quot;0&quot;,&quot;copyright&quot;:&quot;&quot;,&quot;focal_length&quot;:&quot;0&quot;,&quot;iso&quot;:&quot;0&quot;,&quot;shutter_speed&quot;:&quot;0&quot;,&quot;title&quot;:&quot;&quot;,&quot;orientation&quot;:&quot;0&quot;}\" data-image-title=\"1967-ford-mustang-289-1080&amp;#215;720\" data-image-description=\"\" data-image-caption=\"&lt;p&gt;Ford Mustang 289 GT V8 Fastback var en bil mange dr\u00f8mte om i 1967.&lt;\/p&gt;\n\" data-large-file=\"https:\/\/i0.wp.com\/terjebjornstad.com\/no\/wp-content\/uploads\/2020\/05\/1967-ford-mustang-289-1080x720-1.png?fit=980%2C653&amp;ssl=1\" src=\"https:\/\/i0.wp.com\/terjebjornstad.com\/no\/wp-content\/uploads\/2020\/05\/1967-ford-mustang-289-1080x720-1.png?resize=980%2C653&#038;ssl=1\" alt=\"1967\" width=\"980\" height=\"653\" class=\"size-full wp-image-32561\" srcset=\"https:\/\/i0.wp.com\/terjebjornstad.com\/no\/wp-content\/uploads\/2020\/05\/1967-ford-mustang-289-1080x720-1.png?w=1080&amp;ssl=1 1080w, https:\/\/i0.wp.com\/terjebjornstad.com\/no\/wp-content\/uploads\/2020\/05\/1967-ford-mustang-289-1080x720-1.png?resize=300%2C200&amp;ssl=1 300w, https:\/\/i0.wp.com\/terjebjornstad.com\/no\/wp-content\/uploads\/2020\/05\/1967-ford-mustang-289-1080x720-1.png?resize=768%2C512&amp;ssl=1 768w, https:\/\/i0.wp.com\/terjebjornstad.com\/no\/wp-content\/uploads\/2020\/05\/1967-ford-mustang-289-1080x720-1.png?resize=690%2C460&amp;ssl=1 690w, https:\/\/i0.wp.com\/terjebjornstad.com\/no\/wp-content\/uploads\/2020\/05\/1967-ford-mustang-289-1080x720-1.png?resize=980%2C653&amp;ssl=1 980w\" sizes=\"auto, (max-width: 980px) 100vw, 980px\" \/><\/a><figcaption id=\"caption-attachment-32561\" class=\"wp-caption-text\">Ford Mustang 289 GT V8 Fastback var en bil mange dr\u00f8mte om i 1967.<\/figcaption><\/figure><\/p>\n<blockquote><p>Sverige innf\u00f8rte h\u00f8yrekj\u00f8ring og sangen &laquo;H\u00e5ll dig till h\u00f6ger, Svenson&raquo; med Telstars kom p\u00e5 Svensktoppen. Seksdagerskrigen br\u00f8t ut i Midt-\u00d8sten. Popstjernen Twiggy kj\u00f8rte Mini og Beatles sang &laquo;All You Need is Love&raquo;.<\/p><\/blockquote>\n<\/div>\n<figure id=\"attachment_21608\" aria-describedby=\"caption-attachment-21608\" style=\"width: 96px\" class=\"wp-caption alignleft\"><img data-recalc-dims=\"1\" loading=\"lazy\" decoding=\"async\" data-attachment-id=\"21608\" data-permalink=\"https:\/\/terjebjornstad.com\/no\/2019\/02\/08\/enkel-motorisering-til-unnsetning\/terjesbiler-the-gbu\/\" data-orig-file=\"https:\/\/i0.wp.com\/terjebjornstad.com\/no\/wp-content\/uploads\/2019\/02\/terjesbiler-the-gbu.png?fit=96%2C96&amp;ssl=1\" data-orig-size=\"96,96\" data-comments-opened=\"1\" data-image-meta=\"{&quot;aperture&quot;:&quot;0&quot;,&quot;credit&quot;:&quot;&quot;,&quot;camera&quot;:&quot;&quot;,&quot;caption&quot;:&quot;&quot;,&quot;created_timestamp&quot;:&quot;0&quot;,&quot;copyright&quot;:&quot;&quot;,&quot;focal_length&quot;:&quot;0&quot;,&quot;iso&quot;:&quot;0&quot;,&quot;shutter_speed&quot;:&quot;0&quot;,&quot;title&quot;:&quot;&quot;,&quot;orientation&quot;:&quot;0&quot;}\" data-image-title=\"terjesbiler-the-gbu\" data-image-description=\"\" data-image-caption=\"&lt;p&gt;&amp;nbsp;&lt;\/p&gt;\n\" data-large-file=\"https:\/\/i0.wp.com\/terjebjornstad.com\/no\/wp-content\/uploads\/2019\/02\/terjesbiler-the-gbu.png?fit=96%2C96&amp;ssl=1\" src=\"https:\/\/i0.wp.com\/terjebjornstad.com\/no\/wp-content\/uploads\/2019\/02\/terjesbiler-the-gbu.png?resize=96%2C96&#038;ssl=1\" alt=\"1967\" width=\"96\" height=\"96\" class=\"size-full wp-image-21608\" srcset=\"https:\/\/i0.wp.com\/terjebjornstad.com\/no\/wp-content\/uploads\/2019\/02\/terjesbiler-the-gbu.png?w=96&amp;ssl=1 96w, https:\/\/i0.wp.com\/terjebjornstad.com\/no\/wp-content\/uploads\/2019\/02\/terjesbiler-the-gbu.png?resize=50%2C50&amp;ssl=1 50w\" sizes=\"auto, (max-width: 96px) 100vw, 96px\" \/><figcaption id=\"caption-attachment-21608\" class=\"wp-caption-text\">&nbsp;<\/figcaption><\/figure>\n<p>Turer med bil, telt, camping-stoler og fiskestenger var typisk for 1967. Vi kj\u00f8rte lange turer i Moskvichen, ofte if\u00f8lge med mor og fars venner i 1953 Volkswagen &laquo;Zwitter&raquo;. Det ble ogs\u00e5 en langtur if\u00f8lge med en 1955 Opel Rekord. De to bilene var fra samme tidsepoke, men jeg syntes Opelen l\u00e5 bedre p\u00e5 fjellveiene enn Moskvichen. Faren min begynte for \u00f8vrig \u00e5 bli lei av \u00e5 kj\u00f8re med bare 3 giret kasse. Han \u00f8nsket seg Saab med 4 gir &#8211; en &laquo;Saab-abb-abb-abb-abb!&raquo;<\/p>\n<div class=\"copy_teb\">\n\n<blockquote><p>Galleriet viser biler av \u00e5rsmodell 1967. Ved \u00e5 klikke p\u00e5 ett bilde, kan du sveipe over alle i full-skjerm modus.<\/p><\/blockquote>\n<\/div>\n\n<h3 class=\"tebh2ingreslbcenter\">1967<\/h3>\n<figure id=\"attachment_84762\" aria-describedby=\"caption-attachment-84762\" style=\"width: 1920px\" class=\"wp-caption aligncenter\"><a href=\"https:\/\/i0.wp.com\/terjebjornstad.com\/no\/wp-content\/uploads\/2025\/09\/1967-volvo-144-b18-1920x190-1.jpg?ssl=1\"><img data-recalc-dims=\"1\" loading=\"lazy\" decoding=\"async\" data-attachment-id=\"84762\" data-permalink=\"https:\/\/terjebjornstad.com\/no\/2025\/09\/28\/volvo-hosttreff-hos-bilia-jessheim\/1967-volvo-144-b18-1920x190\/\" data-orig-file=\"https:\/\/i0.wp.com\/terjebjornstad.com\/no\/wp-content\/uploads\/2025\/09\/1967-volvo-144-b18-1920x190-1.jpg?fit=1920%2C1920&amp;ssl=1\" data-orig-size=\"1920,1920\" data-comments-opened=\"1\" data-image-meta=\"{&quot;aperture&quot;:&quot;0&quot;,&quot;credit&quot;:&quot;&quot;,&quot;camera&quot;:&quot;&quot;,&quot;caption&quot;:&quot;&quot;,&quot;created_timestamp&quot;:&quot;0&quot;,&quot;copyright&quot;:&quot;&quot;,&quot;focal_length&quot;:&quot;0&quot;,&quot;iso&quot;:&quot;0&quot;,&quot;shutter_speed&quot;:&quot;0&quot;,&quot;title&quot;:&quot;&quot;,&quot;orientation&quot;:&quot;0&quot;}\" data-image-title=\"1967-volvo-144-b18-1920&amp;#215;190\" data-image-description=\"\" data-image-caption=\"&lt;p&gt;1967 Volvo 144 B18&lt;\/p&gt;\n\" data-large-file=\"https:\/\/i0.wp.com\/terjebjornstad.com\/no\/wp-content\/uploads\/2025\/09\/1967-volvo-144-b18-1920x190-1.jpg?fit=980%2C980&amp;ssl=1\" src=\"https:\/\/i0.wp.com\/terjebjornstad.com\/no\/wp-content\/uploads\/2025\/09\/1967-volvo-144-b18-1920x190-1.jpg?resize=980%2C980&#038;ssl=1\" alt=\"\" width=\"980\" height=\"980\" class=\"size-full wp-image-84762\" srcset=\"https:\/\/i0.wp.com\/terjebjornstad.com\/no\/wp-content\/uploads\/2025\/09\/1967-volvo-144-b18-1920x190-1.jpg?w=1920&amp;ssl=1 1920w, https:\/\/i0.wp.com\/terjebjornstad.com\/no\/wp-content\/uploads\/2025\/09\/1967-volvo-144-b18-1920x190-1.jpg?resize=300%2C300&amp;ssl=1 300w, https:\/\/i0.wp.com\/terjebjornstad.com\/no\/wp-content\/uploads\/2025\/09\/1967-volvo-144-b18-1920x190-1.jpg?resize=1080%2C1080&amp;ssl=1 1080w, https:\/\/i0.wp.com\/terjebjornstad.com\/no\/wp-content\/uploads\/2025\/09\/1967-volvo-144-b18-1920x190-1.jpg?resize=150%2C150&amp;ssl=1 150w, https:\/\/i0.wp.com\/terjebjornstad.com\/no\/wp-content\/uploads\/2025\/09\/1967-volvo-144-b18-1920x190-1.jpg?resize=768%2C768&amp;ssl=1 768w, https:\/\/i0.wp.com\/terjebjornstad.com\/no\/wp-content\/uploads\/2025\/09\/1967-volvo-144-b18-1920x190-1.jpg?resize=1536%2C1536&amp;ssl=1 1536w, https:\/\/i0.wp.com\/terjebjornstad.com\/no\/wp-content\/uploads\/2025\/09\/1967-volvo-144-b18-1920x190-1.jpg?resize=690%2C690&amp;ssl=1 690w, https:\/\/i0.wp.com\/terjebjornstad.com\/no\/wp-content\/uploads\/2025\/09\/1967-volvo-144-b18-1920x190-1.jpg?resize=980%2C980&amp;ssl=1 980w, https:\/\/i0.wp.com\/terjebjornstad.com\/no\/wp-content\/uploads\/2025\/09\/1967-volvo-144-b18-1920x190-1.jpg?resize=50%2C50&amp;ssl=1 50w\" sizes=\"auto, (max-width: 980px) 100vw, 980px\" \/><\/a><figcaption id=\"caption-attachment-84762\" class=\"wp-caption-text\">1967 Volvo 144 B18<\/figcaption><\/figure>\n<figure id=\"attachment_84505\" aria-describedby=\"caption-attachment-84505\" style=\"width: 1920px\" class=\"wp-caption aligncenter\"><a href=\"https:\/\/i0.wp.com\/terjebjornstad.com\/no\/wp-content\/uploads\/2025\/09\/1967-mercedes-benz-250-s-1920x1920-1.jpg?ssl=1\"><img data-recalc-dims=\"1\" loading=\"lazy\" decoding=\"async\" data-attachment-id=\"84505\" data-permalink=\"https:\/\/terjebjornstad.com\/no\/mercedes-benz-w108\/1967-mercedes-benz-250-s-1920x1920\/\" data-orig-file=\"https:\/\/i0.wp.com\/terjebjornstad.com\/no\/wp-content\/uploads\/2025\/09\/1967-mercedes-benz-250-s-1920x1920-1.jpg?fit=1920%2C1920&amp;ssl=1\" data-orig-size=\"1920,1920\" data-comments-opened=\"1\" data-image-meta=\"{&quot;aperture&quot;:&quot;0&quot;,&quot;credit&quot;:&quot;&quot;,&quot;camera&quot;:&quot;&quot;,&quot;caption&quot;:&quot;&quot;,&quot;created_timestamp&quot;:&quot;0&quot;,&quot;copyright&quot;:&quot;&quot;,&quot;focal_length&quot;:&quot;0&quot;,&quot;iso&quot;:&quot;0&quot;,&quot;shutter_speed&quot;:&quot;0&quot;,&quot;title&quot;:&quot;&quot;,&quot;orientation&quot;:&quot;0&quot;}\" data-image-title=\"1967-mercedes-benz-250-s-1920&amp;#215;1920\" data-image-description=\"\" data-image-caption=\"&lt;p&gt;1967 Mercedes-Benz 250 S.&lt;\/p&gt;\n\" data-large-file=\"https:\/\/i0.wp.com\/terjebjornstad.com\/no\/wp-content\/uploads\/2025\/09\/1967-mercedes-benz-250-s-1920x1920-1.jpg?fit=980%2C980&amp;ssl=1\" src=\"https:\/\/i0.wp.com\/terjebjornstad.com\/no\/wp-content\/uploads\/2025\/09\/1967-mercedes-benz-250-s-1920x1920-1.jpg?resize=980%2C980&#038;ssl=1\" alt=\"\" width=\"980\" height=\"980\" class=\"size-full wp-image-84505\" srcset=\"https:\/\/i0.wp.com\/terjebjornstad.com\/no\/wp-content\/uploads\/2025\/09\/1967-mercedes-benz-250-s-1920x1920-1.jpg?w=1920&amp;ssl=1 1920w, https:\/\/i0.wp.com\/terjebjornstad.com\/no\/wp-content\/uploads\/2025\/09\/1967-mercedes-benz-250-s-1920x1920-1.jpg?resize=300%2C300&amp;ssl=1 300w, https:\/\/i0.wp.com\/terjebjornstad.com\/no\/wp-content\/uploads\/2025\/09\/1967-mercedes-benz-250-s-1920x1920-1.jpg?resize=1080%2C1080&amp;ssl=1 1080w, https:\/\/i0.wp.com\/terjebjornstad.com\/no\/wp-content\/uploads\/2025\/09\/1967-mercedes-benz-250-s-1920x1920-1.jpg?resize=150%2C150&amp;ssl=1 150w, https:\/\/i0.wp.com\/terjebjornstad.com\/no\/wp-content\/uploads\/2025\/09\/1967-mercedes-benz-250-s-1920x1920-1.jpg?resize=768%2C768&amp;ssl=1 768w, https:\/\/i0.wp.com\/terjebjornstad.com\/no\/wp-content\/uploads\/2025\/09\/1967-mercedes-benz-250-s-1920x1920-1.jpg?resize=1536%2C1536&amp;ssl=1 1536w, https:\/\/i0.wp.com\/terjebjornstad.com\/no\/wp-content\/uploads\/2025\/09\/1967-mercedes-benz-250-s-1920x1920-1.jpg?resize=690%2C690&amp;ssl=1 690w, https:\/\/i0.wp.com\/terjebjornstad.com\/no\/wp-content\/uploads\/2025\/09\/1967-mercedes-benz-250-s-1920x1920-1.jpg?resize=980%2C980&amp;ssl=1 980w, https:\/\/i0.wp.com\/terjebjornstad.com\/no\/wp-content\/uploads\/2025\/09\/1967-mercedes-benz-250-s-1920x1920-1.jpg?resize=50%2C50&amp;ssl=1 50w\" sizes=\"auto, (max-width: 980px) 100vw, 980px\" \/><\/a><figcaption id=\"caption-attachment-84505\" class=\"wp-caption-text\">1967 Mercedes-Benz 250 S.<\/figcaption><\/figure>\n<figure id=\"attachment_81362\" aria-describedby=\"caption-attachment-81362\" style=\"width: 1440px\" class=\"wp-caption aligncenter\"><a href=\"https:\/\/i0.wp.com\/terjebjornstad.com\/no\/wp-content\/uploads\/2025\/06\/1967-ford-17m-super-1657-1440x1920-1.jpg?ssl=1\"><img data-recalc-dims=\"1\" loading=\"lazy\" decoding=\"async\" data-attachment-id=\"81362\" data-permalink=\"https:\/\/terjebjornstad.com\/no\/ford-p5\/1967-ford-17m-super-1657-1440x1920\/\" data-orig-file=\"https:\/\/i0.wp.com\/terjebjornstad.com\/no\/wp-content\/uploads\/2025\/06\/1967-ford-17m-super-1657-1440x1920-1.jpg?fit=1440%2C1920&amp;ssl=1\" data-orig-size=\"1440,1920\" data-comments-opened=\"1\" data-image-meta=\"{&quot;aperture&quot;:&quot;0&quot;,&quot;credit&quot;:&quot;&quot;,&quot;camera&quot;:&quot;&quot;,&quot;caption&quot;:&quot;&quot;,&quot;created_timestamp&quot;:&quot;0&quot;,&quot;copyright&quot;:&quot;&quot;,&quot;focal_length&quot;:&quot;0&quot;,&quot;iso&quot;:&quot;0&quot;,&quot;shutter_speed&quot;:&quot;0&quot;,&quot;title&quot;:&quot;&quot;,&quot;orientation&quot;:&quot;0&quot;}\" data-image-title=\"1967-ford-17m-super-1657-1440&amp;#215;1920\" data-image-description=\"\" data-image-caption=\"&lt;p&gt;1967 Ford 17M Super&lt;\/p&gt;\n\" data-large-file=\"https:\/\/i0.wp.com\/terjebjornstad.com\/no\/wp-content\/uploads\/2025\/06\/1967-ford-17m-super-1657-1440x1920-1.jpg?fit=810%2C1080&amp;ssl=1\" src=\"https:\/\/i0.wp.com\/terjebjornstad.com\/no\/wp-content\/uploads\/2025\/06\/1967-ford-17m-super-1657-1440x1920-1.jpg?resize=980%2C1307&#038;ssl=1\" alt=\"\" width=\"980\" height=\"1307\" class=\"size-full wp-image-81362\" srcset=\"https:\/\/i0.wp.com\/terjebjornstad.com\/no\/wp-content\/uploads\/2025\/06\/1967-ford-17m-super-1657-1440x1920-1.jpg?w=1440&amp;ssl=1 1440w, https:\/\/i0.wp.com\/terjebjornstad.com\/no\/wp-content\/uploads\/2025\/06\/1967-ford-17m-super-1657-1440x1920-1.jpg?resize=225%2C300&amp;ssl=1 225w, https:\/\/i0.wp.com\/terjebjornstad.com\/no\/wp-content\/uploads\/2025\/06\/1967-ford-17m-super-1657-1440x1920-1.jpg?resize=810%2C1080&amp;ssl=1 810w, https:\/\/i0.wp.com\/terjebjornstad.com\/no\/wp-content\/uploads\/2025\/06\/1967-ford-17m-super-1657-1440x1920-1.jpg?resize=768%2C1024&amp;ssl=1 768w, https:\/\/i0.wp.com\/terjebjornstad.com\/no\/wp-content\/uploads\/2025\/06\/1967-ford-17m-super-1657-1440x1920-1.jpg?resize=1152%2C1536&amp;ssl=1 1152w, https:\/\/i0.wp.com\/terjebjornstad.com\/no\/wp-content\/uploads\/2025\/06\/1967-ford-17m-super-1657-1440x1920-1.jpg?resize=690%2C920&amp;ssl=1 690w, https:\/\/i0.wp.com\/terjebjornstad.com\/no\/wp-content\/uploads\/2025\/06\/1967-ford-17m-super-1657-1440x1920-1.jpg?resize=980%2C1307&amp;ssl=1 980w\" sizes=\"auto, (max-width: 980px) 100vw, 980px\" \/><\/a><figcaption id=\"caption-attachment-81362\" class=\"wp-caption-text\">1967 Ford 17M Super<\/figcaption><\/figure>\n<figure id=\"attachment_80694\" aria-describedby=\"caption-attachment-80694\" style=\"width: 1920px\" class=\"wp-caption aligncenter\"><a href=\"https:\/\/i0.wp.com\/terjebjornstad.com\/no\/wp-content\/uploads\/2025\/05\/1967-morris-1100-traveller-1920x1440-1.jpg?ssl=1\"><img data-recalc-dims=\"1\" loading=\"lazy\" decoding=\"async\" data-attachment-id=\"80694\" data-permalink=\"https:\/\/terjebjornstad.com\/no\/2025\/05\/28\/enfield-pageant-of-motoring\/1967-morris-1100-traveller-1920x1440\/\" data-orig-file=\"https:\/\/i0.wp.com\/terjebjornstad.com\/no\/wp-content\/uploads\/2025\/05\/1967-morris-1100-traveller-1920x1440-1.jpg?fit=1920%2C1440&amp;ssl=1\" data-orig-size=\"1920,1440\" data-comments-opened=\"1\" data-image-meta=\"{&quot;aperture&quot;:&quot;0&quot;,&quot;credit&quot;:&quot;&quot;,&quot;camera&quot;:&quot;&quot;,&quot;caption&quot;:&quot;&quot;,&quot;created_timestamp&quot;:&quot;0&quot;,&quot;copyright&quot;:&quot;&quot;,&quot;focal_length&quot;:&quot;0&quot;,&quot;iso&quot;:&quot;0&quot;,&quot;shutter_speed&quot;:&quot;0&quot;,&quot;title&quot;:&quot;&quot;,&quot;orientation&quot;:&quot;0&quot;}\" data-image-title=\"1967-morris-1100-traveller-1920&amp;#215;1440\" data-image-description=\"\" data-image-caption=\"&lt;p&gt;1967 Morris 1100 Traveller.&lt;\/p&gt;\n\" data-large-file=\"https:\/\/i0.wp.com\/terjebjornstad.com\/no\/wp-content\/uploads\/2025\/05\/1967-morris-1100-traveller-1920x1440-1.jpg?fit=980%2C735&amp;ssl=1\" src=\"https:\/\/i0.wp.com\/terjebjornstad.com\/no\/wp-content\/uploads\/2025\/05\/1967-morris-1100-traveller-1920x1440-1.jpg?resize=980%2C735&#038;ssl=1\" alt=\"\" width=\"980\" height=\"735\" class=\"size-full wp-image-80694\" srcset=\"https:\/\/i0.wp.com\/terjebjornstad.com\/no\/wp-content\/uploads\/2025\/05\/1967-morris-1100-traveller-1920x1440-1.jpg?w=1920&amp;ssl=1 1920w, https:\/\/i0.wp.com\/terjebjornstad.com\/no\/wp-content\/uploads\/2025\/05\/1967-morris-1100-traveller-1920x1440-1.jpg?resize=300%2C225&amp;ssl=1 300w, https:\/\/i0.wp.com\/terjebjornstad.com\/no\/wp-content\/uploads\/2025\/05\/1967-morris-1100-traveller-1920x1440-1.jpg?resize=1080%2C810&amp;ssl=1 1080w, https:\/\/i0.wp.com\/terjebjornstad.com\/no\/wp-content\/uploads\/2025\/05\/1967-morris-1100-traveller-1920x1440-1.jpg?resize=768%2C576&amp;ssl=1 768w, https:\/\/i0.wp.com\/terjebjornstad.com\/no\/wp-content\/uploads\/2025\/05\/1967-morris-1100-traveller-1920x1440-1.jpg?resize=1536%2C1152&amp;ssl=1 1536w, https:\/\/i0.wp.com\/terjebjornstad.com\/no\/wp-content\/uploads\/2025\/05\/1967-morris-1100-traveller-1920x1440-1.jpg?resize=690%2C518&amp;ssl=1 690w, https:\/\/i0.wp.com\/terjebjornstad.com\/no\/wp-content\/uploads\/2025\/05\/1967-morris-1100-traveller-1920x1440-1.jpg?resize=980%2C735&amp;ssl=1 980w\" sizes=\"auto, (max-width: 980px) 100vw, 980px\" \/><\/a><figcaption id=\"caption-attachment-80694\" class=\"wp-caption-text\">1967 Morris 1100 Traveller.<\/figcaption><\/figure>\n<figure id=\"attachment_80693\" aria-describedby=\"caption-attachment-80693\" style=\"width: 1920px\" class=\"wp-caption aligncenter\"><a href=\"https:\/\/i0.wp.com\/terjebjornstad.com\/no\/wp-content\/uploads\/2025\/05\/1967-ford-anglia-super-1200-estate-1920x1920-1.jpg?ssl=1\"><img data-recalc-dims=\"1\" loading=\"lazy\" decoding=\"async\" data-attachment-id=\"80693\" data-permalink=\"https:\/\/terjebjornstad.com\/no\/2025\/05\/28\/enfield-pageant-of-motoring\/1967-ford-anglia-super-1200-estate-1920x1920\/\" data-orig-file=\"https:\/\/i0.wp.com\/terjebjornstad.com\/no\/wp-content\/uploads\/2025\/05\/1967-ford-anglia-super-1200-estate-1920x1920-1.jpg?fit=1920%2C1920&amp;ssl=1\" data-orig-size=\"1920,1920\" data-comments-opened=\"1\" data-image-meta=\"{&quot;aperture&quot;:&quot;0&quot;,&quot;credit&quot;:&quot;&quot;,&quot;camera&quot;:&quot;&quot;,&quot;caption&quot;:&quot;&quot;,&quot;created_timestamp&quot;:&quot;0&quot;,&quot;copyright&quot;:&quot;&quot;,&quot;focal_length&quot;:&quot;0&quot;,&quot;iso&quot;:&quot;0&quot;,&quot;shutter_speed&quot;:&quot;0&quot;,&quot;title&quot;:&quot;&quot;,&quot;orientation&quot;:&quot;0&quot;}\" data-image-title=\"1967-ford-anglia-super-1200-estate-1920&amp;#215;1920\" data-image-description=\"\" data-image-caption=\"&lt;p&gt;1967 Ford Anglia 1200 (123E) Super Estate&lt;\/p&gt;\n\" data-large-file=\"https:\/\/i0.wp.com\/terjebjornstad.com\/no\/wp-content\/uploads\/2025\/05\/1967-ford-anglia-super-1200-estate-1920x1920-1.jpg?fit=980%2C980&amp;ssl=1\" src=\"https:\/\/i0.wp.com\/terjebjornstad.com\/no\/wp-content\/uploads\/2025\/05\/1967-ford-anglia-super-1200-estate-1920x1920-1.jpg?resize=980%2C980&#038;ssl=1\" alt=\"\" width=\"980\" height=\"980\" class=\"size-full wp-image-80693\" srcset=\"https:\/\/i0.wp.com\/terjebjornstad.com\/no\/wp-content\/uploads\/2025\/05\/1967-ford-anglia-super-1200-estate-1920x1920-1.jpg?w=1920&amp;ssl=1 1920w, https:\/\/i0.wp.com\/terjebjornstad.com\/no\/wp-content\/uploads\/2025\/05\/1967-ford-anglia-super-1200-estate-1920x1920-1.jpg?resize=300%2C300&amp;ssl=1 300w, https:\/\/i0.wp.com\/terjebjornstad.com\/no\/wp-content\/uploads\/2025\/05\/1967-ford-anglia-super-1200-estate-1920x1920-1.jpg?resize=1080%2C1080&amp;ssl=1 1080w, https:\/\/i0.wp.com\/terjebjornstad.com\/no\/wp-content\/uploads\/2025\/05\/1967-ford-anglia-super-1200-estate-1920x1920-1.jpg?resize=150%2C150&amp;ssl=1 150w, https:\/\/i0.wp.com\/terjebjornstad.com\/no\/wp-content\/uploads\/2025\/05\/1967-ford-anglia-super-1200-estate-1920x1920-1.jpg?resize=768%2C768&amp;ssl=1 768w, https:\/\/i0.wp.com\/terjebjornstad.com\/no\/wp-content\/uploads\/2025\/05\/1967-ford-anglia-super-1200-estate-1920x1920-1.jpg?resize=1536%2C1536&amp;ssl=1 1536w, https:\/\/i0.wp.com\/terjebjornstad.com\/no\/wp-content\/uploads\/2025\/05\/1967-ford-anglia-super-1200-estate-1920x1920-1.jpg?resize=690%2C690&amp;ssl=1 690w, https:\/\/i0.wp.com\/terjebjornstad.com\/no\/wp-content\/uploads\/2025\/05\/1967-ford-anglia-super-1200-estate-1920x1920-1.jpg?resize=980%2C980&amp;ssl=1 980w, https:\/\/i0.wp.com\/terjebjornstad.com\/no\/wp-content\/uploads\/2025\/05\/1967-ford-anglia-super-1200-estate-1920x1920-1.jpg?resize=50%2C50&amp;ssl=1 50w\" sizes=\"auto, (max-width: 980px) 100vw, 980px\" \/><\/a><figcaption id=\"caption-attachment-80693\" class=\"wp-caption-text\">1967 Ford Anglia 1200 (123E) Super Estate<\/figcaption><\/figure>\n<figure id=\"attachment_76370\" aria-describedby=\"caption-attachment-76370\" style=\"width: 1920px\" class=\"wp-caption aligncenter\"><a href=\"https:\/\/i0.wp.com\/terjebjornstad.com\/no\/wp-content\/uploads\/2024\/10\/3-1967-chevrolet-camaro-ss-rs-1920x1280-1.jpg?ssl=1\"><img data-recalc-dims=\"1\" loading=\"lazy\" decoding=\"async\" data-attachment-id=\"76370\" data-permalink=\"https:\/\/terjebjornstad.com\/no\/2024\/10\/27\/oslo-motor-show-2024\/3-1967-chevrolet-camaro-ss-rs-1920x1280\/\" data-orig-file=\"https:\/\/i0.wp.com\/terjebjornstad.com\/no\/wp-content\/uploads\/2024\/10\/3-1967-chevrolet-camaro-ss-rs-1920x1280-1.jpg?fit=1920%2C1280&amp;ssl=1\" data-orig-size=\"1920,1280\" data-comments-opened=\"1\" data-image-meta=\"{&quot;aperture&quot;:&quot;0&quot;,&quot;credit&quot;:&quot;&quot;,&quot;camera&quot;:&quot;&quot;,&quot;caption&quot;:&quot;&quot;,&quot;created_timestamp&quot;:&quot;0&quot;,&quot;copyright&quot;:&quot;&quot;,&quot;focal_length&quot;:&quot;0&quot;,&quot;iso&quot;:&quot;0&quot;,&quot;shutter_speed&quot;:&quot;0&quot;,&quot;title&quot;:&quot;&quot;,&quot;orientation&quot;:&quot;0&quot;}\" data-image-title=\"3-1967-chevrolet-camaro-ss-rs-1920&amp;#215;1280\" data-image-description=\"\" data-image-caption=\"&lt;p&gt;1967 Chevrolet Camaro SS RS&lt;\/p&gt;\n\" data-large-file=\"https:\/\/i0.wp.com\/terjebjornstad.com\/no\/wp-content\/uploads\/2024\/10\/3-1967-chevrolet-camaro-ss-rs-1920x1280-1.jpg?fit=980%2C653&amp;ssl=1\" src=\"https:\/\/i0.wp.com\/terjebjornstad.com\/no\/wp-content\/uploads\/2024\/10\/3-1967-chevrolet-camaro-ss-rs-1920x1280-1.jpg?resize=980%2C653&#038;ssl=1\" alt=\"\" width=\"980\" height=\"653\" class=\"size-full wp-image-76370\" srcset=\"https:\/\/i0.wp.com\/terjebjornstad.com\/no\/wp-content\/uploads\/2024\/10\/3-1967-chevrolet-camaro-ss-rs-1920x1280-1.jpg?w=1920&amp;ssl=1 1920w, https:\/\/i0.wp.com\/terjebjornstad.com\/no\/wp-content\/uploads\/2024\/10\/3-1967-chevrolet-camaro-ss-rs-1920x1280-1.jpg?resize=300%2C200&amp;ssl=1 300w, https:\/\/i0.wp.com\/terjebjornstad.com\/no\/wp-content\/uploads\/2024\/10\/3-1967-chevrolet-camaro-ss-rs-1920x1280-1.jpg?resize=1080%2C720&amp;ssl=1 1080w, https:\/\/i0.wp.com\/terjebjornstad.com\/no\/wp-content\/uploads\/2024\/10\/3-1967-chevrolet-camaro-ss-rs-1920x1280-1.jpg?resize=768%2C512&amp;ssl=1 768w, https:\/\/i0.wp.com\/terjebjornstad.com\/no\/wp-content\/uploads\/2024\/10\/3-1967-chevrolet-camaro-ss-rs-1920x1280-1.jpg?resize=1536%2C1024&amp;ssl=1 1536w, https:\/\/i0.wp.com\/terjebjornstad.com\/no\/wp-content\/uploads\/2024\/10\/3-1967-chevrolet-camaro-ss-rs-1920x1280-1.jpg?resize=690%2C460&amp;ssl=1 690w, https:\/\/i0.wp.com\/terjebjornstad.com\/no\/wp-content\/uploads\/2024\/10\/3-1967-chevrolet-camaro-ss-rs-1920x1280-1.jpg?resize=980%2C653&amp;ssl=1 980w\" sizes=\"auto, (max-width: 980px) 100vw, 980px\" \/><\/a><figcaption id=\"caption-attachment-76370\" class=\"wp-caption-text\">1967 Chevrolet Camaro SS RS<\/figcaption><\/figure>\n<figure id=\"attachment_72957\" aria-describedby=\"caption-attachment-72957\" style=\"width: 1920px\" class=\"wp-caption aligncenter\"><a href=\"https:\/\/i0.wp.com\/terjebjornstad.com\/no\/wp-content\/uploads\/2024\/06\/1967-ford-105e-anglia-1920x1280-1.jpg?ssl=1\"><img data-recalc-dims=\"1\" loading=\"lazy\" decoding=\"async\" data-attachment-id=\"72957\" data-permalink=\"https:\/\/terjebjornstad.com\/no\/2024\/06\/24\/fotosondag-stolpejakt\/1967-ford-105e-anglia-1920x1280\/\" data-orig-file=\"https:\/\/i0.wp.com\/terjebjornstad.com\/no\/wp-content\/uploads\/2024\/06\/1967-ford-105e-anglia-1920x1280-1.jpg?fit=1920%2C1280&amp;ssl=1\" data-orig-size=\"1920,1280\" data-comments-opened=\"1\" data-image-meta=\"{&quot;aperture&quot;:&quot;0&quot;,&quot;credit&quot;:&quot;&quot;,&quot;camera&quot;:&quot;&quot;,&quot;caption&quot;:&quot;&quot;,&quot;created_timestamp&quot;:&quot;0&quot;,&quot;copyright&quot;:&quot;&quot;,&quot;focal_length&quot;:&quot;0&quot;,&quot;iso&quot;:&quot;0&quot;,&quot;shutter_speed&quot;:&quot;0&quot;,&quot;title&quot;:&quot;&quot;,&quot;orientation&quot;:&quot;0&quot;}\" data-image-title=\"1967-ford-105e-anglia-1920&amp;#215;1280\" data-image-description=\"\" data-image-caption=\"&lt;p&gt;1967 Ford 105E 1200 Anglia.&lt;\/p&gt;\n\" data-large-file=\"https:\/\/i0.wp.com\/terjebjornstad.com\/no\/wp-content\/uploads\/2024\/06\/1967-ford-105e-anglia-1920x1280-1.jpg?fit=980%2C653&amp;ssl=1\" src=\"https:\/\/i0.wp.com\/terjebjornstad.com\/no\/wp-content\/uploads\/2024\/06\/1967-ford-105e-anglia-1920x1280-1.jpg?resize=980%2C653&#038;ssl=1\" alt=\"\" width=\"980\" height=\"653\" class=\"size-full wp-image-72957\" srcset=\"https:\/\/i0.wp.com\/terjebjornstad.com\/no\/wp-content\/uploads\/2024\/06\/1967-ford-105e-anglia-1920x1280-1.jpg?w=1920&amp;ssl=1 1920w, https:\/\/i0.wp.com\/terjebjornstad.com\/no\/wp-content\/uploads\/2024\/06\/1967-ford-105e-anglia-1920x1280-1.jpg?resize=300%2C200&amp;ssl=1 300w, https:\/\/i0.wp.com\/terjebjornstad.com\/no\/wp-content\/uploads\/2024\/06\/1967-ford-105e-anglia-1920x1280-1.jpg?resize=1080%2C720&amp;ssl=1 1080w, https:\/\/i0.wp.com\/terjebjornstad.com\/no\/wp-content\/uploads\/2024\/06\/1967-ford-105e-anglia-1920x1280-1.jpg?resize=768%2C512&amp;ssl=1 768w, https:\/\/i0.wp.com\/terjebjornstad.com\/no\/wp-content\/uploads\/2024\/06\/1967-ford-105e-anglia-1920x1280-1.jpg?resize=1536%2C1024&amp;ssl=1 1536w, https:\/\/i0.wp.com\/terjebjornstad.com\/no\/wp-content\/uploads\/2024\/06\/1967-ford-105e-anglia-1920x1280-1.jpg?resize=690%2C460&amp;ssl=1 690w, https:\/\/i0.wp.com\/terjebjornstad.com\/no\/wp-content\/uploads\/2024\/06\/1967-ford-105e-anglia-1920x1280-1.jpg?resize=980%2C653&amp;ssl=1 980w\" sizes=\"auto, (max-width: 980px) 100vw, 980px\" \/><\/a><figcaption id=\"caption-attachment-72957\" class=\"wp-caption-text\">1967 Ford 105E 1200 Anglia.<\/figcaption><\/figure>\n<p><a href=\"https:\/\/i0.wp.com\/terjebjornstad.com\/no\/wp-content\/uploads\/2024\/05\/1967-mercedes-benz-lp-0609-1280x1280-1.jpg?ssl=1\"><img data-recalc-dims=\"1\" loading=\"lazy\" decoding=\"async\" data-attachment-id=\"72284\" data-permalink=\"https:\/\/terjebjornstad.com\/no\/bilene-fra-1967\/1967-mercedes-benz-lp-0609-1280x1280\/\" data-orig-file=\"https:\/\/i0.wp.com\/terjebjornstad.com\/no\/wp-content\/uploads\/2024\/05\/1967-mercedes-benz-lp-0609-1280x1280-1.jpg?fit=1280%2C1280&amp;ssl=1\" data-orig-size=\"1280,1280\" data-comments-opened=\"1\" data-image-meta=\"{&quot;aperture&quot;:&quot;0&quot;,&quot;credit&quot;:&quot;&quot;,&quot;camera&quot;:&quot;&quot;,&quot;caption&quot;:&quot;&quot;,&quot;created_timestamp&quot;:&quot;0&quot;,&quot;copyright&quot;:&quot;&quot;,&quot;focal_length&quot;:&quot;0&quot;,&quot;iso&quot;:&quot;0&quot;,&quot;shutter_speed&quot;:&quot;0&quot;,&quot;title&quot;:&quot;&quot;,&quot;orientation&quot;:&quot;0&quot;}\" data-image-title=\"1967-mercedes-benz-lp-0609-1280&amp;#215;1280\" data-image-description=\"\" data-image-caption=\"\" data-large-file=\"https:\/\/i0.wp.com\/terjebjornstad.com\/no\/wp-content\/uploads\/2024\/05\/1967-mercedes-benz-lp-0609-1280x1280-1.jpg?fit=980%2C980&amp;ssl=1\" src=\"https:\/\/i0.wp.com\/terjebjornstad.com\/no\/wp-content\/uploads\/2024\/05\/1967-mercedes-benz-lp-0609-1280x1280-1.jpg?resize=980%2C980&#038;ssl=1\" alt=\"1967 Mercedes-Benz LP0609\" width=\"980\" height=\"980\" class=\"aligncenter size-full wp-image-72284\" srcset=\"https:\/\/i0.wp.com\/terjebjornstad.com\/no\/wp-content\/uploads\/2024\/05\/1967-mercedes-benz-lp-0609-1280x1280-1.jpg?w=1280&amp;ssl=1 1280w, https:\/\/i0.wp.com\/terjebjornstad.com\/no\/wp-content\/uploads\/2024\/05\/1967-mercedes-benz-lp-0609-1280x1280-1.jpg?resize=300%2C300&amp;ssl=1 300w, https:\/\/i0.wp.com\/terjebjornstad.com\/no\/wp-content\/uploads\/2024\/05\/1967-mercedes-benz-lp-0609-1280x1280-1.jpg?resize=1080%2C1080&amp;ssl=1 1080w, https:\/\/i0.wp.com\/terjebjornstad.com\/no\/wp-content\/uploads\/2024\/05\/1967-mercedes-benz-lp-0609-1280x1280-1.jpg?resize=150%2C150&amp;ssl=1 150w, https:\/\/i0.wp.com\/terjebjornstad.com\/no\/wp-content\/uploads\/2024\/05\/1967-mercedes-benz-lp-0609-1280x1280-1.jpg?resize=768%2C768&amp;ssl=1 768w, https:\/\/i0.wp.com\/terjebjornstad.com\/no\/wp-content\/uploads\/2024\/05\/1967-mercedes-benz-lp-0609-1280x1280-1.jpg?resize=690%2C690&amp;ssl=1 690w, https:\/\/i0.wp.com\/terjebjornstad.com\/no\/wp-content\/uploads\/2024\/05\/1967-mercedes-benz-lp-0609-1280x1280-1.jpg?resize=980%2C980&amp;ssl=1 980w, https:\/\/i0.wp.com\/terjebjornstad.com\/no\/wp-content\/uploads\/2024\/05\/1967-mercedes-benz-lp-0609-1280x1280-1.jpg?resize=50%2C50&amp;ssl=1 50w\" sizes=\"auto, (max-width: 980px) 100vw, 980px\" \/><\/a><\/p>\n<figure id=\"attachment_62962\" aria-describedby=\"caption-attachment-62962\" style=\"width: 1080px\" class=\"wp-caption aligncenter\"><a href=\"https:\/\/i0.wp.com\/terjebjornstad.com\/no\/wp-content\/uploads\/2023\/09\/1967-ford-fairlane-500-289-1080x1080-1.png?ssl=1\"><img data-recalc-dims=\"1\" loading=\"lazy\" decoding=\"async\" data-attachment-id=\"62962\" data-permalink=\"https:\/\/terjebjornstad.com\/no\/ford-galaxie-3\/1967-ford-fairlane-500-289-1080x1080\/\" data-orig-file=\"https:\/\/i0.wp.com\/terjebjornstad.com\/no\/wp-content\/uploads\/2023\/09\/1967-ford-fairlane-500-289-1080x1080-1.png?fit=1080%2C1080&amp;ssl=1\" data-orig-size=\"1080,1080\" data-comments-opened=\"1\" data-image-meta=\"{&quot;aperture&quot;:&quot;0&quot;,&quot;credit&quot;:&quot;&quot;,&quot;camera&quot;:&quot;&quot;,&quot;caption&quot;:&quot;&quot;,&quot;created_timestamp&quot;:&quot;0&quot;,&quot;copyright&quot;:&quot;&quot;,&quot;focal_length&quot;:&quot;0&quot;,&quot;iso&quot;:&quot;0&quot;,&quot;shutter_speed&quot;:&quot;0&quot;,&quot;title&quot;:&quot;&quot;,&quot;orientation&quot;:&quot;0&quot;}\" data-image-title=\"1967-ford-fairlane-500-289-1080&amp;#215;1080\" data-image-description=\"\" data-image-caption=\"&lt;p&gt;1967 Ford Fairlane 500&lt;\/p&gt;\n\" data-large-file=\"https:\/\/i0.wp.com\/terjebjornstad.com\/no\/wp-content\/uploads\/2023\/09\/1967-ford-fairlane-500-289-1080x1080-1.png?fit=980%2C980&amp;ssl=1\" src=\"https:\/\/i0.wp.com\/terjebjornstad.com\/no\/wp-content\/uploads\/2023\/09\/1967-ford-fairlane-500-289-1080x1080-1.png?resize=980%2C980&#038;ssl=1\" alt=\"\" width=\"980\" height=\"980\" class=\"size-full wp-image-62962\" srcset=\"https:\/\/i0.wp.com\/terjebjornstad.com\/no\/wp-content\/uploads\/2023\/09\/1967-ford-fairlane-500-289-1080x1080-1.png?w=1080&amp;ssl=1 1080w, https:\/\/i0.wp.com\/terjebjornstad.com\/no\/wp-content\/uploads\/2023\/09\/1967-ford-fairlane-500-289-1080x1080-1.png?resize=300%2C300&amp;ssl=1 300w, https:\/\/i0.wp.com\/terjebjornstad.com\/no\/wp-content\/uploads\/2023\/09\/1967-ford-fairlane-500-289-1080x1080-1.png?resize=150%2C150&amp;ssl=1 150w, https:\/\/i0.wp.com\/terjebjornstad.com\/no\/wp-content\/uploads\/2023\/09\/1967-ford-fairlane-500-289-1080x1080-1.png?resize=768%2C768&amp;ssl=1 768w, https:\/\/i0.wp.com\/terjebjornstad.com\/no\/wp-content\/uploads\/2023\/09\/1967-ford-fairlane-500-289-1080x1080-1.png?resize=690%2C690&amp;ssl=1 690w, https:\/\/i0.wp.com\/terjebjornstad.com\/no\/wp-content\/uploads\/2023\/09\/1967-ford-fairlane-500-289-1080x1080-1.png?resize=980%2C980&amp;ssl=1 980w, https:\/\/i0.wp.com\/terjebjornstad.com\/no\/wp-content\/uploads\/2023\/09\/1967-ford-fairlane-500-289-1080x1080-1.png?resize=50%2C50&amp;ssl=1 50w\" sizes=\"auto, (max-width: 980px) 100vw, 980px\" \/><\/a><figcaption id=\"caption-attachment-62962\" class=\"wp-caption-text\">1967 Ford Fairlane 500<\/figcaption><\/figure>\n<figure id=\"attachment_62315\" aria-describedby=\"caption-attachment-62315\" style=\"width: 1920px\" class=\"wp-caption aligncenter\"><a href=\"https:\/\/i0.wp.com\/terjebjornstad.com\/no\/wp-content\/uploads\/2023\/08\/1967-dodge-coronet-440-r-t-1920x1280-1.jpg?ssl=1\"><img data-recalc-dims=\"1\" loading=\"lazy\" decoding=\"async\" data-attachment-id=\"62315\" data-permalink=\"https:\/\/terjebjornstad.com\/no\/2023\/08\/07\/fotosondag-right-on-fredrikstad\/1967-dodge-coronet-440-r-t-1920x1280\/\" data-orig-file=\"https:\/\/i0.wp.com\/terjebjornstad.com\/no\/wp-content\/uploads\/2023\/08\/1967-dodge-coronet-440-r-t-1920x1280-1.jpg?fit=1920%2C1280&amp;ssl=1\" data-orig-size=\"1920,1280\" data-comments-opened=\"1\" data-image-meta=\"{&quot;aperture&quot;:&quot;0&quot;,&quot;credit&quot;:&quot;&quot;,&quot;camera&quot;:&quot;&quot;,&quot;caption&quot;:&quot;&quot;,&quot;created_timestamp&quot;:&quot;0&quot;,&quot;copyright&quot;:&quot;&quot;,&quot;focal_length&quot;:&quot;0&quot;,&quot;iso&quot;:&quot;0&quot;,&quot;shutter_speed&quot;:&quot;0&quot;,&quot;title&quot;:&quot;&quot;,&quot;orientation&quot;:&quot;0&quot;}\" data-image-title=\"1967-dodge-coronet-440-r-t-1920&amp;#215;1280\" data-image-description=\"\" data-image-caption=\"&lt;p&gt;1967 Dodge Coronet R\/T 440&lt;\/p&gt;\n\" data-large-file=\"https:\/\/i0.wp.com\/terjebjornstad.com\/no\/wp-content\/uploads\/2023\/08\/1967-dodge-coronet-440-r-t-1920x1280-1.jpg?fit=980%2C653&amp;ssl=1\" src=\"https:\/\/i0.wp.com\/terjebjornstad.com\/no\/wp-content\/uploads\/2023\/08\/1967-dodge-coronet-440-r-t-1920x1280-1.jpg?resize=980%2C653&#038;ssl=1\" alt=\"\" width=\"980\" height=\"653\" class=\"size-full wp-image-62315\" srcset=\"https:\/\/i0.wp.com\/terjebjornstad.com\/no\/wp-content\/uploads\/2023\/08\/1967-dodge-coronet-440-r-t-1920x1280-1.jpg?w=1920&amp;ssl=1 1920w, https:\/\/i0.wp.com\/terjebjornstad.com\/no\/wp-content\/uploads\/2023\/08\/1967-dodge-coronet-440-r-t-1920x1280-1.jpg?resize=300%2C200&amp;ssl=1 300w, https:\/\/i0.wp.com\/terjebjornstad.com\/no\/wp-content\/uploads\/2023\/08\/1967-dodge-coronet-440-r-t-1920x1280-1.jpg?resize=1080%2C720&amp;ssl=1 1080w, https:\/\/i0.wp.com\/terjebjornstad.com\/no\/wp-content\/uploads\/2023\/08\/1967-dodge-coronet-440-r-t-1920x1280-1.jpg?resize=768%2C512&amp;ssl=1 768w, https:\/\/i0.wp.com\/terjebjornstad.com\/no\/wp-content\/uploads\/2023\/08\/1967-dodge-coronet-440-r-t-1920x1280-1.jpg?resize=1536%2C1024&amp;ssl=1 1536w, https:\/\/i0.wp.com\/terjebjornstad.com\/no\/wp-content\/uploads\/2023\/08\/1967-dodge-coronet-440-r-t-1920x1280-1.jpg?resize=690%2C460&amp;ssl=1 690w, https:\/\/i0.wp.com\/terjebjornstad.com\/no\/wp-content\/uploads\/2023\/08\/1967-dodge-coronet-440-r-t-1920x1280-1.jpg?resize=980%2C653&amp;ssl=1 980w\" sizes=\"auto, (max-width: 980px) 100vw, 980px\" \/><\/a><figcaption id=\"caption-attachment-62315\" class=\"wp-caption-text\">1967 Dodge Coronet R\/T 440<\/figcaption><\/figure>\n<figure id=\"attachment_59489\" aria-describedby=\"caption-attachment-59489\" style=\"width: 1920px\" class=\"wp-caption aligncenter\"><a href=\"https:\/\/i0.wp.com\/terjebjornstad.com\/no\/wp-content\/uploads\/2023\/05\/IMG_1487.jpg?ssl=1\"><img data-recalc-dims=\"1\" loading=\"lazy\" decoding=\"async\" data-attachment-id=\"59489\" data-permalink=\"https:\/\/terjebjornstad.com\/no\/ford-galaxie-3\/img_1487\/\" data-orig-file=\"https:\/\/i0.wp.com\/terjebjornstad.com\/no\/wp-content\/uploads\/2023\/05\/IMG_1487.jpg?fit=1920%2C1440&amp;ssl=1\" data-orig-size=\"1920,1440\" data-comments-opened=\"1\" data-image-meta=\"{&quot;aperture&quot;:&quot;0&quot;,&quot;credit&quot;:&quot;&quot;,&quot;camera&quot;:&quot;&quot;,&quot;caption&quot;:&quot;&quot;,&quot;created_timestamp&quot;:&quot;0&quot;,&quot;copyright&quot;:&quot;&quot;,&quot;focal_length&quot;:&quot;0&quot;,&quot;iso&quot;:&quot;0&quot;,&quot;shutter_speed&quot;:&quot;0&quot;,&quot;title&quot;:&quot;&quot;,&quot;orientation&quot;:&quot;0&quot;}\" data-image-title=\"1967-ford-galaxie-500-series-3-rva66\" data-image-description=\"\" data-image-caption=\"&lt;p&gt;1967 Ford Galaxie&lt;\/p&gt;\n\" data-large-file=\"https:\/\/i0.wp.com\/terjebjornstad.com\/no\/wp-content\/uploads\/2023\/05\/IMG_1487.jpg?fit=980%2C735&amp;ssl=1\" src=\"https:\/\/i0.wp.com\/terjebjornstad.com\/no\/wp-content\/uploads\/2023\/05\/IMG_1487.jpg?resize=980%2C735&#038;ssl=1\" alt=\"\" width=\"980\" height=\"735\" class=\"size-full wp-image-59489\" srcset=\"https:\/\/i0.wp.com\/terjebjornstad.com\/no\/wp-content\/uploads\/2023\/05\/IMG_1487.jpg?w=1920&amp;ssl=1 1920w, https:\/\/i0.wp.com\/terjebjornstad.com\/no\/wp-content\/uploads\/2023\/05\/IMG_1487.jpg?resize=300%2C225&amp;ssl=1 300w, https:\/\/i0.wp.com\/terjebjornstad.com\/no\/wp-content\/uploads\/2023\/05\/IMG_1487.jpg?resize=1080%2C810&amp;ssl=1 1080w, https:\/\/i0.wp.com\/terjebjornstad.com\/no\/wp-content\/uploads\/2023\/05\/IMG_1487.jpg?resize=768%2C576&amp;ssl=1 768w, https:\/\/i0.wp.com\/terjebjornstad.com\/no\/wp-content\/uploads\/2023\/05\/IMG_1487.jpg?resize=1536%2C1152&amp;ssl=1 1536w, https:\/\/i0.wp.com\/terjebjornstad.com\/no\/wp-content\/uploads\/2023\/05\/IMG_1487.jpg?resize=690%2C518&amp;ssl=1 690w, https:\/\/i0.wp.com\/terjebjornstad.com\/no\/wp-content\/uploads\/2023\/05\/IMG_1487.jpg?resize=980%2C735&amp;ssl=1 980w\" sizes=\"auto, (max-width: 980px) 100vw, 980px\" \/><\/a><figcaption id=\"caption-attachment-59489\" class=\"wp-caption-text\">1967 Ford Galaxie<\/figcaption><\/figure>\n<figure id=\"attachment_55484\" aria-describedby=\"caption-attachment-55484\" style=\"width: 1280px\" class=\"wp-caption aligncenter\"><a href=\"https:\/\/i0.wp.com\/terjebjornstad.com\/no\/wp-content\/uploads\/2022\/12\/1967-hillman-minx-1280x853-1.jpg?ssl=1\"><img data-recalc-dims=\"1\" loading=\"lazy\" decoding=\"async\" data-attachment-id=\"55484\" data-permalink=\"https:\/\/terjebjornstad.com\/no\/hillman-minx-audax\/1967-hillman-minx-1280x853\/\" data-orig-file=\"https:\/\/i0.wp.com\/terjebjornstad.com\/no\/wp-content\/uploads\/2022\/12\/1967-hillman-minx-1280x853-1.jpg?fit=1280%2C853&amp;ssl=1\" data-orig-size=\"1280,853\" data-comments-opened=\"1\" data-image-meta=\"{&quot;aperture&quot;:&quot;0&quot;,&quot;credit&quot;:&quot;&quot;,&quot;camera&quot;:&quot;&quot;,&quot;caption&quot;:&quot;&quot;,&quot;created_timestamp&quot;:&quot;0&quot;,&quot;copyright&quot;:&quot;&quot;,&quot;focal_length&quot;:&quot;0&quot;,&quot;iso&quot;:&quot;0&quot;,&quot;shutter_speed&quot;:&quot;0&quot;,&quot;title&quot;:&quot;&quot;,&quot;orientation&quot;:&quot;0&quot;}\" data-image-title=\"1967-hillman-minx-1280&amp;#215;853\" data-image-description=\"\" data-image-caption=\"&lt;p&gt;1967 Hillman Minx. Her mangler &amp;laquo;HILLMAN&amp;raquo; bokstavene p\u00e5 panseret.&lt;\/p&gt;\n\" data-large-file=\"https:\/\/i0.wp.com\/terjebjornstad.com\/no\/wp-content\/uploads\/2022\/12\/1967-hillman-minx-1280x853-1.jpg?fit=980%2C653&amp;ssl=1\" src=\"https:\/\/i0.wp.com\/terjebjornstad.com\/no\/wp-content\/uploads\/2022\/12\/1967-hillman-minx-1280x853-1.jpg?resize=980%2C653&#038;ssl=1\" alt=\"\" width=\"980\" height=\"653\" class=\"size-full wp-image-55484\" srcset=\"https:\/\/i0.wp.com\/terjebjornstad.com\/no\/wp-content\/uploads\/2022\/12\/1967-hillman-minx-1280x853-1.jpg?w=1280&amp;ssl=1 1280w, https:\/\/i0.wp.com\/terjebjornstad.com\/no\/wp-content\/uploads\/2022\/12\/1967-hillman-minx-1280x853-1.jpg?resize=300%2C200&amp;ssl=1 300w, https:\/\/i0.wp.com\/terjebjornstad.com\/no\/wp-content\/uploads\/2022\/12\/1967-hillman-minx-1280x853-1.jpg?resize=1080%2C720&amp;ssl=1 1080w, https:\/\/i0.wp.com\/terjebjornstad.com\/no\/wp-content\/uploads\/2022\/12\/1967-hillman-minx-1280x853-1.jpg?resize=768%2C512&amp;ssl=1 768w, https:\/\/i0.wp.com\/terjebjornstad.com\/no\/wp-content\/uploads\/2022\/12\/1967-hillman-minx-1280x853-1.jpg?resize=690%2C460&amp;ssl=1 690w, https:\/\/i0.wp.com\/terjebjornstad.com\/no\/wp-content\/uploads\/2022\/12\/1967-hillman-minx-1280x853-1.jpg?resize=980%2C653&amp;ssl=1 980w\" sizes=\"auto, (max-width: 980px) 100vw, 980px\" \/><\/a><figcaption id=\"caption-attachment-55484\" class=\"wp-caption-text\">1967 Hillman Minx. Her mangler &laquo;HILLMAN&raquo; bokstavene p\u00e5 panseret.<\/figcaption><\/figure>\n<figure id=\"attachment_48642\" aria-describedby=\"caption-attachment-48642\" style=\"width: 1080px\" class=\"wp-caption aligncenter\"><a href=\"https:\/\/i0.wp.com\/terjebjornstad.com\/no\/wp-content\/uploads\/2022\/05\/1-1967-ford-d700-1080x720-1.png?ssl=1\"><img data-recalc-dims=\"1\" loading=\"lazy\" decoding=\"async\" data-attachment-id=\"48642\" data-permalink=\"https:\/\/terjebjornstad.com\/no\/2022\/05\/24\/hobbykjoretoyets-dag-i-hof-2022\/1-1967-ford-d700-1080x720\/\" data-orig-file=\"https:\/\/i0.wp.com\/terjebjornstad.com\/no\/wp-content\/uploads\/2022\/05\/1-1967-ford-d700-1080x720-1.png?fit=1080%2C720&amp;ssl=1\" data-orig-size=\"1080,720\" data-comments-opened=\"1\" data-image-meta=\"{&quot;aperture&quot;:&quot;0&quot;,&quot;credit&quot;:&quot;&quot;,&quot;camera&quot;:&quot;&quot;,&quot;caption&quot;:&quot;&quot;,&quot;created_timestamp&quot;:&quot;0&quot;,&quot;copyright&quot;:&quot;&quot;,&quot;focal_length&quot;:&quot;0&quot;,&quot;iso&quot;:&quot;0&quot;,&quot;shutter_speed&quot;:&quot;0&quot;,&quot;title&quot;:&quot;&quot;,&quot;orientation&quot;:&quot;0&quot;}\" data-image-title=\"1-1967-ford-d700-1080&amp;#215;720\" data-image-description=\"\" data-image-caption=\"&lt;p&gt;Ford D-700 1967-modell med bensinmotor, tidligere eid av Myrens Verksted &amp;#8211; n\u00e5 i privat eie.&lt;\/p&gt;\n\" data-large-file=\"https:\/\/i0.wp.com\/terjebjornstad.com\/no\/wp-content\/uploads\/2022\/05\/1-1967-ford-d700-1080x720-1.png?fit=980%2C653&amp;ssl=1\" src=\"https:\/\/i0.wp.com\/terjebjornstad.com\/no\/wp-content\/uploads\/2022\/05\/1-1967-ford-d700-1080x720-1.png?resize=980%2C653&#038;ssl=1\" alt=\"hobbykj\u00f8ret\u00f8yets dag\" width=\"980\" height=\"653\" class=\"size-full wp-image-48642\" srcset=\"https:\/\/i0.wp.com\/terjebjornstad.com\/no\/wp-content\/uploads\/2022\/05\/1-1967-ford-d700-1080x720-1.png?w=1080&amp;ssl=1 1080w, https:\/\/i0.wp.com\/terjebjornstad.com\/no\/wp-content\/uploads\/2022\/05\/1-1967-ford-d700-1080x720-1.png?resize=300%2C200&amp;ssl=1 300w, https:\/\/i0.wp.com\/terjebjornstad.com\/no\/wp-content\/uploads\/2022\/05\/1-1967-ford-d700-1080x720-1.png?resize=768%2C512&amp;ssl=1 768w, https:\/\/i0.wp.com\/terjebjornstad.com\/no\/wp-content\/uploads\/2022\/05\/1-1967-ford-d700-1080x720-1.png?resize=690%2C460&amp;ssl=1 690w, https:\/\/i0.wp.com\/terjebjornstad.com\/no\/wp-content\/uploads\/2022\/05\/1-1967-ford-d700-1080x720-1.png?resize=980%2C653&amp;ssl=1 980w\" sizes=\"auto, (max-width: 980px) 100vw, 980px\" \/><\/a><figcaption id=\"caption-attachment-48642\" class=\"wp-caption-text\">Ford D-700 1967-modell med bensinmotor, tidligere eid av Myrens Verksted &#8211; n\u00e5 i privat eie.<\/figcaption><\/figure>\n<figure id=\"attachment_34368\" aria-describedby=\"caption-attachment-34368\" style=\"width: 1080px\" class=\"wp-caption aligncenter\"><a href=\"https:\/\/i0.wp.com\/terjebjornstad.com\/no\/wp-content\/uploads\/2020\/08\/1969-volvo-123-gt-1967-121-b18-1080x720-1.png?ssl=1\"><img data-recalc-dims=\"1\" loading=\"lazy\" decoding=\"async\" data-attachment-id=\"34368\" data-permalink=\"https:\/\/terjebjornstad.com\/no\/volvo-121-amazon\/1969-volvo-123-gt-1967-121-b18-1080x720\/\" data-orig-file=\"https:\/\/i0.wp.com\/terjebjornstad.com\/no\/wp-content\/uploads\/2020\/08\/1969-volvo-123-gt-1967-121-b18-1080x720-1.png?fit=1080%2C720&amp;ssl=1\" data-orig-size=\"1080,720\" data-comments-opened=\"1\" data-image-meta=\"{&quot;aperture&quot;:&quot;0&quot;,&quot;credit&quot;:&quot;&quot;,&quot;camera&quot;:&quot;&quot;,&quot;caption&quot;:&quot;&quot;,&quot;created_timestamp&quot;:&quot;0&quot;,&quot;copyright&quot;:&quot;&quot;,&quot;focal_length&quot;:&quot;0&quot;,&quot;iso&quot;:&quot;0&quot;,&quot;shutter_speed&quot;:&quot;0&quot;,&quot;title&quot;:&quot;&quot;,&quot;orientation&quot;:&quot;0&quot;}\" data-image-title=\"1969-volvo-123-gt-1967-121-b18-1080&amp;#215;720\" data-image-description=\"\" data-image-caption=\"&lt;p&gt;F.v. 1969 Volvo 123 GT, 1967 121 B18.&lt;\/p&gt;\n\" data-large-file=\"https:\/\/i0.wp.com\/terjebjornstad.com\/no\/wp-content\/uploads\/2020\/08\/1969-volvo-123-gt-1967-121-b18-1080x720-1.png?fit=980%2C653&amp;ssl=1\" src=\"https:\/\/i0.wp.com\/terjebjornstad.com\/no\/wp-content\/uploads\/2020\/08\/1969-volvo-123-gt-1967-121-b18-1080x720-1.png?resize=980%2C653&#038;ssl=1\" alt=\"\" width=\"980\" height=\"653\" class=\"size-full wp-image-34368\" srcset=\"https:\/\/i0.wp.com\/terjebjornstad.com\/no\/wp-content\/uploads\/2020\/08\/1969-volvo-123-gt-1967-121-b18-1080x720-1.png?w=1080&amp;ssl=1 1080w, https:\/\/i0.wp.com\/terjebjornstad.com\/no\/wp-content\/uploads\/2020\/08\/1969-volvo-123-gt-1967-121-b18-1080x720-1.png?resize=300%2C200&amp;ssl=1 300w, https:\/\/i0.wp.com\/terjebjornstad.com\/no\/wp-content\/uploads\/2020\/08\/1969-volvo-123-gt-1967-121-b18-1080x720-1.png?resize=768%2C512&amp;ssl=1 768w, https:\/\/i0.wp.com\/terjebjornstad.com\/no\/wp-content\/uploads\/2020\/08\/1969-volvo-123-gt-1967-121-b18-1080x720-1.png?resize=690%2C460&amp;ssl=1 690w, https:\/\/i0.wp.com\/terjebjornstad.com\/no\/wp-content\/uploads\/2020\/08\/1969-volvo-123-gt-1967-121-b18-1080x720-1.png?resize=980%2C653&amp;ssl=1 980w\" sizes=\"auto, (max-width: 980px) 100vw, 980px\" \/><\/a><figcaption id=\"caption-attachment-34368\" class=\"wp-caption-text\">F.v. 1969 Volvo 123 GT, 1967 121 B18.<\/figcaption><\/figure>\n<figure id=\"attachment_32561\" aria-describedby=\"caption-attachment-32561\" style=\"width: 1080px\" class=\"wp-caption aligncenter\"><a href=\"https:\/\/i0.wp.com\/terjebjornstad.com\/no\/wp-content\/uploads\/2020\/05\/1967-ford-mustang-289-1080x720-1.png?ssl=1\"><img data-recalc-dims=\"1\" loading=\"lazy\" decoding=\"async\" data-attachment-id=\"32561\" data-permalink=\"https:\/\/terjebjornstad.com\/no\/2020\/05\/17\/utflukt-til-hadeland-glassverk\/1967-ford-mustang-289-1080x720\/\" data-orig-file=\"https:\/\/i0.wp.com\/terjebjornstad.com\/no\/wp-content\/uploads\/2020\/05\/1967-ford-mustang-289-1080x720-1.png?fit=1080%2C720&amp;ssl=1\" data-orig-size=\"1080,720\" data-comments-opened=\"1\" data-image-meta=\"{&quot;aperture&quot;:&quot;0&quot;,&quot;credit&quot;:&quot;&quot;,&quot;camera&quot;:&quot;&quot;,&quot;caption&quot;:&quot;&quot;,&quot;created_timestamp&quot;:&quot;0&quot;,&quot;copyright&quot;:&quot;&quot;,&quot;focal_length&quot;:&quot;0&quot;,&quot;iso&quot;:&quot;0&quot;,&quot;shutter_speed&quot;:&quot;0&quot;,&quot;title&quot;:&quot;&quot;,&quot;orientation&quot;:&quot;0&quot;}\" data-image-title=\"1967-ford-mustang-289-1080&amp;#215;720\" data-image-description=\"\" data-image-caption=\"&lt;p&gt;Ford Mustang 289 GT V8 Fastback var en bil mange dr\u00f8mte om i 1967.&lt;\/p&gt;\n\" data-large-file=\"https:\/\/i0.wp.com\/terjebjornstad.com\/no\/wp-content\/uploads\/2020\/05\/1967-ford-mustang-289-1080x720-1.png?fit=980%2C653&amp;ssl=1\" src=\"https:\/\/i0.wp.com\/terjebjornstad.com\/no\/wp-content\/uploads\/2020\/05\/1967-ford-mustang-289-1080x720-1.png?resize=980%2C653&#038;ssl=1\" alt=\"\" width=\"980\" height=\"653\" class=\"size-full wp-image-32561\" srcset=\"https:\/\/i0.wp.com\/terjebjornstad.com\/no\/wp-content\/uploads\/2020\/05\/1967-ford-mustang-289-1080x720-1.png?w=1080&amp;ssl=1 1080w, https:\/\/i0.wp.com\/terjebjornstad.com\/no\/wp-content\/uploads\/2020\/05\/1967-ford-mustang-289-1080x720-1.png?resize=300%2C200&amp;ssl=1 300w, https:\/\/i0.wp.com\/terjebjornstad.com\/no\/wp-content\/uploads\/2020\/05\/1967-ford-mustang-289-1080x720-1.png?resize=768%2C512&amp;ssl=1 768w, https:\/\/i0.wp.com\/terjebjornstad.com\/no\/wp-content\/uploads\/2020\/05\/1967-ford-mustang-289-1080x720-1.png?resize=690%2C460&amp;ssl=1 690w, https:\/\/i0.wp.com\/terjebjornstad.com\/no\/wp-content\/uploads\/2020\/05\/1967-ford-mustang-289-1080x720-1.png?resize=980%2C653&amp;ssl=1 980w\" sizes=\"auto, (max-width: 980px) 100vw, 980px\" \/><\/a><figcaption id=\"caption-attachment-32561\" class=\"wp-caption-text\">Ford Mustang 289 GT V8 Fastback var en bil mange dr\u00f8mte om i 1967.<\/figcaption><\/figure>\n<figure id=\"attachment_28394\" aria-describedby=\"caption-attachment-28394\" style=\"width: 1080px\" class=\"wp-caption aligncenter\"><a href=\"https:\/\/i0.wp.com\/terjebjornstad.com\/no\/wp-content\/uploads\/2019\/12\/1967-mercedes-benz-200-w110-1080x720.png?ssl=1\"><img data-recalc-dims=\"1\" loading=\"lazy\" decoding=\"async\" data-attachment-id=\"28394\" data-permalink=\"https:\/\/terjebjornstad.com\/no\/mercedes-benz-w110\/1967-mercedes-benz-200-w110-1080x720\/\" data-orig-file=\"https:\/\/i0.wp.com\/terjebjornstad.com\/no\/wp-content\/uploads\/2019\/12\/1967-mercedes-benz-200-w110-1080x720.png?fit=1080%2C720&amp;ssl=1\" data-orig-size=\"1080,720\" data-comments-opened=\"1\" data-image-meta=\"{&quot;aperture&quot;:&quot;0&quot;,&quot;credit&quot;:&quot;&quot;,&quot;camera&quot;:&quot;&quot;,&quot;caption&quot;:&quot;&quot;,&quot;created_timestamp&quot;:&quot;0&quot;,&quot;copyright&quot;:&quot;&quot;,&quot;focal_length&quot;:&quot;0&quot;,&quot;iso&quot;:&quot;0&quot;,&quot;shutter_speed&quot;:&quot;0&quot;,&quot;title&quot;:&quot;&quot;,&quot;orientation&quot;:&quot;0&quot;}\" data-image-title=\"1967-mercedes-benz-200-w110-1080\u00d7720\" data-image-description=\"\" data-image-caption=\"&lt;p&gt;1967 Mercedes-Benz 200 W110&lt;\/p&gt;\n\" data-large-file=\"https:\/\/i0.wp.com\/terjebjornstad.com\/no\/wp-content\/uploads\/2019\/12\/1967-mercedes-benz-200-w110-1080x720.png?fit=980%2C653&amp;ssl=1\" src=\"https:\/\/i0.wp.com\/terjebjornstad.com\/no\/wp-content\/uploads\/2019\/12\/1967-mercedes-benz-200-w110-1080x720.png?resize=980%2C653&#038;ssl=1\" alt=\"\" width=\"980\" height=\"653\" class=\"size-full wp-image-28394\" srcset=\"https:\/\/i0.wp.com\/terjebjornstad.com\/no\/wp-content\/uploads\/2019\/12\/1967-mercedes-benz-200-w110-1080x720.png?resize=1080%2C720&amp;ssl=1 1080w, https:\/\/i0.wp.com\/terjebjornstad.com\/no\/wp-content\/uploads\/2019\/12\/1967-mercedes-benz-200-w110-1080x720.png?resize=300%2C200&amp;ssl=1 300w, https:\/\/i0.wp.com\/terjebjornstad.com\/no\/wp-content\/uploads\/2019\/12\/1967-mercedes-benz-200-w110-1080x720.png?resize=768%2C512&amp;ssl=1 768w, https:\/\/i0.wp.com\/terjebjornstad.com\/no\/wp-content\/uploads\/2019\/12\/1967-mercedes-benz-200-w110-1080x720.png?resize=690%2C460&amp;ssl=1 690w, https:\/\/i0.wp.com\/terjebjornstad.com\/no\/wp-content\/uploads\/2019\/12\/1967-mercedes-benz-200-w110-1080x720.png?resize=980%2C653&amp;ssl=1 980w\" sizes=\"auto, (max-width: 980px) 100vw, 980px\" \/><\/a><figcaption id=\"caption-attachment-28394\" class=\"wp-caption-text\">1967 Mercedes-Benz 200 W110<\/figcaption><\/figure>\n<figure id=\"attachment_27193\" aria-describedby=\"caption-attachment-27193\" style=\"width: 686px\" class=\"wp-caption aligncenter\"><a href=\"https:\/\/i0.wp.com\/terjebjornstad.com\/no\/wp-content\/uploads\/2019\/10\/fiat-spider-classic-10.png?ssl=1\"><img data-recalc-dims=\"1\" loading=\"lazy\" decoding=\"async\" data-attachment-id=\"27193\" data-permalink=\"https:\/\/terjebjornstad.com\/no\/fiat-dino\/fiat-spider-classic-10\/\" data-orig-file=\"https:\/\/i0.wp.com\/terjebjornstad.com\/no\/wp-content\/uploads\/2019\/10\/fiat-spider-classic-10.png?fit=686%2C457&amp;ssl=1\" data-orig-size=\"686,457\" data-comments-opened=\"1\" data-image-meta=\"{&quot;aperture&quot;:&quot;0&quot;,&quot;credit&quot;:&quot;&quot;,&quot;camera&quot;:&quot;&quot;,&quot;caption&quot;:&quot;&quot;,&quot;created_timestamp&quot;:&quot;0&quot;,&quot;copyright&quot;:&quot;&quot;,&quot;focal_length&quot;:&quot;0&quot;,&quot;iso&quot;:&quot;0&quot;,&quot;shutter_speed&quot;:&quot;0&quot;,&quot;title&quot;:&quot;&quot;,&quot;orientation&quot;:&quot;0&quot;}\" data-image-title=\"1967 Fiat Dino Spider 2000\" data-image-description=\"\" data-image-caption=\"&lt;p&gt;Fiat Dino  Spider 2000&lt;\/p&gt;\n\" data-large-file=\"https:\/\/i0.wp.com\/terjebjornstad.com\/no\/wp-content\/uploads\/2019\/10\/fiat-spider-classic-10.png?fit=686%2C457&amp;ssl=1\" src=\"https:\/\/i0.wp.com\/terjebjornstad.com\/no\/wp-content\/uploads\/2019\/10\/fiat-spider-classic-10.png?resize=686%2C457&#038;ssl=1\" alt=\"Fiat Spider Classic\" width=\"686\" height=\"457\" class=\"size-full wp-image-27193\" srcset=\"https:\/\/i0.wp.com\/terjebjornstad.com\/no\/wp-content\/uploads\/2019\/10\/fiat-spider-classic-10.png?w=686&amp;ssl=1 686w, https:\/\/i0.wp.com\/terjebjornstad.com\/no\/wp-content\/uploads\/2019\/10\/fiat-spider-classic-10.png?resize=300%2C200&amp;ssl=1 300w\" sizes=\"auto, (max-width: 686px) 100vw, 686px\" \/><\/a><figcaption id=\"caption-attachment-27193\" class=\"wp-caption-text\">Fiat Dino  Spider 2000<\/figcaption><\/figure>\n<figure id=\"attachment_19040\" aria-describedby=\"caption-attachment-19040\" style=\"width: 1080px\" class=\"wp-caption aligncenter\"><a href=\"https:\/\/i0.wp.com\/terjebjornstad.com\/no\/wp-content\/uploads\/2018\/09\/Z-1967-vw-1300-1-1080x1080.png?ssl=1\"><img data-recalc-dims=\"1\" loading=\"lazy\" decoding=\"async\" data-attachment-id=\"19040\" data-permalink=\"https:\/\/terjebjornstad.com\/no\/2018\/09\/03\/cars-and-coffee-ovrevoll-galopp\/z-1967-vw-1300-1-1080x1080\/\" data-orig-file=\"https:\/\/i0.wp.com\/terjebjornstad.com\/no\/wp-content\/uploads\/2018\/09\/Z-1967-vw-1300-1-1080x1080.png?fit=1080%2C1080&amp;ssl=1\" data-orig-size=\"1080,1080\" data-comments-opened=\"1\" data-image-meta=\"{&quot;aperture&quot;:&quot;0&quot;,&quot;credit&quot;:&quot;&quot;,&quot;camera&quot;:&quot;&quot;,&quot;caption&quot;:&quot;&quot;,&quot;created_timestamp&quot;:&quot;0&quot;,&quot;copyright&quot;:&quot;&quot;,&quot;focal_length&quot;:&quot;0&quot;,&quot;iso&quot;:&quot;0&quot;,&quot;shutter_speed&quot;:&quot;0&quot;,&quot;title&quot;:&quot;&quot;,&quot;orientation&quot;:&quot;0&quot;}\" data-image-title=\"Z-1967-vw-1300-1-1080&amp;#215;1080\" data-image-description=\"\" data-image-caption=\"&lt;p&gt;Cars and coffee, \u00d8vrevoll galopp&lt;\/p&gt;\n\" data-large-file=\"https:\/\/i0.wp.com\/terjebjornstad.com\/no\/wp-content\/uploads\/2018\/09\/Z-1967-vw-1300-1-1080x1080.png?fit=980%2C980&amp;ssl=1\" src=\"https:\/\/i0.wp.com\/terjebjornstad.com\/no\/wp-content\/uploads\/2018\/09\/Z-1967-vw-1300-1-1080x1080.png?resize=980%2C980&#038;ssl=1\" alt=\"\" width=\"980\" height=\"980\" class=\"size-full wp-image-19040\" srcset=\"https:\/\/i0.wp.com\/terjebjornstad.com\/no\/wp-content\/uploads\/2018\/09\/Z-1967-vw-1300-1-1080x1080.png?resize=1080%2C1080&amp;ssl=1 1080w, https:\/\/i0.wp.com\/terjebjornstad.com\/no\/wp-content\/uploads\/2018\/09\/Z-1967-vw-1300-1-1080x1080.png?resize=150%2C150&amp;ssl=1 150w, https:\/\/i0.wp.com\/terjebjornstad.com\/no\/wp-content\/uploads\/2018\/09\/Z-1967-vw-1300-1-1080x1080.png?resize=300%2C300&amp;ssl=1 300w, https:\/\/i0.wp.com\/terjebjornstad.com\/no\/wp-content\/uploads\/2018\/09\/Z-1967-vw-1300-1-1080x1080.png?resize=768%2C768&amp;ssl=1 768w, https:\/\/i0.wp.com\/terjebjornstad.com\/no\/wp-content\/uploads\/2018\/09\/Z-1967-vw-1300-1-1080x1080.png?resize=1024%2C1024&amp;ssl=1 1024w, https:\/\/i0.wp.com\/terjebjornstad.com\/no\/wp-content\/uploads\/2018\/09\/Z-1967-vw-1300-1-1080x1080.png?resize=690%2C690&amp;ssl=1 690w, https:\/\/i0.wp.com\/terjebjornstad.com\/no\/wp-content\/uploads\/2018\/09\/Z-1967-vw-1300-1-1080x1080.png?resize=980%2C980&amp;ssl=1 980w, https:\/\/i0.wp.com\/terjebjornstad.com\/no\/wp-content\/uploads\/2018\/09\/Z-1967-vw-1300-1-1080x1080.png?resize=50%2C50&amp;ssl=1 50w\" sizes=\"auto, (max-width: 980px) 100vw, 980px\" \/><\/a><figcaption id=\"caption-attachment-19040\" class=\"wp-caption-text\">Cars and coffee, \u00d8vrevoll galopp<\/figcaption><\/figure>\n<figure id=\"attachment_10245\" aria-describedby=\"caption-attachment-10245\" style=\"width: 686px\" class=\"wp-caption aligncenter\"><a href=\"https:\/\/i0.wp.com\/terjebjornstad.com\/no\/wp-content\/uploads\/2017\/04\/1967-saab-96-0417-1.png?ssl=1\"><img data-recalc-dims=\"1\" loading=\"lazy\" decoding=\"async\" data-attachment-id=\"10245\" data-permalink=\"https:\/\/terjebjornstad.com\/no\/2017\/04\/23\/tonsberg-motorshow\/1967-saab-96-0417-1\/\" data-orig-file=\"https:\/\/i0.wp.com\/terjebjornstad.com\/no\/wp-content\/uploads\/2017\/04\/1967-saab-96-0417-1.png?fit=686%2C457&amp;ssl=1\" data-orig-size=\"686,457\" data-comments-opened=\"1\" data-image-meta=\"{&quot;aperture&quot;:&quot;0&quot;,&quot;credit&quot;:&quot;&quot;,&quot;camera&quot;:&quot;&quot;,&quot;caption&quot;:&quot;&quot;,&quot;created_timestamp&quot;:&quot;0&quot;,&quot;copyright&quot;:&quot;&quot;,&quot;focal_length&quot;:&quot;0&quot;,&quot;iso&quot;:&quot;0&quot;,&quot;shutter_speed&quot;:&quot;0&quot;,&quot;title&quot;:&quot;&quot;,&quot;orientation&quot;:&quot;0&quot;}\" data-image-title=\"1967 Saab 96 850 Sport\" data-image-description=\"\" data-image-caption=\"&lt;p&gt;1967 Saab 850 Sport.&lt;\/p&gt;\n\" data-large-file=\"https:\/\/i0.wp.com\/terjebjornstad.com\/no\/wp-content\/uploads\/2017\/04\/1967-saab-96-0417-1.png?fit=686%2C457&amp;ssl=1\" src=\"https:\/\/i0.wp.com\/terjebjornstad.com\/no\/wp-content\/uploads\/2017\/04\/1967-saab-96-0417-1.png?resize=686%2C457&#038;ssl=1\" alt=\"\" width=\"686\" height=\"457\" class=\"size-full wp-image-10245\" srcset=\"https:\/\/i0.wp.com\/terjebjornstad.com\/no\/wp-content\/uploads\/2017\/04\/1967-saab-96-0417-1.png?w=686&amp;ssl=1 686w, https:\/\/i0.wp.com\/terjebjornstad.com\/no\/wp-content\/uploads\/2017\/04\/1967-saab-96-0417-1.png?resize=300%2C200&amp;ssl=1 300w\" sizes=\"auto, (max-width: 686px) 100vw, 686px\" \/><\/a><figcaption id=\"caption-attachment-10245\" class=\"wp-caption-text\">1967 Saab 850 Sport.<\/figcaption><\/figure>\n<figure id=\"attachment_4436\" aria-describedby=\"caption-attachment-4436\" style=\"width: 686px\" class=\"wp-caption aligncenter\"><a href=\"https:\/\/i0.wp.com\/terjebjornstad.com\/no\/wp-content\/uploads\/2016\/05\/vw-luftkjolt-7.png?ssl=1\"><img data-recalc-dims=\"1\" loading=\"lazy\" decoding=\"async\" data-attachment-id=\"4436\" data-permalink=\"https:\/\/terjebjornstad.com\/no\/2016\/05\/16\/folkevogn-pa-folkemuseet\/vw-luftkjolt-7\/\" data-orig-file=\"https:\/\/i0.wp.com\/terjebjornstad.com\/no\/wp-content\/uploads\/2016\/05\/vw-luftkjolt-7.png?fit=686%2C457&amp;ssl=1\" data-orig-size=\"686,457\" data-comments-opened=\"1\" data-image-meta=\"{&quot;aperture&quot;:&quot;0&quot;,&quot;credit&quot;:&quot;&quot;,&quot;camera&quot;:&quot;&quot;,&quot;caption&quot;:&quot;&quot;,&quot;created_timestamp&quot;:&quot;0&quot;,&quot;copyright&quot;:&quot;&quot;,&quot;focal_length&quot;:&quot;0&quot;,&quot;iso&quot;:&quot;0&quot;,&quot;shutter_speed&quot;:&quot;0&quot;,&quot;title&quot;:&quot;&quot;,&quot;orientation&quot;:&quot;0&quot;}\" data-image-title=\"vw-luftkjolt-7\" data-image-description=\"\" data-image-caption=\"&lt;p&gt;1967 Volkswagen (Norsk Folkemuseum).&lt;\/p&gt;\n\" data-large-file=\"https:\/\/i0.wp.com\/terjebjornstad.com\/no\/wp-content\/uploads\/2016\/05\/vw-luftkjolt-7.png?fit=686%2C457&amp;ssl=1\" src=\"https:\/\/i0.wp.com\/terjebjornstad.com\/no\/wp-content\/uploads\/2016\/05\/vw-luftkjolt-7.png?resize=686%2C457&#038;ssl=1\" alt=\"\" width=\"686\" height=\"457\" class=\"size-full wp-image-4436\" srcset=\"https:\/\/i0.wp.com\/terjebjornstad.com\/no\/wp-content\/uploads\/2016\/05\/vw-luftkjolt-7.png?w=686&amp;ssl=1 686w, https:\/\/i0.wp.com\/terjebjornstad.com\/no\/wp-content\/uploads\/2016\/05\/vw-luftkjolt-7.png?resize=300%2C200&amp;ssl=1 300w\" sizes=\"auto, (max-width: 686px) 100vw, 686px\" \/><\/a><figcaption id=\"caption-attachment-4436\" class=\"wp-caption-text\">1967 Volkswagen (Norsk Folkemuseum).<\/figcaption><\/figure>\n<h3 class=\"tebh2\">Fortsatt dominert av 60-tallet<\/h3>\n<p>Folkevogna s\u00e5 fremdeles ut som den gjorde tidligere, og var fremdeles bestselger. I august fikk den en oppgradering med 1300-motor og mer oppreiste frontlys. Den nye Ford Cortina ble veldig popul\u00e6r, s\u00e5 ogs\u00e5 Volvo 144 og nye Opel Rekord. Men i bildegalleriet fra 1967 ser vi at de &laquo;gamle&raquo; 60-talls modellene fortsatt dominerte bilparken, som Fiat 600, Mercedes-Benz W110, Citroen DS med \u00e9neket ratt, Renault 4 med den lille grillen. Skulle jeg peke p\u00e5 noe virkelig flott fra 1967, m\u00e5 det bli Ford Mustang. <\/p>\n<h3 class=\"tebh2\">Nye modeller i 1967<\/h3>\n<p>Av helt nye modeller, var nok Saab 99 den som skulle sette mest preg p\u00e5 bilparken her hjemme. Opel Commodore dukket opp som et alternativ i premiumklasse som kun ble en dr\u00f8m for de fleste. Det var vel ogs\u00e5 den futuristiske NSU Ro80 med Wankel-motor. <\/p>\n<h3 class=\"tebh2\">Nyhetene i 1967<\/h3>\n<p><a href=\"https:\/\/terjebjornstad.com\/no\/1967-1983-citroen-dyane\/\">Citroen Dyane<\/a><br \/>\nMoskvich 412<br \/>\n<a href=\"https:\/\/terjebjornstad.com\/no\/simca-1100\/\">Simca 1100<\/a><br \/>\n<a href=\"https:\/\/terjebjornstad.com\/no\/saab-99\/\">Saab 99<\/a><br \/>\nOpel Commodore A<br \/>\nNSU Ro80<br \/>\n<a href=\"https:\/\/terjebjornstad.com\/no\/ford\/ford-osi\/\">Ford OSI 20 M<\/a><br \/>\n<a href=\"https:\/\/terjebjornstad.com\/no\/triumph-tr5-tr250\/\">Triumph TR5\/TR250<\/a><br \/>\n<a href=\"https:\/\/terjebjornstad.com\/no\/1967-1971-tvr-tuscan\/\">TVR Tuscan\/Vixen<\/a><br \/>\n<a href=\"https:\/\/terjebjornstad.com\/no\/alfa-romeo-montreal\/\">Alfa Romeo Montreal<\/a><br \/>\n<a href=\"https:\/\/terjebjornstad.com\/no\/aston-martin-dbs-2\/\">Aston Martin DBS<\/a><br \/>\nChevrolet Camaro<br \/>\n<a href=\"https:\/\/terjebjornstad.com\/no\/mercury\/mercury-cougar-1\/\">Mercury Cougar<\/a><\/p>\n<hr \/>\n<p>&nbsp;<\/p>\n<h2><a href=\"https:\/\/terjebjornstad.com\/no\/2024\/04\/12\/bilene-fra-1961\/\">1961<\/a> <a href=\"https:\/\/terjebjornstad.com\/no\/bilene-fra-1962\/\">1962<\/a> <a href=\"https:\/\/terjebjornstad.com\/no\/bilene-fra-1963\/\">1963<\/a> <a href=\"https:\/\/terjebjornstad.com\/no\/bilene-fra-1964\/\">1964<\/a> <a href=\"https:\/\/terjebjornstad.com\/no\/bilene-fra-1965\/\">1965<\/a> <a href=\"https:\/\/terjebjornstad.com\/no\/bilene-fra-1966\/\">1966<\/a> 1967 <a href=\"https:\/\/terjebjornstad.com\/no\/bilene-fra-1968\/\">1968<\/a> <a href=\"https:\/\/terjebjornstad.com\/no\/bilene-fra-1969\/\">1969<\/a> <a href=\"https:\/\/terjebjornstad.com\/no\/bilene-fra-1970\/\">1970<\/a> <\/h2>\n<p>&nbsp;<\/p>\n<p><a href=\"https:\/\/terjebjornstad.com\/no\/bildekatalogen\/\"><img data-recalc-dims=\"1\" loading=\"lazy\" decoding=\"async\" data-attachment-id=\"58748\" data-permalink=\"https:\/\/terjebjornstad.com\/no\/mazda-mx-5-gen-1\/bilkatalogen-1-wiii\/\" data-orig-file=\"https:\/\/i0.wp.com\/terjebjornstad.com\/no\/wp-content\/uploads\/2023\/04\/bilkatalogen-1-wiii-3817116049-e1726172463235.jpg?fit=183%2C53&amp;ssl=1\" data-orig-size=\"183,53\" data-comments-opened=\"1\" data-image-meta=\"{&quot;aperture&quot;:&quot;0&quot;,&quot;credit&quot;:&quot;&quot;,&quot;camera&quot;:&quot;&quot;,&quot;caption&quot;:&quot;&quot;,&quot;created_timestamp&quot;:&quot;0&quot;,&quot;copyright&quot;:&quot;&quot;,&quot;focal_length&quot;:&quot;0&quot;,&quot;iso&quot;:&quot;0&quot;,&quot;shutter_speed&quot;:&quot;0&quot;,&quot;title&quot;:&quot;&quot;,&quot;orientation&quot;:&quot;0&quot;}\" data-image-title=\"bilkatalogen-1-wiii\" data-image-description=\"\" data-image-caption=\"\" data-large-file=\"https:\/\/i0.wp.com\/terjebjornstad.com\/no\/wp-content\/uploads\/2023\/04\/bilkatalogen-1-wiii-3817116049-e1726172463235.jpg?fit=183%2C53&amp;ssl=1\" src=\"https:\/\/i0.wp.com\/terjebjornstad.com\/no\/wp-content\/uploads\/2023\/04\/bilkatalogen-1-wiii.jpg?resize=235%2C53&#038;ssl=1\" alt=\"\" width=\"235\" height=\"53\" class=\"alignleft size-full wp-image-58748\" \/><\/a><\/p>\n<h6><\/h6>\n<\/div>\n<p>&nbsp;<\/p>\n<p>Kilder: <a href=\"https:\/\/www.nrk.no\/kultur\/tilbake-til-1967-1.6849687\" target=\"_blank\" rel=\"noopener\"><strong>NRK &#8211; Tilbake til 1967<\/strong><\/a><\/p>\n<p>Bilder: Rettighetene til bildene tilh\u00f8rer &laquo;Terjes biler&raquo; med unntak av reklamebilder som er l\u00e5nt fra Anders de Langes arkiv over bilhistoriske bilder.<\/p>\n<h6><\/h6>\n","protected":false},"excerpt":{"rendered":"<p>Sverige innf\u00f8rte h\u00f8yrekj\u00f8ring og sangen &laquo;H\u00e5ll dig till h\u00f6ger, Svenson&raquo; med Telstars kom p\u00e5 Svensktoppen. Seksdagerskrigen br\u00f8t ut i Midt-\u00d8sten. Popstjernen Twiggy kj\u00f8rte Mini og Beatles sang &laquo;All You Need is Love&raquo;. Turer med bil, telt, camping-stoler og fiskestenger var typisk for 1967. Vi kj\u00f8rte lange turer i Moskvichen, ofte if\u00f8lge med mor og fars [&hellip;]<\/p>\n","protected":false},"author":1,"featured_media":0,"parent":0,"menu_order":0,"comment_status":"closed","ping_status":"closed","template":"templates\/full-width-page.php","meta":{"_monsterinsights_skip_tracking":false,"_monsterinsights_sitenote_active":false,"_monsterinsights_sitenote_note":"","_monsterinsights_sitenote_category":0,"jetpack_post_was_ever_published":false,"footnotes":""},"class_list":["post-72186","page","type-page","status-publish","hentry"],"yoast_head":"<!-- This site is optimized with the Yoast SEO plugin v27.5 - https:\/\/yoast.com\/product\/yoast-seo-wordpress\/ -->\n<title>Bilene fra 1967 - Terjes biler<\/title>\n<meta name=\"description\" content=\"I 1967 innf\u00f8rte Sverige h\u00f8yrekj\u00f8ring og sangen &quot;H\u00e5ll dig till h\u00f6ger, Svenson&quot; med Telstars kom p\u00e5 Svensktoppen.\" \/>\n<meta name=\"robots\" content=\"index, follow, max-snippet:-1, max-image-preview:large, max-video-preview:-1\" \/>\n<link rel=\"canonical\" href=\"https:\/\/terjebjornstad.com\/no\/bilene-fra-1967\/\" \/>\n<meta property=\"og:locale\" content=\"nb_NO\" \/>\n<meta property=\"og:type\" content=\"article\" \/>\n<meta property=\"og:title\" content=\"Bilene fra 1967 - Terjes biler\" \/>\n<meta property=\"og:description\" content=\"I 1967 innf\u00f8rte Sverige h\u00f8yrekj\u00f8ring og sangen &quot;H\u00e5ll dig till h\u00f6ger, Svenson&quot; med Telstars kom p\u00e5 Svensktoppen.\" \/>\n<meta property=\"og:url\" content=\"https:\/\/terjebjornstad.com\/no\/bilene-fra-1967\/\" \/>\n<meta property=\"og:site_name\" content=\"Terjes biler\" \/>\n<meta property=\"article:publisher\" content=\"https:\/\/www.facebook.com\/terjesbiler\/\" \/>\n<meta property=\"article:modified_time\" content=\"2026-02-26T22:33:33+00:00\" \/>\n<meta property=\"og:image\" content=\"https:\/\/terjebjornstad.com\/no\/wp-content\/uploads\/2020\/05\/1967-ford-mustang-289-1080x720-1.png\" \/>\n<meta name=\"twitter:card\" content=\"summary_large_image\" \/>\n<meta name=\"twitter:label1\" content=\"Ansl. lesetid\" \/>\n\t<meta name=\"twitter:data1\" content=\"8 minutter\" \/>\n<script type=\"application\/ld+json\" class=\"yoast-schema-graph\">{\"@context\":\"https:\\\/\\\/schema.org\",\"@graph\":[{\"@type\":\"WebPage\",\"@id\":\"https:\\\/\\\/terjebjornstad.com\\\/no\\\/bilene-fra-1967\\\/\",\"url\":\"https:\\\/\\\/terjebjornstad.com\\\/no\\\/bilene-fra-1967\\\/\",\"name\":\"Bilene fra 1967 - Terjes biler\",\"isPartOf\":{\"@id\":\"https:\\\/\\\/terjebjornstad.com\\\/no\\\/#website\"},\"primaryImageOfPage\":{\"@id\":\"https:\\\/\\\/terjebjornstad.com\\\/no\\\/bilene-fra-1967\\\/#primaryimage\"},\"image\":{\"@id\":\"https:\\\/\\\/terjebjornstad.com\\\/no\\\/bilene-fra-1967\\\/#primaryimage\"},\"thumbnailUrl\":\"https:\\\/\\\/terjebjornstad.com\\\/no\\\/wp-content\\\/uploads\\\/2020\\\/05\\\/1967-ford-mustang-289-1080x720-1.png\",\"datePublished\":\"2024-05-19T23:07:34+00:00\",\"dateModified\":\"2026-02-26T22:33:33+00:00\",\"description\":\"I 1967 innf\u00f8rte Sverige h\u00f8yrekj\u00f8ring og sangen \\\"H\u00e5ll dig till h\u00f6ger, Svenson\\\" med Telstars kom p\u00e5 Svensktoppen.\",\"breadcrumb\":{\"@id\":\"https:\\\/\\\/terjebjornstad.com\\\/no\\\/bilene-fra-1967\\\/#breadcrumb\"},\"inLanguage\":\"nb-NO\",\"potentialAction\":[{\"@type\":\"ReadAction\",\"target\":[\"https:\\\/\\\/terjebjornstad.com\\\/no\\\/bilene-fra-1967\\\/\"]}]},{\"@type\":\"ImageObject\",\"inLanguage\":\"nb-NO\",\"@id\":\"https:\\\/\\\/terjebjornstad.com\\\/no\\\/bilene-fra-1967\\\/#primaryimage\",\"url\":\"https:\\\/\\\/i0.wp.com\\\/terjebjornstad.com\\\/no\\\/wp-content\\\/uploads\\\/2020\\\/05\\\/1967-ford-mustang-289-1080x720-1.png?fit=1080%2C720&ssl=1\",\"contentUrl\":\"https:\\\/\\\/i0.wp.com\\\/terjebjornstad.com\\\/no\\\/wp-content\\\/uploads\\\/2020\\\/05\\\/1967-ford-mustang-289-1080x720-1.png?fit=1080%2C720&ssl=1\",\"width\":1080,\"height\":720,\"caption\":\"Ford Mustang 289 GT V8 Fastback var en bil mange dr\u00f8mte om i 1967.\"},{\"@type\":\"BreadcrumbList\",\"@id\":\"https:\\\/\\\/terjebjornstad.com\\\/no\\\/bilene-fra-1967\\\/#breadcrumb\",\"itemListElement\":[{\"@type\":\"ListItem\",\"position\":1,\"name\":\"Hjem\",\"item\":\"https:\\\/\\\/terjebjornstad.com\\\/no\\\/\"},{\"@type\":\"ListItem\",\"position\":2,\"name\":\"Bilene fra 1967\"}]},{\"@type\":\"WebSite\",\"@id\":\"https:\\\/\\\/terjebjornstad.com\\\/no\\\/#website\",\"url\":\"https:\\\/\\\/terjebjornstad.com\\\/no\\\/\",\"name\":\"Terjes biler\",\"description\":\"HONEST ABOUT CARS\",\"publisher\":{\"@id\":\"https:\\\/\\\/terjebjornstad.com\\\/no\\\/#organization\"},\"alternateName\":\"Terjebjornstad.com\",\"potentialAction\":[{\"@type\":\"SearchAction\",\"target\":{\"@type\":\"EntryPoint\",\"urlTemplate\":\"https:\\\/\\\/terjebjornstad.com\\\/no\\\/?s={search_term_string}\"},\"query-input\":{\"@type\":\"PropertyValueSpecification\",\"valueRequired\":true,\"valueName\":\"search_term_string\"}}],\"inLanguage\":\"nb-NO\"},{\"@type\":\"Organization\",\"@id\":\"https:\\\/\\\/terjebjornstad.com\\\/no\\\/#organization\",\"name\":\"Terje Bj\u00f8rnstad ENK\",\"url\":\"https:\\\/\\\/terjebjornstad.com\\\/no\\\/\",\"logo\":{\"@type\":\"ImageObject\",\"inLanguage\":\"nb-NO\",\"@id\":\"https:\\\/\\\/terjebjornstad.com\\\/no\\\/#\\\/schema\\\/logo\\\/image\\\/\",\"url\":\"https:\\\/\\\/i0.wp.com\\\/terjebjornstad.com\\\/no\\\/wp-content\\\/uploads\\\/2026\\\/02\\\/terjesbiler2024-960x354-1.png?fit=960%2C354&ssl=1\",\"contentUrl\":\"https:\\\/\\\/i0.wp.com\\\/terjebjornstad.com\\\/no\\\/wp-content\\\/uploads\\\/2026\\\/02\\\/terjesbiler2024-960x354-1.png?fit=960%2C354&ssl=1\",\"width\":960,\"height\":354,\"caption\":\"Terje Bj\u00f8rnstad ENK\"},\"image\":{\"@id\":\"https:\\\/\\\/terjebjornstad.com\\\/no\\\/#\\\/schema\\\/logo\\\/image\\\/\"},\"sameAs\":[\"https:\\\/\\\/www.facebook.com\\\/terjesbiler\\\/\",\"https:\\\/\\\/www.instagram.com\\\/terjesbiler\\\/\",\"https:\\\/\\\/www.pinteres.com\\\/terjebjrnstad\\\/terjes-biler\\\/\"]}]}<\/script>\n<!-- \/ Yoast SEO plugin. -->","yoast_head_json":{"title":"Bilene fra 1967 - Terjes biler","description":"I 1967 innf\u00f8rte Sverige h\u00f8yrekj\u00f8ring og sangen \"H\u00e5ll dig till h\u00f6ger, Svenson\" med Telstars kom p\u00e5 Svensktoppen.","robots":{"index":"index","follow":"follow","max-snippet":"max-snippet:-1","max-image-preview":"max-image-preview:large","max-video-preview":"max-video-preview:-1"},"canonical":"https:\/\/terjebjornstad.com\/no\/bilene-fra-1967\/","og_locale":"nb_NO","og_type":"article","og_title":"Bilene fra 1967 - Terjes biler","og_description":"I 1967 innf\u00f8rte Sverige h\u00f8yrekj\u00f8ring og sangen \"H\u00e5ll dig till h\u00f6ger, Svenson\" med Telstars kom p\u00e5 Svensktoppen.","og_url":"https:\/\/terjebjornstad.com\/no\/bilene-fra-1967\/","og_site_name":"Terjes biler","article_publisher":"https:\/\/www.facebook.com\/terjesbiler\/","article_modified_time":"2026-02-26T22:33:33+00:00","og_image":[{"url":"https:\/\/terjebjornstad.com\/no\/wp-content\/uploads\/2020\/05\/1967-ford-mustang-289-1080x720-1.png","type":"","width":"","height":""}],"twitter_card":"summary_large_image","twitter_misc":{"Ansl. lesetid":"8 minutter"},"schema":{"@context":"https:\/\/schema.org","@graph":[{"@type":"WebPage","@id":"https:\/\/terjebjornstad.com\/no\/bilene-fra-1967\/","url":"https:\/\/terjebjornstad.com\/no\/bilene-fra-1967\/","name":"Bilene fra 1967 - Terjes biler","isPartOf":{"@id":"https:\/\/terjebjornstad.com\/no\/#website"},"primaryImageOfPage":{"@id":"https:\/\/terjebjornstad.com\/no\/bilene-fra-1967\/#primaryimage"},"image":{"@id":"https:\/\/terjebjornstad.com\/no\/bilene-fra-1967\/#primaryimage"},"thumbnailUrl":"https:\/\/terjebjornstad.com\/no\/wp-content\/uploads\/2020\/05\/1967-ford-mustang-289-1080x720-1.png","datePublished":"2024-05-19T23:07:34+00:00","dateModified":"2026-02-26T22:33:33+00:00","description":"I 1967 innf\u00f8rte Sverige h\u00f8yrekj\u00f8ring og sangen \"H\u00e5ll dig till h\u00f6ger, Svenson\" med Telstars kom p\u00e5 Svensktoppen.","breadcrumb":{"@id":"https:\/\/terjebjornstad.com\/no\/bilene-fra-1967\/#breadcrumb"},"inLanguage":"nb-NO","potentialAction":[{"@type":"ReadAction","target":["https:\/\/terjebjornstad.com\/no\/bilene-fra-1967\/"]}]},{"@type":"ImageObject","inLanguage":"nb-NO","@id":"https:\/\/terjebjornstad.com\/no\/bilene-fra-1967\/#primaryimage","url":"https:\/\/i0.wp.com\/terjebjornstad.com\/no\/wp-content\/uploads\/2020\/05\/1967-ford-mustang-289-1080x720-1.png?fit=1080%2C720&ssl=1","contentUrl":"https:\/\/i0.wp.com\/terjebjornstad.com\/no\/wp-content\/uploads\/2020\/05\/1967-ford-mustang-289-1080x720-1.png?fit=1080%2C720&ssl=1","width":1080,"height":720,"caption":"Ford Mustang 289 GT V8 Fastback var en bil mange dr\u00f8mte om i 1967."},{"@type":"BreadcrumbList","@id":"https:\/\/terjebjornstad.com\/no\/bilene-fra-1967\/#breadcrumb","itemListElement":[{"@type":"ListItem","position":1,"name":"Hjem","item":"https:\/\/terjebjornstad.com\/no\/"},{"@type":"ListItem","position":2,"name":"Bilene fra 1967"}]},{"@type":"WebSite","@id":"https:\/\/terjebjornstad.com\/no\/#website","url":"https:\/\/terjebjornstad.com\/no\/","name":"Terjes biler","description":"HONEST ABOUT CARS","publisher":{"@id":"https:\/\/terjebjornstad.com\/no\/#organization"},"alternateName":"Terjebjornstad.com","potentialAction":[{"@type":"SearchAction","target":{"@type":"EntryPoint","urlTemplate":"https:\/\/terjebjornstad.com\/no\/?s={search_term_string}"},"query-input":{"@type":"PropertyValueSpecification","valueRequired":true,"valueName":"search_term_string"}}],"inLanguage":"nb-NO"},{"@type":"Organization","@id":"https:\/\/terjebjornstad.com\/no\/#organization","name":"Terje Bj\u00f8rnstad ENK","url":"https:\/\/terjebjornstad.com\/no\/","logo":{"@type":"ImageObject","inLanguage":"nb-NO","@id":"https:\/\/terjebjornstad.com\/no\/#\/schema\/logo\/image\/","url":"https:\/\/i0.wp.com\/terjebjornstad.com\/no\/wp-content\/uploads\/2026\/02\/terjesbiler2024-960x354-1.png?fit=960%2C354&ssl=1","contentUrl":"https:\/\/i0.wp.com\/terjebjornstad.com\/no\/wp-content\/uploads\/2026\/02\/terjesbiler2024-960x354-1.png?fit=960%2C354&ssl=1","width":960,"height":354,"caption":"Terje Bj\u00f8rnstad ENK"},"image":{"@id":"https:\/\/terjebjornstad.com\/no\/#\/schema\/logo\/image\/"},"sameAs":["https:\/\/www.facebook.com\/terjesbiler\/","https:\/\/www.instagram.com\/terjesbiler\/","https:\/\/www.pinteres.com\/terjebjrnstad\/terjes-biler\/"]}]}},"jetpack_sharing_enabled":true,"jetpack_shortlink":"https:\/\/wp.me\/P48zYA-iMi","jetpack-related-posts":[{"id":24464,"url":"https:\/\/terjebjornstad.com\/no\/saab-96\/","url_meta":{"origin":72186,"position":0},"title":"Saab 96","author":"Terje Bj\u00f8rnstad","date":"21\/06\/2019","format":false,"excerpt":"Bygget av en flyprodusent, formgivning fra 40-\u00e5rene, 2-takter eller V4 med rattgir og frihjul. Hvordan kunne den v\u00e6re popul\u00e6r s\u00e5 lenge? Saab 96 ble produsert mellom 1960 og 1979. Designet stammet fra et konsept utviklet like etter krigen. Det er utrolig at karosseriformen fra 40-tallet kunne holde seg popul\u00e6rt s\u00e5\u2026","rel":"","context":"Liknende innlegg","block_context":{"text":"Liknende innlegg","link":""},"img":{"alt_text":"","src":"https:\/\/i0.wp.com\/terjebjornstad.com\/no\/wp-content\/uploads\/2019\/06\/saab-96-v4-1080x1080.png?fit=1080%2C1080&ssl=1&resize=350%2C200","width":350,"height":200,"srcset":"https:\/\/i0.wp.com\/terjebjornstad.com\/no\/wp-content\/uploads\/2019\/06\/saab-96-v4-1080x1080.png?fit=1080%2C1080&ssl=1&resize=350%2C200 1x, https:\/\/i0.wp.com\/terjebjornstad.com\/no\/wp-content\/uploads\/2019\/06\/saab-96-v4-1080x1080.png?fit=1080%2C1080&ssl=1&resize=525%2C300 1.5x, https:\/\/i0.wp.com\/terjebjornstad.com\/no\/wp-content\/uploads\/2019\/06\/saab-96-v4-1080x1080.png?fit=1080%2C1080&ssl=1&resize=700%2C400 2x, https:\/\/i0.wp.com\/terjebjornstad.com\/no\/wp-content\/uploads\/2019\/06\/saab-96-v4-1080x1080.png?fit=1080%2C1080&ssl=1&resize=1050%2C600 3x"},"classes":[]},{"id":86341,"url":"https:\/\/terjebjornstad.com\/no\/volkswagen-1300-1500-beetle\/","url_meta":{"origin":72186,"position":1},"title":"Volkswagen 1300\/1500 Beetle","author":"Terje Bj\u00f8rnstad","date":"26\/11\/2025","format":false,"excerpt":"Volkswagen fom. 1967 tom. 1971 Her er et bildegalleri over Volkswagen 1300\/1500 produsert fra 1967 \u00e5rsmodell til \"S\" modellene tok over (1302 S, 1303 S). Modellene fra 1967 fikk 1300-motorer som ytet 40 HK. Man kunne bestille biler med 1500-motor og da f\u00e5 44 HK. Bilene fra 1967 fikk 12\u2026","rel":"","context":"Liknende innlegg","block_context":{"text":"Liknende innlegg","link":""},"img":{"alt_text":"","src":"https:\/\/i0.wp.com\/terjebjornstad.com\/no\/wp-content\/uploads\/2024\/03\/1968-volkswagen-1300-1920x1280-1.jpg?fit=1200%2C800&ssl=1&resize=350%2C200","width":350,"height":200,"srcset":"https:\/\/i0.wp.com\/terjebjornstad.com\/no\/wp-content\/uploads\/2024\/03\/1968-volkswagen-1300-1920x1280-1.jpg?fit=1200%2C800&ssl=1&resize=350%2C200 1x, https:\/\/i0.wp.com\/terjebjornstad.com\/no\/wp-content\/uploads\/2024\/03\/1968-volkswagen-1300-1920x1280-1.jpg?fit=1200%2C800&ssl=1&resize=525%2C300 1.5x, https:\/\/i0.wp.com\/terjebjornstad.com\/no\/wp-content\/uploads\/2024\/03\/1968-volkswagen-1300-1920x1280-1.jpg?fit=1200%2C800&ssl=1&resize=700%2C400 2x, https:\/\/i0.wp.com\/terjebjornstad.com\/no\/wp-content\/uploads\/2024\/03\/1968-volkswagen-1300-1920x1280-1.jpg?fit=1200%2C800&ssl=1&resize=1050%2C600 3x"},"classes":[]},{"id":56354,"url":"https:\/\/terjebjornstad.com\/no\/triumph-herald\/","url_meta":{"origin":72186,"position":2},"title":"Triumph Herald","author":"Terje Bj\u00f8rnstad","date":"24\/01\/2023","format":false,"excerpt":"Snerten og t\u00f8ff Hovedbildet viser en kvinne som er p\u00e5 shopping. Selv om Triumph Herald var en snerten bil, var den ikke utpreget feminin. Med st\u00f8tfangerhorn som en underbitt terrier og rette, skarpe linjer, var den litt eksotisk og t\u00f8ff. Lydbildet bidro til det, selv om motorene var sm\u00e5 etter\u2026","rel":"","context":"Liknende innlegg","block_context":{"text":"Liknende innlegg","link":""},"img":{"alt_text":"","src":"https:\/\/i0.wp.com\/terjebjornstad.com\/no\/wp-content\/uploads\/2023\/01\/wallpapers_triumph_herald_1961_1.jpg?fit=640%2C480&ssl=1&resize=350%2C200","width":350,"height":200,"srcset":"https:\/\/i0.wp.com\/terjebjornstad.com\/no\/wp-content\/uploads\/2023\/01\/wallpapers_triumph_herald_1961_1.jpg?fit=640%2C480&ssl=1&resize=350%2C200 1x, https:\/\/i0.wp.com\/terjebjornstad.com\/no\/wp-content\/uploads\/2023\/01\/wallpapers_triumph_herald_1961_1.jpg?fit=640%2C480&ssl=1&resize=525%2C300 1.5x"},"classes":[]},{"id":27766,"url":"https:\/\/terjebjornstad.com\/no\/aston-martin-dbs-2\/","url_meta":{"origin":72186,"position":3},"title":"Aston Martin DBS","author":"Terje Bj\u00f8rnstad","date":"17\/11\/2019","format":false,"excerpt":"Modellhistorikk Modellen ble produsert mellom 1967 til 1972. Den ble lansert med samme motor som satt i DB6, en 4,0 liter rekkesekser p\u00e5 280 HK. Fra modell\u00e5r 1970 kunne DBS leveres med V8-motor p\u00e5 320 HK. V8-motoren ble popul\u00e6r, og etterf\u00f8lgeren etter DBS ble en videref\u00f8ring av DBS-designet med kun\u2026","rel":"","context":"Liknende innlegg","block_context":{"text":"Liknende innlegg","link":""},"img":{"alt_text":"dbs","src":"https:\/\/i0.wp.com\/terjebjornstad.com\/no\/wp-content\/uploads\/2019\/11\/aston-martin-dbs-1080x720.png?fit=1080%2C720&ssl=1&resize=350%2C200","width":350,"height":200,"srcset":"https:\/\/i0.wp.com\/terjebjornstad.com\/no\/wp-content\/uploads\/2019\/11\/aston-martin-dbs-1080x720.png?fit=1080%2C720&ssl=1&resize=350%2C200 1x, https:\/\/i0.wp.com\/terjebjornstad.com\/no\/wp-content\/uploads\/2019\/11\/aston-martin-dbs-1080x720.png?fit=1080%2C720&ssl=1&resize=525%2C300 1.5x, https:\/\/i0.wp.com\/terjebjornstad.com\/no\/wp-content\/uploads\/2019\/11\/aston-martin-dbs-1080x720.png?fit=1080%2C720&ssl=1&resize=700%2C400 2x, https:\/\/i0.wp.com\/terjebjornstad.com\/no\/wp-content\/uploads\/2019\/11\/aston-martin-dbs-1080x720.png?fit=1080%2C720&ssl=1&resize=1050%2C600 3x"},"classes":[]},{"id":7480,"url":"https:\/\/terjebjornstad.com\/no\/citroen-ds-id\/","url_meta":{"origin":72186,"position":4},"title":"Citroen DS\/ID","author":"Terje Bj\u00f8rnstad","date":"21\/09\/2016","format":false,"excerpt":"Futuristisk, sofistikert, innovativ, eksentrisk og en tanke spr\u00f8. Det er karakteristikker som har fulgt Citroen DS gjennom 20 \u00e5r i produksjon. I l\u00f8pet av de 20 \u00e5rene Citroen DS har v\u00e6rt i produksjon, ble det gjort to facelifts. \u00c9n mindre oppdatering i 1962 og \u00e9n stor i 1967. Da modellen\u2026","rel":"","context":"Liknende innlegg","block_context":{"text":"Liknende innlegg","link":""},"img":{"alt_text":"","src":"https:\/\/i0.wp.com\/terjebjornstad.com\/no\/wp-content\/uploads\/2025\/12\/2-1970-citroen-ds21-pallas-1440x1080-1.jpg?resize=350%2C200&ssl=1","width":350,"height":200,"srcset":"https:\/\/i0.wp.com\/terjebjornstad.com\/no\/wp-content\/uploads\/2025\/12\/2-1970-citroen-ds21-pallas-1440x1080-1.jpg?resize=350%2C200&ssl=1 1x, https:\/\/i0.wp.com\/terjebjornstad.com\/no\/wp-content\/uploads\/2025\/12\/2-1970-citroen-ds21-pallas-1440x1080-1.jpg?resize=525%2C300&ssl=1 1.5x, https:\/\/i0.wp.com\/terjebjornstad.com\/no\/wp-content\/uploads\/2025\/12\/2-1970-citroen-ds21-pallas-1440x1080-1.jpg?resize=700%2C400&ssl=1 2x, https:\/\/i0.wp.com\/terjebjornstad.com\/no\/wp-content\/uploads\/2025\/12\/2-1970-citroen-ds21-pallas-1440x1080-1.jpg?resize=1050%2C600&ssl=1 3x, https:\/\/i0.wp.com\/terjebjornstad.com\/no\/wp-content\/uploads\/2025\/12\/2-1970-citroen-ds21-pallas-1440x1080-1.jpg?resize=1400%2C800&ssl=1 4x"},"classes":[]},{"id":87018,"url":"https:\/\/terjebjornstad.com\/no\/dodge-charger-1\/","url_meta":{"origin":72186,"position":5},"title":"Dodge Charger 1","author":"Terje Bj\u00f8rnstad","date":"19\/12\/2025","format":false,"excerpt":"Utformet som en muskelbil utstyrt med de sprekeste V8-motorene Mopar kunne by p\u00e5. Da Dodge Charger kom i 1966 kunne man tro at den skulle bli svar p\u00e5 den suksessfulle Ford Mustang, men Charger var ingen Pony Car. Den var st\u00f8rre - mer som en 2-d\u00f8rs sportslig bil med fastback-fasong\u2026","rel":"","context":"Liknende innlegg","block_context":{"text":"Liknende innlegg","link":""},"img":{"alt_text":"","src":"https:\/\/i0.wp.com\/terjebjornstad.com\/no\/wp-content\/uploads\/2025\/12\/u-charger.jpg?resize=350%2C200&ssl=1","width":350,"height":200,"srcset":"https:\/\/i0.wp.com\/terjebjornstad.com\/no\/wp-content\/uploads\/2025\/12\/u-charger.jpg?resize=350%2C200&ssl=1 1x, https:\/\/i0.wp.com\/terjebjornstad.com\/no\/wp-content\/uploads\/2025\/12\/u-charger.jpg?resize=525%2C300&ssl=1 1.5x"},"classes":[]}],"_links":{"self":[{"href":"https:\/\/terjebjornstad.com\/no\/wp-json\/wp\/v2\/pages\/72186","targetHints":{"allow":["GET"]}}],"collection":[{"href":"https:\/\/terjebjornstad.com\/no\/wp-json\/wp\/v2\/pages"}],"about":[{"href":"https:\/\/terjebjornstad.com\/no\/wp-json\/wp\/v2\/types\/page"}],"author":[{"embeddable":true,"href":"https:\/\/terjebjornstad.com\/no\/wp-json\/wp\/v2\/users\/1"}],"replies":[{"embeddable":true,"href":"https:\/\/terjebjornstad.com\/no\/wp-json\/wp\/v2\/comments?post=72186"}],"version-history":[{"count":41,"href":"https:\/\/terjebjornstad.com\/no\/wp-json\/wp\/v2\/pages\/72186\/revisions"}],"predecessor-version":[{"id":89927,"href":"https:\/\/terjebjornstad.com\/no\/wp-json\/wp\/v2\/pages\/72186\/revisions\/89927"}],"wp:attachment":[{"href":"https:\/\/terjebjornstad.com\/no\/wp-json\/wp\/v2\/media?parent=72186"}],"curies":[{"name":"wp","href":"https:\/\/api.w.org\/{rel}","templated":true}]}}