{"id":5698,"date":"2016-06-23T10:27:15","date_gmt":"2016-06-23T10:27:15","guid":{"rendered":"http:\/\/terjebjornstad.com\/no\/?page_id=5698"},"modified":"2026-02-09T12:52:21","modified_gmt":"2026-02-09T11:52:21","slug":"2008-ferrari-california","status":"publish","type":"page","link":"https:\/\/terjebjornstad.com\/no\/2008-ferrari-california\/","title":{"rendered":"Ferrari California"},"content":{"rendered":"<div class=\"copy_teb\">\n<h3 class=\"tebh2ingreslbcenter\">Ferrari California T &#8211; facelift<\/h3>\n<p><figure id=\"attachment_38712\" aria-describedby=\"caption-attachment-38712\" style=\"width: 1080px\" class=\"wp-caption aligncenter\"><a href=\"https:\/\/i0.wp.com\/terjebjornstad.com\/no\/wp-content\/uploads\/2021\/03\/2015-ferrari-california-39v8-1080x720-1.png?ssl=1\"><img data-recalc-dims=\"1\" loading=\"lazy\" decoding=\"async\" data-attachment-id=\"38712\" data-permalink=\"https:\/\/terjebjornstad.com\/no\/2008-ferrari-california\/2015-ferrari-california-39v8-1080x720\/\" data-orig-file=\"https:\/\/i0.wp.com\/terjebjornstad.com\/no\/wp-content\/uploads\/2021\/03\/2015-ferrari-california-39v8-1080x720-1.png?fit=1080%2C720&amp;ssl=1\" data-orig-size=\"1080,720\" data-comments-opened=\"1\" data-image-meta=\"{&quot;aperture&quot;:&quot;0&quot;,&quot;credit&quot;:&quot;&quot;,&quot;camera&quot;:&quot;&quot;,&quot;caption&quot;:&quot;&quot;,&quot;created_timestamp&quot;:&quot;0&quot;,&quot;copyright&quot;:&quot;&quot;,&quot;focal_length&quot;:&quot;0&quot;,&quot;iso&quot;:&quot;0&quot;,&quot;shutter_speed&quot;:&quot;0&quot;,&quot;title&quot;:&quot;&quot;,&quot;orientation&quot;:&quot;0&quot;}\" data-image-title=\"2015-ferrari-california-39v8-1080&amp;#215;720\" data-image-description=\"\" data-image-caption=\"&lt;p&gt;California T&lt;\/p&gt;\n\" data-large-file=\"https:\/\/i0.wp.com\/terjebjornstad.com\/no\/wp-content\/uploads\/2021\/03\/2015-ferrari-california-39v8-1080x720-1.png?fit=980%2C653&amp;ssl=1\" src=\"https:\/\/i0.wp.com\/terjebjornstad.com\/no\/wp-content\/uploads\/2021\/03\/2015-ferrari-california-39v8-1080x720-1.png?resize=980%2C653&#038;ssl=1\" alt=\"ferrari california\" width=\"980\" height=\"653\" class=\"size-full wp-image-38712\" srcset=\"https:\/\/i0.wp.com\/terjebjornstad.com\/no\/wp-content\/uploads\/2021\/03\/2015-ferrari-california-39v8-1080x720-1.png?w=1080&amp;ssl=1 1080w, https:\/\/i0.wp.com\/terjebjornstad.com\/no\/wp-content\/uploads\/2021\/03\/2015-ferrari-california-39v8-1080x720-1.png?resize=300%2C200&amp;ssl=1 300w, https:\/\/i0.wp.com\/terjebjornstad.com\/no\/wp-content\/uploads\/2021\/03\/2015-ferrari-california-39v8-1080x720-1.png?resize=768%2C512&amp;ssl=1 768w, https:\/\/i0.wp.com\/terjebjornstad.com\/no\/wp-content\/uploads\/2021\/03\/2015-ferrari-california-39v8-1080x720-1.png?resize=690%2C460&amp;ssl=1 690w, https:\/\/i0.wp.com\/terjebjornstad.com\/no\/wp-content\/uploads\/2021\/03\/2015-ferrari-california-39v8-1080x720-1.png?resize=980%2C653&amp;ssl=1 980w\" sizes=\"auto, (max-width: 980px) 100vw, 980px\" \/><\/a><figcaption id=\"caption-attachment-38712\" class=\"wp-caption-text\">California T<\/figcaption><\/figure><br \/>\n&nbsp;<br \/>\n<figure id=\"attachment_8049\" aria-describedby=\"caption-attachment-8049\" style=\"width: 686px\" class=\"wp-caption aligncenter\"><img data-recalc-dims=\"1\" loading=\"lazy\" decoding=\"async\" data-attachment-id=\"8049\" data-permalink=\"https:\/\/terjebjornstad.com\/no\/2015-ferrari-california\/2015-ferrari-california-2\/\" data-orig-file=\"https:\/\/i0.wp.com\/terjebjornstad.com\/no\/wp-content\/uploads\/2016\/10\/2015-ferrari-california.png?fit=686%2C457&amp;ssl=1\" data-orig-size=\"686,457\" data-comments-opened=\"1\" data-image-meta=\"{&quot;aperture&quot;:&quot;0&quot;,&quot;credit&quot;:&quot;&quot;,&quot;camera&quot;:&quot;&quot;,&quot;caption&quot;:&quot;&quot;,&quot;created_timestamp&quot;:&quot;0&quot;,&quot;copyright&quot;:&quot;&quot;,&quot;focal_length&quot;:&quot;0&quot;,&quot;iso&quot;:&quot;0&quot;,&quot;shutter_speed&quot;:&quot;0&quot;,&quot;title&quot;:&quot;&quot;,&quot;orientation&quot;:&quot;0&quot;}\" data-image-title=\"2015 California T (facelift)\" data-image-description=\"\" data-image-caption=\"&lt;p&gt;Ferrari California&lt;\/p&gt;\n\" data-large-file=\"https:\/\/i0.wp.com\/terjebjornstad.com\/no\/wp-content\/uploads\/2016\/10\/2015-ferrari-california.png?fit=686%2C457&amp;ssl=1\" src=\"https:\/\/i0.wp.com\/terjebjornstad.com\/no\/wp-content\/uploads\/2016\/10\/2015-ferrari-california.png?resize=686%2C457&#038;ssl=1\" alt=\"ferrari california\" width=\"686\" height=\"457\" class=\"size-full wp-image-8049\" srcset=\"https:\/\/i0.wp.com\/terjebjornstad.com\/no\/wp-content\/uploads\/2016\/10\/2015-ferrari-california.png?w=686&amp;ssl=1 686w, https:\/\/i0.wp.com\/terjebjornstad.com\/no\/wp-content\/uploads\/2016\/10\/2015-ferrari-california.png?resize=300%2C200&amp;ssl=1 300w\" sizes=\"auto, (max-width: 686px) 100vw, 686px\" \/><figcaption id=\"caption-attachment-8049\" class=\"wp-caption-text\">2015 California.<\/figcaption><\/figure><\/p>\n<p>Ferrari California er en 2+2 seter Gran Turismo med motor midtplassert foran og nedfellbar hardtop. Modellen ble produsert mellom 2009 og 2018. Underveis ble det gjort to vesentlige endringer av drivverk, og \u00e9n facelift. Den nyeste serien ble produsert under modell\u00e5rene 2015 til 2018. Den fikk betegnelsen California T fordi motorene da fikk turbo &#8211; en ny V8 p\u00e5 3,9 liter, twin turbo, 560 HK. Med 7-trinns dobbeltclutch girkasse kunne bilen gj\u00f8re 0-100 p\u00e5 anstendige 3,6 sekunder.<br \/>\n&nbsp;<br \/>\nBiler med facelift&#8217;en fra modell\u00e5ret 2015 skiller seg ut med f\u00f8lgende utvendige endringer:<br \/>\n&nbsp;<br \/>\nNye frontlys, ny grill og endret utforming og plassering av ender\u00f8rene bak. Tidligere var de &laquo;stacked&raquo; to og to i h\u00f8yden, men fra facelift&#8217;en ligger alle fire ender\u00f8rene p\u00e5 linje.<\/p>\n<h3 class=\"tebh2ingreslbcenter\">Modellserier f\u00f8r facelift<\/h3>\n<p><figure id=\"attachment_12096\" aria-describedby=\"caption-attachment-12096\" style=\"width: 686px\" class=\"wp-caption aligncenter\"><a href=\"https:\/\/i0.wp.com\/terjebjornstad.com\/no\/wp-content\/uploads\/2017\/08\/ferrari-california-3-2708-686.png?ssl=1\"><img data-recalc-dims=\"1\" loading=\"lazy\" decoding=\"async\" data-attachment-id=\"12096\" data-permalink=\"https:\/\/terjebjornstad.com\/no\/2017\/08\/28\/pa-utstilling\/ferrari-california-3-2708-686\/\" data-orig-file=\"https:\/\/i0.wp.com\/terjebjornstad.com\/no\/wp-content\/uploads\/2017\/08\/ferrari-california-3-2708-686.png?fit=686%2C686&amp;ssl=1\" data-orig-size=\"686,686\" data-comments-opened=\"1\" data-image-meta=\"{&quot;aperture&quot;:&quot;0&quot;,&quot;credit&quot;:&quot;&quot;,&quot;camera&quot;:&quot;&quot;,&quot;caption&quot;:&quot;&quot;,&quot;created_timestamp&quot;:&quot;0&quot;,&quot;copyright&quot;:&quot;&quot;,&quot;focal_length&quot;:&quot;0&quot;,&quot;iso&quot;:&quot;0&quot;,&quot;shutter_speed&quot;:&quot;0&quot;,&quot;title&quot;:&quot;&quot;,&quot;orientation&quot;:&quot;0&quot;}\" data-image-title=\"Ferrari California, detalj\" data-image-description=\"\" data-image-caption=\"&lt;p&gt;Ferrari California&lt;\/p&gt;\n\" data-large-file=\"https:\/\/i0.wp.com\/terjebjornstad.com\/no\/wp-content\/uploads\/2017\/08\/ferrari-california-3-2708-686.png?fit=686%2C686&amp;ssl=1\" src=\"https:\/\/i0.wp.com\/terjebjornstad.com\/no\/wp-content\/uploads\/2017\/08\/ferrari-california-3-2708-686.png?resize=686%2C686&#038;ssl=1\" alt=\"ferrari california\" width=\"686\" height=\"686\" class=\"size-full wp-image-12096\" srcset=\"https:\/\/i0.wp.com\/terjebjornstad.com\/no\/wp-content\/uploads\/2017\/08\/ferrari-california-3-2708-686.png?w=686&amp;ssl=1 686w, https:\/\/i0.wp.com\/terjebjornstad.com\/no\/wp-content\/uploads\/2017\/08\/ferrari-california-3-2708-686.png?resize=150%2C150&amp;ssl=1 150w, https:\/\/i0.wp.com\/terjebjornstad.com\/no\/wp-content\/uploads\/2017\/08\/ferrari-california-3-2708-686.png?resize=300%2C300&amp;ssl=1 300w, https:\/\/i0.wp.com\/terjebjornstad.com\/no\/wp-content\/uploads\/2017\/08\/ferrari-california-3-2708-686.png?resize=50%2C50&amp;ssl=1 50w\" sizes=\"auto, (max-width: 686px) 100vw, 686px\" \/><\/a><figcaption id=\"caption-attachment-12096\" class=\"wp-caption-text\">Ferrari California<\/figcaption><\/figure><\/p>\n<p><figure id=\"attachment_12097\" aria-describedby=\"caption-attachment-12097\" style=\"width: 686px\" class=\"wp-caption aligncenter\"><a href=\"https:\/\/i0.wp.com\/terjebjornstad.com\/no\/wp-content\/uploads\/2017\/08\/ferrari-california-5-2708-686.png?ssl=1\"><img data-recalc-dims=\"1\" loading=\"lazy\" decoding=\"async\" data-attachment-id=\"12097\" data-permalink=\"https:\/\/terjebjornstad.com\/no\/2017\/08\/28\/pa-utstilling\/ferrari-california-5-2708-686\/\" data-orig-file=\"https:\/\/i0.wp.com\/terjebjornstad.com\/no\/wp-content\/uploads\/2017\/08\/ferrari-california-5-2708-686.png?fit=686%2C686&amp;ssl=1\" data-orig-size=\"686,686\" data-comments-opened=\"1\" data-image-meta=\"{&quot;aperture&quot;:&quot;0&quot;,&quot;credit&quot;:&quot;&quot;,&quot;camera&quot;:&quot;&quot;,&quot;caption&quot;:&quot;&quot;,&quot;created_timestamp&quot;:&quot;0&quot;,&quot;copyright&quot;:&quot;&quot;,&quot;focal_length&quot;:&quot;0&quot;,&quot;iso&quot;:&quot;0&quot;,&quot;shutter_speed&quot;:&quot;0&quot;,&quot;title&quot;:&quot;&quot;,&quot;orientation&quot;:&quot;0&quot;}\" data-image-title=\"2010 Ferrari California\" data-image-description=\"\" data-image-caption=\"&lt;p&gt;P\u00e5 utstilling&lt;\/p&gt;\n\" data-large-file=\"https:\/\/i0.wp.com\/terjebjornstad.com\/no\/wp-content\/uploads\/2017\/08\/ferrari-california-5-2708-686.png?fit=686%2C686&amp;ssl=1\" src=\"https:\/\/i0.wp.com\/terjebjornstad.com\/no\/wp-content\/uploads\/2017\/08\/ferrari-california-5-2708-686.png?resize=686%2C686&#038;ssl=1\" alt=\"ferrari california\" width=\"686\" height=\"686\" class=\"size-full wp-image-12097\" srcset=\"https:\/\/i0.wp.com\/terjebjornstad.com\/no\/wp-content\/uploads\/2017\/08\/ferrari-california-5-2708-686.png?w=686&amp;ssl=1 686w, https:\/\/i0.wp.com\/terjebjornstad.com\/no\/wp-content\/uploads\/2017\/08\/ferrari-california-5-2708-686.png?resize=150%2C150&amp;ssl=1 150w, https:\/\/i0.wp.com\/terjebjornstad.com\/no\/wp-content\/uploads\/2017\/08\/ferrari-california-5-2708-686.png?resize=300%2C300&amp;ssl=1 300w, https:\/\/i0.wp.com\/terjebjornstad.com\/no\/wp-content\/uploads\/2017\/08\/ferrari-california-5-2708-686.png?resize=50%2C50&amp;ssl=1 50w\" sizes=\"auto, (max-width: 686px) 100vw, 686px\" \/><\/a><figcaption id=\"caption-attachment-12097\" class=\"wp-caption-text\">P\u00e5 utstilling<\/figcaption><\/figure><br \/>\n&nbsp;<br \/>\n<figure id=\"attachment_9636\" aria-describedby=\"caption-attachment-9636\" style=\"width: 686px\" class=\"wp-caption aligncenter\"><a href=\"https:\/\/i0.wp.com\/terjebjornstad.com\/no\/wp-content\/uploads\/2017\/03\/ferrari-at-kensington-33.png?ssl=1\"><img data-recalc-dims=\"1\" loading=\"lazy\" decoding=\"async\" data-attachment-id=\"9636\" data-permalink=\"https:\/\/terjebjornstad.com\/no\/2017\/03\/27\/bilene-i-kensington\/ferrari-at-kensington-33\/\" data-orig-file=\"https:\/\/i0.wp.com\/terjebjornstad.com\/no\/wp-content\/uploads\/2017\/03\/ferrari-at-kensington-33.png?fit=686%2C457&amp;ssl=1\" data-orig-size=\"686,457\" data-comments-opened=\"1\" data-image-meta=\"{&quot;aperture&quot;:&quot;0&quot;,&quot;credit&quot;:&quot;&quot;,&quot;camera&quot;:&quot;&quot;,&quot;caption&quot;:&quot;&quot;,&quot;created_timestamp&quot;:&quot;0&quot;,&quot;copyright&quot;:&quot;&quot;,&quot;focal_length&quot;:&quot;0&quot;,&quot;iso&quot;:&quot;0&quot;,&quot;shutter_speed&quot;:&quot;0&quot;,&quot;title&quot;:&quot;&quot;,&quot;orientation&quot;:&quot;0&quot;}\" data-image-title=\"California T (facelift, Kensington, London)\" data-image-description=\"\" data-image-caption=\"&lt;p&gt;California T&lt;\/p&gt;\n\" data-large-file=\"https:\/\/i0.wp.com\/terjebjornstad.com\/no\/wp-content\/uploads\/2017\/03\/ferrari-at-kensington-33.png?fit=686%2C457&amp;ssl=1\" src=\"https:\/\/i0.wp.com\/terjebjornstad.com\/no\/wp-content\/uploads\/2017\/03\/ferrari-at-kensington-33.png?resize=686%2C457&#038;ssl=1\" alt=\"\" width=\"686\" height=\"457\" class=\"size-full wp-image-9636\" srcset=\"https:\/\/i0.wp.com\/terjebjornstad.com\/no\/wp-content\/uploads\/2017\/03\/ferrari-at-kensington-33.png?w=686&amp;ssl=1 686w, https:\/\/i0.wp.com\/terjebjornstad.com\/no\/wp-content\/uploads\/2017\/03\/ferrari-at-kensington-33.png?resize=300%2C200&amp;ssl=1 300w\" sizes=\"auto, (max-width: 686px) 100vw, 686px\" \/><\/a><figcaption id=\"caption-attachment-9636\" class=\"wp-caption-text\">California T<\/figcaption><\/figure><br \/>\n&nbsp;<br \/>\n<figure id=\"attachment_8058\" aria-describedby=\"caption-attachment-8058\" style=\"width: 686px\" class=\"wp-caption aligncenter\"><a href=\"https:\/\/i0.wp.com\/terjebjornstad.com\/no\/wp-content\/uploads\/2016\/10\/caliper-ferrari-1.png?ssl=1\"><img data-recalc-dims=\"1\" loading=\"lazy\" decoding=\"async\" data-attachment-id=\"8058\" data-permalink=\"https:\/\/terjebjornstad.com\/no\/2016\/10\/23\/vis-meg-dine-bremsecalipere\/caliper-ferrari-1\/\" data-orig-file=\"https:\/\/i0.wp.com\/terjebjornstad.com\/no\/wp-content\/uploads\/2016\/10\/caliper-ferrari-1.png?fit=686%2C686&amp;ssl=1\" data-orig-size=\"686,686\" data-comments-opened=\"1\" data-image-meta=\"{&quot;aperture&quot;:&quot;0&quot;,&quot;credit&quot;:&quot;&quot;,&quot;camera&quot;:&quot;&quot;,&quot;caption&quot;:&quot;&quot;,&quot;created_timestamp&quot;:&quot;0&quot;,&quot;copyright&quot;:&quot;&quot;,&quot;focal_length&quot;:&quot;0&quot;,&quot;iso&quot;:&quot;0&quot;,&quot;shutter_speed&quot;:&quot;0&quot;,&quot;title&quot;:&quot;&quot;,&quot;orientation&quot;:&quot;0&quot;}\" data-image-title=\"Ferrari California, detalj, fokus\" data-image-description=\"\" data-image-caption=\"&lt;p&gt;Jeg trodde Ferrari brukte r\u00f8de calipre, men p\u00e5 denne 2010 Ferrari California er caliperne gule, &amp;#8211; like gule som den gule hingsten i Ferraris emblem.&lt;\/p&gt;\n\" data-large-file=\"https:\/\/i0.wp.com\/terjebjornstad.com\/no\/wp-content\/uploads\/2016\/10\/caliper-ferrari-1.png?fit=686%2C686&amp;ssl=1\" src=\"https:\/\/i0.wp.com\/terjebjornstad.com\/no\/wp-content\/uploads\/2016\/10\/caliper-ferrari-1.png?resize=686%2C686&#038;ssl=1\" alt=\"\" width=\"686\" height=\"686\" class=\"size-full wp-image-8058\" srcset=\"https:\/\/i0.wp.com\/terjebjornstad.com\/no\/wp-content\/uploads\/2016\/10\/caliper-ferrari-1.png?w=686&amp;ssl=1 686w, https:\/\/i0.wp.com\/terjebjornstad.com\/no\/wp-content\/uploads\/2016\/10\/caliper-ferrari-1.png?resize=150%2C150&amp;ssl=1 150w, https:\/\/i0.wp.com\/terjebjornstad.com\/no\/wp-content\/uploads\/2016\/10\/caliper-ferrari-1.png?resize=300%2C300&amp;ssl=1 300w, https:\/\/i0.wp.com\/terjebjornstad.com\/no\/wp-content\/uploads\/2016\/10\/caliper-ferrari-1.png?resize=50%2C50&amp;ssl=1 50w\" sizes=\"auto, (max-width: 686px) 100vw, 686px\" \/><\/a><figcaption id=\"caption-attachment-8058\" class=\"wp-caption-text\">Jeg trodde Ferrari brukte r\u00f8de calipre, men p\u00e5 denne 2010 Ferrari California er caliperne gule, &#8211; like gule som den gule hingsten i Ferraris emblem.<\/figcaption><\/figure><br \/>\n&nbsp;<br \/>\n<figure id=\"attachment_4349\" aria-describedby=\"caption-attachment-4349\" style=\"width: 686px\" class=\"wp-caption aligncenter\"><a href=\"https:\/\/i0.wp.com\/terjebjornstad.com\/no\/wp-content\/uploads\/2016\/05\/ferrari-california-21.png?ssl=1\"><img data-recalc-dims=\"1\" loading=\"lazy\" decoding=\"async\" data-attachment-id=\"4349\" data-permalink=\"https:\/\/terjebjornstad.com\/no\/2016\/05\/09\/varmonstring-av-sportsbiler\/ferrari-california-21\/\" data-orig-file=\"https:\/\/i0.wp.com\/terjebjornstad.com\/no\/wp-content\/uploads\/2016\/05\/ferrari-california-21.png?fit=686%2C457&amp;ssl=1\" data-orig-size=\"686,457\" data-comments-opened=\"1\" data-image-meta=\"{&quot;aperture&quot;:&quot;0&quot;,&quot;credit&quot;:&quot;&quot;,&quot;camera&quot;:&quot;&quot;,&quot;caption&quot;:&quot;&quot;,&quot;created_timestamp&quot;:&quot;0&quot;,&quot;copyright&quot;:&quot;&quot;,&quot;focal_length&quot;:&quot;0&quot;,&quot;iso&quot;:&quot;0&quot;,&quot;shutter_speed&quot;:&quot;0&quot;,&quot;title&quot;:&quot;&quot;,&quot;orientation&quot;:&quot;0&quot;}\" data-image-title=\"California\" data-image-description=\"\" data-image-caption=\"&lt;p&gt;2008 California&lt;\/p&gt;\n\" data-large-file=\"https:\/\/i0.wp.com\/terjebjornstad.com\/no\/wp-content\/uploads\/2016\/05\/ferrari-california-21.png?fit=686%2C457&amp;ssl=1\" src=\"https:\/\/i0.wp.com\/terjebjornstad.com\/no\/wp-content\/uploads\/2016\/05\/ferrari-california-21.png?resize=686%2C457&#038;ssl=1\" alt=\"ferrari california\" width=\"686\" height=\"457\" class=\"size-full wp-image-4349\" srcset=\"https:\/\/i0.wp.com\/terjebjornstad.com\/no\/wp-content\/uploads\/2016\/05\/ferrari-california-21.png?w=686&amp;ssl=1 686w, https:\/\/i0.wp.com\/terjebjornstad.com\/no\/wp-content\/uploads\/2016\/05\/ferrari-california-21.png?resize=300%2C200&amp;ssl=1 300w\" sizes=\"auto, (max-width: 686px) 100vw, 686px\" \/><\/a><figcaption id=\"caption-attachment-4349\" class=\"wp-caption-text\">2008 California<\/figcaption><\/figure><br \/>\n&nbsp;<br \/>\n<figure id=\"attachment_4348\" aria-describedby=\"caption-attachment-4348\" style=\"width: 686px\" class=\"wp-caption aligncenter\"><a href=\"https:\/\/i0.wp.com\/terjebjornstad.com\/no\/wp-content\/uploads\/2016\/05\/ferrari-california-15.png?ssl=1\"><img data-recalc-dims=\"1\" loading=\"lazy\" decoding=\"async\" data-attachment-id=\"4348\" data-permalink=\"https:\/\/terjebjornstad.com\/no\/2016\/05\/09\/varmonstring-av-sportsbiler\/ferrari-california-15\/\" data-orig-file=\"https:\/\/i0.wp.com\/terjebjornstad.com\/no\/wp-content\/uploads\/2016\/05\/ferrari-california-15.png?fit=686%2C457&amp;ssl=1\" data-orig-size=\"686,457\" data-comments-opened=\"1\" data-image-meta=\"{&quot;aperture&quot;:&quot;0&quot;,&quot;credit&quot;:&quot;&quot;,&quot;camera&quot;:&quot;&quot;,&quot;caption&quot;:&quot;&quot;,&quot;created_timestamp&quot;:&quot;0&quot;,&quot;copyright&quot;:&quot;&quot;,&quot;focal_length&quot;:&quot;0&quot;,&quot;iso&quot;:&quot;0&quot;,&quot;shutter_speed&quot;:&quot;0&quot;,&quot;title&quot;:&quot;&quot;,&quot;orientation&quot;:&quot;0&quot;}\" data-image-title=\"California, interi\u00f8r\" data-image-description=\"\" data-image-caption=\"&lt;p&gt;2009 Ferrari California, 4,3 liter V12 med 460 HK &lt;\/p&gt;\n\" data-large-file=\"https:\/\/i0.wp.com\/terjebjornstad.com\/no\/wp-content\/uploads\/2016\/05\/ferrari-california-15.png?fit=686%2C457&amp;ssl=1\" src=\"https:\/\/i0.wp.com\/terjebjornstad.com\/no\/wp-content\/uploads\/2016\/05\/ferrari-california-15.png?resize=686%2C457&#038;ssl=1\" alt=\"\" width=\"686\" height=\"457\" class=\"size-full wp-image-4348\" srcset=\"https:\/\/i0.wp.com\/terjebjornstad.com\/no\/wp-content\/uploads\/2016\/05\/ferrari-california-15.png?w=686&amp;ssl=1 686w, https:\/\/i0.wp.com\/terjebjornstad.com\/no\/wp-content\/uploads\/2016\/05\/ferrari-california-15.png?resize=300%2C200&amp;ssl=1 300w\" sizes=\"auto, (max-width: 686px) 100vw, 686px\" \/><\/a><figcaption id=\"caption-attachment-4348\" class=\"wp-caption-text\">2009 Ferrari California, 4,3 liter V12 med 460 HK<\/figcaption><\/figure><br \/>\n&nbsp;<br \/>\n<figure id=\"attachment_9637\" aria-describedby=\"caption-attachment-9637\" style=\"width: 686px\" class=\"wp-caption aligncenter\"><a href=\"https:\/\/i0.wp.com\/terjebjornstad.com\/no\/wp-content\/uploads\/2017\/03\/ferraris-kensington.png?ssl=1\"><img data-recalc-dims=\"1\" loading=\"lazy\" decoding=\"async\" data-attachment-id=\"9637\" data-permalink=\"https:\/\/terjebjornstad.com\/no\/2017\/03\/27\/bilene-i-kensington\/ferraris-kensington\/\" data-orig-file=\"https:\/\/i0.wp.com\/terjebjornstad.com\/no\/wp-content\/uploads\/2017\/03\/ferraris-kensington.png?fit=686%2C457&amp;ssl=1\" data-orig-size=\"686,457\" data-comments-opened=\"1\" data-image-meta=\"{&quot;aperture&quot;:&quot;0&quot;,&quot;credit&quot;:&quot;&quot;,&quot;camera&quot;:&quot;&quot;,&quot;caption&quot;:&quot;&quot;,&quot;created_timestamp&quot;:&quot;0&quot;,&quot;copyright&quot;:&quot;&quot;,&quot;focal_length&quot;:&quot;0&quot;,&quot;iso&quot;:&quot;0&quot;,&quot;shutter_speed&quot;:&quot;0&quot;,&quot;title&quot;:&quot;&quot;,&quot;orientation&quot;:&quot;0&quot;}\" data-image-title=\"California (Kensington, London)\" data-image-description=\"\" data-image-caption=\"&lt;p&gt;Ferrari California, Lamborghini Quattroporte og Ferrari 599 GTB (den r\u00f8de p\u00e5 andre siden av gaten).&lt;\/p&gt;\n\" data-large-file=\"https:\/\/i0.wp.com\/terjebjornstad.com\/no\/wp-content\/uploads\/2017\/03\/ferraris-kensington.png?fit=686%2C457&amp;ssl=1\" src=\"https:\/\/i0.wp.com\/terjebjornstad.com\/no\/wp-content\/uploads\/2017\/03\/ferraris-kensington.png?resize=686%2C457&#038;ssl=1\" alt=\"\" width=\"686\" height=\"457\" class=\"size-full wp-image-9637\" srcset=\"https:\/\/i0.wp.com\/terjebjornstad.com\/no\/wp-content\/uploads\/2017\/03\/ferraris-kensington.png?w=686&amp;ssl=1 686w, https:\/\/i0.wp.com\/terjebjornstad.com\/no\/wp-content\/uploads\/2017\/03\/ferraris-kensington.png?resize=300%2C200&amp;ssl=1 300w\" sizes=\"auto, (max-width: 686px) 100vw, 686px\" \/><\/a><figcaption id=\"caption-attachment-9637\" class=\"wp-caption-text\">Ferrari California, Lamborghini Quattroporte og Ferrari 599 GTB (den r\u00f8de p\u00e5 andre siden av gaten).<\/figcaption><\/figure><\/p>\n<p><figure id=\"attachment_4346\" aria-describedby=\"caption-attachment-4346\" style=\"width: 686px\" class=\"wp-caption aligncenter\"><a href=\"https:\/\/i0.wp.com\/terjebjornstad.com\/no\/wp-content\/uploads\/2016\/05\/ferrari-california-11.png?ssl=1\"><img data-recalc-dims=\"1\" loading=\"lazy\" decoding=\"async\" data-attachment-id=\"4346\" data-permalink=\"https:\/\/terjebjornstad.com\/no\/2016\/05\/09\/varmonstring-av-sportsbiler\/ferrari-california-11\/\" data-orig-file=\"https:\/\/i0.wp.com\/terjebjornstad.com\/no\/wp-content\/uploads\/2016\/05\/ferrari-california-11.png?fit=686%2C457&amp;ssl=1\" data-orig-size=\"686,457\" data-comments-opened=\"1\" data-image-meta=\"{&quot;aperture&quot;:&quot;0&quot;,&quot;credit&quot;:&quot;&quot;,&quot;camera&quot;:&quot;&quot;,&quot;caption&quot;:&quot;&quot;,&quot;created_timestamp&quot;:&quot;0&quot;,&quot;copyright&quot;:&quot;&quot;,&quot;focal_length&quot;:&quot;0&quot;,&quot;iso&quot;:&quot;0&quot;,&quot;shutter_speed&quot;:&quot;0&quot;,&quot;title&quot;:&quot;&quot;,&quot;orientation&quot;:&quot;0&quot;}\" data-image-title=\"Ferrari California\" data-image-description=\"\" data-image-caption=\"&lt;p&gt;2009 California, &lt;\/p&gt;\n\" data-large-file=\"https:\/\/i0.wp.com\/terjebjornstad.com\/no\/wp-content\/uploads\/2016\/05\/ferrari-california-11.png?fit=686%2C457&amp;ssl=1\" src=\"https:\/\/i0.wp.com\/terjebjornstad.com\/no\/wp-content\/uploads\/2016\/05\/ferrari-california-11.png?resize=686%2C457&#038;ssl=1\" alt=\"\" width=\"686\" height=\"457\" class=\"size-full wp-image-4346\" srcset=\"https:\/\/i0.wp.com\/terjebjornstad.com\/no\/wp-content\/uploads\/2016\/05\/ferrari-california-11.png?w=686&amp;ssl=1 686w, https:\/\/i0.wp.com\/terjebjornstad.com\/no\/wp-content\/uploads\/2016\/05\/ferrari-california-11.png?resize=300%2C200&amp;ssl=1 300w\" sizes=\"auto, (max-width: 686px) 100vw, 686px\" \/><\/a><figcaption id=\"caption-attachment-4346\" class=\"wp-caption-text\">2009 California,<\/figcaption><\/figure><\/p>\n<h3 class=\"tebh2\">Om bildene<\/h3>\n<p>Bildene er tatt p\u00e5 flere steder. Hovedbildet av California T er tatt i forbindelse med en bilutstilling p\u00e5 Aker brygge 2016. Den r\u00f8de er fotografert p\u00e5 Fornebu. Hovedbildet for eldre modeller er tatt utenfor AutoXO da de holdt til p\u00e5 Ramstad utenfor Oslo. Flere bilder er tatt p\u00e5 Norsk Sportsvogn Klubb&#8217;s \u00e5rlige v\u00e5rm\u00f8nstring og Cars &#038; Coffee p\u00e5 \u00d8vrevoll galopp. Noen bilder er ogs\u00e5 tatt av gateparkerte biler i London. Ferrari California er en sv\u00e6rt vakre biler.<\/p>\n<p>&nbsp;<br \/>\n<br \/>\n<figure id=\"attachment_57198\" aria-describedby=\"caption-attachment-57198\" style=\"width: 300px\" class=\"wp-caption aligncenter\"><a href=\"https:\/\/terjebjornstad.com\/no\/ferrari\/\"><img data-recalc-dims=\"1\" loading=\"lazy\" decoding=\"async\" data-attachment-id=\"57198\" data-permalink=\"https:\/\/terjebjornstad.com\/no\/ferrari\/ferrari-logo-300x200\/\" data-orig-file=\"https:\/\/i0.wp.com\/terjebjornstad.com\/no\/wp-content\/uploads\/2023\/02\/ferrari-logo-300x200-1.jpg?fit=300%2C200&amp;ssl=1\" data-orig-size=\"300,200\" data-comments-opened=\"1\" data-image-meta=\"{&quot;aperture&quot;:&quot;0&quot;,&quot;credit&quot;:&quot;&quot;,&quot;camera&quot;:&quot;&quot;,&quot;caption&quot;:&quot;&quot;,&quot;created_timestamp&quot;:&quot;0&quot;,&quot;copyright&quot;:&quot;&quot;,&quot;focal_length&quot;:&quot;0&quot;,&quot;iso&quot;:&quot;0&quot;,&quot;shutter_speed&quot;:&quot;0&quot;,&quot;title&quot;:&quot;&quot;,&quot;orientation&quot;:&quot;0&quot;}\" data-image-title=\"ferrari-logo-300&amp;#215;200\" data-image-description=\"\" data-image-caption=\"&lt;p&gt;&amp;nbsp;&lt;\/p&gt;\n\" data-large-file=\"https:\/\/i0.wp.com\/terjebjornstad.com\/no\/wp-content\/uploads\/2023\/02\/ferrari-logo-300x200-1.jpg?fit=300%2C200&amp;ssl=1\" src=\"https:\/\/i0.wp.com\/terjebjornstad.com\/no\/wp-content\/uploads\/2023\/02\/ferrari-logo-300x200-1.jpg?resize=300%2C200&#038;ssl=1\" alt=\"Italia\" width=\"300\" height=\"200\" class=\"size-full wp-image-57198\" \/><\/a><figcaption id=\"caption-attachment-57198\" class=\"wp-caption-text\">&nbsp;<\/figcaption><\/figure><\/p>\n<h3 class=\"tebh2\">Se ogs\u00e5<\/h3>\n<p><figure id=\"attachment_10515\" aria-describedby=\"caption-attachment-10515\" style=\"width: 150px\" class=\"wp-caption alignleft\"><a href=\"https:\/\/terjebjornstad.com\/no\/ferrari-488\/\"><img data-recalc-dims=\"1\" loading=\"lazy\" decoding=\"async\" data-attachment-id=\"10515\" data-permalink=\"https:\/\/terjebjornstad.com\/no\/2017\/05\/15\/sportsvogner-pa-fornebu\/ferrari-488-gtb-1-nsk\/\" data-orig-file=\"https:\/\/i0.wp.com\/terjebjornstad.com\/no\/wp-content\/uploads\/2017\/05\/ferrari-488-gtb-1-nsk.png?fit=686%2C686&amp;ssl=1\" data-orig-size=\"686,686\" data-comments-opened=\"1\" data-image-meta=\"{&quot;aperture&quot;:&quot;0&quot;,&quot;credit&quot;:&quot;&quot;,&quot;camera&quot;:&quot;&quot;,&quot;caption&quot;:&quot;&quot;,&quot;created_timestamp&quot;:&quot;0&quot;,&quot;copyright&quot;:&quot;&quot;,&quot;focal_length&quot;:&quot;0&quot;,&quot;iso&quot;:&quot;0&quot;,&quot;shutter_speed&quot;:&quot;0&quot;,&quot;title&quot;:&quot;&quot;,&quot;orientation&quot;:&quot;0&quot;}\" data-image-title=\"Ferrari 488 GTB\" data-image-description=\"\" data-image-caption=\"&lt;p&gt;Ferrari 488&lt;\/p&gt;\n\" data-large-file=\"https:\/\/i0.wp.com\/terjebjornstad.com\/no\/wp-content\/uploads\/2017\/05\/ferrari-488-gtb-1-nsk.png?fit=686%2C686&amp;ssl=1\" src=\"https:\/\/i0.wp.com\/terjebjornstad.com\/no\/wp-content\/uploads\/2017\/05\/ferrari-488-gtb-1-nsk.png?resize=150%2C150&#038;ssl=1\" alt=\"ferrari 488\" width=\"150\" height=\"150\" class=\"size-thumbnail wp-image-10515\" srcset=\"https:\/\/i0.wp.com\/terjebjornstad.com\/no\/wp-content\/uploads\/2017\/05\/ferrari-488-gtb-1-nsk.png?resize=150%2C150&amp;ssl=1 150w, https:\/\/i0.wp.com\/terjebjornstad.com\/no\/wp-content\/uploads\/2017\/05\/ferrari-488-gtb-1-nsk.png?resize=300%2C300&amp;ssl=1 300w, https:\/\/i0.wp.com\/terjebjornstad.com\/no\/wp-content\/uploads\/2017\/05\/ferrari-488-gtb-1-nsk.png?resize=50%2C50&amp;ssl=1 50w, https:\/\/i0.wp.com\/terjebjornstad.com\/no\/wp-content\/uploads\/2017\/05\/ferrari-488-gtb-1-nsk.png?w=686&amp;ssl=1 686w\" sizes=\"auto, (max-width: 150px) 100vw, 150px\" \/><\/a><figcaption id=\"caption-attachment-10515\" class=\"wp-caption-text\">Ferrari 488<\/figcaption><\/figure><figure id=\"attachment_4800\" aria-describedby=\"caption-attachment-4800\" style=\"width: 150px\" class=\"wp-caption alignleft\"><a href=\"https:\/\/terjebjornstad.com\/no\/2010-2015-ferrari-458\/\"><img data-recalc-dims=\"1\" loading=\"lazy\" decoding=\"async\" data-attachment-id=\"4800\" data-permalink=\"https:\/\/terjebjornstad.com\/no\/2016\/06\/13\/amerikansk-invasjon-pa-radhusplassen\/2010-ferrari-458-1\/\" data-orig-file=\"https:\/\/i0.wp.com\/terjebjornstad.com\/no\/wp-content\/uploads\/2016\/06\/2010-ferrari-458-1.png?fit=686%2C457&amp;ssl=1\" data-orig-size=\"686,457\" data-comments-opened=\"1\" data-image-meta=\"{&quot;aperture&quot;:&quot;0&quot;,&quot;credit&quot;:&quot;&quot;,&quot;camera&quot;:&quot;&quot;,&quot;caption&quot;:&quot;&quot;,&quot;created_timestamp&quot;:&quot;0&quot;,&quot;copyright&quot;:&quot;&quot;,&quot;focal_length&quot;:&quot;0&quot;,&quot;iso&quot;:&quot;0&quot;,&quot;shutter_speed&quot;:&quot;0&quot;,&quot;title&quot;:&quot;&quot;,&quot;orientation&quot;:&quot;0&quot;}\" data-image-title=\"2010 Ferrari 458\" data-image-description=\"\" data-image-caption=\"&lt;p&gt;Ferrari 458&lt;\/p&gt;\n\" data-large-file=\"https:\/\/i0.wp.com\/terjebjornstad.com\/no\/wp-content\/uploads\/2016\/06\/2010-ferrari-458-1.png?fit=686%2C457&amp;ssl=1\" src=\"https:\/\/i0.wp.com\/terjebjornstad.com\/no\/wp-content\/uploads\/2016\/06\/2010-ferrari-458-1.png?resize=150%2C150&#038;ssl=1\" alt=\"458\" width=\"150\" height=\"150\" class=\"size-thumbnail wp-image-4800\" srcset=\"https:\/\/i0.wp.com\/terjebjornstad.com\/no\/wp-content\/uploads\/2016\/06\/2010-ferrari-458-1.png?resize=150%2C150&amp;ssl=1 150w, https:\/\/i0.wp.com\/terjebjornstad.com\/no\/wp-content\/uploads\/2016\/06\/2010-ferrari-458-1.png?resize=50%2C50&amp;ssl=1 50w, https:\/\/i0.wp.com\/terjebjornstad.com\/no\/wp-content\/uploads\/2016\/06\/2010-ferrari-458-1.png?zoom=2&amp;resize=150%2C150&amp;ssl=1 300w, https:\/\/i0.wp.com\/terjebjornstad.com\/no\/wp-content\/uploads\/2016\/06\/2010-ferrari-458-1.png?zoom=3&amp;resize=150%2C150&amp;ssl=1 450w\" sizes=\"auto, (max-width: 150px) 100vw, 150px\" \/><\/a><figcaption id=\"caption-attachment-4800\" class=\"wp-caption-text\">Ferrari 458<\/figcaption><\/figure><figure id=\"attachment_10018\" aria-describedby=\"caption-attachment-10018\" style=\"width: 150px\" class=\"wp-caption alignleft\"><a href=\"https:\/\/terjebjornstad.com\/no\/2010-ferrari-430\/\"><img data-recalc-dims=\"1\" loading=\"lazy\" decoding=\"async\" data-attachment-id=\"10018\" data-permalink=\"https:\/\/terjebjornstad.com\/no\/2017\/04\/11\/fra-ferrari-til-cressida\/ferrari-430-17\/\" data-orig-file=\"https:\/\/i0.wp.com\/terjebjornstad.com\/no\/wp-content\/uploads\/2017\/04\/ferrari-430-17.png?fit=686%2C520&amp;ssl=1\" data-orig-size=\"686,520\" data-comments-opened=\"1\" data-image-meta=\"{&quot;aperture&quot;:&quot;0&quot;,&quot;credit&quot;:&quot;&quot;,&quot;camera&quot;:&quot;&quot;,&quot;caption&quot;:&quot;&quot;,&quot;created_timestamp&quot;:&quot;0&quot;,&quot;copyright&quot;:&quot;&quot;,&quot;focal_length&quot;:&quot;0&quot;,&quot;iso&quot;:&quot;0&quot;,&quot;shutter_speed&quot;:&quot;0&quot;,&quot;title&quot;:&quot;&quot;,&quot;orientation&quot;:&quot;0&quot;}\" data-image-title=\"Ferrari 430 Scuderia\" data-image-description=\"\" data-image-caption=\"&lt;p&gt;Ferrari 430&lt;\/p&gt;\n\" data-large-file=\"https:\/\/i0.wp.com\/terjebjornstad.com\/no\/wp-content\/uploads\/2017\/04\/ferrari-430-17.png?fit=686%2C520&amp;ssl=1\" src=\"https:\/\/i0.wp.com\/terjebjornstad.com\/no\/wp-content\/uploads\/2017\/04\/ferrari-430-17.png?resize=150%2C150&#038;ssl=1\" alt=\"430 scudera\" width=\"150\" height=\"150\" class=\"size-thumbnail wp-image-10018\" srcset=\"https:\/\/i0.wp.com\/terjebjornstad.com\/no\/wp-content\/uploads\/2017\/04\/ferrari-430-17.png?resize=150%2C150&amp;ssl=1 150w, https:\/\/i0.wp.com\/terjebjornstad.com\/no\/wp-content\/uploads\/2017\/04\/ferrari-430-17.png?resize=50%2C50&amp;ssl=1 50w, https:\/\/i0.wp.com\/terjebjornstad.com\/no\/wp-content\/uploads\/2017\/04\/ferrari-430-17.png?zoom=2&amp;resize=150%2C150&amp;ssl=1 300w, https:\/\/i0.wp.com\/terjebjornstad.com\/no\/wp-content\/uploads\/2017\/04\/ferrari-430-17.png?zoom=3&amp;resize=150%2C150&amp;ssl=1 450w\" sizes=\"auto, (max-width: 150px) 100vw, 150px\" \/><\/a><figcaption id=\"caption-attachment-10018\" class=\"wp-caption-text\">Ferrari 430<\/figcaption><\/figure><\/p>\n<h6><\/h6>\n<p><a href=\"https:\/\/www.ferrariclubnorway.no\/\" target=\"_blank\" rel=\"noopener\"><strong>Ferrari Owners Club Norway<\/strong><\/a><\/p>\n<h6><\/h6>\n<\/div>\n","protected":false},"excerpt":{"rendered":"<p>Ferrari California T &#8211; facelift &nbsp; Ferrari California er en 2+2 seter Gran Turismo med motor midtplassert foran og nedfellbar hardtop. Modellen ble produsert mellom 2009 og 2018. Underveis ble det gjort to vesentlige endringer av drivverk, og \u00e9n facelift. Den nyeste serien ble produsert under modell\u00e5rene 2015 til 2018. Den fikk betegnelsen California T [&hellip;]<\/p>\n","protected":false},"author":1,"featured_media":0,"parent":0,"menu_order":0,"comment_status":"closed","ping_status":"closed","template":"templates\/full-width-page.php","meta":{"_monsterinsights_skip_tracking":false,"_monsterinsights_sitenote_active":false,"_monsterinsights_sitenote_note":"","_monsterinsights_sitenote_category":0,"jetpack_post_was_ever_published":false,"footnotes":""},"class_list":["post-5698","page","type-page","status-publish","hentry"],"yoast_head":"<!-- This site is optimized with the Yoast SEO plugin v27.5 - https:\/\/yoast.com\/product\/yoast-seo-wordpress\/ -->\n<title>Ferrari California - Terjes biler - 2+2 Gran Turismo<\/title>\n<meta name=\"description\" content=\"Ferrari California Ferrari California er en 2+2 seter Gran Turismo med nedfellbar hardtop, produsert mellom 2009 og 2018.\" \/>\n<meta name=\"robots\" content=\"index, follow, max-snippet:-1, max-image-preview:large, max-video-preview:-1\" \/>\n<link rel=\"canonical\" href=\"https:\/\/terjebjornstad.com\/no\/2008-ferrari-california\/\" \/>\n<meta property=\"og:locale\" content=\"nb_NO\" \/>\n<meta property=\"og:type\" content=\"article\" \/>\n<meta property=\"og:title\" content=\"Ferrari California - Terjes biler - 2+2 Gran Turismo\" \/>\n<meta property=\"og:description\" content=\"Ferrari California Ferrari California er en 2+2 seter Gran Turismo med nedfellbar hardtop, produsert mellom 2009 og 2018.\" \/>\n<meta property=\"og:url\" content=\"https:\/\/terjebjornstad.com\/no\/2008-ferrari-california\/\" \/>\n<meta property=\"og:site_name\" content=\"Terjes biler\" \/>\n<meta property=\"article:publisher\" content=\"https:\/\/www.facebook.com\/terjesbiler\/\" \/>\n<meta property=\"article:modified_time\" content=\"2026-02-09T11:52:21+00:00\" \/>\n<meta property=\"og:image\" content=\"https:\/\/terjebjornstad.com\/no\/wp-content\/uploads\/2021\/03\/2015-ferrari-california-39v8-1080x720-1.png\" \/>\n<meta name=\"twitter:card\" content=\"summary_large_image\" \/>\n<meta name=\"twitter:label1\" content=\"Ansl. lesetid\" \/>\n\t<meta name=\"twitter:data1\" content=\"5 minutter\" \/>\n<script type=\"application\/ld+json\" class=\"yoast-schema-graph\">{\"@context\":\"https:\\\/\\\/schema.org\",\"@graph\":[{\"@type\":\"WebPage\",\"@id\":\"https:\\\/\\\/terjebjornstad.com\\\/no\\\/2008-ferrari-california\\\/\",\"url\":\"https:\\\/\\\/terjebjornstad.com\\\/no\\\/2008-ferrari-california\\\/\",\"name\":\"Ferrari California - Terjes biler - 2+2 Gran Turismo\",\"isPartOf\":{\"@id\":\"https:\\\/\\\/terjebjornstad.com\\\/no\\\/#website\"},\"primaryImageOfPage\":{\"@id\":\"https:\\\/\\\/terjebjornstad.com\\\/no\\\/2008-ferrari-california\\\/#primaryimage\"},\"image\":{\"@id\":\"https:\\\/\\\/terjebjornstad.com\\\/no\\\/2008-ferrari-california\\\/#primaryimage\"},\"thumbnailUrl\":\"https:\\\/\\\/terjebjornstad.com\\\/no\\\/wp-content\\\/uploads\\\/2021\\\/03\\\/2015-ferrari-california-39v8-1080x720-1.png\",\"datePublished\":\"2016-06-23T10:27:15+00:00\",\"dateModified\":\"2026-02-09T11:52:21+00:00\",\"description\":\"Ferrari California Ferrari California er en 2+2 seter Gran Turismo med nedfellbar hardtop, produsert mellom 2009 og 2018.\",\"breadcrumb\":{\"@id\":\"https:\\\/\\\/terjebjornstad.com\\\/no\\\/2008-ferrari-california\\\/#breadcrumb\"},\"inLanguage\":\"nb-NO\",\"potentialAction\":[{\"@type\":\"ReadAction\",\"target\":[\"https:\\\/\\\/terjebjornstad.com\\\/no\\\/2008-ferrari-california\\\/\"]}]},{\"@type\":\"ImageObject\",\"inLanguage\":\"nb-NO\",\"@id\":\"https:\\\/\\\/terjebjornstad.com\\\/no\\\/2008-ferrari-california\\\/#primaryimage\",\"url\":\"https:\\\/\\\/i0.wp.com\\\/terjebjornstad.com\\\/no\\\/wp-content\\\/uploads\\\/2021\\\/03\\\/2015-ferrari-california-39v8-1080x720-1.png?fit=1080%2C720&ssl=1\",\"contentUrl\":\"https:\\\/\\\/i0.wp.com\\\/terjebjornstad.com\\\/no\\\/wp-content\\\/uploads\\\/2021\\\/03\\\/2015-ferrari-california-39v8-1080x720-1.png?fit=1080%2C720&ssl=1\",\"width\":1080,\"height\":720,\"caption\":\"California T\"},{\"@type\":\"BreadcrumbList\",\"@id\":\"https:\\\/\\\/terjebjornstad.com\\\/no\\\/2008-ferrari-california\\\/#breadcrumb\",\"itemListElement\":[{\"@type\":\"ListItem\",\"position\":1,\"name\":\"Hjem\",\"item\":\"https:\\\/\\\/terjebjornstad.com\\\/no\\\/\"},{\"@type\":\"ListItem\",\"position\":2,\"name\":\"Ferrari California\"}]},{\"@type\":\"WebSite\",\"@id\":\"https:\\\/\\\/terjebjornstad.com\\\/no\\\/#website\",\"url\":\"https:\\\/\\\/terjebjornstad.com\\\/no\\\/\",\"name\":\"Terjes biler\",\"description\":\"HONEST ABOUT CARS\",\"publisher\":{\"@id\":\"https:\\\/\\\/terjebjornstad.com\\\/no\\\/#organization\"},\"alternateName\":\"Terjebjornstad.com\",\"potentialAction\":[{\"@type\":\"SearchAction\",\"target\":{\"@type\":\"EntryPoint\",\"urlTemplate\":\"https:\\\/\\\/terjebjornstad.com\\\/no\\\/?s={search_term_string}\"},\"query-input\":{\"@type\":\"PropertyValueSpecification\",\"valueRequired\":true,\"valueName\":\"search_term_string\"}}],\"inLanguage\":\"nb-NO\"},{\"@type\":\"Organization\",\"@id\":\"https:\\\/\\\/terjebjornstad.com\\\/no\\\/#organization\",\"name\":\"Terje Bj\u00f8rnstad ENK\",\"url\":\"https:\\\/\\\/terjebjornstad.com\\\/no\\\/\",\"logo\":{\"@type\":\"ImageObject\",\"inLanguage\":\"nb-NO\",\"@id\":\"https:\\\/\\\/terjebjornstad.com\\\/no\\\/#\\\/schema\\\/logo\\\/image\\\/\",\"url\":\"https:\\\/\\\/i0.wp.com\\\/terjebjornstad.com\\\/no\\\/wp-content\\\/uploads\\\/2026\\\/02\\\/terjesbiler2024-960x354-1.png?fit=960%2C354&ssl=1\",\"contentUrl\":\"https:\\\/\\\/i0.wp.com\\\/terjebjornstad.com\\\/no\\\/wp-content\\\/uploads\\\/2026\\\/02\\\/terjesbiler2024-960x354-1.png?fit=960%2C354&ssl=1\",\"width\":960,\"height\":354,\"caption\":\"Terje Bj\u00f8rnstad ENK\"},\"image\":{\"@id\":\"https:\\\/\\\/terjebjornstad.com\\\/no\\\/#\\\/schema\\\/logo\\\/image\\\/\"},\"sameAs\":[\"https:\\\/\\\/www.facebook.com\\\/terjesbiler\\\/\",\"https:\\\/\\\/www.instagram.com\\\/terjesbiler\\\/\",\"https:\\\/\\\/www.pinteres.com\\\/terjebjrnstad\\\/terjes-biler\\\/\"]}]}<\/script>\n<!-- \/ Yoast SEO plugin. -->","yoast_head_json":{"title":"Ferrari California - Terjes biler - 2+2 Gran Turismo","description":"Ferrari California Ferrari California er en 2+2 seter Gran Turismo med nedfellbar hardtop, produsert mellom 2009 og 2018.","robots":{"index":"index","follow":"follow","max-snippet":"max-snippet:-1","max-image-preview":"max-image-preview:large","max-video-preview":"max-video-preview:-1"},"canonical":"https:\/\/terjebjornstad.com\/no\/2008-ferrari-california\/","og_locale":"nb_NO","og_type":"article","og_title":"Ferrari California - Terjes biler - 2+2 Gran Turismo","og_description":"Ferrari California Ferrari California er en 2+2 seter Gran Turismo med nedfellbar hardtop, produsert mellom 2009 og 2018.","og_url":"https:\/\/terjebjornstad.com\/no\/2008-ferrari-california\/","og_site_name":"Terjes biler","article_publisher":"https:\/\/www.facebook.com\/terjesbiler\/","article_modified_time":"2026-02-09T11:52:21+00:00","og_image":[{"url":"https:\/\/terjebjornstad.com\/no\/wp-content\/uploads\/2021\/03\/2015-ferrari-california-39v8-1080x720-1.png","type":"","width":"","height":""}],"twitter_card":"summary_large_image","twitter_misc":{"Ansl. lesetid":"5 minutter"},"schema":{"@context":"https:\/\/schema.org","@graph":[{"@type":"WebPage","@id":"https:\/\/terjebjornstad.com\/no\/2008-ferrari-california\/","url":"https:\/\/terjebjornstad.com\/no\/2008-ferrari-california\/","name":"Ferrari California - Terjes biler - 2+2 Gran Turismo","isPartOf":{"@id":"https:\/\/terjebjornstad.com\/no\/#website"},"primaryImageOfPage":{"@id":"https:\/\/terjebjornstad.com\/no\/2008-ferrari-california\/#primaryimage"},"image":{"@id":"https:\/\/terjebjornstad.com\/no\/2008-ferrari-california\/#primaryimage"},"thumbnailUrl":"https:\/\/terjebjornstad.com\/no\/wp-content\/uploads\/2021\/03\/2015-ferrari-california-39v8-1080x720-1.png","datePublished":"2016-06-23T10:27:15+00:00","dateModified":"2026-02-09T11:52:21+00:00","description":"Ferrari California Ferrari California er en 2+2 seter Gran Turismo med nedfellbar hardtop, produsert mellom 2009 og 2018.","breadcrumb":{"@id":"https:\/\/terjebjornstad.com\/no\/2008-ferrari-california\/#breadcrumb"},"inLanguage":"nb-NO","potentialAction":[{"@type":"ReadAction","target":["https:\/\/terjebjornstad.com\/no\/2008-ferrari-california\/"]}]},{"@type":"ImageObject","inLanguage":"nb-NO","@id":"https:\/\/terjebjornstad.com\/no\/2008-ferrari-california\/#primaryimage","url":"https:\/\/i0.wp.com\/terjebjornstad.com\/no\/wp-content\/uploads\/2021\/03\/2015-ferrari-california-39v8-1080x720-1.png?fit=1080%2C720&ssl=1","contentUrl":"https:\/\/i0.wp.com\/terjebjornstad.com\/no\/wp-content\/uploads\/2021\/03\/2015-ferrari-california-39v8-1080x720-1.png?fit=1080%2C720&ssl=1","width":1080,"height":720,"caption":"California T"},{"@type":"BreadcrumbList","@id":"https:\/\/terjebjornstad.com\/no\/2008-ferrari-california\/#breadcrumb","itemListElement":[{"@type":"ListItem","position":1,"name":"Hjem","item":"https:\/\/terjebjornstad.com\/no\/"},{"@type":"ListItem","position":2,"name":"Ferrari California"}]},{"@type":"WebSite","@id":"https:\/\/terjebjornstad.com\/no\/#website","url":"https:\/\/terjebjornstad.com\/no\/","name":"Terjes biler","description":"HONEST ABOUT CARS","publisher":{"@id":"https:\/\/terjebjornstad.com\/no\/#organization"},"alternateName":"Terjebjornstad.com","potentialAction":[{"@type":"SearchAction","target":{"@type":"EntryPoint","urlTemplate":"https:\/\/terjebjornstad.com\/no\/?s={search_term_string}"},"query-input":{"@type":"PropertyValueSpecification","valueRequired":true,"valueName":"search_term_string"}}],"inLanguage":"nb-NO"},{"@type":"Organization","@id":"https:\/\/terjebjornstad.com\/no\/#organization","name":"Terje Bj\u00f8rnstad ENK","url":"https:\/\/terjebjornstad.com\/no\/","logo":{"@type":"ImageObject","inLanguage":"nb-NO","@id":"https:\/\/terjebjornstad.com\/no\/#\/schema\/logo\/image\/","url":"https:\/\/i0.wp.com\/terjebjornstad.com\/no\/wp-content\/uploads\/2026\/02\/terjesbiler2024-960x354-1.png?fit=960%2C354&ssl=1","contentUrl":"https:\/\/i0.wp.com\/terjebjornstad.com\/no\/wp-content\/uploads\/2026\/02\/terjesbiler2024-960x354-1.png?fit=960%2C354&ssl=1","width":960,"height":354,"caption":"Terje Bj\u00f8rnstad ENK"},"image":{"@id":"https:\/\/terjebjornstad.com\/no\/#\/schema\/logo\/image\/"},"sameAs":["https:\/\/www.facebook.com\/terjesbiler\/","https:\/\/www.instagram.com\/terjesbiler\/","https:\/\/www.pinteres.com\/terjebjrnstad\/terjes-biler\/"]}]}},"jetpack_sharing_enabled":true,"jetpack_shortlink":"https:\/\/wp.me\/P48zYA-1tU","jetpack-related-posts":[{"id":85679,"url":"https:\/\/terjebjornstad.com\/no\/ferrari-portofino\/","url_meta":{"origin":5698,"position":0},"title":"Ferrari Portofino","author":"Terje Bj\u00f8rnstad","date":"22\/10\/2025","format":false,"excerpt":"If\u00f8lge kj\u00f8ret\u00f8yregisteret skal det befinne seg 28 Ferrari Portofino i Norge, men jeg tror ikke at jeg har sett noen av dem tidligere. Men ved n\u00e6rmere ettertanke kan jeg ha forvekslet dem med Ferrari California T. Ved f\u00f8rste \u00f8yekast er likheten ganske stor. Modellhistorikk Portofino var (helt riktig) etterf\u00f8lgeren til\u2026","rel":"","context":"Liknende innlegg","block_context":{"text":"Liknende innlegg","link":""},"img":{"alt_text":"","src":"https:\/\/i0.wp.com\/terjebjornstad.com\/no\/wp-content\/uploads\/2025\/08\/2020-ferrari-portofino-1649-1920x1440-1.jpg?fit=1200%2C900&ssl=1&resize=350%2C200","width":350,"height":200,"srcset":"https:\/\/i0.wp.com\/terjebjornstad.com\/no\/wp-content\/uploads\/2025\/08\/2020-ferrari-portofino-1649-1920x1440-1.jpg?fit=1200%2C900&ssl=1&resize=350%2C200 1x, https:\/\/i0.wp.com\/terjebjornstad.com\/no\/wp-content\/uploads\/2025\/08\/2020-ferrari-portofino-1649-1920x1440-1.jpg?fit=1200%2C900&ssl=1&resize=525%2C300 1.5x, https:\/\/i0.wp.com\/terjebjornstad.com\/no\/wp-content\/uploads\/2025\/08\/2020-ferrari-portofino-1649-1920x1440-1.jpg?fit=1200%2C900&ssl=1&resize=700%2C400 2x, https:\/\/i0.wp.com\/terjebjornstad.com\/no\/wp-content\/uploads\/2025\/08\/2020-ferrari-portofino-1649-1920x1440-1.jpg?fit=1200%2C900&ssl=1&resize=1050%2C600 3x"},"classes":[]},{"id":9696,"url":"https:\/\/terjebjornstad.com\/no\/2004-10-ferrari-612-scaglietti\/","url_meta":{"origin":5698,"position":1},"title":"Ferrari 612","author":"Terje Bj\u00f8rnstad","date":"28\/03\/2017","format":false,"excerpt":"Flere av Ferrari-modellene fra 1950- og 60-\u00e5rene er legenderiske blant bilentusiaster og kan koste over 10 millioner dollar. Ferrari 612 er en moderne bil inspirert av fordums legender. Scaglietti Ferrari 612 er en 2+2-seter Gran Turismo med V12-motor midtplassert foran, og 6-trinns manuell girkasse, - eller 6-trinns robotisert kasse med\u2026","rel":"","context":"Liknende innlegg","block_context":{"text":"Liknende innlegg","link":""},"img":{"alt_text":"","src":"https:\/\/i0.wp.com\/terjebjornstad.com\/no\/wp-content\/uploads\/2018\/06\/ferrari-612-1606-1080.png?fit=1080%2C720&ssl=1&resize=350%2C200","width":350,"height":200,"srcset":"https:\/\/i0.wp.com\/terjebjornstad.com\/no\/wp-content\/uploads\/2018\/06\/ferrari-612-1606-1080.png?fit=1080%2C720&ssl=1&resize=350%2C200 1x, https:\/\/i0.wp.com\/terjebjornstad.com\/no\/wp-content\/uploads\/2018\/06\/ferrari-612-1606-1080.png?fit=1080%2C720&ssl=1&resize=525%2C300 1.5x, https:\/\/i0.wp.com\/terjebjornstad.com\/no\/wp-content\/uploads\/2018\/06\/ferrari-612-1606-1080.png?fit=1080%2C720&ssl=1&resize=700%2C400 2x, https:\/\/i0.wp.com\/terjebjornstad.com\/no\/wp-content\/uploads\/2018\/06\/ferrari-612-1606-1080.png?fit=1080%2C720&ssl=1&resize=1050%2C600 3x"},"classes":[]},{"id":5701,"url":"https:\/\/terjebjornstad.com\/no\/2006-2012-ferrari-599\/","url_meta":{"origin":5698,"position":2},"title":"Ferrari 599","author":"Terje Bj\u00f8rnstad","date":"23\/06\/2016","format":false,"excerpt":"Ferrari 599 er en stor og velutstyrt kj\u00f8remaskin med 6-liters V12 og understell med MR-demping. Fiorano Ferrari 599 Fiorano ble produsert mellom 2007 og 2012. Modellnavnet 599 kan v\u00e6re gitt p\u00e5 grunn av motorvolumet som er eksakt 5999 ccm. Fiorano er navnet p\u00e5 Ferraris testbane hvor de tilpasser nye biler\u2026","rel":"","context":"Liknende innlegg","block_context":{"text":"Liknende innlegg","link":""},"img":{"alt_text":"","src":"https:\/\/i0.wp.com\/terjebjornstad.com\/no\/wp-content\/uploads\/2018\/10\/ferrari-599-1-1080x720.png?fit=1080%2C720&ssl=1&resize=350%2C200","width":350,"height":200,"srcset":"https:\/\/i0.wp.com\/terjebjornstad.com\/no\/wp-content\/uploads\/2018\/10\/ferrari-599-1-1080x720.png?fit=1080%2C720&ssl=1&resize=350%2C200 1x, https:\/\/i0.wp.com\/terjebjornstad.com\/no\/wp-content\/uploads\/2018\/10\/ferrari-599-1-1080x720.png?fit=1080%2C720&ssl=1&resize=525%2C300 1.5x, https:\/\/i0.wp.com\/terjebjornstad.com\/no\/wp-content\/uploads\/2018\/10\/ferrari-599-1-1080x720.png?fit=1080%2C720&ssl=1&resize=700%2C400 2x, https:\/\/i0.wp.com\/terjebjornstad.com\/no\/wp-content\/uploads\/2018\/10\/ferrari-599-1-1080x720.png?fit=1080%2C720&ssl=1&resize=1050%2C600 3x"},"classes":[]},{"id":28539,"url":"https:\/\/terjebjornstad.com\/no\/ferrari-mondial\/","url_meta":{"origin":5698,"position":3},"title":"Ferrari Mondial","author":"Terje Bj\u00f8rnstad","date":"18\/12\/2019","format":false,"excerpt":"Ferrari Mondial er et nydelig Pininfarina design - midtplassert motor med 2+2 seter. Bilene ble produsert i en \u00e5rrekke fra 1980-1993 parallelt med V8-baserte modeller som 308, 328 og 348. Mondial delte drivverk med disse etter som de dukket opp. \u00a0 En ekte sportsbil? Det er ingen lett oppgave \u00e5\u2026","rel":"","context":"Liknende innlegg","block_context":{"text":"Liknende innlegg","link":""},"img":{"alt_text":"","src":"https:\/\/i0.wp.com\/terjebjornstad.com\/no\/wp-content\/uploads\/2018\/04\/ferrari-modial-1504.png?fit=686%2C457&ssl=1&resize=350%2C200","width":350,"height":200,"srcset":"https:\/\/i0.wp.com\/terjebjornstad.com\/no\/wp-content\/uploads\/2018\/04\/ferrari-modial-1504.png?fit=686%2C457&ssl=1&resize=350%2C200 1x, https:\/\/i0.wp.com\/terjebjornstad.com\/no\/wp-content\/uploads\/2018\/04\/ferrari-modial-1504.png?fit=686%2C457&ssl=1&resize=525%2C300 1.5x"},"classes":[]},{"id":5707,"url":"https:\/\/terjebjornstad.com\/no\/ferrari\/","url_meta":{"origin":5698,"position":4},"title":"Ferrari har gjennom tidene gjort\u2026","author":"Terje Bj\u00f8rnstad","date":"23\/06\/2016","format":false,"excerpt":"Ferrari har gjennom tidene gjort stor suksess i Formel 1 og er kjent for \u00e5 lage superbiler i toppklasse. Selskapet ble grunnlagt i 1939 av Enzo Ferrari. I de f\u00f8rste \u00e5rene var produksjonen sv\u00e6rt lav. F\u00f8rst p\u00e5 70-tallet begynte Ferrari \u00e5 selge over 1000 biler i \u00e5ret. I 1969 kj\u00f8pte\u2026","rel":"","context":"Liknende innlegg","block_context":{"text":"Liknende innlegg","link":""},"img":{"alt_text":"","src":"https:\/\/i0.wp.com\/terjebjornstad.com\/no\/wp-content\/uploads\/2023\/02\/ferrari-logo-300x200-1.jpg?resize=350%2C200&ssl=1","width":350,"height":200},"classes":[]},{"id":5689,"url":"https:\/\/terjebjornstad.com\/no\/2010-2015-ferrari-458\/","url_meta":{"origin":5698,"position":5},"title":"Ferrari 458","author":"Terje Bj\u00f8rnstad","date":"23\/06\/2016","format":false,"excerpt":"Ferrari 458 tilh\u00f8rer Ferrari's V8 modellprogram - det som begynte med 308. Ferrari 458 etterfulgte 430 i 2010 og ble erstattet av 488 fra modell\u00e5ret 2016. Ser vi n\u00e6rmere p\u00e5 modellbetegnelsen, st\u00e5r 458 for 4,5 liter slagvolum og 8 sylindre. Med 7-trinns dobbelt-clutch girkasse (standard) tilbakelegges 0-100 p\u00e5 3,4 sekunder\u2026","rel":"","context":"Liknende innlegg","block_context":{"text":"Liknende innlegg","link":""},"img":{"alt_text":"","src":"https:\/\/i0.wp.com\/terjebjornstad.com\/no\/wp-content\/uploads\/2019\/06\/ferrari-merylebone-1080x720.png?fit=1080%2C720&ssl=1&resize=350%2C200","width":350,"height":200,"srcset":"https:\/\/i0.wp.com\/terjebjornstad.com\/no\/wp-content\/uploads\/2019\/06\/ferrari-merylebone-1080x720.png?fit=1080%2C720&ssl=1&resize=350%2C200 1x, https:\/\/i0.wp.com\/terjebjornstad.com\/no\/wp-content\/uploads\/2019\/06\/ferrari-merylebone-1080x720.png?fit=1080%2C720&ssl=1&resize=525%2C300 1.5x, https:\/\/i0.wp.com\/terjebjornstad.com\/no\/wp-content\/uploads\/2019\/06\/ferrari-merylebone-1080x720.png?fit=1080%2C720&ssl=1&resize=700%2C400 2x, https:\/\/i0.wp.com\/terjebjornstad.com\/no\/wp-content\/uploads\/2019\/06\/ferrari-merylebone-1080x720.png?fit=1080%2C720&ssl=1&resize=1050%2C600 3x"},"classes":[]}],"_links":{"self":[{"href":"https:\/\/terjebjornstad.com\/no\/wp-json\/wp\/v2\/pages\/5698","targetHints":{"allow":["GET"]}}],"collection":[{"href":"https:\/\/terjebjornstad.com\/no\/wp-json\/wp\/v2\/pages"}],"about":[{"href":"https:\/\/terjebjornstad.com\/no\/wp-json\/wp\/v2\/types\/page"}],"author":[{"embeddable":true,"href":"https:\/\/terjebjornstad.com\/no\/wp-json\/wp\/v2\/users\/1"}],"replies":[{"embeddable":true,"href":"https:\/\/terjebjornstad.com\/no\/wp-json\/wp\/v2\/comments?post=5698"}],"version-history":[{"count":19,"href":"https:\/\/terjebjornstad.com\/no\/wp-json\/wp\/v2\/pages\/5698\/revisions"}],"predecessor-version":[{"id":76999,"href":"https:\/\/terjebjornstad.com\/no\/wp-json\/wp\/v2\/pages\/5698\/revisions\/76999"}],"wp:attachment":[{"href":"https:\/\/terjebjornstad.com\/no\/wp-json\/wp\/v2\/media?parent=5698"}],"curies":[{"name":"wp","href":"https:\/\/api.w.org\/{rel}","templated":true}]}}