{"id":5619,"date":"2016-06-23T00:22:27","date_gmt":"2016-06-23T00:22:27","guid":{"rendered":"http:\/\/terjebjornstad.com\/no\/?page_id=5619"},"modified":"2026-03-04T02:46:18","modified_gmt":"2026-03-04T01:46:18","slug":"volkswagen","status":"publish","type":"page","link":"https:\/\/terjebjornstad.com\/no\/volkswagen\/","title":{"rendered":""},"content":{"rendered":"<figure id=\"attachment_59114\" aria-describedby=\"caption-attachment-59114\" style=\"width: 300px\" class=\"wp-caption alignleft\"><img data-recalc-dims=\"1\" loading=\"lazy\" decoding=\"async\" data-attachment-id=\"59114\" data-permalink=\"https:\/\/terjebjornstad.com\/no\/volkswagen\/volkswagen-logo-300x200\/\" data-orig-file=\"https:\/\/i0.wp.com\/terjebjornstad.com\/no\/wp-content\/uploads\/2023\/04\/volkswagen-logo-300x200-1.jpg?fit=300%2C200&amp;ssl=1\" data-orig-size=\"300,200\" data-comments-opened=\"1\" data-image-meta=\"{&quot;aperture&quot;:&quot;0&quot;,&quot;credit&quot;:&quot;&quot;,&quot;camera&quot;:&quot;&quot;,&quot;caption&quot;:&quot;&quot;,&quot;created_timestamp&quot;:&quot;0&quot;,&quot;copyright&quot;:&quot;&quot;,&quot;focal_length&quot;:&quot;0&quot;,&quot;iso&quot;:&quot;0&quot;,&quot;shutter_speed&quot;:&quot;0&quot;,&quot;title&quot;:&quot;&quot;,&quot;orientation&quot;:&quot;0&quot;}\" data-image-title=\"volkswagen-logo-300&amp;#215;200\" data-image-description=\"\" data-image-caption=\"&lt;p&gt;&amp;nbsp;&lt;\/p&gt;\n\" data-large-file=\"https:\/\/i0.wp.com\/terjebjornstad.com\/no\/wp-content\/uploads\/2023\/04\/volkswagen-logo-300x200-1.jpg?fit=300%2C200&amp;ssl=1\" src=\"https:\/\/i0.wp.com\/terjebjornstad.com\/no\/wp-content\/uploads\/2023\/04\/volkswagen-logo-300x200-1.jpg?resize=300%2C200&#038;ssl=1\" alt=\"\" width=\"300\" height=\"200\" class=\"size-full wp-image-59114\" \/><figcaption id=\"caption-attachment-59114\" class=\"wp-caption-text\">&nbsp;<\/figcaption><\/figure>\n<div class=\"copy_teb1\">Volkswagen ble stiftet via det tyske nazi-partiet i 1937. Form\u00e5let var \u00e5 skape en bil for folket. Ferdinand Porsche kom frem til et konsept som ble sv\u00e6rt vellykket. Volkswagen er i dag ett av flere bilmerker under Volkswagen Group AG.<\/div>\n<h6><\/h6>\n<h3 class=\"tebh2ingreslbcenter\">Tidligere publisert om Volkswagen<\/h3>\n<figure id=\"attachment_80658\" aria-describedby=\"caption-attachment-80658\" style=\"width: 300px\" class=\"wp-caption alignleft\"><a href=\"https:\/\/terjebjornstad.com\/no\/2025\/05\/26\/volkswagen-id-3-er-tilbake\/\"><img data-recalc-dims=\"1\" loading=\"lazy\" decoding=\"async\" data-attachment-id=\"80658\" data-permalink=\"https:\/\/terjebjornstad.com\/no\/2025\/05\/26\/volkswagen-id-3-er-tilbake\/vw-id3-at-epping-forest-1440x1440\/\" data-orig-file=\"https:\/\/i0.wp.com\/terjebjornstad.com\/no\/wp-content\/uploads\/2025\/05\/Vw-id3-at-epping-forest-1440x1440-1.jpg?fit=1440%2C1440&amp;ssl=1\" data-orig-size=\"1440,1440\" data-comments-opened=\"1\" data-image-meta=\"{&quot;aperture&quot;:&quot;0&quot;,&quot;credit&quot;:&quot;&quot;,&quot;camera&quot;:&quot;&quot;,&quot;caption&quot;:&quot;&quot;,&quot;created_timestamp&quot;:&quot;0&quot;,&quot;copyright&quot;:&quot;&quot;,&quot;focal_length&quot;:&quot;0&quot;,&quot;iso&quot;:&quot;0&quot;,&quot;shutter_speed&quot;:&quot;0&quot;,&quot;title&quot;:&quot;&quot;,&quot;orientation&quot;:&quot;0&quot;}\" data-image-title=\"Vw-id3-at-epping-forest-1440&amp;#215;1440\" data-image-description=\"\" data-image-caption=\"&lt;h3 class=&quot;tebh2s&quot;&gt;ID.3 er tilbake.&lt;\/h3&gt;\n&lt;div class=&quot;tebtext&quot;&gt;Etter et par \u00e5r med problemer er ID.3 tilbake som den bilen den skulle ha v\u00e6rt fra starten.&lt;\/div&gt;\n\" data-large-file=\"https:\/\/i0.wp.com\/terjebjornstad.com\/no\/wp-content\/uploads\/2025\/05\/Vw-id3-at-epping-forest-1440x1440-1.jpg?fit=980%2C980&amp;ssl=1\" src=\"https:\/\/i0.wp.com\/terjebjornstad.com\/no\/wp-content\/uploads\/2025\/05\/Vw-id3-at-epping-forest-1440x1440-1.jpg?resize=200%2C200&#038;ssl=1\" alt=\"\" width=\"200\" height=\"200\" class=\"size-medium wp-image-80658\" srcset=\"https:\/\/i0.wp.com\/terjebjornstad.com\/no\/wp-content\/uploads\/2025\/05\/Vw-id3-at-epping-forest-1440x1440-1.jpg?resize=300%2C300&amp;ssl=1 300w, https:\/\/i0.wp.com\/terjebjornstad.com\/no\/wp-content\/uploads\/2025\/05\/Vw-id3-at-epping-forest-1440x1440-1.jpg?resize=1080%2C1080&amp;ssl=1 1080w, https:\/\/i0.wp.com\/terjebjornstad.com\/no\/wp-content\/uploads\/2025\/05\/Vw-id3-at-epping-forest-1440x1440-1.jpg?resize=150%2C150&amp;ssl=1 150w, https:\/\/i0.wp.com\/terjebjornstad.com\/no\/wp-content\/uploads\/2025\/05\/Vw-id3-at-epping-forest-1440x1440-1.jpg?resize=768%2C768&amp;ssl=1 768w, https:\/\/i0.wp.com\/terjebjornstad.com\/no\/wp-content\/uploads\/2025\/05\/Vw-id3-at-epping-forest-1440x1440-1.jpg?resize=690%2C690&amp;ssl=1 690w, https:\/\/i0.wp.com\/terjebjornstad.com\/no\/wp-content\/uploads\/2025\/05\/Vw-id3-at-epping-forest-1440x1440-1.jpg?resize=980%2C980&amp;ssl=1 980w, https:\/\/i0.wp.com\/terjebjornstad.com\/no\/wp-content\/uploads\/2025\/05\/Vw-id3-at-epping-forest-1440x1440-1.jpg?resize=50%2C50&amp;ssl=1 50w, https:\/\/i0.wp.com\/terjebjornstad.com\/no\/wp-content\/uploads\/2025\/05\/Vw-id3-at-epping-forest-1440x1440-1.jpg?w=1440&amp;ssl=1 1440w\" sizes=\"auto, (max-width: 200px) 100vw, 200px\" \/><\/a><figcaption id=\"caption-attachment-80658\" class=\"wp-caption-text\"><\/p>\n<h3 class=\"tebh2s\">ID.3 er tilbake.<\/h3>\n<div class=\"tebtext\">Etter et par \u00e5r med problemer er ID.3 tilbake som den bilen den skulle ha v\u00e6rt fra starten.<\/div>\n<p><\/figcaption><\/figure>\n<figure id=\"attachment_67058\" aria-describedby=\"caption-attachment-67058\" style=\"width: 300px\" class=\"wp-caption alignleft\"><a href=\"https:\/\/terjebjornstad.com\/no\/2023\/11\/15\/id-4-gtx-nar-vinteren-kommer\/\"><img data-recalc-dims=\"1\" loading=\"lazy\" decoding=\"async\" data-attachment-id=\"67058\" data-permalink=\"https:\/\/terjebjornstad.com\/no\/2023\/11\/15\/id-4-gtx-nar-vinteren-kommer\/volkswagen-id4-gtx-profil-1920x1280\/\" data-orig-file=\"https:\/\/i0.wp.com\/terjebjornstad.com\/no\/wp-content\/uploads\/2023\/11\/volkswagen-id4-gtx-profil-1920x1280-1.jpg?fit=1920%2C1280&amp;ssl=1\" data-orig-size=\"1920,1280\" data-comments-opened=\"1\" data-image-meta=\"{&quot;aperture&quot;:&quot;0&quot;,&quot;credit&quot;:&quot;&quot;,&quot;camera&quot;:&quot;&quot;,&quot;caption&quot;:&quot;&quot;,&quot;created_timestamp&quot;:&quot;0&quot;,&quot;copyright&quot;:&quot;&quot;,&quot;focal_length&quot;:&quot;0&quot;,&quot;iso&quot;:&quot;0&quot;,&quot;shutter_speed&quot;:&quot;0&quot;,&quot;title&quot;:&quot;&quot;,&quot;orientation&quot;:&quot;0&quot;}\" data-image-title=\"volkswagen-id4-gtx-profil-1920&amp;#215;1280\" data-image-description=\"\" data-image-caption=\"&lt;div class=&quot;tebingresw&quot;&gt;\n&lt;h2 class=&quot;tebh2ingresw&quot;&gt;&amp;nbsp;&lt;br \/&gt;ID.4 GTX n\u00e5r vinteren kommer&lt;\/h2&gt;\n&lt;p&gt;De to viktigste egenskapene en elbil b\u00f8r ha, er lang rekkevidde og 4-hjulstrekk. Begge deler sikrer at du kommer helt frem. Det siste kan ogs\u00e5 redde liv. &lt;a href=&quot;https:\/\/terjebjornstad.com\/no\/2023\/11\/15\/id-4-gtx-nar-vinteren-kommer\/&quot;&gt;&lt;strong&gt;Se mer&lt;\/strong&gt;&lt;\/a&gt;&lt;br \/&gt;&amp;nbsp;&lt;\/div&gt;\n\" data-large-file=\"https:\/\/i0.wp.com\/terjebjornstad.com\/no\/wp-content\/uploads\/2023\/11\/volkswagen-id4-gtx-profil-1920x1280-1.jpg?fit=980%2C653&amp;ssl=1\" src=\"https:\/\/i0.wp.com\/terjebjornstad.com\/no\/wp-content\/uploads\/2023\/11\/volkswagen-id4-gtx-profil-1920x1280-1.jpg?resize=300%2C200&#038;ssl=1\" alt=\"\" width=\"300\" height=\"200\" class=\"size-medium wp-image-67058\" srcset=\"https:\/\/i0.wp.com\/terjebjornstad.com\/no\/wp-content\/uploads\/2023\/11\/volkswagen-id4-gtx-profil-1920x1280-1.jpg?resize=300%2C200&amp;ssl=1 300w, https:\/\/i0.wp.com\/terjebjornstad.com\/no\/wp-content\/uploads\/2023\/11\/volkswagen-id4-gtx-profil-1920x1280-1.jpg?resize=1080%2C720&amp;ssl=1 1080w, https:\/\/i0.wp.com\/terjebjornstad.com\/no\/wp-content\/uploads\/2023\/11\/volkswagen-id4-gtx-profil-1920x1280-1.jpg?resize=768%2C512&amp;ssl=1 768w, https:\/\/i0.wp.com\/terjebjornstad.com\/no\/wp-content\/uploads\/2023\/11\/volkswagen-id4-gtx-profil-1920x1280-1.jpg?resize=1536%2C1024&amp;ssl=1 1536w, https:\/\/i0.wp.com\/terjebjornstad.com\/no\/wp-content\/uploads\/2023\/11\/volkswagen-id4-gtx-profil-1920x1280-1.jpg?resize=690%2C460&amp;ssl=1 690w, https:\/\/i0.wp.com\/terjebjornstad.com\/no\/wp-content\/uploads\/2023\/11\/volkswagen-id4-gtx-profil-1920x1280-1.jpg?resize=980%2C653&amp;ssl=1 980w, https:\/\/i0.wp.com\/terjebjornstad.com\/no\/wp-content\/uploads\/2023\/11\/volkswagen-id4-gtx-profil-1920x1280-1.jpg?w=1920&amp;ssl=1 1920w\" sizes=\"auto, (max-width: 300px) 100vw, 300px\" \/><\/a><figcaption id=\"caption-attachment-67058\" class=\"wp-caption-text\"><\/p>\n<h3 class=\"tebh2s\">Volkswagen ID.4 GTX<\/h3>\n<div class=\"tebtext\">De to viktigste egenskapene en elbil b\u00f8r ha, er lang rekkevidde og 4-hjulstrekk. Begge deler sikrer at du kommer helt frem. Det siste kan ogs\u00e5 redde liv.<\/div>\n<p><\/figcaption><\/figure>\n<figure id=\"attachment_41135\" aria-describedby=\"caption-attachment-41135\" style=\"width: 300px\" class=\"wp-caption alignleft\"><a href=\"https:\/\/terjebjornstad.com\/no\/2021\/06\/18\/id-4-gir-mye-rekkevidde-for-pengene\/\"><img data-recalc-dims=\"1\" loading=\"lazy\" decoding=\"async\" data-attachment-id=\"41135\" data-permalink=\"https:\/\/terjebjornstad.com\/no\/2021\/06\/18\/id-4-gir-mye-rekkevidde-for-pengene\/1-id-4-1080x720\/\" data-orig-file=\"https:\/\/i0.wp.com\/terjebjornstad.com\/no\/wp-content\/uploads\/2021\/06\/1-id.4-1080x720-1.png?fit=1080%2C720&amp;ssl=1\" data-orig-size=\"1080,720\" data-comments-opened=\"1\" data-image-meta=\"{&quot;aperture&quot;:&quot;0&quot;,&quot;credit&quot;:&quot;&quot;,&quot;camera&quot;:&quot;&quot;,&quot;caption&quot;:&quot;&quot;,&quot;created_timestamp&quot;:&quot;0&quot;,&quot;copyright&quot;:&quot;&quot;,&quot;focal_length&quot;:&quot;0&quot;,&quot;iso&quot;:&quot;0&quot;,&quot;shutter_speed&quot;:&quot;0&quot;,&quot;title&quot;:&quot;&quot;,&quot;orientation&quot;:&quot;0&quot;}\" data-image-title=\"1-id.4-1080&amp;#215;720\" data-image-description=\"\" data-image-caption=\"&lt;p&gt;Volkswagen ID.4 204HK 77kwh foran &amp;laquo;Klodene&amp;raquo; ved Equinor-bygget&lt;\/p&gt;\n\" data-large-file=\"https:\/\/i0.wp.com\/terjebjornstad.com\/no\/wp-content\/uploads\/2021\/06\/1-id.4-1080x720-1.png?fit=980%2C653&amp;ssl=1\" src=\"https:\/\/i0.wp.com\/terjebjornstad.com\/no\/wp-content\/uploads\/2021\/06\/1-id.4-1080x720-1.png?resize=300%2C200&#038;ssl=1\" alt=\"id.4 77kwh\" width=\"300\" height=\"200\" class=\"size-full wp-image-41135\" srcset=\"https:\/\/i0.wp.com\/terjebjornstad.com\/no\/wp-content\/uploads\/2021\/06\/1-id.4-1080x720-1.png?resize=300%2C200&amp;ssl=1 300w, https:\/\/i0.wp.com\/terjebjornstad.com\/no\/wp-content\/uploads\/2021\/06\/1-id.4-1080x720-1.png?resize=768%2C512&amp;ssl=1 768w, https:\/\/i0.wp.com\/terjebjornstad.com\/no\/wp-content\/uploads\/2021\/06\/1-id.4-1080x720-1.png?resize=690%2C460&amp;ssl=1 690w, https:\/\/i0.wp.com\/terjebjornstad.com\/no\/wp-content\/uploads\/2021\/06\/1-id.4-1080x720-1.png?resize=980%2C653&amp;ssl=1 980w, https:\/\/i0.wp.com\/terjebjornstad.com\/no\/wp-content\/uploads\/2021\/06\/1-id.4-1080x720-1.png?w=1080&amp;ssl=1 1080w\" sizes=\"auto, (max-width: 300px) 100vw, 300px\" \/><\/a><figcaption id=\"caption-attachment-41135\" class=\"wp-caption-text\"><\/p>\n<h3 class=\"tebh2s\">Volkswagen ID.4<\/h3>\n<div class=\"tebtext\">Vi har kj\u00f8rt ID.4 med st\u00f8rste batteriet med en motor og bakhjulsdrift. God vektfordeling og lang rekkevidde, &#8211; og passe stor familiebil.<\/div>\n<p><\/figcaption><\/figure>\n<h6><\/h6>\n<figure id=\"attachment_36344\" aria-describedby=\"caption-attachment-36344\" style=\"width: 300px\" class=\"wp-caption alignleft\"><a href=\"https:\/\/terjebjornstad.com\/no\/2020\/11\/24\/id-3-politisk-korrekt\/\"><img data-recalc-dims=\"1\" loading=\"lazy\" decoding=\"async\" data-attachment-id=\"36344\" data-permalink=\"https:\/\/terjebjornstad.com\/no\/2020\/11\/24\/id-3-politisk-korrekt\/vw-id-front-1080x1080\/\" data-orig-file=\"https:\/\/i0.wp.com\/terjebjornstad.com\/no\/wp-content\/uploads\/2020\/11\/vw-id-front-1080x1080-1.png?fit=1080%2C1080&amp;ssl=1\" data-orig-size=\"1080,1080\" data-comments-opened=\"1\" data-image-meta=\"{&quot;aperture&quot;:&quot;0&quot;,&quot;credit&quot;:&quot;&quot;,&quot;camera&quot;:&quot;&quot;,&quot;caption&quot;:&quot;&quot;,&quot;created_timestamp&quot;:&quot;0&quot;,&quot;copyright&quot;:&quot;&quot;,&quot;focal_length&quot;:&quot;0&quot;,&quot;iso&quot;:&quot;0&quot;,&quot;shutter_speed&quot;:&quot;0&quot;,&quot;title&quot;:&quot;&quot;,&quot;orientation&quot;:&quot;0&quot;}\" data-image-title=\"vw-id-front-1080&amp;#215;1080\" data-image-description=\"\" data-image-caption=\"&lt;p&gt;Volkswagen ID.3&lt;\/p&gt;\n\" data-large-file=\"https:\/\/i0.wp.com\/terjebjornstad.com\/no\/wp-content\/uploads\/2020\/11\/vw-id-front-1080x1080-1.png?fit=980%2C980&amp;ssl=1\" src=\"https:\/\/i0.wp.com\/terjebjornstad.com\/no\/wp-content\/uploads\/2020\/11\/vw-id-front-1080x1080-1.png?resize=200%2C200&#038;ssl=1\" alt=\"\" width=\"200\" height=\"200\" class=\"size-full wp-image-36344\" srcset=\"https:\/\/i0.wp.com\/terjebjornstad.com\/no\/wp-content\/uploads\/2020\/11\/vw-id-front-1080x1080-1.png?resize=300%2C300&amp;ssl=1 300w, https:\/\/i0.wp.com\/terjebjornstad.com\/no\/wp-content\/uploads\/2020\/11\/vw-id-front-1080x1080-1.png?resize=150%2C150&amp;ssl=1 150w, https:\/\/i0.wp.com\/terjebjornstad.com\/no\/wp-content\/uploads\/2020\/11\/vw-id-front-1080x1080-1.png?resize=768%2C768&amp;ssl=1 768w, https:\/\/i0.wp.com\/terjebjornstad.com\/no\/wp-content\/uploads\/2020\/11\/vw-id-front-1080x1080-1.png?resize=690%2C690&amp;ssl=1 690w, https:\/\/i0.wp.com\/terjebjornstad.com\/no\/wp-content\/uploads\/2020\/11\/vw-id-front-1080x1080-1.png?resize=980%2C980&amp;ssl=1 980w, https:\/\/i0.wp.com\/terjebjornstad.com\/no\/wp-content\/uploads\/2020\/11\/vw-id-front-1080x1080-1.png?resize=50%2C50&amp;ssl=1 50w, https:\/\/i0.wp.com\/terjebjornstad.com\/no\/wp-content\/uploads\/2020\/11\/vw-id-front-1080x1080-1.png?w=1080&amp;ssl=1 1080w\" sizes=\"auto, (max-width: 200px) 100vw, 200px\" \/><\/a><figcaption id=\"caption-attachment-36344\" class=\"wp-caption-text\"><\/p>\n<h3 class=\"tebh2s\">Volkswagen ID.3<\/h3>\n<div class=\"tebtext\">Var politikernes form\u00e5l om \u00e5 fjerne engangsavgift og mva p\u00e5 elbiler \u00e5 fremme modeller som ID.3? Ikke for dyr, ikke for stor, men likevel stor nok for mange.<\/div>\n<p><\/figcaption><\/figure>\n<figure id=\"attachment_17561\" aria-describedby=\"caption-attachment-17561\" style=\"width: 300px\" class=\"wp-caption alignleft\"><a href=\"https:\/\/terjebjornstad.com\/no\/2018\/07\/02\/e-golf-facelift\/\"><img data-recalc-dims=\"1\" loading=\"lazy\" decoding=\"async\" data-attachment-id=\"17561\" data-permalink=\"https:\/\/terjebjornstad.com\/no\/2018\/07\/02\/e-golf-facelift\/e-golf-1-3006\/\" data-orig-file=\"https:\/\/i0.wp.com\/terjebjornstad.com\/no\/wp-content\/uploads\/2018\/07\/e-golf-1-3006.png?fit=1080%2C720&amp;ssl=1\" data-orig-size=\"1080,720\" data-comments-opened=\"1\" data-image-meta=\"{&quot;aperture&quot;:&quot;0&quot;,&quot;credit&quot;:&quot;&quot;,&quot;camera&quot;:&quot;&quot;,&quot;caption&quot;:&quot;&quot;,&quot;created_timestamp&quot;:&quot;0&quot;,&quot;copyright&quot;:&quot;&quot;,&quot;focal_length&quot;:&quot;0&quot;,&quot;iso&quot;:&quot;0&quot;,&quot;shutter_speed&quot;:&quot;0&quot;,&quot;title&quot;:&quot;&quot;,&quot;orientation&quot;:&quot;0&quot;}\" data-image-title=\"e-golf-1-3006\" data-image-description=\"\" data-image-caption=\"&lt;p&gt;e-Golf ser ut som en vanlig Golf.&lt;\/p&gt;\n\" data-large-file=\"https:\/\/i0.wp.com\/terjebjornstad.com\/no\/wp-content\/uploads\/2018\/07\/e-golf-1-3006.png?fit=980%2C654&amp;ssl=1\" src=\"https:\/\/i0.wp.com\/terjebjornstad.com\/no\/wp-content\/uploads\/2018\/07\/e-golf-1-3006.png?resize=300%2C200&#038;ssl=1\" alt=\"\" width=\"300\" height=\"200\" class=\"size-medium wp-image-17561\" srcset=\"https:\/\/i0.wp.com\/terjebjornstad.com\/no\/wp-content\/uploads\/2018\/07\/e-golf-1-3006.png?resize=300%2C200&amp;ssl=1 300w, https:\/\/i0.wp.com\/terjebjornstad.com\/no\/wp-content\/uploads\/2018\/07\/e-golf-1-3006.png?resize=768%2C512&amp;ssl=1 768w, https:\/\/i0.wp.com\/terjebjornstad.com\/no\/wp-content\/uploads\/2018\/07\/e-golf-1-3006.png?resize=1024%2C683&amp;ssl=1 1024w, https:\/\/i0.wp.com\/terjebjornstad.com\/no\/wp-content\/uploads\/2018\/07\/e-golf-1-3006.png?resize=690%2C460&amp;ssl=1 690w, https:\/\/i0.wp.com\/terjebjornstad.com\/no\/wp-content\/uploads\/2018\/07\/e-golf-1-3006.png?resize=980%2C653&amp;ssl=1 980w, https:\/\/i0.wp.com\/terjebjornstad.com\/no\/wp-content\/uploads\/2018\/07\/e-golf-1-3006.png?w=1080&amp;ssl=1 1080w\" sizes=\"auto, (max-width: 300px) 100vw, 300px\" \/><\/a><figcaption id=\"caption-attachment-17561\" class=\"wp-caption-text\"><\/p>\n<h3 class=\"tebh2s\">Volkswagen e-Golf facelift<\/h3>\n<div class=\"tebtext\">Endringene er under skallet. Teoretisk rekkevidde p\u00e5 300 km og 136 HK motor.<\/div>\n<p><\/figcaption><\/figure>\n<figure id=\"attachment_2037\" aria-describedby=\"caption-attachment-2037\" style=\"width: 300px\" class=\"wp-caption alignleft\"><a href=\"https:\/\/terjebjornstad.com\/no\/2015\/09\/27\/kunne-blitt-folkebilen\/\"><img data-recalc-dims=\"1\" loading=\"lazy\" decoding=\"async\" data-attachment-id=\"2037\" data-permalink=\"https:\/\/terjebjornstad.com\/no\/2015\/09\/27\/kunne-blitt-folkebilen\/e-golf-101\/\" data-orig-file=\"https:\/\/i0.wp.com\/terjebjornstad.com\/no\/wp-content\/uploads\/2015\/10\/e-golf-101.png?fit=660%2C440&amp;ssl=1\" data-orig-size=\"660,440\" data-comments-opened=\"1\" data-image-meta=\"{&quot;aperture&quot;:&quot;0&quot;,&quot;credit&quot;:&quot;&quot;,&quot;camera&quot;:&quot;&quot;,&quot;caption&quot;:&quot;&quot;,&quot;created_timestamp&quot;:&quot;0&quot;,&quot;copyright&quot;:&quot;&quot;,&quot;focal_length&quot;:&quot;0&quot;,&quot;iso&quot;:&quot;0&quot;,&quot;shutter_speed&quot;:&quot;0&quot;,&quot;title&quot;:&quot;&quot;,&quot;orientation&quot;:&quot;0&quot;}\" data-image-title=\"e-golf-101\" data-image-description=\"\" data-image-caption=\"&lt;p&gt;Volkswagen e-Golf.&lt;\/p&gt;\n\" data-large-file=\"https:\/\/i0.wp.com\/terjebjornstad.com\/no\/wp-content\/uploads\/2015\/10\/e-golf-101.png?fit=660%2C440&amp;ssl=1\" src=\"https:\/\/i0.wp.com\/terjebjornstad.com\/no\/wp-content\/uploads\/2015\/10\/e-golf-101.png?resize=300%2C200&#038;ssl=1\" alt=\"\" width=\"300\" height=\"200\" class=\"size-medium wp-image-2037\" srcset=\"https:\/\/i0.wp.com\/terjebjornstad.com\/no\/wp-content\/uploads\/2015\/10\/e-golf-101.png?resize=300%2C200&amp;ssl=1 300w, https:\/\/i0.wp.com\/terjebjornstad.com\/no\/wp-content\/uploads\/2015\/10\/e-golf-101.png?w=660&amp;ssl=1 660w\" sizes=\"auto, (max-width: 300px) 100vw, 300px\" \/><\/a><figcaption id=\"caption-attachment-2037\" class=\"wp-caption-text\"><\/p>\n<h3 class=\"tebh2s\">Volkswagen e-Golf<\/h3>\n<div class=\"tebtext\">En elbil som ser ut og fungerer som en vanlig bil. 3-trinns motorbrems gj\u00f8r det mulig \u00e5 gjenvinne bremseenergi godt.<\/div>\n<p><\/figcaption><\/figure>\n<h6><\/h6>\n<figure id=\"attachment_60120\" aria-describedby=\"caption-attachment-60120\" style=\"width: 300px\" class=\"wp-caption alignleft\"><a href=\"https:\/\/terjebjornstad.com\/no\/2023\/06\/11\/t-cross-en-god-klasse\/\"><img data-recalc-dims=\"1\" loading=\"lazy\" decoding=\"async\" data-attachment-id=\"60120\" data-permalink=\"https:\/\/terjebjornstad.com\/no\/2023\/06\/11\/t-cross-en-god-klasse\/volkswagen-t-cross-1157-1920x1920\/\" data-orig-file=\"https:\/\/i0.wp.com\/terjebjornstad.com\/no\/wp-content\/uploads\/2023\/06\/volkswagen-t-cross-1157-1920x1920-1.jpg?fit=1920%2C1920&amp;ssl=1\" data-orig-size=\"1920,1920\" data-comments-opened=\"1\" data-image-meta=\"{&quot;aperture&quot;:&quot;0&quot;,&quot;credit&quot;:&quot;&quot;,&quot;camera&quot;:&quot;&quot;,&quot;caption&quot;:&quot;&quot;,&quot;created_timestamp&quot;:&quot;0&quot;,&quot;copyright&quot;:&quot;&quot;,&quot;focal_length&quot;:&quot;0&quot;,&quot;iso&quot;:&quot;0&quot;,&quot;shutter_speed&quot;:&quot;0&quot;,&quot;title&quot;:&quot;&quot;,&quot;orientation&quot;:&quot;0&quot;}\" data-image-title=\"volkswagen-t-cross-1157-1920&amp;#215;1920\" data-image-description=\"\" data-image-caption=\"&lt;p&gt;Volkswagen T-CrossH\u00f8ybygde sm\u00e5biler som Volkswagen T-Cross er i ferd meg \u00e5 forsvinne fra det norske markedet.  Synd, for dette en klasse som gir mye bil for pengene.&lt;\/p&gt;\n\" data-large-file=\"https:\/\/i0.wp.com\/terjebjornstad.com\/no\/wp-content\/uploads\/2023\/06\/volkswagen-t-cross-1157-1920x1920-1.jpg?fit=980%2C980&amp;ssl=1\" src=\"https:\/\/i0.wp.com\/terjebjornstad.com\/no\/wp-content\/uploads\/2023\/06\/volkswagen-t-cross-1157-1920x1920-1.jpg?resize=200%2C200&#038;ssl=1\" alt=\"\" width=\"200\" height=\"200\" class=\"size-medium wp-image-60120\" srcset=\"https:\/\/i0.wp.com\/terjebjornstad.com\/no\/wp-content\/uploads\/2023\/06\/volkswagen-t-cross-1157-1920x1920-1.jpg?resize=300%2C300&amp;ssl=1 300w, https:\/\/i0.wp.com\/terjebjornstad.com\/no\/wp-content\/uploads\/2023\/06\/volkswagen-t-cross-1157-1920x1920-1.jpg?resize=1080%2C1080&amp;ssl=1 1080w, https:\/\/i0.wp.com\/terjebjornstad.com\/no\/wp-content\/uploads\/2023\/06\/volkswagen-t-cross-1157-1920x1920-1.jpg?resize=150%2C150&amp;ssl=1 150w, https:\/\/i0.wp.com\/terjebjornstad.com\/no\/wp-content\/uploads\/2023\/06\/volkswagen-t-cross-1157-1920x1920-1.jpg?resize=768%2C768&amp;ssl=1 768w, https:\/\/i0.wp.com\/terjebjornstad.com\/no\/wp-content\/uploads\/2023\/06\/volkswagen-t-cross-1157-1920x1920-1.jpg?resize=1536%2C1536&amp;ssl=1 1536w, https:\/\/i0.wp.com\/terjebjornstad.com\/no\/wp-content\/uploads\/2023\/06\/volkswagen-t-cross-1157-1920x1920-1.jpg?resize=690%2C690&amp;ssl=1 690w, https:\/\/i0.wp.com\/terjebjornstad.com\/no\/wp-content\/uploads\/2023\/06\/volkswagen-t-cross-1157-1920x1920-1.jpg?resize=980%2C980&amp;ssl=1 980w, https:\/\/i0.wp.com\/terjebjornstad.com\/no\/wp-content\/uploads\/2023\/06\/volkswagen-t-cross-1157-1920x1920-1.jpg?resize=50%2C50&amp;ssl=1 50w, https:\/\/i0.wp.com\/terjebjornstad.com\/no\/wp-content\/uploads\/2023\/06\/volkswagen-t-cross-1157-1920x1920-1.jpg?w=1920&amp;ssl=1 1920w\" sizes=\"auto, (max-width: 200px) 100vw, 200px\" \/><\/a><figcaption id=\"caption-attachment-60120\" class=\"wp-caption-text\"><\/p>\n<h3 class=\"tebh2s\">Volkswagen T-Cross<\/h3>\n<div class=\"tebtext\">H\u00f8ybygde sm\u00e5biler som Volkswagen T-Cross er i ferd meg \u00e5 forsvinne fra det norske markedet.  Synd, for dette en klasse som gir mye bil for pengene.<\/div>\n<p><\/figcaption><\/figure>\n<figure id=\"attachment_25297\" aria-describedby=\"caption-attachment-25297\" style=\"width: 300px\" class=\"wp-caption alignleft\"><a href=\"https:\/\/terjebjornstad.com\/no\/2019\/08\/04\/volkswagen-polo-10-tsi-95-dsg\/\"><img data-recalc-dims=\"1\" loading=\"lazy\" decoding=\"async\" src=\"https:\/\/i0.wp.com\/terjebjornstad.com\/no\/wp-content\/uploads\/2021\/11\/1-vw-polo-10-95-dsg-3-1080x720-1.png?resize=300%2C200&#038;ssl=1\" alt=\"\" width=\"300\" height=\"200\" class=\"size-medium wp-image-25297\" \/><\/a><figcaption id=\"caption-attachment-25297\" class=\"wp-caption-text\"><\/p>\n<h3 class=\"tebh2s\">Volkswagen Polo 1.0 TSI 95<\/h3>\n<div class=\"tebtext\">DSG-kassa holder turtallet effektivt nede p\u00e5 1500 omdreininger med bunndrag nok til \u00e5 forsere det meste. Lett \u00e5 oppn\u00e5 gode forbrukstall.<\/div>\n<p><\/figcaption><\/figure>\n<figure id=\"attachment_18215\" aria-describedby=\"caption-attachment-18215\" style=\"width: 300px\" class=\"wp-caption alignleft\"><a href=\"https:\/\/terjebjornstad.com\/no\/2018\/07\/26\/volkswagen-polo-1-0-65-hk\/\"><img data-recalc-dims=\"1\" loading=\"lazy\" decoding=\"async\" data-attachment-id=\"18215\" data-permalink=\"https:\/\/terjebjornstad.com\/no\/saab-99\/volkswagen-polo-6-60-1-1080x720\/\" data-orig-file=\"https:\/\/i0.wp.com\/terjebjornstad.com\/no\/wp-content\/uploads\/2018\/07\/volkswagen-polo-6-60-1-1080x720.png?fit=686%2C457&amp;ssl=1\" data-orig-size=\"686,457\" data-comments-opened=\"1\" data-image-meta=\"{&quot;aperture&quot;:&quot;0&quot;,&quot;credit&quot;:&quot;&quot;,&quot;camera&quot;:&quot;&quot;,&quot;caption&quot;:&quot;&quot;,&quot;created_timestamp&quot;:&quot;0&quot;,&quot;copyright&quot;:&quot;&quot;,&quot;focal_length&quot;:&quot;0&quot;,&quot;iso&quot;:&quot;0&quot;,&quot;shutter_speed&quot;:&quot;0&quot;,&quot;title&quot;:&quot;&quot;,&quot;orientation&quot;:&quot;0&quot;}\" data-image-title=\"volkswagen-polo-6-60-1-1080&amp;#215;720\" data-image-description=\"\" data-image-caption=\"&lt;h5&gt;Volkswagen Polo 1.0 65 HK&lt;\/h5&gt;\n&lt;p&gt;Polo 6 er en super bil, men kj\u00f8regleden forsvinner med den minste motoren, en-literen uten turbo.&lt;\/p&gt;\n\" data-large-file=\"https:\/\/i0.wp.com\/terjebjornstad.com\/no\/wp-content\/uploads\/2018\/07\/volkswagen-polo-6-60-1-1080x720.png?fit=686%2C457&amp;ssl=1\" src=\"https:\/\/i0.wp.com\/terjebjornstad.com\/no\/wp-content\/uploads\/2018\/07\/volkswagen-polo-6-60-1-1080x720.png?resize=300%2C200&#038;ssl=1\" alt=\"\" width=\"300\" height=\"200\" class=\"size-medium wp-image-18215\" srcset=\"https:\/\/i0.wp.com\/terjebjornstad.com\/no\/wp-content\/uploads\/2018\/07\/volkswagen-polo-6-60-1-1080x720.png?resize=300%2C200&amp;ssl=1 300w, https:\/\/i0.wp.com\/terjebjornstad.com\/no\/wp-content\/uploads\/2018\/07\/volkswagen-polo-6-60-1-1080x720.png?w=686&amp;ssl=1 686w\" sizes=\"auto, (max-width: 300px) 100vw, 300px\" \/><\/a><figcaption id=\"caption-attachment-18215\" class=\"wp-caption-text\"><\/p>\n<h3 class=\"tebh2s\">Volkswagen Polo 1.0 65 HK<\/h3>\n<div class=\"tebtext\">Polo 6 er en super bil, men den minste motoren &#8211; en-literen uten turbo &#8211; egner seg ikke for alle ferieveiene vi fartet rundt p\u00e5 i sommerferien v\u00e5r.<\/div>\n<p><\/figcaption><\/figure>\n<h6><\/h6>\n<figure id=\"attachment_3847\" aria-describedby=\"caption-attachment-3847\" style=\"width: 300px\" class=\"wp-caption alignleft\"><a href=\"https:\/\/terjebjornstad.com\/no\/2016\/04\/16\/1-0-liter-sommerbil\/\"><img data-recalc-dims=\"1\" loading=\"lazy\" decoding=\"async\" data-attachment-id=\"3847\" data-permalink=\"https:\/\/terjebjornstad.com\/no\/2016-volkswagen-polo\/volkswagen-polo-mpi-10-5\/\" data-orig-file=\"https:\/\/i0.wp.com\/terjebjornstad.com\/no\/wp-content\/uploads\/2016\/03\/volkswagen-polo-mpi-10-5.png?fit=686%2C457&amp;ssl=1\" data-orig-size=\"686,457\" data-comments-opened=\"1\" data-image-meta=\"{&quot;aperture&quot;:&quot;0&quot;,&quot;credit&quot;:&quot;&quot;,&quot;camera&quot;:&quot;&quot;,&quot;caption&quot;:&quot;&quot;,&quot;created_timestamp&quot;:&quot;0&quot;,&quot;copyright&quot;:&quot;&quot;,&quot;focal_length&quot;:&quot;0&quot;,&quot;iso&quot;:&quot;0&quot;,&quot;shutter_speed&quot;:&quot;0&quot;,&quot;title&quot;:&quot;&quot;,&quot;orientation&quot;:&quot;0&quot;}\" data-image-title=\"\" data-image-description=\"\" data-image-caption=\"&lt;p&gt;&lt;em&gt;Volkswagen Polo MPI 1.0 60 HK&lt;\/em&gt;&lt;br \/&gt;I noen markeder brukes Polo A om den lille Poloen. Den tilbyr samme plass, men har enklere understell og bremser, og sm\u00e5 motorer. Kj\u00f8remessig oppf\u00f8rer de seg annerledes enn Polo&amp;#8217;er med st\u00f8rre motorer.&lt;\/p&gt;\n\" data-large-file=\"https:\/\/i0.wp.com\/terjebjornstad.com\/no\/wp-content\/uploads\/2016\/03\/volkswagen-polo-mpi-10-5.png?fit=686%2C457&amp;ssl=1\" src=\"https:\/\/i0.wp.com\/terjebjornstad.com\/no\/wp-content\/uploads\/2016\/03\/volkswagen-polo-mpi-10-5.png?resize=300%2C200&#038;ssl=1\" alt=\"\" width=\"300\" height=\"200\" class=\"size-medium wp-image-3847\" srcset=\"https:\/\/i0.wp.com\/terjebjornstad.com\/no\/wp-content\/uploads\/2016\/03\/volkswagen-polo-mpi-10-5.png?resize=300%2C200&amp;ssl=1 300w, https:\/\/i0.wp.com\/terjebjornstad.com\/no\/wp-content\/uploads\/2016\/03\/volkswagen-polo-mpi-10-5.png?w=686&amp;ssl=1 686w\" sizes=\"auto, (max-width: 300px) 100vw, 300px\" \/><\/a><figcaption id=\"caption-attachment-3847\" class=\"wp-caption-text\"><\/p>\n<h3 class=\"tebh2s\">Volkswagen Polo MPI 1.0 60 HK<\/h3>\n<div class=\"tebtext\">I noen markeder brukes Polo A om Polo med minste motorer. Enklere understell og bremser gj\u00f8r at den oppf\u00f8rer den seg litt annerledes enn &laquo;store&raquo; Polo&#8217;er. Men den lille 1.0-literen er overraskende kvikk.<\/div>\n<p><\/figcaption><\/figure>\n<figure id=\"attachment_67705\" aria-describedby=\"caption-attachment-67705\" style=\"width: 300px\" class=\"wp-caption alignleft\"><a href=\"https:\/\/terjebjornstad.com\/no\/2015\/11\/13\/verdens-beste-polo-motor\/\"><img data-recalc-dims=\"1\" loading=\"lazy\" decoding=\"async\" data-attachment-id=\"67705\" data-permalink=\"https:\/\/terjebjornstad.com\/no\/volkswagen\/polo-tsi-90-3-3-2\/\" data-orig-file=\"https:\/\/i0.wp.com\/terjebjornstad.com\/no\/wp-content\/uploads\/2023\/12\/polo-tsi-90-3-3-2.jpg?fit=300%2C200&amp;ssl=1\" data-orig-size=\"300,200\" data-comments-opened=\"1\" data-image-meta=\"{&quot;aperture&quot;:&quot;0&quot;,&quot;credit&quot;:&quot;&quot;,&quot;camera&quot;:&quot;&quot;,&quot;caption&quot;:&quot;&quot;,&quot;created_timestamp&quot;:&quot;0&quot;,&quot;copyright&quot;:&quot;&quot;,&quot;focal_length&quot;:&quot;0&quot;,&quot;iso&quot;:&quot;0&quot;,&quot;shutter_speed&quot;:&quot;0&quot;,&quot;title&quot;:&quot;&quot;,&quot;orientation&quot;:&quot;0&quot;}\" data-image-title=\"polo-tsi-90-3-3-2\" data-image-description=\"\" data-image-caption=\"&lt;p&gt;rwerwerwewer&lt;\/p&gt;\n\" data-large-file=\"https:\/\/i0.wp.com\/terjebjornstad.com\/no\/wp-content\/uploads\/2023\/12\/polo-tsi-90-3-3-2.jpg?fit=300%2C200&amp;ssl=1\" src=\"https:\/\/i0.wp.com\/terjebjornstad.com\/no\/wp-content\/uploads\/2023\/12\/polo-tsi-90-3-3-2.jpg?resize=300%2C200&#038;ssl=1\" alt=\"\" width=\"300\" height=\"200\" class=\"size-full wp-image-67705\" \/><\/a><figcaption id=\"caption-attachment-67705\" class=\"wp-caption-text\"><\/p>\n<h3 class=\"tebh2s\">Volkswagen Polo 1.2 TSI 90 HK<\/h3>\n<div class=\"tebtext\">Jeg liker motoren. Absolutt det beste motorvalget for Polo. Polo&#8217;er med denne motoren er morsomme \u00e5 kj\u00f8re. Legg gjerne til DSG hvis mulig.<\/div>\n<p><\/figcaption><\/figure>\n<figure id=\"attachment_67703\" aria-describedby=\"caption-attachment-67703\" style=\"width: 300px\" class=\"wp-caption alignleft\"><a href=\"https:\/\/terjebjornstad.com\/no\/2014\/09\/30\/der-alt-stemmer\/\"><img data-recalc-dims=\"1\" loading=\"lazy\" decoding=\"async\" data-attachment-id=\"67703\" data-permalink=\"https:\/\/terjebjornstad.com\/no\/volkswagen\/golf-1-3-2\/\" data-orig-file=\"https:\/\/i0.wp.com\/terjebjornstad.com\/no\/wp-content\/uploads\/2023\/12\/golf-1-3-2.jpg?fit=300%2C200&amp;ssl=1\" data-orig-size=\"300,200\" data-comments-opened=\"1\" data-image-meta=\"{&quot;aperture&quot;:&quot;0&quot;,&quot;credit&quot;:&quot;&quot;,&quot;camera&quot;:&quot;&quot;,&quot;caption&quot;:&quot;&quot;,&quot;created_timestamp&quot;:&quot;0&quot;,&quot;copyright&quot;:&quot;&quot;,&quot;focal_length&quot;:&quot;0&quot;,&quot;iso&quot;:&quot;0&quot;,&quot;shutter_speed&quot;:&quot;0&quot;,&quot;title&quot;:&quot;&quot;,&quot;orientation&quot;:&quot;0&quot;}\" data-image-title=\"golf-1-3-2\" data-image-description=\"\" data-image-caption=\"&lt;p&gt;sfsdfsdf&lt;\/p&gt;\n\" data-large-file=\"https:\/\/i0.wp.com\/terjebjornstad.com\/no\/wp-content\/uploads\/2023\/12\/golf-1-3-2.jpg?fit=300%2C200&amp;ssl=1\" src=\"https:\/\/i0.wp.com\/terjebjornstad.com\/no\/wp-content\/uploads\/2023\/12\/golf-1-3-2.jpg?resize=300%2C200&#038;ssl=1\" alt=\"\" width=\"300\" height=\"200\" class=\"size-full wp-image-67703\" \/><figcaption id=\"caption-attachment-67703\" class=\"wp-caption-text\"><\/p>\n<h3 class=\"tebh2s\">Volkswagen Golf 7 &#8211; der alt stemmer<\/h3>\n<div class=\"tebtext\">Jeg har kj\u00f8rt denne motoren ved flere anledninger &#8211; i flere biler. Men ingen s\u00e5 perfekt og harmonisk som i denne. Golf gir en f\u00f8lelse av at alt stemmer.<\/div>\n<p><\/a> sfsdfsdf<br \/><\/figcaption><\/figure>\n<h6><\/h6>\n<figure id=\"attachment_44161\" aria-describedby=\"caption-attachment-44161\" style=\"width: 300px\" class=\"wp-caption alignleft\"><a href=\"https:\/\/terjebjornstad.com\/no\/2021\/10\/27\/t-roc-uten-tak\/\"><img data-recalc-dims=\"1\" loading=\"lazy\" decoding=\"async\" data-attachment-id=\"44161\" data-permalink=\"https:\/\/terjebjornstad.com\/no\/2021\/10\/27\/t-roc-uten-tak\/vw-t-roc-1-1080x720\/\" data-orig-file=\"https:\/\/i0.wp.com\/terjebjornstad.com\/no\/wp-content\/uploads\/2021\/10\/vw-t-roc-1-1080x720-1.png?fit=1080%2C720&amp;ssl=1\" data-orig-size=\"1080,720\" data-comments-opened=\"1\" data-image-meta=\"{&quot;aperture&quot;:&quot;0&quot;,&quot;credit&quot;:&quot;&quot;,&quot;camera&quot;:&quot;&quot;,&quot;caption&quot;:&quot;&quot;,&quot;created_timestamp&quot;:&quot;0&quot;,&quot;copyright&quot;:&quot;&quot;,&quot;focal_length&quot;:&quot;0&quot;,&quot;iso&quot;:&quot;0&quot;,&quot;shutter_speed&quot;:&quot;0&quot;,&quot;title&quot;:&quot;&quot;,&quot;orientation&quot;:&quot;0&quot;}\" data-image-title=\"vw-t-roc-1-1080&amp;#215;720\" data-image-description=\"\" data-image-caption=\"&lt;p&gt;Volkswagen T-Roc Cabriolet i Ivory Silver metallic&lt;\/p&gt;\n\" data-large-file=\"https:\/\/i0.wp.com\/terjebjornstad.com\/no\/wp-content\/uploads\/2021\/10\/vw-t-roc-1-1080x720-1.png?fit=980%2C653&amp;ssl=1\" src=\"https:\/\/i0.wp.com\/terjebjornstad.com\/no\/wp-content\/uploads\/2021\/10\/vw-t-roc-1-1080x720-1.png?resize=300%2C200&#038;ssl=1\" alt=\"\" width=\"300\" height=\"200\" class=\"size-medium wp-image-44161\" srcset=\"https:\/\/i0.wp.com\/terjebjornstad.com\/no\/wp-content\/uploads\/2021\/10\/vw-t-roc-1-1080x720-1.png?resize=300%2C200&amp;ssl=1 300w, https:\/\/i0.wp.com\/terjebjornstad.com\/no\/wp-content\/uploads\/2021\/10\/vw-t-roc-1-1080x720-1.png?resize=768%2C512&amp;ssl=1 768w, https:\/\/i0.wp.com\/terjebjornstad.com\/no\/wp-content\/uploads\/2021\/10\/vw-t-roc-1-1080x720-1.png?resize=690%2C460&amp;ssl=1 690w, https:\/\/i0.wp.com\/terjebjornstad.com\/no\/wp-content\/uploads\/2021\/10\/vw-t-roc-1-1080x720-1.png?resize=980%2C653&amp;ssl=1 980w, https:\/\/i0.wp.com\/terjebjornstad.com\/no\/wp-content\/uploads\/2021\/10\/vw-t-roc-1-1080x720-1.png?w=1080&amp;ssl=1 1080w\" sizes=\"auto, (max-width: 300px) 100vw, 300px\" \/><\/a><figcaption id=\"caption-attachment-44161\" class=\"wp-caption-text\"><\/p>\n<h3 class=\"tebh2s\">Volkswagen T-Roc Cabriolet<\/h3>\n<div class=\"tebtext\">Volkswagen har lang tradisjon i \u00e5 bygge cabrioleter. Den siste Golf Cabriolet ble produsert i 2016 \u2013 og siste Beetle Cabriolet i 2019. I dag f\u00f8res arven videre i T-Roc Cabriolet.<\/div>\n<p><\/figcaption><\/figure>\n<figure id=\"attachment_27375\" aria-describedby=\"caption-attachment-27375\" style=\"width: 300px\" class=\"wp-caption alignleft\"><a href=\"https:\/\/terjebjornstad.com\/no\/2020\/10\/27\/sannheten-om-k70\/\"><img data-recalc-dims=\"1\" loading=\"lazy\" decoding=\"async\" data-attachment-id=\"27375\" data-permalink=\"https:\/\/terjebjornstad.com\/no\/2019\/11\/05\/alle-gode-ting-er-3\/vw-k70-686x457\/\" data-orig-file=\"https:\/\/i0.wp.com\/terjebjornstad.com\/no\/wp-content\/uploads\/2019\/11\/vw-k70-686x457.png?fit=686%2C457&amp;ssl=1\" data-orig-size=\"686,457\" data-comments-opened=\"1\" data-image-meta=\"{&quot;aperture&quot;:&quot;0&quot;,&quot;credit&quot;:&quot;&quot;,&quot;camera&quot;:&quot;&quot;,&quot;caption&quot;:&quot;&quot;,&quot;created_timestamp&quot;:&quot;0&quot;,&quot;copyright&quot;:&quot;&quot;,&quot;focal_length&quot;:&quot;0&quot;,&quot;iso&quot;:&quot;0&quot;,&quot;shutter_speed&quot;:&quot;0&quot;,&quot;title&quot;:&quot;&quot;,&quot;orientation&quot;:&quot;0&quot;}\" data-image-title=\"vw-k70-686&amp;#215;457\" data-image-description=\"&lt;p&gt;ccc&lt;\/p&gt;\n\" data-image-caption=\"&lt;p&gt;Volkswagen K70&lt;\/p&gt;\n\" data-large-file=\"https:\/\/i0.wp.com\/terjebjornstad.com\/no\/wp-content\/uploads\/2019\/11\/vw-k70-686x457.png?fit=686%2C457&amp;ssl=1\" src=\"https:\/\/i0.wp.com\/terjebjornstad.com\/no\/wp-content\/uploads\/2019\/11\/vw-k70-686x457.png?resize=300%2C200&#038;ssl=1\" alt=\"\" width=\"300\" height=\"200\" class=\"size-medium wp-image-27375\" srcset=\"https:\/\/i0.wp.com\/terjebjornstad.com\/no\/wp-content\/uploads\/2019\/11\/vw-k70-686x457.png?resize=300%2C200&amp;ssl=1 300w, https:\/\/i0.wp.com\/terjebjornstad.com\/no\/wp-content\/uploads\/2019\/11\/vw-k70-686x457.png?resize=686%2C457&amp;ssl=1 686w\" sizes=\"auto, (max-width: 300px) 100vw, 300px\" \/><\/a><figcaption id=\"caption-attachment-27375\" class=\"wp-caption-text\"><\/p>\n<h3 class=\"tebh2s\">Sannheten om K70<\/h3>\n<div class=\"tebtext\">Vakre K70 \u2013 Volkswagens aller f\u00f8rste modell med vannavkj\u00f8lt motor og forhjulsdrift. Hvordan kunne den mislykkes?<\/div>\n<p><\/figcaption><\/figure>\n<figure id=\"attachment_44998\" aria-describedby=\"caption-attachment-44998\" style=\"width: 300px\" class=\"wp-caption alignleft\"><a href=\"https:\/\/terjebjornstad.com\/no\/2021\/11\/27\/golf-3-snart-klassiker\/\"><img data-recalc-dims=\"1\" loading=\"lazy\" decoding=\"async\" data-attachment-id=\"44998\" data-permalink=\"https:\/\/terjebjornstad.com\/no\/2021\/11\/27\/golf-3-snart-klassiker\/20-vw-golf-gti-1080x720\/\" data-orig-file=\"https:\/\/i0.wp.com\/terjebjornstad.com\/no\/wp-content\/uploads\/2021\/11\/20-vw-golf-gti-1080x720-1.png?fit=1080%2C720&amp;ssl=1\" data-orig-size=\"1080,720\" data-comments-opened=\"1\" data-image-meta=\"{&quot;aperture&quot;:&quot;0&quot;,&quot;credit&quot;:&quot;&quot;,&quot;camera&quot;:&quot;&quot;,&quot;caption&quot;:&quot;&quot;,&quot;created_timestamp&quot;:&quot;0&quot;,&quot;copyright&quot;:&quot;&quot;,&quot;focal_length&quot;:&quot;0&quot;,&quot;iso&quot;:&quot;0&quot;,&quot;shutter_speed&quot;:&quot;0&quot;,&quot;title&quot;:&quot;&quot;,&quot;orientation&quot;:&quot;0&quot;}\" data-image-title=\"20-vw-golf-gti-1080&amp;#215;720\" data-image-description=\"\" data-image-caption=\"&lt;h5&gt;Volkswagen Golf 3 &amp;#8211; snart klassiker&lt;\/h5&gt;\n&lt;p&gt;Blir Golf 3 automatisk klassiker bare fordi forgjengeren er det? Mye taler for det, og det gir anledning til \u00e5 kj\u00f8pe en fremtidig klassiker mens den enn\u00e5 er billig.&lt;\/p&gt;\n\" data-large-file=\"https:\/\/i0.wp.com\/terjebjornstad.com\/no\/wp-content\/uploads\/2021\/11\/20-vw-golf-gti-1080x720-1.png?fit=980%2C653&amp;ssl=1\" src=\"https:\/\/i0.wp.com\/terjebjornstad.com\/no\/wp-content\/uploads\/2021\/11\/20-vw-golf-gti-1080x720-1.png?resize=300%2C200&#038;ssl=1\" alt=\"\" width=\"300\" height=\"200\" class=\"size-medium wp-image-44998\" srcset=\"https:\/\/i0.wp.com\/terjebjornstad.com\/no\/wp-content\/uploads\/2021\/11\/20-vw-golf-gti-1080x720-1.png?resize=300%2C200&amp;ssl=1 300w, https:\/\/i0.wp.com\/terjebjornstad.com\/no\/wp-content\/uploads\/2021\/11\/20-vw-golf-gti-1080x720-1.png?resize=768%2C512&amp;ssl=1 768w, https:\/\/i0.wp.com\/terjebjornstad.com\/no\/wp-content\/uploads\/2021\/11\/20-vw-golf-gti-1080x720-1.png?resize=690%2C460&amp;ssl=1 690w, https:\/\/i0.wp.com\/terjebjornstad.com\/no\/wp-content\/uploads\/2021\/11\/20-vw-golf-gti-1080x720-1.png?resize=980%2C653&amp;ssl=1 980w, https:\/\/i0.wp.com\/terjebjornstad.com\/no\/wp-content\/uploads\/2021\/11\/20-vw-golf-gti-1080x720-1.png?w=1080&amp;ssl=1 1080w\" sizes=\"auto, (max-width: 300px) 100vw, 300px\" \/><\/a><figcaption id=\"caption-attachment-44998\" class=\"wp-caption-text\"><\/p>\n<h3 class=\"tebh2s\">Volkswagen Golf 3 &#8211; snart klassiker<\/h3>\n<div class=\"tebtext\">Blir Golf 3 automatisk klassiker bare fordi forgjengeren er det? Mye taler for det, og det gir anledning til \u00e5 kj\u00f8pe en fremtidig klassiker mens den enn\u00e5 er billig.<\/div>\n<p><\/figcaption><\/figure>\n<h6><\/h6>\n<figure id=\"attachment_46788\" aria-describedby=\"caption-attachment-46788\" style=\"width: 300px\" class=\"wp-caption alignleft\"><a href=\"https:\/\/terjebjornstad.com\/no\/2022\/02\/14\/1961-volkswagen-type-3-cabriolet-1500-cabriolet\/\"><img data-recalc-dims=\"1\" loading=\"lazy\" decoding=\"async\" data-attachment-id=\"46788\" data-permalink=\"https:\/\/terjebjornstad.com\/no\/2022\/02\/14\/1961-volkswagen-type-3-cabriolet-1500-cabriolet\/1500-cab-02\/\" data-orig-file=\"https:\/\/i0.wp.com\/terjebjornstad.com\/no\/wp-content\/uploads\/2022\/02\/1500-cab-02.jpg?fit=1100%2C771&amp;ssl=1\" data-orig-size=\"1100,771\" data-comments-opened=\"1\" data-image-meta=\"{&quot;aperture&quot;:&quot;0&quot;,&quot;credit&quot;:&quot;&quot;,&quot;camera&quot;:&quot;&quot;,&quot;caption&quot;:&quot;&quot;,&quot;created_timestamp&quot;:&quot;1305201205&quot;,&quot;copyright&quot;:&quot;&quot;,&quot;focal_length&quot;:&quot;0&quot;,&quot;iso&quot;:&quot;0&quot;,&quot;shutter_speed&quot;:&quot;0&quot;,&quot;title&quot;:&quot;&quot;,&quot;orientation&quot;:&quot;1&quot;}\" data-image-title=\"1500-cab-02\" data-image-description=\"\" data-image-caption=\"&lt;p&gt;Volkswagen 1500 Cabriolet&lt;\/p&gt;\n\" data-large-file=\"https:\/\/i0.wp.com\/terjebjornstad.com\/no\/wp-content\/uploads\/2022\/02\/1500-cab-02.jpg?fit=980%2C687&amp;ssl=1\" src=\"https:\/\/i0.wp.com\/terjebjornstad.com\/no\/wp-content\/uploads\/2022\/02\/1500-cab-02.jpg?resize=286%2C200&#038;ssl=1\" alt=\"\" width=\"286\" height=\"200\" class=\"size-medium wp-image-46788\" srcset=\"https:\/\/i0.wp.com\/terjebjornstad.com\/no\/wp-content\/uploads\/2022\/02\/1500-cab-02.jpg?resize=300%2C210&amp;ssl=1 300w, https:\/\/i0.wp.com\/terjebjornstad.com\/no\/wp-content\/uploads\/2022\/02\/1500-cab-02.jpg?resize=1080%2C757&amp;ssl=1 1080w, https:\/\/i0.wp.com\/terjebjornstad.com\/no\/wp-content\/uploads\/2022\/02\/1500-cab-02.jpg?resize=768%2C538&amp;ssl=1 768w, https:\/\/i0.wp.com\/terjebjornstad.com\/no\/wp-content\/uploads\/2022\/02\/1500-cab-02.jpg?resize=690%2C484&amp;ssl=1 690w, https:\/\/i0.wp.com\/terjebjornstad.com\/no\/wp-content\/uploads\/2022\/02\/1500-cab-02.jpg?resize=980%2C687&amp;ssl=1 980w, https:\/\/i0.wp.com\/terjebjornstad.com\/no\/wp-content\/uploads\/2022\/02\/1500-cab-02.jpg?w=1100&amp;ssl=1 1100w\" sizes=\"auto, (max-width: 286px) 100vw, 286px\" \/><\/a><figcaption id=\"caption-attachment-46788\" class=\"wp-caption-text\"><\/p>\n<h5>\n<h3 class=\"tebh2s\">Volkswagen 1500 Cabriolet<\/h3>\n<div class=\"tebtext\">Volkswagen 1500 Cabriolet ble presentert i brosjyrer men aldri satt i serieproduksjon.<\/div>\n<p><\/figcaption><\/figure>\n<figure id=\"attachment_72418\" aria-describedby=\"caption-attachment-72418\" style=\"width: 300px\" class=\"wp-caption alignleft\"><a href=\"https:\/\/terjebjornstad.com\/no\/2024\/05\/28\/karmann-volkswagens-ultimate-sommerbil\/\"><img data-recalc-dims=\"1\" loading=\"lazy\" decoding=\"async\" data-attachment-id=\"72418\" data-permalink=\"https:\/\/terjebjornstad.com\/no\/2024\/05\/28\/karmann-volkswagens-ultimate-sommerbil\/volkswagen-1303-s-cabrio-1920x1280-1\/\" data-orig-file=\"https:\/\/i0.wp.com\/terjebjornstad.com\/no\/wp-content\/uploads\/2024\/05\/volkswagen-1303-s-cabrio-1920x1280-1.jpg?fit=1920%2C1280&amp;ssl=1\" data-orig-size=\"1920,1280\" data-comments-opened=\"1\" data-image-meta=\"{&quot;aperture&quot;:&quot;0&quot;,&quot;credit&quot;:&quot;&quot;,&quot;camera&quot;:&quot;&quot;,&quot;caption&quot;:&quot;&quot;,&quot;created_timestamp&quot;:&quot;0&quot;,&quot;copyright&quot;:&quot;&quot;,&quot;focal_length&quot;:&quot;0&quot;,&quot;iso&quot;:&quot;0&quot;,&quot;shutter_speed&quot;:&quot;0&quot;,&quot;title&quot;:&quot;&quot;,&quot;orientation&quot;:&quot;0&quot;}\" data-image-title=\"volkswagen-1303-s-cabrio-1920&amp;#215;1280-1\" data-image-description=\"\" data-image-caption=\"&lt;p&gt;Volkswagens ultimate sommerbil&lt;\/h2&gt;\n&lt;p&gt;Det er mange visuelle likheter mellom de f\u00f8rste og de siste kabrioletene fra Karmann til tross for at det er over 30 \u00e5r i mellom. &lt;\/p&gt;\n\" data-large-file=\"https:\/\/i0.wp.com\/terjebjornstad.com\/no\/wp-content\/uploads\/2024\/05\/volkswagen-1303-s-cabrio-1920x1280-1.jpg?fit=980%2C653&amp;ssl=1\" src=\"https:\/\/i0.wp.com\/terjebjornstad.com\/no\/wp-content\/uploads\/2024\/05\/volkswagen-1303-s-cabrio-1920x1280-1.jpg?resize=300%2C200&#038;ssl=1\" alt=\"\" width=\"300\" height=\"200\" class=\"size-medium wp-image-72418\" srcset=\"https:\/\/i0.wp.com\/terjebjornstad.com\/no\/wp-content\/uploads\/2024\/05\/volkswagen-1303-s-cabrio-1920x1280-1.jpg?resize=300%2C200&amp;ssl=1 300w, https:\/\/i0.wp.com\/terjebjornstad.com\/no\/wp-content\/uploads\/2024\/05\/volkswagen-1303-s-cabrio-1920x1280-1.jpg?resize=1080%2C720&amp;ssl=1 1080w, https:\/\/i0.wp.com\/terjebjornstad.com\/no\/wp-content\/uploads\/2024\/05\/volkswagen-1303-s-cabrio-1920x1280-1.jpg?resize=768%2C512&amp;ssl=1 768w, https:\/\/i0.wp.com\/terjebjornstad.com\/no\/wp-content\/uploads\/2024\/05\/volkswagen-1303-s-cabrio-1920x1280-1.jpg?resize=1536%2C1024&amp;ssl=1 1536w, https:\/\/i0.wp.com\/terjebjornstad.com\/no\/wp-content\/uploads\/2024\/05\/volkswagen-1303-s-cabrio-1920x1280-1.jpg?resize=690%2C460&amp;ssl=1 690w, https:\/\/i0.wp.com\/terjebjornstad.com\/no\/wp-content\/uploads\/2024\/05\/volkswagen-1303-s-cabrio-1920x1280-1.jpg?resize=980%2C653&amp;ssl=1 980w, https:\/\/i0.wp.com\/terjebjornstad.com\/no\/wp-content\/uploads\/2024\/05\/volkswagen-1303-s-cabrio-1920x1280-1.jpg?w=1920&amp;ssl=1 1920w\" sizes=\"auto, (max-width: 300px) 100vw, 300px\" \/><\/a><figcaption id=\"caption-attachment-72418\" class=\"wp-caption-text\"><\/p>\n<h3 class=\"tebh2s\">Volkswagens ultimate sommerbil<\/h3>\n<div class=\"tebtext\">Det er mange visuelle likheter mellom de f\u00f8rste og de siste kabrioletene fra Karmann til tross for at det er over 30 \u00e5r i mellom.<\/div>\n<p><\/figcaption><\/figure>\n<h6><\/h6>\n<h3 class=\"tebh2ingreslbcenter\">Volkswagen-modeller i tekst og bilder<\/h3>\n<figure id=\"attachment_86717\" aria-describedby=\"caption-attachment-86717\" style=\"width: 300px\" class=\"wp-caption alignleft\"><a href=\"https:\/\/terjebjornstad.com\/no\/volkswagen-passat-b1\/\"><img data-recalc-dims=\"1\" loading=\"lazy\" decoding=\"async\" data-attachment-id=\"86717\" data-permalink=\"https:\/\/terjebjornstad.com\/no\/volkswagen-passat-b1\/1978-volkswagen-passat-1600-ls-1920x1920\/\" data-orig-file=\"https:\/\/i0.wp.com\/terjebjornstad.com\/no\/wp-content\/uploads\/2025\/12\/1978-volkswagen-passat-1600-ls-1920x1920-1.jpg?fit=1920%2C1920&amp;ssl=1\" data-orig-size=\"1920,1920\" data-comments-opened=\"1\" data-image-meta=\"{&quot;aperture&quot;:&quot;0&quot;,&quot;credit&quot;:&quot;&quot;,&quot;camera&quot;:&quot;&quot;,&quot;caption&quot;:&quot;&quot;,&quot;created_timestamp&quot;:&quot;0&quot;,&quot;copyright&quot;:&quot;&quot;,&quot;focal_length&quot;:&quot;0&quot;,&quot;iso&quot;:&quot;0&quot;,&quot;shutter_speed&quot;:&quot;0&quot;,&quot;title&quot;:&quot;&quot;,&quot;orientation&quot;:&quot;0&quot;}\" data-image-title=\"1978-volkswagen-passat-1600-ls-1920&amp;#215;1920\" data-image-description=\"\" data-image-caption=\"&lt;p&gt;Volkswagen Passat B1&lt;\/p&gt;\n\" data-large-file=\"https:\/\/i0.wp.com\/terjebjornstad.com\/no\/wp-content\/uploads\/2025\/12\/1978-volkswagen-passat-1600-ls-1920x1920-1.jpg?fit=980%2C980&amp;ssl=1\" src=\"https:\/\/i0.wp.com\/terjebjornstad.com\/no\/wp-content\/uploads\/2025\/12\/1978-volkswagen-passat-1600-ls-1920x1920-1.jpg?resize=200%2C200&#038;ssl=1\" alt=\"\" width=\"200\" height=\"200\" class=\"size-medium wp-image-86717\" srcset=\"https:\/\/i0.wp.com\/terjebjornstad.com\/no\/wp-content\/uploads\/2025\/12\/1978-volkswagen-passat-1600-ls-1920x1920-1.jpg?resize=300%2C300&amp;ssl=1 300w, https:\/\/i0.wp.com\/terjebjornstad.com\/no\/wp-content\/uploads\/2025\/12\/1978-volkswagen-passat-1600-ls-1920x1920-1.jpg?resize=1080%2C1080&amp;ssl=1 1080w, https:\/\/i0.wp.com\/terjebjornstad.com\/no\/wp-content\/uploads\/2025\/12\/1978-volkswagen-passat-1600-ls-1920x1920-1.jpg?resize=150%2C150&amp;ssl=1 150w, https:\/\/i0.wp.com\/terjebjornstad.com\/no\/wp-content\/uploads\/2025\/12\/1978-volkswagen-passat-1600-ls-1920x1920-1.jpg?resize=768%2C768&amp;ssl=1 768w, https:\/\/i0.wp.com\/terjebjornstad.com\/no\/wp-content\/uploads\/2025\/12\/1978-volkswagen-passat-1600-ls-1920x1920-1.jpg?resize=1536%2C1536&amp;ssl=1 1536w, https:\/\/i0.wp.com\/terjebjornstad.com\/no\/wp-content\/uploads\/2025\/12\/1978-volkswagen-passat-1600-ls-1920x1920-1.jpg?resize=690%2C690&amp;ssl=1 690w, https:\/\/i0.wp.com\/terjebjornstad.com\/no\/wp-content\/uploads\/2025\/12\/1978-volkswagen-passat-1600-ls-1920x1920-1.jpg?resize=980%2C980&amp;ssl=1 980w, https:\/\/i0.wp.com\/terjebjornstad.com\/no\/wp-content\/uploads\/2025\/12\/1978-volkswagen-passat-1600-ls-1920x1920-1.jpg?resize=50%2C50&amp;ssl=1 50w, https:\/\/i0.wp.com\/terjebjornstad.com\/no\/wp-content\/uploads\/2025\/12\/1978-volkswagen-passat-1600-ls-1920x1920-1.jpg?w=1920&amp;ssl=1 1920w\" sizes=\"auto, (max-width: 200px) 100vw, 200px\" \/><\/a><figcaption id=\"caption-attachment-86717\" class=\"wp-caption-text\"><\/p>\n<h3 class=\"tebh2s\">Volkswagen Passat B1<\/h3>\n<div class=\"tebtext\">Passat-modellen ga Volkswagen et helt nytt ansikt &#8211; eller identitet &#8211; p\u00e5 samme m\u00e5te som Audi 80 hadde gjort for Audi \u00e5ret f\u00f8r.<\/div>\n<p><\/figcaption><\/figure>\n<figure id=\"attachment_18608\" aria-describedby=\"caption-attachment-18608\" style=\"width: 300px\" class=\"wp-caption alignleft\"><a href=\"https:\/\/terjebjornstad.com\/no\/volkswagen-golf-2\/\"><img data-recalc-dims=\"1\" loading=\"lazy\" decoding=\"async\" data-attachment-id=\"18608\" data-permalink=\"https:\/\/terjebjornstad.com\/no\/2018\/08\/13\/vacn-25-ar\/vacn-vw-golf-gti-2-1080x720\/\" data-orig-file=\"https:\/\/i0.wp.com\/terjebjornstad.com\/no\/wp-content\/uploads\/2018\/08\/vacn-vw-golf-gti-2-1080x720.png?fit=1080%2C720&amp;ssl=1\" data-orig-size=\"1080,720\" data-comments-opened=\"1\" data-image-meta=\"{&quot;aperture&quot;:&quot;0&quot;,&quot;credit&quot;:&quot;&quot;,&quot;camera&quot;:&quot;&quot;,&quot;caption&quot;:&quot;&quot;,&quot;created_timestamp&quot;:&quot;0&quot;,&quot;copyright&quot;:&quot;&quot;,&quot;focal_length&quot;:&quot;0&quot;,&quot;iso&quot;:&quot;0&quot;,&quot;shutter_speed&quot;:&quot;0&quot;,&quot;title&quot;:&quot;&quot;,&quot;orientation&quot;:&quot;0&quot;}\" data-image-title=\"vacn-vw-golf-gti-2-1080&amp;#215;720\" data-image-description=\"\" data-image-caption=\"&lt;p&gt;Volkswagen Golf mk2&lt;\/p&gt;\n\" data-large-file=\"https:\/\/i0.wp.com\/terjebjornstad.com\/no\/wp-content\/uploads\/2018\/08\/vacn-vw-golf-gti-2-1080x720.png?fit=980%2C654&amp;ssl=1\" src=\"https:\/\/i0.wp.com\/terjebjornstad.com\/no\/wp-content\/uploads\/2018\/08\/vacn-vw-golf-gti-2-1080x720.png?resize=300%2C200&#038;ssl=1\" alt=\"\" width=\"300\" height=\"200\" class=\"size-thumbnail wp-image-18608\" srcset=\"https:\/\/i0.wp.com\/terjebjornstad.com\/no\/wp-content\/uploads\/2018\/08\/vacn-vw-golf-gti-2-1080x720.png?resize=300%2C200&amp;ssl=1 300w, https:\/\/i0.wp.com\/terjebjornstad.com\/no\/wp-content\/uploads\/2018\/08\/vacn-vw-golf-gti-2-1080x720.png?resize=768%2C512&amp;ssl=1 768w, https:\/\/i0.wp.com\/terjebjornstad.com\/no\/wp-content\/uploads\/2018\/08\/vacn-vw-golf-gti-2-1080x720.png?resize=1024%2C683&amp;ssl=1 1024w, https:\/\/i0.wp.com\/terjebjornstad.com\/no\/wp-content\/uploads\/2018\/08\/vacn-vw-golf-gti-2-1080x720.png?resize=690%2C460&amp;ssl=1 690w, https:\/\/i0.wp.com\/terjebjornstad.com\/no\/wp-content\/uploads\/2018\/08\/vacn-vw-golf-gti-2-1080x720.png?resize=980%2C653&amp;ssl=1 980w, https:\/\/i0.wp.com\/terjebjornstad.com\/no\/wp-content\/uploads\/2018\/08\/vacn-vw-golf-gti-2-1080x720.png?resize=1080%2C720&amp;ssl=1 1080w\" sizes=\"auto, (max-width: 300px) 100vw, 300px\" \/><\/a><figcaption id=\"caption-attachment-18608\" class=\"wp-caption-text\"><\/p>\n<h3 class=\"tebh2s\">Volkswagen Golf 2<\/h3>\n<div class=\"tebtext\">Modellen er over 30 \u00e5r gammel, ser den ut som en bil som kunne v\u00e6rt bygget i dag. Mk2 Golf er en ekte klassiker.<\/div>\n<p><\/figcaption><\/figure>\n<figure id=\"attachment_6708\" aria-describedby=\"caption-attachment-6708\" style=\"width: 300px\" class=\"wp-caption alignleft\"><a href=\"https:\/\/terjebjornstad.com\/no\/golf-mk-1\/\"><img data-recalc-dims=\"1\" loading=\"lazy\" decoding=\"async\" data-attachment-id=\"6708\" data-permalink=\"https:\/\/terjebjornstad.com\/no\/2016\/08\/21\/ingen-vanlig-golf\/1983-volkswagen-golf-gti-16v-11\/\" data-orig-file=\"https:\/\/i0.wp.com\/terjebjornstad.com\/no\/wp-content\/uploads\/2016\/08\/1983-volkswagen-golf-gti-16v-11.png?fit=686%2C457&amp;ssl=1\" data-orig-size=\"686,457\" data-comments-opened=\"1\" data-image-meta=\"{&quot;aperture&quot;:&quot;0&quot;,&quot;credit&quot;:&quot;&quot;,&quot;camera&quot;:&quot;&quot;,&quot;caption&quot;:&quot;&quot;,&quot;created_timestamp&quot;:&quot;0&quot;,&quot;copyright&quot;:&quot;&quot;,&quot;focal_length&quot;:&quot;0&quot;,&quot;iso&quot;:&quot;0&quot;,&quot;shutter_speed&quot;:&quot;0&quot;,&quot;title&quot;:&quot;&quot;,&quot;orientation&quot;:&quot;0&quot;}\" data-image-title=\"1983-volkswagen-golf-gti-16v-11\" data-image-description=\"\" data-image-caption=\"&lt;p&gt;Ingen vanlig golf!&lt;\/p&gt;\n\" data-large-file=\"https:\/\/i0.wp.com\/terjebjornstad.com\/no\/wp-content\/uploads\/2016\/08\/1983-volkswagen-golf-gti-16v-11.png?fit=686%2C457&amp;ssl=1\" class=\"size-thumbnail wp-image-6708\" src=\"https:\/\/i0.wp.com\/terjebjornstad.com\/no\/wp-content\/uploads\/2016\/08\/1983-volkswagen-golf-gti-16v-11.png?resize=300%2C200&#038;ssl=1\" alt=\"1974-1983 Golf Mk 1\" width=\"300\" height=\"200\" srcset=\"https:\/\/i0.wp.com\/terjebjornstad.com\/no\/wp-content\/uploads\/2016\/08\/1983-volkswagen-golf-gti-16v-11.png?resize=300%2C200&amp;ssl=1 300w, https:\/\/i0.wp.com\/terjebjornstad.com\/no\/wp-content\/uploads\/2016\/08\/1983-volkswagen-golf-gti-16v-11.png?w=686&amp;ssl=1 686w\" sizes=\"auto, (max-width: 300px) 100vw, 300px\" \/><\/a><figcaption id=\"caption-attachment-6708\" class=\"wp-caption-text\"><\/p>\n<h3 class=\"tebh2s\">Volkswagen Golf 1<\/h3>\n<div class=\"tebtext\">Golf 1 i motorveihastighet over et pannekakeflatt landskap krevde en st\u00f8dig h\u00e5nd p\u00e5 rattet. De var sidevindsf\u00f8lsomme og st\u00f8yende.<\/div>\n<p><\/figcaption><\/figure>\n<h6><\/h6>\n<figure id=\"attachment_4444\" aria-describedby=\"caption-attachment-4444\" style=\"width: 300px\" class=\"wp-caption alignleft\"><a href=\"https:\/\/terjebjornstad.com\/no\/1973-1974-volkswagen-1303\/\"><img data-recalc-dims=\"1\" loading=\"lazy\" decoding=\"async\" data-attachment-id=\"4444\" data-permalink=\"https:\/\/terjebjornstad.com\/no\/2016\/05\/16\/folkevogn-pa-folkemuseet\/vw-luftkjolt-23\/\" data-orig-file=\"https:\/\/i0.wp.com\/terjebjornstad.com\/no\/wp-content\/uploads\/2016\/05\/vw-luftkjolt-23.png?fit=686%2C457&amp;ssl=1\" data-orig-size=\"686,457\" data-comments-opened=\"1\" data-image-meta=\"{&quot;aperture&quot;:&quot;0&quot;,&quot;credit&quot;:&quot;&quot;,&quot;camera&quot;:&quot;&quot;,&quot;caption&quot;:&quot;&quot;,&quot;created_timestamp&quot;:&quot;0&quot;,&quot;copyright&quot;:&quot;&quot;,&quot;focal_length&quot;:&quot;0&quot;,&quot;iso&quot;:&quot;0&quot;,&quot;shutter_speed&quot;:&quot;0&quot;,&quot;title&quot;:&quot;&quot;,&quot;orientation&quot;:&quot;0&quot;}\" data-image-title=\"vw-luftkjolt-23\" data-image-description=\"\" data-image-caption=\"&lt;p&gt;1973 Volkswagen 1303.&lt;\/p&gt;\n\" data-large-file=\"https:\/\/i0.wp.com\/terjebjornstad.com\/no\/wp-content\/uploads\/2016\/05\/vw-luftkjolt-23.png?fit=686%2C457&amp;ssl=1\" class=\"size-thumbnail wp-image-4444\" src=\"https:\/\/i0.wp.com\/terjebjornstad.com\/no\/wp-content\/uploads\/2017\/09\/72-vw-beetle-big-1-686.png?resize=300%2C200&#038;ssl=1\" alt=\"1973 Volkswagen 1303.\" width=\"300\" height=\"200\" \/><\/a><figcaption id=\"caption-attachment-4444\" class=\"wp-caption-text\"><\/p>\n<h3 class=\"tebh2s\">Volkswagen Big\/S<\/h3>\n<div class=\"tebtext\">Bildene her dekker modellene 1302 S, 1303 S og 1300 S. Jeg er ikke sikker p\u00e5 hva \u201cS\u201d egentlig st\u00e5r for, men tror det er \u201cSuper\u201d.<\/div>\n<p><\/figcaption><\/figure>\n<figure id=\"attachment_72375\" aria-describedby=\"caption-attachment-72375\" style=\"width: 300px\" class=\"wp-caption alignleft\"><a href=\"https:\/\/terjebjornstad.com\/no\/volkswagen-1300-1500-beetle\/\"><img data-recalc-dims=\"1\" loading=\"lazy\" decoding=\"async\" data-attachment-id=\"72375\" data-permalink=\"https:\/\/terjebjornstad.com\/no\/bilene-fra-1970\/1970-volkswagen-1300-1280x1280\/\" data-orig-file=\"https:\/\/i0.wp.com\/terjebjornstad.com\/no\/wp-content\/uploads\/2024\/05\/1970-volkswagen-1300-1280x1280-1.jpg?fit=1280%2C1280&amp;ssl=1\" data-orig-size=\"1280,1280\" data-comments-opened=\"1\" data-image-meta=\"{&quot;aperture&quot;:&quot;0&quot;,&quot;credit&quot;:&quot;&quot;,&quot;camera&quot;:&quot;&quot;,&quot;caption&quot;:&quot;&quot;,&quot;created_timestamp&quot;:&quot;0&quot;,&quot;copyright&quot;:&quot;&quot;,&quot;focal_length&quot;:&quot;0&quot;,&quot;iso&quot;:&quot;0&quot;,&quot;shutter_speed&quot;:&quot;0&quot;,&quot;title&quot;:&quot;&quot;,&quot;orientation&quot;:&quot;0&quot;}\" data-image-title=\"1970-volkswagen-1300-1280&amp;#215;1280\" data-image-description=\"\" data-image-caption=\"&lt;p&gt;Volkswagen 1300 Beetle&lt;\/p&gt;\n\" data-large-file=\"https:\/\/i0.wp.com\/terjebjornstad.com\/no\/wp-content\/uploads\/2024\/05\/1970-volkswagen-1300-1280x1280-1.jpg?fit=980%2C980&amp;ssl=1\" src=\"https:\/\/i0.wp.com\/terjebjornstad.com\/no\/wp-content\/uploads\/2024\/05\/1970-volkswagen-1300-1280x1280-1.jpg?resize=200%2C200&#038;ssl=1\" alt=\"\" width=\"200\" height=\"200\" class=\"size-medium wp-image-72375\" srcset=\"https:\/\/i0.wp.com\/terjebjornstad.com\/no\/wp-content\/uploads\/2024\/05\/1970-volkswagen-1300-1280x1280-1.jpg?resize=300%2C300&amp;ssl=1 300w, https:\/\/i0.wp.com\/terjebjornstad.com\/no\/wp-content\/uploads\/2024\/05\/1970-volkswagen-1300-1280x1280-1.jpg?resize=1080%2C1080&amp;ssl=1 1080w, https:\/\/i0.wp.com\/terjebjornstad.com\/no\/wp-content\/uploads\/2024\/05\/1970-volkswagen-1300-1280x1280-1.jpg?resize=150%2C150&amp;ssl=1 150w, https:\/\/i0.wp.com\/terjebjornstad.com\/no\/wp-content\/uploads\/2024\/05\/1970-volkswagen-1300-1280x1280-1.jpg?resize=768%2C768&amp;ssl=1 768w, https:\/\/i0.wp.com\/terjebjornstad.com\/no\/wp-content\/uploads\/2024\/05\/1970-volkswagen-1300-1280x1280-1.jpg?resize=690%2C690&amp;ssl=1 690w, https:\/\/i0.wp.com\/terjebjornstad.com\/no\/wp-content\/uploads\/2024\/05\/1970-volkswagen-1300-1280x1280-1.jpg?resize=980%2C980&amp;ssl=1 980w, https:\/\/i0.wp.com\/terjebjornstad.com\/no\/wp-content\/uploads\/2024\/05\/1970-volkswagen-1300-1280x1280-1.jpg?resize=50%2C50&amp;ssl=1 50w, https:\/\/i0.wp.com\/terjebjornstad.com\/no\/wp-content\/uploads\/2024\/05\/1970-volkswagen-1300-1280x1280-1.jpg?w=1280&amp;ssl=1 1280w\" sizes=\"auto, (max-width: 200px) 100vw, 200px\" \/><\/a><figcaption id=\"caption-attachment-72375\" class=\"wp-caption-text\"><\/p>\n<h3 class=\"tebh2s\">Volkswagen 1300\/1500 Beetle<\/h3>\n<div class=\"tebtext\">Volkswagen 1300\/1500 produsert fra 1967 \u00e5rsmodell til 1971. Bilene fikk en ny, profilert st\u00f8tfanger og st\u00e5ende frontlykter.<\/div>\n<p><\/figcaption><\/figure>\n<figure id=\"attachment_4437\" aria-describedby=\"caption-attachment-4437\" style=\"width: 300px\" class=\"wp-caption alignleft\"><a href=\"https:\/\/terjebjornstad.com\/no\/1971-1972-volkswagen-1302\/\"><img data-recalc-dims=\"1\" loading=\"lazy\" decoding=\"async\" data-attachment-id=\"4437\" data-permalink=\"https:\/\/terjebjornstad.com\/no\/2016\/05\/16\/folkevogn-pa-folkemuseet\/vw-luftkjolt-9\/\" data-orig-file=\"https:\/\/i0.wp.com\/terjebjornstad.com\/no\/wp-content\/uploads\/2016\/05\/vw-luftkjolt-9.png?fit=686%2C457&amp;ssl=1\" data-orig-size=\"686,457\" data-comments-opened=\"1\" data-image-meta=\"{&quot;aperture&quot;:&quot;0&quot;,&quot;credit&quot;:&quot;&quot;,&quot;camera&quot;:&quot;&quot;,&quot;caption&quot;:&quot;&quot;,&quot;created_timestamp&quot;:&quot;0&quot;,&quot;copyright&quot;:&quot;&quot;,&quot;focal_length&quot;:&quot;0&quot;,&quot;iso&quot;:&quot;0&quot;,&quot;shutter_speed&quot;:&quot;0&quot;,&quot;title&quot;:&quot;&quot;,&quot;orientation&quot;:&quot;0&quot;}\" data-image-title=\"vw-luftkjolt-9\" data-image-description=\"\" data-image-caption=\"&lt;p&gt;Volkswagen 1200 Beetle&lt;\/p&gt;\n\" data-large-file=\"https:\/\/i0.wp.com\/terjebjornstad.com\/no\/wp-content\/uploads\/2016\/05\/vw-luftkjolt-9.png?fit=686%2C457&amp;ssl=1\" src=\"https:\/\/i0.wp.com\/terjebjornstad.com\/no\/wp-content\/uploads\/2016\/05\/vw-luftkjolt-9.png?resize=300%2C200&#038;ssl=1\" alt=\"\" width=\"300\" height=\"200\" class=\"size-thumbnail wp-image-4437\" srcset=\"https:\/\/i0.wp.com\/terjebjornstad.com\/no\/wp-content\/uploads\/2016\/05\/vw-luftkjolt-9.png?resize=300%2C200&amp;ssl=1 300w, https:\/\/i0.wp.com\/terjebjornstad.com\/no\/wp-content\/uploads\/2016\/05\/vw-luftkjolt-9.png?w=686&amp;ssl=1 686w\" sizes=\"auto, (max-width: 300px) 100vw, 300px\" \/><\/a><figcaption id=\"caption-attachment-4437\" class=\"wp-caption-text\"><\/p>\n<h3 class=\"tebh2s\">Volkswagen 1200 Beetle<\/h3>\n<div class=\"tebtext\">Volkswagens Type 1 \u2013 Beetle \u2013 ble laget i flere versjoner. Dette er bilene fra 1958 til og med 1966.<\/div>\n<p><\/figcaption><\/figure>\n<h6><\/h6>\n<figure id=\"attachment_9762\" aria-describedby=\"caption-attachment-9762\" style=\"width: 300px\" class=\"wp-caption alignleft\"><a href=\"https:\/\/terjebjornstad.com\/no\/1953-1956-volkswagen-oval-window\/\"><img data-recalc-dims=\"1\" loading=\"lazy\" decoding=\"async\" data-attachment-id=\"9762\" data-permalink=\"https:\/\/terjebjornstad.com\/no\/2017\/03\/29\/bobler-og-busser-pa-volksworld-2017\/sandown-55-p\/\" data-orig-file=\"https:\/\/i0.wp.com\/terjebjornstad.com\/no\/wp-content\/uploads\/2017\/03\/sandown-55-p.png?fit=686%2C457&amp;ssl=1\" data-orig-size=\"686,457\" data-comments-opened=\"1\" data-image-meta=\"{&quot;aperture&quot;:&quot;0&quot;,&quot;credit&quot;:&quot;&quot;,&quot;camera&quot;:&quot;&quot;,&quot;caption&quot;:&quot;&quot;,&quot;created_timestamp&quot;:&quot;0&quot;,&quot;copyright&quot;:&quot;&quot;,&quot;focal_length&quot;:&quot;0&quot;,&quot;iso&quot;:&quot;0&quot;,&quot;shutter_speed&quot;:&quot;0&quot;,&quot;title&quot;:&quot;&quot;,&quot;orientation&quot;:&quot;0&quot;}\" data-image-title=\"Volkswagen Oval at Sandown Park\" data-image-description=\"\" data-image-caption=\"&lt;p&gt;VW oval bakrute.&lt;\/p&gt;\n\" data-large-file=\"https:\/\/i0.wp.com\/terjebjornstad.com\/no\/wp-content\/uploads\/2017\/03\/sandown-55-p.png?fit=686%2C457&amp;ssl=1\" src=\"https:\/\/i0.wp.com\/terjebjornstad.com\/no\/wp-content\/uploads\/2017\/03\/sandown-55-p.png?resize=300%2C200&#038;ssl=1\" alt=\"\" width=\"300\" height=\"200\" class=\"size-thumbnail wp-image-9762\" srcset=\"https:\/\/i0.wp.com\/terjebjornstad.com\/no\/wp-content\/uploads\/2017\/03\/sandown-55-p.png?resize=300%2C200&amp;ssl=1 300w, https:\/\/i0.wp.com\/terjebjornstad.com\/no\/wp-content\/uploads\/2017\/03\/sandown-55-p.png?w=686&amp;ssl=1 686w\" sizes=\"auto, (max-width: 300px) 100vw, 300px\" \/><\/a><figcaption id=\"caption-attachment-9762\" class=\"wp-caption-text\"><\/p>\n<h3 class=\"tebh2s\">VW oval bakrute<\/h3>\n<div class=\"tebtext\">Volkswagen ble gjenstand for store og sm\u00e5 endringer hvert \u00e5r. Ikke alle var like enkle \u00e5 oppdage. En oval bakrute gj\u00f8r det lett \u00e5 tidfeste bilene.<\/div>\n<p><\/figcaption><\/figure>\n<figure id=\"attachment_4441\" aria-describedby=\"caption-attachment-4441\" style=\"width: 300px\" class=\"wp-caption alignleft\"><a href=\"https:\/\/terjebjornstad.com\/no\/1949-1953-volkswagen-split-window\/\"><img data-recalc-dims=\"1\" loading=\"lazy\" decoding=\"async\" data-attachment-id=\"4441\" data-permalink=\"https:\/\/terjebjornstad.com\/no\/2016\/05\/16\/folkevogn-pa-folkemuseet\/vw-luftkjolt-17\/\" data-orig-file=\"https:\/\/i0.wp.com\/terjebjornstad.com\/no\/wp-content\/uploads\/2016\/05\/vw-luftkjolt-17.png?fit=686%2C457&amp;ssl=1\" data-orig-size=\"686,457\" data-comments-opened=\"1\" data-image-meta=\"{&quot;aperture&quot;:&quot;0&quot;,&quot;credit&quot;:&quot;&quot;,&quot;camera&quot;:&quot;&quot;,&quot;caption&quot;:&quot;&quot;,&quot;created_timestamp&quot;:&quot;0&quot;,&quot;copyright&quot;:&quot;&quot;,&quot;focal_length&quot;:&quot;0&quot;,&quot;iso&quot;:&quot;0&quot;,&quot;shutter_speed&quot;:&quot;0&quot;,&quot;title&quot;:&quot;&quot;,&quot;orientation&quot;:&quot;0&quot;}\" data-image-title=\"vw-luftkjolt-17\" data-image-description=\"\" data-image-caption=\"&lt;p&gt;Volkswagen Split Window&lt;\/p&gt;\n\" data-large-file=\"https:\/\/i0.wp.com\/terjebjornstad.com\/no\/wp-content\/uploads\/2016\/05\/vw-luftkjolt-17.png?fit=686%2C457&amp;ssl=1\" class=\"size-thumbnail wp-image-4441\" src=\"https:\/\/i0.wp.com\/terjebjornstad.com\/no\/wp-content\/uploads\/2016\/05\/vw-luftkjolt-17.png?resize=300%2C200&#038;ssl=1\" alt=\"VW delt bakrute\" width=\"300\" height=\"200\" srcset=\"https:\/\/i0.wp.com\/terjebjornstad.com\/no\/wp-content\/uploads\/2016\/05\/vw-luftkjolt-17.png?resize=300%2C200&amp;ssl=1 300w, https:\/\/i0.wp.com\/terjebjornstad.com\/no\/wp-content\/uploads\/2016\/05\/vw-luftkjolt-17.png?w=686&amp;ssl=1 686w\" sizes=\"auto, (max-width: 300px) 100vw, 300px\" \/><\/a><figcaption id=\"caption-attachment-4441\" class=\"wp-caption-text\"><\/p>\n<h3 class=\"tebh2s\">VW delt bakrute<\/h3>\n<div class=\"tebtext\">Bilene med \u201csplit window\u201d delt bakrute var de f\u00f8rste som kom i salg fra 1948 til et stykke ut i modell\u00e5ret 1953.<\/div>\n<p><\/figcaption><\/figure>\n<figure id=\"attachment_9821\" aria-describedby=\"caption-attachment-9821\" style=\"width: 300px\" class=\"wp-caption alignleft\"><a href=\" https:\/\/terjebjornstad.com\/no\/type3\/\"><img data-recalc-dims=\"1\" loading=\"lazy\" decoding=\"async\" src=\"https:\/\/i0.wp.com\/terjebjornstad.com\/no\/wp-content\/uploads\/2021\/09\/vw-type3-fastback-1-1.png?resize=300%2C200&#038;ssl=1\" alt=\"\" width=\"300\" height=\"200\" class=\"size-thumbnail wp-image-9821\" \/><\/a><figcaption id=\"caption-attachment-9821\" class=\"wp-caption-text\"><\/p>\n<h3 class=\"tebh2s\">Volkswagen Type3<\/h3>\n<div class=\"tebtext\">VW Type 3 skulle ta over etter Type 1 og bringe Volkswagen videre inn i fremtiden. Type 3 kom p\u00e5 markedet i 1961 og tilb\u00f8d mer plass og et mer tidsriktig utseende. <\/div>\n<p><\/figcaption><\/figure>\n<h6><\/h6>\n<figure id=\"attachment_72821\" aria-describedby=\"caption-attachment-72821\" style=\"width: 300px\" class=\"wp-caption alignleft\"><a href=\"https:\/\/terjebjornstad.com\/no\/volkswagen-karmann-ghia-type-34\/\"><img data-recalc-dims=\"1\" loading=\"lazy\" decoding=\"async\" data-attachment-id=\"72821\" data-permalink=\"https:\/\/terjebjornstad.com\/no\/2024\/06\/16\/biltreff-i-gunnarsboparken-tonsberg\/1963-volkswagen-karmann-ghia-1500-type-34-1920x1280\/\" data-orig-file=\"https:\/\/i0.wp.com\/terjebjornstad.com\/no\/wp-content\/uploads\/2024\/06\/1963-volkswagen-karmann-ghia-1500-type-34-1920x1280-1.jpg?fit=1920%2C1280&amp;ssl=1\" data-orig-size=\"1920,1280\" data-comments-opened=\"1\" data-image-meta=\"{&quot;aperture&quot;:&quot;0&quot;,&quot;credit&quot;:&quot;&quot;,&quot;camera&quot;:&quot;&quot;,&quot;caption&quot;:&quot;&quot;,&quot;created_timestamp&quot;:&quot;0&quot;,&quot;copyright&quot;:&quot;&quot;,&quot;focal_length&quot;:&quot;0&quot;,&quot;iso&quot;:&quot;0&quot;,&quot;shutter_speed&quot;:&quot;0&quot;,&quot;title&quot;:&quot;&quot;,&quot;orientation&quot;:&quot;0&quot;}\" data-image-title=\"1963-volkswagen-karmann-ghia-1500-type-34-1920&amp;#215;1280\" data-image-description=\"\" data-image-caption=\"&lt;p&gt;Volkswagen Karmann Ghia Type 34&lt;\/p&gt;\n\" data-large-file=\"https:\/\/i0.wp.com\/terjebjornstad.com\/no\/wp-content\/uploads\/2024\/06\/1963-volkswagen-karmann-ghia-1500-type-34-1920x1280-1.jpg?fit=980%2C653&amp;ssl=1\" src=\"https:\/\/i0.wp.com\/terjebjornstad.com\/no\/wp-content\/uploads\/2024\/06\/1963-volkswagen-karmann-ghia-1500-type-34-1920x1280-1.jpg?resize=300%2C200&#038;ssl=1\" alt=\"\" width=\"300\" height=\"200\" class=\"size-medium wp-image-72821\" srcset=\"https:\/\/i0.wp.com\/terjebjornstad.com\/no\/wp-content\/uploads\/2024\/06\/1963-volkswagen-karmann-ghia-1500-type-34-1920x1280-1.jpg?resize=300%2C200&amp;ssl=1 300w, https:\/\/i0.wp.com\/terjebjornstad.com\/no\/wp-content\/uploads\/2024\/06\/1963-volkswagen-karmann-ghia-1500-type-34-1920x1280-1.jpg?resize=1080%2C720&amp;ssl=1 1080w, https:\/\/i0.wp.com\/terjebjornstad.com\/no\/wp-content\/uploads\/2024\/06\/1963-volkswagen-karmann-ghia-1500-type-34-1920x1280-1.jpg?resize=768%2C512&amp;ssl=1 768w, https:\/\/i0.wp.com\/terjebjornstad.com\/no\/wp-content\/uploads\/2024\/06\/1963-volkswagen-karmann-ghia-1500-type-34-1920x1280-1.jpg?resize=1536%2C1024&amp;ssl=1 1536w, https:\/\/i0.wp.com\/terjebjornstad.com\/no\/wp-content\/uploads\/2024\/06\/1963-volkswagen-karmann-ghia-1500-type-34-1920x1280-1.jpg?resize=690%2C460&amp;ssl=1 690w, https:\/\/i0.wp.com\/terjebjornstad.com\/no\/wp-content\/uploads\/2024\/06\/1963-volkswagen-karmann-ghia-1500-type-34-1920x1280-1.jpg?resize=980%2C653&amp;ssl=1 980w, https:\/\/i0.wp.com\/terjebjornstad.com\/no\/wp-content\/uploads\/2024\/06\/1963-volkswagen-karmann-ghia-1500-type-34-1920x1280-1.jpg?w=1920&amp;ssl=1 1920w\" sizes=\"auto, (max-width: 300px) 100vw, 300px\" \/><\/a><figcaption id=\"caption-attachment-72821\" class=\"wp-caption-text\"><\/p>\n<h3 class=\"tebh2s\">Volkswagen Karmann Ghia Type 34<\/h3>\n<div class=\"tebtext\">Volkswagen Karmann Ghia Type 34 ble laget som en st\u00f8rre og mer moderne oppf\u00f8lger til Type 14.<\/div>\n<p><\/figcaption><\/figure>\n<figure id=\"attachment_8366\" aria-describedby=\"caption-attachment-8366\" style=\"width: 300px\" class=\"wp-caption alignleft\"><a href=\"https:\/\/terjebjornstad.com\/no\/volkswagen-karmann-ghia-mk1\/\"><img data-recalc-dims=\"1\" loading=\"lazy\" decoding=\"async\" data-attachment-id=\"8366\" data-permalink=\"https:\/\/terjebjornstad.com\/no\/2016\/11\/08\/godbiter-for-lunsj\/volkswagen-karmann-ghia-3\/\" data-orig-file=\"https:\/\/i0.wp.com\/terjebjornstad.com\/no\/wp-content\/uploads\/2016\/11\/volkswagen-karmann-ghia-3.png?fit=686%2C457&amp;ssl=1\" data-orig-size=\"686,457\" data-comments-opened=\"1\" data-image-meta=\"{&quot;aperture&quot;:&quot;0&quot;,&quot;credit&quot;:&quot;&quot;,&quot;camera&quot;:&quot;&quot;,&quot;caption&quot;:&quot;&quot;,&quot;created_timestamp&quot;:&quot;0&quot;,&quot;copyright&quot;:&quot;&quot;,&quot;focal_length&quot;:&quot;0&quot;,&quot;iso&quot;:&quot;0&quot;,&quot;shutter_speed&quot;:&quot;0&quot;,&quot;title&quot;:&quot;&quot;,&quot;orientation&quot;:&quot;0&quot;}\" data-image-title=\"volkswagen-karmann-ghia-3\" data-image-description=\"\" data-image-caption=\"&lt;p&gt;Volkswagen Karmann Ghia Mk1.&lt;\/p&gt;\n\" data-large-file=\"https:\/\/i0.wp.com\/terjebjornstad.com\/no\/wp-content\/uploads\/2016\/11\/volkswagen-karmann-ghia-3.png?fit=686%2C457&amp;ssl=1\" src=\"https:\/\/i0.wp.com\/terjebjornstad.com\/no\/wp-content\/uploads\/2016\/11\/volkswagen-karmann-ghia-3.png?resize=300%2C200&#038;ssl=1\" alt=\"Volkswagen Karmann Ghia Type 14.\" width=\"300\" height=\"200\" class=\"size-thumbnail wp-image-8366\" srcset=\"https:\/\/i0.wp.com\/terjebjornstad.com\/no\/wp-content\/uploads\/2016\/11\/volkswagen-karmann-ghia-3.png?resize=300%2C200&amp;ssl=1 300w, https:\/\/i0.wp.com\/terjebjornstad.com\/no\/wp-content\/uploads\/2016\/11\/volkswagen-karmann-ghia-3.png?w=686&amp;ssl=1 686w\" sizes=\"auto, (max-width: 300px) 100vw, 300px\" \/><\/a><figcaption id=\"caption-attachment-8366\" class=\"wp-caption-text\"><\/p>\n<h3 class=\"tebh2s\">VW Karmann Ghia Type 14<\/h3>\n<div class=\"tebtext\">Den formfagre Karmann Ghia ble satt i produksjon fra 1955 helt frem til 1974. Modellen delte plattform og motor med bobla.<\/div>\n<p><\/figcaption><\/figure>\n<figure id=\"attachment_9890\" aria-describedby=\"caption-attachment-9890\" style=\"width: 300px\" class=\"wp-caption alignleft\"><a href=\"https:\/\/terjebjornstad.com\/no\/volkswagen-t6-multivan\/\"><img data-recalc-dims=\"1\" loading=\"lazy\" decoding=\"async\" data-attachment-id=\"9890\" data-permalink=\"https:\/\/terjebjornstad.com\/no\/volkswagen-t6-transporter\/t6-transporter-sportline-7\/\" data-orig-file=\"https:\/\/i0.wp.com\/terjebjornstad.com\/no\/wp-content\/uploads\/2017\/04\/t6-transporter-sportline-7.png?fit=686%2C457&amp;ssl=1\" data-orig-size=\"686,457\" data-comments-opened=\"1\" data-image-meta=\"{&quot;aperture&quot;:&quot;0&quot;,&quot;credit&quot;:&quot;&quot;,&quot;camera&quot;:&quot;&quot;,&quot;caption&quot;:&quot;&quot;,&quot;created_timestamp&quot;:&quot;0&quot;,&quot;copyright&quot;:&quot;&quot;,&quot;focal_length&quot;:&quot;0&quot;,&quot;iso&quot;:&quot;0&quot;,&quot;shutter_speed&quot;:&quot;0&quot;,&quot;title&quot;:&quot;&quot;,&quot;orientation&quot;:&quot;0&quot;}\" data-image-title=\"VW T6 Transporter Sportline\" data-image-description=\"\" data-image-caption=\"&lt;p&gt;Lifestyle Express&lt;\/p&gt;\n\" data-large-file=\"https:\/\/i0.wp.com\/terjebjornstad.com\/no\/wp-content\/uploads\/2017\/04\/t6-transporter-sportline-7.png?fit=686%2C457&amp;ssl=1\" src=\"https:\/\/i0.wp.com\/terjebjornstad.com\/no\/wp-content\/uploads\/2017\/04\/t6-transporter-sportline-7.png?resize=300%2C200&#038;ssl=1\" alt=\"\" width=\"300\" height=\"200\" class=\"size-full wp-image-9890\" srcset=\"https:\/\/i0.wp.com\/terjebjornstad.com\/no\/wp-content\/uploads\/2017\/04\/t6-transporter-sportline-7.png?resize=300%2C200&amp;ssl=1 300w, https:\/\/i0.wp.com\/terjebjornstad.com\/no\/wp-content\/uploads\/2017\/04\/t6-transporter-sportline-7.png?w=686&amp;ssl=1 686w\" sizes=\"auto, (max-width: 300px) 100vw, 300px\" \/><\/a><figcaption id=\"caption-attachment-9890\" class=\"wp-caption-text\"><\/p>\n<h3 class=\"tebh2s\">Volkswagen T6<\/h3>\n<div class=\"tebtext\">Transporter, Caravelle, Multivan og California, \u2013 det er alle betegnelser p\u00e5 Volkswagen T6.<\/div>\n<p><\/figcaption><\/figure>\n<h6><\/h6>\n<figure id=\"attachment_17517\" aria-describedby=\"caption-attachment-17517\" style=\"width: 300px\" class=\"wp-caption alignleft\"><a href=\"https:\/\/terjebjornstad.com\/no\/volkswagen-t3\/\"><img data-recalc-dims=\"1\" loading=\"lazy\" decoding=\"async\" data-attachment-id=\"17517\" data-permalink=\"https:\/\/terjebjornstad.com\/no\/volkswagen-t3\/bordeaux-t3-1080x720\/\" data-orig-file=\"https:\/\/i0.wp.com\/terjebjornstad.com\/no\/wp-content\/uploads\/2018\/06\/bordeaux-t3-1080x720.png?fit=1080%2C720&amp;ssl=1\" data-orig-size=\"1080,720\" data-comments-opened=\"1\" data-image-meta=\"{&quot;aperture&quot;:&quot;0&quot;,&quot;credit&quot;:&quot;&quot;,&quot;camera&quot;:&quot;&quot;,&quot;caption&quot;:&quot;&quot;,&quot;created_timestamp&quot;:&quot;0&quot;,&quot;copyright&quot;:&quot;&quot;,&quot;focal_length&quot;:&quot;0&quot;,&quot;iso&quot;:&quot;0&quot;,&quot;shutter_speed&quot;:&quot;0&quot;,&quot;title&quot;:&quot;&quot;,&quot;orientation&quot;:&quot;0&quot;}\" data-image-title=\"bordeaux-t3-1080&amp;#215;720\" data-image-description=\"\" data-image-caption=\"&lt;p&gt;Volkswagen T3&lt;\/p&gt;\n\" data-large-file=\"https:\/\/i0.wp.com\/terjebjornstad.com\/no\/wp-content\/uploads\/2018\/06\/bordeaux-t3-1080x720.png?fit=980%2C654&amp;ssl=1\" src=\"https:\/\/i0.wp.com\/terjebjornstad.com\/no\/wp-content\/uploads\/2018\/06\/bordeaux-t3-1080x720.png?resize=300%2C200&#038;ssl=1\" alt=\"\" width=\"300\" height=\"200\" class=\"size-thumbnail wp-image-17517\" srcset=\"https:\/\/i0.wp.com\/terjebjornstad.com\/no\/wp-content\/uploads\/2018\/06\/bordeaux-t3-1080x720.png?resize=300%2C200&amp;ssl=1 300w, https:\/\/i0.wp.com\/terjebjornstad.com\/no\/wp-content\/uploads\/2018\/06\/bordeaux-t3-1080x720.png?resize=768%2C512&amp;ssl=1 768w, https:\/\/i0.wp.com\/terjebjornstad.com\/no\/wp-content\/uploads\/2018\/06\/bordeaux-t3-1080x720.png?resize=1024%2C683&amp;ssl=1 1024w, https:\/\/i0.wp.com\/terjebjornstad.com\/no\/wp-content\/uploads\/2018\/06\/bordeaux-t3-1080x720.png?resize=690%2C460&amp;ssl=1 690w, https:\/\/i0.wp.com\/terjebjornstad.com\/no\/wp-content\/uploads\/2018\/06\/bordeaux-t3-1080x720.png?resize=980%2C653&amp;ssl=1 980w, https:\/\/i0.wp.com\/terjebjornstad.com\/no\/wp-content\/uploads\/2018\/06\/bordeaux-t3-1080x720.png?resize=1080%2C720&amp;ssl=1 1080w\" sizes=\"auto, (max-width: 300px) 100vw, 300px\" \/><\/a><figcaption id=\"caption-attachment-17517\" class=\"wp-caption-text\"><\/p>\n<h3 class=\"tebh2s\">Volkswagen T3<\/h3>\n<div class=\"tebtext\">T3 har motoren bak, akkurat som T2 De f\u00f8rste modellene hadde s\u00e5gar luftavkj\u00f8lte motorer, men fikk etter hvert vannavkj\u00f8lte motorer. <\/div>\n<p><\/figcaption><\/figure>\n<figure id=\"attachment_4456\" aria-describedby=\"caption-attachment-4456\" style=\"width: 300px\" class=\"wp-caption alignleft\"><a href=\"https:\/\/terjebjornstad.com\/no\/volkswagen-t2-westfalia-camper\/\"><img data-recalc-dims=\"1\" loading=\"lazy\" decoding=\"async\" data-attachment-id=\"4456\" data-permalink=\"https:\/\/terjebjornstad.com\/no\/2016\/05\/16\/folkevogn-pa-folkemuseet\/vw-westfalia-5\/\" data-orig-file=\"https:\/\/i0.wp.com\/terjebjornstad.com\/no\/wp-content\/uploads\/2016\/05\/vw-westfalia-5.png?fit=686%2C457&amp;ssl=1\" data-orig-size=\"686,457\" data-comments-opened=\"1\" data-image-meta=\"{&quot;aperture&quot;:&quot;0&quot;,&quot;credit&quot;:&quot;&quot;,&quot;camera&quot;:&quot;&quot;,&quot;caption&quot;:&quot;&quot;,&quot;created_timestamp&quot;:&quot;0&quot;,&quot;copyright&quot;:&quot;&quot;,&quot;focal_length&quot;:&quot;0&quot;,&quot;iso&quot;:&quot;0&quot;,&quot;shutter_speed&quot;:&quot;0&quot;,&quot;title&quot;:&quot;&quot;,&quot;orientation&quot;:&quot;0&quot;}\" data-image-title=\"vw-westfalia-5\" data-image-description=\"\" data-image-caption=\"&lt;p&gt;Volkswagen T2 Westfalia.&lt;\/p&gt;\n\" data-large-file=\"https:\/\/i0.wp.com\/terjebjornstad.com\/no\/wp-content\/uploads\/2016\/05\/vw-westfalia-5.png?fit=686%2C457&amp;ssl=1\" class=\"size-thumbnail wp-image-4456\" src=\"https:\/\/i0.wp.com\/terjebjornstad.com\/no\/wp-content\/uploads\/2016\/05\/vw-westfalia-5.png?resize=300%2C200&#038;ssl=1\" alt=\"Volkswagen T2 Westfalia.\" width=\"300\" height=\"200\" srcset=\"https:\/\/i0.wp.com\/terjebjornstad.com\/no\/wp-content\/uploads\/2016\/05\/vw-westfalia-5.png?resize=300%2C200&amp;ssl=1 300w, https:\/\/i0.wp.com\/terjebjornstad.com\/no\/wp-content\/uploads\/2016\/05\/vw-westfalia-5.png?w=686&amp;ssl=1 686w\" sizes=\"auto, (max-width: 300px) 100vw, 300px\" \/><\/a><figcaption id=\"caption-attachment-4456\" class=\"wp-caption-text\"><\/p>\n<h3 class=\"tebh2s\">Volkswagen T2<\/h3>\n<div class=\"tebtext\">T2 er blitt en ordentlig kultbil. Den oser 70-tall, og mange velger \u00e5 holde den i 70-tallsstil, skj\u00f8nt det finnes ferdige innredninger i flere genre \u00e5 f\u00e5 kj\u00f8pt.<\/div>\n<p><\/figcaption><\/figure>\n<figure id=\"attachment_4453\" aria-describedby=\"caption-attachment-4453\" style=\"width: 300px\" class=\"wp-caption alignleft\"><a href=\"https:\/\/terjebjornstad.com\/no\/volkswagen-t1-11-windows-bus\/\"><img data-recalc-dims=\"1\" loading=\"lazy\" decoding=\"async\" data-attachment-id=\"4453\" data-permalink=\"https:\/\/terjebjornstad.com\/no\/2016\/05\/16\/folkevogn-pa-folkemuseet\/vw-t1-3\/\" data-orig-file=\"https:\/\/i0.wp.com\/terjebjornstad.com\/no\/wp-content\/uploads\/2016\/05\/vw-t1-3.png?fit=686%2C457&amp;ssl=1\" data-orig-size=\"686,457\" data-comments-opened=\"1\" data-image-meta=\"{&quot;aperture&quot;:&quot;0&quot;,&quot;credit&quot;:&quot;&quot;,&quot;camera&quot;:&quot;&quot;,&quot;caption&quot;:&quot;&quot;,&quot;created_timestamp&quot;:&quot;0&quot;,&quot;copyright&quot;:&quot;&quot;,&quot;focal_length&quot;:&quot;0&quot;,&quot;iso&quot;:&quot;0&quot;,&quot;shutter_speed&quot;:&quot;0&quot;,&quot;title&quot;:&quot;&quot;,&quot;orientation&quot;:&quot;0&quot;}\" data-image-title=\"vw-t1-3\" data-image-description=\"\" data-image-caption=\"&lt;p&gt;Volkswagen T1 11-vinduers buss.&lt;\/p&gt;\n\" data-large-file=\"https:\/\/i0.wp.com\/terjebjornstad.com\/no\/wp-content\/uploads\/2016\/05\/vw-t1-3.png?fit=686%2C457&amp;ssl=1\" class=\"size-thumbnail wp-image-4453\" src=\"https:\/\/i0.wp.com\/terjebjornstad.com\/no\/wp-content\/uploads\/2016\/05\/vw-t1-3.png?resize=300%2C200&#038;ssl=1\" alt=\"Volkswagen T1 11-vinduers buss.\" width=\"300\" height=\"200\" srcset=\"https:\/\/i0.wp.com\/terjebjornstad.com\/no\/wp-content\/uploads\/2016\/05\/vw-t1-3.png?resize=300%2C200&amp;ssl=1 300w, https:\/\/i0.wp.com\/terjebjornstad.com\/no\/wp-content\/uploads\/2016\/05\/vw-t1-3.png?w=686&amp;ssl=1 686w\" sizes=\"auto, (max-width: 300px) 100vw, 300px\" \/><\/a><figcaption id=\"caption-attachment-4453\" class=\"wp-caption-text\"><\/p>\n<h3 class=\"tebh2s\">Volkswagen T1<\/h3>\n<div class=\"tebtext\">Eier du et gammelt skogsvrak som en gang har v\u00e6rt en Volkswagen T1, kan du f\u00e5 mye penger. Disse er i dag mer popul\u00e6re i Europa og i USA enn i Norge.<\/div>\n<p><\/figcaption><\/figure>\n<p><a href=\"https:\/\/terjebjornstad.com\/no\/bildekatalogen\/\"><img data-recalc-dims=\"1\" loading=\"lazy\" decoding=\"async\" data-attachment-id=\"30740\" data-permalink=\"https:\/\/terjebjornstad.com\/no\/bildekatalogen\/bilkatalogen-1\/\" data-orig-file=\"https:\/\/i0.wp.com\/terjebjornstad.com\/no\/wp-content\/uploads\/2020\/02\/bilkatalogen-1.png?fit=183%2C53&amp;ssl=1\" data-orig-size=\"183,53\" data-comments-opened=\"1\" data-image-meta=\"{&quot;aperture&quot;:&quot;0&quot;,&quot;credit&quot;:&quot;&quot;,&quot;camera&quot;:&quot;&quot;,&quot;caption&quot;:&quot;&quot;,&quot;created_timestamp&quot;:&quot;0&quot;,&quot;copyright&quot;:&quot;&quot;,&quot;focal_length&quot;:&quot;0&quot;,&quot;iso&quot;:&quot;0&quot;,&quot;shutter_speed&quot;:&quot;0&quot;,&quot;title&quot;:&quot;&quot;,&quot;orientation&quot;:&quot;0&quot;}\" data-image-title=\"bilkatalogen-1\" data-image-description=\"\" data-image-caption=\"\" data-large-file=\"https:\/\/i0.wp.com\/terjebjornstad.com\/no\/wp-content\/uploads\/2020\/02\/bilkatalogen-1.png?fit=183%2C53&amp;ssl=1\" src=\"https:\/\/i0.wp.com\/terjebjornstad.com\/no\/wp-content\/uploads\/2024\/09\/bilkatalogen-1-wiii-1.png?resize=183%2C53&#038;ssl=1\" alt=\"longchamp\" width=\"183\" height=\"53\" class=\"alignright size-full wp-image-30740\" \/><\/a><\/p>\n\n","protected":false},"excerpt":{"rendered":"<p>Volkswagen ble stiftet via det tyske nazi-partiet i 1937. Form\u00e5let var \u00e5 skape en bil for folket. Ferdinand Porsche kom frem til et konsept som ble sv\u00e6rt vellykket. Volkswagen er i dag ett av flere bilmerker under Volkswagen Group AG. Tidligere publisert om Volkswagen Volkswagen-modeller i tekst og bilder<\/p>\n","protected":false},"author":1,"featured_media":59114,"parent":0,"menu_order":0,"comment_status":"closed","ping_status":"closed","template":"templates\/full-width-page.php","meta":{"_monsterinsights_skip_tracking":false,"_monsterinsights_sitenote_active":false,"_monsterinsights_sitenote_note":"","_monsterinsights_sitenote_category":0,"jetpack_post_was_ever_published":false,"footnotes":""},"class_list":["post-5619","page","type-page","status-publish","has-post-thumbnail","hentry"],"yoast_head":"<!-- This site is optimized with the Yoast SEO plugin v27.5 - https:\/\/yoast.com\/product\/yoast-seo-wordpress\/ -->\n<title>- Terjes biler<\/title>\n<meta name=\"robots\" content=\"index, follow, max-snippet:-1, max-image-preview:large, max-video-preview:-1\" \/>\n<link rel=\"canonical\" href=\"https:\/\/terjebjornstad.com\/no\/volkswagen\/\" \/>\n<meta property=\"og:locale\" content=\"nb_NO\" \/>\n<meta property=\"og:type\" content=\"article\" \/>\n<meta property=\"og:title\" content=\"- Terjes biler\" \/>\n<meta property=\"og:description\" content=\"Volkswagen ble stiftet via det tyske nazi-partiet i 1937. Form\u00e5let var \u00e5 skape en bil for folket. Ferdinand Porsche kom frem til et konsept som ble sv\u00e6rt vellykket. Volkswagen er i dag ett av flere bilmerker under Volkswagen Group AG. Tidligere publisert om Volkswagen Volkswagen-modeller i tekst og bilder\" \/>\n<meta property=\"og:url\" content=\"https:\/\/terjebjornstad.com\/no\/volkswagen\/\" \/>\n<meta property=\"og:site_name\" content=\"Terjes biler\" \/>\n<meta property=\"article:publisher\" content=\"https:\/\/www.facebook.com\/terjesbiler\/\" \/>\n<meta property=\"article:modified_time\" content=\"2026-03-04T01:46:18+00:00\" \/>\n<meta property=\"og:image\" content=\"https:\/\/terjebjornstad.com\/no\/wp-content\/uploads\/2023\/04\/volkswagen-logo-300x200-1.jpg\" \/>\n\t<meta property=\"og:image:width\" content=\"300\" \/>\n\t<meta property=\"og:image:height\" content=\"200\" \/>\n\t<meta property=\"og:image:type\" content=\"image\/jpeg\" \/>\n<meta name=\"twitter:card\" content=\"summary_large_image\" \/>\n<meta name=\"twitter:label1\" content=\"Ansl. lesetid\" \/>\n\t<meta name=\"twitter:data1\" content=\"13 minutter\" \/>\n<script type=\"application\/ld+json\" class=\"yoast-schema-graph\">{\"@context\":\"https:\\\/\\\/schema.org\",\"@graph\":[{\"@type\":\"WebPage\",\"@id\":\"https:\\\/\\\/terjebjornstad.com\\\/no\\\/volkswagen\\\/\",\"url\":\"https:\\\/\\\/terjebjornstad.com\\\/no\\\/volkswagen\\\/\",\"name\":\"- Terjes biler\",\"isPartOf\":{\"@id\":\"https:\\\/\\\/terjebjornstad.com\\\/no\\\/#website\"},\"primaryImageOfPage\":{\"@id\":\"https:\\\/\\\/terjebjornstad.com\\\/no\\\/volkswagen\\\/#primaryimage\"},\"image\":{\"@id\":\"https:\\\/\\\/terjebjornstad.com\\\/no\\\/volkswagen\\\/#primaryimage\"},\"thumbnailUrl\":\"https:\\\/\\\/i0.wp.com\\\/terjebjornstad.com\\\/no\\\/wp-content\\\/uploads\\\/2023\\\/04\\\/volkswagen-logo-300x200-1.jpg?fit=300%2C200&ssl=1\",\"datePublished\":\"2016-06-23T00:22:27+00:00\",\"dateModified\":\"2026-03-04T01:46:18+00:00\",\"inLanguage\":\"nb-NO\",\"potentialAction\":[{\"@type\":\"ReadAction\",\"target\":[\"https:\\\/\\\/terjebjornstad.com\\\/no\\\/volkswagen\\\/\"]}]},{\"@type\":\"ImageObject\",\"inLanguage\":\"nb-NO\",\"@id\":\"https:\\\/\\\/terjebjornstad.com\\\/no\\\/volkswagen\\\/#primaryimage\",\"url\":\"https:\\\/\\\/i0.wp.com\\\/terjebjornstad.com\\\/no\\\/wp-content\\\/uploads\\\/2023\\\/04\\\/volkswagen-logo-300x200-1.jpg?fit=300%2C200&ssl=1\",\"contentUrl\":\"https:\\\/\\\/i0.wp.com\\\/terjebjornstad.com\\\/no\\\/wp-content\\\/uploads\\\/2023\\\/04\\\/volkswagen-logo-300x200-1.jpg?fit=300%2C200&ssl=1\",\"width\":300,\"height\":200,\"caption\":\"&nbsp;\"},{\"@type\":\"WebSite\",\"@id\":\"https:\\\/\\\/terjebjornstad.com\\\/no\\\/#website\",\"url\":\"https:\\\/\\\/terjebjornstad.com\\\/no\\\/\",\"name\":\"Terjes biler\",\"description\":\"HONEST ABOUT CARS\",\"publisher\":{\"@id\":\"https:\\\/\\\/terjebjornstad.com\\\/no\\\/#organization\"},\"alternateName\":\"Terjebjornstad.com\",\"potentialAction\":[{\"@type\":\"SearchAction\",\"target\":{\"@type\":\"EntryPoint\",\"urlTemplate\":\"https:\\\/\\\/terjebjornstad.com\\\/no\\\/?s={search_term_string}\"},\"query-input\":{\"@type\":\"PropertyValueSpecification\",\"valueRequired\":true,\"valueName\":\"search_term_string\"}}],\"inLanguage\":\"nb-NO\"},{\"@type\":\"Organization\",\"@id\":\"https:\\\/\\\/terjebjornstad.com\\\/no\\\/#organization\",\"name\":\"Terje Bj\u00f8rnstad ENK\",\"url\":\"https:\\\/\\\/terjebjornstad.com\\\/no\\\/\",\"logo\":{\"@type\":\"ImageObject\",\"inLanguage\":\"nb-NO\",\"@id\":\"https:\\\/\\\/terjebjornstad.com\\\/no\\\/#\\\/schema\\\/logo\\\/image\\\/\",\"url\":\"https:\\\/\\\/i0.wp.com\\\/terjebjornstad.com\\\/no\\\/wp-content\\\/uploads\\\/2026\\\/02\\\/terjesbiler2024-960x354-1.png?fit=960%2C354&ssl=1\",\"contentUrl\":\"https:\\\/\\\/i0.wp.com\\\/terjebjornstad.com\\\/no\\\/wp-content\\\/uploads\\\/2026\\\/02\\\/terjesbiler2024-960x354-1.png?fit=960%2C354&ssl=1\",\"width\":960,\"height\":354,\"caption\":\"Terje Bj\u00f8rnstad ENK\"},\"image\":{\"@id\":\"https:\\\/\\\/terjebjornstad.com\\\/no\\\/#\\\/schema\\\/logo\\\/image\\\/\"},\"sameAs\":[\"https:\\\/\\\/www.facebook.com\\\/terjesbiler\\\/\",\"https:\\\/\\\/www.instagram.com\\\/terjesbiler\\\/\",\"https:\\\/\\\/www.pinteres.com\\\/terjebjrnstad\\\/terjes-biler\\\/\"]}]}<\/script>\n<!-- \/ Yoast SEO plugin. -->","yoast_head_json":{"title":"- Terjes biler","robots":{"index":"index","follow":"follow","max-snippet":"max-snippet:-1","max-image-preview":"max-image-preview:large","max-video-preview":"max-video-preview:-1"},"canonical":"https:\/\/terjebjornstad.com\/no\/volkswagen\/","og_locale":"nb_NO","og_type":"article","og_title":"- Terjes biler","og_description":"Volkswagen ble stiftet via det tyske nazi-partiet i 1937. Form\u00e5let var \u00e5 skape en bil for folket. Ferdinand Porsche kom frem til et konsept som ble sv\u00e6rt vellykket. Volkswagen er i dag ett av flere bilmerker under Volkswagen Group AG. Tidligere publisert om Volkswagen Volkswagen-modeller i tekst og bilder","og_url":"https:\/\/terjebjornstad.com\/no\/volkswagen\/","og_site_name":"Terjes biler","article_publisher":"https:\/\/www.facebook.com\/terjesbiler\/","article_modified_time":"2026-03-04T01:46:18+00:00","og_image":[{"width":300,"height":200,"url":"https:\/\/terjebjornstad.com\/no\/wp-content\/uploads\/2023\/04\/volkswagen-logo-300x200-1.jpg","type":"image\/jpeg"}],"twitter_card":"summary_large_image","twitter_misc":{"Ansl. lesetid":"13 minutter"},"schema":{"@context":"https:\/\/schema.org","@graph":[{"@type":"WebPage","@id":"https:\/\/terjebjornstad.com\/no\/volkswagen\/","url":"https:\/\/terjebjornstad.com\/no\/volkswagen\/","name":"- Terjes biler","isPartOf":{"@id":"https:\/\/terjebjornstad.com\/no\/#website"},"primaryImageOfPage":{"@id":"https:\/\/terjebjornstad.com\/no\/volkswagen\/#primaryimage"},"image":{"@id":"https:\/\/terjebjornstad.com\/no\/volkswagen\/#primaryimage"},"thumbnailUrl":"https:\/\/i0.wp.com\/terjebjornstad.com\/no\/wp-content\/uploads\/2023\/04\/volkswagen-logo-300x200-1.jpg?fit=300%2C200&ssl=1","datePublished":"2016-06-23T00:22:27+00:00","dateModified":"2026-03-04T01:46:18+00:00","inLanguage":"nb-NO","potentialAction":[{"@type":"ReadAction","target":["https:\/\/terjebjornstad.com\/no\/volkswagen\/"]}]},{"@type":"ImageObject","inLanguage":"nb-NO","@id":"https:\/\/terjebjornstad.com\/no\/volkswagen\/#primaryimage","url":"https:\/\/i0.wp.com\/terjebjornstad.com\/no\/wp-content\/uploads\/2023\/04\/volkswagen-logo-300x200-1.jpg?fit=300%2C200&ssl=1","contentUrl":"https:\/\/i0.wp.com\/terjebjornstad.com\/no\/wp-content\/uploads\/2023\/04\/volkswagen-logo-300x200-1.jpg?fit=300%2C200&ssl=1","width":300,"height":200,"caption":"&nbsp;"},{"@type":"WebSite","@id":"https:\/\/terjebjornstad.com\/no\/#website","url":"https:\/\/terjebjornstad.com\/no\/","name":"Terjes biler","description":"HONEST ABOUT CARS","publisher":{"@id":"https:\/\/terjebjornstad.com\/no\/#organization"},"alternateName":"Terjebjornstad.com","potentialAction":[{"@type":"SearchAction","target":{"@type":"EntryPoint","urlTemplate":"https:\/\/terjebjornstad.com\/no\/?s={search_term_string}"},"query-input":{"@type":"PropertyValueSpecification","valueRequired":true,"valueName":"search_term_string"}}],"inLanguage":"nb-NO"},{"@type":"Organization","@id":"https:\/\/terjebjornstad.com\/no\/#organization","name":"Terje Bj\u00f8rnstad ENK","url":"https:\/\/terjebjornstad.com\/no\/","logo":{"@type":"ImageObject","inLanguage":"nb-NO","@id":"https:\/\/terjebjornstad.com\/no\/#\/schema\/logo\/image\/","url":"https:\/\/i0.wp.com\/terjebjornstad.com\/no\/wp-content\/uploads\/2026\/02\/terjesbiler2024-960x354-1.png?fit=960%2C354&ssl=1","contentUrl":"https:\/\/i0.wp.com\/terjebjornstad.com\/no\/wp-content\/uploads\/2026\/02\/terjesbiler2024-960x354-1.png?fit=960%2C354&ssl=1","width":960,"height":354,"caption":"Terje Bj\u00f8rnstad ENK"},"image":{"@id":"https:\/\/terjebjornstad.com\/no\/#\/schema\/logo\/image\/"},"sameAs":["https:\/\/www.facebook.com\/terjesbiler\/","https:\/\/www.instagram.com\/terjesbiler\/","https:\/\/www.pinteres.com\/terjebjrnstad\/terjes-biler\/"]}]}},"jetpack_sharing_enabled":true,"jetpack_shortlink":"https:\/\/wp.me\/P48zYA-1sD","jetpack-related-posts":[{"id":5481,"url":"https:\/\/terjebjornstad.com\/no\/seat\/","url_meta":{"origin":5619,"position":0},"title":"Seat ble stiftet i 1950\u2026","author":"Terje Bj\u00f8rnstad","date":"22\/06\/2016","format":false,"excerpt":"Seat ble stiftet i 1950 mellom den spanske stat og Fiat for \u00e5 produsere Fiat-modeller p\u00e5 lisens. Seat ble et popul\u00e6rt merke i Spania. I 1986 ble selskapet solgt til Volkswagen. Fabrikkanlegget i Martorell, Katalonia, produserer n\u00e5 biler for Volkswagen-gruppen. Tidligere publisert om Seat og Cupra Seat\/Cupra-modeller i tekst og\u2026","rel":"","context":"Liknende innlegg","block_context":{"text":"Liknende innlegg","link":""},"img":{"alt_text":"","src":"https:\/\/i0.wp.com\/terjebjornstad.com\/no\/wp-content\/uploads\/2023\/04\/seat-logo-300x200-1-1.jpg?resize=350%2C200&ssl=1","width":350,"height":200},"classes":[]},{"id":5596,"url":"https:\/\/terjebjornstad.com\/no\/volkswagen-t2-westfalia-camper\/","url_meta":{"origin":5619,"position":1},"title":"Volkswagen T2","author":"Terje Bj\u00f8rnstad","date":"22\/06\/2016","format":false,"excerpt":"Modellhistorikk Volkswagen (Type 2) T2 ble produsert fra 1967 til 1979 i Tyskland, mens produksjonen i Mexico og Brasil fortsatte mye lenger. I Brasil ble T2 produsert s\u00e5 sent som til 2013. De europeiske bilene ble produsert i 2 serier med en facelift omkring 1972. Man kan se f\u00f8lgende forskjeller:\u2026","rel":"","context":"Liknende innlegg","block_context":{"text":"Liknende innlegg","link":""},"img":{"alt_text":"","src":"https:\/\/i0.wp.com\/terjebjornstad.com\/no\/wp-content\/uploads\/2017\/03\/T2-at-sandown.png?fit=686%2C457&ssl=1&resize=350%2C200","width":350,"height":200,"srcset":"https:\/\/i0.wp.com\/terjebjornstad.com\/no\/wp-content\/uploads\/2017\/03\/T2-at-sandown.png?fit=686%2C457&ssl=1&resize=350%2C200 1x, https:\/\/i0.wp.com\/terjebjornstad.com\/no\/wp-content\/uploads\/2017\/03\/T2-at-sandown.png?fit=686%2C457&ssl=1&resize=525%2C300 1.5x"},"classes":[]},{"id":13163,"url":"https:\/\/terjebjornstad.com\/no\/volkswagen-t3\/","url_meta":{"origin":5619,"position":2},"title":"Volkswagen T3","author":"Terje Bj\u00f8rnstad","date":"09\/10\/2017","format":false,"excerpt":"Med arven fra T1 og T2 Det er grunn til \u00e5 tro at interessen for Volkswagen T3 kommer til \u00e5 tilta i kj\u00f8lvannet etter T1 og T2's popularitet. Egentlig er den bygget som T2, alle med motorene bak. De f\u00f8rste modellene hadde s\u00e5gar luftavkj\u00f8lte motorer, men etter hvert fikk den\u2026","rel":"","context":"Liknende innlegg","block_context":{"text":"Liknende innlegg","link":""},"img":{"alt_text":"","src":"https:\/\/i0.wp.com\/terjebjornstad.com\/no\/wp-content\/uploads\/2018\/06\/bordeaux-t3-1080x720.png?fit=1080%2C720&ssl=1&resize=350%2C200","width":350,"height":200,"srcset":"https:\/\/i0.wp.com\/terjebjornstad.com\/no\/wp-content\/uploads\/2018\/06\/bordeaux-t3-1080x720.png?fit=1080%2C720&ssl=1&resize=350%2C200 1x, https:\/\/i0.wp.com\/terjebjornstad.com\/no\/wp-content\/uploads\/2018\/06\/bordeaux-t3-1080x720.png?fit=1080%2C720&ssl=1&resize=525%2C300 1.5x, https:\/\/i0.wp.com\/terjebjornstad.com\/no\/wp-content\/uploads\/2018\/06\/bordeaux-t3-1080x720.png?fit=1080%2C720&ssl=1&resize=700%2C400 2x, https:\/\/i0.wp.com\/terjebjornstad.com\/no\/wp-content\/uploads\/2018\/06\/bordeaux-t3-1080x720.png?fit=1080%2C720&ssl=1&resize=1050%2C600 3x"},"classes":[]},{"id":8448,"url":"https:\/\/terjebjornstad.com\/no\/volkswagen-karmann-ghia-mk1\/","url_meta":{"origin":5619,"position":3},"title":"Volkswagen Karmann Ghia Type 14","author":"Terje Bj\u00f8rnstad","date":"08\/11\/2016","format":false,"excerpt":"Volkswagen Karmann Ghia er utformet som en 2+2 seter coup\u00e9 med r\u00f8tter i 1950-tallet. Men til tross for sitt smekre design, var den ingen utpreget sportsbil. Volkswagen Type 14 Den formfagre Karmann Ghia ble satt i produksjon fra 1955 helt frem til 1974. Fra 1958 ble det ogs\u00e5 lansert en\u2026","rel":"","context":"Liknende innlegg","block_context":{"text":"Liknende innlegg","link":""},"img":{"alt_text":"","src":"https:\/\/i0.wp.com\/terjebjornstad.com\/no\/wp-content\/uploads\/2019\/09\/volkswagen-karmann-ghia-mk1-14-1080x720.png?fit=1080%2C720&ssl=1&resize=350%2C200","width":350,"height":200,"srcset":"https:\/\/i0.wp.com\/terjebjornstad.com\/no\/wp-content\/uploads\/2019\/09\/volkswagen-karmann-ghia-mk1-14-1080x720.png?fit=1080%2C720&ssl=1&resize=350%2C200 1x, https:\/\/i0.wp.com\/terjebjornstad.com\/no\/wp-content\/uploads\/2019\/09\/volkswagen-karmann-ghia-mk1-14-1080x720.png?fit=1080%2C720&ssl=1&resize=525%2C300 1.5x, https:\/\/i0.wp.com\/terjebjornstad.com\/no\/wp-content\/uploads\/2019\/09\/volkswagen-karmann-ghia-mk1-14-1080x720.png?fit=1080%2C720&ssl=1&resize=700%2C400 2x, https:\/\/i0.wp.com\/terjebjornstad.com\/no\/wp-content\/uploads\/2019\/09\/volkswagen-karmann-ghia-mk1-14-1080x720.png?fit=1080%2C720&ssl=1&resize=1050%2C600 3x"},"classes":[]},{"id":86718,"url":"https:\/\/terjebjornstad.com\/no\/volkswagen-passat-b1\/","url_meta":{"origin":5619,"position":4},"title":"Volkswagen Passat B1","author":"Terje Bj\u00f8rnstad","date":"01\/02\/2026","format":false,"excerpt":"F\u00f8rst ble Audi 80 lansert, \u00e5ret etter Volkswagen Passat. De to modellene var som tvillingmodeller \u00e5 regne. Volkswagen tok fullt eierskap over Audi i 1966. I 1972 ble den helt nye Audi 80 B1 lansert. Den ga Audi en helt ny identitet. \u00c5ret etter ble Volkswagen Passat - ogs\u00e5 kalt\u2026","rel":"","context":"Liknende innlegg","block_context":{"text":"Liknende innlegg","link":""},"img":{"alt_text":"","src":"https:\/\/i0.wp.com\/terjebjornstad.com\/no\/wp-content\/uploads\/2025\/12\/1978-volkswagen-passat-1600-ls-1920x1920-1.jpg?fit=1200%2C1200&ssl=1&resize=350%2C200","width":350,"height":200,"srcset":"https:\/\/i0.wp.com\/terjebjornstad.com\/no\/wp-content\/uploads\/2025\/12\/1978-volkswagen-passat-1600-ls-1920x1920-1.jpg?fit=1200%2C1200&ssl=1&resize=350%2C200 1x, https:\/\/i0.wp.com\/terjebjornstad.com\/no\/wp-content\/uploads\/2025\/12\/1978-volkswagen-passat-1600-ls-1920x1920-1.jpg?fit=1200%2C1200&ssl=1&resize=525%2C300 1.5x, https:\/\/i0.wp.com\/terjebjornstad.com\/no\/wp-content\/uploads\/2025\/12\/1978-volkswagen-passat-1600-ls-1920x1920-1.jpg?fit=1200%2C1200&ssl=1&resize=700%2C400 2x, https:\/\/i0.wp.com\/terjebjornstad.com\/no\/wp-content\/uploads\/2025\/12\/1978-volkswagen-passat-1600-ls-1920x1920-1.jpg?fit=1200%2C1200&ssl=1&resize=1050%2C600 3x"},"classes":[]},{"id":5584,"url":"https:\/\/terjebjornstad.com\/no\/1973-1974-volkswagen-1303\/","url_meta":{"origin":5619,"position":5},"title":"Volkswagen big","author":"Terje Bj\u00f8rnstad","date":"22\/06\/2016","format":false,"excerpt":"Volkswagen S \u00a0 Super-seriene Bildene her dekker modellene 1302 S, 1303 S og 1300 S. Jeg er ikke sikker p\u00e5 hva \"S\" egentlig st\u00e5r for, men tror det er \"Super\". Biler med \"S\" ble levert med Volkswagens 1600-motor med 50 HK. Det ble ogs\u00e5 laget 1302 og 1303 uten \"S\".\u2026","rel":"","context":"Liknende innlegg","block_context":{"text":"Liknende innlegg","link":""},"img":{"alt_text":"","src":"https:\/\/i0.wp.com\/terjebjornstad.com\/no\/wp-content\/uploads\/2026\/04\/volkswagen-1303s-karmann-ghia-1633-1920x1440-1.jpg?resize=350%2C200&ssl=1","width":350,"height":200,"srcset":"https:\/\/i0.wp.com\/terjebjornstad.com\/no\/wp-content\/uploads\/2026\/04\/volkswagen-1303s-karmann-ghia-1633-1920x1440-1.jpg?resize=350%2C200&ssl=1 1x, https:\/\/i0.wp.com\/terjebjornstad.com\/no\/wp-content\/uploads\/2026\/04\/volkswagen-1303s-karmann-ghia-1633-1920x1440-1.jpg?resize=525%2C300&ssl=1 1.5x, https:\/\/i0.wp.com\/terjebjornstad.com\/no\/wp-content\/uploads\/2026\/04\/volkswagen-1303s-karmann-ghia-1633-1920x1440-1.jpg?resize=700%2C400&ssl=1 2x, https:\/\/i0.wp.com\/terjebjornstad.com\/no\/wp-content\/uploads\/2026\/04\/volkswagen-1303s-karmann-ghia-1633-1920x1440-1.jpg?resize=1050%2C600&ssl=1 3x, https:\/\/i0.wp.com\/terjebjornstad.com\/no\/wp-content\/uploads\/2026\/04\/volkswagen-1303s-karmann-ghia-1633-1920x1440-1.jpg?resize=1400%2C800&ssl=1 4x"},"classes":[]}],"_links":{"self":[{"href":"https:\/\/terjebjornstad.com\/no\/wp-json\/wp\/v2\/pages\/5619","targetHints":{"allow":["GET"]}}],"collection":[{"href":"https:\/\/terjebjornstad.com\/no\/wp-json\/wp\/v2\/pages"}],"about":[{"href":"https:\/\/terjebjornstad.com\/no\/wp-json\/wp\/v2\/types\/page"}],"author":[{"embeddable":true,"href":"https:\/\/terjebjornstad.com\/no\/wp-json\/wp\/v2\/users\/1"}],"replies":[{"embeddable":true,"href":"https:\/\/terjebjornstad.com\/no\/wp-json\/wp\/v2\/comments?post=5619"}],"version-history":[{"count":75,"href":"https:\/\/terjebjornstad.com\/no\/wp-json\/wp\/v2\/pages\/5619\/revisions"}],"predecessor-version":[{"id":90790,"href":"https:\/\/terjebjornstad.com\/no\/wp-json\/wp\/v2\/pages\/5619\/revisions\/90790"}],"wp:featuredmedia":[{"embeddable":true,"href":"https:\/\/terjebjornstad.com\/no\/wp-json\/wp\/v2\/media\/59114"}],"wp:attachment":[{"href":"https:\/\/terjebjornstad.com\/no\/wp-json\/wp\/v2\/media?parent=5619"}],"curies":[{"name":"wp","href":"https:\/\/api.w.org\/{rel}","templated":true}]}}