{"id":5494,"date":"2016-06-22T15:32:12","date_gmt":"2016-06-22T15:32:12","guid":{"rendered":"http:\/\/terjebjornstad.com\/no\/?page_id=5494"},"modified":"2026-04-02T22:59:30","modified_gmt":"2026-04-02T21:59:30","slug":"1983-porsche-911","status":"publish","type":"page","link":"https:\/\/terjebjornstad.com\/no\/1983-porsche-911\/","title":{"rendered":"Porsche 911 G-modell"},"content":{"rendered":"<div class=\"copy_teb\"><figure id=\"attachment_26060\" aria-describedby=\"caption-attachment-26060\" style=\"width: 1080px\" class=\"wp-caption aligncenter\"><a href=\"https:\/\/i0.wp.com\/terjebjornstad.com\/no\/wp-content\/uploads\/2019\/09\/rudskogen-1980-porsche-911-1080x720.png?ssl=1\"><img data-recalc-dims=\"1\" loading=\"lazy\" decoding=\"async\" data-attachment-id=\"26060\" data-permalink=\"https:\/\/terjebjornstad.com\/no\/2019\/09\/16\/porschefestivalen-2019\/rudskogen-1980-porsche-911-1080x720\/\" data-orig-file=\"https:\/\/i0.wp.com\/terjebjornstad.com\/no\/wp-content\/uploads\/2019\/09\/rudskogen-1980-porsche-911-1080x720.png?fit=1080%2C720&amp;ssl=1\" data-orig-size=\"1080,720\" data-comments-opened=\"1\" data-image-meta=\"{&quot;aperture&quot;:&quot;0&quot;,&quot;credit&quot;:&quot;&quot;,&quot;camera&quot;:&quot;&quot;,&quot;caption&quot;:&quot;&quot;,&quot;created_timestamp&quot;:&quot;0&quot;,&quot;copyright&quot;:&quot;&quot;,&quot;focal_length&quot;:&quot;0&quot;,&quot;iso&quot;:&quot;0&quot;,&quot;shutter_speed&quot;:&quot;0&quot;,&quot;title&quot;:&quot;&quot;,&quot;orientation&quot;:&quot;0&quot;}\" data-image-title=\"rudskogen-1980-porsche-911-1080&amp;#215;720\" data-image-description=\"\" data-image-caption=\"&lt;p&gt;1980 Porsche 911 i samme farge som Saga Nor\u00e9ns bil fra &amp;laquo;Broen&amp;raquo;. &lt;\/p&gt;\n\" data-large-file=\"https:\/\/i0.wp.com\/terjebjornstad.com\/no\/wp-content\/uploads\/2019\/09\/rudskogen-1980-porsche-911-1080x720.png?fit=980%2C653&amp;ssl=1\" src=\"https:\/\/i0.wp.com\/terjebjornstad.com\/no\/wp-content\/uploads\/2019\/09\/rudskogen-1980-porsche-911-1080x720.png?resize=980%2C653&#038;ssl=1\" alt=\"911 carrera\" width=\"980\" height=\"653\" class=\"size-full wp-image-26060\" srcset=\"https:\/\/i0.wp.com\/terjebjornstad.com\/no\/wp-content\/uploads\/2019\/09\/rudskogen-1980-porsche-911-1080x720.png?resize=1080%2C720&amp;ssl=1 1080w, https:\/\/i0.wp.com\/terjebjornstad.com\/no\/wp-content\/uploads\/2019\/09\/rudskogen-1980-porsche-911-1080x720.png?resize=300%2C200&amp;ssl=1 300w, https:\/\/i0.wp.com\/terjebjornstad.com\/no\/wp-content\/uploads\/2019\/09\/rudskogen-1980-porsche-911-1080x720.png?resize=768%2C512&amp;ssl=1 768w, https:\/\/i0.wp.com\/terjebjornstad.com\/no\/wp-content\/uploads\/2019\/09\/rudskogen-1980-porsche-911-1080x720.png?resize=690%2C460&amp;ssl=1 690w, https:\/\/i0.wp.com\/terjebjornstad.com\/no\/wp-content\/uploads\/2019\/09\/rudskogen-1980-porsche-911-1080x720.png?resize=980%2C653&amp;ssl=1 980w\" sizes=\"auto, (max-width: 980px) 100vw, 980px\" \/><\/a><figcaption id=\"caption-attachment-26060\" class=\"wp-caption-text\">1980 Porsche 911 Carrera.<\/figcaption><\/figure><\/p>\n<h3 class=\"tebh2\">Affordable Classics<\/h3>\n<p>80-talls Porsche er veteranbiler, og kan kj\u00f8pes eller importeres uten engangsavgift. Det gj\u00f8r at de er tilgjengelige som hobbybiler. Noen 80-talls Porsche er oppgradert og modifisert mens andre har beholdt sitt originale 80-talls preg. Det viktigste er jo at bilene er eid av Liebhabere, og ikke overlatt til forfall. <\/p>\n<h3 class=\"tebh2\">Fikk \u00f8kt popularitet under jappetiden<\/h3>\n<p>Under de glade 80-\u00e5rene fikk Porsche et oppsving her hjemme. P\u00e5 samme tid \u00f8kte importen av brukte biler fra kontinentet. Jappetiden var preget av lett tilgang p\u00e5 kapital. Porsche 911 ble et symbol p\u00e5 unge vellykkede <a href=\"https:\/\/no.wikipedia.org\/wiki\/Japp_(person)\" target=\"_blank\" rel=\"noopener\"><strong>japper<\/strong><\/a> som hadde greidd \u00e5 etablere en business med alt som h\u00f8rte til, som for eksempel Porsche som firmabil. Dessverre var mange av nyetableringene kun luftslott som endte i konkurser. Porsche&#8217;ne fra den tiden ser imidlertid ut til \u00e5 ha greidd seg bra &#8211; takket v\u00e6re Liebhaberne. <\/p>\n<h3 class=\"tebh2\">Modell-serier<\/h3>\n<p>1974 til 1989 handler om Porsches G-modell. Vi kan dele bilene inn i f\u00f8lgende serier:<\/p>\n<ul>\n<li>1978-1983: 911 Carrera SC (Super Carrera) med 3.0 liters motor.<\/li>\n<li>1984-1989: 911 Carrera 3.2.<\/li>\n<li>1977-1989: 930 Turbo (3.0 og 3.3 liters motorer).<\/li>\n<\/ul>\n<h3 class=\"tebh2ingreslbcenter\">911 Carrera<\/h3>\n<p><figure id=\"attachment_8152\" aria-describedby=\"caption-attachment-8152\" style=\"width: 686px\" class=\"wp-caption aligncenter\"><a href=\"https:\/\/i0.wp.com\/terjebjornstad.com\/no\/wp-content\/uploads\/2016\/10\/porsche-911-rallye-11.png?ssl=1\"><img data-recalc-dims=\"1\" loading=\"lazy\" decoding=\"async\" data-attachment-id=\"8152\" data-permalink=\"https:\/\/terjebjornstad.com\/no\/2016\/10\/30\/klassiske-katalanske-rallybiler\/porsche-911-rallye-11\/\" data-orig-file=\"https:\/\/i0.wp.com\/terjebjornstad.com\/no\/wp-content\/uploads\/2016\/10\/porsche-911-rallye-11.png?fit=686%2C457&amp;ssl=1\" data-orig-size=\"686,457\" data-comments-opened=\"1\" data-image-meta=\"{&quot;aperture&quot;:&quot;0&quot;,&quot;credit&quot;:&quot;&quot;,&quot;camera&quot;:&quot;&quot;,&quot;caption&quot;:&quot;&quot;,&quot;created_timestamp&quot;:&quot;0&quot;,&quot;copyright&quot;:&quot;&quot;,&quot;focal_length&quot;:&quot;0&quot;,&quot;iso&quot;:&quot;0&quot;,&quot;shutter_speed&quot;:&quot;0&quot;,&quot;title&quot;:&quot;&quot;,&quot;orientation&quot;:&quot;0&quot;}\" data-image-title=\"porsche-911-rallye-11\" data-image-description=\"\" data-image-caption=\"&lt;p&gt;Et klassisk innslag i et hvert rally: Rallyrigget Porsdhe 911.&lt;\/p&gt;\n\" data-large-file=\"https:\/\/i0.wp.com\/terjebjornstad.com\/no\/wp-content\/uploads\/2016\/10\/porsche-911-rallye-11.png?fit=686%2C457&amp;ssl=1\" src=\"https:\/\/i0.wp.com\/terjebjornstad.com\/no\/wp-content\/uploads\/2016\/10\/porsche-911-rallye-11.png?resize=686%2C457&#038;ssl=1\" alt=\"911 carrera\" width=\"686\" height=\"457\" class=\"size-full wp-image-8152\" srcset=\"https:\/\/i0.wp.com\/terjebjornstad.com\/no\/wp-content\/uploads\/2016\/10\/porsche-911-rallye-11.png?w=686&amp;ssl=1 686w, https:\/\/i0.wp.com\/terjebjornstad.com\/no\/wp-content\/uploads\/2016\/10\/porsche-911-rallye-11.png?resize=300%2C200&amp;ssl=1 300w\" sizes=\"auto, (max-width: 686px) 100vw, 686px\" \/><\/a><figcaption id=\"caption-attachment-8152\" class=\"wp-caption-text\">Et klassisk innslag i et hvert rally: Rallyrigget Porsdhe 911.<\/figcaption><\/figure><br \/>\n&nbsp;<br \/>\n<figure id=\"attachment_12560\" aria-describedby=\"caption-attachment-12560\" style=\"width: 686px\" class=\"wp-caption aligncenter\"><a href=\"https:\/\/i0.wp.com\/terjebjornstad.com\/no\/wp-content\/uploads\/2017\/09\/00-porsche-911-0809-1-686.png?ssl=1\"><img data-recalc-dims=\"1\" loading=\"lazy\" decoding=\"async\" data-attachment-id=\"12560\" data-permalink=\"https:\/\/terjebjornstad.com\/no\/1983-porsche-911\/00-porsche-911-0809-1-686\/\" data-orig-file=\"https:\/\/i0.wp.com\/terjebjornstad.com\/no\/wp-content\/uploads\/2017\/09\/00-porsche-911-0809-1-686.png?fit=686%2C457&amp;ssl=1\" data-orig-size=\"686,457\" data-comments-opened=\"1\" data-image-meta=\"{&quot;aperture&quot;:&quot;0&quot;,&quot;credit&quot;:&quot;&quot;,&quot;camera&quot;:&quot;&quot;,&quot;caption&quot;:&quot;&quot;,&quot;created_timestamp&quot;:&quot;0&quot;,&quot;copyright&quot;:&quot;&quot;,&quot;focal_length&quot;:&quot;0&quot;,&quot;iso&quot;:&quot;0&quot;,&quot;shutter_speed&quot;:&quot;0&quot;,&quot;title&quot;:&quot;&quot;,&quot;orientation&quot;:&quot;0&quot;}\" data-image-title=\"82-porsche-911-0809-1-686\" data-image-description=\"\" data-image-caption=\"&lt;p&gt;1982 Porsche 911&lt;\/p&gt;\n\" data-large-file=\"https:\/\/i0.wp.com\/terjebjornstad.com\/no\/wp-content\/uploads\/2017\/09\/00-porsche-911-0809-1-686.png?fit=686%2C457&amp;ssl=1\" src=\"https:\/\/i0.wp.com\/terjebjornstad.com\/no\/wp-content\/uploads\/2017\/09\/00-porsche-911-0809-1-686.png?resize=686%2C457&#038;ssl=1\" alt=\"911 carrera\" width=\"686\" height=\"457\" class=\"size-full wp-image-12560\" srcset=\"https:\/\/i0.wp.com\/terjebjornstad.com\/no\/wp-content\/uploads\/2017\/09\/00-porsche-911-0809-1-686.png?w=686&amp;ssl=1 686w, https:\/\/i0.wp.com\/terjebjornstad.com\/no\/wp-content\/uploads\/2017\/09\/00-porsche-911-0809-1-686.png?resize=300%2C200&amp;ssl=1 300w\" sizes=\"auto, (max-width: 686px) 100vw, 686px\" \/><\/a><figcaption id=\"caption-attachment-12560\" class=\"wp-caption-text\">1982 Porsche 911<\/figcaption><\/figure><br \/>\n&nbsp;<br \/>\n<figure id=\"attachment_19144\" aria-describedby=\"caption-attachment-19144\" style=\"width: 1080px\" class=\"wp-caption aligncenter\"><a href=\"https:\/\/i0.wp.com\/terjebjornstad.com\/no\/wp-content\/uploads\/2018\/09\/1983-porsche-911sc-1080x720.png?ssl=1\"><img data-recalc-dims=\"1\" loading=\"lazy\" decoding=\"async\" data-attachment-id=\"19144\" data-permalink=\"https:\/\/terjebjornstad.com\/no\/1983-porsche-911\/1983-porsche-911sc-1080x720\/\" data-orig-file=\"https:\/\/i0.wp.com\/terjebjornstad.com\/no\/wp-content\/uploads\/2018\/09\/1983-porsche-911sc-1080x720.png?fit=1080%2C720&amp;ssl=1\" data-orig-size=\"1080,720\" data-comments-opened=\"1\" data-image-meta=\"{&quot;aperture&quot;:&quot;0&quot;,&quot;credit&quot;:&quot;&quot;,&quot;camera&quot;:&quot;&quot;,&quot;caption&quot;:&quot;&quot;,&quot;created_timestamp&quot;:&quot;0&quot;,&quot;copyright&quot;:&quot;&quot;,&quot;focal_length&quot;:&quot;0&quot;,&quot;iso&quot;:&quot;0&quot;,&quot;shutter_speed&quot;:&quot;0&quot;,&quot;title&quot;:&quot;&quot;,&quot;orientation&quot;:&quot;0&quot;}\" data-image-title=\"1983-porsche-911sc-1080&amp;#215;720\" data-image-description=\"\" data-image-caption=\"&lt;p&gt;Porsche 911 SC Cabrio&lt;\/p&gt;\n\" data-large-file=\"https:\/\/i0.wp.com\/terjebjornstad.com\/no\/wp-content\/uploads\/2018\/09\/1983-porsche-911sc-1080x720.png?fit=980%2C654&amp;ssl=1\" src=\"https:\/\/i0.wp.com\/terjebjornstad.com\/no\/wp-content\/uploads\/2018\/09\/1983-porsche-911sc-1080x720.png?resize=980%2C653&#038;ssl=1\" alt=\"911 carrera\" width=\"980\" height=\"653\" class=\"size-full wp-image-19144\" srcset=\"https:\/\/i0.wp.com\/terjebjornstad.com\/no\/wp-content\/uploads\/2018\/09\/1983-porsche-911sc-1080x720.png?resize=1080%2C720&amp;ssl=1 1080w, https:\/\/i0.wp.com\/terjebjornstad.com\/no\/wp-content\/uploads\/2018\/09\/1983-porsche-911sc-1080x720.png?resize=300%2C200&amp;ssl=1 300w, https:\/\/i0.wp.com\/terjebjornstad.com\/no\/wp-content\/uploads\/2018\/09\/1983-porsche-911sc-1080x720.png?resize=768%2C512&amp;ssl=1 768w, https:\/\/i0.wp.com\/terjebjornstad.com\/no\/wp-content\/uploads\/2018\/09\/1983-porsche-911sc-1080x720.png?resize=1024%2C683&amp;ssl=1 1024w, https:\/\/i0.wp.com\/terjebjornstad.com\/no\/wp-content\/uploads\/2018\/09\/1983-porsche-911sc-1080x720.png?resize=690%2C460&amp;ssl=1 690w, https:\/\/i0.wp.com\/terjebjornstad.com\/no\/wp-content\/uploads\/2018\/09\/1983-porsche-911sc-1080x720.png?resize=980%2C653&amp;ssl=1 980w\" sizes=\"auto, (max-width: 980px) 100vw, 980px\" \/><\/a><figcaption id=\"caption-attachment-19144\" class=\"wp-caption-text\">1983 Porsche 911 SC Cabriolet<\/figcaption><\/figure><br \/>\n&nbsp;<br \/>\n<figure id=\"attachment_92100\" aria-describedby=\"caption-attachment-92100\" style=\"width: 1440px\" class=\"wp-caption aligncenter\"><a href=\"https:\/\/i0.wp.com\/terjebjornstad.com\/no\/wp-content\/uploads\/2026\/04\/1974-porsche-911-targa-2-7-1440x1440-1.jpg?ssl=1\"><img data-recalc-dims=\"1\" loading=\"lazy\" decoding=\"async\" data-attachment-id=\"92100\" data-permalink=\"https:\/\/terjebjornstad.com\/no\/1983-porsche-911\/1974-porsche-911-targa-2-7-1440x1440-1\/\" data-orig-file=\"https:\/\/i0.wp.com\/terjebjornstad.com\/no\/wp-content\/uploads\/2026\/04\/1974-porsche-911-targa-2-7-1440x1440-1.jpg?fit=1440%2C1440&amp;ssl=1\" data-orig-size=\"1440,1440\" data-comments-opened=\"1\" data-image-meta=\"{&quot;aperture&quot;:&quot;0&quot;,&quot;credit&quot;:&quot;&quot;,&quot;camera&quot;:&quot;&quot;,&quot;caption&quot;:&quot;&quot;,&quot;created_timestamp&quot;:&quot;0&quot;,&quot;copyright&quot;:&quot;&quot;,&quot;focal_length&quot;:&quot;0&quot;,&quot;iso&quot;:&quot;0&quot;,&quot;shutter_speed&quot;:&quot;0&quot;,&quot;title&quot;:&quot;&quot;,&quot;orientation&quot;:&quot;0&quot;}\" data-image-title=\"1974-porsche-911-targa-2-7-1440&amp;#215;1440-1\" data-image-description=\"\" data-image-caption=\"&lt;p&gt;1974 Porsche 911 Targa.&lt;\/p&gt;\n\" data-large-file=\"https:\/\/i0.wp.com\/terjebjornstad.com\/no\/wp-content\/uploads\/2026\/04\/1974-porsche-911-targa-2-7-1440x1440-1.jpg?fit=980%2C980&amp;ssl=1\" src=\"https:\/\/i0.wp.com\/terjebjornstad.com\/no\/wp-content\/uploads\/2026\/04\/1974-porsche-911-targa-2-7-1440x1440-1.jpg?resize=980%2C980&#038;ssl=1\" alt=\"\" width=\"980\" height=\"980\" class=\"size-full wp-image-92100\" srcset=\"https:\/\/i0.wp.com\/terjebjornstad.com\/no\/wp-content\/uploads\/2026\/04\/1974-porsche-911-targa-2-7-1440x1440-1.jpg?w=1440&amp;ssl=1 1440w, https:\/\/i0.wp.com\/terjebjornstad.com\/no\/wp-content\/uploads\/2026\/04\/1974-porsche-911-targa-2-7-1440x1440-1.jpg?resize=300%2C300&amp;ssl=1 300w, https:\/\/i0.wp.com\/terjebjornstad.com\/no\/wp-content\/uploads\/2026\/04\/1974-porsche-911-targa-2-7-1440x1440-1.jpg?resize=1080%2C1080&amp;ssl=1 1080w, https:\/\/i0.wp.com\/terjebjornstad.com\/no\/wp-content\/uploads\/2026\/04\/1974-porsche-911-targa-2-7-1440x1440-1.jpg?resize=150%2C150&amp;ssl=1 150w, https:\/\/i0.wp.com\/terjebjornstad.com\/no\/wp-content\/uploads\/2026\/04\/1974-porsche-911-targa-2-7-1440x1440-1.jpg?resize=768%2C768&amp;ssl=1 768w, https:\/\/i0.wp.com\/terjebjornstad.com\/no\/wp-content\/uploads\/2026\/04\/1974-porsche-911-targa-2-7-1440x1440-1.jpg?resize=690%2C690&amp;ssl=1 690w, https:\/\/i0.wp.com\/terjebjornstad.com\/no\/wp-content\/uploads\/2026\/04\/1974-porsche-911-targa-2-7-1440x1440-1.jpg?resize=980%2C980&amp;ssl=1 980w, https:\/\/i0.wp.com\/terjebjornstad.com\/no\/wp-content\/uploads\/2026\/04\/1974-porsche-911-targa-2-7-1440x1440-1.jpg?resize=50%2C50&amp;ssl=1 50w\" sizes=\"auto, (max-width: 980px) 100vw, 980px\" \/><\/a><figcaption id=\"caption-attachment-92100\" class=\"wp-caption-text\">1974 Porsche 911 Targa.<\/figcaption><\/figure><br \/>\n&nbsp;<br \/>\n<figure id=\"attachment_33095\" aria-describedby=\"caption-attachment-33095\" style=\"width: 1080px\" class=\"wp-caption aligncenter\"><a href=\"https:\/\/i0.wp.com\/terjebjornstad.com\/no\/wp-content\/uploads\/2020\/06\/porsche-80s-1080x720-1.png?ssl=1\"><img data-recalc-dims=\"1\" loading=\"lazy\" decoding=\"async\" data-attachment-id=\"33095\" data-permalink=\"https:\/\/terjebjornstad.com\/no\/1983-porsche-911\/porsche-80s-1080x720\/\" data-orig-file=\"https:\/\/i0.wp.com\/terjebjornstad.com\/no\/wp-content\/uploads\/2020\/06\/porsche-80s-1080x720-1.png?fit=1080%2C720&amp;ssl=1\" data-orig-size=\"1080,720\" data-comments-opened=\"1\" data-image-meta=\"{&quot;aperture&quot;:&quot;0&quot;,&quot;credit&quot;:&quot;&quot;,&quot;camera&quot;:&quot;&quot;,&quot;caption&quot;:&quot;&quot;,&quot;created_timestamp&quot;:&quot;0&quot;,&quot;copyright&quot;:&quot;&quot;,&quot;focal_length&quot;:&quot;0&quot;,&quot;iso&quot;:&quot;0&quot;,&quot;shutter_speed&quot;:&quot;0&quot;,&quot;title&quot;:&quot;&quot;,&quot;orientation&quot;:&quot;0&quot;}\" data-image-title=\"porsche-80s-1080&amp;#215;720\" data-image-description=\"\" data-image-caption=\"&lt;p&gt;Porsche 911&lt;\/p&gt;\n\" data-large-file=\"https:\/\/i0.wp.com\/terjebjornstad.com\/no\/wp-content\/uploads\/2020\/06\/porsche-80s-1080x720-1.png?fit=980%2C653&amp;ssl=1\" src=\"https:\/\/i0.wp.com\/terjebjornstad.com\/no\/wp-content\/uploads\/2020\/06\/porsche-80s-1080x720-1.png?resize=980%2C653&#038;ssl=1\" alt=\"911 carrera\" width=\"980\" height=\"653\" class=\"size-full wp-image-33095\" srcset=\"https:\/\/i0.wp.com\/terjebjornstad.com\/no\/wp-content\/uploads\/2020\/06\/porsche-80s-1080x720-1.png?w=1080&amp;ssl=1 1080w, https:\/\/i0.wp.com\/terjebjornstad.com\/no\/wp-content\/uploads\/2020\/06\/porsche-80s-1080x720-1.png?resize=300%2C200&amp;ssl=1 300w, https:\/\/i0.wp.com\/terjebjornstad.com\/no\/wp-content\/uploads\/2020\/06\/porsche-80s-1080x720-1.png?resize=768%2C512&amp;ssl=1 768w, https:\/\/i0.wp.com\/terjebjornstad.com\/no\/wp-content\/uploads\/2020\/06\/porsche-80s-1080x720-1.png?resize=690%2C460&amp;ssl=1 690w, https:\/\/i0.wp.com\/terjebjornstad.com\/no\/wp-content\/uploads\/2020\/06\/porsche-80s-1080x720-1.png?resize=980%2C653&amp;ssl=1 980w\" sizes=\"auto, (max-width: 980px) 100vw, 980px\" \/><\/a><figcaption id=\"caption-attachment-33095\" class=\"wp-caption-text\">Porsche 911<\/figcaption><\/figure><br \/>\n&nbsp;<br \/>\n<figure id=\"attachment_34287\" aria-describedby=\"caption-attachment-34287\" style=\"width: 1080px\" class=\"wp-caption aligncenter\"><a href=\"https:\/\/i0.wp.com\/terjebjornstad.com\/no\/wp-content\/uploads\/2020\/08\/1980-porsche-911-sc-3-0-180-alu-k-jetronic-1080x720-1.png?ssl=1\"><img data-recalc-dims=\"1\" loading=\"lazy\" decoding=\"async\" data-attachment-id=\"34287\" data-permalink=\"https:\/\/terjebjornstad.com\/no\/1983-porsche-911\/1980-porsche-911-sc-3-0-180-alu-k-jetronic-1080x720\/\" data-orig-file=\"https:\/\/i0.wp.com\/terjebjornstad.com\/no\/wp-content\/uploads\/2020\/08\/1980-porsche-911-sc-3-0-180-alu-k-jetronic-1080x720-1.png?fit=1080%2C720&amp;ssl=1\" data-orig-size=\"1080,720\" data-comments-opened=\"1\" data-image-meta=\"{&quot;aperture&quot;:&quot;0&quot;,&quot;credit&quot;:&quot;&quot;,&quot;camera&quot;:&quot;&quot;,&quot;caption&quot;:&quot;&quot;,&quot;created_timestamp&quot;:&quot;0&quot;,&quot;copyright&quot;:&quot;&quot;,&quot;focal_length&quot;:&quot;0&quot;,&quot;iso&quot;:&quot;0&quot;,&quot;shutter_speed&quot;:&quot;0&quot;,&quot;title&quot;:&quot;&quot;,&quot;orientation&quot;:&quot;0&quot;}\" data-image-title=\"1980-porsche-911-sc-3-0-180-alu-k-jetronic-1080&amp;#215;720\" data-image-description=\"\" data-image-caption=\"&lt;p&gt;Porsche 911 SC, De Havilland Beaver Seaplane&lt;\/p&gt;\n\" data-large-file=\"https:\/\/i0.wp.com\/terjebjornstad.com\/no\/wp-content\/uploads\/2020\/08\/1980-porsche-911-sc-3-0-180-alu-k-jetronic-1080x720-1.png?fit=980%2C653&amp;ssl=1\" src=\"https:\/\/i0.wp.com\/terjebjornstad.com\/no\/wp-content\/uploads\/2020\/08\/1980-porsche-911-sc-3-0-180-alu-k-jetronic-1080x720-1.png?resize=980%2C653&#038;ssl=1\" alt=\"911 carrera\" width=\"980\" height=\"653\" class=\"size-full wp-image-34287\" srcset=\"https:\/\/i0.wp.com\/terjebjornstad.com\/no\/wp-content\/uploads\/2020\/08\/1980-porsche-911-sc-3-0-180-alu-k-jetronic-1080x720-1.png?w=1080&amp;ssl=1 1080w, https:\/\/i0.wp.com\/terjebjornstad.com\/no\/wp-content\/uploads\/2020\/08\/1980-porsche-911-sc-3-0-180-alu-k-jetronic-1080x720-1.png?resize=300%2C200&amp;ssl=1 300w, https:\/\/i0.wp.com\/terjebjornstad.com\/no\/wp-content\/uploads\/2020\/08\/1980-porsche-911-sc-3-0-180-alu-k-jetronic-1080x720-1.png?resize=768%2C512&amp;ssl=1 768w, https:\/\/i0.wp.com\/terjebjornstad.com\/no\/wp-content\/uploads\/2020\/08\/1980-porsche-911-sc-3-0-180-alu-k-jetronic-1080x720-1.png?resize=690%2C460&amp;ssl=1 690w, https:\/\/i0.wp.com\/terjebjornstad.com\/no\/wp-content\/uploads\/2020\/08\/1980-porsche-911-sc-3-0-180-alu-k-jetronic-1080x720-1.png?resize=980%2C653&amp;ssl=1 980w\" sizes=\"auto, (max-width: 980px) 100vw, 980px\" \/><\/a><figcaption id=\"caption-attachment-34287\" class=\"wp-caption-text\">Porsche 911 SC, De Havilland Beaver Seaplane<\/figcaption><\/figure><br \/>\n&nbsp;<br \/>\n<figure id=\"attachment_84668\" aria-describedby=\"caption-attachment-84668\" style=\"width: 1440px\" class=\"wp-caption aligncenter\"><a href=\"https:\/\/i0.wp.com\/terjebjornstad.com\/no\/wp-content\/uploads\/2025\/09\/marlboro-porsche-911-carerra-1-1440x1920-1.jpg?ssl=1\"><img data-recalc-dims=\"1\" loading=\"lazy\" decoding=\"async\" data-attachment-id=\"84668\" data-permalink=\"https:\/\/terjebjornstad.com\/no\/1983-porsche-911\/marlboro-porsche-911-carerra-1-1440x1920\/\" data-orig-file=\"https:\/\/i0.wp.com\/terjebjornstad.com\/no\/wp-content\/uploads\/2025\/09\/marlboro-porsche-911-carerra-1-1440x1920-1.jpg?fit=1440%2C1920&amp;ssl=1\" data-orig-size=\"1440,1920\" data-comments-opened=\"1\" data-image-meta=\"{&quot;aperture&quot;:&quot;0&quot;,&quot;credit&quot;:&quot;&quot;,&quot;camera&quot;:&quot;&quot;,&quot;caption&quot;:&quot;&quot;,&quot;created_timestamp&quot;:&quot;0&quot;,&quot;copyright&quot;:&quot;&quot;,&quot;focal_length&quot;:&quot;0&quot;,&quot;iso&quot;:&quot;0&quot;,&quot;shutter_speed&quot;:&quot;0&quot;,&quot;title&quot;:&quot;&quot;,&quot;orientation&quot;:&quot;0&quot;}\" data-image-title=\"marlboro-porsche-911-carerra-1-1440&amp;#215;1920\" data-image-description=\"\" data-image-caption=\"&lt;p&gt;1985 Porsche Carrera 3.2&lt;\/p&gt;\n\" data-large-file=\"https:\/\/i0.wp.com\/terjebjornstad.com\/no\/wp-content\/uploads\/2025\/09\/marlboro-porsche-911-carerra-1-1440x1920-1.jpg?fit=810%2C1080&amp;ssl=1\" src=\"https:\/\/i0.wp.com\/terjebjornstad.com\/no\/wp-content\/uploads\/2025\/09\/marlboro-porsche-911-carerra-1-1440x1920-1.jpg?resize=980%2C1307&#038;ssl=1\" alt=\"911 carrera\" width=\"980\" height=\"1307\" class=\"size-full wp-image-84668\" srcset=\"https:\/\/i0.wp.com\/terjebjornstad.com\/no\/wp-content\/uploads\/2025\/09\/marlboro-porsche-911-carerra-1-1440x1920-1.jpg?w=1440&amp;ssl=1 1440w, https:\/\/i0.wp.com\/terjebjornstad.com\/no\/wp-content\/uploads\/2025\/09\/marlboro-porsche-911-carerra-1-1440x1920-1.jpg?resize=225%2C300&amp;ssl=1 225w, https:\/\/i0.wp.com\/terjebjornstad.com\/no\/wp-content\/uploads\/2025\/09\/marlboro-porsche-911-carerra-1-1440x1920-1.jpg?resize=810%2C1080&amp;ssl=1 810w, https:\/\/i0.wp.com\/terjebjornstad.com\/no\/wp-content\/uploads\/2025\/09\/marlboro-porsche-911-carerra-1-1440x1920-1.jpg?resize=768%2C1024&amp;ssl=1 768w, https:\/\/i0.wp.com\/terjebjornstad.com\/no\/wp-content\/uploads\/2025\/09\/marlboro-porsche-911-carerra-1-1440x1920-1.jpg?resize=1152%2C1536&amp;ssl=1 1152w, https:\/\/i0.wp.com\/terjebjornstad.com\/no\/wp-content\/uploads\/2025\/09\/marlboro-porsche-911-carerra-1-1440x1920-1.jpg?resize=690%2C920&amp;ssl=1 690w, https:\/\/i0.wp.com\/terjebjornstad.com\/no\/wp-content\/uploads\/2025\/09\/marlboro-porsche-911-carerra-1-1440x1920-1.jpg?resize=980%2C1307&amp;ssl=1 980w\" sizes=\"auto, (max-width: 980px) 100vw, 980px\" \/><\/a><figcaption id=\"caption-attachment-84668\" class=\"wp-caption-text\">1985 Porsche Carrera 3.2 med Marlboro folie.<\/figcaption><\/figure><br \/>\n&nbsp;<br \/>\n<figure id=\"attachment_60105\" aria-describedby=\"caption-attachment-60105\" style=\"width: 1336px\" class=\"wp-caption aligncenter\"><a href=\"https:\/\/i0.wp.com\/terjebjornstad.com\/no\/wp-content\/uploads\/2023\/06\/porsche-911-targa-1336x890-1.jpeg?ssl=1\"><img data-recalc-dims=\"1\" loading=\"lazy\" decoding=\"async\" data-attachment-id=\"60105\" data-permalink=\"https:\/\/terjebjornstad.com\/no\/1983-porsche-911\/porsche-911-targa-1336x890\/\" data-orig-file=\"https:\/\/i0.wp.com\/terjebjornstad.com\/no\/wp-content\/uploads\/2023\/06\/porsche-911-targa-1336x890-1.jpeg?fit=1336%2C890&amp;ssl=1\" data-orig-size=\"1336,890\" data-comments-opened=\"1\" data-image-meta=\"{&quot;aperture&quot;:&quot;0&quot;,&quot;credit&quot;:&quot;&quot;,&quot;camera&quot;:&quot;&quot;,&quot;caption&quot;:&quot;&quot;,&quot;created_timestamp&quot;:&quot;0&quot;,&quot;copyright&quot;:&quot;&quot;,&quot;focal_length&quot;:&quot;0&quot;,&quot;iso&quot;:&quot;0&quot;,&quot;shutter_speed&quot;:&quot;0&quot;,&quot;title&quot;:&quot;&quot;,&quot;orientation&quot;:&quot;0&quot;}\" data-image-title=\"porsche-911-targa-1336&amp;#215;890\" data-image-description=\"\" data-image-caption=\"&lt;p&gt;Porsche 911 Targa&lt;\/p&gt;\n\" data-large-file=\"https:\/\/i0.wp.com\/terjebjornstad.com\/no\/wp-content\/uploads\/2023\/06\/porsche-911-targa-1336x890-1.jpeg?fit=980%2C652&amp;ssl=1\" src=\"https:\/\/i0.wp.com\/terjebjornstad.com\/no\/wp-content\/uploads\/2023\/06\/porsche-911-targa-1336x890-1.jpeg?resize=980%2C653&#038;ssl=1\" alt=\"911 carrera\" width=\"980\" height=\"653\" class=\"size-full wp-image-60105\" srcset=\"https:\/\/i0.wp.com\/terjebjornstad.com\/no\/wp-content\/uploads\/2023\/06\/porsche-911-targa-1336x890-1.jpeg?w=1336&amp;ssl=1 1336w, https:\/\/i0.wp.com\/terjebjornstad.com\/no\/wp-content\/uploads\/2023\/06\/porsche-911-targa-1336x890-1.jpeg?resize=300%2C200&amp;ssl=1 300w, https:\/\/i0.wp.com\/terjebjornstad.com\/no\/wp-content\/uploads\/2023\/06\/porsche-911-targa-1336x890-1.jpeg?resize=1080%2C719&amp;ssl=1 1080w, https:\/\/i0.wp.com\/terjebjornstad.com\/no\/wp-content\/uploads\/2023\/06\/porsche-911-targa-1336x890-1.jpeg?resize=768%2C512&amp;ssl=1 768w, https:\/\/i0.wp.com\/terjebjornstad.com\/no\/wp-content\/uploads\/2023\/06\/porsche-911-targa-1336x890-1.jpeg?resize=690%2C460&amp;ssl=1 690w, https:\/\/i0.wp.com\/terjebjornstad.com\/no\/wp-content\/uploads\/2023\/06\/porsche-911-targa-1336x890-1.jpeg?resize=980%2C653&amp;ssl=1 980w\" sizes=\"auto, (max-width: 980px) 100vw, 980px\" \/><\/a><figcaption id=\"caption-attachment-60105\" class=\"wp-caption-text\">Porsche 911 Targa<\/figcaption><\/figure><br \/>\n&nbsp;<br \/>\n<figure id=\"attachment_79908\" aria-describedby=\"caption-attachment-79908\" style=\"width: 1920px\" class=\"wp-caption aligncenter\"><a href=\"https:\/\/i0.wp.com\/terjebjornstad.com\/no\/wp-content\/uploads\/2025\/04\/porsche-911-80s-1920x1280-1.jpg?ssl=1\"><img data-recalc-dims=\"1\" loading=\"lazy\" decoding=\"async\" data-attachment-id=\"79908\" data-permalink=\"https:\/\/terjebjornstad.com\/no\/1983-porsche-911\/porsche-911-80s-1920x1280\/\" data-orig-file=\"https:\/\/i0.wp.com\/terjebjornstad.com\/no\/wp-content\/uploads\/2025\/04\/porsche-911-80s-1920x1280-1.jpg?fit=1920%2C1280&amp;ssl=1\" data-orig-size=\"1920,1280\" data-comments-opened=\"1\" data-image-meta=\"{&quot;aperture&quot;:&quot;0&quot;,&quot;credit&quot;:&quot;&quot;,&quot;camera&quot;:&quot;&quot;,&quot;caption&quot;:&quot;&quot;,&quot;created_timestamp&quot;:&quot;0&quot;,&quot;copyright&quot;:&quot;&quot;,&quot;focal_length&quot;:&quot;0&quot;,&quot;iso&quot;:&quot;0&quot;,&quot;shutter_speed&quot;:&quot;0&quot;,&quot;title&quot;:&quot;&quot;,&quot;orientation&quot;:&quot;0&quot;}\" data-image-title=\"porsche-911-80s-1920&amp;#215;1280\" data-image-description=\"\" data-image-caption=\"&lt;p&gt;Porsche 911&lt;\/p&gt;\n\" data-large-file=\"https:\/\/i0.wp.com\/terjebjornstad.com\/no\/wp-content\/uploads\/2025\/04\/porsche-911-80s-1920x1280-1.jpg?fit=980%2C653&amp;ssl=1\" src=\"https:\/\/i0.wp.com\/terjebjornstad.com\/no\/wp-content\/uploads\/2025\/04\/porsche-911-80s-1920x1280-1.jpg?resize=980%2C653&#038;ssl=1\" alt=\"911 carrera\" width=\"980\" height=\"653\" class=\"size-full wp-image-79908\" srcset=\"https:\/\/i0.wp.com\/terjebjornstad.com\/no\/wp-content\/uploads\/2025\/04\/porsche-911-80s-1920x1280-1.jpg?w=1920&amp;ssl=1 1920w, https:\/\/i0.wp.com\/terjebjornstad.com\/no\/wp-content\/uploads\/2025\/04\/porsche-911-80s-1920x1280-1.jpg?resize=300%2C200&amp;ssl=1 300w, https:\/\/i0.wp.com\/terjebjornstad.com\/no\/wp-content\/uploads\/2025\/04\/porsche-911-80s-1920x1280-1.jpg?resize=1080%2C720&amp;ssl=1 1080w, https:\/\/i0.wp.com\/terjebjornstad.com\/no\/wp-content\/uploads\/2025\/04\/porsche-911-80s-1920x1280-1.jpg?resize=768%2C512&amp;ssl=1 768w, https:\/\/i0.wp.com\/terjebjornstad.com\/no\/wp-content\/uploads\/2025\/04\/porsche-911-80s-1920x1280-1.jpg?resize=1536%2C1024&amp;ssl=1 1536w, https:\/\/i0.wp.com\/terjebjornstad.com\/no\/wp-content\/uploads\/2025\/04\/porsche-911-80s-1920x1280-1.jpg?resize=690%2C460&amp;ssl=1 690w, https:\/\/i0.wp.com\/terjebjornstad.com\/no\/wp-content\/uploads\/2025\/04\/porsche-911-80s-1920x1280-1.jpg?resize=980%2C653&amp;ssl=1 980w\" sizes=\"auto, (max-width: 980px) 100vw, 980px\" \/><\/a><figcaption id=\"caption-attachment-79908\" class=\"wp-caption-text\">Porsche 911<\/figcaption><\/figure><br \/>\n&nbsp;<br \/>\n<figure id=\"attachment_22748\" aria-describedby=\"caption-attachment-22748\" style=\"width: 1080px\" class=\"wp-caption aligncenter\"><a href=\"https:\/\/i0.wp.com\/terjebjornstad.com\/no\/wp-content\/uploads\/2019\/04\/1977-porsche-911-1080x720.png?ssl=1\"><img data-recalc-dims=\"1\" loading=\"lazy\" decoding=\"async\" data-attachment-id=\"22748\" data-permalink=\"https:\/\/terjebjornstad.com\/no\/porsche-991-996\/1977-porsche-911-1080x720\/\" data-orig-file=\"https:\/\/i0.wp.com\/terjebjornstad.com\/no\/wp-content\/uploads\/2019\/04\/1977-porsche-911-1080x720.png?fit=1080%2C720&amp;ssl=1\" data-orig-size=\"1080,720\" data-comments-opened=\"1\" data-image-meta=\"{&quot;aperture&quot;:&quot;0&quot;,&quot;credit&quot;:&quot;&quot;,&quot;camera&quot;:&quot;&quot;,&quot;caption&quot;:&quot;&quot;,&quot;created_timestamp&quot;:&quot;0&quot;,&quot;copyright&quot;:&quot;&quot;,&quot;focal_length&quot;:&quot;0&quot;,&quot;iso&quot;:&quot;0&quot;,&quot;shutter_speed&quot;:&quot;0&quot;,&quot;title&quot;:&quot;&quot;,&quot;orientation&quot;:&quot;0&quot;}\" data-image-title=\"1977-porsche-911-1080&amp;#215;720\" data-image-description=\"\" data-image-caption=\"&lt;p&gt;Porsche 911 (late 70s)&lt;\/p&gt;\n\" data-large-file=\"https:\/\/i0.wp.com\/terjebjornstad.com\/no\/wp-content\/uploads\/2019\/04\/1977-porsche-911-1080x720.png?fit=980%2C653&amp;ssl=1\" src=\"https:\/\/i0.wp.com\/terjebjornstad.com\/no\/wp-content\/uploads\/2019\/04\/1977-porsche-911-1080x720.png?resize=980%2C653&#038;ssl=1\" alt=\"911 carrera\" width=\"980\" height=\"653\" class=\"size-full wp-image-22748\" srcset=\"https:\/\/i0.wp.com\/terjebjornstad.com\/no\/wp-content\/uploads\/2019\/04\/1977-porsche-911-1080x720.png?resize=1080%2C720&amp;ssl=1 1080w, https:\/\/i0.wp.com\/terjebjornstad.com\/no\/wp-content\/uploads\/2019\/04\/1977-porsche-911-1080x720.png?resize=300%2C200&amp;ssl=1 300w, https:\/\/i0.wp.com\/terjebjornstad.com\/no\/wp-content\/uploads\/2019\/04\/1977-porsche-911-1080x720.png?resize=768%2C512&amp;ssl=1 768w, https:\/\/i0.wp.com\/terjebjornstad.com\/no\/wp-content\/uploads\/2019\/04\/1977-porsche-911-1080x720.png?resize=690%2C460&amp;ssl=1 690w, https:\/\/i0.wp.com\/terjebjornstad.com\/no\/wp-content\/uploads\/2019\/04\/1977-porsche-911-1080x720.png?resize=980%2C653&amp;ssl=1 980w\" sizes=\"auto, (max-width: 980px) 100vw, 980px\" \/><\/a><figcaption id=\"caption-attachment-22748\" class=\"wp-caption-text\">Porsche 911 Carrera<\/figcaption><\/figure><br \/>\n&nbsp;<br \/>\n<figure id=\"attachment_92092\" aria-describedby=\"caption-attachment-92092\" style=\"width: 1920px\" class=\"wp-caption aligncenter\"><a href=\"https:\/\/i0.wp.com\/terjebjornstad.com\/no\/wp-content\/uploads\/2026\/04\/1982-porsche-911-sc-targa-3-0-1920x1920-1.jpg?ssl=1\"><img data-recalc-dims=\"1\" loading=\"lazy\" decoding=\"async\" data-attachment-id=\"92092\" data-permalink=\"https:\/\/terjebjornstad.com\/no\/1983-porsche-911\/1982-porsche-911-sc-targa-3-0-1920x1920\/\" data-orig-file=\"https:\/\/i0.wp.com\/terjebjornstad.com\/no\/wp-content\/uploads\/2026\/04\/1982-porsche-911-sc-targa-3-0-1920x1920-1.jpg?fit=1920%2C1920&amp;ssl=1\" data-orig-size=\"1920,1920\" data-comments-opened=\"1\" data-image-meta=\"{&quot;aperture&quot;:&quot;0&quot;,&quot;credit&quot;:&quot;&quot;,&quot;camera&quot;:&quot;&quot;,&quot;caption&quot;:&quot;&quot;,&quot;created_timestamp&quot;:&quot;0&quot;,&quot;copyright&quot;:&quot;&quot;,&quot;focal_length&quot;:&quot;0&quot;,&quot;iso&quot;:&quot;0&quot;,&quot;shutter_speed&quot;:&quot;0&quot;,&quot;title&quot;:&quot;&quot;,&quot;orientation&quot;:&quot;0&quot;}\" data-image-title=\"1982-porsche-911-sc-targa-3-0-1920&amp;#215;1920\" data-image-description=\"\" data-image-caption=\"&lt;p&gt;1982 Porsche 911 SC Targa.&lt;\/p&gt;\n\" data-large-file=\"https:\/\/i0.wp.com\/terjebjornstad.com\/no\/wp-content\/uploads\/2026\/04\/1982-porsche-911-sc-targa-3-0-1920x1920-1.jpg?fit=980%2C980&amp;ssl=1\" src=\"https:\/\/i0.wp.com\/terjebjornstad.com\/no\/wp-content\/uploads\/2026\/04\/1982-porsche-911-sc-targa-3-0-1920x1920-1.jpg?resize=980%2C980&#038;ssl=1\" alt=\"porsche g-model\" width=\"980\" height=\"980\" class=\"size-full wp-image-92092\" srcset=\"https:\/\/i0.wp.com\/terjebjornstad.com\/no\/wp-content\/uploads\/2026\/04\/1982-porsche-911-sc-targa-3-0-1920x1920-1.jpg?w=1920&amp;ssl=1 1920w, https:\/\/i0.wp.com\/terjebjornstad.com\/no\/wp-content\/uploads\/2026\/04\/1982-porsche-911-sc-targa-3-0-1920x1920-1.jpg?resize=300%2C300&amp;ssl=1 300w, https:\/\/i0.wp.com\/terjebjornstad.com\/no\/wp-content\/uploads\/2026\/04\/1982-porsche-911-sc-targa-3-0-1920x1920-1.jpg?resize=1080%2C1080&amp;ssl=1 1080w, https:\/\/i0.wp.com\/terjebjornstad.com\/no\/wp-content\/uploads\/2026\/04\/1982-porsche-911-sc-targa-3-0-1920x1920-1.jpg?resize=150%2C150&amp;ssl=1 150w, https:\/\/i0.wp.com\/terjebjornstad.com\/no\/wp-content\/uploads\/2026\/04\/1982-porsche-911-sc-targa-3-0-1920x1920-1.jpg?resize=768%2C768&amp;ssl=1 768w, https:\/\/i0.wp.com\/terjebjornstad.com\/no\/wp-content\/uploads\/2026\/04\/1982-porsche-911-sc-targa-3-0-1920x1920-1.jpg?resize=1536%2C1536&amp;ssl=1 1536w, https:\/\/i0.wp.com\/terjebjornstad.com\/no\/wp-content\/uploads\/2026\/04\/1982-porsche-911-sc-targa-3-0-1920x1920-1.jpg?resize=690%2C690&amp;ssl=1 690w, https:\/\/i0.wp.com\/terjebjornstad.com\/no\/wp-content\/uploads\/2026\/04\/1982-porsche-911-sc-targa-3-0-1920x1920-1.jpg?resize=980%2C980&amp;ssl=1 980w, https:\/\/i0.wp.com\/terjebjornstad.com\/no\/wp-content\/uploads\/2026\/04\/1982-porsche-911-sc-targa-3-0-1920x1920-1.jpg?resize=50%2C50&amp;ssl=1 50w\" sizes=\"auto, (max-width: 980px) 100vw, 980px\" \/><\/a><figcaption id=\"caption-attachment-92092\" class=\"wp-caption-text\">1982 Porsche 911 SC Targa.<\/figcaption><\/figure><br \/>\n&nbsp;<br \/>\n<strong>Om bildene (Carrera)<\/strong><\/p>\n<p>Den svarte bilen er spotted p\u00e5 en parkeringsplass i B\u00e6rum. Den hvite cabrioleten er fotografert i anledning et m\u00f8te i Norsk Sportsbil Klubb p\u00e5 Sj\u00f8flyhavna Kro, Fornebu. Den m\u00f8rke bl\u00e5 Coupe er ogs\u00e5 fotografert ved Sj\u00f8flyhavna kro. Den m\u00f8rke bl\u00e5 Targa er avbildet p\u00e5 en parkeringsplass i T\u00f8nsberg, 2025. Den gr\u00f8nne ved sj\u00f8flyet er en SC (Super Carerra) fotografert p\u00e5 Sj\u00f8flyhavna kro. Den r\u00f8de bilen med Marlboro-folie sto parkert ved det gamle flyt\u00e5rnet p\u00e5 Fornebu i 2025. Den hvite bilen med hekkspoiler ble sett ved en Kiwi-butikk i B\u00e6rum. Den hvite bilen foran sn\u00f8haugen sto parkert ved Destination X p\u00e5 Hellerudsletta utenfor Oslo.<\/p>\n\n<h3 class=\"tebh2ingreslbcenter\">911 Turbo (930)<\/h3>\n<p><figure id=\"attachment_4266\" aria-describedby=\"caption-attachment-4266\" style=\"width: 686px\" class=\"wp-caption aligncenter\"><a href=\"https:\/\/i0.wp.com\/terjebjornstad.com\/no\/wp-content\/uploads\/2016\/05\/porsche-911-carrera-1.png?ssl=1\"><img data-recalc-dims=\"1\" loading=\"lazy\" decoding=\"async\" data-attachment-id=\"4266\" data-permalink=\"https:\/\/terjebjornstad.com\/no\/2016\/05\/02\/cars-coffee-ovrevoll\/porsche-911-carrera-1\/\" data-orig-file=\"https:\/\/i0.wp.com\/terjebjornstad.com\/no\/wp-content\/uploads\/2016\/05\/porsche-911-carrera-1.png?fit=686%2C457&amp;ssl=1\" data-orig-size=\"686,457\" data-comments-opened=\"1\" data-image-meta=\"{&quot;aperture&quot;:&quot;0&quot;,&quot;credit&quot;:&quot;&quot;,&quot;camera&quot;:&quot;&quot;,&quot;caption&quot;:&quot;&quot;,&quot;created_timestamp&quot;:&quot;0&quot;,&quot;copyright&quot;:&quot;&quot;,&quot;focal_length&quot;:&quot;0&quot;,&quot;iso&quot;:&quot;0&quot;,&quot;shutter_speed&quot;:&quot;0&quot;,&quot;title&quot;:&quot;&quot;,&quot;orientation&quot;:&quot;0&quot;}\" data-image-title=\"porsche-911-carrera-1\" data-image-description=\"\" data-image-caption=\"&lt;p&gt;1983 Porsche 911 Carrera Turbo.&lt;\/p&gt;\n\" data-large-file=\"https:\/\/i0.wp.com\/terjebjornstad.com\/no\/wp-content\/uploads\/2016\/05\/porsche-911-carrera-1.png?fit=686%2C457&amp;ssl=1\" src=\"https:\/\/i0.wp.com\/terjebjornstad.com\/no\/wp-content\/uploads\/2016\/05\/porsche-911-carrera-1.png?resize=686%2C457&#038;ssl=1\" alt=\"911 turbo\" width=\"686\" height=\"457\" class=\"size-full wp-image-4266\" srcset=\"https:\/\/i0.wp.com\/terjebjornstad.com\/no\/wp-content\/uploads\/2016\/05\/porsche-911-carrera-1.png?w=686&amp;ssl=1 686w, https:\/\/i0.wp.com\/terjebjornstad.com\/no\/wp-content\/uploads\/2016\/05\/porsche-911-carrera-1.png?resize=300%2C200&amp;ssl=1 300w\" sizes=\"auto, (max-width: 686px) 100vw, 686px\" \/><\/a><figcaption id=\"caption-attachment-4266\" class=\"wp-caption-text\">1983 Porsche 911 Carrera (antatt) Turbo.<\/figcaption><\/figure><br \/>\n&nbsp;<br \/>\n<figure id=\"attachment_4268\" aria-describedby=\"caption-attachment-4268\" style=\"width: 686px\" class=\"wp-caption aligncenter\"><a href=\"https:\/\/terjebjornstad.com\/no\/2016\/05\/02\/cars-coffee-ovrevoll\/\"><img data-recalc-dims=\"1\" loading=\"lazy\" decoding=\"async\" data-attachment-id=\"4268\" data-permalink=\"https:\/\/terjebjornstad.com\/no\/2016\/05\/02\/cars-coffee-ovrevoll\/porsche-911-carrera-5\/\" data-orig-file=\"https:\/\/i0.wp.com\/terjebjornstad.com\/no\/wp-content\/uploads\/2016\/05\/porsche-911-carrera-5.png?fit=686%2C457&amp;ssl=1\" data-orig-size=\"686,457\" data-comments-opened=\"1\" data-image-meta=\"{&quot;aperture&quot;:&quot;0&quot;,&quot;credit&quot;:&quot;&quot;,&quot;camera&quot;:&quot;&quot;,&quot;caption&quot;:&quot;&quot;,&quot;created_timestamp&quot;:&quot;0&quot;,&quot;copyright&quot;:&quot;&quot;,&quot;focal_length&quot;:&quot;0&quot;,&quot;iso&quot;:&quot;0&quot;,&quot;shutter_speed&quot;:&quot;0&quot;,&quot;title&quot;:&quot;&quot;,&quot;orientation&quot;:&quot;0&quot;}\" data-image-title=\"porsche-911-carrera-5\" data-image-description=\"\" data-image-caption=\"&lt;p&gt;80-talls Porsche&lt;\/p&gt;\n\" data-large-file=\"https:\/\/i0.wp.com\/terjebjornstad.com\/no\/wp-content\/uploads\/2016\/05\/porsche-911-carrera-5.png?fit=686%2C457&amp;ssl=1\" src=\"https:\/\/i0.wp.com\/terjebjornstad.com\/no\/wp-content\/uploads\/2016\/05\/porsche-911-carrera-5.png?resize=686%2C457&#038;ssl=1\" alt=\"1983 Porsche 911 Carrera Turbo. Denne 911'en har de korrekte felgene i behold (Akershus NO, 2016).\" width=\"686\" height=\"457\" class=\"size-full wp-image-4268\" srcset=\"https:\/\/i0.wp.com\/terjebjornstad.com\/no\/wp-content\/uploads\/2016\/05\/porsche-911-carrera-5.png?w=686&amp;ssl=1 686w, https:\/\/i0.wp.com\/terjebjornstad.com\/no\/wp-content\/uploads\/2016\/05\/porsche-911-carrera-5.png?resize=300%2C200&amp;ssl=1 300w\" sizes=\"auto, (max-width: 686px) 100vw, 686px\" \/><\/a><figcaption id=\"caption-attachment-4268\" class=\"wp-caption-text\">1983 Porsche 911 Carrera (Akershus NO, 2016).<\/figcaption><\/figure><br \/>\n&nbsp;<br \/>\n<figure id=\"attachment_4267\" aria-describedby=\"caption-attachment-4267\" style=\"width: 686px\" class=\"wp-caption aligncenter\"><a href=\"https:\/\/i0.wp.com\/terjebjornstad.com\/no\/wp-content\/uploads\/2016\/05\/porsche-911-carrera-3.png?ssl=1\"><img data-recalc-dims=\"1\" loading=\"lazy\" decoding=\"async\" data-attachment-id=\"4267\" data-permalink=\"https:\/\/terjebjornstad.com\/no\/2016\/05\/02\/cars-coffee-ovrevoll\/porsche-911-carrera-3\/\" data-orig-file=\"https:\/\/i0.wp.com\/terjebjornstad.com\/no\/wp-content\/uploads\/2016\/05\/porsche-911-carrera-3.png?fit=686%2C457&amp;ssl=1\" data-orig-size=\"686,457\" data-comments-opened=\"1\" data-image-meta=\"{&quot;aperture&quot;:&quot;0&quot;,&quot;credit&quot;:&quot;&quot;,&quot;camera&quot;:&quot;&quot;,&quot;caption&quot;:&quot;&quot;,&quot;created_timestamp&quot;:&quot;0&quot;,&quot;copyright&quot;:&quot;&quot;,&quot;focal_length&quot;:&quot;0&quot;,&quot;iso&quot;:&quot;0&quot;,&quot;shutter_speed&quot;:&quot;0&quot;,&quot;title&quot;:&quot;&quot;,&quot;orientation&quot;:&quot;0&quot;}\" data-image-title=\"porsche-911-carrera-3\" data-image-description=\"\" data-image-caption=\"&lt;p&gt;80-talls Porsche 911&lt;\/p&gt;\n\" data-large-file=\"https:\/\/i0.wp.com\/terjebjornstad.com\/no\/wp-content\/uploads\/2016\/05\/porsche-911-carrera-3.png?fit=686%2C457&amp;ssl=1\" src=\"https:\/\/i0.wp.com\/terjebjornstad.com\/no\/wp-content\/uploads\/2016\/05\/porsche-911-carrera-3.png?resize=686%2C457&#038;ssl=1\" alt=\"porsche 930\" width=\"686\" height=\"457\" class=\"size-full wp-image-4267\" srcset=\"https:\/\/i0.wp.com\/terjebjornstad.com\/no\/wp-content\/uploads\/2016\/05\/porsche-911-carrera-3.png?w=686&amp;ssl=1 686w, https:\/\/i0.wp.com\/terjebjornstad.com\/no\/wp-content\/uploads\/2016\/05\/porsche-911-carrera-3.png?resize=300%2C200&amp;ssl=1 300w\" sizes=\"auto, (max-width: 686px) 100vw, 686px\" \/><\/a><figcaption id=\"caption-attachment-4267\" class=\"wp-caption-text\">Porsche 911 &laquo;hval&raquo; spoiler<\/figcaption><\/figure><br \/>\n&nbsp;<br \/>\n<figure id=\"attachment_59819\" aria-describedby=\"caption-attachment-59819\" style=\"width: 1692px\" class=\"wp-caption aligncenter\"><a href=\"https:\/\/i0.wp.com\/terjebjornstad.com\/no\/wp-content\/uploads\/2023\/05\/porsche-turbo-with-spoiler-1692x1129-1.jpeg?ssl=1\"><img data-recalc-dims=\"1\" loading=\"lazy\" decoding=\"async\" data-attachment-id=\"59819\" data-permalink=\"https:\/\/terjebjornstad.com\/no\/1983-porsche-911\/porsche-turbo-with-spoiler-1692x1129\/\" data-orig-file=\"https:\/\/i0.wp.com\/terjebjornstad.com\/no\/wp-content\/uploads\/2023\/05\/porsche-turbo-with-spoiler-1692x1129-1.jpeg?fit=1692%2C1129&amp;ssl=1\" data-orig-size=\"1692,1129\" data-comments-opened=\"1\" data-image-meta=\"{&quot;aperture&quot;:&quot;0&quot;,&quot;credit&quot;:&quot;&quot;,&quot;camera&quot;:&quot;&quot;,&quot;caption&quot;:&quot;&quot;,&quot;created_timestamp&quot;:&quot;0&quot;,&quot;copyright&quot;:&quot;&quot;,&quot;focal_length&quot;:&quot;0&quot;,&quot;iso&quot;:&quot;0&quot;,&quot;shutter_speed&quot;:&quot;0&quot;,&quot;title&quot;:&quot;&quot;,&quot;orientation&quot;:&quot;0&quot;}\" data-image-title=\"porsche-turbo-with-spoiler-1692&amp;#215;1129\" data-image-description=\"\" data-image-caption=\"&lt;p&gt;Porsche 911 930 Turbo med stor hekkspoiler&lt;\/p&gt;\n\" data-large-file=\"https:\/\/i0.wp.com\/terjebjornstad.com\/no\/wp-content\/uploads\/2023\/05\/porsche-turbo-with-spoiler-1692x1129-1.jpeg?fit=980%2C654&amp;ssl=1\" src=\"https:\/\/i0.wp.com\/terjebjornstad.com\/no\/wp-content\/uploads\/2023\/05\/porsche-turbo-with-spoiler-1692x1129-1.jpeg?resize=980%2C654&#038;ssl=1\" alt=\"\" width=\"980\" height=\"654\" class=\"size-full wp-image-59819\" srcset=\"https:\/\/i0.wp.com\/terjebjornstad.com\/no\/wp-content\/uploads\/2023\/05\/porsche-turbo-with-spoiler-1692x1129-1.jpeg?w=1692&amp;ssl=1 1692w, https:\/\/i0.wp.com\/terjebjornstad.com\/no\/wp-content\/uploads\/2023\/05\/porsche-turbo-with-spoiler-1692x1129-1.jpeg?resize=300%2C200&amp;ssl=1 300w, https:\/\/i0.wp.com\/terjebjornstad.com\/no\/wp-content\/uploads\/2023\/05\/porsche-turbo-with-spoiler-1692x1129-1.jpeg?resize=1080%2C721&amp;ssl=1 1080w, https:\/\/i0.wp.com\/terjebjornstad.com\/no\/wp-content\/uploads\/2023\/05\/porsche-turbo-with-spoiler-1692x1129-1.jpeg?resize=768%2C512&amp;ssl=1 768w, https:\/\/i0.wp.com\/terjebjornstad.com\/no\/wp-content\/uploads\/2023\/05\/porsche-turbo-with-spoiler-1692x1129-1.jpeg?resize=1536%2C1025&amp;ssl=1 1536w, https:\/\/i0.wp.com\/terjebjornstad.com\/no\/wp-content\/uploads\/2023\/05\/porsche-turbo-with-spoiler-1692x1129-1.jpeg?resize=690%2C460&amp;ssl=1 690w, https:\/\/i0.wp.com\/terjebjornstad.com\/no\/wp-content\/uploads\/2023\/05\/porsche-turbo-with-spoiler-1692x1129-1.jpeg?resize=980%2C654&amp;ssl=1 980w\" sizes=\"auto, (max-width: 980px) 100vw, 980px\" \/><\/a><figcaption id=\"caption-attachment-59819\" class=\"wp-caption-text\">Porsche 911 930 Turbo med stor hekkspoiler<\/figcaption><\/figure><\/p>\n<p><figure id=\"attachment_59827\" aria-describedby=\"caption-attachment-59827\" style=\"width: 1583px\" class=\"wp-caption aligncenter\"><a href=\"https:\/\/i0.wp.com\/terjebjornstad.com\/no\/wp-content\/uploads\/2023\/05\/porsche-turbo-with-spoiler-1583x1583-1.jpeg?ssl=1\"><img data-recalc-dims=\"1\" loading=\"lazy\" decoding=\"async\" data-attachment-id=\"59827\" data-permalink=\"https:\/\/terjebjornstad.com\/no\/1983-porsche-911\/porsche-turbo-with-spoiler-1583x1583\/\" data-orig-file=\"https:\/\/i0.wp.com\/terjebjornstad.com\/no\/wp-content\/uploads\/2023\/05\/porsche-turbo-with-spoiler-1583x1583-1.jpeg?fit=1583%2C1584&amp;ssl=1\" data-orig-size=\"1583,1584\" data-comments-opened=\"1\" data-image-meta=\"{&quot;aperture&quot;:&quot;0&quot;,&quot;credit&quot;:&quot;&quot;,&quot;camera&quot;:&quot;&quot;,&quot;caption&quot;:&quot;&quot;,&quot;created_timestamp&quot;:&quot;0&quot;,&quot;copyright&quot;:&quot;&quot;,&quot;focal_length&quot;:&quot;0&quot;,&quot;iso&quot;:&quot;0&quot;,&quot;shutter_speed&quot;:&quot;0&quot;,&quot;title&quot;:&quot;&quot;,&quot;orientation&quot;:&quot;1&quot;}\" data-image-title=\"porsche-turbo-with-spoiler-1583&amp;#215;1583\" data-image-description=\"\" data-image-caption=\"&lt;p&gt;Porsche 911 930 Turbo med sin klassiske hekkspoiler&lt;\/p&gt;\n\" data-large-file=\"https:\/\/i0.wp.com\/terjebjornstad.com\/no\/wp-content\/uploads\/2023\/05\/porsche-turbo-with-spoiler-1583x1583-1.jpeg?fit=980%2C980&amp;ssl=1\" src=\"https:\/\/i0.wp.com\/terjebjornstad.com\/no\/wp-content\/uploads\/2023\/05\/porsche-turbo-with-spoiler-1583x1583-1.jpeg?resize=980%2C981&#038;ssl=1\" alt=\"\" width=\"980\" height=\"981\" class=\"size-full wp-image-59827\" srcset=\"https:\/\/i0.wp.com\/terjebjornstad.com\/no\/wp-content\/uploads\/2023\/05\/porsche-turbo-with-spoiler-1583x1583-1.jpeg?w=1583&amp;ssl=1 1583w, https:\/\/i0.wp.com\/terjebjornstad.com\/no\/wp-content\/uploads\/2023\/05\/porsche-turbo-with-spoiler-1583x1583-1.jpeg?resize=300%2C300&amp;ssl=1 300w, https:\/\/i0.wp.com\/terjebjornstad.com\/no\/wp-content\/uploads\/2023\/05\/porsche-turbo-with-spoiler-1583x1583-1.jpeg?resize=1080%2C1080&amp;ssl=1 1080w, https:\/\/i0.wp.com\/terjebjornstad.com\/no\/wp-content\/uploads\/2023\/05\/porsche-turbo-with-spoiler-1583x1583-1.jpeg?resize=150%2C150&amp;ssl=1 150w, https:\/\/i0.wp.com\/terjebjornstad.com\/no\/wp-content\/uploads\/2023\/05\/porsche-turbo-with-spoiler-1583x1583-1.jpeg?resize=768%2C768&amp;ssl=1 768w, https:\/\/i0.wp.com\/terjebjornstad.com\/no\/wp-content\/uploads\/2023\/05\/porsche-turbo-with-spoiler-1583x1583-1.jpeg?resize=1536%2C1536&amp;ssl=1 1536w, https:\/\/i0.wp.com\/terjebjornstad.com\/no\/wp-content\/uploads\/2023\/05\/porsche-turbo-with-spoiler-1583x1583-1.jpeg?resize=690%2C690&amp;ssl=1 690w, https:\/\/i0.wp.com\/terjebjornstad.com\/no\/wp-content\/uploads\/2023\/05\/porsche-turbo-with-spoiler-1583x1583-1.jpeg?resize=980%2C981&amp;ssl=1 980w, https:\/\/i0.wp.com\/terjebjornstad.com\/no\/wp-content\/uploads\/2023\/05\/porsche-turbo-with-spoiler-1583x1583-1.jpeg?resize=50%2C50&amp;ssl=1 50w\" sizes=\"auto, (max-width: 980px) 100vw, 980px\" \/><\/a><figcaption id=\"caption-attachment-59827\" class=\"wp-caption-text\">Porsche 911 930 Turbo med sin klassiske hekkspoiler<\/figcaption><\/figure><br \/>\n&nbsp;<br \/>\nEt kjennetegn for at en Porsche 911 tilh\u00f8rer den opprinnelige Porsche 930-serien er at man finner &laquo;93&raquo; i bilens VIN number i posisjon 4 og 5 &#8211; eller 7 og 8. Den r\u00f8de bilen har ikke angitt dette i sitt VIN-nummer, men har breddede bakskjermer og &laquo;hval&raquo; spoiler som kjennetegner Porsche 930.<br \/>\n&nbsp;<br \/>\n<strong>Om bildene (911 Turbo)<\/strong><\/p>\n<p>Den r\u00f8de bilen er fotografert i forbindelse med Cars &#038; coffee ved \u00d8vrevoll galopp og Norsk Sportsvogn Klubbs \u00e5rlige v\u00e5rm\u00f8nstringer p\u00e5 samme sted. Den svarte Porsche 930 er en 911 Turbo 3.3 fotografert p\u00e5 Porsche-treffet <em>Tra&#8217;Montagne<\/em> i St.Cyprien, Frankrike.<\/p>\n\n<h3 class=\"tebh2ingreslbcenter\">911 Backdated<\/h3>\n<p>Biler fra 1980-tallet er gode objekter for &laquo;restomod&raquo;. De har den originale, klassiske Porsche-profilen. Ved \u00e5 bygge opp bilene med moderne teknikk og 60- og 70-talls karosseridetaljer, f\u00e5r man frem det helt originale Porsche-spr\u00e5ket. Bilen i det f\u00f8rste bildet er en 1987-modell \u00abbackdated\u00bb. Det andre bildet er en 1983-modell som vi ikke kjenner s\u00e5 mye til, &#8211; men som fremst\u00e5r som backdated &#8211; i alle fall bygget med klassiske Porsche-komponenter.<br \/>\n&nbsp;<br \/>\n<figure id=\"attachment_75824\" aria-describedby=\"caption-attachment-75824\" style=\"width: 1920px\" class=\"wp-caption aligncenter\"><a href=\"https:\/\/i0.wp.com\/terjebjornstad.com\/no\/wp-content\/uploads\/2024\/10\/1987-porsche-911-3-2-l-backdated-1920x1440-1.jpg?ssl=1\"><img data-recalc-dims=\"1\" loading=\"lazy\" decoding=\"async\" data-attachment-id=\"75824\" data-permalink=\"https:\/\/terjebjornstad.com\/no\/2024\/10\/07\/sondagsfoto-biltreff-pa-kjopesenteret-carre-dor\/1987-porsche-911-3-2-l-backdated-1920x1440\/\" data-orig-file=\"https:\/\/i0.wp.com\/terjebjornstad.com\/no\/wp-content\/uploads\/2024\/10\/1987-porsche-911-3-2-l-backdated-1920x1440-1.jpg?fit=1920%2C1440&amp;ssl=1\" data-orig-size=\"1920,1440\" data-comments-opened=\"1\" data-image-meta=\"{&quot;aperture&quot;:&quot;0&quot;,&quot;credit&quot;:&quot;&quot;,&quot;camera&quot;:&quot;&quot;,&quot;caption&quot;:&quot;&quot;,&quot;created_timestamp&quot;:&quot;0&quot;,&quot;copyright&quot;:&quot;&quot;,&quot;focal_length&quot;:&quot;0&quot;,&quot;iso&quot;:&quot;0&quot;,&quot;shutter_speed&quot;:&quot;0&quot;,&quot;title&quot;:&quot;&quot;,&quot;orientation&quot;:&quot;0&quot;}\" data-image-title=\"1987-porsche-911-3-2-l-backdated-1920&amp;#215;1440\" data-image-description=\"\" data-image-caption=\"&lt;p&gt;Treffets fineste Porsche! 1987 Porsche 911 Backdated.&lt;\/p&gt;\n\" data-large-file=\"https:\/\/i0.wp.com\/terjebjornstad.com\/no\/wp-content\/uploads\/2024\/10\/1987-porsche-911-3-2-l-backdated-1920x1440-1.jpg?fit=980%2C735&amp;ssl=1\" src=\"https:\/\/i0.wp.com\/terjebjornstad.com\/no\/wp-content\/uploads\/2024\/10\/1987-porsche-911-3-2-l-backdated-1920x1440-1.jpg?resize=980%2C735&#038;ssl=1\" alt=\"911 930\" width=\"980\" height=\"735\" class=\"size-full wp-image-75824\" srcset=\"https:\/\/i0.wp.com\/terjebjornstad.com\/no\/wp-content\/uploads\/2024\/10\/1987-porsche-911-3-2-l-backdated-1920x1440-1.jpg?w=1920&amp;ssl=1 1920w, https:\/\/i0.wp.com\/terjebjornstad.com\/no\/wp-content\/uploads\/2024\/10\/1987-porsche-911-3-2-l-backdated-1920x1440-1.jpg?resize=300%2C225&amp;ssl=1 300w, https:\/\/i0.wp.com\/terjebjornstad.com\/no\/wp-content\/uploads\/2024\/10\/1987-porsche-911-3-2-l-backdated-1920x1440-1.jpg?resize=1080%2C810&amp;ssl=1 1080w, https:\/\/i0.wp.com\/terjebjornstad.com\/no\/wp-content\/uploads\/2024\/10\/1987-porsche-911-3-2-l-backdated-1920x1440-1.jpg?resize=768%2C576&amp;ssl=1 768w, https:\/\/i0.wp.com\/terjebjornstad.com\/no\/wp-content\/uploads\/2024\/10\/1987-porsche-911-3-2-l-backdated-1920x1440-1.jpg?resize=1536%2C1152&amp;ssl=1 1536w, https:\/\/i0.wp.com\/terjebjornstad.com\/no\/wp-content\/uploads\/2024\/10\/1987-porsche-911-3-2-l-backdated-1920x1440-1.jpg?resize=690%2C518&amp;ssl=1 690w, https:\/\/i0.wp.com\/terjebjornstad.com\/no\/wp-content\/uploads\/2024\/10\/1987-porsche-911-3-2-l-backdated-1920x1440-1.jpg?resize=980%2C735&amp;ssl=1 980w\" sizes=\"auto, (max-width: 980px) 100vw, 980px\" \/><\/a><figcaption id=\"caption-attachment-75824\" class=\"wp-caption-text\">Treffets fineste Porsche! 1987 Porsche 911 3.2 Backdated. <a href=\"https:\/\/ateliergobin.com\/porsche-backdating\/\"><strong>ateliergobin.com<\/strong><\/a>.<\/figcaption><\/figure><br \/>\n&nbsp;<br \/>\n<figure id=\"attachment_70598\" aria-describedby=\"caption-attachment-70598\" style=\"width: 1920px\" class=\"wp-caption aligncenter\"><a href=\"https:\/\/i0.wp.com\/terjebjornstad.com\/no\/wp-content\/uploads\/2024\/03\/porsche-911-perpi-1920x1280-1.jpg?ssl=1\"><img data-recalc-dims=\"1\" loading=\"lazy\" decoding=\"async\" data-attachment-id=\"70598\" data-permalink=\"https:\/\/terjebjornstad.com\/no\/1983-porsche-911\/porsche-911-perpi-1920x1280\/\" data-orig-file=\"https:\/\/i0.wp.com\/terjebjornstad.com\/no\/wp-content\/uploads\/2024\/03\/porsche-911-perpi-1920x1280-1.jpg?fit=1920%2C1280&amp;ssl=1\" data-orig-size=\"1920,1280\" data-comments-opened=\"1\" data-image-meta=\"{&quot;aperture&quot;:&quot;0&quot;,&quot;credit&quot;:&quot;&quot;,&quot;camera&quot;:&quot;&quot;,&quot;caption&quot;:&quot;&quot;,&quot;created_timestamp&quot;:&quot;0&quot;,&quot;copyright&quot;:&quot;&quot;,&quot;focal_length&quot;:&quot;0&quot;,&quot;iso&quot;:&quot;0&quot;,&quot;shutter_speed&quot;:&quot;0&quot;,&quot;title&quot;:&quot;&quot;,&quot;orientation&quot;:&quot;0&quot;}\" data-image-title=\"porsche-911-perpi-1920&amp;#215;1280\" data-image-description=\"\" data-image-caption=\"&lt;p&gt;1983 Porsche 911&lt;\/p&gt;\n\" data-large-file=\"https:\/\/i0.wp.com\/terjebjornstad.com\/no\/wp-content\/uploads\/2024\/03\/porsche-911-perpi-1920x1280-1.jpg?fit=980%2C653&amp;ssl=1\" src=\"https:\/\/i0.wp.com\/terjebjornstad.com\/no\/wp-content\/uploads\/2024\/03\/porsche-911-perpi-1920x1280-1.jpg?resize=980%2C653&#038;ssl=1\" alt=\"turbo 930\" width=\"980\" height=\"653\" class=\"size-full wp-image-70598\" srcset=\"https:\/\/i0.wp.com\/terjebjornstad.com\/no\/wp-content\/uploads\/2024\/03\/porsche-911-perpi-1920x1280-1.jpg?w=1920&amp;ssl=1 1920w, https:\/\/i0.wp.com\/terjebjornstad.com\/no\/wp-content\/uploads\/2024\/03\/porsche-911-perpi-1920x1280-1.jpg?resize=300%2C200&amp;ssl=1 300w, https:\/\/i0.wp.com\/terjebjornstad.com\/no\/wp-content\/uploads\/2024\/03\/porsche-911-perpi-1920x1280-1.jpg?resize=1080%2C720&amp;ssl=1 1080w, https:\/\/i0.wp.com\/terjebjornstad.com\/no\/wp-content\/uploads\/2024\/03\/porsche-911-perpi-1920x1280-1.jpg?resize=768%2C512&amp;ssl=1 768w, https:\/\/i0.wp.com\/terjebjornstad.com\/no\/wp-content\/uploads\/2024\/03\/porsche-911-perpi-1920x1280-1.jpg?resize=1536%2C1024&amp;ssl=1 1536w, https:\/\/i0.wp.com\/terjebjornstad.com\/no\/wp-content\/uploads\/2024\/03\/porsche-911-perpi-1920x1280-1.jpg?resize=690%2C460&amp;ssl=1 690w, https:\/\/i0.wp.com\/terjebjornstad.com\/no\/wp-content\/uploads\/2024\/03\/porsche-911-perpi-1920x1280-1.jpg?resize=980%2C653&amp;ssl=1 980w\" sizes=\"auto, (max-width: 980px) 100vw, 980px\" \/><\/a><figcaption id=\"caption-attachment-70598\" class=\"wp-caption-text\">1983 Porsche 911<\/figcaption><\/figure><br \/>\n&nbsp;<br \/>\n<strong>Om bildene<\/strong><br \/>\nDen bl\u00e5 og s\u00f8lvgr\u00e5 &laquo;backdated&raquo; variantene med franske, svarte skilter er fotografert p\u00e5 et biltreff i Perpignan. <\/p>\n<p>&nbsp;<br \/>\n<br \/>\n<figure id=\"attachment_58999\" aria-describedby=\"caption-attachment-58999\" style=\"width: 300px\" class=\"wp-caption aligncenter\"><a href=\"https:\/\/terjebjornstad.com\/no\/porsche\/\"><img data-recalc-dims=\"1\" loading=\"lazy\" decoding=\"async\" data-attachment-id=\"58999\" data-permalink=\"https:\/\/terjebjornstad.com\/no\/porsche\/porsche-logo-300x200\/\" data-orig-file=\"https:\/\/i0.wp.com\/terjebjornstad.com\/no\/wp-content\/uploads\/2023\/04\/porsche-logo-300x200-1.jpg?fit=300%2C200&amp;ssl=1\" data-orig-size=\"300,200\" data-comments-opened=\"1\" data-image-meta=\"{&quot;aperture&quot;:&quot;0&quot;,&quot;credit&quot;:&quot;&quot;,&quot;camera&quot;:&quot;&quot;,&quot;caption&quot;:&quot;&quot;,&quot;created_timestamp&quot;:&quot;0&quot;,&quot;copyright&quot;:&quot;&quot;,&quot;focal_length&quot;:&quot;0&quot;,&quot;iso&quot;:&quot;0&quot;,&quot;shutter_speed&quot;:&quot;0&quot;,&quot;title&quot;:&quot;&quot;,&quot;orientation&quot;:&quot;0&quot;}\" data-image-title=\"porsche-logo-300&amp;#215;200\" data-image-description=\"\" data-image-caption=\"&lt;p&gt;&amp;nbsp;&lt;\/p&gt;\n\" data-large-file=\"https:\/\/i0.wp.com\/terjebjornstad.com\/no\/wp-content\/uploads\/2023\/04\/porsche-logo-300x200-1.jpg?fit=300%2C200&amp;ssl=1\" src=\"https:\/\/i0.wp.com\/terjebjornstad.com\/no\/wp-content\/uploads\/2023\/04\/porsche-logo-300x200-1.jpg?resize=300%2C200&#038;ssl=1\" alt=\"\" width=\"300\" height=\"200\" class=\"size-full wp-image-58999\" \/><\/a><figcaption id=\"caption-attachment-58999\" class=\"wp-caption-text\">&nbsp;<\/figcaption><\/figure><\/p>\n<h3 class=\"tebh2\">Se ogs\u00e5<\/h3>\n<p><figure id=\"attachment_25286\" aria-describedby=\"caption-attachment-25286\" style=\"width: 150px\" class=\"wp-caption alignleft\"><a href=\"https:\/\/terjebjornstad.com\/no\/porsche-911-964\/\"><img data-recalc-dims=\"1\" loading=\"lazy\" decoding=\"async\" data-attachment-id=\"25286\" data-permalink=\"https:\/\/terjebjornstad.com\/no\/porsche-991-996\/porsche-911-964-24-1080x720\/\" data-orig-file=\"https:\/\/i0.wp.com\/terjebjornstad.com\/no\/wp-content\/uploads\/2019\/07\/porsche-911-964-24-1080x720.png?fit=1080%2C720&amp;ssl=1\" data-orig-size=\"1080,720\" data-comments-opened=\"1\" data-image-meta=\"{&quot;aperture&quot;:&quot;0&quot;,&quot;credit&quot;:&quot;&quot;,&quot;camera&quot;:&quot;&quot;,&quot;caption&quot;:&quot;&quot;,&quot;created_timestamp&quot;:&quot;0&quot;,&quot;copyright&quot;:&quot;&quot;,&quot;focal_length&quot;:&quot;0&quot;,&quot;iso&quot;:&quot;0&quot;,&quot;shutter_speed&quot;:&quot;0&quot;,&quot;title&quot;:&quot;&quot;,&quot;orientation&quot;:&quot;0&quot;}\" data-image-title=\"porsche-911-964-24-1080&amp;#215;720\" data-image-description=\"\" data-image-caption=\"&lt;p&gt;Porsche 911 cabriolet (964)&lt;\/p&gt;\n\" data-large-file=\"https:\/\/i0.wp.com\/terjebjornstad.com\/no\/wp-content\/uploads\/2019\/07\/porsche-911-964-24-1080x720.png?fit=980%2C653&amp;ssl=1\" src=\"https:\/\/i0.wp.com\/terjebjornstad.com\/no\/wp-content\/uploads\/2019\/07\/porsche-911-964-24-1080x720.png?resize=150%2C150&#038;ssl=1\" alt=\"porsche\" width=\"150\" height=\"150\" class=\"size-thumbnail wp-image-25286\" srcset=\"https:\/\/i0.wp.com\/terjebjornstad.com\/no\/wp-content\/uploads\/2019\/07\/porsche-911-964-24-1080x720.png?resize=150%2C150&amp;ssl=1 150w, https:\/\/i0.wp.com\/terjebjornstad.com\/no\/wp-content\/uploads\/2019\/07\/porsche-911-964-24-1080x720.png?resize=50%2C50&amp;ssl=1 50w, https:\/\/i0.wp.com\/terjebjornstad.com\/no\/wp-content\/uploads\/2019\/07\/porsche-911-964-24-1080x720.png?zoom=2&amp;resize=150%2C150&amp;ssl=1 300w, https:\/\/i0.wp.com\/terjebjornstad.com\/no\/wp-content\/uploads\/2019\/07\/porsche-911-964-24-1080x720.png?zoom=3&amp;resize=150%2C150&amp;ssl=1 450w\" sizes=\"auto, (max-width: 150px) 100vw, 150px\" \/><\/a><figcaption id=\"caption-attachment-25286\" class=\"wp-caption-text\">Porsche 911 cabriolet (964)<\/figcaption><\/figure><figure id=\"attachment_4429\" aria-describedby=\"caption-attachment-4429\" style=\"width: 150px\" class=\"wp-caption alignleft\"><a href=\"https:\/\/terjebjornstad.com\/no\/1973-porsche-911\/\"><img data-recalc-dims=\"1\" loading=\"lazy\" decoding=\"async\" data-attachment-id=\"4429\" data-permalink=\"https:\/\/terjebjornstad.com\/no\/2016\/05\/16\/folkevogn-pa-folkemuseet\/porsche-luftkjolt-1\/\" data-orig-file=\"https:\/\/i0.wp.com\/terjebjornstad.com\/no\/wp-content\/uploads\/2016\/05\/porsche-luftkjolt-1.png?fit=686%2C457&amp;ssl=1\" data-orig-size=\"686,457\" data-comments-opened=\"1\" data-image-meta=\"{&quot;aperture&quot;:&quot;0&quot;,&quot;credit&quot;:&quot;&quot;,&quot;camera&quot;:&quot;&quot;,&quot;caption&quot;:&quot;&quot;,&quot;created_timestamp&quot;:&quot;0&quot;,&quot;copyright&quot;:&quot;&quot;,&quot;focal_length&quot;:&quot;0&quot;,&quot;iso&quot;:&quot;0&quot;,&quot;shutter_speed&quot;:&quot;0&quot;,&quot;title&quot;:&quot;&quot;,&quot;orientation&quot;:&quot;0&quot;}\" data-image-title=\"porsche-luftkjolt-1\" data-image-description=\"\" data-image-caption=\"&lt;p&gt;70-talls Porsche 911&lt;\/p&gt;\n\" data-large-file=\"https:\/\/i0.wp.com\/terjebjornstad.com\/no\/wp-content\/uploads\/2016\/05\/porsche-luftkjolt-1.png?fit=686%2C457&amp;ssl=1\" src=\"https:\/\/i0.wp.com\/terjebjornstad.com\/no\/wp-content\/uploads\/2016\/05\/porsche-luftkjolt-1.png?resize=150%2C150&#038;ssl=1\" alt=\"porsche\" width=\"150\" height=\"150\" class=\"size-thumbnail wp-image-4429\" srcset=\"https:\/\/i0.wp.com\/terjebjornstad.com\/no\/wp-content\/uploads\/2016\/05\/porsche-luftkjolt-1.png?resize=150%2C150&amp;ssl=1 150w, https:\/\/i0.wp.com\/terjebjornstad.com\/no\/wp-content\/uploads\/2016\/05\/porsche-luftkjolt-1.png?resize=50%2C50&amp;ssl=1 50w, https:\/\/i0.wp.com\/terjebjornstad.com\/no\/wp-content\/uploads\/2016\/05\/porsche-luftkjolt-1.png?zoom=2&amp;resize=150%2C150&amp;ssl=1 300w, https:\/\/i0.wp.com\/terjebjornstad.com\/no\/wp-content\/uploads\/2016\/05\/porsche-luftkjolt-1.png?zoom=3&amp;resize=150%2C150&amp;ssl=1 450w\" sizes=\"auto, (max-width: 150px) 100vw, 150px\" \/><\/a><figcaption id=\"caption-attachment-4429\" class=\"wp-caption-text\">70-talls Porsche 911<\/figcaption><\/figure><\/p>\n<h6><\/h6>\n<\/div>\n","protected":false},"excerpt":{"rendered":"<p>Affordable Classics 80-talls Porsche er veteranbiler, og kan kj\u00f8pes eller importeres uten engangsavgift. Det gj\u00f8r at de er tilgjengelige som hobbybiler. Noen 80-talls Porsche er oppgradert og modifisert mens andre har beholdt sitt originale 80-talls preg. Det viktigste er jo at bilene er eid av Liebhabere, og ikke overlatt til forfall. Fikk \u00f8kt popularitet under [&hellip;]<\/p>\n","protected":false},"author":1,"featured_media":4268,"parent":0,"menu_order":0,"comment_status":"closed","ping_status":"closed","template":"templates\/full-width-page.php","meta":{"_monsterinsights_skip_tracking":false,"_monsterinsights_sitenote_active":false,"_monsterinsights_sitenote_note":"","_monsterinsights_sitenote_category":0,"jetpack_post_was_ever_published":false,"footnotes":""},"class_list":["post-5494","page","type-page","status-publish","has-post-thumbnail","hentry"],"yoast_head":"<!-- This site is optimized with the Yoast SEO plugin v27.5 - https:\/\/yoast.com\/product\/yoast-seo-wordpress\/ -->\n<title>Porsche 911 G-modell - Terjes biler - Popul\u00e6rte &quot;jappebiler&quot;<\/title>\n<meta name=\"description\" content=\"Porsche 1980 - Noen er oppgradert slik at de bare er 80-talls p\u00e5 papiret. Andre har beholdt sine originale 80-talls interi\u00f8r m.m.\" \/>\n<meta name=\"robots\" content=\"index, follow, max-snippet:-1, max-image-preview:large, max-video-preview:-1\" \/>\n<link rel=\"canonical\" href=\"https:\/\/terjebjornstad.com\/no\/1983-porsche-911\/\" \/>\n<meta property=\"og:locale\" content=\"nb_NO\" \/>\n<meta property=\"og:type\" content=\"article\" \/>\n<meta property=\"og:title\" content=\"Porsche 911 G-modell - Terjes biler - Popul\u00e6rte &quot;jappebiler&quot;\" \/>\n<meta property=\"og:description\" content=\"Porsche 1980 - Noen er oppgradert slik at de bare er 80-talls p\u00e5 papiret. Andre har beholdt sine originale 80-talls interi\u00f8r m.m.\" \/>\n<meta property=\"og:url\" content=\"https:\/\/terjebjornstad.com\/no\/1983-porsche-911\/\" \/>\n<meta property=\"og:site_name\" content=\"Terjes biler\" \/>\n<meta property=\"article:publisher\" content=\"https:\/\/www.facebook.com\/terjesbiler\/\" \/>\n<meta property=\"article:modified_time\" content=\"2026-04-02T21:59:30+00:00\" \/>\n<meta property=\"og:image\" content=\"https:\/\/terjebjornstad.com\/no\/wp-content\/uploads\/2016\/05\/porsche-911-carrera-5.png\" \/>\n\t<meta property=\"og:image:width\" content=\"686\" \/>\n\t<meta property=\"og:image:height\" content=\"457\" \/>\n\t<meta property=\"og:image:type\" content=\"image\/png\" \/>\n<meta name=\"twitter:card\" content=\"summary_large_image\" \/>\n<meta name=\"twitter:label1\" content=\"Ansl. lesetid\" \/>\n\t<meta name=\"twitter:data1\" content=\"9 minutter\" \/>\n<script type=\"application\/ld+json\" class=\"yoast-schema-graph\">{\"@context\":\"https:\\\/\\\/schema.org\",\"@graph\":[{\"@type\":\"WebPage\",\"@id\":\"https:\\\/\\\/terjebjornstad.com\\\/no\\\/1983-porsche-911\\\/\",\"url\":\"https:\\\/\\\/terjebjornstad.com\\\/no\\\/1983-porsche-911\\\/\",\"name\":\"Porsche 911 G-modell - Terjes biler - Popul\u00e6rte \\\"jappebiler\\\"\",\"isPartOf\":{\"@id\":\"https:\\\/\\\/terjebjornstad.com\\\/no\\\/#website\"},\"primaryImageOfPage\":{\"@id\":\"https:\\\/\\\/terjebjornstad.com\\\/no\\\/1983-porsche-911\\\/#primaryimage\"},\"image\":{\"@id\":\"https:\\\/\\\/terjebjornstad.com\\\/no\\\/1983-porsche-911\\\/#primaryimage\"},\"thumbnailUrl\":\"https:\\\/\\\/i0.wp.com\\\/terjebjornstad.com\\\/no\\\/wp-content\\\/uploads\\\/2016\\\/05\\\/porsche-911-carrera-5.png?fit=686%2C457&ssl=1\",\"datePublished\":\"2016-06-22T15:32:12+00:00\",\"dateModified\":\"2026-04-02T21:59:30+00:00\",\"description\":\"Porsche 1980 - Noen er oppgradert slik at de bare er 80-talls p\u00e5 papiret. Andre har beholdt sine originale 80-talls interi\u00f8r m.m.\",\"breadcrumb\":{\"@id\":\"https:\\\/\\\/terjebjornstad.com\\\/no\\\/1983-porsche-911\\\/#breadcrumb\"},\"inLanguage\":\"nb-NO\",\"potentialAction\":[{\"@type\":\"ReadAction\",\"target\":[\"https:\\\/\\\/terjebjornstad.com\\\/no\\\/1983-porsche-911\\\/\"]}]},{\"@type\":\"ImageObject\",\"inLanguage\":\"nb-NO\",\"@id\":\"https:\\\/\\\/terjebjornstad.com\\\/no\\\/1983-porsche-911\\\/#primaryimage\",\"url\":\"https:\\\/\\\/i0.wp.com\\\/terjebjornstad.com\\\/no\\\/wp-content\\\/uploads\\\/2016\\\/05\\\/porsche-911-carrera-5.png?fit=686%2C457&ssl=1\",\"contentUrl\":\"https:\\\/\\\/i0.wp.com\\\/terjebjornstad.com\\\/no\\\/wp-content\\\/uploads\\\/2016\\\/05\\\/porsche-911-carrera-5.png?fit=686%2C457&ssl=1\",\"width\":686,\"height\":457,\"caption\":\"80-talls Porsche\"},{\"@type\":\"BreadcrumbList\",\"@id\":\"https:\\\/\\\/terjebjornstad.com\\\/no\\\/1983-porsche-911\\\/#breadcrumb\",\"itemListElement\":[{\"@type\":\"ListItem\",\"position\":1,\"name\":\"Hjem\",\"item\":\"https:\\\/\\\/terjebjornstad.com\\\/no\\\/\"},{\"@type\":\"ListItem\",\"position\":2,\"name\":\"Porsche 911 G-modell\"}]},{\"@type\":\"WebSite\",\"@id\":\"https:\\\/\\\/terjebjornstad.com\\\/no\\\/#website\",\"url\":\"https:\\\/\\\/terjebjornstad.com\\\/no\\\/\",\"name\":\"Terjes biler\",\"description\":\"HONEST ABOUT CARS\",\"publisher\":{\"@id\":\"https:\\\/\\\/terjebjornstad.com\\\/no\\\/#organization\"},\"alternateName\":\"Terjebjornstad.com\",\"potentialAction\":[{\"@type\":\"SearchAction\",\"target\":{\"@type\":\"EntryPoint\",\"urlTemplate\":\"https:\\\/\\\/terjebjornstad.com\\\/no\\\/?s={search_term_string}\"},\"query-input\":{\"@type\":\"PropertyValueSpecification\",\"valueRequired\":true,\"valueName\":\"search_term_string\"}}],\"inLanguage\":\"nb-NO\"},{\"@type\":\"Organization\",\"@id\":\"https:\\\/\\\/terjebjornstad.com\\\/no\\\/#organization\",\"name\":\"Terje Bj\u00f8rnstad ENK\",\"url\":\"https:\\\/\\\/terjebjornstad.com\\\/no\\\/\",\"logo\":{\"@type\":\"ImageObject\",\"inLanguage\":\"nb-NO\",\"@id\":\"https:\\\/\\\/terjebjornstad.com\\\/no\\\/#\\\/schema\\\/logo\\\/image\\\/\",\"url\":\"https:\\\/\\\/i0.wp.com\\\/terjebjornstad.com\\\/no\\\/wp-content\\\/uploads\\\/2026\\\/02\\\/terjesbiler2024-960x354-1.png?fit=960%2C354&ssl=1\",\"contentUrl\":\"https:\\\/\\\/i0.wp.com\\\/terjebjornstad.com\\\/no\\\/wp-content\\\/uploads\\\/2026\\\/02\\\/terjesbiler2024-960x354-1.png?fit=960%2C354&ssl=1\",\"width\":960,\"height\":354,\"caption\":\"Terje Bj\u00f8rnstad ENK\"},\"image\":{\"@id\":\"https:\\\/\\\/terjebjornstad.com\\\/no\\\/#\\\/schema\\\/logo\\\/image\\\/\"},\"sameAs\":[\"https:\\\/\\\/www.facebook.com\\\/terjesbiler\\\/\",\"https:\\\/\\\/www.instagram.com\\\/terjesbiler\\\/\",\"https:\\\/\\\/www.pinteres.com\\\/terjebjrnstad\\\/terjes-biler\\\/\"]}]}<\/script>\n<!-- \/ Yoast SEO plugin. -->","yoast_head_json":{"title":"Porsche 911 G-modell - Terjes biler - Popul\u00e6rte \"jappebiler\"","description":"Porsche 1980 - Noen er oppgradert slik at de bare er 80-talls p\u00e5 papiret. Andre har beholdt sine originale 80-talls interi\u00f8r m.m.","robots":{"index":"index","follow":"follow","max-snippet":"max-snippet:-1","max-image-preview":"max-image-preview:large","max-video-preview":"max-video-preview:-1"},"canonical":"https:\/\/terjebjornstad.com\/no\/1983-porsche-911\/","og_locale":"nb_NO","og_type":"article","og_title":"Porsche 911 G-modell - Terjes biler - Popul\u00e6rte \"jappebiler\"","og_description":"Porsche 1980 - Noen er oppgradert slik at de bare er 80-talls p\u00e5 papiret. Andre har beholdt sine originale 80-talls interi\u00f8r m.m.","og_url":"https:\/\/terjebjornstad.com\/no\/1983-porsche-911\/","og_site_name":"Terjes biler","article_publisher":"https:\/\/www.facebook.com\/terjesbiler\/","article_modified_time":"2026-04-02T21:59:30+00:00","og_image":[{"width":686,"height":457,"url":"https:\/\/terjebjornstad.com\/no\/wp-content\/uploads\/2016\/05\/porsche-911-carrera-5.png","type":"image\/png"}],"twitter_card":"summary_large_image","twitter_misc":{"Ansl. lesetid":"9 minutter"},"schema":{"@context":"https:\/\/schema.org","@graph":[{"@type":"WebPage","@id":"https:\/\/terjebjornstad.com\/no\/1983-porsche-911\/","url":"https:\/\/terjebjornstad.com\/no\/1983-porsche-911\/","name":"Porsche 911 G-modell - Terjes biler - Popul\u00e6rte \"jappebiler\"","isPartOf":{"@id":"https:\/\/terjebjornstad.com\/no\/#website"},"primaryImageOfPage":{"@id":"https:\/\/terjebjornstad.com\/no\/1983-porsche-911\/#primaryimage"},"image":{"@id":"https:\/\/terjebjornstad.com\/no\/1983-porsche-911\/#primaryimage"},"thumbnailUrl":"https:\/\/i0.wp.com\/terjebjornstad.com\/no\/wp-content\/uploads\/2016\/05\/porsche-911-carrera-5.png?fit=686%2C457&ssl=1","datePublished":"2016-06-22T15:32:12+00:00","dateModified":"2026-04-02T21:59:30+00:00","description":"Porsche 1980 - Noen er oppgradert slik at de bare er 80-talls p\u00e5 papiret. Andre har beholdt sine originale 80-talls interi\u00f8r m.m.","breadcrumb":{"@id":"https:\/\/terjebjornstad.com\/no\/1983-porsche-911\/#breadcrumb"},"inLanguage":"nb-NO","potentialAction":[{"@type":"ReadAction","target":["https:\/\/terjebjornstad.com\/no\/1983-porsche-911\/"]}]},{"@type":"ImageObject","inLanguage":"nb-NO","@id":"https:\/\/terjebjornstad.com\/no\/1983-porsche-911\/#primaryimage","url":"https:\/\/i0.wp.com\/terjebjornstad.com\/no\/wp-content\/uploads\/2016\/05\/porsche-911-carrera-5.png?fit=686%2C457&ssl=1","contentUrl":"https:\/\/i0.wp.com\/terjebjornstad.com\/no\/wp-content\/uploads\/2016\/05\/porsche-911-carrera-5.png?fit=686%2C457&ssl=1","width":686,"height":457,"caption":"80-talls Porsche"},{"@type":"BreadcrumbList","@id":"https:\/\/terjebjornstad.com\/no\/1983-porsche-911\/#breadcrumb","itemListElement":[{"@type":"ListItem","position":1,"name":"Hjem","item":"https:\/\/terjebjornstad.com\/no\/"},{"@type":"ListItem","position":2,"name":"Porsche 911 G-modell"}]},{"@type":"WebSite","@id":"https:\/\/terjebjornstad.com\/no\/#website","url":"https:\/\/terjebjornstad.com\/no\/","name":"Terjes biler","description":"HONEST ABOUT CARS","publisher":{"@id":"https:\/\/terjebjornstad.com\/no\/#organization"},"alternateName":"Terjebjornstad.com","potentialAction":[{"@type":"SearchAction","target":{"@type":"EntryPoint","urlTemplate":"https:\/\/terjebjornstad.com\/no\/?s={search_term_string}"},"query-input":{"@type":"PropertyValueSpecification","valueRequired":true,"valueName":"search_term_string"}}],"inLanguage":"nb-NO"},{"@type":"Organization","@id":"https:\/\/terjebjornstad.com\/no\/#organization","name":"Terje Bj\u00f8rnstad ENK","url":"https:\/\/terjebjornstad.com\/no\/","logo":{"@type":"ImageObject","inLanguage":"nb-NO","@id":"https:\/\/terjebjornstad.com\/no\/#\/schema\/logo\/image\/","url":"https:\/\/i0.wp.com\/terjebjornstad.com\/no\/wp-content\/uploads\/2026\/02\/terjesbiler2024-960x354-1.png?fit=960%2C354&ssl=1","contentUrl":"https:\/\/i0.wp.com\/terjebjornstad.com\/no\/wp-content\/uploads\/2026\/02\/terjesbiler2024-960x354-1.png?fit=960%2C354&ssl=1","width":960,"height":354,"caption":"Terje Bj\u00f8rnstad ENK"},"image":{"@id":"https:\/\/terjebjornstad.com\/no\/#\/schema\/logo\/image\/"},"sameAs":["https:\/\/www.facebook.com\/terjesbiler\/","https:\/\/www.instagram.com\/terjesbiler\/","https:\/\/www.pinteres.com\/terjebjrnstad\/terjes-biler\/"]}]}},"jetpack_sharing_enabled":true,"jetpack_shortlink":"https:\/\/wp.me\/P48zYA-1qC","jetpack-related-posts":[{"id":5488,"url":"https:\/\/terjebjornstad.com\/no\/1973-porsche-911\/","url_meta":{"origin":5494,"position":0},"title":"Tidlige Porsche 911 Carrera","author":"Terje Bj\u00f8rnstad","date":"22\/06\/2016","format":false,"excerpt":"Et bildegalleri over Porsche Carrera \u00e5rsmodell 1970-1977. Modellhistorikk Alle 911-seriene i denne perioden hadde 6-sylindrede, luftavkj\u00f8lte boksermotorer. De f\u00f8rste 911-seriene ble angitt med bokstaver. For \u00e5rsmodell 1970 var Porsche kommet til C-modellen som hadde f\u00e5tt 2.2 liters motor og forlenget akselavstand. Fra \u00e5rsmodell 1972 (E-modellen) fikk motorene \u00f8kt slagvolum til\u2026","rel":"","context":"Liknende innlegg","block_context":{"text":"Liknende innlegg","link":""},"img":{"alt_text":"","src":"https:\/\/i0.wp.com\/terjebjornstad.com\/no\/wp-content\/uploads\/2024\/06\/porsche-911-targa-2253-1920x1440-1.jpg?resize=350%2C200&ssl=1","width":350,"height":200,"srcset":"https:\/\/i0.wp.com\/terjebjornstad.com\/no\/wp-content\/uploads\/2024\/06\/porsche-911-targa-2253-1920x1440-1.jpg?resize=350%2C200&ssl=1 1x, https:\/\/i0.wp.com\/terjebjornstad.com\/no\/wp-content\/uploads\/2024\/06\/porsche-911-targa-2253-1920x1440-1.jpg?resize=525%2C300&ssl=1 1.5x, https:\/\/i0.wp.com\/terjebjornstad.com\/no\/wp-content\/uploads\/2024\/06\/porsche-911-targa-2253-1920x1440-1.jpg?resize=700%2C400&ssl=1 2x, https:\/\/i0.wp.com\/terjebjornstad.com\/no\/wp-content\/uploads\/2024\/06\/porsche-911-targa-2253-1920x1440-1.jpg?resize=1050%2C600&ssl=1 3x, https:\/\/i0.wp.com\/terjebjornstad.com\/no\/wp-content\/uploads\/2024\/06\/porsche-911-targa-2253-1920x1440-1.jpg?resize=1400%2C800&ssl=1 4x"},"classes":[]},{"id":20746,"url":"https:\/\/terjebjornstad.com\/no\/porsche-911-964\/","url_meta":{"origin":5494,"position":1},"title":"Porsche 911 964","author":"Terje Bj\u00f8rnstad","date":"09\/12\/2018","format":false,"excerpt":"B\u00e6rer trekk fra tidlige 911-modeller Porsche 964 er i dag ikke bare veteranbil og klassiker, men ogs\u00e5 den siste modellen med tidlig 911-utseende. Om 964 ble det sagt at ingen tidligere 911-modell hadde f\u00e5tt like mange endringer, men det var f\u00f8r 966 kom. Den mest i\u00f8ynefallende endringen i forhold til\u2026","rel":"","context":"Liknende innlegg","block_context":{"text":"Liknende innlegg","link":""},"img":{"alt_text":"","src":"https:\/\/i0.wp.com\/terjebjornstad.com\/no\/wp-content\/uploads\/2018\/12\/porsche-964-09-1080x720.png?fit=1080%2C720&ssl=1&resize=350%2C200","width":350,"height":200,"srcset":"https:\/\/i0.wp.com\/terjebjornstad.com\/no\/wp-content\/uploads\/2018\/12\/porsche-964-09-1080x720.png?fit=1080%2C720&ssl=1&resize=350%2C200 1x, https:\/\/i0.wp.com\/terjebjornstad.com\/no\/wp-content\/uploads\/2018\/12\/porsche-964-09-1080x720.png?fit=1080%2C720&ssl=1&resize=525%2C300 1.5x, https:\/\/i0.wp.com\/terjebjornstad.com\/no\/wp-content\/uploads\/2018\/12\/porsche-964-09-1080x720.png?fit=1080%2C720&ssl=1&resize=700%2C400 2x, https:\/\/i0.wp.com\/terjebjornstad.com\/no\/wp-content\/uploads\/2018\/12\/porsche-964-09-1080x720.png?fit=1080%2C720&ssl=1&resize=1050%2C600 3x"},"classes":[]},{"id":70465,"url":"https:\/\/terjebjornstad.com\/no\/porsche-911-993\/","url_meta":{"origin":5494,"position":2},"title":"Porsche 911 (993)","author":"Terje Bj\u00f8rnstad","date":"14\/03\/2024","format":false,"excerpt":"Porsche 993 har mer moderne linjer enn 964, men man kan se at enkelte klassiske linjer fra 911-seriens tidlige \u00e5r er forsvunnet. Porsche 993 vs. 964 Porsche 993 etterfulgte Porsche 964 og if\u00f8lge Porsche besto 993 av 80% nye deler sammenlignet med forgjengeren. Ved f\u00f8rste \u00f8yekast kan det likevel v\u00e6re\u2026","rel":"","context":"Liknende innlegg","block_context":{"text":"Liknende innlegg","link":""},"img":{"alt_text":"","src":"https:\/\/i0.wp.com\/terjebjornstad.com\/no\/wp-content\/uploads\/2024\/03\/1998-porsche-911-4s-1920x1280-1.jpg?fit=1200%2C800&ssl=1&resize=350%2C200","width":350,"height":200,"srcset":"https:\/\/i0.wp.com\/terjebjornstad.com\/no\/wp-content\/uploads\/2024\/03\/1998-porsche-911-4s-1920x1280-1.jpg?fit=1200%2C800&ssl=1&resize=350%2C200 1x, https:\/\/i0.wp.com\/terjebjornstad.com\/no\/wp-content\/uploads\/2024\/03\/1998-porsche-911-4s-1920x1280-1.jpg?fit=1200%2C800&ssl=1&resize=525%2C300 1.5x, https:\/\/i0.wp.com\/terjebjornstad.com\/no\/wp-content\/uploads\/2024\/03\/1998-porsche-911-4s-1920x1280-1.jpg?fit=1200%2C800&ssl=1&resize=700%2C400 2x, https:\/\/i0.wp.com\/terjebjornstad.com\/no\/wp-content\/uploads\/2024\/03\/1998-porsche-911-4s-1920x1280-1.jpg?fit=1200%2C800&ssl=1&resize=1050%2C600 3x"},"classes":[]},{"id":5485,"url":"https:\/\/terjebjornstad.com\/no\/1959-porsche-356\/","url_meta":{"origin":5494,"position":3},"title":"Porsche 356","author":"Terje Bj\u00f8rnstad","date":"22\/06\/2016","format":false,"excerpt":"Tidlige Porscher var ingen superbiler. Bare velbygde, harmoniske og vakre gran-turismo biler med sportslige egenskaper. Modellhistorie Ferninand Porsche utformet som kjent Volkswagen Type 1 - folkevogna. F\u00f8r krigen rakk han ogs\u00e5 \u00e5 planlegge en ny, sportslig modell. For sin tid ekstremt aerodynamisk. En bil som kunne kj\u00f8res fort p\u00e5 de\u2026","rel":"","context":"Liknende innlegg","block_context":{"text":"Liknende innlegg","link":""},"img":{"alt_text":"","src":"https:\/\/i0.wp.com\/terjebjornstad.com\/no\/wp-content\/uploads\/2016\/05\/porsche-luftkjolt-5.png?fit=686%2C457&ssl=1&resize=350%2C200","width":350,"height":200,"srcset":"https:\/\/i0.wp.com\/terjebjornstad.com\/no\/wp-content\/uploads\/2016\/05\/porsche-luftkjolt-5.png?fit=686%2C457&ssl=1&resize=350%2C200 1x, https:\/\/i0.wp.com\/terjebjornstad.com\/no\/wp-content\/uploads\/2016\/05\/porsche-luftkjolt-5.png?fit=686%2C457&ssl=1&resize=525%2C300 1.5x"},"classes":[]},{"id":8273,"url":"https:\/\/terjebjornstad.com\/no\/porsche-914\/","url_meta":{"origin":5494,"position":4},"title":"VW-Porsche 914","author":"Terje Bj\u00f8rnstad","date":"01\/11\/2016","format":false,"excerpt":"Pressen kalte den for en \"folkeporsche\", en Porsche flere fikk r\u00e5d til \u00e5 kj\u00f8pe. Samarbeidet mellom Volkswagen og Porsche var reelt, men Porsche fryktet at modellen skulle \u00f8delegge Porsche som et statusmerke. Et reelt samarbeid Alle vet at det er tette b\u00e5nd mellom Volkswagen og Porsche. P\u00e5 slutten av 60-tallet\u2026","rel":"","context":"Liknende innlegg","block_context":{"text":"Liknende innlegg","link":""},"img":{"alt_text":"","src":"https:\/\/i0.wp.com\/terjebjornstad.com\/no\/wp-content\/uploads\/2022\/12\/porsche-914-1-1.jpg?fit=686%2C457&ssl=1&resize=350%2C200","width":350,"height":200,"srcset":"https:\/\/i0.wp.com\/terjebjornstad.com\/no\/wp-content\/uploads\/2022\/12\/porsche-914-1-1.jpg?fit=686%2C457&ssl=1&resize=350%2C200 1x, https:\/\/i0.wp.com\/terjebjornstad.com\/no\/wp-content\/uploads\/2022\/12\/porsche-914-1-1.jpg?fit=686%2C457&ssl=1&resize=525%2C300 1.5x"},"classes":[]},{"id":18072,"url":"https:\/\/terjebjornstad.com\/no\/porsche-991-996\/","url_meta":{"origin":5494,"position":5},"title":"Porsche 911 (996)","author":"Terje Bj\u00f8rnstad","date":"13\/07\/2018","format":false,"excerpt":"996-serien medf\u00f8rte flere endringer enn konservative 911-eiere var vant med fra tidligere. Men modellen la grunnlaget for en moderne 911 - og den f\u00f8rste GT3. Flere s\u00e6rpreg Porsche 911 996 ble produsert mellom 1997 og 2006. Det ble en 911 som mer enn noen annen skulle bryte med forgjengeren -\u2026","rel":"","context":"Liknende innlegg","block_context":{"text":"Liknende innlegg","link":""},"img":{"alt_text":"","src":"https:\/\/i0.wp.com\/terjebjornstad.com\/no\/wp-content\/uploads\/2018\/07\/porsche-911-996-1307-1080x720.png?fit=1080%2C720&ssl=1&resize=350%2C200","width":350,"height":200,"srcset":"https:\/\/i0.wp.com\/terjebjornstad.com\/no\/wp-content\/uploads\/2018\/07\/porsche-911-996-1307-1080x720.png?fit=1080%2C720&ssl=1&resize=350%2C200 1x, https:\/\/i0.wp.com\/terjebjornstad.com\/no\/wp-content\/uploads\/2018\/07\/porsche-911-996-1307-1080x720.png?fit=1080%2C720&ssl=1&resize=525%2C300 1.5x, https:\/\/i0.wp.com\/terjebjornstad.com\/no\/wp-content\/uploads\/2018\/07\/porsche-911-996-1307-1080x720.png?fit=1080%2C720&ssl=1&resize=700%2C400 2x, https:\/\/i0.wp.com\/terjebjornstad.com\/no\/wp-content\/uploads\/2018\/07\/porsche-911-996-1307-1080x720.png?fit=1080%2C720&ssl=1&resize=1050%2C600 3x"},"classes":[]}],"_links":{"self":[{"href":"https:\/\/terjebjornstad.com\/no\/wp-json\/wp\/v2\/pages\/5494","targetHints":{"allow":["GET"]}}],"collection":[{"href":"https:\/\/terjebjornstad.com\/no\/wp-json\/wp\/v2\/pages"}],"about":[{"href":"https:\/\/terjebjornstad.com\/no\/wp-json\/wp\/v2\/types\/page"}],"author":[{"embeddable":true,"href":"https:\/\/terjebjornstad.com\/no\/wp-json\/wp\/v2\/users\/1"}],"replies":[{"embeddable":true,"href":"https:\/\/terjebjornstad.com\/no\/wp-json\/wp\/v2\/comments?post=5494"}],"version-history":[{"count":61,"href":"https:\/\/terjebjornstad.com\/no\/wp-json\/wp\/v2\/pages\/5494\/revisions"}],"predecessor-version":[{"id":92102,"href":"https:\/\/terjebjornstad.com\/no\/wp-json\/wp\/v2\/pages\/5494\/revisions\/92102"}],"wp:featuredmedia":[{"embeddable":true,"href":"https:\/\/terjebjornstad.com\/no\/wp-json\/wp\/v2\/media\/4268"}],"wp:attachment":[{"href":"https:\/\/terjebjornstad.com\/no\/wp-json\/wp\/v2\/media?parent=5494"}],"curies":[{"name":"wp","href":"https:\/\/api.w.org\/{rel}","templated":true}]}}