{"id":5485,"date":"2016-06-22T15:23:34","date_gmt":"2016-06-22T15:23:34","guid":{"rendered":"http:\/\/terjebjornstad.com\/no\/?page_id=5485"},"modified":"2026-02-11T14:54:05","modified_gmt":"2026-02-11T13:54:05","slug":"1959-porsche-356","status":"publish","type":"page","link":"https:\/\/terjebjornstad.com\/no\/1959-porsche-356\/","title":{"rendered":"Porsche 356"},"content":{"rendered":"<div class=\"copy_teb\"><figure id=\"attachment_26367\" aria-describedby=\"caption-attachment-26367\" style=\"width: 1080px\" class=\"wp-caption aligncenter\"><a href=\"https:\/\/i0.wp.com\/terjebjornstad.com\/no\/wp-content\/uploads\/2019\/09\/red-aircooled-1080x720.png?ssl=1\"><img data-recalc-dims=\"1\" loading=\"lazy\" decoding=\"async\" data-attachment-id=\"26367\" data-permalink=\"https:\/\/terjebjornstad.com\/no\/2019\/09\/25\/herbie-i-tossa-de-mar\/red-aircooled-1080x720\/\" data-orig-file=\"https:\/\/i0.wp.com\/terjebjornstad.com\/no\/wp-content\/uploads\/2019\/09\/red-aircooled-1080x720.png?fit=1080%2C720&amp;ssl=1\" data-orig-size=\"1080,720\" data-comments-opened=\"1\" data-image-meta=\"{&quot;aperture&quot;:&quot;0&quot;,&quot;credit&quot;:&quot;&quot;,&quot;camera&quot;:&quot;&quot;,&quot;caption&quot;:&quot;&quot;,&quot;created_timestamp&quot;:&quot;0&quot;,&quot;copyright&quot;:&quot;&quot;,&quot;focal_length&quot;:&quot;0&quot;,&quot;iso&quot;:&quot;0&quot;,&quot;shutter_speed&quot;:&quot;0&quot;,&quot;title&quot;:&quot;&quot;,&quot;orientation&quot;:&quot;0&quot;}\" data-image-title=\"red-aircooled-1080&amp;#215;720\" data-image-description=\"\" data-image-caption=\"&lt;p&gt;Tidlig Porsche og Volkswagen. Man ser famlielikheten klart.&lt;\/p&gt;\n\" data-large-file=\"https:\/\/i0.wp.com\/terjebjornstad.com\/no\/wp-content\/uploads\/2019\/09\/red-aircooled-1080x720.png?fit=980%2C653&amp;ssl=1\" src=\"https:\/\/i0.wp.com\/terjebjornstad.com\/no\/wp-content\/uploads\/2019\/09\/red-aircooled-1080x720.png?resize=980%2C653&#038;ssl=1\" alt=\"\" width=\"980\" height=\"653\" class=\"size-full wp-image-26367\" srcset=\"https:\/\/i0.wp.com\/terjebjornstad.com\/no\/wp-content\/uploads\/2019\/09\/red-aircooled-1080x720.png?resize=1080%2C720&amp;ssl=1 1080w, https:\/\/i0.wp.com\/terjebjornstad.com\/no\/wp-content\/uploads\/2019\/09\/red-aircooled-1080x720.png?resize=300%2C200&amp;ssl=1 300w, https:\/\/i0.wp.com\/terjebjornstad.com\/no\/wp-content\/uploads\/2019\/09\/red-aircooled-1080x720.png?resize=768%2C512&amp;ssl=1 768w, https:\/\/i0.wp.com\/terjebjornstad.com\/no\/wp-content\/uploads\/2019\/09\/red-aircooled-1080x720.png?resize=690%2C460&amp;ssl=1 690w, https:\/\/i0.wp.com\/terjebjornstad.com\/no\/wp-content\/uploads\/2019\/09\/red-aircooled-1080x720.png?resize=980%2C653&amp;ssl=1 980w\" sizes=\"auto, (max-width: 980px) 100vw, 980px\" \/><\/a><figcaption id=\"caption-attachment-26367\" class=\"wp-caption-text\">Porsche 356 Cabriolet og Volkswagen. Man ser famlielikheten klart.<\/figcaption><\/figure><\/p>\n<blockquote><p>Tidlige Porscher var ingen superbiler. Bare velbygde, harmoniske og vakre gran-turismo biler med sportslige egenskaper.<\/p><\/blockquote>\n\n<h3 class=\"tebh2\">Modellhistorie<\/h3>\n<p>Ferninand Porsche utformet som kjent Volkswagen Type 1 &#8211; folkevogna. F\u00f8r krigen rakk han ogs\u00e5 \u00e5 planlegge en ny, sportslig modell. For sin tid ekstremt aerodynamisk. En bil som kunne kj\u00f8res fort p\u00e5 de tyske autobahn-strekningene. Etter krigen kom arbeidet i gang. Porsche 356 ble produsert fra 1950 til 1965 i 4 serier. <\/p>\n<ul>\n<li>Pre-A, 1950 &#8211; 1954<\/li>\n<li>356A, 1955 &#8211; 1959<\/li>\n<li>356B, 1960 &#8211; 1963<\/li>\n<li>356C, 1963 &#8211; 1965<\/li>\n<\/ul>\n<p>Den siste serien, 356C, ble produsert parallelt med den da helt nye 911 modellen. Man m\u00e5 v\u00e6re litt av en ekspert for \u00e5 finne visuelle endringer mellom de ulike seriene av Porsche 356. 356 Pre-A er lett gjenkjennelig fordi den har en frontrute med &laquo;knekk&raquo; p\u00e5 midten. Man kan ogs\u00e5 noks\u00e5 enkelt finne forskjellene mellom 356A og senere modeller. Legg merke til f\u00f8lgende detaljer:<\/p>\n<ul>\n<li>smalere kromlist p\u00e5 panseret <\/li>\n<li>oversiden av framskjermene buer seg mer<\/li>\n<li>luftehullene ved blinklysene foran <\/li>\n<li>doble luftinntak bak fra modell\u00e5r 1962<\/li>\n<\/ul>\n<p><a href=\"https:\/\/porsche356registry.org\/content.aspx?page_id=22&#038;club_id=579966&#038;module_id=479167\" target=\"_blank\" rel=\"noopener\"><strong>Spotter&#8217;s Guide to the 356 Models<\/strong><\/a><\/p>\n<p>&nbsp;<br \/>\n<figure id=\"attachment_4432\" aria-describedby=\"caption-attachment-4432\" style=\"width: 686px\" class=\"wp-caption aligncenter\"><a href=\"https:\/\/i0.wp.com\/terjebjornstad.com\/no\/wp-content\/uploads\/2016\/05\/porsche-luftkjolt-7.png?ssl=1\"><img data-recalc-dims=\"1\" loading=\"lazy\" decoding=\"async\" data-attachment-id=\"4432\" data-permalink=\"https:\/\/terjebjornstad.com\/no\/2016\/05\/16\/folkevogn-pa-folkemuseet\/porsche-luftkjolt-7\/\" data-orig-file=\"https:\/\/i0.wp.com\/terjebjornstad.com\/no\/wp-content\/uploads\/2016\/05\/porsche-luftkjolt-7.png?fit=686%2C544&amp;ssl=1\" data-orig-size=\"686,544\" data-comments-opened=\"1\" data-image-meta=\"{&quot;aperture&quot;:&quot;0&quot;,&quot;credit&quot;:&quot;&quot;,&quot;camera&quot;:&quot;&quot;,&quot;caption&quot;:&quot;&quot;,&quot;created_timestamp&quot;:&quot;0&quot;,&quot;copyright&quot;:&quot;&quot;,&quot;focal_length&quot;:&quot;0&quot;,&quot;iso&quot;:&quot;0&quot;,&quot;shutter_speed&quot;:&quot;0&quot;,&quot;title&quot;:&quot;&quot;,&quot;orientation&quot;:&quot;0&quot;}\" data-image-title=\"porsche-luftkjolt-7\" data-image-description=\"\" data-image-caption=\"&lt;p&gt;1959 Porsche 356 75 HK (Oslo NO, 2016). &lt;\/p&gt;\n\" data-large-file=\"https:\/\/i0.wp.com\/terjebjornstad.com\/no\/wp-content\/uploads\/2016\/05\/porsche-luftkjolt-7.png?fit=686%2C544&amp;ssl=1\" src=\"https:\/\/i0.wp.com\/terjebjornstad.com\/no\/wp-content\/uploads\/2016\/05\/porsche-luftkjolt-7.png?resize=686%2C544&#038;ssl=1\" alt=\"\" width=\"686\" height=\"544\" class=\"size-full wp-image-4432\" srcset=\"https:\/\/i0.wp.com\/terjebjornstad.com\/no\/wp-content\/uploads\/2016\/05\/porsche-luftkjolt-7.png?w=686&amp;ssl=1 686w, https:\/\/i0.wp.com\/terjebjornstad.com\/no\/wp-content\/uploads\/2016\/05\/porsche-luftkjolt-7.png?resize=300%2C238&amp;ssl=1 300w\" sizes=\"auto, (max-width: 686px) 100vw, 686px\" \/><\/a><figcaption id=\"caption-attachment-4432\" class=\"wp-caption-text\">1959 Porsche 356 75 HK (Oslo NO, 2016).<\/figcaption><\/figure><\/p>\n<h3 class=\"tebh2\">Motorisering<\/h3>\n<p>A-serien kunne leveres enten med 1300- eller 1600-motorer. Den sprekeste var 1600S med 75 HK. Standard 1600 leverte 60 HK. Ikke s\u00e6rlig mye \u00e5 skryte av, sett med dagens \u00f8yne, &#8211; men 1600S hadde omtrent 3 ganger s\u00e5 mange hester som en standard folkevogn. Motorene var luftavkj\u00f8lte, 4-sylindrede boksere. Fra 1960 kom B-serien med f\u00f8lgende tre motoralternativer: 1600 (60 HK), 1600 Super 75 og 1600 Super 90. Standardmotorene i C-serien var 1600C (75HK) og 1600SC med hele 95 HK. Dette var f\u00f8rste gang Porsche brukte betegnelsen Carrera (C) og Super Carrera (SC) p\u00e5 standardmodellene. Carrera-navnet hadde tidligere kun v\u00e6rt brukt p\u00e5 motorer brukt i l\u00f8psmodellene.<\/p>\n<h3 class=\"tebh2\">Varianter<\/h3>\n<p>Standardvarianter var Coup\u00e9, Speedster og Cabriolet. I tillegg ble det bygget spesialvarianter for l\u00f8psbiler. Speedster ble bygget prim\u00e6rt for det amerikanske markedet. Den kom i salg fra slutten av 1955 og ble avl\u00f8st av en ny, mer konvensjonell Cabriolet i 1958. I forhold til Speedster fikk Cabriolet en frontrute som ga full takh\u00f8yde med kalesjen oppe. Den fikk blant annet ogs\u00e5 sidevinduer som kunne sveives opp. <\/p>\n<p>&nbsp;<br \/>\n<figure id=\"attachment_53513\" aria-describedby=\"caption-attachment-53513\" style=\"width: 1280px\" class=\"wp-caption aligncenter\"><a href=\"https:\/\/i0.wp.com\/terjebjornstad.com\/no\/wp-content\/uploads\/2022\/11\/2-porsche-356-90-0917-1280x853-1.jpg?ssl=1\"><img data-recalc-dims=\"1\" loading=\"lazy\" decoding=\"async\" data-attachment-id=\"53513\" data-permalink=\"https:\/\/terjebjornstad.com\/no\/1959-porsche-356\/2-porsche-356-90-0917-1280x853-1-2\/\" data-orig-file=\"https:\/\/i0.wp.com\/terjebjornstad.com\/no\/wp-content\/uploads\/2022\/11\/2-porsche-356-90-0917-1280x853-1.jpg?fit=1280%2C853&amp;ssl=1\" data-orig-size=\"1280,853\" data-comments-opened=\"1\" data-image-meta=\"{&quot;aperture&quot;:&quot;0&quot;,&quot;credit&quot;:&quot;&quot;,&quot;camera&quot;:&quot;&quot;,&quot;caption&quot;:&quot;&quot;,&quot;created_timestamp&quot;:&quot;0&quot;,&quot;copyright&quot;:&quot;&quot;,&quot;focal_length&quot;:&quot;0&quot;,&quot;iso&quot;:&quot;0&quot;,&quot;shutter_speed&quot;:&quot;0&quot;,&quot;title&quot;:&quot;&quot;,&quot;orientation&quot;:&quot;0&quot;}\" data-image-title=\"2-porsche-356-90-0917-1280&amp;#215;853-1\" data-image-description=\"\" data-image-caption=\"&lt;p&gt;Porsche 356 Super 90 &amp;#8211; 90 hester&lt;\/p&gt;\n\" data-large-file=\"https:\/\/i0.wp.com\/terjebjornstad.com\/no\/wp-content\/uploads\/2022\/11\/2-porsche-356-90-0917-1280x853-1.jpg?fit=980%2C653&amp;ssl=1\" src=\"https:\/\/i0.wp.com\/terjebjornstad.com\/no\/wp-content\/uploads\/2022\/11\/2-porsche-356-90-0917-1280x853-1.jpg?resize=980%2C653&#038;ssl=1\" alt=\"\" width=\"980\" height=\"653\" class=\"size-full wp-image-53513\" srcset=\"https:\/\/i0.wp.com\/terjebjornstad.com\/no\/wp-content\/uploads\/2022\/11\/2-porsche-356-90-0917-1280x853-1.jpg?w=1280&amp;ssl=1 1280w, https:\/\/i0.wp.com\/terjebjornstad.com\/no\/wp-content\/uploads\/2022\/11\/2-porsche-356-90-0917-1280x853-1.jpg?resize=300%2C200&amp;ssl=1 300w, https:\/\/i0.wp.com\/terjebjornstad.com\/no\/wp-content\/uploads\/2022\/11\/2-porsche-356-90-0917-1280x853-1.jpg?resize=1080%2C720&amp;ssl=1 1080w, https:\/\/i0.wp.com\/terjebjornstad.com\/no\/wp-content\/uploads\/2022\/11\/2-porsche-356-90-0917-1280x853-1.jpg?resize=768%2C512&amp;ssl=1 768w, https:\/\/i0.wp.com\/terjebjornstad.com\/no\/wp-content\/uploads\/2022\/11\/2-porsche-356-90-0917-1280x853-1.jpg?resize=690%2C460&amp;ssl=1 690w, https:\/\/i0.wp.com\/terjebjornstad.com\/no\/wp-content\/uploads\/2022\/11\/2-porsche-356-90-0917-1280x853-1.jpg?resize=980%2C653&amp;ssl=1 980w\" sizes=\"auto, (max-width: 980px) 100vw, 980px\" \/><\/a><figcaption id=\"caption-attachment-53513\" class=\"wp-caption-text\">Porsche 356 Super 90 &#8211; 90 hester<\/figcaption><\/figure><br \/>\n&nbsp;<br \/>\n<figure id=\"attachment_59822\" aria-describedby=\"caption-attachment-59822\" style=\"width: 1920px\" class=\"wp-caption aligncenter\"><a href=\"https:\/\/i0.wp.com\/terjebjornstad.com\/no\/wp-content\/uploads\/2023\/05\/porsche-356-c-1920x1280-1.jpeg?ssl=1\"><img data-recalc-dims=\"1\" loading=\"lazy\" decoding=\"async\" data-attachment-id=\"59822\" data-permalink=\"https:\/\/terjebjornstad.com\/no\/1959-porsche-356\/porsche-356-c-1920x1280\/\" data-orig-file=\"https:\/\/i0.wp.com\/terjebjornstad.com\/no\/wp-content\/uploads\/2023\/05\/porsche-356-c-1920x1280-1.jpeg?fit=1920%2C1280&amp;ssl=1\" data-orig-size=\"1920,1280\" data-comments-opened=\"1\" data-image-meta=\"{&quot;aperture&quot;:&quot;0&quot;,&quot;credit&quot;:&quot;&quot;,&quot;camera&quot;:&quot;&quot;,&quot;caption&quot;:&quot;&quot;,&quot;created_timestamp&quot;:&quot;0&quot;,&quot;copyright&quot;:&quot;&quot;,&quot;focal_length&quot;:&quot;0&quot;,&quot;iso&quot;:&quot;0&quot;,&quot;shutter_speed&quot;:&quot;0&quot;,&quot;title&quot;:&quot;&quot;,&quot;orientation&quot;:&quot;0&quot;}\" data-image-title=\"porsche-356-c-1920&amp;#215;1280\" data-image-description=\"\" data-image-caption=\"&lt;p&gt;Porsche 356 C (Carrera) 1600&lt;\/p&gt;\n\" data-large-file=\"https:\/\/i0.wp.com\/terjebjornstad.com\/no\/wp-content\/uploads\/2023\/05\/porsche-356-c-1920x1280-1.jpeg?fit=980%2C653&amp;ssl=1\" src=\"https:\/\/i0.wp.com\/terjebjornstad.com\/no\/wp-content\/uploads\/2023\/05\/porsche-356-c-1920x1280-1.jpeg?resize=980%2C653&#038;ssl=1\" alt=\"\" width=\"980\" height=\"653\" class=\"size-full wp-image-59822\" srcset=\"https:\/\/i0.wp.com\/terjebjornstad.com\/no\/wp-content\/uploads\/2023\/05\/porsche-356-c-1920x1280-1.jpeg?w=1920&amp;ssl=1 1920w, https:\/\/i0.wp.com\/terjebjornstad.com\/no\/wp-content\/uploads\/2023\/05\/porsche-356-c-1920x1280-1.jpeg?resize=300%2C200&amp;ssl=1 300w, https:\/\/i0.wp.com\/terjebjornstad.com\/no\/wp-content\/uploads\/2023\/05\/porsche-356-c-1920x1280-1.jpeg?resize=1080%2C720&amp;ssl=1 1080w, https:\/\/i0.wp.com\/terjebjornstad.com\/no\/wp-content\/uploads\/2023\/05\/porsche-356-c-1920x1280-1.jpeg?resize=768%2C512&amp;ssl=1 768w, https:\/\/i0.wp.com\/terjebjornstad.com\/no\/wp-content\/uploads\/2023\/05\/porsche-356-c-1920x1280-1.jpeg?resize=1536%2C1024&amp;ssl=1 1536w, https:\/\/i0.wp.com\/terjebjornstad.com\/no\/wp-content\/uploads\/2023\/05\/porsche-356-c-1920x1280-1.jpeg?resize=690%2C460&amp;ssl=1 690w, https:\/\/i0.wp.com\/terjebjornstad.com\/no\/wp-content\/uploads\/2023\/05\/porsche-356-c-1920x1280-1.jpeg?resize=980%2C653&amp;ssl=1 980w\" sizes=\"auto, (max-width: 980px) 100vw, 980px\" \/><\/a><figcaption id=\"caption-attachment-59822\" class=\"wp-caption-text\">Porsche 356 C (Carrera) 1600<\/figcaption><\/figure><br \/>\n&nbsp;<br \/>\n<figure id=\"attachment_59821\" aria-describedby=\"caption-attachment-59821\" style=\"width: 1920px\" class=\"wp-caption aligncenter\"><a href=\"https:\/\/i0.wp.com\/terjebjornstad.com\/no\/wp-content\/uploads\/2023\/05\/porsche-356-ic-nterior-1955-1920x1280-1.jpeg?ssl=1\"><img data-recalc-dims=\"1\" loading=\"lazy\" decoding=\"async\" data-attachment-id=\"59821\" data-permalink=\"https:\/\/terjebjornstad.com\/no\/1959-porsche-356\/porsche-356-ic-nterior-1955-1920x1280\/\" data-orig-file=\"https:\/\/i0.wp.com\/terjebjornstad.com\/no\/wp-content\/uploads\/2023\/05\/porsche-356-ic-nterior-1955-1920x1280-1.jpeg?fit=1920%2C1281&amp;ssl=1\" data-orig-size=\"1920,1281\" data-comments-opened=\"1\" data-image-meta=\"{&quot;aperture&quot;:&quot;0&quot;,&quot;credit&quot;:&quot;&quot;,&quot;camera&quot;:&quot;&quot;,&quot;caption&quot;:&quot;&quot;,&quot;created_timestamp&quot;:&quot;0&quot;,&quot;copyright&quot;:&quot;&quot;,&quot;focal_length&quot;:&quot;0&quot;,&quot;iso&quot;:&quot;0&quot;,&quot;shutter_speed&quot;:&quot;0&quot;,&quot;title&quot;:&quot;&quot;,&quot;orientation&quot;:&quot;0&quot;}\" data-image-title=\"porsche-356-ic-nterior-1955-1920&amp;#215;1280\" data-image-description=\"\" data-image-caption=\"&lt;p&gt;Flott, fargeavstemt interi\u00f8r (Porsche 356 C)&lt;\/p&gt;\n\" data-large-file=\"https:\/\/i0.wp.com\/terjebjornstad.com\/no\/wp-content\/uploads\/2023\/05\/porsche-356-ic-nterior-1955-1920x1280-1.jpeg?fit=980%2C654&amp;ssl=1\" src=\"https:\/\/i0.wp.com\/terjebjornstad.com\/no\/wp-content\/uploads\/2023\/05\/porsche-356-ic-nterior-1955-1920x1280-1.jpeg?resize=980%2C654&#038;ssl=1\" alt=\"\" width=\"980\" height=\"654\" class=\"size-full wp-image-59821\" srcset=\"https:\/\/i0.wp.com\/terjebjornstad.com\/no\/wp-content\/uploads\/2023\/05\/porsche-356-ic-nterior-1955-1920x1280-1.jpeg?w=1920&amp;ssl=1 1920w, https:\/\/i0.wp.com\/terjebjornstad.com\/no\/wp-content\/uploads\/2023\/05\/porsche-356-ic-nterior-1955-1920x1280-1.jpeg?resize=300%2C200&amp;ssl=1 300w, https:\/\/i0.wp.com\/terjebjornstad.com\/no\/wp-content\/uploads\/2023\/05\/porsche-356-ic-nterior-1955-1920x1280-1.jpeg?resize=1080%2C721&amp;ssl=1 1080w, https:\/\/i0.wp.com\/terjebjornstad.com\/no\/wp-content\/uploads\/2023\/05\/porsche-356-ic-nterior-1955-1920x1280-1.jpeg?resize=768%2C512&amp;ssl=1 768w, https:\/\/i0.wp.com\/terjebjornstad.com\/no\/wp-content\/uploads\/2023\/05\/porsche-356-ic-nterior-1955-1920x1280-1.jpeg?resize=1536%2C1025&amp;ssl=1 1536w, https:\/\/i0.wp.com\/terjebjornstad.com\/no\/wp-content\/uploads\/2023\/05\/porsche-356-ic-nterior-1955-1920x1280-1.jpeg?resize=690%2C460&amp;ssl=1 690w, https:\/\/i0.wp.com\/terjebjornstad.com\/no\/wp-content\/uploads\/2023\/05\/porsche-356-ic-nterior-1955-1920x1280-1.jpeg?resize=980%2C654&amp;ssl=1 980w\" sizes=\"auto, (max-width: 980px) 100vw, 980px\" \/><\/a><figcaption id=\"caption-attachment-59821\" class=\"wp-caption-text\">Flott, fargeavstemt interi\u00f8r (Porsche 356 C)<\/figcaption><\/figure><br \/>\n&nbsp;<br \/>\n<figure id=\"attachment_59820\" aria-describedby=\"caption-attachment-59820\" style=\"width: 1867px\" class=\"wp-caption aligncenter\"><a href=\"https:\/\/i0.wp.com\/terjebjornstad.com\/no\/wp-content\/uploads\/2023\/05\/porsche-356-c-1868x1245-1.jpeg?ssl=1\"><img data-recalc-dims=\"1\" loading=\"lazy\" decoding=\"async\" data-attachment-id=\"59820\" data-permalink=\"https:\/\/terjebjornstad.com\/no\/1959-porsche-356\/porsche-356-c-1868x1245\/\" data-orig-file=\"https:\/\/i0.wp.com\/terjebjornstad.com\/no\/wp-content\/uploads\/2023\/05\/porsche-356-c-1868x1245-1.jpeg?fit=1867%2C1245&amp;ssl=1\" data-orig-size=\"1867,1245\" data-comments-opened=\"1\" data-image-meta=\"{&quot;aperture&quot;:&quot;0&quot;,&quot;credit&quot;:&quot;&quot;,&quot;camera&quot;:&quot;&quot;,&quot;caption&quot;:&quot;&quot;,&quot;created_timestamp&quot;:&quot;0&quot;,&quot;copyright&quot;:&quot;&quot;,&quot;focal_length&quot;:&quot;0&quot;,&quot;iso&quot;:&quot;0&quot;,&quot;shutter_speed&quot;:&quot;0&quot;,&quot;title&quot;:&quot;&quot;,&quot;orientation&quot;:&quot;0&quot;}\" data-image-title=\"porsche-356-c-1868&amp;#215;1245\" data-image-description=\"\" data-image-caption=\"&lt;p&gt;Meget stilig bakende p\u00e5 Porsche 356 C&lt;\/p&gt;\n\" data-large-file=\"https:\/\/i0.wp.com\/terjebjornstad.com\/no\/wp-content\/uploads\/2023\/05\/porsche-356-c-1868x1245-1.jpeg?fit=980%2C653&amp;ssl=1\" src=\"https:\/\/i0.wp.com\/terjebjornstad.com\/no\/wp-content\/uploads\/2023\/05\/porsche-356-c-1868x1245-1.jpeg?resize=980%2C654&#038;ssl=1\" alt=\"\" width=\"980\" height=\"654\" class=\"size-full wp-image-59820\" srcset=\"https:\/\/i0.wp.com\/terjebjornstad.com\/no\/wp-content\/uploads\/2023\/05\/porsche-356-c-1868x1245-1.jpeg?w=1867&amp;ssl=1 1867w, https:\/\/i0.wp.com\/terjebjornstad.com\/no\/wp-content\/uploads\/2023\/05\/porsche-356-c-1868x1245-1.jpeg?resize=300%2C200&amp;ssl=1 300w, https:\/\/i0.wp.com\/terjebjornstad.com\/no\/wp-content\/uploads\/2023\/05\/porsche-356-c-1868x1245-1.jpeg?resize=1080%2C720&amp;ssl=1 1080w, https:\/\/i0.wp.com\/terjebjornstad.com\/no\/wp-content\/uploads\/2023\/05\/porsche-356-c-1868x1245-1.jpeg?resize=768%2C512&amp;ssl=1 768w, https:\/\/i0.wp.com\/terjebjornstad.com\/no\/wp-content\/uploads\/2023\/05\/porsche-356-c-1868x1245-1.jpeg?resize=1536%2C1024&amp;ssl=1 1536w, https:\/\/i0.wp.com\/terjebjornstad.com\/no\/wp-content\/uploads\/2023\/05\/porsche-356-c-1868x1245-1.jpeg?resize=690%2C460&amp;ssl=1 690w, https:\/\/i0.wp.com\/terjebjornstad.com\/no\/wp-content\/uploads\/2023\/05\/porsche-356-c-1868x1245-1.jpeg?resize=980%2C654&amp;ssl=1 980w\" sizes=\"auto, (max-width: 980px) 100vw, 980px\" \/><\/a><figcaption id=\"caption-attachment-59820\" class=\"wp-caption-text\">Meget stilig bakende p\u00e5 Porsche 356 C<\/figcaption><\/figure><br \/>\n&nbsp;<br \/>\n<figure id=\"attachment_59825\" aria-describedby=\"caption-attachment-59825\" style=\"width: 1920px\" class=\"wp-caption aligncenter\"><a href=\"https:\/\/i0.wp.com\/terjebjornstad.com\/no\/wp-content\/uploads\/2023\/05\/porsche-356-1658-1920x1280-1.jpeg?ssl=1\"><img data-recalc-dims=\"1\" loading=\"lazy\" decoding=\"async\" data-attachment-id=\"59825\" data-permalink=\"https:\/\/terjebjornstad.com\/no\/1959-porsche-356\/porsche-356-1658-1920x1280\/\" data-orig-file=\"https:\/\/i0.wp.com\/terjebjornstad.com\/no\/wp-content\/uploads\/2023\/05\/porsche-356-1658-1920x1280-1.jpeg?fit=1920%2C1280&amp;ssl=1\" data-orig-size=\"1920,1280\" data-comments-opened=\"1\" data-image-meta=\"{&quot;aperture&quot;:&quot;0&quot;,&quot;credit&quot;:&quot;&quot;,&quot;camera&quot;:&quot;&quot;,&quot;caption&quot;:&quot;&quot;,&quot;created_timestamp&quot;:&quot;0&quot;,&quot;copyright&quot;:&quot;&quot;,&quot;focal_length&quot;:&quot;0&quot;,&quot;iso&quot;:&quot;0&quot;,&quot;shutter_speed&quot;:&quot;0&quot;,&quot;title&quot;:&quot;&quot;,&quot;orientation&quot;:&quot;0&quot;}\" data-image-title=\"porsche-356-1658-1920&amp;#215;1280\" data-image-description=\"\" data-image-caption=\"&lt;p&gt;1957 Porsche 356 AT1&lt;\/p&gt;\n\" data-large-file=\"https:\/\/i0.wp.com\/terjebjornstad.com\/no\/wp-content\/uploads\/2023\/05\/porsche-356-1658-1920x1280-1.jpeg?fit=980%2C653&amp;ssl=1\" src=\"https:\/\/i0.wp.com\/terjebjornstad.com\/no\/wp-content\/uploads\/2023\/05\/porsche-356-1658-1920x1280-1.jpeg?resize=980%2C653&#038;ssl=1\" alt=\"\" width=\"980\" height=\"653\" class=\"size-full wp-image-59825\" srcset=\"https:\/\/i0.wp.com\/terjebjornstad.com\/no\/wp-content\/uploads\/2023\/05\/porsche-356-1658-1920x1280-1.jpeg?w=1920&amp;ssl=1 1920w, https:\/\/i0.wp.com\/terjebjornstad.com\/no\/wp-content\/uploads\/2023\/05\/porsche-356-1658-1920x1280-1.jpeg?resize=300%2C200&amp;ssl=1 300w, https:\/\/i0.wp.com\/terjebjornstad.com\/no\/wp-content\/uploads\/2023\/05\/porsche-356-1658-1920x1280-1.jpeg?resize=1080%2C720&amp;ssl=1 1080w, https:\/\/i0.wp.com\/terjebjornstad.com\/no\/wp-content\/uploads\/2023\/05\/porsche-356-1658-1920x1280-1.jpeg?resize=768%2C512&amp;ssl=1 768w, https:\/\/i0.wp.com\/terjebjornstad.com\/no\/wp-content\/uploads\/2023\/05\/porsche-356-1658-1920x1280-1.jpeg?resize=1536%2C1024&amp;ssl=1 1536w, https:\/\/i0.wp.com\/terjebjornstad.com\/no\/wp-content\/uploads\/2023\/05\/porsche-356-1658-1920x1280-1.jpeg?resize=690%2C460&amp;ssl=1 690w, https:\/\/i0.wp.com\/terjebjornstad.com\/no\/wp-content\/uploads\/2023\/05\/porsche-356-1658-1920x1280-1.jpeg?resize=980%2C653&amp;ssl=1 980w\" sizes=\"auto, (max-width: 980px) 100vw, 980px\" \/><\/a><figcaption id=\"caption-attachment-59825\" class=\"wp-caption-text\">1957 Porsche 356 AT1<\/figcaption><\/figure><br \/>\n&nbsp;<br \/>\n<figure id=\"attachment_59823\" aria-describedby=\"caption-attachment-59823\" style=\"width: 1539px\" class=\"wp-caption aligncenter\"><a href=\"https:\/\/i0.wp.com\/terjebjornstad.com\/no\/wp-content\/uploads\/2023\/05\/porsche-356-1539x1026-1.jpeg?ssl=1\"><img data-recalc-dims=\"1\" loading=\"lazy\" decoding=\"async\" data-attachment-id=\"59823\" data-permalink=\"https:\/\/terjebjornstad.com\/no\/1959-porsche-356\/porsche-356-1539x1026\/\" data-orig-file=\"https:\/\/i0.wp.com\/terjebjornstad.com\/no\/wp-content\/uploads\/2023\/05\/porsche-356-1539x1026-1.jpeg?fit=1539%2C1026&amp;ssl=1\" data-orig-size=\"1539,1026\" data-comments-opened=\"1\" data-image-meta=\"{&quot;aperture&quot;:&quot;0&quot;,&quot;credit&quot;:&quot;&quot;,&quot;camera&quot;:&quot;&quot;,&quot;caption&quot;:&quot;&quot;,&quot;created_timestamp&quot;:&quot;0&quot;,&quot;copyright&quot;:&quot;&quot;,&quot;focal_length&quot;:&quot;0&quot;,&quot;iso&quot;:&quot;0&quot;,&quot;shutter_speed&quot;:&quot;0&quot;,&quot;title&quot;:&quot;&quot;,&quot;orientation&quot;:&quot;0&quot;}\" data-image-title=\"porsche-356-1539&amp;#215;1026\" data-image-description=\"\" data-image-caption=\"&lt;p&gt;1964 Porsche 356 SC (Super Carrera)&lt;\/p&gt;\n\" data-large-file=\"https:\/\/i0.wp.com\/terjebjornstad.com\/no\/wp-content\/uploads\/2023\/05\/porsche-356-1539x1026-1.jpeg?fit=980%2C653&amp;ssl=1\" src=\"https:\/\/i0.wp.com\/terjebjornstad.com\/no\/wp-content\/uploads\/2023\/05\/porsche-356-1539x1026-1.jpeg?resize=980%2C653&#038;ssl=1\" alt=\"\" width=\"980\" height=\"653\" class=\"size-full wp-image-59823\" srcset=\"https:\/\/i0.wp.com\/terjebjornstad.com\/no\/wp-content\/uploads\/2023\/05\/porsche-356-1539x1026-1.jpeg?w=1539&amp;ssl=1 1539w, https:\/\/i0.wp.com\/terjebjornstad.com\/no\/wp-content\/uploads\/2023\/05\/porsche-356-1539x1026-1.jpeg?resize=300%2C200&amp;ssl=1 300w, https:\/\/i0.wp.com\/terjebjornstad.com\/no\/wp-content\/uploads\/2023\/05\/porsche-356-1539x1026-1.jpeg?resize=1080%2C720&amp;ssl=1 1080w, https:\/\/i0.wp.com\/terjebjornstad.com\/no\/wp-content\/uploads\/2023\/05\/porsche-356-1539x1026-1.jpeg?resize=768%2C512&amp;ssl=1 768w, https:\/\/i0.wp.com\/terjebjornstad.com\/no\/wp-content\/uploads\/2023\/05\/porsche-356-1539x1026-1.jpeg?resize=1536%2C1024&amp;ssl=1 1536w, https:\/\/i0.wp.com\/terjebjornstad.com\/no\/wp-content\/uploads\/2023\/05\/porsche-356-1539x1026-1.jpeg?resize=690%2C460&amp;ssl=1 690w, https:\/\/i0.wp.com\/terjebjornstad.com\/no\/wp-content\/uploads\/2023\/05\/porsche-356-1539x1026-1.jpeg?resize=980%2C653&amp;ssl=1 980w\" sizes=\"auto, (max-width: 980px) 100vw, 980px\" \/><\/a><figcaption id=\"caption-attachment-59823\" class=\"wp-caption-text\">1964 Porsche 356 SC (Super Carrera)<\/figcaption><\/figure><br \/>\n&nbsp;<br \/>\n<figure id=\"attachment_72557\" aria-describedby=\"caption-attachment-72557\" style=\"width: 1920px\" class=\"wp-caption aligncenter\"><a href=\"https:\/\/i0.wp.com\/terjebjornstad.com\/no\/wp-content\/uploads\/2024\/06\/porsche-356-2308-1920x1280-1.jpg?ssl=1\"><img data-recalc-dims=\"1\" loading=\"lazy\" decoding=\"async\" data-attachment-id=\"72557\" data-permalink=\"https:\/\/terjebjornstad.com\/no\/2024\/06\/05\/tramontagne-2024-saint-cyprien\/porsche-356-2308-1920x1280\/\" data-orig-file=\"https:\/\/i0.wp.com\/terjebjornstad.com\/no\/wp-content\/uploads\/2024\/06\/porsche-356-2308-1920x1280-1.jpg?fit=1920%2C1280&amp;ssl=1\" data-orig-size=\"1920,1280\" data-comments-opened=\"1\" data-image-meta=\"{&quot;aperture&quot;:&quot;0&quot;,&quot;credit&quot;:&quot;&quot;,&quot;camera&quot;:&quot;&quot;,&quot;caption&quot;:&quot;&quot;,&quot;created_timestamp&quot;:&quot;0&quot;,&quot;copyright&quot;:&quot;&quot;,&quot;focal_length&quot;:&quot;0&quot;,&quot;iso&quot;:&quot;0&quot;,&quot;shutter_speed&quot;:&quot;0&quot;,&quot;title&quot;:&quot;&quot;,&quot;orientation&quot;:&quot;0&quot;}\" data-image-title=\"porsche-356-2308-1920&amp;#215;1280\" data-image-description=\"\" data-image-caption=\"&lt;p&gt;Porsche 356 1600 SC Coup\u00e9&lt;\/p&gt;\n\" data-large-file=\"https:\/\/i0.wp.com\/terjebjornstad.com\/no\/wp-content\/uploads\/2024\/06\/porsche-356-2308-1920x1280-1.jpg?fit=980%2C653&amp;ssl=1\" src=\"https:\/\/i0.wp.com\/terjebjornstad.com\/no\/wp-content\/uploads\/2024\/06\/porsche-356-2308-1920x1280-1.jpg?resize=980%2C653&#038;ssl=1\" alt=\"\" width=\"980\" height=\"653\" class=\"size-full wp-image-72557\" srcset=\"https:\/\/i0.wp.com\/terjebjornstad.com\/no\/wp-content\/uploads\/2024\/06\/porsche-356-2308-1920x1280-1.jpg?w=1920&amp;ssl=1 1920w, https:\/\/i0.wp.com\/terjebjornstad.com\/no\/wp-content\/uploads\/2024\/06\/porsche-356-2308-1920x1280-1.jpg?resize=300%2C200&amp;ssl=1 300w, https:\/\/i0.wp.com\/terjebjornstad.com\/no\/wp-content\/uploads\/2024\/06\/porsche-356-2308-1920x1280-1.jpg?resize=1080%2C720&amp;ssl=1 1080w, https:\/\/i0.wp.com\/terjebjornstad.com\/no\/wp-content\/uploads\/2024\/06\/porsche-356-2308-1920x1280-1.jpg?resize=768%2C512&amp;ssl=1 768w, https:\/\/i0.wp.com\/terjebjornstad.com\/no\/wp-content\/uploads\/2024\/06\/porsche-356-2308-1920x1280-1.jpg?resize=1536%2C1024&amp;ssl=1 1536w, https:\/\/i0.wp.com\/terjebjornstad.com\/no\/wp-content\/uploads\/2024\/06\/porsche-356-2308-1920x1280-1.jpg?resize=690%2C460&amp;ssl=1 690w, https:\/\/i0.wp.com\/terjebjornstad.com\/no\/wp-content\/uploads\/2024\/06\/porsche-356-2308-1920x1280-1.jpg?resize=980%2C653&amp;ssl=1 980w\" sizes=\"auto, (max-width: 980px) 100vw, 980px\" \/><\/a><figcaption id=\"caption-attachment-72557\" class=\"wp-caption-text\">Porsche 356 1600 SC Coup\u00e9<\/figcaption><\/figure><br \/>\n&nbsp;<br \/>\n<figure id=\"attachment_4431\" aria-describedby=\"caption-attachment-4431\" style=\"width: 686px\" class=\"wp-caption aligncenter\"><a href=\"https:\/\/i0.wp.com\/terjebjornstad.com\/no\/wp-content\/uploads\/2016\/05\/porsche-luftkjolt-5.png?ssl=1\"><img data-recalc-dims=\"1\" loading=\"lazy\" decoding=\"async\" data-attachment-id=\"4431\" data-permalink=\"https:\/\/terjebjornstad.com\/no\/2016\/05\/16\/folkevogn-pa-folkemuseet\/porsche-luftkjolt-5\/\" data-orig-file=\"https:\/\/i0.wp.com\/terjebjornstad.com\/no\/wp-content\/uploads\/2016\/05\/porsche-luftkjolt-5.png?fit=686%2C457&amp;ssl=1\" data-orig-size=\"686,457\" data-comments-opened=\"1\" data-image-meta=\"{&quot;aperture&quot;:&quot;0&quot;,&quot;credit&quot;:&quot;&quot;,&quot;camera&quot;:&quot;&quot;,&quot;caption&quot;:&quot;&quot;,&quot;created_timestamp&quot;:&quot;0&quot;,&quot;copyright&quot;:&quot;&quot;,&quot;focal_length&quot;:&quot;0&quot;,&quot;iso&quot;:&quot;0&quot;,&quot;shutter_speed&quot;:&quot;0&quot;,&quot;title&quot;:&quot;&quot;,&quot;orientation&quot;:&quot;0&quot;}\" data-image-title=\"porsche-luftkjolt-5\" data-image-description=\"\" data-image-caption=\"&lt;p&gt;Porsche 356&lt;\/p&gt;\n\" data-large-file=\"https:\/\/i0.wp.com\/terjebjornstad.com\/no\/wp-content\/uploads\/2016\/05\/porsche-luftkjolt-5.png?fit=686%2C457&amp;ssl=1\" src=\"https:\/\/i0.wp.com\/terjebjornstad.com\/no\/wp-content\/uploads\/2016\/05\/porsche-luftkjolt-5.png?resize=686%2C457&#038;ssl=1\" alt=\"\" width=\"686\" height=\"457\" class=\"size-full wp-image-4431\" srcset=\"https:\/\/i0.wp.com\/terjebjornstad.com\/no\/wp-content\/uploads\/2016\/05\/porsche-luftkjolt-5.png?w=686&amp;ssl=1 686w, https:\/\/i0.wp.com\/terjebjornstad.com\/no\/wp-content\/uploads\/2016\/05\/porsche-luftkjolt-5.png?resize=300%2C200&amp;ssl=1 300w\" sizes=\"auto, (max-width: 686px) 100vw, 686px\" \/><\/a><figcaption id=\"caption-attachment-4431\" class=\"wp-caption-text\">Porsche 356<\/figcaption><\/figure><\/p>\n<p><figure id=\"attachment_53658\" aria-describedby=\"caption-attachment-53658\" style=\"width: 1280px\" class=\"wp-caption aligncenter\"><a href=\"https:\/\/i0.wp.com\/terjebjornstad.com\/no\/wp-content\/uploads\/2022\/11\/1963.porsche-356b-1600s-1280x853-1.jpg?ssl=1\"><img data-recalc-dims=\"1\" loading=\"lazy\" decoding=\"async\" data-attachment-id=\"53658\" data-permalink=\"https:\/\/terjebjornstad.com\/no\/terjes-biler\/1963-porsche-356b-1600s-1280x853\/\" data-orig-file=\"https:\/\/i0.wp.com\/terjebjornstad.com\/no\/wp-content\/uploads\/2022\/11\/1963.porsche-356b-1600s-1280x853-1.jpg?fit=1280%2C853&amp;ssl=1\" data-orig-size=\"1280,853\" data-comments-opened=\"1\" data-image-meta=\"{&quot;aperture&quot;:&quot;5.6&quot;,&quot;credit&quot;:&quot;&quot;,&quot;camera&quot;:&quot;DSC-RX100M3&quot;,&quot;caption&quot;:&quot;&quot;,&quot;created_timestamp&quot;:&quot;1463316166&quot;,&quot;copyright&quot;:&quot;&quot;,&quot;focal_length&quot;:&quot;16.62&quot;,&quot;iso&quot;:&quot;125&quot;,&quot;shutter_speed&quot;:&quot;0.00625&quot;,&quot;title&quot;:&quot;&quot;,&quot;orientation&quot;:&quot;1&quot;}\" data-image-title=\"1963-porsche-356b-1600s-1280&amp;#215;853\" data-image-description=\"\" data-image-caption=\"&lt;p&gt;PORSCHE 356&lt;\/p&gt;\n\" data-large-file=\"https:\/\/i0.wp.com\/terjebjornstad.com\/no\/wp-content\/uploads\/2022\/11\/1963.porsche-356b-1600s-1280x853-1.jpg?fit=980%2C653&amp;ssl=1\" src=\"https:\/\/i0.wp.com\/terjebjornstad.com\/no\/wp-content\/uploads\/2022\/11\/1963.porsche-356b-1600s-1280x853-1.jpg?resize=980%2C653&#038;ssl=1\" alt=\"\" width=\"980\" height=\"653\" class=\"size-full wp-image-53658\" srcset=\"https:\/\/i0.wp.com\/terjebjornstad.com\/no\/wp-content\/uploads\/2022\/11\/1963.porsche-356b-1600s-1280x853-1.jpg?w=1280&amp;ssl=1 1280w, https:\/\/i0.wp.com\/terjebjornstad.com\/no\/wp-content\/uploads\/2022\/11\/1963.porsche-356b-1600s-1280x853-1.jpg?resize=300%2C200&amp;ssl=1 300w, https:\/\/i0.wp.com\/terjebjornstad.com\/no\/wp-content\/uploads\/2022\/11\/1963.porsche-356b-1600s-1280x853-1.jpg?resize=1080%2C720&amp;ssl=1 1080w, https:\/\/i0.wp.com\/terjebjornstad.com\/no\/wp-content\/uploads\/2022\/11\/1963.porsche-356b-1600s-1280x853-1.jpg?resize=768%2C512&amp;ssl=1 768w, https:\/\/i0.wp.com\/terjebjornstad.com\/no\/wp-content\/uploads\/2022\/11\/1963.porsche-356b-1600s-1280x853-1.jpg?resize=690%2C460&amp;ssl=1 690w, https:\/\/i0.wp.com\/terjebjornstad.com\/no\/wp-content\/uploads\/2022\/11\/1963.porsche-356b-1600s-1280x853-1.jpg?resize=980%2C653&amp;ssl=1 980w\" sizes=\"auto, (max-width: 980px) 100vw, 980px\" \/><\/a><figcaption id=\"caption-attachment-53658\" class=\"wp-caption-text\">PORSCHE 356<\/figcaption><\/figure><br \/>\n&nbsp;<br \/>\n<figure id=\"attachment_30997\" aria-describedby=\"caption-attachment-30997\" style=\"width: 1080px\" class=\"wp-caption aligncenter\"><a href=\"https:\/\/i0.wp.com\/terjebjornstad.com\/no\/wp-content\/uploads\/2020\/02\/porsche-356-1080x720-1.png?ssl=1\"><img data-recalc-dims=\"1\" loading=\"lazy\" decoding=\"async\" data-attachment-id=\"30997\" data-permalink=\"https:\/\/terjebjornstad.com\/no\/2020\/02\/25\/london-classic-car-show\/porsche-356-1080x720\/\" data-orig-file=\"https:\/\/i0.wp.com\/terjebjornstad.com\/no\/wp-content\/uploads\/2020\/02\/porsche-356-1080x720-1.png?fit=1080%2C720&amp;ssl=1\" data-orig-size=\"1080,720\" data-comments-opened=\"1\" data-image-meta=\"{&quot;aperture&quot;:&quot;0&quot;,&quot;credit&quot;:&quot;&quot;,&quot;camera&quot;:&quot;&quot;,&quot;caption&quot;:&quot;&quot;,&quot;created_timestamp&quot;:&quot;0&quot;,&quot;copyright&quot;:&quot;&quot;,&quot;focal_length&quot;:&quot;0&quot;,&quot;iso&quot;:&quot;0&quot;,&quot;shutter_speed&quot;:&quot;0&quot;,&quot;title&quot;:&quot;&quot;,&quot;orientation&quot;:&quot;0&quot;}\" data-image-title=\"porsche-356-1080&amp;#215;720\" data-image-description=\"\" data-image-caption=\"&lt;p&gt;1957 Porsche 356A&lt;\/p&gt;\n\" data-large-file=\"https:\/\/i0.wp.com\/terjebjornstad.com\/no\/wp-content\/uploads\/2020\/02\/porsche-356-1080x720-1.png?fit=980%2C653&amp;ssl=1\" src=\"https:\/\/i0.wp.com\/terjebjornstad.com\/no\/wp-content\/uploads\/2020\/02\/porsche-356-1080x720-1.png?resize=980%2C653&#038;ssl=1\" alt=\"\" width=\"980\" height=\"653\" class=\"size-full wp-image-30997\" srcset=\"https:\/\/i0.wp.com\/terjebjornstad.com\/no\/wp-content\/uploads\/2020\/02\/porsche-356-1080x720-1.png?w=1080&amp;ssl=1 1080w, https:\/\/i0.wp.com\/terjebjornstad.com\/no\/wp-content\/uploads\/2020\/02\/porsche-356-1080x720-1.png?resize=300%2C200&amp;ssl=1 300w, https:\/\/i0.wp.com\/terjebjornstad.com\/no\/wp-content\/uploads\/2020\/02\/porsche-356-1080x720-1.png?resize=768%2C512&amp;ssl=1 768w, https:\/\/i0.wp.com\/terjebjornstad.com\/no\/wp-content\/uploads\/2020\/02\/porsche-356-1080x720-1.png?resize=690%2C460&amp;ssl=1 690w, https:\/\/i0.wp.com\/terjebjornstad.com\/no\/wp-content\/uploads\/2020\/02\/porsche-356-1080x720-1.png?resize=980%2C653&amp;ssl=1 980w\" sizes=\"auto, (max-width: 980px) 100vw, 980px\" \/><\/a><figcaption id=\"caption-attachment-30997\" class=\"wp-caption-text\">1957 Porsche 356A<\/figcaption><\/figure><\/p>\n<p><figure id=\"attachment_59492\" aria-describedby=\"caption-attachment-59492\" style=\"width: 1920px\" class=\"wp-caption aligncenter\"><a href=\"https:\/\/i0.wp.com\/terjebjornstad.com\/no\/wp-content\/uploads\/2023\/05\/IMG_1485.jpg?ssl=1\"><img data-recalc-dims=\"1\" loading=\"lazy\" decoding=\"async\" data-attachment-id=\"59492\" data-permalink=\"https:\/\/terjebjornstad.com\/no\/1959-porsche-356\/img_1485\/\" data-orig-file=\"https:\/\/i0.wp.com\/terjebjornstad.com\/no\/wp-content\/uploads\/2023\/05\/IMG_1485.jpg?fit=1920%2C1440&amp;ssl=1\" data-orig-size=\"1920,1440\" data-comments-opened=\"1\" data-image-meta=\"{&quot;aperture&quot;:&quot;0&quot;,&quot;credit&quot;:&quot;&quot;,&quot;camera&quot;:&quot;&quot;,&quot;caption&quot;:&quot;&quot;,&quot;created_timestamp&quot;:&quot;0&quot;,&quot;copyright&quot;:&quot;&quot;,&quot;focal_length&quot;:&quot;0&quot;,&quot;iso&quot;:&quot;0&quot;,&quot;shutter_speed&quot;:&quot;0&quot;,&quot;title&quot;:&quot;&quot;,&quot;orientation&quot;:&quot;0&quot;}\" data-image-title=\"porsche-356-a-rva66\" data-image-description=\"\" data-image-caption=\"&lt;p&gt;Porsche 356A, Sud Classic Cars, St.Esteve&lt;\/p&gt;\n\" data-large-file=\"https:\/\/i0.wp.com\/terjebjornstad.com\/no\/wp-content\/uploads\/2023\/05\/IMG_1485.jpg?fit=980%2C735&amp;ssl=1\" src=\"https:\/\/i0.wp.com\/terjebjornstad.com\/no\/wp-content\/uploads\/2023\/05\/IMG_1485.jpg?resize=980%2C735&#038;ssl=1\" alt=\"\" width=\"980\" height=\"735\" class=\"size-full wp-image-59492\" srcset=\"https:\/\/i0.wp.com\/terjebjornstad.com\/no\/wp-content\/uploads\/2023\/05\/IMG_1485.jpg?w=1920&amp;ssl=1 1920w, https:\/\/i0.wp.com\/terjebjornstad.com\/no\/wp-content\/uploads\/2023\/05\/IMG_1485.jpg?resize=300%2C225&amp;ssl=1 300w, https:\/\/i0.wp.com\/terjebjornstad.com\/no\/wp-content\/uploads\/2023\/05\/IMG_1485.jpg?resize=1080%2C810&amp;ssl=1 1080w, https:\/\/i0.wp.com\/terjebjornstad.com\/no\/wp-content\/uploads\/2023\/05\/IMG_1485.jpg?resize=768%2C576&amp;ssl=1 768w, https:\/\/i0.wp.com\/terjebjornstad.com\/no\/wp-content\/uploads\/2023\/05\/IMG_1485.jpg?resize=1536%2C1152&amp;ssl=1 1536w, https:\/\/i0.wp.com\/terjebjornstad.com\/no\/wp-content\/uploads\/2023\/05\/IMG_1485.jpg?resize=690%2C518&amp;ssl=1 690w, https:\/\/i0.wp.com\/terjebjornstad.com\/no\/wp-content\/uploads\/2023\/05\/IMG_1485.jpg?resize=980%2C735&amp;ssl=1 980w\" sizes=\"auto, (max-width: 980px) 100vw, 980px\" \/><\/a><figcaption id=\"caption-attachment-59492\" class=\"wp-caption-text\">Porsche 356A, Sud Classic Cars, St.Esteve<\/figcaption><\/figure><\/p>\n<h3 class=\"tebh2ingreslbcenter\">Speedster<\/h3>\n<p><figure id=\"attachment_53657\" aria-describedby=\"caption-attachment-53657\" style=\"width: 1280px\" class=\"wp-caption aligncenter\"><a href=\"https:\/\/i0.wp.com\/terjebjornstad.com\/no\/wp-content\/uploads\/2022\/11\/1957-porsche-356a-speedster-1280x853-1.jpg?ssl=1\"><img data-recalc-dims=\"1\" loading=\"lazy\" decoding=\"async\" data-attachment-id=\"53657\" data-permalink=\"https:\/\/terjebjornstad.com\/no\/1959-porsche-356\/1957-porsche-356a-speedster-1280x853\/\" data-orig-file=\"https:\/\/i0.wp.com\/terjebjornstad.com\/no\/wp-content\/uploads\/2022\/11\/1957-porsche-356a-speedster-1280x853-1.jpg?fit=1280%2C853&amp;ssl=1\" data-orig-size=\"1280,853\" data-comments-opened=\"1\" data-image-meta=\"{&quot;aperture&quot;:&quot;5.6&quot;,&quot;credit&quot;:&quot;&quot;,&quot;camera&quot;:&quot;DSC-RX100M3&quot;,&quot;caption&quot;:&quot;&quot;,&quot;created_timestamp&quot;:&quot;1463316568&quot;,&quot;copyright&quot;:&quot;&quot;,&quot;focal_length&quot;:&quot;8.8&quot;,&quot;iso&quot;:&quot;125&quot;,&quot;shutter_speed&quot;:&quot;0.008&quot;,&quot;title&quot;:&quot;&quot;,&quot;orientation&quot;:&quot;1&quot;}\" data-image-title=\"1957-porsche-356a-speedster-1280&amp;#215;853\" data-image-description=\"\" data-image-caption=\"&lt;p&gt;Original 1957 Porsche 356A Speedster 1600S&lt;\/p&gt;\n\" data-large-file=\"https:\/\/i0.wp.com\/terjebjornstad.com\/no\/wp-content\/uploads\/2022\/11\/1957-porsche-356a-speedster-1280x853-1.jpg?fit=980%2C653&amp;ssl=1\" src=\"https:\/\/i0.wp.com\/terjebjornstad.com\/no\/wp-content\/uploads\/2022\/11\/1957-porsche-356a-speedster-1280x853-1.jpg?resize=980%2C653&#038;ssl=1\" alt=\"\" width=\"980\" height=\"653\" class=\"size-full wp-image-53657\" srcset=\"https:\/\/i0.wp.com\/terjebjornstad.com\/no\/wp-content\/uploads\/2022\/11\/1957-porsche-356a-speedster-1280x853-1.jpg?w=1280&amp;ssl=1 1280w, https:\/\/i0.wp.com\/terjebjornstad.com\/no\/wp-content\/uploads\/2022\/11\/1957-porsche-356a-speedster-1280x853-1.jpg?resize=300%2C200&amp;ssl=1 300w, https:\/\/i0.wp.com\/terjebjornstad.com\/no\/wp-content\/uploads\/2022\/11\/1957-porsche-356a-speedster-1280x853-1.jpg?resize=1080%2C720&amp;ssl=1 1080w, https:\/\/i0.wp.com\/terjebjornstad.com\/no\/wp-content\/uploads\/2022\/11\/1957-porsche-356a-speedster-1280x853-1.jpg?resize=768%2C512&amp;ssl=1 768w, https:\/\/i0.wp.com\/terjebjornstad.com\/no\/wp-content\/uploads\/2022\/11\/1957-porsche-356a-speedster-1280x853-1.jpg?resize=690%2C460&amp;ssl=1 690w, https:\/\/i0.wp.com\/terjebjornstad.com\/no\/wp-content\/uploads\/2022\/11\/1957-porsche-356a-speedster-1280x853-1.jpg?resize=980%2C653&amp;ssl=1 980w\" sizes=\"auto, (max-width: 980px) 100vw, 980px\" \/><\/a><figcaption id=\"caption-attachment-53657\" class=\"wp-caption-text\">Porsche 356A Speedster 1600S<\/figcaption><\/figure><br \/>\n&nbsp;<br \/>\nTotalt ble det laget 4822 biler av Speedster-utgaven. De fleste ble produsert mellom 1955 og 1958, men det forekommer ekte Speedster-biler produsert b\u00e5de f\u00f8r og etter dette. Det er imidlertid laget mange replikaer av denne modellen i ettertid. Mange av disse har originale dekaler som til minste detalj f\u00e5r bilene til \u00e5 se ut som de originale bilene. Replikaene er basert p\u00e5 et avkortet Volkswagen-chassis med et karosseri av glassfiber, mens originale biler har metallkarosseri. Originale biler kan for \u00f8vrig gjenkjennes ved f\u00f8lgende detaljer:<\/p>\n<ul>\n<li>5 hjulbolter &#8211; ikke 4.<\/li>\n<li>H\u00e5ndbrekket betjenes via h\u00e5ndtak under dashboard&#8217;et til venstre (LHD) &#8211; ikke mellom setene.<\/li>\n<li>Pedalene g\u00e5r inn i veggen &#8211; ikke montert i gulvet.<\/li>\n<\/ul>\n<h3 class=\"tebh2\">Om bildene<\/h3>\n<p>Flere bilder er tatt p\u00e5 Norsk Folkemuseum hvor det en dag i 2016 sto utstilt en masse folkevogner og noen Porscher. Den r\u00f8de bilen p\u00e5 hovedbildet \u00f8verst er en 1959 modell 356A 1600S opprinnelig med 75 HK. Den s\u00f8lvgr\u00e5 bilen er ogs\u00e5 avbildet p\u00e5 Folkemuseet. Det er en 1963-modell 356B ogs\u00e5 den med 1600S motor p\u00e5 75 HK. Den lysebl\u00e5 utstillings-bilen er fotografert p\u00e5 London Classic Car Show 2020. Den m\u00f8rke bilen i profil er en 356B Super 90 (90 HK) fotografert p\u00e5 et biltreff i Perpignan, Frankrike i 2022. Den gamle bilen med &laquo;knekk&raquo; rundt frontruten er en Pre-A Porsche i Los Angelees. Bildet er publisert med tillatelse av aa-w\/Depositphotos.com. Den r\u00f8de Porsche 356A med l\u00e6rstropper til frontluken er fotografert p\u00e5 et biltreff i Perpignan, 2023. Den m\u00f8rkegr\u00f8nne bilen, den hvite og de m\u00f8rkebl\u00e5 &#8211; alle med franske registreringsnumre &#8211; er fotografert i anledning Porsche-treffet &laquo;Tra&#8217;montagne 2023&raquo; i St.Cyprien. Bildene av den sorte og den lysegule 356 Speedster er tatt p\u00e5 et biltreff i Perpignan i 2023.<\/p>\n\n<h3 class=\"tebh2\">Janis Joplin&#8217;s Porsche<\/h3>\n<p>I desember 2015 ble Janis Joplin&#8217;s 1965 Porsche 356C 1600 SC solgt for 1 760 000 USD etter \u00e5 st\u00e5tt utstilt i 20 \u00e5r p\u00e5 <em>Rock and Roll Hall of Fame Museum<\/em> i Cleveland. Den kjente artisten kj\u00f8pte bilen brukt i 1968 og fikk den malt i psykdeliske farger. I tillegg til \u00e5 v\u00e6re en klassisk bil eid av en ber\u00f8mt person, regnes den for \u00e5 v\u00e6re et kunstverk.<\/p>\n<hr \/>\n<p>&nbsp;<br \/>\n<br \/>\n<br \/>\n<figure id=\"attachment_58999\" aria-describedby=\"caption-attachment-58999\" style=\"width: 300px\" class=\"wp-caption aligncenter\"><a href=\"https:\/\/terjebjornstad.com\/no\/porsche\/\"><img data-recalc-dims=\"1\" loading=\"lazy\" decoding=\"async\" data-attachment-id=\"58999\" data-permalink=\"https:\/\/terjebjornstad.com\/no\/porsche\/porsche-logo-300x200\/\" data-orig-file=\"https:\/\/i0.wp.com\/terjebjornstad.com\/no\/wp-content\/uploads\/2023\/04\/porsche-logo-300x200-1.jpg?fit=300%2C200&amp;ssl=1\" data-orig-size=\"300,200\" data-comments-opened=\"1\" data-image-meta=\"{&quot;aperture&quot;:&quot;0&quot;,&quot;credit&quot;:&quot;&quot;,&quot;camera&quot;:&quot;&quot;,&quot;caption&quot;:&quot;&quot;,&quot;created_timestamp&quot;:&quot;0&quot;,&quot;copyright&quot;:&quot;&quot;,&quot;focal_length&quot;:&quot;0&quot;,&quot;iso&quot;:&quot;0&quot;,&quot;shutter_speed&quot;:&quot;0&quot;,&quot;title&quot;:&quot;&quot;,&quot;orientation&quot;:&quot;0&quot;}\" data-image-title=\"porsche-logo-300&amp;#215;200\" data-image-description=\"\" data-image-caption=\"&lt;p&gt;&amp;nbsp;&lt;\/p&gt;\n\" data-large-file=\"https:\/\/i0.wp.com\/terjebjornstad.com\/no\/wp-content\/uploads\/2023\/04\/porsche-logo-300x200-1.jpg?fit=300%2C200&amp;ssl=1\" src=\"https:\/\/i0.wp.com\/terjebjornstad.com\/no\/wp-content\/uploads\/2023\/04\/porsche-logo-300x200-1.jpg?resize=300%2C200&#038;ssl=1\" alt=\"\" width=\"300\" height=\"200\" class=\"size-full wp-image-58999\" \/><\/a><figcaption id=\"caption-attachment-58999\" class=\"wp-caption-text\">&nbsp;<\/figcaption><\/figure><\/p>\n<h3 class=\"tebh2\">Se ogs\u00e5<\/h3>\n<p><figure id=\"attachment_4429\" aria-describedby=\"caption-attachment-4429\" style=\"width: 150px\" class=\"wp-caption alignleft\"><a href=\"https:\/\/terjebjornstad.com\/no\/1973-porsche-911\/\"><img data-recalc-dims=\"1\" loading=\"lazy\" decoding=\"async\" data-attachment-id=\"4429\" data-permalink=\"https:\/\/terjebjornstad.com\/no\/2016\/05\/16\/folkevogn-pa-folkemuseet\/porsche-luftkjolt-1\/\" data-orig-file=\"https:\/\/i0.wp.com\/terjebjornstad.com\/no\/wp-content\/uploads\/2016\/05\/porsche-luftkjolt-1.png?fit=686%2C457&amp;ssl=1\" data-orig-size=\"686,457\" data-comments-opened=\"1\" data-image-meta=\"{&quot;aperture&quot;:&quot;0&quot;,&quot;credit&quot;:&quot;&quot;,&quot;camera&quot;:&quot;&quot;,&quot;caption&quot;:&quot;&quot;,&quot;created_timestamp&quot;:&quot;0&quot;,&quot;copyright&quot;:&quot;&quot;,&quot;focal_length&quot;:&quot;0&quot;,&quot;iso&quot;:&quot;0&quot;,&quot;shutter_speed&quot;:&quot;0&quot;,&quot;title&quot;:&quot;&quot;,&quot;orientation&quot;:&quot;0&quot;}\" data-image-title=\"porsche-luftkjolt-1\" data-image-description=\"\" data-image-caption=\"&lt;p&gt;70-talls Porsche 911&lt;\/p&gt;\n\" data-large-file=\"https:\/\/i0.wp.com\/terjebjornstad.com\/no\/wp-content\/uploads\/2016\/05\/porsche-luftkjolt-1.png?fit=686%2C457&amp;ssl=1\" src=\"https:\/\/i0.wp.com\/terjebjornstad.com\/no\/wp-content\/uploads\/2016\/05\/porsche-luftkjolt-1.png?resize=150%2C150&#038;ssl=1\" alt=\"\" width=\"150\" height=\"150\" class=\"size-thumbnail wp-image-4429\" srcset=\"https:\/\/i0.wp.com\/terjebjornstad.com\/no\/wp-content\/uploads\/2016\/05\/porsche-luftkjolt-1.png?resize=150%2C150&amp;ssl=1 150w, https:\/\/i0.wp.com\/terjebjornstad.com\/no\/wp-content\/uploads\/2016\/05\/porsche-luftkjolt-1.png?resize=50%2C50&amp;ssl=1 50w, https:\/\/i0.wp.com\/terjebjornstad.com\/no\/wp-content\/uploads\/2016\/05\/porsche-luftkjolt-1.png?zoom=2&amp;resize=150%2C150&amp;ssl=1 300w, https:\/\/i0.wp.com\/terjebjornstad.com\/no\/wp-content\/uploads\/2016\/05\/porsche-luftkjolt-1.png?zoom=3&amp;resize=150%2C150&amp;ssl=1 450w\" sizes=\"auto, (max-width: 150px) 100vw, 150px\" \/><\/a><figcaption id=\"caption-attachment-4429\" class=\"wp-caption-text\">70-talls Porsche 911<\/figcaption><\/figure><figure id=\"attachment_4268\" aria-describedby=\"caption-attachment-4268\" style=\"width: 150px\" class=\"wp-caption alignleft\"><a href=\"https:\/\/terjebjornstad.com\/no\/1983-porsche-911\/\"><img data-recalc-dims=\"1\" loading=\"lazy\" decoding=\"async\" data-attachment-id=\"4268\" data-permalink=\"https:\/\/terjebjornstad.com\/no\/2016\/05\/02\/cars-coffee-ovrevoll\/porsche-911-carrera-5\/\" data-orig-file=\"https:\/\/i0.wp.com\/terjebjornstad.com\/no\/wp-content\/uploads\/2016\/05\/porsche-911-carrera-5.png?fit=686%2C457&amp;ssl=1\" data-orig-size=\"686,457\" data-comments-opened=\"1\" data-image-meta=\"{&quot;aperture&quot;:&quot;0&quot;,&quot;credit&quot;:&quot;&quot;,&quot;camera&quot;:&quot;&quot;,&quot;caption&quot;:&quot;&quot;,&quot;created_timestamp&quot;:&quot;0&quot;,&quot;copyright&quot;:&quot;&quot;,&quot;focal_length&quot;:&quot;0&quot;,&quot;iso&quot;:&quot;0&quot;,&quot;shutter_speed&quot;:&quot;0&quot;,&quot;title&quot;:&quot;&quot;,&quot;orientation&quot;:&quot;0&quot;}\" data-image-title=\"porsche-911-carrera-5\" data-image-description=\"\" data-image-caption=\"&lt;p&gt;80-talls Porsche&lt;\/p&gt;\n\" data-large-file=\"https:\/\/i0.wp.com\/terjebjornstad.com\/no\/wp-content\/uploads\/2016\/05\/porsche-911-carrera-5.png?fit=686%2C457&amp;ssl=1\" src=\"https:\/\/i0.wp.com\/terjebjornstad.com\/no\/wp-content\/uploads\/2016\/05\/porsche-911-carrera-5.png?resize=150%2C150&#038;ssl=1\" alt=\"\" width=\"150\" height=\"150\" class=\"size-thumbnail wp-image-4268\" srcset=\"https:\/\/i0.wp.com\/terjebjornstad.com\/no\/wp-content\/uploads\/2016\/05\/porsche-911-carrera-5.png?resize=150%2C150&amp;ssl=1 150w, https:\/\/i0.wp.com\/terjebjornstad.com\/no\/wp-content\/uploads\/2016\/05\/porsche-911-carrera-5.png?resize=50%2C50&amp;ssl=1 50w, https:\/\/i0.wp.com\/terjebjornstad.com\/no\/wp-content\/uploads\/2016\/05\/porsche-911-carrera-5.png?zoom=2&amp;resize=150%2C150&amp;ssl=1 300w, https:\/\/i0.wp.com\/terjebjornstad.com\/no\/wp-content\/uploads\/2016\/05\/porsche-911-carrera-5.png?zoom=3&amp;resize=150%2C150&amp;ssl=1 450w\" sizes=\"auto, (max-width: 150px) 100vw, 150px\" \/><\/a><figcaption id=\"caption-attachment-4268\" class=\"wp-caption-text\">80-talls Porsche<\/figcaption><\/figure><\/p>\n<h6><\/h6>\n<p><a href=\"https:\/\/porsche356registry.org\/\" target=\"_blank\" rel=\"noopener\"><strong>Porsche 356 Registry <\/strong><\/a><\/p>\n<h6><\/h6>\n<\/div>\n<\/div>\n","protected":false},"excerpt":{"rendered":"<p>Tidlige Porscher var ingen superbiler. Bare velbygde, harmoniske og vakre gran-turismo biler med sportslige egenskaper. Modellhistorie Ferninand Porsche utformet som kjent Volkswagen Type 1 &#8211; folkevogna. F\u00f8r krigen rakk han ogs\u00e5 \u00e5 planlegge en ny, sportslig modell. For sin tid ekstremt aerodynamisk. En bil som kunne kj\u00f8res fort p\u00e5 de tyske autobahn-strekningene. Etter krigen kom [&hellip;]<\/p>\n","protected":false},"author":1,"featured_media":4431,"parent":0,"menu_order":0,"comment_status":"closed","ping_status":"closed","template":"templates\/full-width-page.php","meta":{"_monsterinsights_skip_tracking":false,"_monsterinsights_sitenote_active":false,"_monsterinsights_sitenote_note":"","_monsterinsights_sitenote_category":0,"jetpack_post_was_ever_published":false,"footnotes":""},"class_list":["post-5485","page","type-page","status-publish","has-post-thumbnail","hentry"],"yoast_head":"<!-- This site is optimized with the Yoast SEO plugin v27.5 - https:\/\/yoast.com\/product\/yoast-seo-wordpress\/ -->\n<title>Porsche 356 - Terjes biler<\/title>\n<meta name=\"robots\" content=\"index, follow, max-snippet:-1, max-image-preview:large, max-video-preview:-1\" \/>\n<link rel=\"canonical\" href=\"https:\/\/terjebjornstad.com\/no\/1959-porsche-356\/\" \/>\n<meta property=\"og:locale\" content=\"nb_NO\" \/>\n<meta property=\"og:type\" content=\"article\" \/>\n<meta property=\"og:title\" content=\"Porsche 356 - Terjes biler\" \/>\n<meta property=\"og:description\" content=\"Tidlige Porscher var ingen superbiler. Bare velbygde, harmoniske og vakre gran-turismo biler med sportslige egenskaper. Modellhistorie Ferninand Porsche utformet som kjent Volkswagen Type 1 &#8211; folkevogna. F\u00f8r krigen rakk han ogs\u00e5 \u00e5 planlegge en ny, sportslig modell. For sin tid ekstremt aerodynamisk. En bil som kunne kj\u00f8res fort p\u00e5 de tyske autobahn-strekningene. Etter krigen kom [&hellip;]\" \/>\n<meta property=\"og:url\" content=\"https:\/\/terjebjornstad.com\/no\/1959-porsche-356\/\" \/>\n<meta property=\"og:site_name\" content=\"Terjes biler\" \/>\n<meta property=\"article:publisher\" content=\"https:\/\/www.facebook.com\/terjesbiler\/\" \/>\n<meta property=\"article:modified_time\" content=\"2026-02-11T13:54:05+00:00\" \/>\n<meta property=\"og:image\" content=\"https:\/\/terjebjornstad.com\/no\/wp-content\/uploads\/2016\/05\/porsche-luftkjolt-5.png\" \/>\n\t<meta property=\"og:image:width\" content=\"686\" \/>\n\t<meta property=\"og:image:height\" content=\"457\" \/>\n\t<meta property=\"og:image:type\" content=\"image\/png\" \/>\n<meta name=\"twitter:card\" content=\"summary_large_image\" \/>\n<meta name=\"twitter:label1\" content=\"Ansl. lesetid\" \/>\n\t<meta name=\"twitter:data1\" content=\"9 minutter\" \/>\n<script type=\"application\/ld+json\" class=\"yoast-schema-graph\">{\"@context\":\"https:\\\/\\\/schema.org\",\"@graph\":[{\"@type\":\"WebPage\",\"@id\":\"https:\\\/\\\/terjebjornstad.com\\\/no\\\/1959-porsche-356\\\/\",\"url\":\"https:\\\/\\\/terjebjornstad.com\\\/no\\\/1959-porsche-356\\\/\",\"name\":\"Porsche 356 - Terjes biler\",\"isPartOf\":{\"@id\":\"https:\\\/\\\/terjebjornstad.com\\\/no\\\/#website\"},\"primaryImageOfPage\":{\"@id\":\"https:\\\/\\\/terjebjornstad.com\\\/no\\\/1959-porsche-356\\\/#primaryimage\"},\"image\":{\"@id\":\"https:\\\/\\\/terjebjornstad.com\\\/no\\\/1959-porsche-356\\\/#primaryimage\"},\"thumbnailUrl\":\"https:\\\/\\\/i0.wp.com\\\/terjebjornstad.com\\\/no\\\/wp-content\\\/uploads\\\/2016\\\/05\\\/porsche-luftkjolt-5.png?fit=686%2C457&ssl=1\",\"datePublished\":\"2016-06-22T15:23:34+00:00\",\"dateModified\":\"2026-02-11T13:54:05+00:00\",\"breadcrumb\":{\"@id\":\"https:\\\/\\\/terjebjornstad.com\\\/no\\\/1959-porsche-356\\\/#breadcrumb\"},\"inLanguage\":\"nb-NO\",\"potentialAction\":[{\"@type\":\"ReadAction\",\"target\":[\"https:\\\/\\\/terjebjornstad.com\\\/no\\\/1959-porsche-356\\\/\"]}]},{\"@type\":\"ImageObject\",\"inLanguage\":\"nb-NO\",\"@id\":\"https:\\\/\\\/terjebjornstad.com\\\/no\\\/1959-porsche-356\\\/#primaryimage\",\"url\":\"https:\\\/\\\/i0.wp.com\\\/terjebjornstad.com\\\/no\\\/wp-content\\\/uploads\\\/2016\\\/05\\\/porsche-luftkjolt-5.png?fit=686%2C457&ssl=1\",\"contentUrl\":\"https:\\\/\\\/i0.wp.com\\\/terjebjornstad.com\\\/no\\\/wp-content\\\/uploads\\\/2016\\\/05\\\/porsche-luftkjolt-5.png?fit=686%2C457&ssl=1\",\"width\":686,\"height\":457,\"caption\":\"Porsche 356\"},{\"@type\":\"BreadcrumbList\",\"@id\":\"https:\\\/\\\/terjebjornstad.com\\\/no\\\/1959-porsche-356\\\/#breadcrumb\",\"itemListElement\":[{\"@type\":\"ListItem\",\"position\":1,\"name\":\"Hjem\",\"item\":\"https:\\\/\\\/terjebjornstad.com\\\/no\\\/\"},{\"@type\":\"ListItem\",\"position\":2,\"name\":\"Porsche 356\"}]},{\"@type\":\"WebSite\",\"@id\":\"https:\\\/\\\/terjebjornstad.com\\\/no\\\/#website\",\"url\":\"https:\\\/\\\/terjebjornstad.com\\\/no\\\/\",\"name\":\"Terjes biler\",\"description\":\"HONEST ABOUT CARS\",\"publisher\":{\"@id\":\"https:\\\/\\\/terjebjornstad.com\\\/no\\\/#organization\"},\"alternateName\":\"Terjebjornstad.com\",\"potentialAction\":[{\"@type\":\"SearchAction\",\"target\":{\"@type\":\"EntryPoint\",\"urlTemplate\":\"https:\\\/\\\/terjebjornstad.com\\\/no\\\/?s={search_term_string}\"},\"query-input\":{\"@type\":\"PropertyValueSpecification\",\"valueRequired\":true,\"valueName\":\"search_term_string\"}}],\"inLanguage\":\"nb-NO\"},{\"@type\":\"Organization\",\"@id\":\"https:\\\/\\\/terjebjornstad.com\\\/no\\\/#organization\",\"name\":\"Terje Bj\u00f8rnstad ENK\",\"url\":\"https:\\\/\\\/terjebjornstad.com\\\/no\\\/\",\"logo\":{\"@type\":\"ImageObject\",\"inLanguage\":\"nb-NO\",\"@id\":\"https:\\\/\\\/terjebjornstad.com\\\/no\\\/#\\\/schema\\\/logo\\\/image\\\/\",\"url\":\"https:\\\/\\\/i0.wp.com\\\/terjebjornstad.com\\\/no\\\/wp-content\\\/uploads\\\/2026\\\/02\\\/terjesbiler2024-960x354-1.png?fit=960%2C354&ssl=1\",\"contentUrl\":\"https:\\\/\\\/i0.wp.com\\\/terjebjornstad.com\\\/no\\\/wp-content\\\/uploads\\\/2026\\\/02\\\/terjesbiler2024-960x354-1.png?fit=960%2C354&ssl=1\",\"width\":960,\"height\":354,\"caption\":\"Terje Bj\u00f8rnstad ENK\"},\"image\":{\"@id\":\"https:\\\/\\\/terjebjornstad.com\\\/no\\\/#\\\/schema\\\/logo\\\/image\\\/\"},\"sameAs\":[\"https:\\\/\\\/www.facebook.com\\\/terjesbiler\\\/\",\"https:\\\/\\\/www.instagram.com\\\/terjesbiler\\\/\",\"https:\\\/\\\/www.pinteres.com\\\/terjebjrnstad\\\/terjes-biler\\\/\"]}]}<\/script>\n<!-- \/ Yoast SEO plugin. -->","yoast_head_json":{"title":"Porsche 356 - Terjes biler","robots":{"index":"index","follow":"follow","max-snippet":"max-snippet:-1","max-image-preview":"max-image-preview:large","max-video-preview":"max-video-preview:-1"},"canonical":"https:\/\/terjebjornstad.com\/no\/1959-porsche-356\/","og_locale":"nb_NO","og_type":"article","og_title":"Porsche 356 - Terjes biler","og_description":"Tidlige Porscher var ingen superbiler. Bare velbygde, harmoniske og vakre gran-turismo biler med sportslige egenskaper. Modellhistorie Ferninand Porsche utformet som kjent Volkswagen Type 1 &#8211; folkevogna. F\u00f8r krigen rakk han ogs\u00e5 \u00e5 planlegge en ny, sportslig modell. For sin tid ekstremt aerodynamisk. En bil som kunne kj\u00f8res fort p\u00e5 de tyske autobahn-strekningene. Etter krigen kom [&hellip;]","og_url":"https:\/\/terjebjornstad.com\/no\/1959-porsche-356\/","og_site_name":"Terjes biler","article_publisher":"https:\/\/www.facebook.com\/terjesbiler\/","article_modified_time":"2026-02-11T13:54:05+00:00","og_image":[{"width":686,"height":457,"url":"https:\/\/terjebjornstad.com\/no\/wp-content\/uploads\/2016\/05\/porsche-luftkjolt-5.png","type":"image\/png"}],"twitter_card":"summary_large_image","twitter_misc":{"Ansl. lesetid":"9 minutter"},"schema":{"@context":"https:\/\/schema.org","@graph":[{"@type":"WebPage","@id":"https:\/\/terjebjornstad.com\/no\/1959-porsche-356\/","url":"https:\/\/terjebjornstad.com\/no\/1959-porsche-356\/","name":"Porsche 356 - Terjes biler","isPartOf":{"@id":"https:\/\/terjebjornstad.com\/no\/#website"},"primaryImageOfPage":{"@id":"https:\/\/terjebjornstad.com\/no\/1959-porsche-356\/#primaryimage"},"image":{"@id":"https:\/\/terjebjornstad.com\/no\/1959-porsche-356\/#primaryimage"},"thumbnailUrl":"https:\/\/i0.wp.com\/terjebjornstad.com\/no\/wp-content\/uploads\/2016\/05\/porsche-luftkjolt-5.png?fit=686%2C457&ssl=1","datePublished":"2016-06-22T15:23:34+00:00","dateModified":"2026-02-11T13:54:05+00:00","breadcrumb":{"@id":"https:\/\/terjebjornstad.com\/no\/1959-porsche-356\/#breadcrumb"},"inLanguage":"nb-NO","potentialAction":[{"@type":"ReadAction","target":["https:\/\/terjebjornstad.com\/no\/1959-porsche-356\/"]}]},{"@type":"ImageObject","inLanguage":"nb-NO","@id":"https:\/\/terjebjornstad.com\/no\/1959-porsche-356\/#primaryimage","url":"https:\/\/i0.wp.com\/terjebjornstad.com\/no\/wp-content\/uploads\/2016\/05\/porsche-luftkjolt-5.png?fit=686%2C457&ssl=1","contentUrl":"https:\/\/i0.wp.com\/terjebjornstad.com\/no\/wp-content\/uploads\/2016\/05\/porsche-luftkjolt-5.png?fit=686%2C457&ssl=1","width":686,"height":457,"caption":"Porsche 356"},{"@type":"BreadcrumbList","@id":"https:\/\/terjebjornstad.com\/no\/1959-porsche-356\/#breadcrumb","itemListElement":[{"@type":"ListItem","position":1,"name":"Hjem","item":"https:\/\/terjebjornstad.com\/no\/"},{"@type":"ListItem","position":2,"name":"Porsche 356"}]},{"@type":"WebSite","@id":"https:\/\/terjebjornstad.com\/no\/#website","url":"https:\/\/terjebjornstad.com\/no\/","name":"Terjes biler","description":"HONEST ABOUT CARS","publisher":{"@id":"https:\/\/terjebjornstad.com\/no\/#organization"},"alternateName":"Terjebjornstad.com","potentialAction":[{"@type":"SearchAction","target":{"@type":"EntryPoint","urlTemplate":"https:\/\/terjebjornstad.com\/no\/?s={search_term_string}"},"query-input":{"@type":"PropertyValueSpecification","valueRequired":true,"valueName":"search_term_string"}}],"inLanguage":"nb-NO"},{"@type":"Organization","@id":"https:\/\/terjebjornstad.com\/no\/#organization","name":"Terje Bj\u00f8rnstad ENK","url":"https:\/\/terjebjornstad.com\/no\/","logo":{"@type":"ImageObject","inLanguage":"nb-NO","@id":"https:\/\/terjebjornstad.com\/no\/#\/schema\/logo\/image\/","url":"https:\/\/i0.wp.com\/terjebjornstad.com\/no\/wp-content\/uploads\/2026\/02\/terjesbiler2024-960x354-1.png?fit=960%2C354&ssl=1","contentUrl":"https:\/\/i0.wp.com\/terjebjornstad.com\/no\/wp-content\/uploads\/2026\/02\/terjesbiler2024-960x354-1.png?fit=960%2C354&ssl=1","width":960,"height":354,"caption":"Terje Bj\u00f8rnstad ENK"},"image":{"@id":"https:\/\/terjebjornstad.com\/no\/#\/schema\/logo\/image\/"},"sameAs":["https:\/\/www.facebook.com\/terjesbiler\/","https:\/\/www.instagram.com\/terjesbiler\/","https:\/\/www.pinteres.com\/terjebjrnstad\/terjes-biler\/"]}]}},"jetpack_sharing_enabled":true,"jetpack_shortlink":"https:\/\/wp.me\/P48zYA-1qt","jetpack-related-posts":[{"id":5500,"url":"https:\/\/terjebjornstad.com\/no\/porsche\/","url_meta":{"origin":5485,"position":0},"title":"Ferdinand Porsche stiftet eget ingeni\u00f8rfirma\u2026","author":"Terje Bj\u00f8rnstad","date":"22\/06\/2016","format":false,"excerpt":"Ferdinand Porsche stiftet eget ingeni\u00f8rfirma i 1931 og fikk i oppdrag fra tyske styresmakter \u00e5 konstruere en bil til folket - en folkevogn. Konseptet ble som kjent godt mottatt, og Porsche skapte egne, mer sportslige modeller etter samme konsept. Porsche AG eies i dag av Volkswagen AG. Tidligere publisert om\u2026","rel":"","context":"Liknende innlegg","block_context":{"text":"Liknende innlegg","link":""},"img":{"alt_text":"","src":"https:\/\/i0.wp.com\/terjebjornstad.com\/no\/wp-content\/uploads\/2023\/04\/porsche-logo-300x200-1.jpg?resize=350%2C200&ssl=1","width":350,"height":200},"classes":[]},{"id":72053,"url":"https:\/\/terjebjornstad.com\/no\/bilene-fra-1964\/","url_meta":{"origin":5485,"position":1},"title":"Bilene fra 1964","author":"Terje Bj\u00f8rnstad","date":"19\/05\/2024","format":false,"excerpt":"Nikita Krustsjov kom p\u00e5 statsbes\u00f8k til Norge. Jim Reeves og Bobby Bare opptr\u00e5dte i Nj\u00e5rdhallen i Oslo. De langh\u00e5rede medlemmene av Beatles skapte hysteriske tilstander der de spilte og folk kunne f\u00f8lge TV-sendinger fra OL i Japan. Vi dro p\u00e5 sommerferie til Gudbrandsdalen i naboens 1953 Volkswagen med delt bakrute.\u2026","rel":"","context":"Liknende innlegg","block_context":{"text":"Liknende innlegg","link":""},"img":{"alt_text":"","src":"https:\/\/i0.wp.com\/terjebjornstad.com\/no\/wp-content\/uploads\/2024\/06\/1964-ford-galaxie-500-coupe-1920x1280-1.jpg?resize=350%2C200&ssl=1","width":350,"height":200,"srcset":"https:\/\/i0.wp.com\/terjebjornstad.com\/no\/wp-content\/uploads\/2024\/06\/1964-ford-galaxie-500-coupe-1920x1280-1.jpg?resize=350%2C200&ssl=1 1x, https:\/\/i0.wp.com\/terjebjornstad.com\/no\/wp-content\/uploads\/2024\/06\/1964-ford-galaxie-500-coupe-1920x1280-1.jpg?resize=525%2C300&ssl=1 1.5x, https:\/\/i0.wp.com\/terjebjornstad.com\/no\/wp-content\/uploads\/2024\/06\/1964-ford-galaxie-500-coupe-1920x1280-1.jpg?resize=700%2C400&ssl=1 2x, https:\/\/i0.wp.com\/terjebjornstad.com\/no\/wp-content\/uploads\/2024\/06\/1964-ford-galaxie-500-coupe-1920x1280-1.jpg?resize=1050%2C600&ssl=1 3x, https:\/\/i0.wp.com\/terjebjornstad.com\/no\/wp-content\/uploads\/2024\/06\/1964-ford-galaxie-500-coupe-1920x1280-1.jpg?resize=1400%2C800&ssl=1 4x"},"classes":[]},{"id":8273,"url":"https:\/\/terjebjornstad.com\/no\/porsche-914\/","url_meta":{"origin":5485,"position":2},"title":"VW-Porsche 914","author":"Terje Bj\u00f8rnstad","date":"01\/11\/2016","format":false,"excerpt":"Pressen kalte den for en \"folkeporsche\", en Porsche flere fikk r\u00e5d til \u00e5 kj\u00f8pe. Samarbeidet mellom Volkswagen og Porsche var reelt, men Porsche fryktet at modellen skulle \u00f8delegge Porsche som et statusmerke. Et reelt samarbeid Alle vet at det er tette b\u00e5nd mellom Volkswagen og Porsche. P\u00e5 slutten av 60-tallet\u2026","rel":"","context":"Liknende innlegg","block_context":{"text":"Liknende innlegg","link":""},"img":{"alt_text":"","src":"https:\/\/i0.wp.com\/terjebjornstad.com\/no\/wp-content\/uploads\/2022\/12\/porsche-914-1-1.jpg?fit=686%2C457&ssl=1&resize=350%2C200","width":350,"height":200,"srcset":"https:\/\/i0.wp.com\/terjebjornstad.com\/no\/wp-content\/uploads\/2022\/12\/porsche-914-1-1.jpg?fit=686%2C457&ssl=1&resize=350%2C200 1x, https:\/\/i0.wp.com\/terjebjornstad.com\/no\/wp-content\/uploads\/2022\/12\/porsche-914-1-1.jpg?fit=686%2C457&ssl=1&resize=525%2C300 1.5x"},"classes":[]},{"id":5922,"url":"https:\/\/terjebjornstad.com\/no\/skoda\/","url_meta":{"origin":5485,"position":3},"title":"Skoda's historie kan f\u00f8res helt\u2026","author":"Terje Bj\u00f8rnstad","date":"27\/06\/2016","format":false,"excerpt":"Skoda's historie kan f\u00f8res helt tilbake til 1895 da Laurin & Klement startet sykkelfabrikk. Senere, i 1905 begynte de \u00e5 produsere biler. I 1925 ble firmaet overtatt av Skoda Auto. Etter krigen ble selskapet nasjonalisert og led under sovjetisk plan\u00f8konomi. Etter jernteppets fall begynte Volkswagen \u00e5 kj\u00f8pe seg inn i\u2026","rel":"","context":"Liknende innlegg","block_context":{"text":"Liknende innlegg","link":""},"img":{"alt_text":"","src":"https:\/\/i0.wp.com\/terjebjornstad.com\/no\/wp-content\/uploads\/2023\/01\/skoda-logo-300x200-1.jpg?resize=350%2C200&ssl=1","width":350,"height":200},"classes":[]},{"id":6607,"url":"https:\/\/terjebjornstad.com\/no\/1980-1986-porsche-928-s\/","url_meta":{"origin":5485,"position":4},"title":"Porsche 928 S","author":"Terje Bj\u00f8rnstad","date":"14\/08\/2016","format":false,"excerpt":"I 1977 besluttet Porsche \u00e5 satse p\u00e5 biler med vannavkj\u00f8lte frontmontert motorer med transaksel-l\u00f8sning og bakhjulstrekk. De trodde i fullt alvor at ettersp\u00f8rselen etter 911 ville forsvinne. Da 928 kom p\u00e5 markedet i 1978 var som et nytt kapittel i Porsches modellhistorie. Porsches ledelse hadde lenge jobbet med nye modeller\u2026","rel":"","context":"Liknende innlegg","block_context":{"text":"Liknende innlegg","link":""},"img":{"alt_text":"","src":"https:\/\/i0.wp.com\/terjebjornstad.com\/no\/wp-content\/uploads\/2023\/03\/1984-porsche-928s-4-6-242hk-1280x853-1.jpg?fit=1200%2C800&ssl=1&resize=350%2C200","width":350,"height":200,"srcset":"https:\/\/i0.wp.com\/terjebjornstad.com\/no\/wp-content\/uploads\/2023\/03\/1984-porsche-928s-4-6-242hk-1280x853-1.jpg?fit=1200%2C800&ssl=1&resize=350%2C200 1x, https:\/\/i0.wp.com\/terjebjornstad.com\/no\/wp-content\/uploads\/2023\/03\/1984-porsche-928s-4-6-242hk-1280x853-1.jpg?fit=1200%2C800&ssl=1&resize=525%2C300 1.5x, https:\/\/i0.wp.com\/terjebjornstad.com\/no\/wp-content\/uploads\/2023\/03\/1984-porsche-928s-4-6-242hk-1280x853-1.jpg?fit=1200%2C800&ssl=1&resize=700%2C400 2x, https:\/\/i0.wp.com\/terjebjornstad.com\/no\/wp-content\/uploads\/2023\/03\/1984-porsche-928s-4-6-242hk-1280x853-1.jpg?fit=1200%2C800&ssl=1&resize=1050%2C600 3x"},"classes":[]},{"id":5488,"url":"https:\/\/terjebjornstad.com\/no\/1973-porsche-911\/","url_meta":{"origin":5485,"position":5},"title":"Tidlige Porsche 911 Carrera","author":"Terje Bj\u00f8rnstad","date":"22\/06\/2016","format":false,"excerpt":"Et bildegalleri over Porsche Carrera \u00e5rsmodell 1970-1977. Modellhistorikk Alle 911-seriene i denne perioden hadde 6-sylindrede, luftavkj\u00f8lte boksermotorer. De f\u00f8rste 911-seriene ble angitt med bokstaver. For \u00e5rsmodell 1970 var Porsche kommet til C-modellen som hadde f\u00e5tt 2.2 liters motor og forlenget akselavstand. Fra \u00e5rsmodell 1972 (E-modellen) fikk motorene \u00f8kt slagvolum til\u2026","rel":"","context":"Liknende innlegg","block_context":{"text":"Liknende innlegg","link":""},"img":{"alt_text":"","src":"https:\/\/i0.wp.com\/terjebjornstad.com\/no\/wp-content\/uploads\/2024\/06\/porsche-911-targa-2253-1920x1440-1.jpg?resize=350%2C200&ssl=1","width":350,"height":200,"srcset":"https:\/\/i0.wp.com\/terjebjornstad.com\/no\/wp-content\/uploads\/2024\/06\/porsche-911-targa-2253-1920x1440-1.jpg?resize=350%2C200&ssl=1 1x, https:\/\/i0.wp.com\/terjebjornstad.com\/no\/wp-content\/uploads\/2024\/06\/porsche-911-targa-2253-1920x1440-1.jpg?resize=525%2C300&ssl=1 1.5x, https:\/\/i0.wp.com\/terjebjornstad.com\/no\/wp-content\/uploads\/2024\/06\/porsche-911-targa-2253-1920x1440-1.jpg?resize=700%2C400&ssl=1 2x, https:\/\/i0.wp.com\/terjebjornstad.com\/no\/wp-content\/uploads\/2024\/06\/porsche-911-targa-2253-1920x1440-1.jpg?resize=1050%2C600&ssl=1 3x, https:\/\/i0.wp.com\/terjebjornstad.com\/no\/wp-content\/uploads\/2024\/06\/porsche-911-targa-2253-1920x1440-1.jpg?resize=1400%2C800&ssl=1 4x"},"classes":[]}],"_links":{"self":[{"href":"https:\/\/terjebjornstad.com\/no\/wp-json\/wp\/v2\/pages\/5485","targetHints":{"allow":["GET"]}}],"collection":[{"href":"https:\/\/terjebjornstad.com\/no\/wp-json\/wp\/v2\/pages"}],"about":[{"href":"https:\/\/terjebjornstad.com\/no\/wp-json\/wp\/v2\/types\/page"}],"author":[{"embeddable":true,"href":"https:\/\/terjebjornstad.com\/no\/wp-json\/wp\/v2\/users\/1"}],"replies":[{"embeddable":true,"href":"https:\/\/terjebjornstad.com\/no\/wp-json\/wp\/v2\/comments?post=5485"}],"version-history":[{"count":48,"href":"https:\/\/terjebjornstad.com\/no\/wp-json\/wp\/v2\/pages\/5485\/revisions"}],"predecessor-version":[{"id":83511,"href":"https:\/\/terjebjornstad.com\/no\/wp-json\/wp\/v2\/pages\/5485\/revisions\/83511"}],"wp:featuredmedia":[{"embeddable":true,"href":"https:\/\/terjebjornstad.com\/no\/wp-json\/wp\/v2\/media\/4431"}],"wp:attachment":[{"href":"https:\/\/terjebjornstad.com\/no\/wp-json\/wp\/v2\/media?parent=5485"}],"curies":[{"name":"wp","href":"https:\/\/api.w.org\/{rel}","templated":true}]}}