{"id":5329,"date":"2016-06-21T12:32:47","date_gmt":"2016-06-21T12:32:47","guid":{"rendered":"http:\/\/terjebjornstad.com\/no\/?page_id=5329"},"modified":"2026-02-08T17:26:24","modified_gmt":"2026-02-08T16:26:24","slug":"cadillac","status":"publish","type":"page","link":"https:\/\/terjebjornstad.com\/no\/cadillac\/","title":{"rendered":""},"content":{"rendered":"<figure id=\"attachment_58120\" aria-describedby=\"caption-attachment-58120\" style=\"width: 300px\" class=\"wp-caption alignleft\"><img data-recalc-dims=\"1\" loading=\"lazy\" decoding=\"async\" data-attachment-id=\"58120\" data-permalink=\"https:\/\/terjebjornstad.com\/no\/cadillac\/cadillac-logo-300x200\/\" data-orig-file=\"https:\/\/i0.wp.com\/terjebjornstad.com\/no\/wp-content\/uploads\/2023\/03\/cadillac-logo-300x200-1.jpg?fit=300%2C200&amp;ssl=1\" data-orig-size=\"300,200\" data-comments-opened=\"1\" data-image-meta=\"{&quot;aperture&quot;:&quot;0&quot;,&quot;credit&quot;:&quot;&quot;,&quot;camera&quot;:&quot;&quot;,&quot;caption&quot;:&quot;&quot;,&quot;created_timestamp&quot;:&quot;0&quot;,&quot;copyright&quot;:&quot;&quot;,&quot;focal_length&quot;:&quot;0&quot;,&quot;iso&quot;:&quot;0&quot;,&quot;shutter_speed&quot;:&quot;0&quot;,&quot;title&quot;:&quot;&quot;,&quot;orientation&quot;:&quot;0&quot;}\" data-image-title=\"cadillac-logo-300&amp;#215;200\" data-image-description=\"\" data-image-caption=\"&lt;p&gt;&amp;nbsp;&lt;\/p&gt;\n\" data-large-file=\"https:\/\/i0.wp.com\/terjebjornstad.com\/no\/wp-content\/uploads\/2023\/03\/cadillac-logo-300x200-1.jpg?fit=300%2C200&amp;ssl=1\" src=\"https:\/\/i0.wp.com\/terjebjornstad.com\/no\/wp-content\/uploads\/2023\/03\/cadillac-logo-300x200-1.jpg?resize=300%2C200&#038;ssl=1\" alt=\"\" width=\"300\" height=\"200\" class=\"size-full wp-image-58120\" \/><figcaption id=\"caption-attachment-58120\" class=\"wp-caption-text\">&nbsp;<\/figcaption><\/figure>\n<div class=\"copy_teb1\">Historien forteller at da Henry Ford hadde r\u00f8ket uklar med sine investorer, forlot han selskapet for \u00e5 starte et annet selskap. Investorene r\u00e5df\u00f8rte seg med Henry M. Leland om \u00e5 likvidere fabrikken. Han anbefalte \u00e5 fortsette produksjonen av biler. \u00c5ret var 1902. Det nye selskapet ble kalt Cadillac &#8211; oppkalt etter Detroit&#8217;s grunnlegger. Cadillac er USA&#8217;s mest prestisjefylte bilmerke.<\/div>\n<h6><\/h6>\n<h3 class=\"tebh2ingreslbcenter\">Tidligere publisert om Cadillac<\/h3>\n<figure id=\"attachment_42171\" aria-describedby=\"caption-attachment-42171\" style=\"width: 300px\" class=\"wp-caption alignleft\"><a href=\"https:\/\/terjebjornstad.com\/no\/2021\/08\/08\/cadillac-til-fjells\/\"><img data-recalc-dims=\"1\" loading=\"lazy\" decoding=\"async\" data-attachment-id=\"42171\" data-permalink=\"https:\/\/terjebjornstad.com\/no\/2021\/08\/08\/cadillac-til-fjells\/20-1975-cadillac-eldorado-cabdown-6-1080x607\/\" data-orig-file=\"https:\/\/i0.wp.com\/terjebjornstad.com\/no\/wp-content\/uploads\/2021\/08\/20-1975-cadillac-eldorado-cabdown-6-1080x607-1.png?fit=1080%2C607&amp;ssl=1\" data-orig-size=\"1080,607\" data-comments-opened=\"1\" data-image-meta=\"{&quot;aperture&quot;:&quot;0&quot;,&quot;credit&quot;:&quot;&quot;,&quot;camera&quot;:&quot;&quot;,&quot;caption&quot;:&quot;&quot;,&quot;created_timestamp&quot;:&quot;0&quot;,&quot;copyright&quot;:&quot;&quot;,&quot;focal_length&quot;:&quot;0&quot;,&quot;iso&quot;:&quot;0&quot;,&quot;shutter_speed&quot;:&quot;0&quot;,&quot;title&quot;:&quot;&quot;,&quot;orientation&quot;:&quot;0&quot;}\" data-image-title=\"20-1975-cadillac-eldorado-cabdown-6-1080&amp;#215;607\" data-image-description=\"&lt;p&gt;#&lt;\/p&gt;\n\" data-image-caption=\"&lt;p&gt;Cadillac Eldorado Convertible &amp;#8211; Cadillac til fjells&lt;\/p&gt;\n\" data-large-file=\"https:\/\/i0.wp.com\/terjebjornstad.com\/no\/wp-content\/uploads\/2021\/08\/20-1975-cadillac-eldorado-cabdown-6-1080x607-1.png?fit=980%2C551&amp;ssl=1\" src=\"https:\/\/i0.wp.com\/terjebjornstad.com\/no\/wp-content\/uploads\/2021\/08\/32-1975-cadillac-eldorado-convertible-1-1080x1080-1.png?resize=200%2C200&#038;ssl=1\" alt=\"eldorado convertible\" width=\"200\" height=\"200\" class=\"size-full wp-image-42171\" \/><\/a><figcaption id=\"caption-attachment-42171\" class=\"wp-caption-text\"><\/p>\n<h5>\n<h3 class=\"tebh2s\">Cadillac Eldorado Convertible<\/h3>\n<div class=\"tebtext\">Ikke bare representerer den amerikansk bilfilosofi p\u00e5 sitt h\u00f8ydepunkt. Generasjon 9 skulle ogs\u00e5 bli siste amerikanske cabriolet p\u00e5 mange \u00e5r fra GM.<\/div>\n<p><\/figcaption><\/figure>\n<figure id=\"attachment_70031\" aria-describedby=\"caption-attachment-70031\" style=\"width: 300px\" class=\"wp-caption alignleft\"><a href=\"https:\/\/terjebjornstad.com\/no\/2024\/02\/27\/cadillac-bls-nice-try\/\"><img data-recalc-dims=\"1\" loading=\"lazy\" decoding=\"async\" data-attachment-id=\"70031\" data-permalink=\"https:\/\/terjebjornstad.com\/no\/2024\/02\/27\/cadillac-bls-nice-try\/2-2006-cadillac-bls-1-9-d-1920x1280\/\" data-orig-file=\"https:\/\/i0.wp.com\/terjebjornstad.com\/no\/wp-content\/uploads\/2024\/02\/2-2006-cadillac-bls-1-9-d-1920x1280-1.jpg?fit=1920%2C1280&amp;ssl=1\" data-orig-size=\"1920,1280\" data-comments-opened=\"1\" data-image-meta=\"{&quot;aperture&quot;:&quot;0&quot;,&quot;credit&quot;:&quot;&quot;,&quot;camera&quot;:&quot;&quot;,&quot;caption&quot;:&quot;&quot;,&quot;created_timestamp&quot;:&quot;0&quot;,&quot;copyright&quot;:&quot;&quot;,&quot;focal_length&quot;:&quot;0&quot;,&quot;iso&quot;:&quot;0&quot;,&quot;shutter_speed&quot;:&quot;0&quot;,&quot;title&quot;:&quot;&quot;,&quot;orientation&quot;:&quot;0&quot;}\" data-image-title=\"2-2006-cadillac-bls-1-9-d-1920&amp;#215;1280\" data-image-description=\"\" data-image-caption=\"\" data-large-file=\"https:\/\/i0.wp.com\/terjebjornstad.com\/no\/wp-content\/uploads\/2024\/02\/2-2006-cadillac-bls-1-9-d-1920x1280-1.jpg?fit=980%2C653&amp;ssl=1\" src=\"https:\/\/i0.wp.com\/terjebjornstad.com\/no\/wp-content\/uploads\/2024\/02\/2-2006-cadillac-bls-1-9-d-1920x1280-1.jpg?resize=300%2C200&#038;ssl=1\" alt=\"\" width=\"300\" height=\"200\" class=\"size-medium wp-image-70031\" srcset=\"https:\/\/i0.wp.com\/terjebjornstad.com\/no\/wp-content\/uploads\/2024\/02\/2-2006-cadillac-bls-1-9-d-1920x1280-1.jpg?resize=300%2C200&amp;ssl=1 300w, https:\/\/i0.wp.com\/terjebjornstad.com\/no\/wp-content\/uploads\/2024\/02\/2-2006-cadillac-bls-1-9-d-1920x1280-1.jpg?resize=1080%2C720&amp;ssl=1 1080w, https:\/\/i0.wp.com\/terjebjornstad.com\/no\/wp-content\/uploads\/2024\/02\/2-2006-cadillac-bls-1-9-d-1920x1280-1.jpg?resize=768%2C512&amp;ssl=1 768w, https:\/\/i0.wp.com\/terjebjornstad.com\/no\/wp-content\/uploads\/2024\/02\/2-2006-cadillac-bls-1-9-d-1920x1280-1.jpg?resize=1536%2C1024&amp;ssl=1 1536w, https:\/\/i0.wp.com\/terjebjornstad.com\/no\/wp-content\/uploads\/2024\/02\/2-2006-cadillac-bls-1-9-d-1920x1280-1.jpg?resize=690%2C460&amp;ssl=1 690w, https:\/\/i0.wp.com\/terjebjornstad.com\/no\/wp-content\/uploads\/2024\/02\/2-2006-cadillac-bls-1-9-d-1920x1280-1.jpg?resize=980%2C653&amp;ssl=1 980w, https:\/\/i0.wp.com\/terjebjornstad.com\/no\/wp-content\/uploads\/2024\/02\/2-2006-cadillac-bls-1-9-d-1920x1280-1.jpg?w=1920&amp;ssl=1 1920w\" sizes=\"auto, (max-width: 300px) 100vw, 300px\" \/><\/a><figcaption id=\"caption-attachment-70031\" class=\"wp-caption-text\"><\/p>\n<h3 class=\"tebh2s\">Cadillac BLS &#8211; Nice try!<\/h3>\n<div class=\"tebtext\">En helt uventet nyhet. Til og med forhandlerne ble overrasket. En ny Cadillac tilpasset det europeiske markedet.<\/div>\n<p><\/figcaption><\/figure>\n<h6><\/h6>\n<h3 class=\"tebh2ingreslbcenter\">Cadillac-modeller i tekst og bilder<\/h3>\n<figure id=\"attachment_7617\" aria-describedby=\"caption-attachment-7617\" style=\"width: 300px\" class=\"wp-caption alignleft\"><a href=\"https:\/\/terjebjornstad.com\/no\/1977-cadillac-deville\/\"><img data-recalc-dims=\"1\" loading=\"lazy\" decoding=\"async\" data-attachment-id=\"7617\" data-permalink=\"https:\/\/terjebjornstad.com\/no\/1977-cadillac-deville\/cadillac-1001\/\" data-orig-file=\"https:\/\/i0.wp.com\/terjebjornstad.com\/no\/wp-content\/uploads\/2016\/09\/cadillac-1001.png?fit=686%2C457&amp;ssl=1\" data-orig-size=\"686,457\" data-comments-opened=\"1\" data-image-meta=\"{&quot;aperture&quot;:&quot;0&quot;,&quot;credit&quot;:&quot;&quot;,&quot;camera&quot;:&quot;&quot;,&quot;caption&quot;:&quot;&quot;,&quot;created_timestamp&quot;:&quot;0&quot;,&quot;copyright&quot;:&quot;&quot;,&quot;focal_length&quot;:&quot;0&quot;,&quot;iso&quot;:&quot;0&quot;,&quot;shutter_speed&quot;:&quot;0&quot;,&quot;title&quot;:&quot;&quot;,&quot;orientation&quot;:&quot;0&quot;}\" data-image-title=\"cadillac-1001\" data-image-description=\"\" data-image-caption=\"&lt;p&gt;Cadillac Deville 5&lt;\/p&gt;\n\" data-large-file=\"https:\/\/i0.wp.com\/terjebjornstad.com\/no\/wp-content\/uploads\/2016\/09\/cadillac-1001.png?fit=686%2C457&amp;ssl=1\" src=\"https:\/\/i0.wp.com\/terjebjornstad.com\/no\/wp-content\/uploads\/2016\/09\/cadillac-1001.png?resize=300%2C200&#038;ssl=1\" alt=\"1977 Cadillac Deville\" width=\"300\" height=\"200\" class=\"size-thumbnail wp-image-7617\" srcset=\"https:\/\/i0.wp.com\/terjebjornstad.com\/no\/wp-content\/uploads\/2016\/09\/cadillac-1001.png?resize=300%2C200&amp;ssl=1 300w, https:\/\/i0.wp.com\/terjebjornstad.com\/no\/wp-content\/uploads\/2016\/09\/cadillac-1001.png?w=686&amp;ssl=1 686w\" sizes=\"auto, (max-width: 300px) 100vw, 300px\" \/><\/a><figcaption id=\"caption-attachment-7617\" class=\"wp-caption-text\"><\/p>\n<h3 class=\"tebh2s\">Cadillac Deville 5 gen.<\/h3>\n<div class=\"tebtext\">GM var i full gang med \u00e5 downsize modellene i tr\u00e5d med utviklingen i bilmarkedet etter oljekrisen p\u00e5 begynnelsen av 70-tallet.<\/div>\n<p><\/figcaption><\/figure>\n<figure id=\"attachment_17549\" aria-describedby=\"caption-attachment-17549\" style=\"width: 300px\" class=\"wp-caption alignleft\"><a href=\" https:\/\/terjebjornstad.com\/no\/cadillac-deville-4-generasjon\/\"><img data-recalc-dims=\"1\" loading=\"lazy\" decoding=\"async\" data-attachment-id=\"17549\" data-permalink=\"https:\/\/terjebjornstad.com\/no\/cadillac-deville-4-generasjon\/cadillac-solvik-1606-1080-2\/\" data-orig-file=\"https:\/\/i0.wp.com\/terjebjornstad.com\/no\/wp-content\/uploads\/2018\/06\/cadillac-solvik-1606-1080-1.png?fit=1080%2C720&amp;ssl=1\" data-orig-size=\"1080,720\" data-comments-opened=\"1\" data-image-meta=\"{&quot;aperture&quot;:&quot;0&quot;,&quot;credit&quot;:&quot;&quot;,&quot;camera&quot;:&quot;&quot;,&quot;caption&quot;:&quot;&quot;,&quot;created_timestamp&quot;:&quot;0&quot;,&quot;copyright&quot;:&quot;&quot;,&quot;focal_length&quot;:&quot;0&quot;,&quot;iso&quot;:&quot;0&quot;,&quot;shutter_speed&quot;:&quot;0&quot;,&quot;title&quot;:&quot;&quot;,&quot;orientation&quot;:&quot;0&quot;}\" data-image-title=\"Cadillac DeVille 4\" data-image-description=\"\" data-image-caption=\"&lt;p&gt;Cadillac DeVille 4. generasjon&lt;\/p&gt;\n\" data-large-file=\"https:\/\/i0.wp.com\/terjebjornstad.com\/no\/wp-content\/uploads\/2018\/06\/cadillac-solvik-1606-1080-1.png?fit=980%2C654&amp;ssl=1\" src=\"https:\/\/i0.wp.com\/terjebjornstad.com\/no\/wp-content\/uploads\/2018\/06\/cadillac-solvik-1606-1080-1.png?resize=300%2C200&#038;ssl=1\" alt=\"1975 Cadillac Deville\" width=\"300\" height=\"200\" class=\"size-thumbnail wp-image-17549\" srcset=\"https:\/\/i0.wp.com\/terjebjornstad.com\/no\/wp-content\/uploads\/2018\/06\/cadillac-solvik-1606-1080-1.png?resize=300%2C200&amp;ssl=1 300w, https:\/\/i0.wp.com\/terjebjornstad.com\/no\/wp-content\/uploads\/2018\/06\/cadillac-solvik-1606-1080-1.png?resize=768%2C512&amp;ssl=1 768w, https:\/\/i0.wp.com\/terjebjornstad.com\/no\/wp-content\/uploads\/2018\/06\/cadillac-solvik-1606-1080-1.png?resize=1024%2C683&amp;ssl=1 1024w, https:\/\/i0.wp.com\/terjebjornstad.com\/no\/wp-content\/uploads\/2018\/06\/cadillac-solvik-1606-1080-1.png?resize=690%2C460&amp;ssl=1 690w, https:\/\/i0.wp.com\/terjebjornstad.com\/no\/wp-content\/uploads\/2018\/06\/cadillac-solvik-1606-1080-1.png?resize=980%2C653&amp;ssl=1 980w, https:\/\/i0.wp.com\/terjebjornstad.com\/no\/wp-content\/uploads\/2018\/06\/cadillac-solvik-1606-1080-1.png?w=1080&amp;ssl=1 1080w\" sizes=\"auto, (max-width: 300px) 100vw, 300px\" \/><\/a><figcaption id=\"caption-attachment-17549\" class=\"wp-caption-text\"><\/p>\n<h3 class=\"tebh2s\">Cadillac Deville 4 gen<\/h3>\n<div class=\"tebtext\">Mange hevder at denne Cadillac-modellen, produsert mellom 1971 \u2013 1976, var den siste ordentlige Cadillac DeVille. <\/div>\n<p><\/figcaption><\/figure>\n<figure id=\"attachment_4796\" aria-describedby=\"caption-attachment-4796\" style=\"width: 300px\" class=\"wp-caption alignleft\"><a href=\"https:\/\/terjebjornstad.com\/no\/1968-cadillac-deville\/\"><img data-recalc-dims=\"1\" loading=\"lazy\" decoding=\"async\" data-attachment-id=\"4796\" data-permalink=\"https:\/\/terjebjornstad.com\/no\/2016\/06\/13\/amerikansk-invasjon-pa-radhusplassen\/68-cadillac-deville-3\/\" data-orig-file=\"https:\/\/i0.wp.com\/terjebjornstad.com\/no\/wp-content\/uploads\/2016\/06\/68-cadillac-deville-3.png?fit=686%2C457&amp;ssl=1\" data-orig-size=\"686,457\" data-comments-opened=\"1\" data-image-meta=\"{&quot;aperture&quot;:&quot;0&quot;,&quot;credit&quot;:&quot;&quot;,&quot;camera&quot;:&quot;&quot;,&quot;caption&quot;:&quot;&quot;,&quot;created_timestamp&quot;:&quot;0&quot;,&quot;copyright&quot;:&quot;&quot;,&quot;focal_length&quot;:&quot;0&quot;,&quot;iso&quot;:&quot;0&quot;,&quot;shutter_speed&quot;:&quot;0&quot;,&quot;title&quot;:&quot;&quot;,&quot;orientation&quot;:&quot;0&quot;}\" data-image-title=\"1968 Cadillac Coupe DeVille Convertible\" data-image-description=\"\" data-image-caption=\"&lt;p&gt;1968 Cadillac DeVille&lt;\/p&gt;\n\" data-large-file=\"https:\/\/i0.wp.com\/terjebjornstad.com\/no\/wp-content\/uploads\/2016\/06\/68-cadillac-deville-3.png?fit=686%2C457&amp;ssl=1\" src=\"https:\/\/i0.wp.com\/terjebjornstad.com\/no\/wp-content\/uploads\/2016\/06\/68-cadillac-deville-3.png?resize=300%2C200&#038;ssl=1\" alt=\"1968 Cadillac DeVille.\" width=\"300\" height=\"200\" class=\"size-thumbnail wp-image-4796\" srcset=\"https:\/\/i0.wp.com\/terjebjornstad.com\/no\/wp-content\/uploads\/2016\/06\/68-cadillac-deville-3.png?resize=300%2C200&amp;ssl=1 300w, https:\/\/i0.wp.com\/terjebjornstad.com\/no\/wp-content\/uploads\/2016\/06\/68-cadillac-deville-3.png?w=686&amp;ssl=1 686w\" sizes=\"auto, (max-width: 300px) 100vw, 300px\" \/><\/a><figcaption id=\"caption-attachment-4796\" class=\"wp-caption-text\"><\/p>\n<h3 class=\"tebh2s\">Cadillac DeVille 3 gen.<\/h3>\n<div class=\"tebtext\">Endringer hvert \u00e5r ga ingen store fremskritt, men gjorde at kundene byttet bil oftere.<\/div>\n<p><\/figcaption><\/figure>\n<h6><\/h6>\n<figure id=\"attachment_11912\" aria-describedby=\"caption-attachment-11912\" style=\"width: 300px\" class=\"wp-caption alignleft\"><a href=\"https:\/\/terjebjornstad.com\/no\/1964-cadillac-deville\/\"><img data-recalc-dims=\"1\" loading=\"lazy\" decoding=\"async\" data-attachment-id=\"11912\" data-permalink=\"https:\/\/terjebjornstad.com\/no\/2015\/11\/21\/caddyen-pa-supern\/1965-cadillac-deville-convertible-1-x\/\" data-orig-file=\"https:\/\/i0.wp.com\/terjebjornstad.com\/no\/wp-content\/uploads\/2015\/11\/1965-cadillac-deville-convertible-1-x.png?fit=660%2C378&amp;ssl=1\" data-orig-size=\"660,378\" data-comments-opened=\"1\" data-image-meta=\"{&quot;aperture&quot;:&quot;0&quot;,&quot;credit&quot;:&quot;&quot;,&quot;camera&quot;:&quot;&quot;,&quot;caption&quot;:&quot;&quot;,&quot;created_timestamp&quot;:&quot;0&quot;,&quot;copyright&quot;:&quot;&quot;,&quot;focal_length&quot;:&quot;0&quot;,&quot;iso&quot;:&quot;0&quot;,&quot;shutter_speed&quot;:&quot;0&quot;,&quot;title&quot;:&quot;&quot;,&quot;orientation&quot;:&quot;0&quot;}\" data-image-title=\"1964 Cadillac Coupe Deville Convertible\" data-image-description=\"\" data-image-caption=\"&lt;p&gt;1964 Cadillac Coupe Deville Convertible (datamanipulasjon).&lt;\/p&gt;\n\" data-large-file=\"https:\/\/i0.wp.com\/terjebjornstad.com\/no\/wp-content\/uploads\/2015\/11\/1965-cadillac-deville-convertible-1-x.png?fit=660%2C378&amp;ssl=1\" src=\"https:\/\/i0.wp.com\/terjebjornstad.com\/no\/wp-content\/uploads\/2015\/11\/1965-cadillac-deville-convertible-1-x.png?resize=300%2C172&#038;ssl=1\" alt=\"\" width=\"300\" height=\"172\" class=\"size-thumbnail wp-image-11912\" srcset=\"https:\/\/i0.wp.com\/terjebjornstad.com\/no\/wp-content\/uploads\/2015\/11\/1965-cadillac-deville-convertible-1-x.png?resize=300%2C172&amp;ssl=1 300w, https:\/\/i0.wp.com\/terjebjornstad.com\/no\/wp-content\/uploads\/2015\/11\/1965-cadillac-deville-convertible-1-x.png?w=660&amp;ssl=1 660w\" sizes=\"auto, (max-width: 300px) 100vw, 300px\" \/><\/a><figcaption id=\"caption-attachment-11912\" class=\"wp-caption-text\"><\/p>\n<h3 class=\"tebh2s\">Cadillac Deville 2 gen.<\/h3>\n<div class=\"tebtext\">Jeg liker bakpartiet godt med den lille finnen som avsluttes i en diskr\u00e9t spiss, skj\u00f8nt \u201cdiskr\u00e9t\u201d er kanskje feil uttrykk om en Cadillac-modell fra begynnelsen av 60-\u00e5rene.<\/div>\n<p><\/figcaption><\/figure>\n<figure id=\"attachment_22879\" aria-describedby=\"caption-attachment-22879\" style=\"width: 300px\" class=\"wp-caption alignleft\"><a href=\"https:\/\/terjebjornstad.com\/no\/cadillac-eldorado-7-gen\/\"><img data-recalc-dims=\"1\" loading=\"lazy\" decoding=\"async\" data-attachment-id=\"22879\" data-permalink=\"https:\/\/terjebjornstad.com\/no\/cadillac-eldorado-7-gen\/1975-cadillac-eldorado-3-1080x720\/\" data-orig-file=\"https:\/\/i0.wp.com\/terjebjornstad.com\/no\/wp-content\/uploads\/2019\/04\/1975-cadillac-eldorado-3-1080x720.png?fit=1080%2C720&amp;ssl=1\" data-orig-size=\"1080,720\" data-comments-opened=\"1\" data-image-meta=\"{&quot;aperture&quot;:&quot;0&quot;,&quot;credit&quot;:&quot;&quot;,&quot;camera&quot;:&quot;&quot;,&quot;caption&quot;:&quot;&quot;,&quot;created_timestamp&quot;:&quot;0&quot;,&quot;copyright&quot;:&quot;&quot;,&quot;focal_length&quot;:&quot;0&quot;,&quot;iso&quot;:&quot;0&quot;,&quot;shutter_speed&quot;:&quot;0&quot;,&quot;title&quot;:&quot;&quot;,&quot;orientation&quot;:&quot;0&quot;}\" data-image-title=\"1975 Cadillac Eldorado\" data-image-description=\"\" data-image-caption=\"&lt;p&gt;Cadillac Eldorado 9&lt;\/p&gt;\n\" data-large-file=\"https:\/\/i0.wp.com\/terjebjornstad.com\/no\/wp-content\/uploads\/2019\/04\/1975-cadillac-eldorado-3-1080x720.png?fit=980%2C653&amp;ssl=1\" src=\"https:\/\/i0.wp.com\/terjebjornstad.com\/no\/wp-content\/uploads\/2025\/06\/4-1975-cadillac-eldorado-convertible-1920x1280-1.jpg?resize=300%2C200&#038;ssl=1\" alt=\"\" width=\"300\" height=\"200\" class=\"size-thumbnail wp-image-22879\" \/><\/a><figcaption id=\"caption-attachment-22879\" class=\"wp-caption-text\"><\/p>\n<h3 class=\"tebh2s\">Cadillac Eldorado 9. gen.<\/h3>\n<div class=\"tebtext\">Gjemmer seg s\u00e5 visst ikke bort i mengden. 5,69 meter lang og 2,03 meter bred og fylle ut m\u00e5lene sine i alle fire hj\u00f8rner. <\/div>\n<p><\/figcaption><\/figure>\n<figure id=\"attachment_24254\" aria-describedby=\"caption-attachment-24254\" style=\"width: 300px\" class=\"wp-caption alignleft\"><a href=\"https:\/\/terjebjornstad.com\/no\/cadillac-75-9-gen\/\"><img data-recalc-dims=\"1\" loading=\"lazy\" decoding=\"async\" data-attachment-id=\"24254\" data-permalink=\"https:\/\/terjebjornstad.com\/no\/cadillac-75-9-gen\/1968-cadillac-75-fleetwood-1-1080x720\/\" data-orig-file=\"https:\/\/i0.wp.com\/terjebjornstad.com\/no\/wp-content\/uploads\/2019\/06\/1968-cadillac-75-fleetwood-1-1080x720.png?fit=1080%2C720&amp;ssl=1\" data-orig-size=\"1080,720\" data-comments-opened=\"1\" data-image-meta=\"{&quot;aperture&quot;:&quot;0&quot;,&quot;credit&quot;:&quot;&quot;,&quot;camera&quot;:&quot;&quot;,&quot;caption&quot;:&quot;&quot;,&quot;created_timestamp&quot;:&quot;0&quot;,&quot;copyright&quot;:&quot;&quot;,&quot;focal_length&quot;:&quot;0&quot;,&quot;iso&quot;:&quot;0&quot;,&quot;shutter_speed&quot;:&quot;0&quot;,&quot;title&quot;:&quot;&quot;,&quot;orientation&quot;:&quot;0&quot;}\" data-image-title=\"1968 Cadillac 75 Fleetwood\" data-image-description=\"\" data-image-caption=\"&lt;p&gt;Cadillac 75 9&lt;\/p&gt;\n\" data-large-file=\"https:\/\/i0.wp.com\/terjebjornstad.com\/no\/wp-content\/uploads\/2019\/06\/1968-cadillac-75-fleetwood-1-1080x720.png?fit=980%2C653&amp;ssl=1\" src=\"https:\/\/i0.wp.com\/terjebjornstad.com\/no\/wp-content\/uploads\/2019\/06\/1968-cadillac-75-fleetwood-1-1080x720.png?resize=300%2C200&#038;ssl=1\" alt=\"1968 Cadillac 75 Fleetwood\" width=\"300\" height=\"200\" class=\"size-thumbnail wp-image-24254\" srcset=\"https:\/\/i0.wp.com\/terjebjornstad.com\/no\/wp-content\/uploads\/2019\/06\/1968-cadillac-75-fleetwood-1-1080x720.png?resize=300%2C200&amp;ssl=1 300w, https:\/\/i0.wp.com\/terjebjornstad.com\/no\/wp-content\/uploads\/2019\/06\/1968-cadillac-75-fleetwood-1-1080x720.png?resize=768%2C512&amp;ssl=1 768w, https:\/\/i0.wp.com\/terjebjornstad.com\/no\/wp-content\/uploads\/2019\/06\/1968-cadillac-75-fleetwood-1-1080x720.png?resize=1080%2C720&amp;ssl=1 1080w, https:\/\/i0.wp.com\/terjebjornstad.com\/no\/wp-content\/uploads\/2019\/06\/1968-cadillac-75-fleetwood-1-1080x720.png?resize=690%2C460&amp;ssl=1 690w, https:\/\/i0.wp.com\/terjebjornstad.com\/no\/wp-content\/uploads\/2019\/06\/1968-cadillac-75-fleetwood-1-1080x720.png?resize=980%2C653&amp;ssl=1 980w\" sizes=\"auto, (max-width: 300px) 100vw, 300px\" \/><\/a><figcaption id=\"caption-attachment-24254\" class=\"wp-caption-text\"><\/p>\n<h3 class=\"tebh2s\">Cadillac 75 9. gen<\/h3>\n<div class=\"tebtext\">3 bilder<\/div>\n<p><\/figcaption><\/figure>\n<p><a href=\"https:\/\/terjebjornstad.com\/no\/bildekatalogen\/\"><img data-recalc-dims=\"1\" loading=\"lazy\" decoding=\"async\" data-attachment-id=\"30740\" data-permalink=\"https:\/\/terjebjornstad.com\/no\/bildekatalogen\/bilkatalogen-1\/\" data-orig-file=\"https:\/\/i0.wp.com\/terjebjornstad.com\/no\/wp-content\/uploads\/2020\/02\/bilkatalogen-1.png?fit=183%2C53&amp;ssl=1\" data-orig-size=\"183,53\" data-comments-opened=\"1\" data-image-meta=\"{&quot;aperture&quot;:&quot;0&quot;,&quot;credit&quot;:&quot;&quot;,&quot;camera&quot;:&quot;&quot;,&quot;caption&quot;:&quot;&quot;,&quot;created_timestamp&quot;:&quot;0&quot;,&quot;copyright&quot;:&quot;&quot;,&quot;focal_length&quot;:&quot;0&quot;,&quot;iso&quot;:&quot;0&quot;,&quot;shutter_speed&quot;:&quot;0&quot;,&quot;title&quot;:&quot;&quot;,&quot;orientation&quot;:&quot;0&quot;}\" data-image-title=\"bilkatalogen-1\" data-image-description=\"\" data-image-caption=\"\" data-large-file=\"https:\/\/i0.wp.com\/terjebjornstad.com\/no\/wp-content\/uploads\/2020\/02\/bilkatalogen-1.png?fit=183%2C53&amp;ssl=1\" src=\"https:\/\/i0.wp.com\/terjebjornstad.com\/no\/wp-content\/uploads\/2024\/09\/bilkatalogen-1-wiii-1.png?resize=183%2C53&#038;ssl=1\" alt=\"longchamp\" width=\"183\" height=\"53\" class=\"alignright size-full wp-image-30740\" \/><\/a><\/p>\n<h6><\/h6>\n","protected":false},"excerpt":{"rendered":"<p>Historien forteller at da Henry Ford hadde r\u00f8ket uklar med sine investorer, forlot han selskapet for \u00e5 starte et annet selskap. Investorene r\u00e5df\u00f8rte seg med Henry M. Leland om \u00e5 likvidere fabrikken. Han anbefalte \u00e5 fortsette produksjonen av biler. \u00c5ret var 1902. Det nye selskapet ble kalt Cadillac &#8211; oppkalt etter Detroit&#8217;s grunnlegger. Cadillac er [&hellip;]<\/p>\n","protected":false},"author":1,"featured_media":58120,"parent":0,"menu_order":0,"comment_status":"closed","ping_status":"closed","template":"templates\/full-width-page.php","meta":{"_monsterinsights_skip_tracking":false,"_monsterinsights_sitenote_active":false,"_monsterinsights_sitenote_note":"","_monsterinsights_sitenote_category":0,"jetpack_post_was_ever_published":false,"footnotes":""},"class_list":["post-5329","page","type-page","status-publish","has-post-thumbnail","hentry"],"yoast_head":"<!-- This site is optimized with the Yoast SEO plugin v27.5 - https:\/\/yoast.com\/product\/yoast-seo-wordpress\/ -->\n<title>- Terjes biler<\/title>\n<meta name=\"robots\" content=\"index, follow, max-snippet:-1, max-image-preview:large, max-video-preview:-1\" \/>\n<link rel=\"canonical\" href=\"https:\/\/terjebjornstad.com\/no\/cadillac\/\" \/>\n<meta property=\"og:locale\" content=\"nb_NO\" \/>\n<meta property=\"og:type\" content=\"article\" \/>\n<meta property=\"og:title\" content=\"- Terjes biler\" \/>\n<meta property=\"og:description\" content=\"Historien forteller at da Henry Ford hadde r\u00f8ket uklar med sine investorer, forlot han selskapet for \u00e5 starte et annet selskap. Investorene r\u00e5df\u00f8rte seg med Henry M. Leland om \u00e5 likvidere fabrikken. Han anbefalte \u00e5 fortsette produksjonen av biler. \u00c5ret var 1902. Det nye selskapet ble kalt Cadillac &#8211; oppkalt etter Detroit&#8217;s grunnlegger. Cadillac er [&hellip;]\" \/>\n<meta property=\"og:url\" content=\"https:\/\/terjebjornstad.com\/no\/cadillac\/\" \/>\n<meta property=\"og:site_name\" content=\"Terjes biler\" \/>\n<meta property=\"article:publisher\" content=\"https:\/\/www.facebook.com\/terjesbiler\/\" \/>\n<meta property=\"article:modified_time\" content=\"2026-02-08T16:26:24+00:00\" \/>\n<meta property=\"og:image\" content=\"https:\/\/terjebjornstad.com\/no\/wp-content\/uploads\/2023\/03\/cadillac-logo-300x200-1.jpg\" \/>\n\t<meta property=\"og:image:width\" content=\"300\" \/>\n\t<meta property=\"og:image:height\" content=\"200\" \/>\n\t<meta property=\"og:image:type\" content=\"image\/jpeg\" \/>\n<meta name=\"twitter:card\" content=\"summary_large_image\" \/>\n<meta name=\"twitter:label1\" content=\"Ansl. lesetid\" \/>\n\t<meta name=\"twitter:data1\" content=\"4 minutter\" \/>\n<script type=\"application\/ld+json\" class=\"yoast-schema-graph\">{\"@context\":\"https:\\\/\\\/schema.org\",\"@graph\":[{\"@type\":\"WebPage\",\"@id\":\"https:\\\/\\\/terjebjornstad.com\\\/no\\\/cadillac\\\/\",\"url\":\"https:\\\/\\\/terjebjornstad.com\\\/no\\\/cadillac\\\/\",\"name\":\"- Terjes biler\",\"isPartOf\":{\"@id\":\"https:\\\/\\\/terjebjornstad.com\\\/no\\\/#website\"},\"primaryImageOfPage\":{\"@id\":\"https:\\\/\\\/terjebjornstad.com\\\/no\\\/cadillac\\\/#primaryimage\"},\"image\":{\"@id\":\"https:\\\/\\\/terjebjornstad.com\\\/no\\\/cadillac\\\/#primaryimage\"},\"thumbnailUrl\":\"https:\\\/\\\/i0.wp.com\\\/terjebjornstad.com\\\/no\\\/wp-content\\\/uploads\\\/2023\\\/03\\\/cadillac-logo-300x200-1.jpg?fit=300%2C200&ssl=1\",\"datePublished\":\"2016-06-21T12:32:47+00:00\",\"dateModified\":\"2026-02-08T16:26:24+00:00\",\"inLanguage\":\"nb-NO\",\"potentialAction\":[{\"@type\":\"ReadAction\",\"target\":[\"https:\\\/\\\/terjebjornstad.com\\\/no\\\/cadillac\\\/\"]}]},{\"@type\":\"ImageObject\",\"inLanguage\":\"nb-NO\",\"@id\":\"https:\\\/\\\/terjebjornstad.com\\\/no\\\/cadillac\\\/#primaryimage\",\"url\":\"https:\\\/\\\/i0.wp.com\\\/terjebjornstad.com\\\/no\\\/wp-content\\\/uploads\\\/2023\\\/03\\\/cadillac-logo-300x200-1.jpg?fit=300%2C200&ssl=1\",\"contentUrl\":\"https:\\\/\\\/i0.wp.com\\\/terjebjornstad.com\\\/no\\\/wp-content\\\/uploads\\\/2023\\\/03\\\/cadillac-logo-300x200-1.jpg?fit=300%2C200&ssl=1\",\"width\":300,\"height\":200,\"caption\":\"&nbsp;\"},{\"@type\":\"WebSite\",\"@id\":\"https:\\\/\\\/terjebjornstad.com\\\/no\\\/#website\",\"url\":\"https:\\\/\\\/terjebjornstad.com\\\/no\\\/\",\"name\":\"Terjes biler\",\"description\":\"HONEST ABOUT CARS\",\"publisher\":{\"@id\":\"https:\\\/\\\/terjebjornstad.com\\\/no\\\/#organization\"},\"alternateName\":\"Terjebjornstad.com\",\"potentialAction\":[{\"@type\":\"SearchAction\",\"target\":{\"@type\":\"EntryPoint\",\"urlTemplate\":\"https:\\\/\\\/terjebjornstad.com\\\/no\\\/?s={search_term_string}\"},\"query-input\":{\"@type\":\"PropertyValueSpecification\",\"valueRequired\":true,\"valueName\":\"search_term_string\"}}],\"inLanguage\":\"nb-NO\"},{\"@type\":\"Organization\",\"@id\":\"https:\\\/\\\/terjebjornstad.com\\\/no\\\/#organization\",\"name\":\"Terje Bj\u00f8rnstad ENK\",\"url\":\"https:\\\/\\\/terjebjornstad.com\\\/no\\\/\",\"logo\":{\"@type\":\"ImageObject\",\"inLanguage\":\"nb-NO\",\"@id\":\"https:\\\/\\\/terjebjornstad.com\\\/no\\\/#\\\/schema\\\/logo\\\/image\\\/\",\"url\":\"https:\\\/\\\/i0.wp.com\\\/terjebjornstad.com\\\/no\\\/wp-content\\\/uploads\\\/2026\\\/02\\\/terjesbiler2024-960x354-1.png?fit=960%2C354&ssl=1\",\"contentUrl\":\"https:\\\/\\\/i0.wp.com\\\/terjebjornstad.com\\\/no\\\/wp-content\\\/uploads\\\/2026\\\/02\\\/terjesbiler2024-960x354-1.png?fit=960%2C354&ssl=1\",\"width\":960,\"height\":354,\"caption\":\"Terje Bj\u00f8rnstad ENK\"},\"image\":{\"@id\":\"https:\\\/\\\/terjebjornstad.com\\\/no\\\/#\\\/schema\\\/logo\\\/image\\\/\"},\"sameAs\":[\"https:\\\/\\\/www.facebook.com\\\/terjesbiler\\\/\",\"https:\\\/\\\/www.instagram.com\\\/terjesbiler\\\/\",\"https:\\\/\\\/www.pinteres.com\\\/terjebjrnstad\\\/terjes-biler\\\/\"]}]}<\/script>\n<!-- \/ Yoast SEO plugin. -->","yoast_head_json":{"title":"- Terjes biler","robots":{"index":"index","follow":"follow","max-snippet":"max-snippet:-1","max-image-preview":"max-image-preview:large","max-video-preview":"max-video-preview:-1"},"canonical":"https:\/\/terjebjornstad.com\/no\/cadillac\/","og_locale":"nb_NO","og_type":"article","og_title":"- Terjes biler","og_description":"Historien forteller at da Henry Ford hadde r\u00f8ket uklar med sine investorer, forlot han selskapet for \u00e5 starte et annet selskap. Investorene r\u00e5df\u00f8rte seg med Henry M. Leland om \u00e5 likvidere fabrikken. Han anbefalte \u00e5 fortsette produksjonen av biler. \u00c5ret var 1902. Det nye selskapet ble kalt Cadillac &#8211; oppkalt etter Detroit&#8217;s grunnlegger. Cadillac er [&hellip;]","og_url":"https:\/\/terjebjornstad.com\/no\/cadillac\/","og_site_name":"Terjes biler","article_publisher":"https:\/\/www.facebook.com\/terjesbiler\/","article_modified_time":"2026-02-08T16:26:24+00:00","og_image":[{"width":300,"height":200,"url":"https:\/\/terjebjornstad.com\/no\/wp-content\/uploads\/2023\/03\/cadillac-logo-300x200-1.jpg","type":"image\/jpeg"}],"twitter_card":"summary_large_image","twitter_misc":{"Ansl. lesetid":"4 minutter"},"schema":{"@context":"https:\/\/schema.org","@graph":[{"@type":"WebPage","@id":"https:\/\/terjebjornstad.com\/no\/cadillac\/","url":"https:\/\/terjebjornstad.com\/no\/cadillac\/","name":"- Terjes biler","isPartOf":{"@id":"https:\/\/terjebjornstad.com\/no\/#website"},"primaryImageOfPage":{"@id":"https:\/\/terjebjornstad.com\/no\/cadillac\/#primaryimage"},"image":{"@id":"https:\/\/terjebjornstad.com\/no\/cadillac\/#primaryimage"},"thumbnailUrl":"https:\/\/i0.wp.com\/terjebjornstad.com\/no\/wp-content\/uploads\/2023\/03\/cadillac-logo-300x200-1.jpg?fit=300%2C200&ssl=1","datePublished":"2016-06-21T12:32:47+00:00","dateModified":"2026-02-08T16:26:24+00:00","inLanguage":"nb-NO","potentialAction":[{"@type":"ReadAction","target":["https:\/\/terjebjornstad.com\/no\/cadillac\/"]}]},{"@type":"ImageObject","inLanguage":"nb-NO","@id":"https:\/\/terjebjornstad.com\/no\/cadillac\/#primaryimage","url":"https:\/\/i0.wp.com\/terjebjornstad.com\/no\/wp-content\/uploads\/2023\/03\/cadillac-logo-300x200-1.jpg?fit=300%2C200&ssl=1","contentUrl":"https:\/\/i0.wp.com\/terjebjornstad.com\/no\/wp-content\/uploads\/2023\/03\/cadillac-logo-300x200-1.jpg?fit=300%2C200&ssl=1","width":300,"height":200,"caption":"&nbsp;"},{"@type":"WebSite","@id":"https:\/\/terjebjornstad.com\/no\/#website","url":"https:\/\/terjebjornstad.com\/no\/","name":"Terjes biler","description":"HONEST ABOUT CARS","publisher":{"@id":"https:\/\/terjebjornstad.com\/no\/#organization"},"alternateName":"Terjebjornstad.com","potentialAction":[{"@type":"SearchAction","target":{"@type":"EntryPoint","urlTemplate":"https:\/\/terjebjornstad.com\/no\/?s={search_term_string}"},"query-input":{"@type":"PropertyValueSpecification","valueRequired":true,"valueName":"search_term_string"}}],"inLanguage":"nb-NO"},{"@type":"Organization","@id":"https:\/\/terjebjornstad.com\/no\/#organization","name":"Terje Bj\u00f8rnstad ENK","url":"https:\/\/terjebjornstad.com\/no\/","logo":{"@type":"ImageObject","inLanguage":"nb-NO","@id":"https:\/\/terjebjornstad.com\/no\/#\/schema\/logo\/image\/","url":"https:\/\/i0.wp.com\/terjebjornstad.com\/no\/wp-content\/uploads\/2026\/02\/terjesbiler2024-960x354-1.png?fit=960%2C354&ssl=1","contentUrl":"https:\/\/i0.wp.com\/terjebjornstad.com\/no\/wp-content\/uploads\/2026\/02\/terjesbiler2024-960x354-1.png?fit=960%2C354&ssl=1","width":960,"height":354,"caption":"Terje Bj\u00f8rnstad ENK"},"image":{"@id":"https:\/\/terjebjornstad.com\/no\/#\/schema\/logo\/image\/"},"sameAs":["https:\/\/www.facebook.com\/terjesbiler\/","https:\/\/www.instagram.com\/terjesbiler\/","https:\/\/www.pinteres.com\/terjebjrnstad\/terjes-biler\/"]}]}},"jetpack_sharing_enabled":true,"jetpack_shortlink":"https:\/\/wp.me\/P48zYA-1nX","jetpack-related-posts":[{"id":6080,"url":"https:\/\/terjebjornstad.com\/no\/lincoln\/","url_meta":{"origin":5329,"position":0},"title":"Lincoln Motor Company ble stiftet\u2026","author":"Terje Bj\u00f8rnstad","date":"07\/07\/2016","format":false,"excerpt":"Lincoln Motor Company ble stiftet i 1917 av Henry M. Leland, samme mann som noen \u00e5r tidligere hadde stiftet Cadillac. Selskapet bygde flymotorer til 1. verdenskrig. Senere begynte de \u00e5 produsere biler, fikk \u00f8konomiske problemer og ble kj\u00f8pt opp av Ford. Lincoln ble et luksusmerke for Ford som Cadillac var\u2026","rel":"","context":"Liknende innlegg","block_context":{"text":"Liknende innlegg","link":""},"img":{"alt_text":"","src":"https:\/\/i0.wp.com\/terjebjornstad.com\/no\/wp-content\/uploads\/2023\/01\/lincoln-logo.300x200.jpg?resize=350%2C200&ssl=1","width":350,"height":200},"classes":[]},{"id":5335,"url":"https:\/\/terjebjornstad.com\/no\/buick\/","url_meta":{"origin":5329,"position":1},"title":"Buick har dype r\u00f8tter i\u2026","author":"Terje Bj\u00f8rnstad","date":"21\/06\/2016","format":false,"excerpt":"Buick har dype r\u00f8tter i amerikansk bilindustri med opphav helt tilbake tilbake til 1899 og var faktisk selskapet som grunnla GM i 1908. Buick har representerer biler i skiktet mellom Chevrolet og Cadillac. I dag har selskapet etablert seg i Kina i et samarbeid med SAIC.","rel":"","context":"Liknende innlegg","block_context":{"text":"Liknende innlegg","link":""},"img":{"alt_text":"","src":"https:\/\/i0.wp.com\/terjebjornstad.com\/no\/wp-content\/uploads\/2023\/03\/buick-logo-300x200-1.jpg?resize=350%2C200&ssl=1","width":350,"height":200},"classes":[]},{"id":5320,"url":"https:\/\/terjebjornstad.com\/no\/1964-cadillac-deville\/","url_meta":{"origin":5329,"position":2},"title":"Cadillac Deville 2. generasjon","author":"Terje Bj\u00f8rnstad","date":"21\/06\/2016","format":false,"excerpt":"Diskret luksus for sin tid? Tod\u00f8rs-versjonene og cabrioletene fikk betegnelsen Coupe DeVille, mens 4-d\u00f8rs sedaner ble kalt Sedan DeVille. Jeg liker bakpartiet godt med den lille finnen som avsluttes i en diskr\u00e9t spiss, skj\u00f8nt \"diskr\u00e9t\" er kanskje feil uttrykk om en Cadillac-modell fra begynnelsen av 60-\u00e5rene. Det jeg liker aller\u2026","rel":"","context":"Liknende innlegg","block_context":{"text":"Liknende innlegg","link":""},"img":{"alt_text":"","src":"https:\/\/i0.wp.com\/terjebjornstad.com\/no\/wp-content\/uploads\/2015\/11\/1965-cadillac-deville-convertible-1.png?fit=660%2C378&ssl=1&resize=350%2C200","width":350,"height":200,"srcset":"https:\/\/i0.wp.com\/terjebjornstad.com\/no\/wp-content\/uploads\/2015\/11\/1965-cadillac-deville-convertible-1.png?fit=660%2C378&ssl=1&resize=350%2C200 1x, https:\/\/i0.wp.com\/terjebjornstad.com\/no\/wp-content\/uploads\/2015\/11\/1965-cadillac-deville-convertible-1.png?fit=660%2C378&ssl=1&resize=525%2C300 1.5x"},"classes":[]},{"id":22903,"url":"https:\/\/terjebjornstad.com\/no\/cadillac-eldorado-7-gen\/","url_meta":{"origin":5329,"position":3},"title":"Cadillac Eldorado 9. gen.","author":"Terje Bj\u00f8rnstad","date":"15\/04\/2019","format":false,"excerpt":"Cadillac er et symbol p\u00e5 prangende luksus og velstand. Eldorados 9. generasjon var den st\u00f8rste og flotteste. Den siste fullsize Cadillac I disse tider hvor biler og motorer downsizes, er det herlig \u00e5 kunne studere Cadillac Eldorado da en full-sizer virkelig var full size. Den avbildede 1975 Eldorado Coup\u00e9 er\u2026","rel":"","context":"Liknende innlegg","block_context":{"text":"Liknende innlegg","link":""},"img":{"alt_text":"","src":"https:\/\/i0.wp.com\/terjebjornstad.com\/no\/wp-content\/uploads\/2025\/06\/4-1975-cadillac-eldorado-convertible-1920x1280-1.jpg?fit=1200%2C800&ssl=1&resize=350%2C200","width":350,"height":200,"srcset":"https:\/\/i0.wp.com\/terjebjornstad.com\/no\/wp-content\/uploads\/2025\/06\/4-1975-cadillac-eldorado-convertible-1920x1280-1.jpg?fit=1200%2C800&ssl=1&resize=350%2C200 1x, https:\/\/i0.wp.com\/terjebjornstad.com\/no\/wp-content\/uploads\/2025\/06\/4-1975-cadillac-eldorado-convertible-1920x1280-1.jpg?fit=1200%2C800&ssl=1&resize=525%2C300 1.5x, https:\/\/i0.wp.com\/terjebjornstad.com\/no\/wp-content\/uploads\/2025\/06\/4-1975-cadillac-eldorado-convertible-1920x1280-1.jpg?fit=1200%2C800&ssl=1&resize=700%2C400 2x, https:\/\/i0.wp.com\/terjebjornstad.com\/no\/wp-content\/uploads\/2025\/06\/4-1975-cadillac-eldorado-convertible-1920x1280-1.jpg?fit=1200%2C800&ssl=1&resize=1050%2C600 3x"},"classes":[]},{"id":7616,"url":"https:\/\/terjebjornstad.com\/no\/1977-cadillac-deville\/","url_meta":{"origin":5329,"position":4},"title":"Cadillac DeVille 5. generasjon","author":"Terje Bj\u00f8rnstad","date":"26\/09\/2016","format":false,"excerpt":"Downsized fullsizer F\u00f8r femte generasjon av Cadillac DeVille ble lansert, var GM i full gang med \u00e5 downsize bilene sine i tr\u00e5d med den generelle utviklingen i bilmarkedet etter oljekrisen p\u00e5 begynnelsen av 70-tallet. Den nye modellen ble omtrent 25 cm kortere og mer enn 200 kg lettere enn sin\u2026","rel":"","context":"Liknende innlegg","block_context":{"text":"Liknende innlegg","link":""},"img":{"alt_text":"","src":"https:\/\/i0.wp.com\/terjebjornstad.com\/no\/wp-content\/uploads\/2016\/09\/cadillac-1001.png?fit=686%2C457&ssl=1&resize=350%2C200","width":350,"height":200,"srcset":"https:\/\/i0.wp.com\/terjebjornstad.com\/no\/wp-content\/uploads\/2016\/09\/cadillac-1001.png?fit=686%2C457&ssl=1&resize=350%2C200 1x, https:\/\/i0.wp.com\/terjebjornstad.com\/no\/wp-content\/uploads\/2016\/09\/cadillac-1001.png?fit=686%2C457&ssl=1&resize=525%2C300 1.5x"},"classes":[]},{"id":5314,"url":"https:\/\/terjebjornstad.com\/no\/1968-cadillac-deville\/","url_meta":{"origin":5329,"position":5},"title":"Cadillac DeVille 3. generasjon","author":"Terje Bj\u00f8rnstad","date":"21\/06\/2016","format":false,"excerpt":"Mange kosmetiske endringer Deville 3 ble produsert mellom 1965 og 1970, med sm\u00e5 endringer hvert \u00e5r, som var vanlig for amerikanske biler p\u00e5 den tiden. Rent teknisk sett er det f\u00e5 endringer mellom Deville 3 og forgjengeren. Det er i hovedsak karosseriformen som er endret. Det ble gjort kosmetiske endringer\u2026","rel":"","context":"Liknende innlegg","block_context":{"text":"Liknende innlegg","link":""},"img":{"alt_text":"","src":"https:\/\/i0.wp.com\/terjebjornstad.com\/no\/wp-content\/uploads\/2016\/06\/68-cadillac-deville-3.png?fit=686%2C457&ssl=1&resize=350%2C200","width":350,"height":200,"srcset":"https:\/\/i0.wp.com\/terjebjornstad.com\/no\/wp-content\/uploads\/2016\/06\/68-cadillac-deville-3.png?fit=686%2C457&ssl=1&resize=350%2C200 1x, https:\/\/i0.wp.com\/terjebjornstad.com\/no\/wp-content\/uploads\/2016\/06\/68-cadillac-deville-3.png?fit=686%2C457&ssl=1&resize=525%2C300 1.5x"},"classes":[]}],"_links":{"self":[{"href":"https:\/\/terjebjornstad.com\/no\/wp-json\/wp\/v2\/pages\/5329","targetHints":{"allow":["GET"]}}],"collection":[{"href":"https:\/\/terjebjornstad.com\/no\/wp-json\/wp\/v2\/pages"}],"about":[{"href":"https:\/\/terjebjornstad.com\/no\/wp-json\/wp\/v2\/types\/page"}],"author":[{"embeddable":true,"href":"https:\/\/terjebjornstad.com\/no\/wp-json\/wp\/v2\/users\/1"}],"replies":[{"embeddable":true,"href":"https:\/\/terjebjornstad.com\/no\/wp-json\/wp\/v2\/comments?post=5329"}],"version-history":[{"count":27,"href":"https:\/\/terjebjornstad.com\/no\/wp-json\/wp\/v2\/pages\/5329\/revisions"}],"predecessor-version":[{"id":88486,"href":"https:\/\/terjebjornstad.com\/no\/wp-json\/wp\/v2\/pages\/5329\/revisions\/88486"}],"wp:featuredmedia":[{"embeddable":true,"href":"https:\/\/terjebjornstad.com\/no\/wp-json\/wp\/v2\/media\/58120"}],"wp:attachment":[{"href":"https:\/\/terjebjornstad.com\/no\/wp-json\/wp\/v2\/media?parent=5329"}],"curies":[{"name":"wp","href":"https:\/\/api.w.org\/{rel}","templated":true}]}}