{"id":5314,"date":"2016-06-21T12:16:07","date_gmt":"2016-06-21T12:16:07","guid":{"rendered":"http:\/\/terjebjornstad.com\/no\/?page_id=5314"},"modified":"2026-02-08T16:24:41","modified_gmt":"2026-02-08T15:24:41","slug":"1968-cadillac-deville","status":"publish","type":"page","link":"https:\/\/terjebjornstad.com\/no\/1968-cadillac-deville\/","title":{"rendered":"Cadillac DeVille 3. generasjon"},"content":{"rendered":"<div class=\"copy_teb\"><figure id=\"attachment_4796\" aria-describedby=\"caption-attachment-4796\" style=\"width: 686px\" class=\"wp-caption aligncenter\"><a href=\"https:\/\/terjebjornstad.com\/no\/2016\/06\/13\/amerikansk-invasjon-pa-radhusplassen\/\"><img data-recalc-dims=\"1\" loading=\"lazy\" decoding=\"async\" data-attachment-id=\"4796\" data-permalink=\"https:\/\/terjebjornstad.com\/no\/2016\/06\/13\/amerikansk-invasjon-pa-radhusplassen\/68-cadillac-deville-3\/\" data-orig-file=\"https:\/\/i0.wp.com\/terjebjornstad.com\/no\/wp-content\/uploads\/2016\/06\/68-cadillac-deville-3.png?fit=686%2C457&amp;ssl=1\" data-orig-size=\"686,457\" data-comments-opened=\"1\" data-image-meta=\"{&quot;aperture&quot;:&quot;0&quot;,&quot;credit&quot;:&quot;&quot;,&quot;camera&quot;:&quot;&quot;,&quot;caption&quot;:&quot;&quot;,&quot;created_timestamp&quot;:&quot;0&quot;,&quot;copyright&quot;:&quot;&quot;,&quot;focal_length&quot;:&quot;0&quot;,&quot;iso&quot;:&quot;0&quot;,&quot;shutter_speed&quot;:&quot;0&quot;,&quot;title&quot;:&quot;&quot;,&quot;orientation&quot;:&quot;0&quot;}\" data-image-title=\"1968 Cadillac Coupe DeVille Convertible\" data-image-description=\"\" data-image-caption=\"&lt;p&gt;1968 Cadillac DeVille&lt;\/p&gt;\n\" data-large-file=\"https:\/\/i0.wp.com\/terjebjornstad.com\/no\/wp-content\/uploads\/2016\/06\/68-cadillac-deville-3.png?fit=686%2C457&amp;ssl=1\" src=\"https:\/\/i0.wp.com\/terjebjornstad.com\/no\/wp-content\/uploads\/2016\/06\/68-cadillac-deville-3.png?resize=686%2C457&#038;ssl=1\" alt=\"1968 Cadillac DeVille Convertible (Oslo NO, 2016). En bil selveste Kong Olav kunne ha eid.\" width=\"686\" height=\"457\" class=\"size-full wp-image-4796\" srcset=\"https:\/\/i0.wp.com\/terjebjornstad.com\/no\/wp-content\/uploads\/2016\/06\/68-cadillac-deville-3.png?w=686&amp;ssl=1 686w, https:\/\/i0.wp.com\/terjebjornstad.com\/no\/wp-content\/uploads\/2016\/06\/68-cadillac-deville-3.png?resize=300%2C200&amp;ssl=1 300w\" sizes=\"auto, (max-width: 686px) 100vw, 686px\" \/><\/a><figcaption id=\"caption-attachment-4796\" class=\"wp-caption-text\">1968 Cadillac DeVille Convertible (Oslo NO, 2016).<\/figcaption><\/figure><\/p>\n\n<h3 class=\"tebh2\">Mange kosmetiske endringer<\/h3>\n<p>Deville 3 ble produsert mellom 1965 og 1970, med sm\u00e5 endringer hvert \u00e5r, som var vanlig for amerikanske biler p\u00e5 den tiden. Rent teknisk sett er det f\u00e5 endringer mellom Deville 3 og forgjengeren. Det er i hovedsak karosseriformen som er endret. Det ble gjort kosmetiske endringer hvert \u00e5r. Fronten, for eksempel. F\u00f8rst st\u00e5ende lykter, s\u00e5 fremoverlutende front, s\u00e5 liggende lykter og tettere grill. Endringer som kanskje ikke alltid ga s\u00e6rlig store fremskritt, men som gjorde at kundene byttet bil oftere. I ettertid er det vanskelig \u00e5 peke ut hvilken \u00e5rgang som er vakrest. <\/p>\n<h3 class=\"tebh2\">Modellhistorikk<\/h3>\n<p>Motormessig var V8 eneste valg. 429 V8 (7 liter) frem til 1968, deretter 472 V8 (7,7 liter). En Deville i denne perioden er rundt 5,7 meter lang, litt over 2 meter bred og veier over 2 tonn. Deville kunne leveres som 4 d\u00f8rer med stolpe, 4 og 2 d\u00f8rer Hardtop (uten stolpe), samt Convertible.<\/p>\n<p>&nbsp;<br \/>\n<figure id=\"attachment_52187\" aria-describedby=\"caption-attachment-52187\" style=\"width: 1280px\" class=\"wp-caption aligncenter\"><a href=\"https:\/\/i0.wp.com\/terjebjornstad.com\/no\/wp-content\/uploads\/2022\/08\/1968-cadillac-deville-convertible-472-282hk-1280x853-1.jpg?ssl=1\"><img data-recalc-dims=\"1\" loading=\"lazy\" decoding=\"async\" data-attachment-id=\"52187\" data-permalink=\"https:\/\/terjebjornstad.com\/no\/1968-cadillac-deville\/1968-cadillac-deville-convertible-472-282hk-1280x853\/\" data-orig-file=\"https:\/\/i0.wp.com\/terjebjornstad.com\/no\/wp-content\/uploads\/2022\/08\/1968-cadillac-deville-convertible-472-282hk-1280x853-1.jpg?fit=1280%2C853&amp;ssl=1\" data-orig-size=\"1280,853\" data-comments-opened=\"1\" data-image-meta=\"{&quot;aperture&quot;:&quot;5.6&quot;,&quot;credit&quot;:&quot;&quot;,&quot;camera&quot;:&quot;DSC-RX100M3&quot;,&quot;caption&quot;:&quot;&quot;,&quot;created_timestamp&quot;:&quot;1661001093&quot;,&quot;copyright&quot;:&quot;&quot;,&quot;focal_length&quot;:&quot;15.52&quot;,&quot;iso&quot;:&quot;125&quot;,&quot;shutter_speed&quot;:&quot;0.002&quot;,&quot;title&quot;:&quot;&quot;,&quot;orientation&quot;:&quot;1&quot;}\" data-image-title=\"1968-cadillac-deville-convertible-472-282hk-1280&amp;#215;853\" data-image-description=\"\" data-image-caption=\"&lt;p&gt;1968 Cadillac Coupe Deville Convertible.&lt;\/p&gt;\n\" data-large-file=\"https:\/\/i0.wp.com\/terjebjornstad.com\/no\/wp-content\/uploads\/2022\/08\/1968-cadillac-deville-convertible-472-282hk-1280x853-1.jpg?fit=980%2C653&amp;ssl=1\" src=\"https:\/\/i0.wp.com\/terjebjornstad.com\/no\/wp-content\/uploads\/2022\/08\/1968-cadillac-deville-convertible-472-282hk-1280x853-1.jpg?resize=980%2C653&#038;ssl=1\" alt=\"\" width=\"980\" height=\"653\" class=\"size-full wp-image-52187\" srcset=\"https:\/\/i0.wp.com\/terjebjornstad.com\/no\/wp-content\/uploads\/2022\/08\/1968-cadillac-deville-convertible-472-282hk-1280x853-1.jpg?w=1280&amp;ssl=1 1280w, https:\/\/i0.wp.com\/terjebjornstad.com\/no\/wp-content\/uploads\/2022\/08\/1968-cadillac-deville-convertible-472-282hk-1280x853-1.jpg?resize=300%2C200&amp;ssl=1 300w, https:\/\/i0.wp.com\/terjebjornstad.com\/no\/wp-content\/uploads\/2022\/08\/1968-cadillac-deville-convertible-472-282hk-1280x853-1.jpg?resize=1080%2C720&amp;ssl=1 1080w, https:\/\/i0.wp.com\/terjebjornstad.com\/no\/wp-content\/uploads\/2022\/08\/1968-cadillac-deville-convertible-472-282hk-1280x853-1.jpg?resize=768%2C512&amp;ssl=1 768w, https:\/\/i0.wp.com\/terjebjornstad.com\/no\/wp-content\/uploads\/2022\/08\/1968-cadillac-deville-convertible-472-282hk-1280x853-1.jpg?resize=690%2C460&amp;ssl=1 690w, https:\/\/i0.wp.com\/terjebjornstad.com\/no\/wp-content\/uploads\/2022\/08\/1968-cadillac-deville-convertible-472-282hk-1280x853-1.jpg?resize=980%2C653&amp;ssl=1 980w\" sizes=\"auto, (max-width: 980px) 100vw, 980px\" \/><\/a><figcaption id=\"caption-attachment-52187\" class=\"wp-caption-text\">1968 Cadillac Coupe Deville Convertible.<\/figcaption><\/figure><br \/>\n&nbsp;<br \/>\n<figure id=\"attachment_24563\" aria-describedby=\"caption-attachment-24563\" style=\"width: 1080px\" class=\"wp-caption aligncenter\"><a href=\"https:\/\/i0.wp.com\/terjebjornstad.com\/no\/wp-content\/uploads\/2019\/07\/1968-cadillac-deville-convertible-30-1080x720.png?ssl=1\"><img data-recalc-dims=\"1\" loading=\"lazy\" decoding=\"async\" data-attachment-id=\"24563\" data-permalink=\"https:\/\/terjebjornstad.com\/no\/2019\/07\/01\/4-juli-i-frognerparken\/1968-cadillac-deville-convertible-30-1080x720\/\" data-orig-file=\"https:\/\/i0.wp.com\/terjebjornstad.com\/no\/wp-content\/uploads\/2019\/07\/1968-cadillac-deville-convertible-30-1080x720.png?fit=1080%2C720&amp;ssl=1\" data-orig-size=\"1080,720\" data-comments-opened=\"1\" data-image-meta=\"{&quot;aperture&quot;:&quot;0&quot;,&quot;credit&quot;:&quot;&quot;,&quot;camera&quot;:&quot;&quot;,&quot;caption&quot;:&quot;&quot;,&quot;created_timestamp&quot;:&quot;0&quot;,&quot;copyright&quot;:&quot;&quot;,&quot;focal_length&quot;:&quot;0&quot;,&quot;iso&quot;:&quot;0&quot;,&quot;shutter_speed&quot;:&quot;0&quot;,&quot;title&quot;:&quot;&quot;,&quot;orientation&quot;:&quot;0&quot;}\" data-image-title=\"1968 Cadillac Coupe DeVille Convertible\" data-image-description=\"\" data-image-caption=\"&lt;p&gt;1968 Cadillac Deville Convertible&lt;\/p&gt;\n\" data-large-file=\"https:\/\/i0.wp.com\/terjebjornstad.com\/no\/wp-content\/uploads\/2019\/07\/1968-cadillac-deville-convertible-30-1080x720.png?fit=980%2C653&amp;ssl=1\" src=\"https:\/\/i0.wp.com\/terjebjornstad.com\/no\/wp-content\/uploads\/2019\/07\/1968-cadillac-deville-convertible-30-1080x720.png?resize=980%2C653&#038;ssl=1\" alt=\"\" width=\"980\" height=\"653\" class=\"size-full wp-image-24563\" srcset=\"https:\/\/i0.wp.com\/terjebjornstad.com\/no\/wp-content\/uploads\/2019\/07\/1968-cadillac-deville-convertible-30-1080x720.png?resize=1080%2C720&amp;ssl=1 1080w, https:\/\/i0.wp.com\/terjebjornstad.com\/no\/wp-content\/uploads\/2019\/07\/1968-cadillac-deville-convertible-30-1080x720.png?resize=300%2C200&amp;ssl=1 300w, https:\/\/i0.wp.com\/terjebjornstad.com\/no\/wp-content\/uploads\/2019\/07\/1968-cadillac-deville-convertible-30-1080x720.png?resize=768%2C512&amp;ssl=1 768w, https:\/\/i0.wp.com\/terjebjornstad.com\/no\/wp-content\/uploads\/2019\/07\/1968-cadillac-deville-convertible-30-1080x720.png?resize=690%2C460&amp;ssl=1 690w, https:\/\/i0.wp.com\/terjebjornstad.com\/no\/wp-content\/uploads\/2019\/07\/1968-cadillac-deville-convertible-30-1080x720.png?resize=980%2C653&amp;ssl=1 980w\" sizes=\"auto, (max-width: 980px) 100vw, 980px\" \/><\/a><figcaption id=\"caption-attachment-24563\" class=\"wp-caption-text\">1968 Cadillac Deville Convertible<\/figcaption><\/figure><\/p>\n<p><figure id=\"attachment_4795\" aria-describedby=\"caption-attachment-4795\" style=\"width: 686px\" class=\"wp-caption aligncenter\"><a href=\"https:\/\/i0.wp.com\/terjebjornstad.com\/no\/wp-content\/uploads\/2016\/06\/68-cadillac-deville-1.png?ssl=1\"><img data-recalc-dims=\"1\" loading=\"lazy\" decoding=\"async\" data-attachment-id=\"4795\" data-permalink=\"https:\/\/terjebjornstad.com\/no\/2016\/06\/13\/amerikansk-invasjon-pa-radhusplassen\/68-cadillac-deville-1\/\" data-orig-file=\"https:\/\/i0.wp.com\/terjebjornstad.com\/no\/wp-content\/uploads\/2016\/06\/68-cadillac-deville-1.png?fit=686%2C457&amp;ssl=1\" data-orig-size=\"686,457\" data-comments-opened=\"1\" data-image-meta=\"{&quot;aperture&quot;:&quot;0&quot;,&quot;credit&quot;:&quot;&quot;,&quot;camera&quot;:&quot;&quot;,&quot;caption&quot;:&quot;&quot;,&quot;created_timestamp&quot;:&quot;0&quot;,&quot;copyright&quot;:&quot;&quot;,&quot;focal_length&quot;:&quot;0&quot;,&quot;iso&quot;:&quot;0&quot;,&quot;shutter_speed&quot;:&quot;0&quot;,&quot;title&quot;:&quot;&quot;,&quot;orientation&quot;:&quot;0&quot;}\" data-image-title=\"1968 Cadillac Coupe DeVille Convertible\" data-image-description=\"\" data-image-caption=\"&lt;p&gt;68 Cadillac DeVille Convertible med utsikt mot Pipervika&lt;\/p&gt;\n\" data-large-file=\"https:\/\/i0.wp.com\/terjebjornstad.com\/no\/wp-content\/uploads\/2016\/06\/68-cadillac-deville-1.png?fit=686%2C457&amp;ssl=1\" src=\"https:\/\/i0.wp.com\/terjebjornstad.com\/no\/wp-content\/uploads\/2016\/06\/68-cadillac-deville-1.png?resize=686%2C457&#038;ssl=1\" alt=\"\" width=\"686\" height=\"457\" class=\"size-full wp-image-4795\" srcset=\"https:\/\/i0.wp.com\/terjebjornstad.com\/no\/wp-content\/uploads\/2016\/06\/68-cadillac-deville-1.png?w=686&amp;ssl=1 686w, https:\/\/i0.wp.com\/terjebjornstad.com\/no\/wp-content\/uploads\/2016\/06\/68-cadillac-deville-1.png?resize=300%2C200&amp;ssl=1 300w\" sizes=\"auto, (max-width: 686px) 100vw, 686px\" \/><\/a><figcaption id=\"caption-attachment-4795\" class=\"wp-caption-text\">68 Cadillac DeVille Convertible med utsikt mot Pipervika<\/figcaption><\/figure><br \/>\n&nbsp;<br \/>\n<figure id=\"attachment_25789\" aria-describedby=\"caption-attachment-25789\" style=\"width: 1080px\" class=\"wp-caption aligncenter\"><a href=\"https:\/\/i0.wp.com\/terjebjornstad.com\/no\/wp-content\/uploads\/2019\/08\/1965-cadillac-deville-1080x720.png?ssl=1\"><img data-recalc-dims=\"1\" loading=\"lazy\" decoding=\"async\" data-attachment-id=\"25789\" data-permalink=\"https:\/\/terjebjornstad.com\/no\/1968-cadillac-deville\/1965-cadillac-deville-1080x720\/\" data-orig-file=\"https:\/\/i0.wp.com\/terjebjornstad.com\/no\/wp-content\/uploads\/2019\/08\/1965-cadillac-deville-1080x720.png?fit=1080%2C720&amp;ssl=1\" data-orig-size=\"1080,720\" data-comments-opened=\"1\" data-image-meta=\"{&quot;aperture&quot;:&quot;0&quot;,&quot;credit&quot;:&quot;&quot;,&quot;camera&quot;:&quot;&quot;,&quot;caption&quot;:&quot;&quot;,&quot;created_timestamp&quot;:&quot;0&quot;,&quot;copyright&quot;:&quot;&quot;,&quot;focal_length&quot;:&quot;0&quot;,&quot;iso&quot;:&quot;0&quot;,&quot;shutter_speed&quot;:&quot;0&quot;,&quot;title&quot;:&quot;&quot;,&quot;orientation&quot;:&quot;0&quot;}\" data-image-title=\"1965 Cadillac Coupe DeVille Convertible\" data-image-description=\"\" data-image-caption=\"&lt;p&gt;1965 Cadillac Deville Convertible.&lt;\/p&gt;\n\" data-large-file=\"https:\/\/i0.wp.com\/terjebjornstad.com\/no\/wp-content\/uploads\/2019\/08\/1965-cadillac-deville-1080x720.png?fit=980%2C653&amp;ssl=1\" src=\"https:\/\/i0.wp.com\/terjebjornstad.com\/no\/wp-content\/uploads\/2019\/08\/1965-cadillac-deville-1080x720.png?resize=980%2C653&#038;ssl=1\" alt=\"\" width=\"980\" height=\"653\" class=\"size-full wp-image-25789\" srcset=\"https:\/\/i0.wp.com\/terjebjornstad.com\/no\/wp-content\/uploads\/2019\/08\/1965-cadillac-deville-1080x720.png?resize=1080%2C720&amp;ssl=1 1080w, https:\/\/i0.wp.com\/terjebjornstad.com\/no\/wp-content\/uploads\/2019\/08\/1965-cadillac-deville-1080x720.png?resize=300%2C200&amp;ssl=1 300w, https:\/\/i0.wp.com\/terjebjornstad.com\/no\/wp-content\/uploads\/2019\/08\/1965-cadillac-deville-1080x720.png?resize=768%2C512&amp;ssl=1 768w, https:\/\/i0.wp.com\/terjebjornstad.com\/no\/wp-content\/uploads\/2019\/08\/1965-cadillac-deville-1080x720.png?resize=690%2C460&amp;ssl=1 690w, https:\/\/i0.wp.com\/terjebjornstad.com\/no\/wp-content\/uploads\/2019\/08\/1965-cadillac-deville-1080x720.png?resize=980%2C653&amp;ssl=1 980w\" sizes=\"auto, (max-width: 980px) 100vw, 980px\" \/><\/a><figcaption id=\"caption-attachment-25789\" class=\"wp-caption-text\">1965 Cadillac Deville Convertible, Kadettangen i Sandvika.<\/figcaption><\/figure><br \/>\n&nbsp;<br \/>\n<figure id=\"attachment_83025\" aria-describedby=\"caption-attachment-83025\" style=\"width: 1920px\" class=\"wp-caption aligncenter\"><a href=\"https:\/\/i0.wp.com\/terjebjornstad.com\/no\/wp-content\/uploads\/2025\/07\/1966-cadillac-coupe-de-ville-convertible-429.jpg?ssl=1\"><img data-recalc-dims=\"1\" loading=\"lazy\" decoding=\"async\" data-attachment-id=\"83025\" data-permalink=\"https:\/\/terjebjornstad.com\/no\/1968-cadillac-deville\/1966-cadillac-coupe-de-ville-convertible-429\/\" data-orig-file=\"https:\/\/i0.wp.com\/terjebjornstad.com\/no\/wp-content\/uploads\/2025\/07\/1966-cadillac-coupe-de-ville-convertible-429.jpg?fit=1920%2C1280&amp;ssl=1\" data-orig-size=\"1920,1280\" data-comments-opened=\"1\" data-image-meta=\"{&quot;aperture&quot;:&quot;0&quot;,&quot;credit&quot;:&quot;&quot;,&quot;camera&quot;:&quot;&quot;,&quot;caption&quot;:&quot;&quot;,&quot;created_timestamp&quot;:&quot;0&quot;,&quot;copyright&quot;:&quot;&quot;,&quot;focal_length&quot;:&quot;0&quot;,&quot;iso&quot;:&quot;0&quot;,&quot;shutter_speed&quot;:&quot;0&quot;,&quot;title&quot;:&quot;&quot;,&quot;orientation&quot;:&quot;0&quot;}\" data-image-title=\"1966-cadillac-coupe-de-ville-convertible-429\" data-image-description=\"\" data-image-caption=\"&lt;p&gt;1966 Cadillac Coupe de VIlle Convertible.&lt;\/p&gt;\n\" data-large-file=\"https:\/\/i0.wp.com\/terjebjornstad.com\/no\/wp-content\/uploads\/2025\/07\/1966-cadillac-coupe-de-ville-convertible-429.jpg?fit=980%2C653&amp;ssl=1\" src=\"https:\/\/i0.wp.com\/terjebjornstad.com\/no\/wp-content\/uploads\/2025\/07\/1966-cadillac-coupe-de-ville-convertible-429.jpg?resize=980%2C653&#038;ssl=1\" alt=\"\" width=\"980\" height=\"653\" class=\"size-full wp-image-83025\" srcset=\"https:\/\/i0.wp.com\/terjebjornstad.com\/no\/wp-content\/uploads\/2025\/07\/1966-cadillac-coupe-de-ville-convertible-429.jpg?w=1920&amp;ssl=1 1920w, https:\/\/i0.wp.com\/terjebjornstad.com\/no\/wp-content\/uploads\/2025\/07\/1966-cadillac-coupe-de-ville-convertible-429.jpg?resize=300%2C200&amp;ssl=1 300w, https:\/\/i0.wp.com\/terjebjornstad.com\/no\/wp-content\/uploads\/2025\/07\/1966-cadillac-coupe-de-ville-convertible-429.jpg?resize=1080%2C720&amp;ssl=1 1080w, https:\/\/i0.wp.com\/terjebjornstad.com\/no\/wp-content\/uploads\/2025\/07\/1966-cadillac-coupe-de-ville-convertible-429.jpg?resize=768%2C512&amp;ssl=1 768w, https:\/\/i0.wp.com\/terjebjornstad.com\/no\/wp-content\/uploads\/2025\/07\/1966-cadillac-coupe-de-ville-convertible-429.jpg?resize=1536%2C1024&amp;ssl=1 1536w, https:\/\/i0.wp.com\/terjebjornstad.com\/no\/wp-content\/uploads\/2025\/07\/1966-cadillac-coupe-de-ville-convertible-429.jpg?resize=690%2C460&amp;ssl=1 690w, https:\/\/i0.wp.com\/terjebjornstad.com\/no\/wp-content\/uploads\/2025\/07\/1966-cadillac-coupe-de-ville-convertible-429.jpg?resize=980%2C653&amp;ssl=1 980w\" sizes=\"auto, (max-width: 980px) 100vw, 980px\" \/><\/a><figcaption id=\"caption-attachment-83025\" class=\"wp-caption-text\">1966 Cadillac Coupe de VIlle Convertible.<\/figcaption><\/figure><br \/>\n&nbsp;<br \/>\n<figure id=\"attachment_68824\" aria-describedby=\"caption-attachment-68824\" style=\"width: 1920px\" class=\"wp-caption aligncenter\"><a href=\"https:\/\/i0.wp.com\/terjebjornstad.com\/no\/wp-content\/uploads\/2024\/01\/1966-cadillac-deville-427-cabriolet.jpg?ssl=1\"><img data-recalc-dims=\"1\" loading=\"lazy\" decoding=\"async\" data-attachment-id=\"68824\" data-permalink=\"https:\/\/terjebjornstad.com\/no\/1968-cadillac-deville\/1966-cadillac-deville-427-cabriolet\/\" data-orig-file=\"https:\/\/i0.wp.com\/terjebjornstad.com\/no\/wp-content\/uploads\/2024\/01\/1966-cadillac-deville-427-cabriolet.jpg?fit=1920%2C1280&amp;ssl=1\" data-orig-size=\"1920,1280\" data-comments-opened=\"1\" data-image-meta=\"{&quot;aperture&quot;:&quot;0&quot;,&quot;credit&quot;:&quot;&quot;,&quot;camera&quot;:&quot;&quot;,&quot;caption&quot;:&quot;&quot;,&quot;created_timestamp&quot;:&quot;0&quot;,&quot;copyright&quot;:&quot;&quot;,&quot;focal_length&quot;:&quot;0&quot;,&quot;iso&quot;:&quot;0&quot;,&quot;shutter_speed&quot;:&quot;0&quot;,&quot;title&quot;:&quot;&quot;,&quot;orientation&quot;:&quot;0&quot;}\" data-image-title=\"1966-cadillac-deville-427-cabriolet\" data-image-description=\"\" data-image-caption=\"&lt;p&gt;1966 Cadillac Coupe Deville Convertible.&lt;\/p&gt;\n\" data-large-file=\"https:\/\/i0.wp.com\/terjebjornstad.com\/no\/wp-content\/uploads\/2024\/01\/1966-cadillac-deville-427-cabriolet.jpg?fit=980%2C653&amp;ssl=1\" src=\"https:\/\/i0.wp.com\/terjebjornstad.com\/no\/wp-content\/uploads\/2024\/01\/1966-cadillac-deville-427-cabriolet.jpg?resize=980%2C653&#038;ssl=1\" alt=\"\" width=\"980\" height=\"653\" class=\"size-full wp-image-68824\" srcset=\"https:\/\/i0.wp.com\/terjebjornstad.com\/no\/wp-content\/uploads\/2024\/01\/1966-cadillac-deville-427-cabriolet.jpg?w=1920&amp;ssl=1 1920w, https:\/\/i0.wp.com\/terjebjornstad.com\/no\/wp-content\/uploads\/2024\/01\/1966-cadillac-deville-427-cabriolet.jpg?resize=300%2C200&amp;ssl=1 300w, https:\/\/i0.wp.com\/terjebjornstad.com\/no\/wp-content\/uploads\/2024\/01\/1966-cadillac-deville-427-cabriolet.jpg?resize=1080%2C720&amp;ssl=1 1080w, https:\/\/i0.wp.com\/terjebjornstad.com\/no\/wp-content\/uploads\/2024\/01\/1966-cadillac-deville-427-cabriolet.jpg?resize=768%2C512&amp;ssl=1 768w, https:\/\/i0.wp.com\/terjebjornstad.com\/no\/wp-content\/uploads\/2024\/01\/1966-cadillac-deville-427-cabriolet.jpg?resize=1536%2C1024&amp;ssl=1 1536w, https:\/\/i0.wp.com\/terjebjornstad.com\/no\/wp-content\/uploads\/2024\/01\/1966-cadillac-deville-427-cabriolet.jpg?resize=690%2C460&amp;ssl=1 690w, https:\/\/i0.wp.com\/terjebjornstad.com\/no\/wp-content\/uploads\/2024\/01\/1966-cadillac-deville-427-cabriolet.jpg?resize=980%2C653&amp;ssl=1 980w\" sizes=\"auto, (max-width: 980px) 100vw, 980px\" \/><\/a><figcaption id=\"caption-attachment-68824\" class=\"wp-caption-text\">1966 Cadillac Coupe Deville Convertible.<\/figcaption><\/figure><br \/>\n&nbsp;<br \/>\n<figure id=\"attachment_52360\" aria-describedby=\"caption-attachment-52360\" style=\"width: 1280px\" class=\"wp-caption aligncenter\"><a href=\"https:\/\/i0.wp.com\/terjebjornstad.com\/no\/wp-content\/uploads\/2022\/09\/1965-cadillac-deville-427-convertible-1280x853-1.jpg?ssl=1\"><img data-recalc-dims=\"1\" loading=\"lazy\" decoding=\"async\" data-attachment-id=\"52360\" data-permalink=\"https:\/\/terjebjornstad.com\/no\/2022\/09\/06\/veteranbildagen-pa-tofte\/1965-cadillac-deville-427-convertible-1280x853\/\" data-orig-file=\"https:\/\/i0.wp.com\/terjebjornstad.com\/no\/wp-content\/uploads\/2022\/09\/1965-cadillac-deville-427-convertible-1280x853-1.jpg?fit=1280%2C853&amp;ssl=1\" data-orig-size=\"1280,853\" data-comments-opened=\"1\" data-image-meta=\"{&quot;aperture&quot;:&quot;0&quot;,&quot;credit&quot;:&quot;&quot;,&quot;camera&quot;:&quot;&quot;,&quot;caption&quot;:&quot;&quot;,&quot;created_timestamp&quot;:&quot;0&quot;,&quot;copyright&quot;:&quot;&quot;,&quot;focal_length&quot;:&quot;0&quot;,&quot;iso&quot;:&quot;0&quot;,&quot;shutter_speed&quot;:&quot;0&quot;,&quot;title&quot;:&quot;&quot;,&quot;orientation&quot;:&quot;0&quot;}\" data-image-title=\"1965-cadillac-deville-427-convertible-1280&amp;#215;853\" data-image-description=\"\" data-image-caption=\"&lt;p&gt;Cadillac Coupe Deville 429 Convertible&lt;\/p&gt;\n\" data-large-file=\"https:\/\/i0.wp.com\/terjebjornstad.com\/no\/wp-content\/uploads\/2022\/09\/1965-cadillac-deville-427-convertible-1280x853-1.jpg?fit=980%2C653&amp;ssl=1\" src=\"https:\/\/i0.wp.com\/terjebjornstad.com\/no\/wp-content\/uploads\/2022\/09\/1965-cadillac-deville-427-convertible-1280x853-1.jpg?resize=980%2C653&#038;ssl=1\" alt=\"\" width=\"980\" height=\"653\" class=\"size-full wp-image-52360\" srcset=\"https:\/\/i0.wp.com\/terjebjornstad.com\/no\/wp-content\/uploads\/2022\/09\/1965-cadillac-deville-427-convertible-1280x853-1.jpg?w=1280&amp;ssl=1 1280w, https:\/\/i0.wp.com\/terjebjornstad.com\/no\/wp-content\/uploads\/2022\/09\/1965-cadillac-deville-427-convertible-1280x853-1.jpg?resize=300%2C200&amp;ssl=1 300w, https:\/\/i0.wp.com\/terjebjornstad.com\/no\/wp-content\/uploads\/2022\/09\/1965-cadillac-deville-427-convertible-1280x853-1.jpg?resize=1080%2C720&amp;ssl=1 1080w, https:\/\/i0.wp.com\/terjebjornstad.com\/no\/wp-content\/uploads\/2022\/09\/1965-cadillac-deville-427-convertible-1280x853-1.jpg?resize=768%2C512&amp;ssl=1 768w, https:\/\/i0.wp.com\/terjebjornstad.com\/no\/wp-content\/uploads\/2022\/09\/1965-cadillac-deville-427-convertible-1280x853-1.jpg?resize=690%2C460&amp;ssl=1 690w, https:\/\/i0.wp.com\/terjebjornstad.com\/no\/wp-content\/uploads\/2022\/09\/1965-cadillac-deville-427-convertible-1280x853-1.jpg?resize=980%2C653&amp;ssl=1 980w\" sizes=\"auto, (max-width: 980px) 100vw, 980px\" \/><\/a><figcaption id=\"caption-attachment-52360\" class=\"wp-caption-text\">Cadillac Coupe Deville 429 Convertible, Tofte i Asker.<\/figcaption><\/figure><br \/>\n&nbsp;<br \/>\n<figure id=\"attachment_60756\" aria-describedby=\"caption-attachment-60756\" style=\"width: 1425px\" class=\"wp-caption aligncenter\"><a href=\"https:\/\/i0.wp.com\/terjebjornstad.com\/no\/wp-content\/uploads\/2023\/07\/1-1974-cadillac-eldorado-convertible-1425x950-1.jpg?ssl=1\"><img data-recalc-dims=\"1\" loading=\"lazy\" decoding=\"async\" data-attachment-id=\"60756\" data-permalink=\"https:\/\/terjebjornstad.com\/no\/bygdedag-onsoy\/1-1974-cadillac-eldorado-convertible-1425x950\/\" data-orig-file=\"https:\/\/i0.wp.com\/terjebjornstad.com\/no\/wp-content\/uploads\/2023\/07\/1-1974-cadillac-eldorado-convertible-1425x950-1.jpg?fit=1425%2C950&amp;ssl=1\" data-orig-size=\"1425,950\" data-comments-opened=\"1\" data-image-meta=\"{&quot;aperture&quot;:&quot;0&quot;,&quot;credit&quot;:&quot;&quot;,&quot;camera&quot;:&quot;&quot;,&quot;caption&quot;:&quot;&quot;,&quot;created_timestamp&quot;:&quot;0&quot;,&quot;copyright&quot;:&quot;&quot;,&quot;focal_length&quot;:&quot;0&quot;,&quot;iso&quot;:&quot;0&quot;,&quot;shutter_speed&quot;:&quot;0&quot;,&quot;title&quot;:&quot;&quot;,&quot;orientation&quot;:&quot;0&quot;}\" data-image-title=\"1-1969-cadillac-eldorado-convertible-1425&amp;#215;950\" data-image-description=\"\" data-image-caption=\"&lt;p&gt;Cadillac Deville Convertible&lt;\/p&gt;\n\" data-large-file=\"https:\/\/i0.wp.com\/terjebjornstad.com\/no\/wp-content\/uploads\/2023\/07\/1-1974-cadillac-eldorado-convertible-1425x950-1.jpg?fit=980%2C653&amp;ssl=1\" src=\"https:\/\/i0.wp.com\/terjebjornstad.com\/no\/wp-content\/uploads\/2023\/07\/1-1974-cadillac-eldorado-convertible-1425x950-1.jpg?resize=980%2C653&#038;ssl=1\" alt=\"\" width=\"980\" height=\"653\" class=\"size-full wp-image-60756\" srcset=\"https:\/\/i0.wp.com\/terjebjornstad.com\/no\/wp-content\/uploads\/2023\/07\/1-1974-cadillac-eldorado-convertible-1425x950-1.jpg?w=1425&amp;ssl=1 1425w, https:\/\/i0.wp.com\/terjebjornstad.com\/no\/wp-content\/uploads\/2023\/07\/1-1974-cadillac-eldorado-convertible-1425x950-1.jpg?resize=300%2C200&amp;ssl=1 300w, https:\/\/i0.wp.com\/terjebjornstad.com\/no\/wp-content\/uploads\/2023\/07\/1-1974-cadillac-eldorado-convertible-1425x950-1.jpg?resize=1080%2C720&amp;ssl=1 1080w, https:\/\/i0.wp.com\/terjebjornstad.com\/no\/wp-content\/uploads\/2023\/07\/1-1974-cadillac-eldorado-convertible-1425x950-1.jpg?resize=768%2C512&amp;ssl=1 768w, https:\/\/i0.wp.com\/terjebjornstad.com\/no\/wp-content\/uploads\/2023\/07\/1-1974-cadillac-eldorado-convertible-1425x950-1.jpg?resize=690%2C460&amp;ssl=1 690w, https:\/\/i0.wp.com\/terjebjornstad.com\/no\/wp-content\/uploads\/2023\/07\/1-1974-cadillac-eldorado-convertible-1425x950-1.jpg?resize=980%2C653&amp;ssl=1 980w\" sizes=\"auto, (max-width: 980px) 100vw, 980px\" \/><\/a><figcaption id=\"caption-attachment-60756\" class=\"wp-caption-text\">1969 Cadillac Deville Convertible fotografert under en driveout til Elingaard p\u00e5 Ons\u00f8y.<\/figcaption><\/figure><\/p>\n<h3 class=\"tebh2\">Om bildene<\/h3>\n<p>Alle bilene p\u00e5 bildene er biler uten fast tak. Hovedbildet av den hvite cabriolet&#8217;en er fra Borgg\u00e5rden ved R\u00e5dhuset i Oslo i forbindelse med et biltreff der. En annen, hvit cabriolet er avbildet i Frognerparken i anledning feiring av USA&#8217;s Independece Day 4th of July. Det er en 1968-modell. Samme bil er senere fotografert p\u00e5 Kjeller flyplass i anledning et biltreff der. Den lakser\u00f8de bilen er fotografert p\u00e5 Kadettangen i anledning Sandvika byfest 2019. Det er en 1965-modell. Den lysegule convertible&#8217;n med taket oppe er fotografert p\u00e5 Veteranbildagen 2022 p\u00e5 Tofte. Ogs\u00e5 d\u00e9t er en 1965-modell. Den hvite med lys topp oppe &#8211; en 1966 modell &#8211; er avbildet ved et boligtun p\u00e5 Fornebu. Den r\u00f8de bilen som er fotografert skr\u00e5tt bakfra, er fotografert i Dr\u00f8bak sentrum. Convertible&#8217;n med toppen nede, utstilt sammen med andre amerikanske biler, er fotografert p\u00e5 Kjeller flyplass i anledning et biltreff der. Den er f\u00f8rstegangs registrert i 1968. Den bl\u00e5 bilen p\u00e5 tur med toppen nede ble fotografert under en driveout til Elingaard p\u00e5 Ons\u00f8y.<br \/>\n&nbsp;<\/p>\n<p><br \/>\n<figure id=\"attachment_58120\" aria-describedby=\"caption-attachment-58120\" style=\"width: 300px\" class=\"wp-caption aligncenter\"><a href=\"http:\/\/terjebjornstad.com\/no\/cadillac\/\"><img data-recalc-dims=\"1\" loading=\"lazy\" decoding=\"async\" data-attachment-id=\"58120\" data-permalink=\"https:\/\/terjebjornstad.com\/no\/cadillac\/cadillac-logo-300x200\/\" data-orig-file=\"https:\/\/i0.wp.com\/terjebjornstad.com\/no\/wp-content\/uploads\/2023\/03\/cadillac-logo-300x200-1.jpg?fit=300%2C200&amp;ssl=1\" data-orig-size=\"300,200\" data-comments-opened=\"1\" data-image-meta=\"{&quot;aperture&quot;:&quot;0&quot;,&quot;credit&quot;:&quot;&quot;,&quot;camera&quot;:&quot;&quot;,&quot;caption&quot;:&quot;&quot;,&quot;created_timestamp&quot;:&quot;0&quot;,&quot;copyright&quot;:&quot;&quot;,&quot;focal_length&quot;:&quot;0&quot;,&quot;iso&quot;:&quot;0&quot;,&quot;shutter_speed&quot;:&quot;0&quot;,&quot;title&quot;:&quot;&quot;,&quot;orientation&quot;:&quot;0&quot;}\" data-image-title=\"cadillac-logo-300&amp;#215;200\" data-image-description=\"\" data-image-caption=\"&lt;p&gt;&amp;nbsp;&lt;\/p&gt;\n\" data-large-file=\"https:\/\/i0.wp.com\/terjebjornstad.com\/no\/wp-content\/uploads\/2023\/03\/cadillac-logo-300x200-1.jpg?fit=300%2C200&amp;ssl=1\" src=\"https:\/\/i0.wp.com\/terjebjornstad.com\/no\/wp-content\/uploads\/2023\/03\/cadillac-logo-300x200-1.jpg?resize=300%2C200&#038;ssl=1\" alt=\"\" width=\"300\" height=\"200\" class=\"size-full wp-image-58120\" \/><\/a><figcaption id=\"caption-attachment-58120\" class=\"wp-caption-text\">&nbsp;<\/figcaption><\/figure><\/p>\n<h3 class=\"tebh2\">Se ogs\u00e5<\/h3>\n<p><figure id=\"attachment_7617\" aria-describedby=\"caption-attachment-7617\" style=\"width: 150px\" class=\"wp-caption alignleft\"><a href=\"https:\/\/terjebjornstad.com\/no\/1977-cadillac-deville\/\"><img data-recalc-dims=\"1\" loading=\"lazy\" decoding=\"async\" data-attachment-id=\"7617\" data-permalink=\"https:\/\/terjebjornstad.com\/no\/1977-cadillac-deville\/cadillac-1001\/\" data-orig-file=\"https:\/\/i0.wp.com\/terjebjornstad.com\/no\/wp-content\/uploads\/2016\/09\/cadillac-1001.png?fit=686%2C457&amp;ssl=1\" data-orig-size=\"686,457\" data-comments-opened=\"1\" data-image-meta=\"{&quot;aperture&quot;:&quot;0&quot;,&quot;credit&quot;:&quot;&quot;,&quot;camera&quot;:&quot;&quot;,&quot;caption&quot;:&quot;&quot;,&quot;created_timestamp&quot;:&quot;0&quot;,&quot;copyright&quot;:&quot;&quot;,&quot;focal_length&quot;:&quot;0&quot;,&quot;iso&quot;:&quot;0&quot;,&quot;shutter_speed&quot;:&quot;0&quot;,&quot;title&quot;:&quot;&quot;,&quot;orientation&quot;:&quot;0&quot;}\" data-image-title=\"cadillac-1001\" data-image-description=\"\" data-image-caption=\"&lt;p&gt;Cadillac Deville 5&lt;\/p&gt;\n\" data-large-file=\"https:\/\/i0.wp.com\/terjebjornstad.com\/no\/wp-content\/uploads\/2016\/09\/cadillac-1001.png?fit=686%2C457&amp;ssl=1\" src=\"https:\/\/i0.wp.com\/terjebjornstad.com\/no\/wp-content\/uploads\/2016\/09\/cadillac-1001.png?resize=150%2C150&#038;ssl=1\" alt=\"deville 3\" width=\"150\" height=\"150\" class=\"size-thumbnail wp-image-7617\" srcset=\"https:\/\/i0.wp.com\/terjebjornstad.com\/no\/wp-content\/uploads\/2016\/09\/cadillac-1001.png?resize=150%2C150&amp;ssl=1 150w, https:\/\/i0.wp.com\/terjebjornstad.com\/no\/wp-content\/uploads\/2016\/09\/cadillac-1001.png?resize=50%2C50&amp;ssl=1 50w, https:\/\/i0.wp.com\/terjebjornstad.com\/no\/wp-content\/uploads\/2016\/09\/cadillac-1001.png?zoom=2&amp;resize=150%2C150&amp;ssl=1 300w, https:\/\/i0.wp.com\/terjebjornstad.com\/no\/wp-content\/uploads\/2016\/09\/cadillac-1001.png?zoom=3&amp;resize=150%2C150&amp;ssl=1 450w\" sizes=\"auto, (max-width: 150px) 100vw, 150px\" \/><\/a><figcaption id=\"caption-attachment-7617\" class=\"wp-caption-text\">Cadillac Deville 5<\/figcaption><\/figure><figure id=\"attachment_17415\" aria-describedby=\"caption-attachment-17415\" style=\"width: 150px\" class=\"wp-caption alignleft\"><a href=\"https:\/\/terjebjornstad.com\/no\/cadillac-deville-4-generasjon\/\"><img data-recalc-dims=\"1\" loading=\"lazy\" decoding=\"async\" data-attachment-id=\"17415\" data-permalink=\"https:\/\/terjebjornstad.com\/no\/2018\/06\/18\/fotolordag-mustang-og-mercedes\/cadillac-solvik-1606-1080\/\" data-orig-file=\"https:\/\/i0.wp.com\/terjebjornstad.com\/no\/wp-content\/uploads\/2018\/06\/cadillac-solvik-1606-1080.png?fit=1080%2C720&amp;ssl=1\" data-orig-size=\"1080,720\" data-comments-opened=\"1\" data-image-meta=\"{&quot;aperture&quot;:&quot;0&quot;,&quot;credit&quot;:&quot;&quot;,&quot;camera&quot;:&quot;&quot;,&quot;caption&quot;:&quot;&quot;,&quot;created_timestamp&quot;:&quot;0&quot;,&quot;copyright&quot;:&quot;&quot;,&quot;focal_length&quot;:&quot;0&quot;,&quot;iso&quot;:&quot;0&quot;,&quot;shutter_speed&quot;:&quot;0&quot;,&quot;title&quot;:&quot;&quot;,&quot;orientation&quot;:&quot;0&quot;}\" data-image-title=\"cadillac-solvik-1606-1080\" data-image-description=\"\" data-image-caption=\"&lt;p&gt;Cadillac DeVille 4&lt;\/p&gt;\n\" data-large-file=\"https:\/\/i0.wp.com\/terjebjornstad.com\/no\/wp-content\/uploads\/2018\/06\/cadillac-solvik-1606-1080.png?fit=980%2C654&amp;ssl=1\" src=\"https:\/\/i0.wp.com\/terjebjornstad.com\/no\/wp-content\/uploads\/2018\/06\/cadillac-solvik-1606-1080.png?resize=150%2C150&#038;ssl=1\" alt=\"deville 3\" width=\"150\" height=\"150\" class=\"size-thumbnail wp-image-17415\" srcset=\"https:\/\/i0.wp.com\/terjebjornstad.com\/no\/wp-content\/uploads\/2018\/06\/cadillac-solvik-1606-1080.png?resize=150%2C150&amp;ssl=1 150w, https:\/\/i0.wp.com\/terjebjornstad.com\/no\/wp-content\/uploads\/2018\/06\/cadillac-solvik-1606-1080.png?resize=50%2C50&amp;ssl=1 50w, https:\/\/i0.wp.com\/terjebjornstad.com\/no\/wp-content\/uploads\/2018\/06\/cadillac-solvik-1606-1080.png?zoom=2&amp;resize=150%2C150&amp;ssl=1 300w, https:\/\/i0.wp.com\/terjebjornstad.com\/no\/wp-content\/uploads\/2018\/06\/cadillac-solvik-1606-1080.png?zoom=3&amp;resize=150%2C150&amp;ssl=1 450w\" sizes=\"auto, (max-width: 150px) 100vw, 150px\" \/><\/a><figcaption id=\"caption-attachment-17415\" class=\"wp-caption-text\">Cadillac DeVille 4<\/figcaption><\/figure><figure id=\"attachment_2737\" aria-describedby=\"caption-attachment-2737\" style=\"width: 150px\" class=\"wp-caption alignleft\"><a href=\"https:\/\/terjebjornstad.com\/no\/1964-cadillac-deville\/\"><img data-recalc-dims=\"1\" loading=\"lazy\" decoding=\"async\" data-attachment-id=\"2737\" data-permalink=\"https:\/\/terjebjornstad.com\/no\/2015\/11\/21\/caddyen-pa-supern\/1965-cadillac-deville-convertible-1\/\" data-orig-file=\"https:\/\/i0.wp.com\/terjebjornstad.com\/no\/wp-content\/uploads\/2015\/11\/1965-cadillac-deville-convertible-1.png?fit=660%2C378&amp;ssl=1\" data-orig-size=\"660,378\" data-comments-opened=\"1\" data-image-meta=\"{&quot;aperture&quot;:&quot;0&quot;,&quot;credit&quot;:&quot;&quot;,&quot;camera&quot;:&quot;&quot;,&quot;caption&quot;:&quot;&quot;,&quot;created_timestamp&quot;:&quot;0&quot;,&quot;copyright&quot;:&quot;&quot;,&quot;focal_length&quot;:&quot;0&quot;,&quot;iso&quot;:&quot;0&quot;,&quot;shutter_speed&quot;:&quot;0&quot;,&quot;title&quot;:&quot;&quot;,&quot;orientation&quot;:&quot;0&quot;}\" data-image-title=\"1965-cadillac-deville-convertible-1\" data-image-description=\"\" data-image-caption=\"&lt;p&gt;Cadillac Deville 2&lt;\/p&gt;\n\" data-large-file=\"https:\/\/i0.wp.com\/terjebjornstad.com\/no\/wp-content\/uploads\/2015\/11\/1965-cadillac-deville-convertible-1.png?fit=660%2C378&amp;ssl=1\" src=\"https:\/\/i0.wp.com\/terjebjornstad.com\/no\/wp-content\/uploads\/2015\/11\/1965-cadillac-deville-convertible-1.png?resize=150%2C150&#038;ssl=1\" alt=\"\" width=\"150\" height=\"150\" class=\"size-thumbnail wp-image-2737\" srcset=\"https:\/\/i0.wp.com\/terjebjornstad.com\/no\/wp-content\/uploads\/2015\/11\/1965-cadillac-deville-convertible-1.png?resize=150%2C150&amp;ssl=1 150w, https:\/\/i0.wp.com\/terjebjornstad.com\/no\/wp-content\/uploads\/2015\/11\/1965-cadillac-deville-convertible-1.png?resize=50%2C50&amp;ssl=1 50w, https:\/\/i0.wp.com\/terjebjornstad.com\/no\/wp-content\/uploads\/2015\/11\/1965-cadillac-deville-convertible-1.png?zoom=2&amp;resize=150%2C150&amp;ssl=1 300w, https:\/\/i0.wp.com\/terjebjornstad.com\/no\/wp-content\/uploads\/2015\/11\/1965-cadillac-deville-convertible-1.png?zoom=3&amp;resize=150%2C150&amp;ssl=1 450w\" sizes=\"auto, (max-width: 150px) 100vw, 150px\" \/><\/a><figcaption id=\"caption-attachment-2737\" class=\"wp-caption-text\">Cadillac Deville 2<\/figcaption><\/figure><\/p>\n<h6><\/h6>\n<p><a href=\"https:\/\/amcar.no\/\" target=\"_blank\"<strong>American Car Club of Norway<\/strong><\/a><\/p>\n<h6><\/h6>\n<\/div>\n","protected":false},"excerpt":{"rendered":"<p>Mange kosmetiske endringer Deville 3 ble produsert mellom 1965 og 1970, med sm\u00e5 endringer hvert \u00e5r, som var vanlig for amerikanske biler p\u00e5 den tiden. Rent teknisk sett er det f\u00e5 endringer mellom Deville 3 og forgjengeren. Det er i hovedsak karosseriformen som er endret. Det ble gjort kosmetiske endringer hvert \u00e5r. Fronten, for eksempel. [&hellip;]<\/p>\n","protected":false},"author":1,"featured_media":4796,"parent":0,"menu_order":0,"comment_status":"closed","ping_status":"closed","template":"","meta":{"_monsterinsights_skip_tracking":false,"_monsterinsights_sitenote_active":false,"_monsterinsights_sitenote_note":"","_monsterinsights_sitenote_category":0,"jetpack_post_was_ever_published":false,"footnotes":""},"class_list":["post-5314","page","type-page","status-publish","has-post-thumbnail","hentry"],"yoast_head":"<!-- This site is optimized with the Yoast SEO plugin v27.5 - https:\/\/yoast.com\/product\/yoast-seo-wordpress\/ -->\n<title>Cadillac DeVille 3. generasjon - Terjes biler Endret hvert \u00e5r.<\/title>\n<meta name=\"description\" content=\"Deville 3. 429 V8 frem til 1968, deretter 472 V8. En Deville i denne perioden er rundt 5,7 meter lang og litt over 2 meter bred.\" \/>\n<meta name=\"robots\" content=\"index, follow, max-snippet:-1, max-image-preview:large, max-video-preview:-1\" \/>\n<link rel=\"canonical\" href=\"https:\/\/terjebjornstad.com\/no\/1968-cadillac-deville\/\" \/>\n<meta property=\"og:locale\" content=\"nb_NO\" \/>\n<meta property=\"og:type\" content=\"article\" \/>\n<meta property=\"og:title\" content=\"Cadillac DeVille 3. generasjon - Terjes biler Endret hvert \u00e5r.\" \/>\n<meta property=\"og:description\" content=\"Deville 3. 429 V8 frem til 1968, deretter 472 V8. En Deville i denne perioden er rundt 5,7 meter lang og litt over 2 meter bred.\" \/>\n<meta property=\"og:url\" content=\"https:\/\/terjebjornstad.com\/no\/1968-cadillac-deville\/\" \/>\n<meta property=\"og:site_name\" content=\"Terjes biler\" \/>\n<meta property=\"article:publisher\" content=\"https:\/\/www.facebook.com\/terjesbiler\/\" \/>\n<meta property=\"article:modified_time\" content=\"2026-02-08T15:24:41+00:00\" \/>\n<meta property=\"og:image\" content=\"https:\/\/terjebjornstad.com\/no\/wp-content\/uploads\/2016\/06\/68-cadillac-deville-3.png\" \/>\n\t<meta property=\"og:image:width\" content=\"686\" \/>\n\t<meta property=\"og:image:height\" content=\"457\" \/>\n\t<meta property=\"og:image:type\" content=\"image\/png\" \/>\n<meta name=\"twitter:card\" content=\"summary_large_image\" \/>\n<meta name=\"twitter:label1\" content=\"Ansl. lesetid\" \/>\n\t<meta name=\"twitter:data1\" content=\"6 minutter\" \/>\n<script type=\"application\/ld+json\" class=\"yoast-schema-graph\">{\"@context\":\"https:\\\/\\\/schema.org\",\"@graph\":[{\"@type\":\"WebPage\",\"@id\":\"https:\\\/\\\/terjebjornstad.com\\\/no\\\/1968-cadillac-deville\\\/\",\"url\":\"https:\\\/\\\/terjebjornstad.com\\\/no\\\/1968-cadillac-deville\\\/\",\"name\":\"Cadillac DeVille 3. generasjon - Terjes biler Endret hvert \u00e5r.\",\"isPartOf\":{\"@id\":\"https:\\\/\\\/terjebjornstad.com\\\/no\\\/#website\"},\"primaryImageOfPage\":{\"@id\":\"https:\\\/\\\/terjebjornstad.com\\\/no\\\/1968-cadillac-deville\\\/#primaryimage\"},\"image\":{\"@id\":\"https:\\\/\\\/terjebjornstad.com\\\/no\\\/1968-cadillac-deville\\\/#primaryimage\"},\"thumbnailUrl\":\"https:\\\/\\\/i0.wp.com\\\/terjebjornstad.com\\\/no\\\/wp-content\\\/uploads\\\/2016\\\/06\\\/68-cadillac-deville-3.png?fit=686%2C457&ssl=1\",\"datePublished\":\"2016-06-21T12:16:07+00:00\",\"dateModified\":\"2026-02-08T15:24:41+00:00\",\"description\":\"Deville 3. 429 V8 frem til 1968, deretter 472 V8. En Deville i denne perioden er rundt 5,7 meter lang og litt over 2 meter bred.\",\"breadcrumb\":{\"@id\":\"https:\\\/\\\/terjebjornstad.com\\\/no\\\/1968-cadillac-deville\\\/#breadcrumb\"},\"inLanguage\":\"nb-NO\",\"potentialAction\":[{\"@type\":\"ReadAction\",\"target\":[\"https:\\\/\\\/terjebjornstad.com\\\/no\\\/1968-cadillac-deville\\\/\"]}]},{\"@type\":\"ImageObject\",\"inLanguage\":\"nb-NO\",\"@id\":\"https:\\\/\\\/terjebjornstad.com\\\/no\\\/1968-cadillac-deville\\\/#primaryimage\",\"url\":\"https:\\\/\\\/i0.wp.com\\\/terjebjornstad.com\\\/no\\\/wp-content\\\/uploads\\\/2016\\\/06\\\/68-cadillac-deville-3.png?fit=686%2C457&ssl=1\",\"contentUrl\":\"https:\\\/\\\/i0.wp.com\\\/terjebjornstad.com\\\/no\\\/wp-content\\\/uploads\\\/2016\\\/06\\\/68-cadillac-deville-3.png?fit=686%2C457&ssl=1\",\"width\":686,\"height\":457,\"caption\":\"1968 Cadillac DeVille\"},{\"@type\":\"BreadcrumbList\",\"@id\":\"https:\\\/\\\/terjebjornstad.com\\\/no\\\/1968-cadillac-deville\\\/#breadcrumb\",\"itemListElement\":[{\"@type\":\"ListItem\",\"position\":1,\"name\":\"Hjem\",\"item\":\"https:\\\/\\\/terjebjornstad.com\\\/no\\\/\"},{\"@type\":\"ListItem\",\"position\":2,\"name\":\"Cadillac DeVille 3. generasjon\"}]},{\"@type\":\"WebSite\",\"@id\":\"https:\\\/\\\/terjebjornstad.com\\\/no\\\/#website\",\"url\":\"https:\\\/\\\/terjebjornstad.com\\\/no\\\/\",\"name\":\"Terjes biler\",\"description\":\"HONEST ABOUT CARS\",\"publisher\":{\"@id\":\"https:\\\/\\\/terjebjornstad.com\\\/no\\\/#organization\"},\"alternateName\":\"Terjebjornstad.com\",\"potentialAction\":[{\"@type\":\"SearchAction\",\"target\":{\"@type\":\"EntryPoint\",\"urlTemplate\":\"https:\\\/\\\/terjebjornstad.com\\\/no\\\/?s={search_term_string}\"},\"query-input\":{\"@type\":\"PropertyValueSpecification\",\"valueRequired\":true,\"valueName\":\"search_term_string\"}}],\"inLanguage\":\"nb-NO\"},{\"@type\":\"Organization\",\"@id\":\"https:\\\/\\\/terjebjornstad.com\\\/no\\\/#organization\",\"name\":\"Terje Bj\u00f8rnstad ENK\",\"url\":\"https:\\\/\\\/terjebjornstad.com\\\/no\\\/\",\"logo\":{\"@type\":\"ImageObject\",\"inLanguage\":\"nb-NO\",\"@id\":\"https:\\\/\\\/terjebjornstad.com\\\/no\\\/#\\\/schema\\\/logo\\\/image\\\/\",\"url\":\"https:\\\/\\\/i0.wp.com\\\/terjebjornstad.com\\\/no\\\/wp-content\\\/uploads\\\/2026\\\/02\\\/terjesbiler2024-960x354-1.png?fit=960%2C354&ssl=1\",\"contentUrl\":\"https:\\\/\\\/i0.wp.com\\\/terjebjornstad.com\\\/no\\\/wp-content\\\/uploads\\\/2026\\\/02\\\/terjesbiler2024-960x354-1.png?fit=960%2C354&ssl=1\",\"width\":960,\"height\":354,\"caption\":\"Terje Bj\u00f8rnstad ENK\"},\"image\":{\"@id\":\"https:\\\/\\\/terjebjornstad.com\\\/no\\\/#\\\/schema\\\/logo\\\/image\\\/\"},\"sameAs\":[\"https:\\\/\\\/www.facebook.com\\\/terjesbiler\\\/\",\"https:\\\/\\\/www.instagram.com\\\/terjesbiler\\\/\",\"https:\\\/\\\/www.pinteres.com\\\/terjebjrnstad\\\/terjes-biler\\\/\"]}]}<\/script>\n<!-- \/ Yoast SEO plugin. -->","yoast_head_json":{"title":"Cadillac DeVille 3. generasjon - Terjes biler Endret hvert \u00e5r.","description":"Deville 3. 429 V8 frem til 1968, deretter 472 V8. En Deville i denne perioden er rundt 5,7 meter lang og litt over 2 meter bred.","robots":{"index":"index","follow":"follow","max-snippet":"max-snippet:-1","max-image-preview":"max-image-preview:large","max-video-preview":"max-video-preview:-1"},"canonical":"https:\/\/terjebjornstad.com\/no\/1968-cadillac-deville\/","og_locale":"nb_NO","og_type":"article","og_title":"Cadillac DeVille 3. generasjon - Terjes biler Endret hvert \u00e5r.","og_description":"Deville 3. 429 V8 frem til 1968, deretter 472 V8. En Deville i denne perioden er rundt 5,7 meter lang og litt over 2 meter bred.","og_url":"https:\/\/terjebjornstad.com\/no\/1968-cadillac-deville\/","og_site_name":"Terjes biler","article_publisher":"https:\/\/www.facebook.com\/terjesbiler\/","article_modified_time":"2026-02-08T15:24:41+00:00","og_image":[{"width":686,"height":457,"url":"https:\/\/terjebjornstad.com\/no\/wp-content\/uploads\/2016\/06\/68-cadillac-deville-3.png","type":"image\/png"}],"twitter_card":"summary_large_image","twitter_misc":{"Ansl. lesetid":"6 minutter"},"schema":{"@context":"https:\/\/schema.org","@graph":[{"@type":"WebPage","@id":"https:\/\/terjebjornstad.com\/no\/1968-cadillac-deville\/","url":"https:\/\/terjebjornstad.com\/no\/1968-cadillac-deville\/","name":"Cadillac DeVille 3. generasjon - Terjes biler Endret hvert \u00e5r.","isPartOf":{"@id":"https:\/\/terjebjornstad.com\/no\/#website"},"primaryImageOfPage":{"@id":"https:\/\/terjebjornstad.com\/no\/1968-cadillac-deville\/#primaryimage"},"image":{"@id":"https:\/\/terjebjornstad.com\/no\/1968-cadillac-deville\/#primaryimage"},"thumbnailUrl":"https:\/\/i0.wp.com\/terjebjornstad.com\/no\/wp-content\/uploads\/2016\/06\/68-cadillac-deville-3.png?fit=686%2C457&ssl=1","datePublished":"2016-06-21T12:16:07+00:00","dateModified":"2026-02-08T15:24:41+00:00","description":"Deville 3. 429 V8 frem til 1968, deretter 472 V8. En Deville i denne perioden er rundt 5,7 meter lang og litt over 2 meter bred.","breadcrumb":{"@id":"https:\/\/terjebjornstad.com\/no\/1968-cadillac-deville\/#breadcrumb"},"inLanguage":"nb-NO","potentialAction":[{"@type":"ReadAction","target":["https:\/\/terjebjornstad.com\/no\/1968-cadillac-deville\/"]}]},{"@type":"ImageObject","inLanguage":"nb-NO","@id":"https:\/\/terjebjornstad.com\/no\/1968-cadillac-deville\/#primaryimage","url":"https:\/\/i0.wp.com\/terjebjornstad.com\/no\/wp-content\/uploads\/2016\/06\/68-cadillac-deville-3.png?fit=686%2C457&ssl=1","contentUrl":"https:\/\/i0.wp.com\/terjebjornstad.com\/no\/wp-content\/uploads\/2016\/06\/68-cadillac-deville-3.png?fit=686%2C457&ssl=1","width":686,"height":457,"caption":"1968 Cadillac DeVille"},{"@type":"BreadcrumbList","@id":"https:\/\/terjebjornstad.com\/no\/1968-cadillac-deville\/#breadcrumb","itemListElement":[{"@type":"ListItem","position":1,"name":"Hjem","item":"https:\/\/terjebjornstad.com\/no\/"},{"@type":"ListItem","position":2,"name":"Cadillac DeVille 3. generasjon"}]},{"@type":"WebSite","@id":"https:\/\/terjebjornstad.com\/no\/#website","url":"https:\/\/terjebjornstad.com\/no\/","name":"Terjes biler","description":"HONEST ABOUT CARS","publisher":{"@id":"https:\/\/terjebjornstad.com\/no\/#organization"},"alternateName":"Terjebjornstad.com","potentialAction":[{"@type":"SearchAction","target":{"@type":"EntryPoint","urlTemplate":"https:\/\/terjebjornstad.com\/no\/?s={search_term_string}"},"query-input":{"@type":"PropertyValueSpecification","valueRequired":true,"valueName":"search_term_string"}}],"inLanguage":"nb-NO"},{"@type":"Organization","@id":"https:\/\/terjebjornstad.com\/no\/#organization","name":"Terje Bj\u00f8rnstad ENK","url":"https:\/\/terjebjornstad.com\/no\/","logo":{"@type":"ImageObject","inLanguage":"nb-NO","@id":"https:\/\/terjebjornstad.com\/no\/#\/schema\/logo\/image\/","url":"https:\/\/i0.wp.com\/terjebjornstad.com\/no\/wp-content\/uploads\/2026\/02\/terjesbiler2024-960x354-1.png?fit=960%2C354&ssl=1","contentUrl":"https:\/\/i0.wp.com\/terjebjornstad.com\/no\/wp-content\/uploads\/2026\/02\/terjesbiler2024-960x354-1.png?fit=960%2C354&ssl=1","width":960,"height":354,"caption":"Terje Bj\u00f8rnstad ENK"},"image":{"@id":"https:\/\/terjebjornstad.com\/no\/#\/schema\/logo\/image\/"},"sameAs":["https:\/\/www.facebook.com\/terjesbiler\/","https:\/\/www.instagram.com\/terjesbiler\/","https:\/\/www.pinteres.com\/terjebjrnstad\/terjes-biler\/"]}]}},"jetpack_sharing_enabled":true,"jetpack_shortlink":"https:\/\/wp.me\/P48zYA-1nI","jetpack-related-posts":[{"id":17550,"url":"https:\/\/terjebjornstad.com\/no\/cadillac-deville-4-generasjon\/","url_meta":{"origin":5314,"position":0},"title":"Cadillac DeVille 4. generasjon","author":"Terje Bj\u00f8rnstad","date":"29\/06\/2018","format":false,"excerpt":"Den siste store DeVille Mange hevder at denne Cadillac-modellen, produsert mellom 1971 - 1976, var den siste ordentlige Cadillac DeVille. Etterf\u00f8lgeren som kom som 1977-modell, ble kortere og lettere. I kj\u00f8lvannet av oljekrisen \u00f8kte ettersp\u00f8rselen etter mindre biler. Ogs\u00e5 Cadillac m\u00e5tte downsize. Siste \u00e5rgang med store Cadillac'er ble 1976. Endret\u2026","rel":"","context":"Liknende innlegg","block_context":{"text":"Liknende innlegg","link":""},"img":{"alt_text":"","src":"https:\/\/i0.wp.com\/terjebjornstad.com\/no\/wp-content\/uploads\/2018\/06\/cadillac-solvik-1606-1080-1.png?fit=1080%2C720&ssl=1&resize=350%2C200","width":350,"height":200,"srcset":"https:\/\/i0.wp.com\/terjebjornstad.com\/no\/wp-content\/uploads\/2018\/06\/cadillac-solvik-1606-1080-1.png?fit=1080%2C720&ssl=1&resize=350%2C200 1x, https:\/\/i0.wp.com\/terjebjornstad.com\/no\/wp-content\/uploads\/2018\/06\/cadillac-solvik-1606-1080-1.png?fit=1080%2C720&ssl=1&resize=525%2C300 1.5x, https:\/\/i0.wp.com\/terjebjornstad.com\/no\/wp-content\/uploads\/2018\/06\/cadillac-solvik-1606-1080-1.png?fit=1080%2C720&ssl=1&resize=700%2C400 2x, https:\/\/i0.wp.com\/terjebjornstad.com\/no\/wp-content\/uploads\/2018\/06\/cadillac-solvik-1606-1080-1.png?fit=1080%2C720&ssl=1&resize=1050%2C600 3x"},"classes":[]},{"id":5329,"url":"https:\/\/terjebjornstad.com\/no\/cadillac\/","url_meta":{"origin":5314,"position":1},"title":"Historien forteller at da Henry\u2026","author":"Terje Bj\u00f8rnstad","date":"21\/06\/2016","format":false,"excerpt":"Historien forteller at da Henry Ford hadde r\u00f8ket uklar med sine investorer, forlot han selskapet for \u00e5 starte et annet selskap. Investorene r\u00e5df\u00f8rte seg med Henry M. Leland om \u00e5 likvidere fabrikken. Han anbefalte \u00e5 fortsette produksjonen av biler. \u00c5ret var 1902. Det nye selskapet ble kalt Cadillac - oppkalt\u2026","rel":"","context":"Liknende innlegg","block_context":{"text":"Liknende innlegg","link":""},"img":{"alt_text":"","src":"https:\/\/i0.wp.com\/terjebjornstad.com\/no\/wp-content\/uploads\/2023\/03\/cadillac-logo-300x200-1.jpg?resize=350%2C200&ssl=1","width":350,"height":200},"classes":[]},{"id":5320,"url":"https:\/\/terjebjornstad.com\/no\/1964-cadillac-deville\/","url_meta":{"origin":5314,"position":2},"title":"Cadillac Deville 2. generasjon","author":"Terje Bj\u00f8rnstad","date":"21\/06\/2016","format":false,"excerpt":"Diskret luksus for sin tid? Tod\u00f8rs-versjonene og cabrioletene fikk betegnelsen Coupe DeVille, mens 4-d\u00f8rs sedaner ble kalt Sedan DeVille. Jeg liker bakpartiet godt med den lille finnen som avsluttes i en diskr\u00e9t spiss, skj\u00f8nt \"diskr\u00e9t\" er kanskje feil uttrykk om en Cadillac-modell fra begynnelsen av 60-\u00e5rene. Det jeg liker aller\u2026","rel":"","context":"Liknende innlegg","block_context":{"text":"Liknende innlegg","link":""},"img":{"alt_text":"","src":"https:\/\/i0.wp.com\/terjebjornstad.com\/no\/wp-content\/uploads\/2015\/11\/1965-cadillac-deville-convertible-1.png?fit=660%2C378&ssl=1&resize=350%2C200","width":350,"height":200,"srcset":"https:\/\/i0.wp.com\/terjebjornstad.com\/no\/wp-content\/uploads\/2015\/11\/1965-cadillac-deville-convertible-1.png?fit=660%2C378&ssl=1&resize=350%2C200 1x, https:\/\/i0.wp.com\/terjebjornstad.com\/no\/wp-content\/uploads\/2015\/11\/1965-cadillac-deville-convertible-1.png?fit=660%2C378&ssl=1&resize=525%2C300 1.5x"},"classes":[]},{"id":7616,"url":"https:\/\/terjebjornstad.com\/no\/1977-cadillac-deville\/","url_meta":{"origin":5314,"position":3},"title":"Cadillac DeVille 5. generasjon","author":"Terje Bj\u00f8rnstad","date":"26\/09\/2016","format":false,"excerpt":"Downsized fullsizer F\u00f8r femte generasjon av Cadillac DeVille ble lansert, var GM i full gang med \u00e5 downsize bilene sine i tr\u00e5d med den generelle utviklingen i bilmarkedet etter oljekrisen p\u00e5 begynnelsen av 70-tallet. Den nye modellen ble omtrent 25 cm kortere og mer enn 200 kg lettere enn sin\u2026","rel":"","context":"Liknende innlegg","block_context":{"text":"Liknende innlegg","link":""},"img":{"alt_text":"","src":"https:\/\/i0.wp.com\/terjebjornstad.com\/no\/wp-content\/uploads\/2016\/09\/cadillac-1001.png?fit=686%2C457&ssl=1&resize=350%2C200","width":350,"height":200,"srcset":"https:\/\/i0.wp.com\/terjebjornstad.com\/no\/wp-content\/uploads\/2016\/09\/cadillac-1001.png?fit=686%2C457&ssl=1&resize=350%2C200 1x, https:\/\/i0.wp.com\/terjebjornstad.com\/no\/wp-content\/uploads\/2016\/09\/cadillac-1001.png?fit=686%2C457&ssl=1&resize=525%2C300 1.5x"},"classes":[]},{"id":72188,"url":"https:\/\/terjebjornstad.com\/no\/bilene-fra-1968\/","url_meta":{"origin":5314,"position":4},"title":"Bilene fra 1968","author":"Terje Bj\u00f8rnstad","date":"20\/05\/2024","format":false,"excerpt":"1968 Opel Rekord 1700 Harald og Sonja ble viet i Oslo Domkirke. Warszawapakten marsjerte inn i Tsjekkoslovakia. Vietnamkrigen herjet og Rickard Nixon ble valgt til president i USA. P\u00e5 radioen sang Anna Lena L\u00f6fgren \"Lyckliga gatan\". Faren min kj\u00f8pte en Saab 96 fra Vestfold Auto - en 1965-modell med 32000\u2026","rel":"","context":"Liknende innlegg","block_context":{"text":"Liknende innlegg","link":""},"img":{"alt_text":"","src":"https:\/\/i0.wp.com\/terjebjornstad.com\/no\/wp-content\/uploads\/2026\/01\/1968-ford-mustang-914x914-1.jpg?resize=350%2C200&ssl=1","width":350,"height":200,"srcset":"https:\/\/i0.wp.com\/terjebjornstad.com\/no\/wp-content\/uploads\/2026\/01\/1968-ford-mustang-914x914-1.jpg?resize=350%2C200&ssl=1 1x, https:\/\/i0.wp.com\/terjebjornstad.com\/no\/wp-content\/uploads\/2026\/01\/1968-ford-mustang-914x914-1.jpg?resize=525%2C300&ssl=1 1.5x, https:\/\/i0.wp.com\/terjebjornstad.com\/no\/wp-content\/uploads\/2026\/01\/1968-ford-mustang-914x914-1.jpg?resize=700%2C400&ssl=1 2x"},"classes":[]},{"id":8417,"url":"https:\/\/terjebjornstad.com\/no\/lamborghini-gallardo\/","url_meta":{"origin":5314,"position":5},"title":"Lamborghini Gallardo","author":"Terje Bj\u00f8rnstad","date":"08\/11\/2016","format":false,"excerpt":"Den lille Lamborghini'en Lamborghini Gallardo ble produsert mellom 2003 og 2013. Den ble omtalt som \"Den lille Lamborghinien\". F\u00f8rst og fremst p\u00e5 grunn av motoren, en V10 i stedet for V12 - men ogs\u00e5 p\u00e5 grunn av lengden, litt over 4,3 meter. Gallardo var ogs\u00e5 f\u00f8rste modell som delte drivverk\u2026","rel":"","context":"Liknende innlegg","block_context":{"text":"Liknende innlegg","link":""},"img":{"alt_text":"","src":"https:\/\/i0.wp.com\/terjebjornstad.com\/no\/wp-content\/uploads\/2018\/04\/lambo-gallardo-1.png?fit=686%2C457&ssl=1&resize=350%2C200","width":350,"height":200,"srcset":"https:\/\/i0.wp.com\/terjebjornstad.com\/no\/wp-content\/uploads\/2018\/04\/lambo-gallardo-1.png?fit=686%2C457&ssl=1&resize=350%2C200 1x, https:\/\/i0.wp.com\/terjebjornstad.com\/no\/wp-content\/uploads\/2018\/04\/lambo-gallardo-1.png?fit=686%2C457&ssl=1&resize=525%2C300 1.5x"},"classes":[]}],"_links":{"self":[{"href":"https:\/\/terjebjornstad.com\/no\/wp-json\/wp\/v2\/pages\/5314","targetHints":{"allow":["GET"]}}],"collection":[{"href":"https:\/\/terjebjornstad.com\/no\/wp-json\/wp\/v2\/pages"}],"about":[{"href":"https:\/\/terjebjornstad.com\/no\/wp-json\/wp\/v2\/types\/page"}],"author":[{"embeddable":true,"href":"https:\/\/terjebjornstad.com\/no\/wp-json\/wp\/v2\/users\/1"}],"replies":[{"embeddable":true,"href":"https:\/\/terjebjornstad.com\/no\/wp-json\/wp\/v2\/comments?post=5314"}],"version-history":[{"count":16,"href":"https:\/\/terjebjornstad.com\/no\/wp-json\/wp\/v2\/pages\/5314\/revisions"}],"predecessor-version":[{"id":88467,"href":"https:\/\/terjebjornstad.com\/no\/wp-json\/wp\/v2\/pages\/5314\/revisions\/88467"}],"wp:featuredmedia":[{"embeddable":true,"href":"https:\/\/terjebjornstad.com\/no\/wp-json\/wp\/v2\/media\/4796"}],"wp:attachment":[{"href":"https:\/\/terjebjornstad.com\/no\/wp-json\/wp\/v2\/media?parent=5314"}],"curies":[{"name":"wp","href":"https:\/\/api.w.org\/{rel}","templated":true}]}}