{"id":5103,"date":"2016-06-20T01:27:14","date_gmt":"2016-06-20T01:27:14","guid":{"rendered":"http:\/\/terjebjornstad.com\/no\/?page_id=5103"},"modified":"2024-08-28T01:54:51","modified_gmt":"2024-08-28T00:54:51","slug":"honda-civic","status":"publish","type":"page","link":"https:\/\/terjebjornstad.com\/no\/honda-civic\/","title":{"rendered":"Honda Civic"},"content":{"rendered":"<h2>Honda Civic innlegg<\/h2>\n<p><a href=\"https:\/\/terjebjornstad.com\/no\/2015\/05\/01\/hvem-bestemmer-bilens-levetid\/\" target=\"_blank\" rel=\"noopener\">1996 Honda Civic DX<\/a><\/p>\n<h2>Honda Civic bilder<\/h2>\n<figure id=\"attachment_1039\" aria-describedby=\"caption-attachment-1039\" style=\"width: 640px\" class=\"wp-caption aligncenter\"><a href=\"https:\/\/terjebjornstad.com\/no\/2015\/05\/01\/hvem-bestemmer-bilens-levetid\/\"><img data-recalc-dims=\"1\" loading=\"lazy\" decoding=\"async\" data-attachment-id=\"1039\" data-permalink=\"https:\/\/terjebjornstad.com\/no\/2015\/05\/01\/hvem-bestemmer-bilens-levetid\/civic-1-6-dx\/\" data-orig-file=\"https:\/\/i0.wp.com\/terjebjornstad.com\/no\/wp-content\/uploads\/2015\/05\/civic-1.6-dx.png?fit=640%2C361&amp;ssl=1\" data-orig-size=\"640,361\" data-comments-opened=\"0\" data-image-meta=\"{&quot;aperture&quot;:&quot;0&quot;,&quot;credit&quot;:&quot;&quot;,&quot;camera&quot;:&quot;&quot;,&quot;caption&quot;:&quot;&quot;,&quot;created_timestamp&quot;:&quot;0&quot;,&quot;copyright&quot;:&quot;&quot;,&quot;focal_length&quot;:&quot;0&quot;,&quot;iso&quot;:&quot;0&quot;,&quot;shutter_speed&quot;:&quot;0&quot;,&quot;title&quot;:&quot;&quot;,&quot;orientation&quot;:&quot;0&quot;}\" data-image-title=\"civic-1.6-dx\" data-image-description=\"\" data-image-caption=\"&lt;p&gt;1996 Honda Civic DX&lt;\/p&gt;\n\" data-large-file=\"https:\/\/i0.wp.com\/terjebjornstad.com\/no\/wp-content\/uploads\/2015\/05\/civic-1.6-dx.png?fit=640%2C361&amp;ssl=1\" src=\"https:\/\/i0.wp.com\/terjebjornstad.com\/no\/wp-content\/uploads\/2015\/05\/civic-1.6-dx.png?resize=640%2C361&#038;ssl=1\" alt=\"1996 Honda Civic DX\" width=\"640\" height=\"361\" class=\"size-full wp-image-1039\" srcset=\"https:\/\/i0.wp.com\/terjebjornstad.com\/no\/wp-content\/uploads\/2015\/05\/civic-1.6-dx.png?w=640&amp;ssl=1 640w, https:\/\/i0.wp.com\/terjebjornstad.com\/no\/wp-content\/uploads\/2015\/05\/civic-1.6-dx.png?resize=300%2C169&amp;ssl=1 300w\" sizes=\"auto, (max-width: 640px) 100vw, 640px\" \/><\/a><figcaption id=\"caption-attachment-1039\" class=\"wp-caption-text\">1996 Honda Civic DX<\/figcaption><\/figure>\n<figure id=\"attachment_2897\" aria-describedby=\"caption-attachment-2897\" style=\"width: 660px\" class=\"wp-caption aligncenter\"><a href=\"https:\/\/terjebjornstad.com\/no\/2015\/12\/07\/still-diagnose-selv\/\"><img data-recalc-dims=\"1\" loading=\"lazy\" decoding=\"async\" data-attachment-id=\"2897\" data-permalink=\"https:\/\/terjebjornstad.com\/no\/2015\/12\/07\/still-diagnose-selv\/feilkodeleser-7\/\" data-orig-file=\"https:\/\/i0.wp.com\/terjebjornstad.com\/no\/wp-content\/uploads\/2015\/12\/feilkodeleser-7.png?fit=660%2C440&amp;ssl=1\" data-orig-size=\"660,440\" data-comments-opened=\"1\" data-image-meta=\"{&quot;aperture&quot;:&quot;0&quot;,&quot;credit&quot;:&quot;&quot;,&quot;camera&quot;:&quot;&quot;,&quot;caption&quot;:&quot;&quot;,&quot;created_timestamp&quot;:&quot;0&quot;,&quot;copyright&quot;:&quot;&quot;,&quot;focal_length&quot;:&quot;0&quot;,&quot;iso&quot;:&quot;0&quot;,&quot;shutter_speed&quot;:&quot;0&quot;,&quot;title&quot;:&quot;&quot;,&quot;orientation&quot;:&quot;0&quot;}\" data-image-title=\"feilkodeleser-7\" data-image-description=\"\" data-image-caption=\"&lt;p&gt;Motorstyringslampa skal lyse ved feil p\u00e5 avagassrensingen.&lt;\/p&gt;\n\" data-large-file=\"https:\/\/i0.wp.com\/terjebjornstad.com\/no\/wp-content\/uploads\/2015\/12\/feilkodeleser-7.png?fit=660%2C440&amp;ssl=1\" src=\"https:\/\/i0.wp.com\/terjebjornstad.com\/no\/wp-content\/uploads\/2015\/12\/feilkodeleser-7.png?resize=660%2C440&#038;ssl=1\" alt=\"Motorstyringslampa skal lyse ved feil p\u00e5 avagassrensingen.\" width=\"660\" height=\"440\" class=\"size-full wp-image-2897\" srcset=\"https:\/\/i0.wp.com\/terjebjornstad.com\/no\/wp-content\/uploads\/2015\/12\/feilkodeleser-7.png?w=660&amp;ssl=1 660w, https:\/\/i0.wp.com\/terjebjornstad.com\/no\/wp-content\/uploads\/2015\/12\/feilkodeleser-7.png?resize=300%2C200&amp;ssl=1 300w\" sizes=\"auto, (max-width: 660px) 100vw, 660px\" \/><\/a><figcaption id=\"caption-attachment-2897\" class=\"wp-caption-text\">Motorstyringslampa skal lyse ved feil p\u00e5 avagassrensingen.<\/figcaption><\/figure>\n","protected":false},"excerpt":{"rendered":"<p>Honda Civic innlegg 1996 Honda Civic DX Honda Civic bilder<\/p>\n","protected":false},"author":1,"featured_media":0,"parent":0,"menu_order":0,"comment_status":"closed","ping_status":"closed","template":"","meta":{"_monsterinsights_skip_tracking":false,"_monsterinsights_sitenote_active":false,"_monsterinsights_sitenote_note":"","_monsterinsights_sitenote_category":0,"jetpack_post_was_ever_published":false,"footnotes":""},"class_list":["post-5103","page","type-page","status-publish","hentry"],"yoast_head":"<!-- This site is optimized with the Yoast SEO plugin v27.5 - https:\/\/yoast.com\/product\/yoast-seo-wordpress\/ -->\n<title>Honda Civic - Terjes biler<\/title>\n<meta name=\"robots\" content=\"index, follow, max-snippet:-1, max-image-preview:large, max-video-preview:-1\" \/>\n<link rel=\"canonical\" href=\"https:\/\/terjebjornstad.com\/no\/honda-civic\/\" \/>\n<meta property=\"og:locale\" content=\"nb_NO\" \/>\n<meta property=\"og:type\" content=\"article\" \/>\n<meta property=\"og:title\" content=\"Honda Civic - Terjes biler\" \/>\n<meta property=\"og:description\" content=\"Honda Civic innlegg 1996 Honda Civic DX Honda Civic bilder\" \/>\n<meta property=\"og:url\" content=\"https:\/\/terjebjornstad.com\/no\/honda-civic\/\" \/>\n<meta property=\"og:site_name\" content=\"Terjes biler\" \/>\n<meta property=\"article:publisher\" content=\"https:\/\/www.facebook.com\/terjesbiler\/\" \/>\n<meta property=\"article:modified_time\" content=\"2024-08-28T00:54:51+00:00\" \/>\n<meta property=\"og:image\" content=\"https:\/\/terjebjornstad.com\/no\/wp-content\/uploads\/2015\/05\/civic-1.6-dx.png\" \/>\n<meta name=\"twitter:card\" content=\"summary_large_image\" \/>\n<meta name=\"twitter:label1\" content=\"Ansl. lesetid\" \/>\n\t<meta name=\"twitter:data1\" content=\"1 minutt\" \/>\n<script type=\"application\/ld+json\" class=\"yoast-schema-graph\">{\"@context\":\"https:\\\/\\\/schema.org\",\"@graph\":[{\"@type\":\"WebPage\",\"@id\":\"https:\\\/\\\/terjebjornstad.com\\\/no\\\/honda-civic\\\/\",\"url\":\"https:\\\/\\\/terjebjornstad.com\\\/no\\\/honda-civic\\\/\",\"name\":\"Honda Civic - Terjes biler\",\"isPartOf\":{\"@id\":\"https:\\\/\\\/terjebjornstad.com\\\/no\\\/#website\"},\"primaryImageOfPage\":{\"@id\":\"https:\\\/\\\/terjebjornstad.com\\\/no\\\/honda-civic\\\/#primaryimage\"},\"image\":{\"@id\":\"https:\\\/\\\/terjebjornstad.com\\\/no\\\/honda-civic\\\/#primaryimage\"},\"thumbnailUrl\":\"https:\\\/\\\/terjebjornstad.com\\\/no\\\/wp-content\\\/uploads\\\/2015\\\/05\\\/civic-1.6-dx.png\",\"datePublished\":\"2016-06-20T01:27:14+00:00\",\"dateModified\":\"2024-08-28T00:54:51+00:00\",\"breadcrumb\":{\"@id\":\"https:\\\/\\\/terjebjornstad.com\\\/no\\\/honda-civic\\\/#breadcrumb\"},\"inLanguage\":\"nb-NO\",\"potentialAction\":[{\"@type\":\"ReadAction\",\"target\":[\"https:\\\/\\\/terjebjornstad.com\\\/no\\\/honda-civic\\\/\"]}]},{\"@type\":\"ImageObject\",\"inLanguage\":\"nb-NO\",\"@id\":\"https:\\\/\\\/terjebjornstad.com\\\/no\\\/honda-civic\\\/#primaryimage\",\"url\":\"https:\\\/\\\/i0.wp.com\\\/terjebjornstad.com\\\/no\\\/wp-content\\\/uploads\\\/2015\\\/05\\\/civic-1.6-dx.png?fit=640%2C361&ssl=1\",\"contentUrl\":\"https:\\\/\\\/i0.wp.com\\\/terjebjornstad.com\\\/no\\\/wp-content\\\/uploads\\\/2015\\\/05\\\/civic-1.6-dx.png?fit=640%2C361&ssl=1\",\"width\":640,\"height\":361,\"caption\":\"1996 Honda Civic DX\"},{\"@type\":\"BreadcrumbList\",\"@id\":\"https:\\\/\\\/terjebjornstad.com\\\/no\\\/honda-civic\\\/#breadcrumb\",\"itemListElement\":[{\"@type\":\"ListItem\",\"position\":1,\"name\":\"Hjem\",\"item\":\"https:\\\/\\\/terjebjornstad.com\\\/no\\\/\"},{\"@type\":\"ListItem\",\"position\":2,\"name\":\"Honda Civic\"}]},{\"@type\":\"WebSite\",\"@id\":\"https:\\\/\\\/terjebjornstad.com\\\/no\\\/#website\",\"url\":\"https:\\\/\\\/terjebjornstad.com\\\/no\\\/\",\"name\":\"Terjes biler\",\"description\":\"HONEST ABOUT CARS\",\"publisher\":{\"@id\":\"https:\\\/\\\/terjebjornstad.com\\\/no\\\/#organization\"},\"alternateName\":\"Terjebjornstad.com\",\"potentialAction\":[{\"@type\":\"SearchAction\",\"target\":{\"@type\":\"EntryPoint\",\"urlTemplate\":\"https:\\\/\\\/terjebjornstad.com\\\/no\\\/?s={search_term_string}\"},\"query-input\":{\"@type\":\"PropertyValueSpecification\",\"valueRequired\":true,\"valueName\":\"search_term_string\"}}],\"inLanguage\":\"nb-NO\"},{\"@type\":\"Organization\",\"@id\":\"https:\\\/\\\/terjebjornstad.com\\\/no\\\/#organization\",\"name\":\"Terje Bj\u00f8rnstad ENK\",\"url\":\"https:\\\/\\\/terjebjornstad.com\\\/no\\\/\",\"logo\":{\"@type\":\"ImageObject\",\"inLanguage\":\"nb-NO\",\"@id\":\"https:\\\/\\\/terjebjornstad.com\\\/no\\\/#\\\/schema\\\/logo\\\/image\\\/\",\"url\":\"https:\\\/\\\/i0.wp.com\\\/terjebjornstad.com\\\/no\\\/wp-content\\\/uploads\\\/2026\\\/02\\\/terjesbiler2024-960x354-1.png?fit=960%2C354&ssl=1\",\"contentUrl\":\"https:\\\/\\\/i0.wp.com\\\/terjebjornstad.com\\\/no\\\/wp-content\\\/uploads\\\/2026\\\/02\\\/terjesbiler2024-960x354-1.png?fit=960%2C354&ssl=1\",\"width\":960,\"height\":354,\"caption\":\"Terje Bj\u00f8rnstad ENK\"},\"image\":{\"@id\":\"https:\\\/\\\/terjebjornstad.com\\\/no\\\/#\\\/schema\\\/logo\\\/image\\\/\"},\"sameAs\":[\"https:\\\/\\\/www.facebook.com\\\/terjesbiler\\\/\",\"https:\\\/\\\/www.instagram.com\\\/terjesbiler\\\/\",\"https:\\\/\\\/www.pinteres.com\\\/terjebjrnstad\\\/terjes-biler\\\/\"]}]}<\/script>\n<!-- \/ Yoast SEO plugin. -->","yoast_head_json":{"title":"Honda Civic - Terjes biler","robots":{"index":"index","follow":"follow","max-snippet":"max-snippet:-1","max-image-preview":"max-image-preview:large","max-video-preview":"max-video-preview:-1"},"canonical":"https:\/\/terjebjornstad.com\/no\/honda-civic\/","og_locale":"nb_NO","og_type":"article","og_title":"Honda Civic - Terjes biler","og_description":"Honda Civic innlegg 1996 Honda Civic DX Honda Civic bilder","og_url":"https:\/\/terjebjornstad.com\/no\/honda-civic\/","og_site_name":"Terjes biler","article_publisher":"https:\/\/www.facebook.com\/terjesbiler\/","article_modified_time":"2024-08-28T00:54:51+00:00","og_image":[{"url":"https:\/\/terjebjornstad.com\/no\/wp-content\/uploads\/2015\/05\/civic-1.6-dx.png","type":"","width":"","height":""}],"twitter_card":"summary_large_image","twitter_misc":{"Ansl. lesetid":"1 minutt"},"schema":{"@context":"https:\/\/schema.org","@graph":[{"@type":"WebPage","@id":"https:\/\/terjebjornstad.com\/no\/honda-civic\/","url":"https:\/\/terjebjornstad.com\/no\/honda-civic\/","name":"Honda Civic - Terjes biler","isPartOf":{"@id":"https:\/\/terjebjornstad.com\/no\/#website"},"primaryImageOfPage":{"@id":"https:\/\/terjebjornstad.com\/no\/honda-civic\/#primaryimage"},"image":{"@id":"https:\/\/terjebjornstad.com\/no\/honda-civic\/#primaryimage"},"thumbnailUrl":"https:\/\/terjebjornstad.com\/no\/wp-content\/uploads\/2015\/05\/civic-1.6-dx.png","datePublished":"2016-06-20T01:27:14+00:00","dateModified":"2024-08-28T00:54:51+00:00","breadcrumb":{"@id":"https:\/\/terjebjornstad.com\/no\/honda-civic\/#breadcrumb"},"inLanguage":"nb-NO","potentialAction":[{"@type":"ReadAction","target":["https:\/\/terjebjornstad.com\/no\/honda-civic\/"]}]},{"@type":"ImageObject","inLanguage":"nb-NO","@id":"https:\/\/terjebjornstad.com\/no\/honda-civic\/#primaryimage","url":"https:\/\/i0.wp.com\/terjebjornstad.com\/no\/wp-content\/uploads\/2015\/05\/civic-1.6-dx.png?fit=640%2C361&ssl=1","contentUrl":"https:\/\/i0.wp.com\/terjebjornstad.com\/no\/wp-content\/uploads\/2015\/05\/civic-1.6-dx.png?fit=640%2C361&ssl=1","width":640,"height":361,"caption":"1996 Honda Civic DX"},{"@type":"BreadcrumbList","@id":"https:\/\/terjebjornstad.com\/no\/honda-civic\/#breadcrumb","itemListElement":[{"@type":"ListItem","position":1,"name":"Hjem","item":"https:\/\/terjebjornstad.com\/no\/"},{"@type":"ListItem","position":2,"name":"Honda Civic"}]},{"@type":"WebSite","@id":"https:\/\/terjebjornstad.com\/no\/#website","url":"https:\/\/terjebjornstad.com\/no\/","name":"Terjes biler","description":"HONEST ABOUT CARS","publisher":{"@id":"https:\/\/terjebjornstad.com\/no\/#organization"},"alternateName":"Terjebjornstad.com","potentialAction":[{"@type":"SearchAction","target":{"@type":"EntryPoint","urlTemplate":"https:\/\/terjebjornstad.com\/no\/?s={search_term_string}"},"query-input":{"@type":"PropertyValueSpecification","valueRequired":true,"valueName":"search_term_string"}}],"inLanguage":"nb-NO"},{"@type":"Organization","@id":"https:\/\/terjebjornstad.com\/no\/#organization","name":"Terje Bj\u00f8rnstad ENK","url":"https:\/\/terjebjornstad.com\/no\/","logo":{"@type":"ImageObject","inLanguage":"nb-NO","@id":"https:\/\/terjebjornstad.com\/no\/#\/schema\/logo\/image\/","url":"https:\/\/i0.wp.com\/terjebjornstad.com\/no\/wp-content\/uploads\/2026\/02\/terjesbiler2024-960x354-1.png?fit=960%2C354&ssl=1","contentUrl":"https:\/\/i0.wp.com\/terjebjornstad.com\/no\/wp-content\/uploads\/2026\/02\/terjesbiler2024-960x354-1.png?fit=960%2C354&ssl=1","width":960,"height":354,"caption":"Terje Bj\u00f8rnstad ENK"},"image":{"@id":"https:\/\/terjebjornstad.com\/no\/#\/schema\/logo\/image\/"},"sameAs":["https:\/\/www.facebook.com\/terjesbiler\/","https:\/\/www.instagram.com\/terjesbiler\/","https:\/\/www.pinteres.com\/terjebjrnstad\/terjes-biler\/"]}]}},"jetpack_sharing_enabled":true,"jetpack_shortlink":"https:\/\/wp.me\/P48zYA-1kj","jetpack-related-posts":[{"id":7734,"url":"https:\/\/terjebjornstad.com\/no\/honda-civic-6-1996-2000\/","url_meta":{"origin":5103,"position":0},"title":"Du blir automatisk omdirigert til:","author":"Terje Bj\u00f8rnstad","date":"11\/10\/2016","format":false,"excerpt":"Du blir automatisk omdirigert til:","rel":"","context":"Liknende innlegg","block_context":{"text":"Liknende innlegg","link":""},"img":{"alt_text":"","src":"https:\/\/i0.wp.com\/terjebjornstad.com\/no\/wp-content\/uploads\/2016\/10\/u30-civic-avers-300x200.png?resize=350%2C200&ssl=1","width":350,"height":200},"classes":[]},{"id":7745,"url":"https:\/\/terjebjornstad.com\/no\/honda\/","url_meta":{"origin":5103,"position":1},"title":"Selskapet Honda ble grunnlagt av\u2026","author":"Terje Bj\u00f8rnstad","date":"11\/10\/2016","format":false,"excerpt":"Selskapet Honda ble grunnlagt av Soichiro Honda i 1937 med lavskala produksjon av motordeler, motoriserte tr\u00e5sykler og egne motorsykler fra 1949. Ti \u00e5r senere var de verdens st\u00f8rste produsent av motorsykler. Bilproduksjonen startet i 1963 med \"Kei cars\" T360 og N360. Denne fikk etter hvert en 600 kubikker og N600\u2026","rel":"","context":"Liknende innlegg","block_context":{"text":"Liknende innlegg","link":""},"img":{"alt_text":"","src":"https:\/\/i0.wp.com\/terjebjornstad.com\/no\/wp-content\/uploads\/2023\/03\/honda-logo-300x200-1.jpg?resize=350%2C200&ssl=1","width":350,"height":200},"classes":[]},{"id":7739,"url":"https:\/\/terjebjornstad.com\/no\/honda-crx-1992-95\/","url_meta":{"origin":5103,"position":2},"title":"Honda CRX Del Sol","author":"Terje Bj\u00f8rnstad","date":"11\/10\/2016","format":false,"excerpt":"Ungdommelig preg Hvis du liker klassisk Honda Civic, vil du like CRX. CRX er basert p\u00e5 Civic, men er et hakk morsommere. Den ser ut som den laget for et amerikansk publikum. Et publikum som ikke trenger \u00e5 frakte barn, jobbe i dress eller v\u00e6re seri\u00f8se. Kun kj\u00f8re rundt og\u2026","rel":"","context":"Liknende innlegg","block_context":{"text":"Liknende innlegg","link":""},"img":{"alt_text":"","src":"https:\/\/i0.wp.com\/terjebjornstad.com\/no\/wp-content\/uploads\/2016\/10\/1995-honda-crx-12.png?fit=686%2C457&ssl=1&resize=350%2C200","width":350,"height":200,"srcset":"https:\/\/i0.wp.com\/terjebjornstad.com\/no\/wp-content\/uploads\/2016\/10\/1995-honda-crx-12.png?fit=686%2C457&ssl=1&resize=350%2C200 1x, https:\/\/i0.wp.com\/terjebjornstad.com\/no\/wp-content\/uploads\/2016\/10\/1995-honda-crx-12.png?fit=686%2C457&ssl=1&resize=525%2C300 1.5x"},"classes":[]},{"id":7741,"url":"https:\/\/terjebjornstad.com\/no\/honda-prelude-2-1983-87\/","url_meta":{"origin":5103,"position":3},"title":"Honda Prelude 2","author":"Terje Bj\u00f8rnstad","date":"11\/10\/2016","format":false,"excerpt":"\u00a0 Modellhistorikk Honda Prelude mk2 ble produsert mellom 1983 og 1987. Det er en 2-d\u00f8rs 2+2 seter sportslig bil. Den ble levert med to motorvalg, 1,8 liter p\u00e5 105 HK - og fra 1985 en 2-liter 16-ventiler som yter 150 HK. Prelude veier omtrent det samme som Civic 6 og\u2026","rel":"","context":"Liknende innlegg","block_context":{"text":"Liknende innlegg","link":""},"img":{"alt_text":"","src":"https:\/\/i0.wp.com\/terjebjornstad.com\/no\/wp-content\/uploads\/2016\/10\/1986-honda-prelude-1.png?fit=686%2C457&ssl=1&resize=350%2C200","width":350,"height":200,"srcset":"https:\/\/i0.wp.com\/terjebjornstad.com\/no\/wp-content\/uploads\/2016\/10\/1986-honda-prelude-1.png?fit=686%2C457&ssl=1&resize=350%2C200 1x, https:\/\/i0.wp.com\/terjebjornstad.com\/no\/wp-content\/uploads\/2016\/10\/1986-honda-prelude-1.png?fit=686%2C457&ssl=1&resize=525%2C300 1.5x"},"classes":[]},{"id":9046,"url":"https:\/\/terjebjornstad.com\/no\/under-30-000\/","url_meta":{"origin":5103,"position":4},"title":"Under 30 000","author":"Terje Bj\u00f8rnstad","date":"16\/01\/2017","format":false,"excerpt":"Hvorfor kj\u00f8pe kjedelige biler under 30 000 n\u00e5r du kan f\u00e5 en av disse?","rel":"","context":"Liknende innlegg","block_context":{"text":"Liknende innlegg","link":""},"img":{"alt_text":"under300001","src":"https:\/\/i0.wp.com\/terjebjornstad.com\/no\/wp-content\/uploads\/2017\/01\/under30000.png?resize=350%2C200&ssl=1","width":350,"height":200},"classes":[]},{"id":67220,"url":"https:\/\/terjebjornstad.com\/no\/honda-prelude-5\/","url_meta":{"origin":5103,"position":5},"title":"Honda Prelude 5","author":"Terje Bj\u00f8rnstad","date":"20\/11\/2023","format":false,"excerpt":"Kan v\u00e6re den siste modellen som representerer de gode egenskapene som har formet Hondas identitet. Den siste Prelude Honda Prelude var 2-d\u00f8rs coup\u00e9-modeller med et sportslig snitt samtidig som de var allsidige nok til \u00e5 fungere som daglige transportmidler. Modellene appellerte til personer som var mer interessert i biler og\u2026","rel":"","context":"Liknende innlegg","block_context":{"text":"Liknende innlegg","link":""},"img":{"alt_text":"","src":"https:\/\/i0.wp.com\/terjebjornstad.com\/no\/wp-content\/uploads\/2023\/11\/mk5-honda-prelude-1920x1280-1.jpg?resize=350%2C200&ssl=1","width":350,"height":200,"srcset":"https:\/\/i0.wp.com\/terjebjornstad.com\/no\/wp-content\/uploads\/2023\/11\/mk5-honda-prelude-1920x1280-1.jpg?resize=350%2C200&ssl=1 1x, https:\/\/i0.wp.com\/terjebjornstad.com\/no\/wp-content\/uploads\/2023\/11\/mk5-honda-prelude-1920x1280-1.jpg?resize=525%2C300&ssl=1 1.5x, https:\/\/i0.wp.com\/terjebjornstad.com\/no\/wp-content\/uploads\/2023\/11\/mk5-honda-prelude-1920x1280-1.jpg?resize=700%2C400&ssl=1 2x, https:\/\/i0.wp.com\/terjebjornstad.com\/no\/wp-content\/uploads\/2023\/11\/mk5-honda-prelude-1920x1280-1.jpg?resize=1050%2C600&ssl=1 3x, https:\/\/i0.wp.com\/terjebjornstad.com\/no\/wp-content\/uploads\/2023\/11\/mk5-honda-prelude-1920x1280-1.jpg?resize=1400%2C800&ssl=1 4x"},"classes":[]}],"_links":{"self":[{"href":"https:\/\/terjebjornstad.com\/no\/wp-json\/wp\/v2\/pages\/5103","targetHints":{"allow":["GET"]}}],"collection":[{"href":"https:\/\/terjebjornstad.com\/no\/wp-json\/wp\/v2\/pages"}],"about":[{"href":"https:\/\/terjebjornstad.com\/no\/wp-json\/wp\/v2\/types\/page"}],"author":[{"embeddable":true,"href":"https:\/\/terjebjornstad.com\/no\/wp-json\/wp\/v2\/users\/1"}],"replies":[{"embeddable":true,"href":"https:\/\/terjebjornstad.com\/no\/wp-json\/wp\/v2\/comments?post=5103"}],"version-history":[{"count":1,"href":"https:\/\/terjebjornstad.com\/no\/wp-json\/wp\/v2\/pages\/5103\/revisions"}],"predecessor-version":[{"id":74675,"href":"https:\/\/terjebjornstad.com\/no\/wp-json\/wp\/v2\/pages\/5103\/revisions\/74675"}],"wp:attachment":[{"href":"https:\/\/terjebjornstad.com\/no\/wp-json\/wp\/v2\/media?parent=5103"}],"curies":[{"name":"wp","href":"https:\/\/api.w.org\/{rel}","templated":true}]}}