{"id":40815,"date":"2021-06-01T01:31:26","date_gmt":"2021-06-01T00:31:26","guid":{"rendered":"https:\/\/terjebjornstad.com\/no\/?page_id=40815"},"modified":"2026-02-10T20:06:31","modified_gmt":"2026-02-10T19:06:31","slug":"mercedes-benz-r129","status":"publish","type":"page","link":"https:\/\/terjebjornstad.com\/no\/mercedes-benz-r129\/","title":{"rendered":"Mercedes-Benz R129"},"content":{"rendered":"<div class=\"copy_teb\"><figure id=\"attachment_40817\" aria-describedby=\"caption-attachment-40817\" style=\"width: 1080px\" class=\"wp-caption aligncenter\"><a href=\"https:\/\/i0.wp.com\/terjebjornstad.com\/no\/wp-content\/uploads\/2021\/06\/mercedes-benz-r129-500sl-1080x720-1.png?ssl=1\"><img data-recalc-dims=\"1\" loading=\"lazy\" decoding=\"async\" data-attachment-id=\"40817\" data-permalink=\"https:\/\/terjebjornstad.com\/no\/mercedes-benz-r129\/mercedes-benz-r129-500sl-1080x720\/\" data-orig-file=\"https:\/\/i0.wp.com\/terjebjornstad.com\/no\/wp-content\/uploads\/2021\/06\/mercedes-benz-r129-500sl-1080x720-1.png?fit=1080%2C720&amp;ssl=1\" data-orig-size=\"1080,720\" data-comments-opened=\"1\" data-image-meta=\"{&quot;aperture&quot;:&quot;0&quot;,&quot;credit&quot;:&quot;&quot;,&quot;camera&quot;:&quot;&quot;,&quot;caption&quot;:&quot;&quot;,&quot;created_timestamp&quot;:&quot;0&quot;,&quot;copyright&quot;:&quot;&quot;,&quot;focal_length&quot;:&quot;0&quot;,&quot;iso&quot;:&quot;0&quot;,&quot;shutter_speed&quot;:&quot;0&quot;,&quot;title&quot;:&quot;&quot;,&quot;orientation&quot;:&quot;0&quot;}\" data-image-title=\"mercedes-benz-r129-500sl-1080&amp;#215;720\" data-image-description=\"\" data-image-caption=\"&lt;p&gt;Mercedes-Benz SL R129&lt;\/p&gt;\n\" data-large-file=\"https:\/\/i0.wp.com\/terjebjornstad.com\/no\/wp-content\/uploads\/2021\/06\/mercedes-benz-r129-500sl-1080x720-1.png?fit=980%2C653&amp;ssl=1\" src=\"https:\/\/i0.wp.com\/terjebjornstad.com\/no\/wp-content\/uploads\/2021\/06\/mercedes-benz-r129-500sl-1080x720-1.png?resize=980%2C653&#038;ssl=1\" alt=\"r129\" width=\"980\" height=\"653\" class=\"size-full wp-image-40817\" srcset=\"https:\/\/i0.wp.com\/terjebjornstad.com\/no\/wp-content\/uploads\/2021\/06\/mercedes-benz-r129-500sl-1080x720-1.png?w=1080&amp;ssl=1 1080w, https:\/\/i0.wp.com\/terjebjornstad.com\/no\/wp-content\/uploads\/2021\/06\/mercedes-benz-r129-500sl-1080x720-1.png?resize=300%2C200&amp;ssl=1 300w, https:\/\/i0.wp.com\/terjebjornstad.com\/no\/wp-content\/uploads\/2021\/06\/mercedes-benz-r129-500sl-1080x720-1.png?resize=768%2C512&amp;ssl=1 768w, https:\/\/i0.wp.com\/terjebjornstad.com\/no\/wp-content\/uploads\/2021\/06\/mercedes-benz-r129-500sl-1080x720-1.png?resize=690%2C460&amp;ssl=1 690w, https:\/\/i0.wp.com\/terjebjornstad.com\/no\/wp-content\/uploads\/2021\/06\/mercedes-benz-r129-500sl-1080x720-1.png?resize=980%2C653&amp;ssl=1 980w\" sizes=\"auto, (max-width: 980px) 100vw, 980px\" \/><\/a><figcaption id=\"caption-attachment-40817\" class=\"wp-caption-text\">Mercedes-Benz 500SL<\/figcaption><\/figure><\/p>\n<p>&nbsp;<\/p>\n<h3 class=\"tebh2\">R129 modellhistorikk<\/h3>\n<p>R129-modellen ble produsert fra 1989 til og med 2001 som den fjerde modellen i SL-serien. I l\u00f8pet av denne tiden ble det foretatt 2 facelifts, &#8211; \u00e9n for 1994-modellen og \u00e9n for 1999-modellen. Utvendig ble det bare gjort ganske sm\u00e5 forandringer. 1994-modellen skiller seg fra foreg\u00e5ende \u00e5r ved at det er to luftehull p\u00e5 forskjermen i stedet for tre. Dessuten ble modellbetegnelsen endret fra for eksempel &laquo;300SL&raquo; til &laquo;SL300&raquo;. Fra 1999-modellen ble d\u00f8rh\u00e5ndtakene lakkert og baklyktene litt forandret. Under panseret ble det gjort st\u00f8rre endringer. Initielt kom modellen enten som 300SL (rekkesekser) eller 500SL V8. Fra 1994 kunne to nye V6-motorer tilbys &#8211; SL280 og SL320. Fra 1999 kunne R129 f\u00e5s med SL600 V12. <\/p>\n<h3 class=\"tebh2\">Mercedes-Benz p\u00e5 90-tallet<\/h3>\n<p>R129 var basert p\u00e5 en forkortet versjon av E-klassens (W124) plattform. Den delte drivverk med datidens S-klasse (W140) som i ettertid vil v\u00e6re modellen som prinsesse Diana ble drept i. Den folkekj\u00e6re prinsessen eide for \u00f8vrig flere Mercedes-Benz, deriblant en r\u00f8d R129 i samme farge som er avbildet her. 90-tallet vil neppe bli husket som noe godt ti\u00e5r for Mercedes-Benz &#8211; et ti\u00e5r som endte med rustproblemer for nesten alle modeller. P\u00e5 forumsider for R129-eiere kommer det frem at R129 ikke har v\u00e6rt spesielt hardt rammet av rustproblemene.<\/p>\n<hr \/>\n<h3 class=\"tebh2ingreslbcenter\">R129 Series 1<\/h3>\n<p><figure id=\"attachment_67414\" aria-describedby=\"caption-attachment-67414\" style=\"width: 1080px\" class=\"wp-caption aligncenter\"><a href=\"https:\/\/i0.wp.com\/terjebjornstad.com\/no\/wp-content\/uploads\/2023\/11\/mercedes-benz-r129-1080x720-1.jpg?ssl=1\"><img data-recalc-dims=\"1\" loading=\"lazy\" decoding=\"async\" data-attachment-id=\"67414\" data-permalink=\"https:\/\/terjebjornstad.com\/no\/mercedes-benz-r129-1080x720\/\" data-orig-file=\"https:\/\/i0.wp.com\/terjebjornstad.com\/no\/wp-content\/uploads\/2023\/11\/mercedes-benz-r129-1080x720-1.jpg?fit=1080%2C720&amp;ssl=1\" data-orig-size=\"1080,720\" data-comments-opened=\"1\" data-image-meta=\"{&quot;aperture&quot;:&quot;0&quot;,&quot;credit&quot;:&quot;&quot;,&quot;camera&quot;:&quot;&quot;,&quot;caption&quot;:&quot;&quot;,&quot;created_timestamp&quot;:&quot;0&quot;,&quot;copyright&quot;:&quot;&quot;,&quot;focal_length&quot;:&quot;0&quot;,&quot;iso&quot;:&quot;0&quot;,&quot;shutter_speed&quot;:&quot;0&quot;,&quot;title&quot;:&quot;&quot;,&quot;orientation&quot;:&quot;0&quot;}\" data-image-title=\"mercedes-benz-r129-1080&amp;#215;720\" data-image-description=\"\" data-image-caption=\"&lt;p&gt;Mercedes-Benz SL R129 Serie 1.&lt;\/p&gt;\n\" data-large-file=\"https:\/\/i0.wp.com\/terjebjornstad.com\/no\/wp-content\/uploads\/2023\/11\/mercedes-benz-r129-1080x720-1.jpg?fit=980%2C653&amp;ssl=1\" src=\"https:\/\/i0.wp.com\/terjebjornstad.com\/no\/wp-content\/uploads\/2023\/11\/mercedes-benz-r129-1080x720-1.jpg?resize=980%2C653&#038;ssl=1\" alt=\"\" width=\"980\" height=\"653\" class=\"size-full wp-image-67414\" srcset=\"https:\/\/i0.wp.com\/terjebjornstad.com\/no\/wp-content\/uploads\/2023\/11\/mercedes-benz-r129-1080x720-1.jpg?w=1080&amp;ssl=1 1080w, https:\/\/i0.wp.com\/terjebjornstad.com\/no\/wp-content\/uploads\/2023\/11\/mercedes-benz-r129-1080x720-1.jpg?resize=300%2C200&amp;ssl=1 300w, https:\/\/i0.wp.com\/terjebjornstad.com\/no\/wp-content\/uploads\/2023\/11\/mercedes-benz-r129-1080x720-1.jpg?resize=768%2C512&amp;ssl=1 768w, https:\/\/i0.wp.com\/terjebjornstad.com\/no\/wp-content\/uploads\/2023\/11\/mercedes-benz-r129-1080x720-1.jpg?resize=690%2C460&amp;ssl=1 690w, https:\/\/i0.wp.com\/terjebjornstad.com\/no\/wp-content\/uploads\/2023\/11\/mercedes-benz-r129-1080x720-1.jpg?resize=980%2C653&amp;ssl=1 980w\" sizes=\"auto, (max-width: 980px) 100vw, 980px\" \/><\/a><figcaption id=\"caption-attachment-67414\" class=\"wp-caption-text\">Mercedes-Benz SL R129 Serie 1.<\/figcaption><\/figure><br \/>\n&nbsp;<br \/>\n<figure id=\"attachment_57181\" aria-describedby=\"caption-attachment-57181\" style=\"width: 1920px\" class=\"wp-caption aligncenter\"><a href=\"https:\/\/i0.wp.com\/terjebjornstad.com\/no\/wp-content\/uploads\/2023\/02\/mercedes-benz-r129-sl-0053-1920x1280-1.jpg?ssl=1\"><img data-recalc-dims=\"1\" loading=\"lazy\" decoding=\"async\" data-attachment-id=\"57181\" data-permalink=\"https:\/\/terjebjornstad.com\/no\/detomaso-pantera\/mercedes-benz-r129-sl-0053-1920x1280\/\" data-orig-file=\"https:\/\/i0.wp.com\/terjebjornstad.com\/no\/wp-content\/uploads\/2023\/02\/mercedes-benz-r129-sl-0053-1920x1280-1.jpg?fit=1920%2C1280&amp;ssl=1\" data-orig-size=\"1920,1280\" data-comments-opened=\"1\" data-image-meta=\"{&quot;aperture&quot;:&quot;4&quot;,&quot;credit&quot;:&quot;&quot;,&quot;camera&quot;:&quot;DSC-RX100M3&quot;,&quot;caption&quot;:&quot;&quot;,&quot;created_timestamp&quot;:&quot;1540045647&quot;,&quot;copyright&quot;:&quot;&quot;,&quot;focal_length&quot;:&quot;8.8&quot;,&quot;iso&quot;:&quot;125&quot;,&quot;shutter_speed&quot;:&quot;0.004&quot;,&quot;title&quot;:&quot;&quot;,&quot;orientation&quot;:&quot;1&quot;}\" data-image-title=\"mercedes-benz-r129-sl-0053-1920&amp;#215;1280\" data-image-description=\"\" data-image-caption=\"&lt;p&gt;Mercedes-Benz R129&lt;\/p&gt;\n\" data-large-file=\"https:\/\/i0.wp.com\/terjebjornstad.com\/no\/wp-content\/uploads\/2023\/02\/mercedes-benz-r129-sl-0053-1920x1280-1.jpg?fit=980%2C653&amp;ssl=1\" src=\"https:\/\/i0.wp.com\/terjebjornstad.com\/no\/wp-content\/uploads\/2023\/02\/mercedes-benz-r129-sl-0053-1920x1280-1.jpg?resize=980%2C653&#038;ssl=1\" alt=\"\" width=\"980\" height=\"653\" class=\"size-full wp-image-57181\" srcset=\"https:\/\/i0.wp.com\/terjebjornstad.com\/no\/wp-content\/uploads\/2023\/02\/mercedes-benz-r129-sl-0053-1920x1280-1.jpg?w=1920&amp;ssl=1 1920w, https:\/\/i0.wp.com\/terjebjornstad.com\/no\/wp-content\/uploads\/2023\/02\/mercedes-benz-r129-sl-0053-1920x1280-1.jpg?resize=300%2C200&amp;ssl=1 300w, https:\/\/i0.wp.com\/terjebjornstad.com\/no\/wp-content\/uploads\/2023\/02\/mercedes-benz-r129-sl-0053-1920x1280-1.jpg?resize=1080%2C720&amp;ssl=1 1080w, https:\/\/i0.wp.com\/terjebjornstad.com\/no\/wp-content\/uploads\/2023\/02\/mercedes-benz-r129-sl-0053-1920x1280-1.jpg?resize=768%2C512&amp;ssl=1 768w, https:\/\/i0.wp.com\/terjebjornstad.com\/no\/wp-content\/uploads\/2023\/02\/mercedes-benz-r129-sl-0053-1920x1280-1.jpg?resize=1536%2C1024&amp;ssl=1 1536w, https:\/\/i0.wp.com\/terjebjornstad.com\/no\/wp-content\/uploads\/2023\/02\/mercedes-benz-r129-sl-0053-1920x1280-1.jpg?resize=690%2C460&amp;ssl=1 690w, https:\/\/i0.wp.com\/terjebjornstad.com\/no\/wp-content\/uploads\/2023\/02\/mercedes-benz-r129-sl-0053-1920x1280-1.jpg?resize=980%2C653&amp;ssl=1 980w\" sizes=\"auto, (max-width: 980px) 100vw, 980px\" \/><\/a><figcaption id=\"caption-attachment-57181\" class=\"wp-caption-text\">Mercedes-Benz R129<\/figcaption><\/figure><br \/>\n&nbsp;<br \/>\n<figure id=\"attachment_79862\" aria-describedby=\"caption-attachment-79862\" style=\"width: 1920px\" class=\"wp-caption aligncenter\"><a href=\"https:\/\/i0.wp.com\/terjebjornstad.com\/no\/wp-content\/uploads\/2025\/04\/mercedes-benz-r129-phase1-1920x1280-1.jpg?ssl=1\"><img data-recalc-dims=\"1\" loading=\"lazy\" decoding=\"async\" data-attachment-id=\"79862\" data-permalink=\"https:\/\/terjebjornstad.com\/no\/mercedes-benz-r129\/mercedes-benz-r129-phase1-1920x1280\/\" data-orig-file=\"https:\/\/i0.wp.com\/terjebjornstad.com\/no\/wp-content\/uploads\/2025\/04\/mercedes-benz-r129-phase1-1920x1280-1.jpg?fit=1920%2C1280&amp;ssl=1\" data-orig-size=\"1920,1280\" data-comments-opened=\"1\" data-image-meta=\"{&quot;aperture&quot;:&quot;0&quot;,&quot;credit&quot;:&quot;&quot;,&quot;camera&quot;:&quot;&quot;,&quot;caption&quot;:&quot;&quot;,&quot;created_timestamp&quot;:&quot;0&quot;,&quot;copyright&quot;:&quot;&quot;,&quot;focal_length&quot;:&quot;0&quot;,&quot;iso&quot;:&quot;0&quot;,&quot;shutter_speed&quot;:&quot;0&quot;,&quot;title&quot;:&quot;&quot;,&quot;orientation&quot;:&quot;0&quot;}\" data-image-title=\"mercedes-benz-r129-phase1-1920&amp;#215;1280\" data-image-description=\"\" data-image-caption=\"&lt;p&gt;Mercedes-Benz R129 Phase 1 med AMG-felger.&lt;\/p&gt;\n\" data-large-file=\"https:\/\/i0.wp.com\/terjebjornstad.com\/no\/wp-content\/uploads\/2025\/04\/mercedes-benz-r129-phase1-1920x1280-1.jpg?fit=980%2C653&amp;ssl=1\" src=\"https:\/\/i0.wp.com\/terjebjornstad.com\/no\/wp-content\/uploads\/2025\/04\/mercedes-benz-r129-phase1-1920x1280-1.jpg?resize=980%2C653&#038;ssl=1\" alt=\"\" width=\"980\" height=\"653\" class=\"size-full wp-image-79862\" srcset=\"https:\/\/i0.wp.com\/terjebjornstad.com\/no\/wp-content\/uploads\/2025\/04\/mercedes-benz-r129-phase1-1920x1280-1.jpg?w=1920&amp;ssl=1 1920w, https:\/\/i0.wp.com\/terjebjornstad.com\/no\/wp-content\/uploads\/2025\/04\/mercedes-benz-r129-phase1-1920x1280-1.jpg?resize=300%2C200&amp;ssl=1 300w, https:\/\/i0.wp.com\/terjebjornstad.com\/no\/wp-content\/uploads\/2025\/04\/mercedes-benz-r129-phase1-1920x1280-1.jpg?resize=1080%2C720&amp;ssl=1 1080w, https:\/\/i0.wp.com\/terjebjornstad.com\/no\/wp-content\/uploads\/2025\/04\/mercedes-benz-r129-phase1-1920x1280-1.jpg?resize=768%2C512&amp;ssl=1 768w, https:\/\/i0.wp.com\/terjebjornstad.com\/no\/wp-content\/uploads\/2025\/04\/mercedes-benz-r129-phase1-1920x1280-1.jpg?resize=1536%2C1024&amp;ssl=1 1536w, https:\/\/i0.wp.com\/terjebjornstad.com\/no\/wp-content\/uploads\/2025\/04\/mercedes-benz-r129-phase1-1920x1280-1.jpg?resize=690%2C460&amp;ssl=1 690w, https:\/\/i0.wp.com\/terjebjornstad.com\/no\/wp-content\/uploads\/2025\/04\/mercedes-benz-r129-phase1-1920x1280-1.jpg?resize=980%2C653&amp;ssl=1 980w\" sizes=\"auto, (max-width: 980px) 100vw, 980px\" \/><\/a><figcaption id=\"caption-attachment-79862\" class=\"wp-caption-text\">Mercedes-Benz R129 Phase 1 med AMG-felger.<\/figcaption><\/figure><\/p>\n<p><figure id=\"attachment_40816\" aria-describedby=\"caption-attachment-40816\" style=\"width: 1080px\" class=\"wp-caption aligncenter\"><a href=\"https:\/\/i0.wp.com\/terjebjornstad.com\/no\/wp-content\/uploads\/2021\/06\/1992-mercedes-benz-300sl-1080x720-1.png?ssl=1\"><img data-recalc-dims=\"1\" loading=\"lazy\" decoding=\"async\" data-attachment-id=\"40816\" data-permalink=\"https:\/\/terjebjornstad.com\/no\/mercedes-benz-r129\/1992-mercedes-benz-300sl-1080x720\/\" data-orig-file=\"https:\/\/i0.wp.com\/terjebjornstad.com\/no\/wp-content\/uploads\/2021\/06\/1992-mercedes-benz-300sl-1080x720-1.png?fit=1080%2C720&amp;ssl=1\" data-orig-size=\"1080,720\" data-comments-opened=\"1\" data-image-meta=\"{&quot;aperture&quot;:&quot;0&quot;,&quot;credit&quot;:&quot;&quot;,&quot;camera&quot;:&quot;&quot;,&quot;caption&quot;:&quot;&quot;,&quot;created_timestamp&quot;:&quot;0&quot;,&quot;copyright&quot;:&quot;&quot;,&quot;focal_length&quot;:&quot;0&quot;,&quot;iso&quot;:&quot;0&quot;,&quot;shutter_speed&quot;:&quot;0&quot;,&quot;title&quot;:&quot;&quot;,&quot;orientation&quot;:&quot;0&quot;}\" data-image-title=\"1992-mercedes-benz-300sl-1080&amp;#215;720\" data-image-description=\"\" data-image-caption=\"&lt;p&gt;Mercedes-Benz 300SL serie I&lt;\/p&gt;\n\" data-large-file=\"https:\/\/i0.wp.com\/terjebjornstad.com\/no\/wp-content\/uploads\/2021\/06\/1992-mercedes-benz-300sl-1080x720-1.png?fit=980%2C653&amp;ssl=1\" src=\"https:\/\/i0.wp.com\/terjebjornstad.com\/no\/wp-content\/uploads\/2021\/06\/1992-mercedes-benz-300sl-1080x720-1.png?resize=980%2C653&#038;ssl=1\" alt=\"\" width=\"980\" height=\"653\" class=\"size-full wp-image-40816\" srcset=\"https:\/\/i0.wp.com\/terjebjornstad.com\/no\/wp-content\/uploads\/2021\/06\/1992-mercedes-benz-300sl-1080x720-1.png?w=1080&amp;ssl=1 1080w, https:\/\/i0.wp.com\/terjebjornstad.com\/no\/wp-content\/uploads\/2021\/06\/1992-mercedes-benz-300sl-1080x720-1.png?resize=300%2C200&amp;ssl=1 300w, https:\/\/i0.wp.com\/terjebjornstad.com\/no\/wp-content\/uploads\/2021\/06\/1992-mercedes-benz-300sl-1080x720-1.png?resize=768%2C512&amp;ssl=1 768w, https:\/\/i0.wp.com\/terjebjornstad.com\/no\/wp-content\/uploads\/2021\/06\/1992-mercedes-benz-300sl-1080x720-1.png?resize=690%2C460&amp;ssl=1 690w, https:\/\/i0.wp.com\/terjebjornstad.com\/no\/wp-content\/uploads\/2021\/06\/1992-mercedes-benz-300sl-1080x720-1.png?resize=980%2C653&amp;ssl=1 980w\" sizes=\"auto, (max-width: 980px) 100vw, 980px\" \/><\/a><figcaption id=\"caption-attachment-40816\" class=\"wp-caption-text\">Mercedes-Benz 300SL serie I<\/figcaption><\/figure><br \/>\n&nbsp;<br \/>\n<figure id=\"attachment_86260\" aria-describedby=\"caption-attachment-86260\" style=\"width: 1920px\" class=\"wp-caption aligncenter\"><a href=\"https:\/\/i0.wp.com\/terjebjornstad.com\/no\/wp-content\/uploads\/2025\/11\/1995-mercedes-benz-280xl-1920x1440-1.jpg?ssl=1\"><img data-recalc-dims=\"1\" loading=\"lazy\" decoding=\"async\" data-attachment-id=\"86260\" data-permalink=\"https:\/\/terjebjornstad.com\/no\/mercedes-benz-r129\/1995-mercedes-benz-280xl-1920x1440\/\" data-orig-file=\"https:\/\/i0.wp.com\/terjebjornstad.com\/no\/wp-content\/uploads\/2025\/11\/1995-mercedes-benz-280xl-1920x1440-1.jpg?fit=1920%2C1440&amp;ssl=1\" data-orig-size=\"1920,1440\" data-comments-opened=\"1\" data-image-meta=\"{&quot;aperture&quot;:&quot;0&quot;,&quot;credit&quot;:&quot;&quot;,&quot;camera&quot;:&quot;&quot;,&quot;caption&quot;:&quot;&quot;,&quot;created_timestamp&quot;:&quot;0&quot;,&quot;copyright&quot;:&quot;&quot;,&quot;focal_length&quot;:&quot;0&quot;,&quot;iso&quot;:&quot;0&quot;,&quot;shutter_speed&quot;:&quot;0&quot;,&quot;title&quot;:&quot;&quot;,&quot;orientation&quot;:&quot;0&quot;}\" data-image-title=\"1995-mercedes-benz-280xl-1920&amp;#215;1440\" data-image-description=\"\" data-image-caption=\"&lt;p&gt;1955 Mercedes-Benz 280SL Serie 1.&lt;\/p&gt;\n\" data-large-file=\"https:\/\/i0.wp.com\/terjebjornstad.com\/no\/wp-content\/uploads\/2025\/11\/1995-mercedes-benz-280xl-1920x1440-1.jpg?fit=980%2C735&amp;ssl=1\" src=\"https:\/\/i0.wp.com\/terjebjornstad.com\/no\/wp-content\/uploads\/2025\/11\/1995-mercedes-benz-280xl-1920x1440-1.jpg?resize=980%2C735&#038;ssl=1\" alt=\"\" width=\"980\" height=\"735\" class=\"size-full wp-image-86260\" srcset=\"https:\/\/i0.wp.com\/terjebjornstad.com\/no\/wp-content\/uploads\/2025\/11\/1995-mercedes-benz-280xl-1920x1440-1.jpg?w=1920&amp;ssl=1 1920w, https:\/\/i0.wp.com\/terjebjornstad.com\/no\/wp-content\/uploads\/2025\/11\/1995-mercedes-benz-280xl-1920x1440-1.jpg?resize=300%2C225&amp;ssl=1 300w, https:\/\/i0.wp.com\/terjebjornstad.com\/no\/wp-content\/uploads\/2025\/11\/1995-mercedes-benz-280xl-1920x1440-1.jpg?resize=1080%2C810&amp;ssl=1 1080w, https:\/\/i0.wp.com\/terjebjornstad.com\/no\/wp-content\/uploads\/2025\/11\/1995-mercedes-benz-280xl-1920x1440-1.jpg?resize=768%2C576&amp;ssl=1 768w, https:\/\/i0.wp.com\/terjebjornstad.com\/no\/wp-content\/uploads\/2025\/11\/1995-mercedes-benz-280xl-1920x1440-1.jpg?resize=1536%2C1152&amp;ssl=1 1536w, https:\/\/i0.wp.com\/terjebjornstad.com\/no\/wp-content\/uploads\/2025\/11\/1995-mercedes-benz-280xl-1920x1440-1.jpg?resize=690%2C518&amp;ssl=1 690w, https:\/\/i0.wp.com\/terjebjornstad.com\/no\/wp-content\/uploads\/2025\/11\/1995-mercedes-benz-280xl-1920x1440-1.jpg?resize=980%2C735&amp;ssl=1 980w\" sizes=\"auto, (max-width: 980px) 100vw, 980px\" \/><\/a><figcaption id=\"caption-attachment-86260\" class=\"wp-caption-text\">1995 Mercedes-Benz 280SL Serie 1.<\/figcaption><\/figure><\/p>\n<h3 class=\"tebh2ingreslbcenter\">R129 Series 2<\/h3>\n<p><figure id=\"attachment_70498\" aria-describedby=\"caption-attachment-70498\" style=\"width: 1920px\" class=\"wp-caption aligncenter\"><a href=\"https:\/\/i0.wp.com\/terjebjornstad.com\/no\/wp-content\/uploads\/2024\/03\/1996-mercdes-benz-sl500-1920x1920-1.jpg?ssl=1\"><img data-recalc-dims=\"1\" loading=\"lazy\" decoding=\"async\" data-attachment-id=\"70498\" data-permalink=\"https:\/\/terjebjornstad.com\/no\/terjes-biler\/1996-mercdes-benz-sl500-1920x1920\/\" data-orig-file=\"https:\/\/i0.wp.com\/terjebjornstad.com\/no\/wp-content\/uploads\/2024\/03\/1996-mercdes-benz-sl500-1920x1920-1.jpg?fit=1920%2C1920&amp;ssl=1\" data-orig-size=\"1920,1920\" data-comments-opened=\"1\" data-image-meta=\"{&quot;aperture&quot;:&quot;0&quot;,&quot;credit&quot;:&quot;&quot;,&quot;camera&quot;:&quot;&quot;,&quot;caption&quot;:&quot;&quot;,&quot;created_timestamp&quot;:&quot;0&quot;,&quot;copyright&quot;:&quot;&quot;,&quot;focal_length&quot;:&quot;0&quot;,&quot;iso&quot;:&quot;0&quot;,&quot;shutter_speed&quot;:&quot;0&quot;,&quot;title&quot;:&quot;&quot;,&quot;orientation&quot;:&quot;0&quot;}\" data-image-title=\"1996-mercdes-benz-sl500-1920&amp;#215;1920\" data-image-description=\"\" data-image-caption=\"&lt;p&gt;1996 Mercedes-Benz SL 500&lt;\/p&gt;\n\" data-large-file=\"https:\/\/i0.wp.com\/terjebjornstad.com\/no\/wp-content\/uploads\/2024\/03\/1996-mercdes-benz-sl500-1920x1920-1.jpg?fit=980%2C980&amp;ssl=1\" src=\"https:\/\/i0.wp.com\/terjebjornstad.com\/no\/wp-content\/uploads\/2024\/03\/1996-mercdes-benz-sl500-1920x1920-1.jpg?resize=980%2C980&#038;ssl=1\" alt=\"\" width=\"980\" height=\"980\" class=\"size-full wp-image-70498\" srcset=\"https:\/\/i0.wp.com\/terjebjornstad.com\/no\/wp-content\/uploads\/2024\/03\/1996-mercdes-benz-sl500-1920x1920-1.jpg?w=1920&amp;ssl=1 1920w, https:\/\/i0.wp.com\/terjebjornstad.com\/no\/wp-content\/uploads\/2024\/03\/1996-mercdes-benz-sl500-1920x1920-1.jpg?resize=300%2C300&amp;ssl=1 300w, https:\/\/i0.wp.com\/terjebjornstad.com\/no\/wp-content\/uploads\/2024\/03\/1996-mercdes-benz-sl500-1920x1920-1.jpg?resize=1080%2C1080&amp;ssl=1 1080w, https:\/\/i0.wp.com\/terjebjornstad.com\/no\/wp-content\/uploads\/2024\/03\/1996-mercdes-benz-sl500-1920x1920-1.jpg?resize=150%2C150&amp;ssl=1 150w, https:\/\/i0.wp.com\/terjebjornstad.com\/no\/wp-content\/uploads\/2024\/03\/1996-mercdes-benz-sl500-1920x1920-1.jpg?resize=768%2C768&amp;ssl=1 768w, https:\/\/i0.wp.com\/terjebjornstad.com\/no\/wp-content\/uploads\/2024\/03\/1996-mercdes-benz-sl500-1920x1920-1.jpg?resize=1536%2C1536&amp;ssl=1 1536w, https:\/\/i0.wp.com\/terjebjornstad.com\/no\/wp-content\/uploads\/2024\/03\/1996-mercdes-benz-sl500-1920x1920-1.jpg?resize=690%2C690&amp;ssl=1 690w, https:\/\/i0.wp.com\/terjebjornstad.com\/no\/wp-content\/uploads\/2024\/03\/1996-mercdes-benz-sl500-1920x1920-1.jpg?resize=980%2C980&amp;ssl=1 980w, https:\/\/i0.wp.com\/terjebjornstad.com\/no\/wp-content\/uploads\/2024\/03\/1996-mercdes-benz-sl500-1920x1920-1.jpg?resize=50%2C50&amp;ssl=1 50w\" sizes=\"auto, (max-width: 980px) 100vw, 980px\" \/><\/a><figcaption id=\"caption-attachment-70498\" class=\"wp-caption-text\">1996 Mercedes-Benz SL 500<\/figcaption><\/figure><br \/>\n<figure id=\"attachment_83577\" aria-describedby=\"caption-attachment-83577\" style=\"width: 1440px\" class=\"wp-caption aligncenter\"><a href=\"https:\/\/i0.wp.com\/terjebjornstad.com\/no\/wp-content\/uploads\/2025\/08\/1996-mercedes-benz-sl500-1736-1440x1920-1.jpg?ssl=1\"><img data-recalc-dims=\"1\" loading=\"lazy\" decoding=\"async\" data-attachment-id=\"83577\" data-permalink=\"https:\/\/terjebjornstad.com\/no\/mercedes-benz-r129\/1996-mercedes-benz-sl500-1736-1440x1920\/\" data-orig-file=\"https:\/\/i0.wp.com\/terjebjornstad.com\/no\/wp-content\/uploads\/2025\/08\/1996-mercedes-benz-sl500-1736-1440x1920-1.jpg?fit=1440%2C1920&amp;ssl=1\" data-orig-size=\"1440,1920\" data-comments-opened=\"1\" data-image-meta=\"{&quot;aperture&quot;:&quot;1.6&quot;,&quot;credit&quot;:&quot;&quot;,&quot;camera&quot;:&quot;iPhone 16&quot;,&quot;caption&quot;:&quot;&quot;,&quot;created_timestamp&quot;:&quot;1754826578&quot;,&quot;copyright&quot;:&quot;&quot;,&quot;focal_length&quot;:&quot;5.960000038147&quot;,&quot;iso&quot;:&quot;32&quot;,&quot;shutter_speed&quot;:&quot;0.0010427528675704&quot;,&quot;title&quot;:&quot;&quot;,&quot;orientation&quot;:&quot;1&quot;}\" data-image-title=\"1996-mercedes-benz-sl500-1736-1440&amp;#215;1920\" data-image-description=\"\" data-image-caption=\"&lt;p&gt;1996 Mercedes-Benz SL 500&lt;\/p&gt;\n\" data-large-file=\"https:\/\/i0.wp.com\/terjebjornstad.com\/no\/wp-content\/uploads\/2025\/08\/1996-mercedes-benz-sl500-1736-1440x1920-1.jpg?fit=810%2C1080&amp;ssl=1\" src=\"https:\/\/i0.wp.com\/terjebjornstad.com\/no\/wp-content\/uploads\/2025\/08\/1996-mercedes-benz-sl500-1736-1440x1920-1.jpg?resize=980%2C1307&#038;ssl=1\" alt=\"\" width=\"980\" height=\"1307\" class=\"size-full wp-image-83577\" srcset=\"https:\/\/i0.wp.com\/terjebjornstad.com\/no\/wp-content\/uploads\/2025\/08\/1996-mercedes-benz-sl500-1736-1440x1920-1.jpg?w=1440&amp;ssl=1 1440w, https:\/\/i0.wp.com\/terjebjornstad.com\/no\/wp-content\/uploads\/2025\/08\/1996-mercedes-benz-sl500-1736-1440x1920-1.jpg?resize=225%2C300&amp;ssl=1 225w, https:\/\/i0.wp.com\/terjebjornstad.com\/no\/wp-content\/uploads\/2025\/08\/1996-mercedes-benz-sl500-1736-1440x1920-1.jpg?resize=810%2C1080&amp;ssl=1 810w, https:\/\/i0.wp.com\/terjebjornstad.com\/no\/wp-content\/uploads\/2025\/08\/1996-mercedes-benz-sl500-1736-1440x1920-1.jpg?resize=768%2C1024&amp;ssl=1 768w, https:\/\/i0.wp.com\/terjebjornstad.com\/no\/wp-content\/uploads\/2025\/08\/1996-mercedes-benz-sl500-1736-1440x1920-1.jpg?resize=1152%2C1536&amp;ssl=1 1152w, https:\/\/i0.wp.com\/terjebjornstad.com\/no\/wp-content\/uploads\/2025\/08\/1996-mercedes-benz-sl500-1736-1440x1920-1.jpg?resize=690%2C920&amp;ssl=1 690w, https:\/\/i0.wp.com\/terjebjornstad.com\/no\/wp-content\/uploads\/2025\/08\/1996-mercedes-benz-sl500-1736-1440x1920-1.jpg?resize=980%2C1307&amp;ssl=1 980w\" sizes=\"auto, (max-width: 980px) 100vw, 980px\" \/><\/a><figcaption id=\"caption-attachment-83577\" class=\"wp-caption-text\">1996 Mercedes-Benz SL 500<\/figcaption><\/figure><\/p>\n<p><figure id=\"attachment_83576\" aria-describedby=\"caption-attachment-83576\" style=\"width: 1440px\" class=\"wp-caption aligncenter\"><a href=\"https:\/\/i0.wp.com\/terjebjornstad.com\/no\/wp-content\/uploads\/2025\/08\/1996-mercedes-benz-sl500-1735-1440x1920-1.jpg?ssl=1\"><img data-recalc-dims=\"1\" loading=\"lazy\" decoding=\"async\" data-attachment-id=\"83576\" data-permalink=\"https:\/\/terjebjornstad.com\/no\/mercedes-benz-r129\/1996-mercedes-benz-sl500-1735-1440x1920\/\" data-orig-file=\"https:\/\/i0.wp.com\/terjebjornstad.com\/no\/wp-content\/uploads\/2025\/08\/1996-mercedes-benz-sl500-1735-1440x1920-1.jpg?fit=1440%2C1920&amp;ssl=1\" data-orig-size=\"1440,1920\" data-comments-opened=\"1\" data-image-meta=\"{&quot;aperture&quot;:&quot;0&quot;,&quot;credit&quot;:&quot;&quot;,&quot;camera&quot;:&quot;&quot;,&quot;caption&quot;:&quot;&quot;,&quot;created_timestamp&quot;:&quot;0&quot;,&quot;copyright&quot;:&quot;&quot;,&quot;focal_length&quot;:&quot;0&quot;,&quot;iso&quot;:&quot;0&quot;,&quot;shutter_speed&quot;:&quot;0&quot;,&quot;title&quot;:&quot;&quot;,&quot;orientation&quot;:&quot;0&quot;}\" data-image-title=\"1996-mercedes-benz-sl500-1735-1440&amp;#215;1920\" data-image-description=\"\" data-image-caption=\"&lt;p&gt;Mercedes Benz SL 500&lt;\/p&gt;\n\" data-large-file=\"https:\/\/i0.wp.com\/terjebjornstad.com\/no\/wp-content\/uploads\/2025\/08\/1996-mercedes-benz-sl500-1735-1440x1920-1.jpg?fit=810%2C1080&amp;ssl=1\" src=\"https:\/\/i0.wp.com\/terjebjornstad.com\/no\/wp-content\/uploads\/2025\/08\/1996-mercedes-benz-sl500-1735-1440x1920-1.jpg?resize=980%2C1307&#038;ssl=1\" alt=\"\" width=\"980\" height=\"1307\" class=\"size-full wp-image-83576\" srcset=\"https:\/\/i0.wp.com\/terjebjornstad.com\/no\/wp-content\/uploads\/2025\/08\/1996-mercedes-benz-sl500-1735-1440x1920-1.jpg?w=1440&amp;ssl=1 1440w, https:\/\/i0.wp.com\/terjebjornstad.com\/no\/wp-content\/uploads\/2025\/08\/1996-mercedes-benz-sl500-1735-1440x1920-1.jpg?resize=225%2C300&amp;ssl=1 225w, https:\/\/i0.wp.com\/terjebjornstad.com\/no\/wp-content\/uploads\/2025\/08\/1996-mercedes-benz-sl500-1735-1440x1920-1.jpg?resize=810%2C1080&amp;ssl=1 810w, https:\/\/i0.wp.com\/terjebjornstad.com\/no\/wp-content\/uploads\/2025\/08\/1996-mercedes-benz-sl500-1735-1440x1920-1.jpg?resize=768%2C1024&amp;ssl=1 768w, https:\/\/i0.wp.com\/terjebjornstad.com\/no\/wp-content\/uploads\/2025\/08\/1996-mercedes-benz-sl500-1735-1440x1920-1.jpg?resize=1152%2C1536&amp;ssl=1 1152w, https:\/\/i0.wp.com\/terjebjornstad.com\/no\/wp-content\/uploads\/2025\/08\/1996-mercedes-benz-sl500-1735-1440x1920-1.jpg?resize=690%2C920&amp;ssl=1 690w, https:\/\/i0.wp.com\/terjebjornstad.com\/no\/wp-content\/uploads\/2025\/08\/1996-mercedes-benz-sl500-1735-1440x1920-1.jpg?resize=980%2C1307&amp;ssl=1 980w\" sizes=\"auto, (max-width: 980px) 100vw, 980px\" \/><\/a><figcaption id=\"caption-attachment-83576\" class=\"wp-caption-text\">Mercedes Benz SL 500<\/figcaption><\/figure><br \/>\n&nbsp;<br \/>\n<figure id=\"attachment_40838\" aria-describedby=\"caption-attachment-40838\" style=\"width: 1080px\" class=\"wp-caption aligncenter\"><a href=\"https:\/\/i0.wp.com\/terjebjornstad.com\/no\/wp-content\/uploads\/2021\/06\/mercedes-benz-r129-sl500-1080x720-1.png?ssl=1\"><img data-recalc-dims=\"1\" loading=\"lazy\" decoding=\"async\" data-attachment-id=\"40838\" data-permalink=\"https:\/\/terjebjornstad.com\/no\/mercedes-benz-r129\/mercedes-benz-r129-sl500-1080x720\/\" data-orig-file=\"https:\/\/i0.wp.com\/terjebjornstad.com\/no\/wp-content\/uploads\/2021\/06\/mercedes-benz-r129-sl500-1080x720-1.png?fit=1080%2C720&amp;ssl=1\" data-orig-size=\"1080,720\" data-comments-opened=\"1\" data-image-meta=\"{&quot;aperture&quot;:&quot;0&quot;,&quot;credit&quot;:&quot;&quot;,&quot;camera&quot;:&quot;&quot;,&quot;caption&quot;:&quot;&quot;,&quot;created_timestamp&quot;:&quot;0&quot;,&quot;copyright&quot;:&quot;&quot;,&quot;focal_length&quot;:&quot;0&quot;,&quot;iso&quot;:&quot;0&quot;,&quot;shutter_speed&quot;:&quot;0&quot;,&quot;title&quot;:&quot;&quot;,&quot;orientation&quot;:&quot;0&quot;}\" data-image-title=\"mercedes-benz-r129-sl500-1080&amp;#215;720\" data-image-description=\"\" data-image-caption=\"&lt;p&gt;Mercedes-Benz SL500 (1994-1998)&lt;\/p&gt;\n\" data-large-file=\"https:\/\/i0.wp.com\/terjebjornstad.com\/no\/wp-content\/uploads\/2021\/06\/mercedes-benz-r129-sl500-1080x720-1.png?fit=980%2C653&amp;ssl=1\" src=\"https:\/\/i0.wp.com\/terjebjornstad.com\/no\/wp-content\/uploads\/2021\/06\/mercedes-benz-r129-sl500-1080x720-1.png?resize=980%2C653&#038;ssl=1\" alt=\"\" width=\"980\" height=\"653\" class=\"size-full wp-image-40838\" srcset=\"https:\/\/i0.wp.com\/terjebjornstad.com\/no\/wp-content\/uploads\/2021\/06\/mercedes-benz-r129-sl500-1080x720-1.png?w=1080&amp;ssl=1 1080w, https:\/\/i0.wp.com\/terjebjornstad.com\/no\/wp-content\/uploads\/2021\/06\/mercedes-benz-r129-sl500-1080x720-1.png?resize=300%2C200&amp;ssl=1 300w, https:\/\/i0.wp.com\/terjebjornstad.com\/no\/wp-content\/uploads\/2021\/06\/mercedes-benz-r129-sl500-1080x720-1.png?resize=768%2C512&amp;ssl=1 768w, https:\/\/i0.wp.com\/terjebjornstad.com\/no\/wp-content\/uploads\/2021\/06\/mercedes-benz-r129-sl500-1080x720-1.png?resize=690%2C460&amp;ssl=1 690w, https:\/\/i0.wp.com\/terjebjornstad.com\/no\/wp-content\/uploads\/2021\/06\/mercedes-benz-r129-sl500-1080x720-1.png?resize=980%2C653&amp;ssl=1 980w\" sizes=\"auto, (max-width: 980px) 100vw, 980px\" \/><\/a><figcaption id=\"caption-attachment-40838\" class=\"wp-caption-text\">Mercedes-Benz SL500 (1994-1998)<\/figcaption><\/figure><br \/>\n&nbsp;<\/p>\n<h3 class=\"tebh2\">Om bildene<\/h3>\n<p>Den r\u00f8de bilen er en Den r\u00f8de er en serie 2 bil produsert mellom 1994 og 1998. Det er en SL500 med V8-motor som er fotografert p\u00e5 en parkeringsplass p\u00e5 Fornebu. Den sorte med soft-top er en serie I-bil, 300SL, ogs\u00e5 den fotografert gateparkert p\u00e5 Fornebu. Den bl\u00e5 bilen med hvite blinklys er fotografert ved de gamle hallene p\u00e5 Fornebu som n\u00e5 er revet til fordel for T-bane. Den bl\u00e5 cabriolet&#8217;en er en 300SL som sto parkert ved Motangen p\u00e5 Blaker. Den burgunderr\u00f8de bilen &#8211; en SL 500 &#8211; er fotografert p\u00e5 Fornebu, 2024. Den m\u00f8rkebl\u00e5 bilen med franske, svarte registreringsnumre er fotografert i Perpignan, 2025. Den s\u00f8lvgr\u00e5 serie 1-bilen deltok p\u00e5 et biltreff hos Andresens Bil, Ski, 2025.<\/p>\n<p>&nbsp;<br \/>\n<br \/>\n<figure id=\"attachment_58810\" aria-describedby=\"caption-attachment-58810\" style=\"width: 300px\" class=\"wp-caption aligncenter\"><a href=\"https:\/\/terjebjornstad.com\/no\/mercedes-benz\/\"><img data-recalc-dims=\"1\" loading=\"lazy\" decoding=\"async\" data-attachment-id=\"58810\" data-permalink=\"https:\/\/terjebjornstad.com\/no\/mercedes-benz\/mercedes-benz-logo-300x200\/\" data-orig-file=\"https:\/\/i0.wp.com\/terjebjornstad.com\/no\/wp-content\/uploads\/2023\/04\/mercedes-benz-logo-300x200-1.jpg?fit=300%2C200&amp;ssl=1\" data-orig-size=\"300,200\" data-comments-opened=\"1\" data-image-meta=\"{&quot;aperture&quot;:&quot;0&quot;,&quot;credit&quot;:&quot;&quot;,&quot;camera&quot;:&quot;&quot;,&quot;caption&quot;:&quot;&quot;,&quot;created_timestamp&quot;:&quot;0&quot;,&quot;copyright&quot;:&quot;&quot;,&quot;focal_length&quot;:&quot;0&quot;,&quot;iso&quot;:&quot;0&quot;,&quot;shutter_speed&quot;:&quot;0&quot;,&quot;title&quot;:&quot;&quot;,&quot;orientation&quot;:&quot;0&quot;}\" data-image-title=\"mercedes-benz-logo-300&amp;#215;200\" data-image-description=\"\" data-image-caption=\"&lt;p&gt;&amp;nbsp;&lt;\/p&gt;\n\" data-large-file=\"https:\/\/i0.wp.com\/terjebjornstad.com\/no\/wp-content\/uploads\/2023\/04\/mercedes-benz-logo-300x200-1.jpg?fit=300%2C200&amp;ssl=1\" src=\"https:\/\/i0.wp.com\/terjebjornstad.com\/no\/wp-content\/uploads\/2023\/04\/mercedes-benz-logo-300x200-1.jpg?resize=300%2C200&#038;ssl=1\" alt=\"\" width=\"300\" height=\"200\" class=\"size-full wp-image-58810\" \/><\/a><figcaption id=\"caption-attachment-58810\" class=\"wp-caption-text\">&nbsp;<\/figcaption><\/figure><\/p>\n<h3 class=\"tebh2\">Se ogs\u00e5<\/h3>\n<p><a href=\"https:\/\/norwegen.mercedes-benz-clubs.com\/\" target=\"_blank\" rel=\"noopener\"><strong>Mercedes-Benz Klubben Norge<\/strong><\/a><\/p>\n<p><figure id=\"attachment_20376\" aria-describedby=\"caption-attachment-20376\" style=\"width: 150px\" class=\"wp-caption alignleft\"><a href=\"https:\/\/terjebjornstad.com\/no\/mercedes-benz-sl-r107\/\"><img data-recalc-dims=\"1\" loading=\"lazy\" decoding=\"async\" data-attachment-id=\"20376\" data-permalink=\"https:\/\/terjebjornstad.com\/no\/mercedes-benz-r129\/mercedes-benz-sl-1080x720\/\" data-orig-file=\"https:\/\/i0.wp.com\/terjebjornstad.com\/no\/wp-content\/uploads\/2018\/11\/mercedes-benz-sl-1080x720.png?fit=1080%2C720&amp;ssl=1\" data-orig-size=\"1080,720\" data-comments-opened=\"1\" data-image-meta=\"{&quot;aperture&quot;:&quot;0&quot;,&quot;credit&quot;:&quot;&quot;,&quot;camera&quot;:&quot;&quot;,&quot;caption&quot;:&quot;&quot;,&quot;created_timestamp&quot;:&quot;0&quot;,&quot;copyright&quot;:&quot;&quot;,&quot;focal_length&quot;:&quot;0&quot;,&quot;iso&quot;:&quot;0&quot;,&quot;shutter_speed&quot;:&quot;0&quot;,&quot;title&quot;:&quot;&quot;,&quot;orientation&quot;:&quot;0&quot;}\" data-image-title=\"Mercedes-Benz SL\" data-image-description=\"\" data-image-caption=\"&lt;p&gt;Mercedes-Benz SL R107&lt;\/p&gt;\n\" data-large-file=\"https:\/\/i0.wp.com\/terjebjornstad.com\/no\/wp-content\/uploads\/2018\/11\/mercedes-benz-sl-1080x720.png?fit=980%2C653&amp;ssl=1\" src=\"https:\/\/i0.wp.com\/terjebjornstad.com\/no\/wp-content\/uploads\/2018\/11\/mercedes-benz-sl-1080x720.png?resize=150%2C150&#038;ssl=1\" alt=\"\" width=\"150\" height=\"150\" class=\"size-thumbnail wp-image-20376\" srcset=\"https:\/\/i0.wp.com\/terjebjornstad.com\/no\/wp-content\/uploads\/2018\/11\/mercedes-benz-sl-1080x720.png?resize=150%2C150&amp;ssl=1 150w, https:\/\/i0.wp.com\/terjebjornstad.com\/no\/wp-content\/uploads\/2018\/11\/mercedes-benz-sl-1080x720.png?resize=50%2C50&amp;ssl=1 50w, https:\/\/i0.wp.com\/terjebjornstad.com\/no\/wp-content\/uploads\/2018\/11\/mercedes-benz-sl-1080x720.png?zoom=2&amp;resize=150%2C150&amp;ssl=1 300w, https:\/\/i0.wp.com\/terjebjornstad.com\/no\/wp-content\/uploads\/2018\/11\/mercedes-benz-sl-1080x720.png?zoom=3&amp;resize=150%2C150&amp;ssl=1 450w\" sizes=\"auto, (max-width: 150px) 100vw, 150px\" \/><\/a><figcaption id=\"caption-attachment-20376\" class=\"wp-caption-text\">Mercedes-Benz SL R107<\/figcaption><\/figure><figure id=\"attachment_20337\" aria-describedby=\"caption-attachment-20337\" style=\"width: 150px\" class=\"wp-caption alignleft\"><a href=\"https:\/\/terjebjornstad.com\/no\/mercedes-benz-190-sl\/\"><img data-recalc-dims=\"1\" loading=\"lazy\" decoding=\"async\" data-attachment-id=\"20337\" data-permalink=\"https:\/\/terjebjornstad.com\/no\/mercedes-benz-190-sl\/1960-mercedes-benz-190-sl-1080x720\/\" data-orig-file=\"https:\/\/i0.wp.com\/terjebjornstad.com\/no\/wp-content\/uploads\/2018\/11\/1960-mercedes-benz-190-sl-1080x720.png?fit=1080%2C720&amp;ssl=1\" data-orig-size=\"1080,720\" data-comments-opened=\"1\" data-image-meta=\"{&quot;aperture&quot;:&quot;0&quot;,&quot;credit&quot;:&quot;&quot;,&quot;camera&quot;:&quot;&quot;,&quot;caption&quot;:&quot;&quot;,&quot;created_timestamp&quot;:&quot;0&quot;,&quot;copyright&quot;:&quot;&quot;,&quot;focal_length&quot;:&quot;0&quot;,&quot;iso&quot;:&quot;0&quot;,&quot;shutter_speed&quot;:&quot;0&quot;,&quot;title&quot;:&quot;&quot;,&quot;orientation&quot;:&quot;0&quot;}\" data-image-title=\"Mercedes-Benz 190 SL\" data-image-description=\"\" data-image-caption=\"&lt;p&gt;Mercedes-Benz 190 SL&lt;\/p&gt;\n\" data-large-file=\"https:\/\/i0.wp.com\/terjebjornstad.com\/no\/wp-content\/uploads\/2018\/11\/1960-mercedes-benz-190-sl-1080x720.png?fit=980%2C653&amp;ssl=1\" src=\"https:\/\/i0.wp.com\/terjebjornstad.com\/no\/wp-content\/uploads\/2018\/11\/1960-mercedes-benz-190-sl-1080x720.png?resize=150%2C150&#038;ssl=1\" alt=\"\" width=\"150\" height=\"150\" class=\"size-thumbnail wp-image-20337\" srcset=\"https:\/\/i0.wp.com\/terjebjornstad.com\/no\/wp-content\/uploads\/2018\/11\/1960-mercedes-benz-190-sl-1080x720.png?resize=150%2C150&amp;ssl=1 150w, https:\/\/i0.wp.com\/terjebjornstad.com\/no\/wp-content\/uploads\/2018\/11\/1960-mercedes-benz-190-sl-1080x720.png?resize=50%2C50&amp;ssl=1 50w, https:\/\/i0.wp.com\/terjebjornstad.com\/no\/wp-content\/uploads\/2018\/11\/1960-mercedes-benz-190-sl-1080x720.png?zoom=2&amp;resize=150%2C150&amp;ssl=1 300w, https:\/\/i0.wp.com\/terjebjornstad.com\/no\/wp-content\/uploads\/2018\/11\/1960-mercedes-benz-190-sl-1080x720.png?zoom=3&amp;resize=150%2C150&amp;ssl=1 450w\" sizes=\"auto, (max-width: 150px) 100vw, 150px\" \/><\/a><figcaption id=\"caption-attachment-20337\" class=\"wp-caption-text\">Mercedes-Benz 190 SL<\/figcaption><\/figure>\n<\/div>\n","protected":false},"excerpt":{"rendered":"<p>&nbsp; R129 modellhistorikk R129-modellen ble produsert fra 1989 til og med 2001 som den fjerde modellen i SL-serien. I l\u00f8pet av denne tiden ble det foretatt 2 facelifts, &#8211; \u00e9n for 1994-modellen og \u00e9n for 1999-modellen. Utvendig ble det bare gjort ganske sm\u00e5 forandringer. 1994-modellen skiller seg fra foreg\u00e5ende \u00e5r ved at det er to [&hellip;]<\/p>\n","protected":false},"author":1,"featured_media":40817,"parent":0,"menu_order":0,"comment_status":"closed","ping_status":"closed","template":"templates\/full-width-page.php","meta":{"_monsterinsights_skip_tracking":false,"_monsterinsights_sitenote_active":false,"_monsterinsights_sitenote_note":"","_monsterinsights_sitenote_category":0,"jetpack_post_was_ever_published":false,"footnotes":""},"class_list":["post-40815","page","type-page","status-publish","has-post-thumbnail","hentry"],"yoast_head":"<!-- This site is optimized with the Yoast SEO plugin v27.5 - https:\/\/yoast.com\/product\/yoast-seo-wordpress\/ -->\n<title>Mercedes-Benz R129 - Terjes biler - Youngtimer og klassiker.<\/title>\n<meta name=\"description\" content=\"R129 er Mercedes-Benz&#039; 4 generasjon av SL-serien. En superbil fra 1990-tallet som kan kj\u00f8pes som veteran p\u00e5 20-\u00e5rsregelen.\" \/>\n<meta name=\"robots\" content=\"index, follow, max-snippet:-1, max-image-preview:large, max-video-preview:-1\" \/>\n<link rel=\"canonical\" href=\"https:\/\/terjebjornstad.com\/no\/mercedes-benz-r129\/\" \/>\n<meta property=\"og:locale\" content=\"nb_NO\" \/>\n<meta property=\"og:type\" content=\"article\" \/>\n<meta property=\"og:title\" content=\"Mercedes-Benz R129 - Terjes biler - Youngtimer og klassiker.\" \/>\n<meta property=\"og:description\" content=\"R129 er Mercedes-Benz&#039; 4 generasjon av SL-serien. En superbil fra 1990-tallet som kan kj\u00f8pes som veteran p\u00e5 20-\u00e5rsregelen.\" \/>\n<meta property=\"og:url\" content=\"https:\/\/terjebjornstad.com\/no\/mercedes-benz-r129\/\" \/>\n<meta property=\"og:site_name\" content=\"Terjes biler\" \/>\n<meta property=\"article:publisher\" content=\"https:\/\/www.facebook.com\/terjesbiler\/\" \/>\n<meta property=\"article:modified_time\" content=\"2026-02-10T19:06:31+00:00\" \/>\n<meta property=\"og:image\" content=\"https:\/\/terjebjornstad.com\/no\/wp-content\/uploads\/2021\/06\/mercedes-benz-r129-500sl-1080x720-1.png\" \/>\n\t<meta property=\"og:image:width\" content=\"1080\" \/>\n\t<meta property=\"og:image:height\" content=\"720\" \/>\n\t<meta property=\"og:image:type\" content=\"image\/png\" \/>\n<meta name=\"twitter:card\" content=\"summary_large_image\" \/>\n<meta name=\"twitter:label1\" content=\"Ansl. lesetid\" \/>\n\t<meta name=\"twitter:data1\" content=\"6 minutter\" \/>\n<script type=\"application\/ld+json\" class=\"yoast-schema-graph\">{\"@context\":\"https:\\\/\\\/schema.org\",\"@graph\":[{\"@type\":\"WebPage\",\"@id\":\"https:\\\/\\\/terjebjornstad.com\\\/no\\\/mercedes-benz-r129\\\/\",\"url\":\"https:\\\/\\\/terjebjornstad.com\\\/no\\\/mercedes-benz-r129\\\/\",\"name\":\"Mercedes-Benz R129 - Terjes biler - Youngtimer og klassiker.\",\"isPartOf\":{\"@id\":\"https:\\\/\\\/terjebjornstad.com\\\/no\\\/#website\"},\"primaryImageOfPage\":{\"@id\":\"https:\\\/\\\/terjebjornstad.com\\\/no\\\/mercedes-benz-r129\\\/#primaryimage\"},\"image\":{\"@id\":\"https:\\\/\\\/terjebjornstad.com\\\/no\\\/mercedes-benz-r129\\\/#primaryimage\"},\"thumbnailUrl\":\"https:\\\/\\\/i0.wp.com\\\/terjebjornstad.com\\\/no\\\/wp-content\\\/uploads\\\/2021\\\/06\\\/mercedes-benz-r129-500sl-1080x720-1.png?fit=1080%2C720&ssl=1\",\"datePublished\":\"2021-06-01T00:31:26+00:00\",\"dateModified\":\"2026-02-10T19:06:31+00:00\",\"description\":\"R129 er Mercedes-Benz' 4 generasjon av SL-serien. En superbil fra 1990-tallet som kan kj\u00f8pes som veteran p\u00e5 20-\u00e5rsregelen.\",\"breadcrumb\":{\"@id\":\"https:\\\/\\\/terjebjornstad.com\\\/no\\\/mercedes-benz-r129\\\/#breadcrumb\"},\"inLanguage\":\"nb-NO\",\"potentialAction\":[{\"@type\":\"ReadAction\",\"target\":[\"https:\\\/\\\/terjebjornstad.com\\\/no\\\/mercedes-benz-r129\\\/\"]}]},{\"@type\":\"ImageObject\",\"inLanguage\":\"nb-NO\",\"@id\":\"https:\\\/\\\/terjebjornstad.com\\\/no\\\/mercedes-benz-r129\\\/#primaryimage\",\"url\":\"https:\\\/\\\/i0.wp.com\\\/terjebjornstad.com\\\/no\\\/wp-content\\\/uploads\\\/2021\\\/06\\\/mercedes-benz-r129-500sl-1080x720-1.png?fit=1080%2C720&ssl=1\",\"contentUrl\":\"https:\\\/\\\/i0.wp.com\\\/terjebjornstad.com\\\/no\\\/wp-content\\\/uploads\\\/2021\\\/06\\\/mercedes-benz-r129-500sl-1080x720-1.png?fit=1080%2C720&ssl=1\",\"width\":1080,\"height\":720,\"caption\":\"Mercedes-Benz SL R129\"},{\"@type\":\"BreadcrumbList\",\"@id\":\"https:\\\/\\\/terjebjornstad.com\\\/no\\\/mercedes-benz-r129\\\/#breadcrumb\",\"itemListElement\":[{\"@type\":\"ListItem\",\"position\":1,\"name\":\"Hjem\",\"item\":\"https:\\\/\\\/terjebjornstad.com\\\/no\\\/\"},{\"@type\":\"ListItem\",\"position\":2,\"name\":\"Mercedes-Benz R129\"}]},{\"@type\":\"WebSite\",\"@id\":\"https:\\\/\\\/terjebjornstad.com\\\/no\\\/#website\",\"url\":\"https:\\\/\\\/terjebjornstad.com\\\/no\\\/\",\"name\":\"Terjes biler\",\"description\":\"HONEST ABOUT CARS\",\"publisher\":{\"@id\":\"https:\\\/\\\/terjebjornstad.com\\\/no\\\/#organization\"},\"alternateName\":\"Terjebjornstad.com\",\"potentialAction\":[{\"@type\":\"SearchAction\",\"target\":{\"@type\":\"EntryPoint\",\"urlTemplate\":\"https:\\\/\\\/terjebjornstad.com\\\/no\\\/?s={search_term_string}\"},\"query-input\":{\"@type\":\"PropertyValueSpecification\",\"valueRequired\":true,\"valueName\":\"search_term_string\"}}],\"inLanguage\":\"nb-NO\"},{\"@type\":\"Organization\",\"@id\":\"https:\\\/\\\/terjebjornstad.com\\\/no\\\/#organization\",\"name\":\"Terje Bj\u00f8rnstad ENK\",\"url\":\"https:\\\/\\\/terjebjornstad.com\\\/no\\\/\",\"logo\":{\"@type\":\"ImageObject\",\"inLanguage\":\"nb-NO\",\"@id\":\"https:\\\/\\\/terjebjornstad.com\\\/no\\\/#\\\/schema\\\/logo\\\/image\\\/\",\"url\":\"https:\\\/\\\/i0.wp.com\\\/terjebjornstad.com\\\/no\\\/wp-content\\\/uploads\\\/2026\\\/02\\\/terjesbiler2024-960x354-1.png?fit=960%2C354&ssl=1\",\"contentUrl\":\"https:\\\/\\\/i0.wp.com\\\/terjebjornstad.com\\\/no\\\/wp-content\\\/uploads\\\/2026\\\/02\\\/terjesbiler2024-960x354-1.png?fit=960%2C354&ssl=1\",\"width\":960,\"height\":354,\"caption\":\"Terje Bj\u00f8rnstad ENK\"},\"image\":{\"@id\":\"https:\\\/\\\/terjebjornstad.com\\\/no\\\/#\\\/schema\\\/logo\\\/image\\\/\"},\"sameAs\":[\"https:\\\/\\\/www.facebook.com\\\/terjesbiler\\\/\",\"https:\\\/\\\/www.instagram.com\\\/terjesbiler\\\/\",\"https:\\\/\\\/www.pinteres.com\\\/terjebjrnstad\\\/terjes-biler\\\/\"]}]}<\/script>\n<!-- \/ Yoast SEO plugin. -->","yoast_head_json":{"title":"Mercedes-Benz R129 - Terjes biler - Youngtimer og klassiker.","description":"R129 er Mercedes-Benz' 4 generasjon av SL-serien. En superbil fra 1990-tallet som kan kj\u00f8pes som veteran p\u00e5 20-\u00e5rsregelen.","robots":{"index":"index","follow":"follow","max-snippet":"max-snippet:-1","max-image-preview":"max-image-preview:large","max-video-preview":"max-video-preview:-1"},"canonical":"https:\/\/terjebjornstad.com\/no\/mercedes-benz-r129\/","og_locale":"nb_NO","og_type":"article","og_title":"Mercedes-Benz R129 - Terjes biler - Youngtimer og klassiker.","og_description":"R129 er Mercedes-Benz' 4 generasjon av SL-serien. En superbil fra 1990-tallet som kan kj\u00f8pes som veteran p\u00e5 20-\u00e5rsregelen.","og_url":"https:\/\/terjebjornstad.com\/no\/mercedes-benz-r129\/","og_site_name":"Terjes biler","article_publisher":"https:\/\/www.facebook.com\/terjesbiler\/","article_modified_time":"2026-02-10T19:06:31+00:00","og_image":[{"width":1080,"height":720,"url":"https:\/\/terjebjornstad.com\/no\/wp-content\/uploads\/2021\/06\/mercedes-benz-r129-500sl-1080x720-1.png","type":"image\/png"}],"twitter_card":"summary_large_image","twitter_misc":{"Ansl. lesetid":"6 minutter"},"schema":{"@context":"https:\/\/schema.org","@graph":[{"@type":"WebPage","@id":"https:\/\/terjebjornstad.com\/no\/mercedes-benz-r129\/","url":"https:\/\/terjebjornstad.com\/no\/mercedes-benz-r129\/","name":"Mercedes-Benz R129 - Terjes biler - Youngtimer og klassiker.","isPartOf":{"@id":"https:\/\/terjebjornstad.com\/no\/#website"},"primaryImageOfPage":{"@id":"https:\/\/terjebjornstad.com\/no\/mercedes-benz-r129\/#primaryimage"},"image":{"@id":"https:\/\/terjebjornstad.com\/no\/mercedes-benz-r129\/#primaryimage"},"thumbnailUrl":"https:\/\/i0.wp.com\/terjebjornstad.com\/no\/wp-content\/uploads\/2021\/06\/mercedes-benz-r129-500sl-1080x720-1.png?fit=1080%2C720&ssl=1","datePublished":"2021-06-01T00:31:26+00:00","dateModified":"2026-02-10T19:06:31+00:00","description":"R129 er Mercedes-Benz' 4 generasjon av SL-serien. En superbil fra 1990-tallet som kan kj\u00f8pes som veteran p\u00e5 20-\u00e5rsregelen.","breadcrumb":{"@id":"https:\/\/terjebjornstad.com\/no\/mercedes-benz-r129\/#breadcrumb"},"inLanguage":"nb-NO","potentialAction":[{"@type":"ReadAction","target":["https:\/\/terjebjornstad.com\/no\/mercedes-benz-r129\/"]}]},{"@type":"ImageObject","inLanguage":"nb-NO","@id":"https:\/\/terjebjornstad.com\/no\/mercedes-benz-r129\/#primaryimage","url":"https:\/\/i0.wp.com\/terjebjornstad.com\/no\/wp-content\/uploads\/2021\/06\/mercedes-benz-r129-500sl-1080x720-1.png?fit=1080%2C720&ssl=1","contentUrl":"https:\/\/i0.wp.com\/terjebjornstad.com\/no\/wp-content\/uploads\/2021\/06\/mercedes-benz-r129-500sl-1080x720-1.png?fit=1080%2C720&ssl=1","width":1080,"height":720,"caption":"Mercedes-Benz SL R129"},{"@type":"BreadcrumbList","@id":"https:\/\/terjebjornstad.com\/no\/mercedes-benz-r129\/#breadcrumb","itemListElement":[{"@type":"ListItem","position":1,"name":"Hjem","item":"https:\/\/terjebjornstad.com\/no\/"},{"@type":"ListItem","position":2,"name":"Mercedes-Benz R129"}]},{"@type":"WebSite","@id":"https:\/\/terjebjornstad.com\/no\/#website","url":"https:\/\/terjebjornstad.com\/no\/","name":"Terjes biler","description":"HONEST ABOUT CARS","publisher":{"@id":"https:\/\/terjebjornstad.com\/no\/#organization"},"alternateName":"Terjebjornstad.com","potentialAction":[{"@type":"SearchAction","target":{"@type":"EntryPoint","urlTemplate":"https:\/\/terjebjornstad.com\/no\/?s={search_term_string}"},"query-input":{"@type":"PropertyValueSpecification","valueRequired":true,"valueName":"search_term_string"}}],"inLanguage":"nb-NO"},{"@type":"Organization","@id":"https:\/\/terjebjornstad.com\/no\/#organization","name":"Terje Bj\u00f8rnstad ENK","url":"https:\/\/terjebjornstad.com\/no\/","logo":{"@type":"ImageObject","inLanguage":"nb-NO","@id":"https:\/\/terjebjornstad.com\/no\/#\/schema\/logo\/image\/","url":"https:\/\/i0.wp.com\/terjebjornstad.com\/no\/wp-content\/uploads\/2026\/02\/terjesbiler2024-960x354-1.png?fit=960%2C354&ssl=1","contentUrl":"https:\/\/i0.wp.com\/terjebjornstad.com\/no\/wp-content\/uploads\/2026\/02\/terjesbiler2024-960x354-1.png?fit=960%2C354&ssl=1","width":960,"height":354,"caption":"Terje Bj\u00f8rnstad ENK"},"image":{"@id":"https:\/\/terjebjornstad.com\/no\/#\/schema\/logo\/image\/"},"sameAs":["https:\/\/www.facebook.com\/terjesbiler\/","https:\/\/www.instagram.com\/terjesbiler\/","https:\/\/www.pinteres.com\/terjebjrnstad\/terjes-biler\/"]}]}},"jetpack_sharing_enabled":true,"jetpack_shortlink":"https:\/\/wp.me\/P48zYA-aCj","jetpack-related-posts":[{"id":5452,"url":"https:\/\/terjebjornstad.com\/no\/mercedes-benz\/","url_meta":{"origin":40815,"position":0},"title":"Bilmerket Mercedes-Benz har r\u00f8tter helt\u2026","author":"Terje Bj\u00f8rnstad","date":"22\/06\/2016","format":false,"excerpt":"Bilmerket Mercedes-Benz har r\u00f8tter helt tilbake til Karl Benz patenterte bil fra 1886 - verdens f\u00f8rste. Bilene har gjennom generasjoner v\u00e6rt regnet blant verdens beste med hensyn til kvalitet og holdbarhet. Siden 2019 er Mercedes-Benz et selskap under Daimler AG. Tidligere publisert om Mercedes-Benz Mercedes-Benz-modeller i tekst og bilder","rel":"","context":"Liknende innlegg","block_context":{"text":"Liknende innlegg","link":""},"img":{"alt_text":"mercedes-benz","src":"https:\/\/i0.wp.com\/terjebjornstad.com\/no\/wp-content\/uploads\/2023\/04\/mercedes-benz-logo-300x200-1.jpg?resize=350%2C200&ssl=1","width":350,"height":200},"classes":[]},{"id":18567,"url":"https:\/\/terjebjornstad.com\/no\/mercedes-benz-w110\/","url_meta":{"origin":40815,"position":1},"title":"Mercedes-Benz W110","author":"Terje Bj\u00f8rnstad","date":"10\/08\/2018","format":false,"excerpt":"Heckflosse Den ble kalt navn som \"finne-Mercedes\", \"fenmerca\", \"fin-tail\" og \"Heckflosse\" p\u00e5 grunn av sine finner. Designet dukket f\u00f8rst opp i 1959 i W111. Flere europeiske modeller fikk finner etter amerikanske 50-tallstrend, skj\u00f8nt finnene p\u00e5 Mercedes-Benz var ikke like dominerende - og vulg\u00e6re - som p\u00e5 samtidens amerikanere. To modeller\u2026","rel":"","context":"Liknende innlegg","block_context":{"text":"Liknende innlegg","link":""},"img":{"alt_text":"","src":"https:\/\/i0.wp.com\/terjebjornstad.com\/no\/wp-content\/uploads\/2018\/04\/mercedes-benz-heckflosse-686-1.png?fit=686%2C457&ssl=1&resize=350%2C200","width":350,"height":200,"srcset":"https:\/\/i0.wp.com\/terjebjornstad.com\/no\/wp-content\/uploads\/2018\/04\/mercedes-benz-heckflosse-686-1.png?fit=686%2C457&ssl=1&resize=350%2C200 1x, https:\/\/i0.wp.com\/terjebjornstad.com\/no\/wp-content\/uploads\/2018\/04\/mercedes-benz-heckflosse-686-1.png?fit=686%2C457&ssl=1&resize=525%2C300 1.5x"},"classes":[]},{"id":20496,"url":"https:\/\/terjebjornstad.com\/no\/mercedes-benz-sl-r107\/","url_meta":{"origin":40815,"position":2},"title":"Mercedes-Benz SL R107","author":"Terje Bj\u00f8rnstad","date":"30\/11\/2018","format":false,"excerpt":"R107 roadster eller C107 coup\u00e9 Mercedes-Benz SL med modellkode R107 er en 2-seter roadster med softtop eller hardtop. Den kunne ogs\u00e5 bestilles som 2+2 seter, men baksetet er i praksis ubrukelig, spesielt med nedsl\u00e5tt kalesje. Det finnes ogs\u00e5 en 4-seter coup\u00e9, kalt C107, som er en forlenget utgave av R107.\u2026","rel":"","context":"Liknende innlegg","block_context":{"text":"Liknende innlegg","link":""},"img":{"alt_text":"","src":"https:\/\/i0.wp.com\/terjebjornstad.com\/no\/wp-content\/uploads\/2018\/11\/mercedes-benz-sl-1080x720.png?fit=1080%2C720&ssl=1&resize=350%2C200","width":350,"height":200,"srcset":"https:\/\/i0.wp.com\/terjebjornstad.com\/no\/wp-content\/uploads\/2018\/11\/mercedes-benz-sl-1080x720.png?fit=1080%2C720&ssl=1&resize=350%2C200 1x, https:\/\/i0.wp.com\/terjebjornstad.com\/no\/wp-content\/uploads\/2018\/11\/mercedes-benz-sl-1080x720.png?fit=1080%2C720&ssl=1&resize=525%2C300 1.5x, https:\/\/i0.wp.com\/terjebjornstad.com\/no\/wp-content\/uploads\/2018\/11\/mercedes-benz-sl-1080x720.png?fit=1080%2C720&ssl=1&resize=700%2C400 2x, https:\/\/i0.wp.com\/terjebjornstad.com\/no\/wp-content\/uploads\/2018\/11\/mercedes-benz-sl-1080x720.png?fit=1080%2C720&ssl=1&resize=1050%2C600 3x"},"classes":[]},{"id":19458,"url":"https:\/\/terjebjornstad.com\/no\/mercedes-benz-w108\/","url_meta":{"origin":40815,"position":3},"title":"Mercedes-Benz W108","author":"Terje Bj\u00f8rnstad","date":"26\/09\/2018","format":false,"excerpt":"Da hekkfinnene ikke lenger var moderne, ble Mercedes-Benz tvunget til \u00e5 oppgradere sin \"Heckflosse\" model W111. Midtlivs-fornyelsen W108 var etterf\u00f8lgeren til W111 \u2013 de store finne-Mercedes\u2019ene med 6-sylindrede motorer. Normalt er levetiden p\u00e5 Mercedes-Benz-modeller mye lenger enn 5 \u00e5r, men siden \"heckflosse\" (finner) br\u00e5tt ble umoderne p\u00e5 midten av 60-tallet,\u2026","rel":"","context":"Liknende innlegg","block_context":{"text":"Liknende innlegg","link":""},"img":{"alt_text":"","src":"https:\/\/i0.wp.com\/terjebjornstad.com\/no\/wp-content\/uploads\/2025\/09\/1967-mercedes-benz-250-s-1920x1920-1.jpg?resize=350%2C200&ssl=1","width":350,"height":200,"srcset":"https:\/\/i0.wp.com\/terjebjornstad.com\/no\/wp-content\/uploads\/2025\/09\/1967-mercedes-benz-250-s-1920x1920-1.jpg?resize=350%2C200&ssl=1 1x, https:\/\/i0.wp.com\/terjebjornstad.com\/no\/wp-content\/uploads\/2025\/09\/1967-mercedes-benz-250-s-1920x1920-1.jpg?resize=525%2C300&ssl=1 1.5x, https:\/\/i0.wp.com\/terjebjornstad.com\/no\/wp-content\/uploads\/2025\/09\/1967-mercedes-benz-250-s-1920x1920-1.jpg?resize=700%2C400&ssl=1 2x, https:\/\/i0.wp.com\/terjebjornstad.com\/no\/wp-content\/uploads\/2025\/09\/1967-mercedes-benz-250-s-1920x1920-1.jpg?resize=1050%2C600&ssl=1 3x, https:\/\/i0.wp.com\/terjebjornstad.com\/no\/wp-content\/uploads\/2025\/09\/1967-mercedes-benz-250-s-1920x1920-1.jpg?resize=1400%2C800&ssl=1 4x"},"classes":[]},{"id":5760,"url":"https:\/\/terjebjornstad.com\/no\/1962-studebaker-gran-turismo\/","url_meta":{"origin":40815,"position":4},"title":"Studebaker Gran Turismo Hawk","author":"Terje Bj\u00f8rnstad","date":"23\/06\/2016","format":false,"excerpt":"Studebaker Hawk Hawk ble produsert i flere modeller og serier mellom 1953 og 1963, skj\u00f8nt modellene var bygget mer eller mindre over samme lest. Det var fullsize 2-d\u00f8rers coup\u00e9 eller hardtop med 4 seter. Studebaker Gran Turismo Hawk - ogs\u00e5 kalt GT Hawk - var den siste, produsert fra 1962\u2026","rel":"","context":"Liknende innlegg","block_context":{"text":"Liknende innlegg","link":""},"img":{"alt_text":"motordilla","src":"https:\/\/i0.wp.com\/terjebjornstad.com\/no\/wp-content\/uploads\/2022\/06\/1963-studebaker-gran-turismo-hawk-1080x720-1.png?fit=1080%2C720&ssl=1&resize=350%2C200","width":350,"height":200,"srcset":"https:\/\/i0.wp.com\/terjebjornstad.com\/no\/wp-content\/uploads\/2022\/06\/1963-studebaker-gran-turismo-hawk-1080x720-1.png?fit=1080%2C720&ssl=1&resize=350%2C200 1x, https:\/\/i0.wp.com\/terjebjornstad.com\/no\/wp-content\/uploads\/2022\/06\/1963-studebaker-gran-turismo-hawk-1080x720-1.png?fit=1080%2C720&ssl=1&resize=525%2C300 1.5x, https:\/\/i0.wp.com\/terjebjornstad.com\/no\/wp-content\/uploads\/2022\/06\/1963-studebaker-gran-turismo-hawk-1080x720-1.png?fit=1080%2C720&ssl=1&resize=700%2C400 2x, https:\/\/i0.wp.com\/terjebjornstad.com\/no\/wp-content\/uploads\/2022\/06\/1963-studebaker-gran-turismo-hawk-1080x720-1.png?fit=1080%2C720&ssl=1&resize=1050%2C600 3x"},"classes":[]},{"id":75191,"url":"https:\/\/terjebjornstad.com\/no\/chrysler-crossfire\/","url_meta":{"origin":40815,"position":5},"title":"Chrysler Crossfire","author":"Terje Bj\u00f8rnstad","date":"01\/10\/2024","format":false,"excerpt":"Chrysler Crossfire deler plattform og drivverk med Mercedes-Benz SLK (R170), men fikk et helt eget design som bragte minner om tidligere Art Deco stil og klassiske Chrysler-modeller. Et design som fikk b\u00e5de ros og ris Chrysler har gjennom \u00e5rene utviklet flere modeller med hva man kan kalle v\u00e5gale utforminger. Ett\u2026","rel":"","context":"Liknende innlegg","block_context":{"text":"Liknende innlegg","link":""},"img":{"alt_text":"","src":"https:\/\/i0.wp.com\/terjebjornstad.com\/no\/wp-content\/uploads\/2019\/06\/chrysler-crossfire-1080x720.png?fit=1080%2C720&ssl=1&resize=350%2C200","width":350,"height":200,"srcset":"https:\/\/i0.wp.com\/terjebjornstad.com\/no\/wp-content\/uploads\/2019\/06\/chrysler-crossfire-1080x720.png?fit=1080%2C720&ssl=1&resize=350%2C200 1x, https:\/\/i0.wp.com\/terjebjornstad.com\/no\/wp-content\/uploads\/2019\/06\/chrysler-crossfire-1080x720.png?fit=1080%2C720&ssl=1&resize=525%2C300 1.5x, https:\/\/i0.wp.com\/terjebjornstad.com\/no\/wp-content\/uploads\/2019\/06\/chrysler-crossfire-1080x720.png?fit=1080%2C720&ssl=1&resize=700%2C400 2x, https:\/\/i0.wp.com\/terjebjornstad.com\/no\/wp-content\/uploads\/2019\/06\/chrysler-crossfire-1080x720.png?fit=1080%2C720&ssl=1&resize=1050%2C600 3x"},"classes":[]}],"_links":{"self":[{"href":"https:\/\/terjebjornstad.com\/no\/wp-json\/wp\/v2\/pages\/40815","targetHints":{"allow":["GET"]}}],"collection":[{"href":"https:\/\/terjebjornstad.com\/no\/wp-json\/wp\/v2\/pages"}],"about":[{"href":"https:\/\/terjebjornstad.com\/no\/wp-json\/wp\/v2\/types\/page"}],"author":[{"embeddable":true,"href":"https:\/\/terjebjornstad.com\/no\/wp-json\/wp\/v2\/users\/1"}],"replies":[{"embeddable":true,"href":"https:\/\/terjebjornstad.com\/no\/wp-json\/wp\/v2\/comments?post=40815"}],"version-history":[{"count":38,"href":"https:\/\/terjebjornstad.com\/no\/wp-json\/wp\/v2\/pages\/40815\/revisions"}],"predecessor-version":[{"id":89117,"href":"https:\/\/terjebjornstad.com\/no\/wp-json\/wp\/v2\/pages\/40815\/revisions\/89117"}],"wp:featuredmedia":[{"embeddable":true,"href":"https:\/\/terjebjornstad.com\/no\/wp-json\/wp\/v2\/media\/40817"}],"wp:attachment":[{"href":"https:\/\/terjebjornstad.com\/no\/wp-json\/wp\/v2\/media?parent=40815"}],"curies":[{"name":"wp","href":"https:\/\/api.w.org\/{rel}","templated":true}]}}