{"id":27349,"date":"2019-10-29T23:31:27","date_gmt":"2019-10-29T23:31:27","guid":{"rendered":"https:\/\/terjebjornstad.com\/no\/?page_id=27349"},"modified":"2026-02-10T19:57:26","modified_gmt":"2026-02-10T18:57:26","slug":"mercedes-benz-w120","status":"publish","type":"page","link":"https:\/\/terjebjornstad.com\/no\/mercedes-benz-w120\/","title":{"rendered":"Mercedes-Benz W120"},"content":{"rendered":"<div class=\"copy_teb\"><figure id=\"attachment_18686\" aria-describedby=\"caption-attachment-18686\" style=\"width: 1080px\" class=\"wp-caption aligncenter\"><a href=\"https:\/\/i0.wp.com\/terjebjornstad.com\/no\/wp-content\/uploads\/2018\/08\/mercedes-benz-ponton-1080x720.png?ssl=1\"><img data-recalc-dims=\"1\" loading=\"lazy\" decoding=\"async\" data-attachment-id=\"18686\" data-permalink=\"https:\/\/terjebjornstad.com\/no\/mercedes-benz-w110\/mercedes-benz-ponton-1080x720\/\" data-orig-file=\"https:\/\/i0.wp.com\/terjebjornstad.com\/no\/wp-content\/uploads\/2018\/08\/mercedes-benz-ponton-1080x720.png?fit=1080%2C720&amp;ssl=1\" data-orig-size=\"1080,720\" data-comments-opened=\"1\" data-image-meta=\"{&quot;aperture&quot;:&quot;0&quot;,&quot;credit&quot;:&quot;&quot;,&quot;camera&quot;:&quot;&quot;,&quot;caption&quot;:&quot;&quot;,&quot;created_timestamp&quot;:&quot;0&quot;,&quot;copyright&quot;:&quot;&quot;,&quot;focal_length&quot;:&quot;0&quot;,&quot;iso&quot;:&quot;0&quot;,&quot;shutter_speed&quot;:&quot;0&quot;,&quot;title&quot;:&quot;&quot;,&quot;orientation&quot;:&quot;0&quot;}\" data-image-title=\"mercedes-benz-ponton-1080&amp;#215;720\" data-image-description=\"\" data-image-caption=\"&lt;p&gt;Mercedes-Benz W120&lt;\/p&gt;\n\" data-large-file=\"https:\/\/i0.wp.com\/terjebjornstad.com\/no\/wp-content\/uploads\/2018\/08\/mercedes-benz-ponton-1080x720.png?fit=980%2C654&amp;ssl=1\" class=\"size-full wp-image-18686\" src=\"https:\/\/i0.wp.com\/terjebjornstad.com\/no\/wp-content\/uploads\/2018\/08\/mercedes-benz-ponton-1080x720.png?resize=980%2C653&#038;ssl=1\" alt=\"\" width=\"980\" height=\"653\" srcset=\"https:\/\/i0.wp.com\/terjebjornstad.com\/no\/wp-content\/uploads\/2018\/08\/mercedes-benz-ponton-1080x720.png?resize=1080%2C720&amp;ssl=1 1080w, https:\/\/i0.wp.com\/terjebjornstad.com\/no\/wp-content\/uploads\/2018\/08\/mercedes-benz-ponton-1080x720.png?resize=300%2C200&amp;ssl=1 300w, https:\/\/i0.wp.com\/terjebjornstad.com\/no\/wp-content\/uploads\/2018\/08\/mercedes-benz-ponton-1080x720.png?resize=768%2C512&amp;ssl=1 768w, https:\/\/i0.wp.com\/terjebjornstad.com\/no\/wp-content\/uploads\/2018\/08\/mercedes-benz-ponton-1080x720.png?resize=1024%2C683&amp;ssl=1 1024w, https:\/\/i0.wp.com\/terjebjornstad.com\/no\/wp-content\/uploads\/2018\/08\/mercedes-benz-ponton-1080x720.png?resize=690%2C460&amp;ssl=1 690w, https:\/\/i0.wp.com\/terjebjornstad.com\/no\/wp-content\/uploads\/2018\/08\/mercedes-benz-ponton-1080x720.png?resize=980%2C653&amp;ssl=1 980w\" sizes=\"auto, (max-width: 980px) 100vw, 980px\" \/><\/a><figcaption id=\"caption-attachment-18686\" class=\"wp-caption-text\">Mercedes-Benz &laquo;ponton&raquo;<\/figcaption><\/figure><\/p>\n\n<h3 class=\"tebh2\">180-serien &laquo;Ponton&raquo;<\/h3>\n<p>Den lille Mercedes-Benz fra 1950-\u00e5rene ble kalt 180 og 190, med intern betegnelse henholdsvis W120 og W121 &#8211; begge firesylindrede motorer. Modellen er &laquo;lillebroren&raquo; til W180 med rekkesekser. I f\u00f8lge Automobile-catalog.com er W120\/W121 ca 20 cm kortere samt kortere akselavstand. Modellen fikk en facelift for 1960-\u00e5rgangen i form av en bredere grill og smalere baklys. En Mercedes-Benz 190D fra 1960 med 1,9 liters dieselmotor yter 56 HK og akselererer fra 0-100 p\u00e5 31,4 sekunder med en toppfart p\u00e5 120 km\/t.<\/p>\n<h3 class=\"tebh2\">Typisk tjenestebil<\/h3>\n<p>Mercedes-Benz 180, 190 og 190D var ingen bil for &laquo;hvermannsen&raquo;, &#8211; selv etter at bilsalget ble sluppet fri i 1960. Jeg tipper at flere har tilbragt sine f\u00f8rste \u00e5r som tjenestebil &#8211; kanskje tjenestegjort som drosje, i representasjon eller som doktorbil?<br \/>\n&nbsp;<\/p>\n<h3 class=\"tebh2ingreslbcenter\">1953-1959<\/h3>\n<p><figure id=\"attachment_71533\" aria-describedby=\"caption-attachment-71533\" style=\"width: 1920px\" class=\"wp-caption aligncenter\"><a href=\"https:\/\/i0.wp.com\/terjebjornstad.com\/no\/wp-content\/uploads\/2024\/05\/mercedes-benz-1920x1280-1.jpg?ssl=1\"><img data-recalc-dims=\"1\" loading=\"lazy\" decoding=\"async\" data-attachment-id=\"71533\" data-permalink=\"https:\/\/terjebjornstad.com\/no\/2024\/05\/06\/bilder-fra-rva66-nr-300\/mercedes-benz-1920x1280\/\" data-orig-file=\"https:\/\/i0.wp.com\/terjebjornstad.com\/no\/wp-content\/uploads\/2024\/05\/mercedes-benz-1920x1280-1.jpg?fit=1920%2C1280&amp;ssl=1\" data-orig-size=\"1920,1280\" data-comments-opened=\"1\" data-image-meta=\"{&quot;aperture&quot;:&quot;0&quot;,&quot;credit&quot;:&quot;&quot;,&quot;camera&quot;:&quot;&quot;,&quot;caption&quot;:&quot;&quot;,&quot;created_timestamp&quot;:&quot;0&quot;,&quot;copyright&quot;:&quot;&quot;,&quot;focal_length&quot;:&quot;0&quot;,&quot;iso&quot;:&quot;0&quot;,&quot;shutter_speed&quot;:&quot;0&quot;,&quot;title&quot;:&quot;&quot;,&quot;orientation&quot;:&quot;0&quot;}\" data-image-title=\"mercedes-benz-1920&amp;#215;1280\" data-image-description=\"\" data-image-caption=\"&lt;p&gt;Mercedes Benz 190 &amp;laquo;Ponton&amp;raquo;&lt;\/p&gt;\n\" data-large-file=\"https:\/\/i0.wp.com\/terjebjornstad.com\/no\/wp-content\/uploads\/2024\/05\/mercedes-benz-1920x1280-1.jpg?fit=980%2C653&amp;ssl=1\" src=\"https:\/\/i0.wp.com\/terjebjornstad.com\/no\/wp-content\/uploads\/2024\/05\/mercedes-benz-1920x1280-1.jpg?resize=980%2C653&#038;ssl=1\" alt=\"\" width=\"980\" height=\"653\" class=\"size-full wp-image-71533\" srcset=\"https:\/\/i0.wp.com\/terjebjornstad.com\/no\/wp-content\/uploads\/2024\/05\/mercedes-benz-1920x1280-1.jpg?w=1920&amp;ssl=1 1920w, https:\/\/i0.wp.com\/terjebjornstad.com\/no\/wp-content\/uploads\/2024\/05\/mercedes-benz-1920x1280-1.jpg?resize=300%2C200&amp;ssl=1 300w, https:\/\/i0.wp.com\/terjebjornstad.com\/no\/wp-content\/uploads\/2024\/05\/mercedes-benz-1920x1280-1.jpg?resize=1080%2C720&amp;ssl=1 1080w, https:\/\/i0.wp.com\/terjebjornstad.com\/no\/wp-content\/uploads\/2024\/05\/mercedes-benz-1920x1280-1.jpg?resize=768%2C512&amp;ssl=1 768w, https:\/\/i0.wp.com\/terjebjornstad.com\/no\/wp-content\/uploads\/2024\/05\/mercedes-benz-1920x1280-1.jpg?resize=1536%2C1024&amp;ssl=1 1536w, https:\/\/i0.wp.com\/terjebjornstad.com\/no\/wp-content\/uploads\/2024\/05\/mercedes-benz-1920x1280-1.jpg?resize=690%2C460&amp;ssl=1 690w, https:\/\/i0.wp.com\/terjebjornstad.com\/no\/wp-content\/uploads\/2024\/05\/mercedes-benz-1920x1280-1.jpg?resize=980%2C653&amp;ssl=1 980w\" sizes=\"auto, (max-width: 980px) 100vw, 980px\" \/><\/a><figcaption id=\"caption-attachment-71533\" class=\"wp-caption-text\">Mercedes Benz 190 &laquo;Ponton&raquo; i fargen Feuerrot.<\/figcaption><\/figure><br \/>\n&nbsp;<br \/>\n<figure id=\"attachment_75173\" aria-describedby=\"caption-attachment-75173\" style=\"width: 1920px\" class=\"wp-caption aligncenter\"><a href=\"https:\/\/i0.wp.com\/terjebjornstad.com\/no\/wp-content\/uploads\/2024\/09\/1959-mercedes-benz-180-1920x1280-1.jpg?ssl=1\"><img data-recalc-dims=\"1\" loading=\"lazy\" decoding=\"async\" data-attachment-id=\"75173\" data-permalink=\"https:\/\/terjebjornstad.com\/no\/mercedes-benz-w120\/1959-mercedes-benz-180-1920x1280\/\" data-orig-file=\"https:\/\/i0.wp.com\/terjebjornstad.com\/no\/wp-content\/uploads\/2024\/09\/1959-mercedes-benz-180-1920x1280-1.jpg?fit=1920%2C1280&amp;ssl=1\" data-orig-size=\"1920,1280\" data-comments-opened=\"1\" data-image-meta=\"{&quot;aperture&quot;:&quot;0&quot;,&quot;credit&quot;:&quot;&quot;,&quot;camera&quot;:&quot;&quot;,&quot;caption&quot;:&quot;&quot;,&quot;created_timestamp&quot;:&quot;0&quot;,&quot;copyright&quot;:&quot;&quot;,&quot;focal_length&quot;:&quot;0&quot;,&quot;iso&quot;:&quot;0&quot;,&quot;shutter_speed&quot;:&quot;0&quot;,&quot;title&quot;:&quot;&quot;,&quot;orientation&quot;:&quot;0&quot;}\" data-image-title=\"1959-mercedes-benz-180-1920&amp;#215;1280\" data-image-description=\"\" data-image-caption=\"&lt;p&gt;1959 Mercedes-Benz 180&lt;\/p&gt;\n\" data-large-file=\"https:\/\/i0.wp.com\/terjebjornstad.com\/no\/wp-content\/uploads\/2024\/09\/1959-mercedes-benz-180-1920x1280-1.jpg?fit=980%2C653&amp;ssl=1\" src=\"https:\/\/i0.wp.com\/terjebjornstad.com\/no\/wp-content\/uploads\/2024\/09\/1959-mercedes-benz-180-1920x1280-1.jpg?resize=980%2C653&#038;ssl=1\" alt=\"\" width=\"980\" height=\"653\" class=\"size-full wp-image-75173\" srcset=\"https:\/\/i0.wp.com\/terjebjornstad.com\/no\/wp-content\/uploads\/2024\/09\/1959-mercedes-benz-180-1920x1280-1.jpg?w=1920&amp;ssl=1 1920w, https:\/\/i0.wp.com\/terjebjornstad.com\/no\/wp-content\/uploads\/2024\/09\/1959-mercedes-benz-180-1920x1280-1.jpg?resize=300%2C200&amp;ssl=1 300w, https:\/\/i0.wp.com\/terjebjornstad.com\/no\/wp-content\/uploads\/2024\/09\/1959-mercedes-benz-180-1920x1280-1.jpg?resize=1080%2C720&amp;ssl=1 1080w, https:\/\/i0.wp.com\/terjebjornstad.com\/no\/wp-content\/uploads\/2024\/09\/1959-mercedes-benz-180-1920x1280-1.jpg?resize=768%2C512&amp;ssl=1 768w, https:\/\/i0.wp.com\/terjebjornstad.com\/no\/wp-content\/uploads\/2024\/09\/1959-mercedes-benz-180-1920x1280-1.jpg?resize=1536%2C1024&amp;ssl=1 1536w, https:\/\/i0.wp.com\/terjebjornstad.com\/no\/wp-content\/uploads\/2024\/09\/1959-mercedes-benz-180-1920x1280-1.jpg?resize=690%2C460&amp;ssl=1 690w, https:\/\/i0.wp.com\/terjebjornstad.com\/no\/wp-content\/uploads\/2024\/09\/1959-mercedes-benz-180-1920x1280-1.jpg?resize=980%2C653&amp;ssl=1 980w\" sizes=\"auto, (max-width: 980px) 100vw, 980px\" \/><\/a><figcaption id=\"caption-attachment-75173\" class=\"wp-caption-text\">1959 Mercedes-Benz 180<\/figcaption><\/figure><\/p>\n<h3 class=\"tebh2ingreslbcenter\">1960-1962<\/h3>\n<p><figure id=\"attachment_43025\" aria-describedby=\"caption-attachment-43025\" style=\"width: 1080px\" class=\"wp-caption aligncenter\"><a href=\"https:\/\/i0.wp.com\/terjebjornstad.com\/no\/wp-content\/uploads\/2021\/09\/1961-mercedes-benz-190d-2-1080x720-1.png?ssl=1\"><img data-recalc-dims=\"1\" loading=\"lazy\" decoding=\"async\" data-attachment-id=\"43025\" data-permalink=\"https:\/\/terjebjornstad.com\/no\/mercedes-benz-w120\/1961-mercedes-benz-190d-2-1080x720\/\" data-orig-file=\"https:\/\/i0.wp.com\/terjebjornstad.com\/no\/wp-content\/uploads\/2021\/09\/1961-mercedes-benz-190d-2-1080x720-1.png?fit=1080%2C720&amp;ssl=1\" data-orig-size=\"1080,720\" data-comments-opened=\"1\" data-image-meta=\"{&quot;aperture&quot;:&quot;0&quot;,&quot;credit&quot;:&quot;&quot;,&quot;camera&quot;:&quot;&quot;,&quot;caption&quot;:&quot;&quot;,&quot;created_timestamp&quot;:&quot;0&quot;,&quot;copyright&quot;:&quot;&quot;,&quot;focal_length&quot;:&quot;0&quot;,&quot;iso&quot;:&quot;0&quot;,&quot;shutter_speed&quot;:&quot;0&quot;,&quot;title&quot;:&quot;&quot;,&quot;orientation&quot;:&quot;0&quot;}\" data-image-title=\"1961-mercedes-benz-190d-2-1080&amp;#215;720\" data-image-description=\"\" data-image-caption=\"&lt;p&gt;1961 Meredes-Benz 190D (Diesel)&lt;\/p&gt;\n\" data-large-file=\"https:\/\/i0.wp.com\/terjebjornstad.com\/no\/wp-content\/uploads\/2021\/09\/1961-mercedes-benz-190d-2-1080x720-1.png?fit=980%2C653&amp;ssl=1\" class=\"size-full wp-image-43025\" src=\"https:\/\/i0.wp.com\/terjebjornstad.com\/no\/wp-content\/uploads\/2021\/09\/1961-mercedes-benz-190d-2-1080x720-1.png?resize=980%2C653&#038;ssl=1\" alt=\"w120\" width=\"980\" height=\"653\" srcset=\"https:\/\/i0.wp.com\/terjebjornstad.com\/no\/wp-content\/uploads\/2021\/09\/1961-mercedes-benz-190d-2-1080x720-1.png?w=1080&amp;ssl=1 1080w, https:\/\/i0.wp.com\/terjebjornstad.com\/no\/wp-content\/uploads\/2021\/09\/1961-mercedes-benz-190d-2-1080x720-1.png?resize=300%2C200&amp;ssl=1 300w, https:\/\/i0.wp.com\/terjebjornstad.com\/no\/wp-content\/uploads\/2021\/09\/1961-mercedes-benz-190d-2-1080x720-1.png?resize=768%2C512&amp;ssl=1 768w, https:\/\/i0.wp.com\/terjebjornstad.com\/no\/wp-content\/uploads\/2021\/09\/1961-mercedes-benz-190d-2-1080x720-1.png?resize=690%2C460&amp;ssl=1 690w, https:\/\/i0.wp.com\/terjebjornstad.com\/no\/wp-content\/uploads\/2021\/09\/1961-mercedes-benz-190d-2-1080x720-1.png?resize=980%2C653&amp;ssl=1 980w\" sizes=\"auto, (max-width: 980px) 100vw, 980px\" \/><\/a><figcaption id=\"caption-attachment-43025\" class=\"wp-caption-text\">1961 Meredes-Benz 190D (Diesel)<\/figcaption><\/figure><br \/>\n&nbsp;<br \/>\n<figure id=\"attachment_43024\" aria-describedby=\"caption-attachment-43024\" style=\"width: 1080px\" class=\"wp-caption aligncenter\"><a href=\"https:\/\/i0.wp.com\/terjebjornstad.com\/no\/wp-content\/uploads\/2021\/09\/1961-mercedes-benz-190d-1-1080c720.png?ssl=1\"><img data-recalc-dims=\"1\" loading=\"lazy\" decoding=\"async\" data-attachment-id=\"43024\" data-permalink=\"https:\/\/terjebjornstad.com\/no\/mercedes-benz-w120\/1961-mercedes-benz-190d-1-1080c720\/\" data-orig-file=\"https:\/\/i0.wp.com\/terjebjornstad.com\/no\/wp-content\/uploads\/2021\/09\/1961-mercedes-benz-190d-1-1080c720.png?fit=1080%2C720&amp;ssl=1\" data-orig-size=\"1080,720\" data-comments-opened=\"1\" data-image-meta=\"{&quot;aperture&quot;:&quot;0&quot;,&quot;credit&quot;:&quot;&quot;,&quot;camera&quot;:&quot;&quot;,&quot;caption&quot;:&quot;&quot;,&quot;created_timestamp&quot;:&quot;0&quot;,&quot;copyright&quot;:&quot;&quot;,&quot;focal_length&quot;:&quot;0&quot;,&quot;iso&quot;:&quot;0&quot;,&quot;shutter_speed&quot;:&quot;0&quot;,&quot;title&quot;:&quot;&quot;,&quot;orientation&quot;:&quot;0&quot;}\" data-image-title=\"1961-mercedes-benz-190d-1-1080c720\" data-image-description=\"\" data-image-caption=\"&lt;p&gt;1961 Meredes-Benz 190D&lt;\/p&gt;\n\" data-large-file=\"https:\/\/i0.wp.com\/terjebjornstad.com\/no\/wp-content\/uploads\/2021\/09\/1961-mercedes-benz-190d-1-1080c720.png?fit=980%2C653&amp;ssl=1\" class=\"size-full wp-image-43024\" src=\"https:\/\/i0.wp.com\/terjebjornstad.com\/no\/wp-content\/uploads\/2021\/09\/1961-mercedes-benz-190d-1-1080c720.png?resize=980%2C653&#038;ssl=1\" alt=\"w120\" width=\"980\" height=\"653\" srcset=\"https:\/\/i0.wp.com\/terjebjornstad.com\/no\/wp-content\/uploads\/2021\/09\/1961-mercedes-benz-190d-1-1080c720.png?w=1080&amp;ssl=1 1080w, https:\/\/i0.wp.com\/terjebjornstad.com\/no\/wp-content\/uploads\/2021\/09\/1961-mercedes-benz-190d-1-1080c720.png?resize=300%2C200&amp;ssl=1 300w, https:\/\/i0.wp.com\/terjebjornstad.com\/no\/wp-content\/uploads\/2021\/09\/1961-mercedes-benz-190d-1-1080c720.png?resize=768%2C512&amp;ssl=1 768w, https:\/\/i0.wp.com\/terjebjornstad.com\/no\/wp-content\/uploads\/2021\/09\/1961-mercedes-benz-190d-1-1080c720.png?resize=690%2C460&amp;ssl=1 690w, https:\/\/i0.wp.com\/terjebjornstad.com\/no\/wp-content\/uploads\/2021\/09\/1961-mercedes-benz-190d-1-1080c720.png?resize=980%2C653&amp;ssl=1 980w\" sizes=\"auto, (max-width: 980px) 100vw, 980px\" \/><\/a><figcaption id=\"caption-attachment-43024\" class=\"wp-caption-text\">1961 Meredes-Benz 190D (w121)<\/figcaption><\/figure><br \/>\n&nbsp;<br \/>\n<figure id=\"attachment_81191\" aria-describedby=\"caption-attachment-81191\" style=\"width: 1920px\" class=\"wp-caption aligncenter\"><a href=\"https:\/\/i0.wp.com\/terjebjornstad.com\/no\/wp-content\/uploads\/2025\/06\/17-1960-mercedes-benz-190b-1920x1280-1.jpg?ssl=1\"><img data-recalc-dims=\"1\" loading=\"lazy\" decoding=\"async\" data-attachment-id=\"81191\" data-permalink=\"https:\/\/terjebjornstad.com\/no\/2025\/06\/15\/kjoretoyutstilling-i-gunnarsboparken\/17-1960-mercedes-benz-190b-1920x1280\/\" data-orig-file=\"https:\/\/i0.wp.com\/terjebjornstad.com\/no\/wp-content\/uploads\/2025\/06\/17-1960-mercedes-benz-190b-1920x1280-1.jpg?fit=1920%2C1280&amp;ssl=1\" data-orig-size=\"1920,1280\" data-comments-opened=\"1\" data-image-meta=\"{&quot;aperture&quot;:&quot;0&quot;,&quot;credit&quot;:&quot;&quot;,&quot;camera&quot;:&quot;&quot;,&quot;caption&quot;:&quot;&quot;,&quot;created_timestamp&quot;:&quot;0&quot;,&quot;copyright&quot;:&quot;&quot;,&quot;focal_length&quot;:&quot;0&quot;,&quot;iso&quot;:&quot;0&quot;,&quot;shutter_speed&quot;:&quot;0&quot;,&quot;title&quot;:&quot;&quot;,&quot;orientation&quot;:&quot;0&quot;}\" data-image-title=\"17-1960-mercedes-benz-190b-1920&amp;#215;1280\" data-image-description=\"\" data-image-caption=\"&lt;p&gt;1960 Mercedes-Benz 190b&lt;\/p&gt;\n\" data-large-file=\"https:\/\/i0.wp.com\/terjebjornstad.com\/no\/wp-content\/uploads\/2025\/06\/17-1960-mercedes-benz-190b-1920x1280-1.jpg?fit=980%2C653&amp;ssl=1\" src=\"https:\/\/i0.wp.com\/terjebjornstad.com\/no\/wp-content\/uploads\/2025\/06\/17-1960-mercedes-benz-190b-1920x1280-1.jpg?resize=980%2C653&#038;ssl=1\" alt=\"\" width=\"980\" height=\"653\" class=\"size-full wp-image-81191\" srcset=\"https:\/\/i0.wp.com\/terjebjornstad.com\/no\/wp-content\/uploads\/2025\/06\/17-1960-mercedes-benz-190b-1920x1280-1.jpg?w=1920&amp;ssl=1 1920w, https:\/\/i0.wp.com\/terjebjornstad.com\/no\/wp-content\/uploads\/2025\/06\/17-1960-mercedes-benz-190b-1920x1280-1.jpg?resize=300%2C200&amp;ssl=1 300w, https:\/\/i0.wp.com\/terjebjornstad.com\/no\/wp-content\/uploads\/2025\/06\/17-1960-mercedes-benz-190b-1920x1280-1.jpg?resize=1080%2C720&amp;ssl=1 1080w, https:\/\/i0.wp.com\/terjebjornstad.com\/no\/wp-content\/uploads\/2025\/06\/17-1960-mercedes-benz-190b-1920x1280-1.jpg?resize=768%2C512&amp;ssl=1 768w, https:\/\/i0.wp.com\/terjebjornstad.com\/no\/wp-content\/uploads\/2025\/06\/17-1960-mercedes-benz-190b-1920x1280-1.jpg?resize=1536%2C1024&amp;ssl=1 1536w, https:\/\/i0.wp.com\/terjebjornstad.com\/no\/wp-content\/uploads\/2025\/06\/17-1960-mercedes-benz-190b-1920x1280-1.jpg?resize=690%2C460&amp;ssl=1 690w, https:\/\/i0.wp.com\/terjebjornstad.com\/no\/wp-content\/uploads\/2025\/06\/17-1960-mercedes-benz-190b-1920x1280-1.jpg?resize=980%2C653&amp;ssl=1 980w\" sizes=\"auto, (max-width: 980px) 100vw, 980px\" \/><\/a><figcaption id=\"caption-attachment-81191\" class=\"wp-caption-text\">1960 Mercedes-Benz 190b<\/figcaption><\/figure><br \/>\n&nbsp;<\/p>\n<h3 class=\"tebh2ingreslbcenter\">Mercedes 180 Ambulanse<\/h3>\n<p><figure id=\"attachment_84074\" aria-describedby=\"caption-attachment-84074\" style=\"width: 1920px\" class=\"wp-caption aligncenter\"><a href=\"https:\/\/i0.wp.com\/terjebjornstad.com\/no\/wp-content\/uploads\/2025\/09\/zz-1956-mercedes-benz-w120-1737-1920x1280-1.jpg?ssl=1\"><img data-recalc-dims=\"1\" loading=\"lazy\" decoding=\"async\" data-attachment-id=\"84074\" data-permalink=\"https:\/\/terjebjornstad.com\/no\/2025\/09\/07\/veteranbiltreff-hos-andresen-bil-ski\/zz-1956-mercedes-benz-w120-1737-1920x1280\/\" data-orig-file=\"https:\/\/i0.wp.com\/terjebjornstad.com\/no\/wp-content\/uploads\/2025\/09\/zz-1956-mercedes-benz-w120-1737-1920x1280-1.jpg?fit=1920%2C1280&amp;ssl=1\" data-orig-size=\"1920,1280\" data-comments-opened=\"1\" data-image-meta=\"{&quot;aperture&quot;:&quot;0&quot;,&quot;credit&quot;:&quot;&quot;,&quot;camera&quot;:&quot;&quot;,&quot;caption&quot;:&quot;&quot;,&quot;created_timestamp&quot;:&quot;0&quot;,&quot;copyright&quot;:&quot;&quot;,&quot;focal_length&quot;:&quot;0&quot;,&quot;iso&quot;:&quot;0&quot;,&quot;shutter_speed&quot;:&quot;0&quot;,&quot;title&quot;:&quot;&quot;,&quot;orientation&quot;:&quot;0&quot;}\" data-image-title=\"zz-1956-mercedes-benz-w120-1737-1920&amp;#215;1280\" data-image-description=\"\" data-image-caption=\"&lt;p&gt;1956 Mercedes-Benz 180 Ambulanse.&lt;\/p&gt;\n\" data-large-file=\"https:\/\/i0.wp.com\/terjebjornstad.com\/no\/wp-content\/uploads\/2025\/09\/zz-1956-mercedes-benz-w120-1737-1920x1280-1.jpg?fit=980%2C653&amp;ssl=1\" src=\"https:\/\/i0.wp.com\/terjebjornstad.com\/no\/wp-content\/uploads\/2025\/09\/zz-1956-mercedes-benz-w120-1737-1920x1280-1.jpg?resize=980%2C653&#038;ssl=1\" alt=\"Terjes biler\" width=\"980\" height=\"653\" class=\"size-full wp-image-84074\" srcset=\"https:\/\/i0.wp.com\/terjebjornstad.com\/no\/wp-content\/uploads\/2025\/09\/zz-1956-mercedes-benz-w120-1737-1920x1280-1.jpg?w=1920&amp;ssl=1 1920w, https:\/\/i0.wp.com\/terjebjornstad.com\/no\/wp-content\/uploads\/2025\/09\/zz-1956-mercedes-benz-w120-1737-1920x1280-1.jpg?resize=300%2C200&amp;ssl=1 300w, https:\/\/i0.wp.com\/terjebjornstad.com\/no\/wp-content\/uploads\/2025\/09\/zz-1956-mercedes-benz-w120-1737-1920x1280-1.jpg?resize=1080%2C720&amp;ssl=1 1080w, https:\/\/i0.wp.com\/terjebjornstad.com\/no\/wp-content\/uploads\/2025\/09\/zz-1956-mercedes-benz-w120-1737-1920x1280-1.jpg?resize=768%2C512&amp;ssl=1 768w, https:\/\/i0.wp.com\/terjebjornstad.com\/no\/wp-content\/uploads\/2025\/09\/zz-1956-mercedes-benz-w120-1737-1920x1280-1.jpg?resize=1536%2C1024&amp;ssl=1 1536w, https:\/\/i0.wp.com\/terjebjornstad.com\/no\/wp-content\/uploads\/2025\/09\/zz-1956-mercedes-benz-w120-1737-1920x1280-1.jpg?resize=690%2C460&amp;ssl=1 690w, https:\/\/i0.wp.com\/terjebjornstad.com\/no\/wp-content\/uploads\/2025\/09\/zz-1956-mercedes-benz-w120-1737-1920x1280-1.jpg?resize=980%2C653&amp;ssl=1 980w\" sizes=\"auto, (max-width: 980px) 100vw, 980px\" \/><\/a><figcaption id=\"caption-attachment-84074\" class=\"wp-caption-text\">1956 Mercedes-Benz 180 Ambulanse.<\/figcaption><\/figure><br \/>\n&nbsp;<br \/>\n<figure id=\"attachment_84056\" aria-describedby=\"caption-attachment-84056\" style=\"width: 1920px\" class=\"wp-caption aligncenter\"><a href=\"https:\/\/i0.wp.com\/terjebjornstad.com\/no\/wp-content\/uploads\/2025\/09\/1956-mercedes-benz-w120-1725-1920x1440-1.jpg?ssl=1\"><img data-recalc-dims=\"1\" loading=\"lazy\" decoding=\"async\" data-attachment-id=\"84056\" data-permalink=\"https:\/\/terjebjornstad.com\/no\/mercedes-benz-w120\/1956-mercedes-benz-w120-1725-1920x1440\/\" data-orig-file=\"https:\/\/i0.wp.com\/terjebjornstad.com\/no\/wp-content\/uploads\/2025\/09\/1956-mercedes-benz-w120-1725-1920x1440-1.jpg?fit=1920%2C1440&amp;ssl=1\" data-orig-size=\"1920,1440\" data-comments-opened=\"1\" data-image-meta=\"{&quot;aperture&quot;:&quot;0&quot;,&quot;credit&quot;:&quot;&quot;,&quot;camera&quot;:&quot;&quot;,&quot;caption&quot;:&quot;&quot;,&quot;created_timestamp&quot;:&quot;0&quot;,&quot;copyright&quot;:&quot;&quot;,&quot;focal_length&quot;:&quot;0&quot;,&quot;iso&quot;:&quot;0&quot;,&quot;shutter_speed&quot;:&quot;0&quot;,&quot;title&quot;:&quot;&quot;,&quot;orientation&quot;:&quot;0&quot;}\" data-image-title=\"1956-mercedes-benz-w120-1725-1920&amp;#215;1440\" data-image-description=\"\" data-image-caption=\"&lt;p&gt;1956 Mercedes-Benz 180 Ambulanse.&lt;\/p&gt;\n\" data-large-file=\"https:\/\/i0.wp.com\/terjebjornstad.com\/no\/wp-content\/uploads\/2025\/09\/1956-mercedes-benz-w120-1725-1920x1440-1.jpg?fit=980%2C735&amp;ssl=1\" src=\"https:\/\/i0.wp.com\/terjebjornstad.com\/no\/wp-content\/uploads\/2025\/09\/1956-mercedes-benz-w120-1725-1920x1440-1.jpg?resize=980%2C735&#038;ssl=1\" alt=\"\" width=\"980\" height=\"735\" class=\"size-full wp-image-84056\" srcset=\"https:\/\/i0.wp.com\/terjebjornstad.com\/no\/wp-content\/uploads\/2025\/09\/1956-mercedes-benz-w120-1725-1920x1440-1.jpg?w=1920&amp;ssl=1 1920w, https:\/\/i0.wp.com\/terjebjornstad.com\/no\/wp-content\/uploads\/2025\/09\/1956-mercedes-benz-w120-1725-1920x1440-1.jpg?resize=300%2C225&amp;ssl=1 300w, https:\/\/i0.wp.com\/terjebjornstad.com\/no\/wp-content\/uploads\/2025\/09\/1956-mercedes-benz-w120-1725-1920x1440-1.jpg?resize=1080%2C810&amp;ssl=1 1080w, https:\/\/i0.wp.com\/terjebjornstad.com\/no\/wp-content\/uploads\/2025\/09\/1956-mercedes-benz-w120-1725-1920x1440-1.jpg?resize=768%2C576&amp;ssl=1 768w, https:\/\/i0.wp.com\/terjebjornstad.com\/no\/wp-content\/uploads\/2025\/09\/1956-mercedes-benz-w120-1725-1920x1440-1.jpg?resize=1536%2C1152&amp;ssl=1 1536w, https:\/\/i0.wp.com\/terjebjornstad.com\/no\/wp-content\/uploads\/2025\/09\/1956-mercedes-benz-w120-1725-1920x1440-1.jpg?resize=690%2C518&amp;ssl=1 690w, https:\/\/i0.wp.com\/terjebjornstad.com\/no\/wp-content\/uploads\/2025\/09\/1956-mercedes-benz-w120-1725-1920x1440-1.jpg?resize=980%2C735&amp;ssl=1 980w\" sizes=\"auto, (max-width: 980px) 100vw, 980px\" \/><\/a><figcaption id=\"caption-attachment-84056\" class=\"wp-caption-text\">1956 Mercedes-Benz 180 Ambulanse.<\/figcaption><\/figure><\/p>\n<p><figure id=\"attachment_84054\" aria-describedby=\"caption-attachment-84054\" style=\"width: 1920px\" class=\"wp-caption aligncenter\"><a href=\"https:\/\/i0.wp.com\/terjebjornstad.com\/no\/wp-content\/uploads\/2025\/09\/1956-mercedes-benz-w120-1703-1920x1440-1.jpg?ssl=1\"><img data-recalc-dims=\"1\" loading=\"lazy\" decoding=\"async\" data-attachment-id=\"84054\" data-permalink=\"https:\/\/terjebjornstad.com\/no\/2025\/09\/07\/veteranbiltreff-hos-andresen-bil-ski\/1956-mercedes-benz-w120-1703-1920x1440\/\" data-orig-file=\"https:\/\/i0.wp.com\/terjebjornstad.com\/no\/wp-content\/uploads\/2025\/09\/1956-mercedes-benz-w120-1703-1920x1440-1.jpg?fit=1920%2C1440&amp;ssl=1\" data-orig-size=\"1920,1440\" data-comments-opened=\"1\" data-image-meta=\"{&quot;aperture&quot;:&quot;0&quot;,&quot;credit&quot;:&quot;&quot;,&quot;camera&quot;:&quot;&quot;,&quot;caption&quot;:&quot;&quot;,&quot;created_timestamp&quot;:&quot;0&quot;,&quot;copyright&quot;:&quot;&quot;,&quot;focal_length&quot;:&quot;0&quot;,&quot;iso&quot;:&quot;0&quot;,&quot;shutter_speed&quot;:&quot;0&quot;,&quot;title&quot;:&quot;&quot;,&quot;orientation&quot;:&quot;0&quot;}\" data-image-title=\"1956-mercedes-benz-w120-1703-1920&amp;#215;1440\" data-image-description=\"\" data-image-caption=\"&lt;p&gt;1956 Mercedes-Benz 180 Ambulanse.&lt;\/p&gt;\n\" data-large-file=\"https:\/\/i0.wp.com\/terjebjornstad.com\/no\/wp-content\/uploads\/2025\/09\/1956-mercedes-benz-w120-1703-1920x1440-1.jpg?fit=980%2C735&amp;ssl=1\" src=\"https:\/\/i0.wp.com\/terjebjornstad.com\/no\/wp-content\/uploads\/2025\/09\/1956-mercedes-benz-w120-1703-1920x1440-1.jpg?resize=980%2C735&#038;ssl=1\" alt=\"\" width=\"980\" height=\"735\" class=\"size-full wp-image-84054\" srcset=\"https:\/\/i0.wp.com\/terjebjornstad.com\/no\/wp-content\/uploads\/2025\/09\/1956-mercedes-benz-w120-1703-1920x1440-1.jpg?w=1920&amp;ssl=1 1920w, https:\/\/i0.wp.com\/terjebjornstad.com\/no\/wp-content\/uploads\/2025\/09\/1956-mercedes-benz-w120-1703-1920x1440-1.jpg?resize=300%2C225&amp;ssl=1 300w, https:\/\/i0.wp.com\/terjebjornstad.com\/no\/wp-content\/uploads\/2025\/09\/1956-mercedes-benz-w120-1703-1920x1440-1.jpg?resize=1080%2C810&amp;ssl=1 1080w, https:\/\/i0.wp.com\/terjebjornstad.com\/no\/wp-content\/uploads\/2025\/09\/1956-mercedes-benz-w120-1703-1920x1440-1.jpg?resize=768%2C576&amp;ssl=1 768w, https:\/\/i0.wp.com\/terjebjornstad.com\/no\/wp-content\/uploads\/2025\/09\/1956-mercedes-benz-w120-1703-1920x1440-1.jpg?resize=1536%2C1152&amp;ssl=1 1536w, https:\/\/i0.wp.com\/terjebjornstad.com\/no\/wp-content\/uploads\/2025\/09\/1956-mercedes-benz-w120-1703-1920x1440-1.jpg?resize=690%2C518&amp;ssl=1 690w, https:\/\/i0.wp.com\/terjebjornstad.com\/no\/wp-content\/uploads\/2025\/09\/1956-mercedes-benz-w120-1703-1920x1440-1.jpg?resize=980%2C735&amp;ssl=1 980w\" sizes=\"auto, (max-width: 980px) 100vw, 980px\" \/><\/a><figcaption id=\"caption-attachment-84054\" class=\"wp-caption-text\">1956 Mercedes-Benz 180 Ambulanse.<\/figcaption><\/figure><\/p>\n<p><figure id=\"attachment_84055\" aria-describedby=\"caption-attachment-84055\" style=\"width: 1920px\" class=\"wp-caption aligncenter\"><a href=\"https:\/\/i0.wp.com\/terjebjornstad.com\/no\/wp-content\/uploads\/2025\/09\/1956-mercedes-benz-w120-1709-1920x1280-1.jpg?ssl=1\"><img data-recalc-dims=\"1\" loading=\"lazy\" decoding=\"async\" data-attachment-id=\"84055\" data-permalink=\"https:\/\/terjebjornstad.com\/no\/2025\/09\/07\/veteranbiltreff-hos-andresen-bil-ski\/1956-mercedes-benz-w120-1709-1920x1280\/\" data-orig-file=\"https:\/\/i0.wp.com\/terjebjornstad.com\/no\/wp-content\/uploads\/2025\/09\/1956-mercedes-benz-w120-1709-1920x1280-1.jpg?fit=1920%2C1280&amp;ssl=1\" data-orig-size=\"1920,1280\" data-comments-opened=\"1\" data-image-meta=\"{&quot;aperture&quot;:&quot;5.6&quot;,&quot;credit&quot;:&quot;&quot;,&quot;camera&quot;:&quot;DSC-RX100M3&quot;,&quot;caption&quot;:&quot;&quot;,&quot;created_timestamp&quot;:&quot;1757165362&quot;,&quot;copyright&quot;:&quot;&quot;,&quot;focal_length&quot;:&quot;24.64&quot;,&quot;iso&quot;:&quot;200&quot;,&quot;shutter_speed&quot;:&quot;0.008&quot;,&quot;title&quot;:&quot;&quot;,&quot;orientation&quot;:&quot;1&quot;}\" data-image-title=\"1956-mercedes-benz-w120-1709-1920&amp;#215;1280\" data-image-description=\"\" data-image-caption=\"&lt;p&gt;F\u00f8rerplassen i Mercedes-Benz 180 Ambulanse.&lt;\/p&gt;\n\" data-large-file=\"https:\/\/i0.wp.com\/terjebjornstad.com\/no\/wp-content\/uploads\/2025\/09\/1956-mercedes-benz-w120-1709-1920x1280-1.jpg?fit=980%2C653&amp;ssl=1\" src=\"https:\/\/i0.wp.com\/terjebjornstad.com\/no\/wp-content\/uploads\/2025\/09\/1956-mercedes-benz-w120-1709-1920x1280-1.jpg?resize=980%2C653&#038;ssl=1\" alt=\"\" width=\"980\" height=\"653\" class=\"size-full wp-image-84055\" srcset=\"https:\/\/i0.wp.com\/terjebjornstad.com\/no\/wp-content\/uploads\/2025\/09\/1956-mercedes-benz-w120-1709-1920x1280-1.jpg?w=1920&amp;ssl=1 1920w, https:\/\/i0.wp.com\/terjebjornstad.com\/no\/wp-content\/uploads\/2025\/09\/1956-mercedes-benz-w120-1709-1920x1280-1.jpg?resize=300%2C200&amp;ssl=1 300w, https:\/\/i0.wp.com\/terjebjornstad.com\/no\/wp-content\/uploads\/2025\/09\/1956-mercedes-benz-w120-1709-1920x1280-1.jpg?resize=1080%2C720&amp;ssl=1 1080w, https:\/\/i0.wp.com\/terjebjornstad.com\/no\/wp-content\/uploads\/2025\/09\/1956-mercedes-benz-w120-1709-1920x1280-1.jpg?resize=768%2C512&amp;ssl=1 768w, https:\/\/i0.wp.com\/terjebjornstad.com\/no\/wp-content\/uploads\/2025\/09\/1956-mercedes-benz-w120-1709-1920x1280-1.jpg?resize=1536%2C1024&amp;ssl=1 1536w, https:\/\/i0.wp.com\/terjebjornstad.com\/no\/wp-content\/uploads\/2025\/09\/1956-mercedes-benz-w120-1709-1920x1280-1.jpg?resize=690%2C460&amp;ssl=1 690w, https:\/\/i0.wp.com\/terjebjornstad.com\/no\/wp-content\/uploads\/2025\/09\/1956-mercedes-benz-w120-1709-1920x1280-1.jpg?resize=980%2C653&amp;ssl=1 980w\" sizes=\"auto, (max-width: 980px) 100vw, 980px\" \/><\/a><figcaption id=\"caption-attachment-84055\" class=\"wp-caption-text\">F\u00f8rerplassen i Mercedes-Benz 180 Ambulanse.<\/figcaption><\/figure><br \/>\n&nbsp;<br \/>\nDet er ikke kjent hvor den er bygget om, men bilen p\u00e5 bildet har tjenestegjort i Gj\u00f8vik, og eies n\u00e5 av Oslo Universitetssykehus HF. Det skal ha befunnet seg \u00e9n maken bil i Oslo, ogs\u00e5. Bilen kom innom p\u00e5 en utstilling av veteranbiler hos Andresen Bil, Ski.<br \/>\n&nbsp;<\/p>\n\n<h3 class=\"tebh2\">Om bildene av W120<\/h3>\n<p>Den burgunderr\u00f8de bilen p\u00e5 bildet, er en 4-sylindret diesel 1961-modell &#8211; alts\u00e5 en W121. Den har den brede grillen som 180-serien fikk de aller siste \u00e5rene. Bilen er fotografert i Kunstnergaten p\u00e5 Fornebu i anledning en felles utflukt. Den svarte bilen tilh\u00f8rer ogs\u00e5 siste modellrekke, &#8211; ogs\u00e5 det en diesel fra 1961. Den er fotografert ved Losnavannet i n\u00e6rheten av F\u00e5vang, Gudbrandsdalen. Bilen i fargen <em>Feuerrot<\/em> er fotografert p\u00e5 et biltreff i Perpignan, 2024. Den svarte bilen med smal grill, st\u00f8tfangerhorn og A-skilter er fotografert p\u00e5 en parkeringsplass i Vestby, 2024. Den har bensinmotor. Den svarte bilen med svart bil i parkomgivelser deltok p\u00e5 kj\u00f8ret\u00f8yutstilling i Gunnarsb\u00f8parken, T\u00f8nsberg i 2025.<\/p>\n<p>&nbsp;<br \/>\n<br \/>\n<figure id=\"attachment_58810\" aria-describedby=\"caption-attachment-58810\" style=\"width: 300px\" class=\"wp-caption aligncenter\"><a href=\"https:\/\/terjebjornstad.com\/no\/mercedes-benz\/\"><img data-recalc-dims=\"1\" loading=\"lazy\" decoding=\"async\" data-attachment-id=\"58810\" data-permalink=\"https:\/\/terjebjornstad.com\/no\/mercedes-benz\/mercedes-benz-logo-300x200\/\" data-orig-file=\"https:\/\/i0.wp.com\/terjebjornstad.com\/no\/wp-content\/uploads\/2023\/04\/mercedes-benz-logo-300x200-1.jpg?fit=300%2C200&amp;ssl=1\" data-orig-size=\"300,200\" data-comments-opened=\"1\" data-image-meta=\"{&quot;aperture&quot;:&quot;0&quot;,&quot;credit&quot;:&quot;&quot;,&quot;camera&quot;:&quot;&quot;,&quot;caption&quot;:&quot;&quot;,&quot;created_timestamp&quot;:&quot;0&quot;,&quot;copyright&quot;:&quot;&quot;,&quot;focal_length&quot;:&quot;0&quot;,&quot;iso&quot;:&quot;0&quot;,&quot;shutter_speed&quot;:&quot;0&quot;,&quot;title&quot;:&quot;&quot;,&quot;orientation&quot;:&quot;0&quot;}\" data-image-title=\"mercedes-benz-logo-300&amp;#215;200\" data-image-description=\"\" data-image-caption=\"&lt;p&gt;&amp;nbsp;&lt;\/p&gt;\n\" data-large-file=\"https:\/\/i0.wp.com\/terjebjornstad.com\/no\/wp-content\/uploads\/2023\/04\/mercedes-benz-logo-300x200-1.jpg?fit=300%2C200&amp;ssl=1\" src=\"https:\/\/i0.wp.com\/terjebjornstad.com\/no\/wp-content\/uploads\/2023\/04\/mercedes-benz-logo-300x200-1.jpg?resize=300%2C200&#038;ssl=1\" alt=\"\" width=\"300\" height=\"200\" class=\"size-full wp-image-58810\" \/><\/a><figcaption id=\"caption-attachment-58810\" class=\"wp-caption-text\">&nbsp;<\/figcaption><\/figure><\/p>\n<h3 class=\"teb2h\">Se ogs\u00e5<\/h3>\n<p><figure id=\"attachment_15560\" aria-describedby=\"caption-attachment-15560\" style=\"width: 150px\" class=\"wp-caption alignleft\"><a href=\"https:\/\/terjebjornstad.com\/no\/mercedes-benz-w110\/\"><img data-recalc-dims=\"1\" loading=\"lazy\" decoding=\"async\" data-attachment-id=\"15560\" data-permalink=\"https:\/\/terjebjornstad.com\/no\/2018\/04\/30\/varslepp-pa-ovrevoll\/mercedes-benz-heckflosse-686-1\/\" data-orig-file=\"https:\/\/i0.wp.com\/terjebjornstad.com\/no\/wp-content\/uploads\/2018\/04\/mercedes-benz-heckflosse-686-1.png?fit=686%2C457&amp;ssl=1\" data-orig-size=\"686,457\" data-comments-opened=\"1\" data-image-meta=\"{&quot;aperture&quot;:&quot;0&quot;,&quot;credit&quot;:&quot;&quot;,&quot;camera&quot;:&quot;&quot;,&quot;caption&quot;:&quot;&quot;,&quot;created_timestamp&quot;:&quot;0&quot;,&quot;copyright&quot;:&quot;&quot;,&quot;focal_length&quot;:&quot;0&quot;,&quot;iso&quot;:&quot;0&quot;,&quot;shutter_speed&quot;:&quot;0&quot;,&quot;title&quot;:&quot;&quot;,&quot;orientation&quot;:&quot;0&quot;}\" data-image-title=\"Mercedes-Benz W110 .110\" data-image-description=\"\" data-image-caption=\"&lt;p&gt;Mercedes-Benz W110&lt;\/p&gt;\n\" data-large-file=\"https:\/\/i0.wp.com\/terjebjornstad.com\/no\/wp-content\/uploads\/2018\/04\/mercedes-benz-heckflosse-686-1.png?fit=686%2C457&amp;ssl=1\" class=\"size-thumbnail wp-image-15560\" src=\"https:\/\/i0.wp.com\/terjebjornstad.com\/no\/wp-content\/uploads\/2018\/04\/mercedes-benz-heckflosse-686-1.png?resize=150%2C150&#038;ssl=1\" alt=\"\" width=\"150\" height=\"150\" srcset=\"https:\/\/i0.wp.com\/terjebjornstad.com\/no\/wp-content\/uploads\/2018\/04\/mercedes-benz-heckflosse-686-1.png?resize=150%2C150&amp;ssl=1 150w, https:\/\/i0.wp.com\/terjebjornstad.com\/no\/wp-content\/uploads\/2018\/04\/mercedes-benz-heckflosse-686-1.png?resize=50%2C50&amp;ssl=1 50w, https:\/\/i0.wp.com\/terjebjornstad.com\/no\/wp-content\/uploads\/2018\/04\/mercedes-benz-heckflosse-686-1.png?zoom=2&amp;resize=150%2C150&amp;ssl=1 300w, https:\/\/i0.wp.com\/terjebjornstad.com\/no\/wp-content\/uploads\/2018\/04\/mercedes-benz-heckflosse-686-1.png?zoom=3&amp;resize=150%2C150&amp;ssl=1 450w\" sizes=\"auto, (max-width: 150px) 100vw, 150px\" \/><\/a><figcaption id=\"caption-attachment-15560\" class=\"wp-caption-text\">Mercedes-Benz W110<\/figcaption><\/figure><figure id=\"attachment_10012\" aria-describedby=\"caption-attachment-10012\" style=\"width: 150px\" class=\"wp-caption alignleft\"><a href=\"https:\/\/terjebjornstad.com\/no\/mercedes-benz-w180\/\"><img data-recalc-dims=\"1\" loading=\"lazy\" decoding=\"async\" data-attachment-id=\"10012\" data-permalink=\"https:\/\/terjebjornstad.com\/no\/2017\/04\/11\/fra-ferrari-til-cressida\/mercedes-benz-ponton-220s\/\" data-orig-file=\"https:\/\/i0.wp.com\/terjebjornstad.com\/no\/wp-content\/uploads\/2017\/04\/mercedes-benz-ponton-220s.png?fit=686%2C532&amp;ssl=1\" data-orig-size=\"686,532\" data-comments-opened=\"1\" data-image-meta=\"{&quot;aperture&quot;:&quot;0&quot;,&quot;credit&quot;:&quot;&quot;,&quot;camera&quot;:&quot;&quot;,&quot;caption&quot;:&quot;&quot;,&quot;created_timestamp&quot;:&quot;0&quot;,&quot;copyright&quot;:&quot;&quot;,&quot;focal_length&quot;:&quot;0&quot;,&quot;iso&quot;:&quot;0&quot;,&quot;shutter_speed&quot;:&quot;0&quot;,&quot;title&quot;:&quot;&quot;,&quot;orientation&quot;:&quot;0&quot;}\" data-image-title=\"Mercedes-Benz Ponton 220 S\" data-image-description=\"\" data-image-caption=\"&lt;p&gt;Mercedes-Benz W180&lt;\/p&gt;\n\" data-large-file=\"https:\/\/i0.wp.com\/terjebjornstad.com\/no\/wp-content\/uploads\/2017\/04\/mercedes-benz-ponton-220s.png?fit=686%2C532&amp;ssl=1\" class=\"size-thumbnail wp-image-10012\" src=\"https:\/\/i0.wp.com\/terjebjornstad.com\/no\/wp-content\/uploads\/2017\/04\/mercedes-benz-ponton-220s.png?resize=150%2C150&#038;ssl=1\" alt=\"\" width=\"150\" height=\"150\" srcset=\"https:\/\/i0.wp.com\/terjebjornstad.com\/no\/wp-content\/uploads\/2017\/04\/mercedes-benz-ponton-220s.png?resize=150%2C150&amp;ssl=1 150w, https:\/\/i0.wp.com\/terjebjornstad.com\/no\/wp-content\/uploads\/2017\/04\/mercedes-benz-ponton-220s.png?resize=50%2C50&amp;ssl=1 50w, https:\/\/i0.wp.com\/terjebjornstad.com\/no\/wp-content\/uploads\/2017\/04\/mercedes-benz-ponton-220s.png?zoom=2&amp;resize=150%2C150&amp;ssl=1 300w, https:\/\/i0.wp.com\/terjebjornstad.com\/no\/wp-content\/uploads\/2017\/04\/mercedes-benz-ponton-220s.png?zoom=3&amp;resize=150%2C150&amp;ssl=1 450w\" sizes=\"auto, (max-width: 150px) 100vw, 150px\" \/><\/a><figcaption id=\"caption-attachment-10012\" class=\"wp-caption-text\">Mercedes-Benz W180<\/figcaption><\/figure><\/p>\n<h6><\/h6>\n<p><a href=\"https:\/\/norwegen.mercedes-benz-clubs.com\/nb\/velkommen-til-oss\/\" target=\"_blank\" rel=\"noopener\"><strong>Meredes-Benz Klubben Norge<\/strong><\/a><br \/>\n<\/p>\n<h6><\/h6>\n<\/div>\n","protected":false},"excerpt":{"rendered":"<p>180-serien &laquo;Ponton&raquo; Den lille Mercedes-Benz fra 1950-\u00e5rene ble kalt 180 og 190, med intern betegnelse henholdsvis W120 og W121 &#8211; begge firesylindrede motorer. Modellen er &laquo;lillebroren&raquo; til W180 med rekkesekser. I f\u00f8lge Automobile-catalog.com er W120\/W121 ca 20 cm kortere samt kortere akselavstand. Modellen fikk en facelift for 1960-\u00e5rgangen i form av en bredere grill og [&hellip;]<\/p>\n","protected":false},"author":1,"featured_media":0,"parent":0,"menu_order":0,"comment_status":"closed","ping_status":"closed","template":"templates\/full-width-page.php","meta":{"_monsterinsights_skip_tracking":false,"_monsterinsights_sitenote_active":false,"_monsterinsights_sitenote_note":"","_monsterinsights_sitenote_category":0,"jetpack_post_was_ever_published":false,"footnotes":""},"class_list":["post-27349","page","type-page","status-publish","hentry"],"yoast_head":"<!-- This site is optimized with the Yoast SEO plugin v27.5 - https:\/\/yoast.com\/product\/yoast-seo-wordpress\/ -->\n<title>Mercedes-Benz W120 - Terjes biler - Ofte benyttet som tjenestebil<\/title>\n<meta name=\"description\" content=\"W120 (bensin) og W121 (diesel) var lillebroren til W180 (220S) med 20 cm mindre lengde. Modellen ble produsert fra 1953 til 1962.\" \/>\n<meta name=\"robots\" content=\"index, follow, max-snippet:-1, max-image-preview:large, max-video-preview:-1\" \/>\n<link rel=\"canonical\" href=\"https:\/\/terjebjornstad.com\/no\/mercedes-benz-w120\/\" \/>\n<meta property=\"og:locale\" content=\"nb_NO\" \/>\n<meta property=\"og:type\" content=\"article\" \/>\n<meta property=\"og:title\" content=\"Mercedes-Benz W120 - Terjes biler - Ofte benyttet som tjenestebil\" \/>\n<meta property=\"og:description\" content=\"W120 (bensin) og W121 (diesel) var lillebroren til W180 (220S) med 20 cm mindre lengde. Modellen ble produsert fra 1953 til 1962.\" \/>\n<meta property=\"og:url\" content=\"https:\/\/terjebjornstad.com\/no\/mercedes-benz-w120\/\" \/>\n<meta property=\"og:site_name\" content=\"Terjes biler\" \/>\n<meta property=\"article:publisher\" content=\"https:\/\/www.facebook.com\/terjesbiler\/\" \/>\n<meta property=\"article:modified_time\" content=\"2026-02-10T18:57:26+00:00\" \/>\n<meta property=\"og:image\" content=\"https:\/\/terjebjornstad.com\/no\/wp-content\/uploads\/2018\/08\/mercedes-benz-ponton-1080x720.png\" \/>\n<meta name=\"twitter:card\" content=\"summary_large_image\" \/>\n<meta name=\"twitter:label1\" content=\"Ansl. lesetid\" \/>\n\t<meta name=\"twitter:data1\" content=\"5 minutter\" \/>\n<script type=\"application\/ld+json\" class=\"yoast-schema-graph\">{\"@context\":\"https:\\\/\\\/schema.org\",\"@graph\":[{\"@type\":\"WebPage\",\"@id\":\"https:\\\/\\\/terjebjornstad.com\\\/no\\\/mercedes-benz-w120\\\/\",\"url\":\"https:\\\/\\\/terjebjornstad.com\\\/no\\\/mercedes-benz-w120\\\/\",\"name\":\"Mercedes-Benz W120 - Terjes biler - Ofte benyttet som tjenestebil\",\"isPartOf\":{\"@id\":\"https:\\\/\\\/terjebjornstad.com\\\/no\\\/#website\"},\"primaryImageOfPage\":{\"@id\":\"https:\\\/\\\/terjebjornstad.com\\\/no\\\/mercedes-benz-w120\\\/#primaryimage\"},\"image\":{\"@id\":\"https:\\\/\\\/terjebjornstad.com\\\/no\\\/mercedes-benz-w120\\\/#primaryimage\"},\"thumbnailUrl\":\"https:\\\/\\\/terjebjornstad.com\\\/no\\\/wp-content\\\/uploads\\\/2018\\\/08\\\/mercedes-benz-ponton-1080x720.png\",\"datePublished\":\"2019-10-29T23:31:27+00:00\",\"dateModified\":\"2026-02-10T18:57:26+00:00\",\"description\":\"W120 (bensin) og W121 (diesel) var lillebroren til W180 (220S) med 20 cm mindre lengde. Modellen ble produsert fra 1953 til 1962.\",\"breadcrumb\":{\"@id\":\"https:\\\/\\\/terjebjornstad.com\\\/no\\\/mercedes-benz-w120\\\/#breadcrumb\"},\"inLanguage\":\"nb-NO\",\"potentialAction\":[{\"@type\":\"ReadAction\",\"target\":[\"https:\\\/\\\/terjebjornstad.com\\\/no\\\/mercedes-benz-w120\\\/\"]}]},{\"@type\":\"ImageObject\",\"inLanguage\":\"nb-NO\",\"@id\":\"https:\\\/\\\/terjebjornstad.com\\\/no\\\/mercedes-benz-w120\\\/#primaryimage\",\"url\":\"https:\\\/\\\/terjebjornstad.com\\\/no\\\/wp-content\\\/uploads\\\/2018\\\/08\\\/mercedes-benz-ponton-1080x720.png\",\"contentUrl\":\"https:\\\/\\\/terjebjornstad.com\\\/no\\\/wp-content\\\/uploads\\\/2018\\\/08\\\/mercedes-benz-ponton-1080x720.png\"},{\"@type\":\"BreadcrumbList\",\"@id\":\"https:\\\/\\\/terjebjornstad.com\\\/no\\\/mercedes-benz-w120\\\/#breadcrumb\",\"itemListElement\":[{\"@type\":\"ListItem\",\"position\":1,\"name\":\"Hjem\",\"item\":\"https:\\\/\\\/terjebjornstad.com\\\/no\\\/\"},{\"@type\":\"ListItem\",\"position\":2,\"name\":\"Mercedes-Benz W120\"}]},{\"@type\":\"WebSite\",\"@id\":\"https:\\\/\\\/terjebjornstad.com\\\/no\\\/#website\",\"url\":\"https:\\\/\\\/terjebjornstad.com\\\/no\\\/\",\"name\":\"Terjes biler\",\"description\":\"HONEST ABOUT CARS\",\"publisher\":{\"@id\":\"https:\\\/\\\/terjebjornstad.com\\\/no\\\/#organization\"},\"alternateName\":\"Terjebjornstad.com\",\"potentialAction\":[{\"@type\":\"SearchAction\",\"target\":{\"@type\":\"EntryPoint\",\"urlTemplate\":\"https:\\\/\\\/terjebjornstad.com\\\/no\\\/?s={search_term_string}\"},\"query-input\":{\"@type\":\"PropertyValueSpecification\",\"valueRequired\":true,\"valueName\":\"search_term_string\"}}],\"inLanguage\":\"nb-NO\"},{\"@type\":\"Organization\",\"@id\":\"https:\\\/\\\/terjebjornstad.com\\\/no\\\/#organization\",\"name\":\"Terje Bj\u00f8rnstad ENK\",\"url\":\"https:\\\/\\\/terjebjornstad.com\\\/no\\\/\",\"logo\":{\"@type\":\"ImageObject\",\"inLanguage\":\"nb-NO\",\"@id\":\"https:\\\/\\\/terjebjornstad.com\\\/no\\\/#\\\/schema\\\/logo\\\/image\\\/\",\"url\":\"https:\\\/\\\/i0.wp.com\\\/terjebjornstad.com\\\/no\\\/wp-content\\\/uploads\\\/2026\\\/02\\\/terjesbiler2024-960x354-1.png?fit=960%2C354&ssl=1\",\"contentUrl\":\"https:\\\/\\\/i0.wp.com\\\/terjebjornstad.com\\\/no\\\/wp-content\\\/uploads\\\/2026\\\/02\\\/terjesbiler2024-960x354-1.png?fit=960%2C354&ssl=1\",\"width\":960,\"height\":354,\"caption\":\"Terje Bj\u00f8rnstad ENK\"},\"image\":{\"@id\":\"https:\\\/\\\/terjebjornstad.com\\\/no\\\/#\\\/schema\\\/logo\\\/image\\\/\"},\"sameAs\":[\"https:\\\/\\\/www.facebook.com\\\/terjesbiler\\\/\",\"https:\\\/\\\/www.instagram.com\\\/terjesbiler\\\/\",\"https:\\\/\\\/www.pinteres.com\\\/terjebjrnstad\\\/terjes-biler\\\/\"]}]}<\/script>\n<!-- \/ Yoast SEO plugin. -->","yoast_head_json":{"title":"Mercedes-Benz W120 - Terjes biler - Ofte benyttet som tjenestebil","description":"W120 (bensin) og W121 (diesel) var lillebroren til W180 (220S) med 20 cm mindre lengde. Modellen ble produsert fra 1953 til 1962.","robots":{"index":"index","follow":"follow","max-snippet":"max-snippet:-1","max-image-preview":"max-image-preview:large","max-video-preview":"max-video-preview:-1"},"canonical":"https:\/\/terjebjornstad.com\/no\/mercedes-benz-w120\/","og_locale":"nb_NO","og_type":"article","og_title":"Mercedes-Benz W120 - Terjes biler - Ofte benyttet som tjenestebil","og_description":"W120 (bensin) og W121 (diesel) var lillebroren til W180 (220S) med 20 cm mindre lengde. Modellen ble produsert fra 1953 til 1962.","og_url":"https:\/\/terjebjornstad.com\/no\/mercedes-benz-w120\/","og_site_name":"Terjes biler","article_publisher":"https:\/\/www.facebook.com\/terjesbiler\/","article_modified_time":"2026-02-10T18:57:26+00:00","og_image":[{"url":"https:\/\/terjebjornstad.com\/no\/wp-content\/uploads\/2018\/08\/mercedes-benz-ponton-1080x720.png","type":"","width":"","height":""}],"twitter_card":"summary_large_image","twitter_misc":{"Ansl. lesetid":"5 minutter"},"schema":{"@context":"https:\/\/schema.org","@graph":[{"@type":"WebPage","@id":"https:\/\/terjebjornstad.com\/no\/mercedes-benz-w120\/","url":"https:\/\/terjebjornstad.com\/no\/mercedes-benz-w120\/","name":"Mercedes-Benz W120 - Terjes biler - Ofte benyttet som tjenestebil","isPartOf":{"@id":"https:\/\/terjebjornstad.com\/no\/#website"},"primaryImageOfPage":{"@id":"https:\/\/terjebjornstad.com\/no\/mercedes-benz-w120\/#primaryimage"},"image":{"@id":"https:\/\/terjebjornstad.com\/no\/mercedes-benz-w120\/#primaryimage"},"thumbnailUrl":"https:\/\/terjebjornstad.com\/no\/wp-content\/uploads\/2018\/08\/mercedes-benz-ponton-1080x720.png","datePublished":"2019-10-29T23:31:27+00:00","dateModified":"2026-02-10T18:57:26+00:00","description":"W120 (bensin) og W121 (diesel) var lillebroren til W180 (220S) med 20 cm mindre lengde. Modellen ble produsert fra 1953 til 1962.","breadcrumb":{"@id":"https:\/\/terjebjornstad.com\/no\/mercedes-benz-w120\/#breadcrumb"},"inLanguage":"nb-NO","potentialAction":[{"@type":"ReadAction","target":["https:\/\/terjebjornstad.com\/no\/mercedes-benz-w120\/"]}]},{"@type":"ImageObject","inLanguage":"nb-NO","@id":"https:\/\/terjebjornstad.com\/no\/mercedes-benz-w120\/#primaryimage","url":"https:\/\/terjebjornstad.com\/no\/wp-content\/uploads\/2018\/08\/mercedes-benz-ponton-1080x720.png","contentUrl":"https:\/\/terjebjornstad.com\/no\/wp-content\/uploads\/2018\/08\/mercedes-benz-ponton-1080x720.png"},{"@type":"BreadcrumbList","@id":"https:\/\/terjebjornstad.com\/no\/mercedes-benz-w120\/#breadcrumb","itemListElement":[{"@type":"ListItem","position":1,"name":"Hjem","item":"https:\/\/terjebjornstad.com\/no\/"},{"@type":"ListItem","position":2,"name":"Mercedes-Benz W120"}]},{"@type":"WebSite","@id":"https:\/\/terjebjornstad.com\/no\/#website","url":"https:\/\/terjebjornstad.com\/no\/","name":"Terjes biler","description":"HONEST ABOUT CARS","publisher":{"@id":"https:\/\/terjebjornstad.com\/no\/#organization"},"alternateName":"Terjebjornstad.com","potentialAction":[{"@type":"SearchAction","target":{"@type":"EntryPoint","urlTemplate":"https:\/\/terjebjornstad.com\/no\/?s={search_term_string}"},"query-input":{"@type":"PropertyValueSpecification","valueRequired":true,"valueName":"search_term_string"}}],"inLanguage":"nb-NO"},{"@type":"Organization","@id":"https:\/\/terjebjornstad.com\/no\/#organization","name":"Terje Bj\u00f8rnstad ENK","url":"https:\/\/terjebjornstad.com\/no\/","logo":{"@type":"ImageObject","inLanguage":"nb-NO","@id":"https:\/\/terjebjornstad.com\/no\/#\/schema\/logo\/image\/","url":"https:\/\/i0.wp.com\/terjebjornstad.com\/no\/wp-content\/uploads\/2026\/02\/terjesbiler2024-960x354-1.png?fit=960%2C354&ssl=1","contentUrl":"https:\/\/i0.wp.com\/terjebjornstad.com\/no\/wp-content\/uploads\/2026\/02\/terjesbiler2024-960x354-1.png?fit=960%2C354&ssl=1","width":960,"height":354,"caption":"Terje Bj\u00f8rnstad ENK"},"image":{"@id":"https:\/\/terjebjornstad.com\/no\/#\/schema\/logo\/image\/"},"sameAs":["https:\/\/www.facebook.com\/terjesbiler\/","https:\/\/www.instagram.com\/terjesbiler\/","https:\/\/www.pinteres.com\/terjebjrnstad\/terjes-biler\/"]}]}},"jetpack_sharing_enabled":true,"jetpack_shortlink":"https:\/\/wp.me\/P48zYA-777","jetpack-related-posts":[{"id":18567,"url":"https:\/\/terjebjornstad.com\/no\/mercedes-benz-w110\/","url_meta":{"origin":27349,"position":0},"title":"Mercedes-Benz W110","author":"Terje Bj\u00f8rnstad","date":"10\/08\/2018","format":false,"excerpt":"Heckflosse Den ble kalt navn som \"finne-Mercedes\", \"fenmerca\", \"fin-tail\" og \"Heckflosse\" p\u00e5 grunn av sine finner. Designet dukket f\u00f8rst opp i 1959 i W111. Flere europeiske modeller fikk finner etter amerikanske 50-tallstrend, skj\u00f8nt finnene p\u00e5 Mercedes-Benz var ikke like dominerende - og vulg\u00e6re - som p\u00e5 samtidens amerikanere. To modeller\u2026","rel":"","context":"Liknende innlegg","block_context":{"text":"Liknende innlegg","link":""},"img":{"alt_text":"","src":"https:\/\/i0.wp.com\/terjebjornstad.com\/no\/wp-content\/uploads\/2018\/04\/mercedes-benz-heckflosse-686-1.png?fit=686%2C457&ssl=1&resize=350%2C200","width":350,"height":200,"srcset":"https:\/\/i0.wp.com\/terjebjornstad.com\/no\/wp-content\/uploads\/2018\/04\/mercedes-benz-heckflosse-686-1.png?fit=686%2C457&ssl=1&resize=350%2C200 1x, https:\/\/i0.wp.com\/terjebjornstad.com\/no\/wp-content\/uploads\/2018\/04\/mercedes-benz-heckflosse-686-1.png?fit=686%2C457&ssl=1&resize=525%2C300 1.5x"},"classes":[]},{"id":5452,"url":"https:\/\/terjebjornstad.com\/no\/mercedes-benz\/","url_meta":{"origin":27349,"position":1},"title":"Bilmerket Mercedes-Benz har r\u00f8tter helt\u2026","author":"Terje Bj\u00f8rnstad","date":"22\/06\/2016","format":false,"excerpt":"Bilmerket Mercedes-Benz har r\u00f8tter helt tilbake til Karl Benz patenterte bil fra 1886 - verdens f\u00f8rste. Bilene har gjennom generasjoner v\u00e6rt regnet blant verdens beste med hensyn til kvalitet og holdbarhet. Siden 2019 er Mercedes-Benz et selskap under Daimler AG. Tidligere publisert om Mercedes-Benz Mercedes-Benz-modeller i tekst og bilder","rel":"","context":"Liknende innlegg","block_context":{"text":"Liknende innlegg","link":""},"img":{"alt_text":"mercedes-benz","src":"https:\/\/i0.wp.com\/terjebjornstad.com\/no\/wp-content\/uploads\/2023\/04\/mercedes-benz-logo-300x200-1.jpg?resize=350%2C200&ssl=1","width":350,"height":200},"classes":[]},{"id":5449,"url":"https:\/\/terjebjornstad.com\/no\/mercedes-benz-190-sl\/","url_meta":{"origin":27349,"position":2},"title":"Mercedes-Benz SL","author":"Terje Bj\u00f8rnstad","date":"22\/06\/2016","format":false,"excerpt":"190 SL (W121 B2) To-seteren er basert p\u00e5 Mercedes-Benz 190 \"ponton\" W121-serie med 1,9 liters bensinmotor. Sedanmodellen og SL delte det interne serienummeret W121, s\u00e5 SL-utgaven blir ofte omtalt som W121 B2 eller BII. 1,9-liters motoren ga den lette SL-utgaven relativt gode ytelser. 0-100 g\u00e5r unna p\u00e5 13,3 sekunder, -\u2026","rel":"","context":"Liknende innlegg","block_context":{"text":"Liknende innlegg","link":""},"img":{"alt_text":"","src":"https:\/\/i0.wp.com\/terjebjornstad.com\/no\/wp-content\/uploads\/2018\/11\/1960-mercedes-benz-190-sl-1080x720.png?fit=1080%2C720&ssl=1&resize=350%2C200","width":350,"height":200,"srcset":"https:\/\/i0.wp.com\/terjebjornstad.com\/no\/wp-content\/uploads\/2018\/11\/1960-mercedes-benz-190-sl-1080x720.png?fit=1080%2C720&ssl=1&resize=350%2C200 1x, https:\/\/i0.wp.com\/terjebjornstad.com\/no\/wp-content\/uploads\/2018\/11\/1960-mercedes-benz-190-sl-1080x720.png?fit=1080%2C720&ssl=1&resize=525%2C300 1.5x, https:\/\/i0.wp.com\/terjebjornstad.com\/no\/wp-content\/uploads\/2018\/11\/1960-mercedes-benz-190-sl-1080x720.png?fit=1080%2C720&ssl=1&resize=700%2C400 2x, https:\/\/i0.wp.com\/terjebjornstad.com\/no\/wp-content\/uploads\/2018\/11\/1960-mercedes-benz-190-sl-1080x720.png?fit=1080%2C720&ssl=1&resize=1050%2C600 3x"},"classes":[]},{"id":10079,"url":"https:\/\/terjebjornstad.com\/no\/mercedes-benz-w180\/","url_meta":{"origin":27349,"position":3},"title":"Mercedes-Benz W180","author":"Terje Bj\u00f8rnstad","date":"11\/04\/2017","format":false,"excerpt":"Kostet like mye som en Cadillac P\u00e5 50-tallet var 220 S priset som en Cadillac. Det enkle ponton-karosseriet ser langt fra like prangende ut som en Cadillac, men er veldig stilfullt. Innredningen med masse treverk gir preg av klasse. Mange av disse bilene er p\u00e5 veien enn\u00e5, og s\u00f8ker man\u2026","rel":"","context":"Liknende innlegg","block_context":{"text":"Liknende innlegg","link":""},"img":{"alt_text":"w180","src":"https:\/\/i0.wp.com\/terjebjornstad.com\/no\/wp-content\/uploads\/2017\/04\/mercedes-benz-ponton-220s.png?resize=350%2C200&ssl=1","width":350,"height":200,"srcset":"https:\/\/i0.wp.com\/terjebjornstad.com\/no\/wp-content\/uploads\/2017\/04\/mercedes-benz-ponton-220s.png?resize=350%2C200&ssl=1 1x, https:\/\/i0.wp.com\/terjebjornstad.com\/no\/wp-content\/uploads\/2017\/04\/mercedes-benz-ponton-220s.png?resize=525%2C300&ssl=1 1.5x"},"classes":[]},{"id":20496,"url":"https:\/\/terjebjornstad.com\/no\/mercedes-benz-sl-r107\/","url_meta":{"origin":27349,"position":4},"title":"Mercedes-Benz SL R107","author":"Terje Bj\u00f8rnstad","date":"30\/11\/2018","format":false,"excerpt":"R107 roadster eller C107 coup\u00e9 Mercedes-Benz SL med modellkode R107 er en 2-seter roadster med softtop eller hardtop. Den kunne ogs\u00e5 bestilles som 2+2 seter, men baksetet er i praksis ubrukelig, spesielt med nedsl\u00e5tt kalesje. Det finnes ogs\u00e5 en 4-seter coup\u00e9, kalt C107, som er en forlenget utgave av R107.\u2026","rel":"","context":"Liknende innlegg","block_context":{"text":"Liknende innlegg","link":""},"img":{"alt_text":"","src":"https:\/\/i0.wp.com\/terjebjornstad.com\/no\/wp-content\/uploads\/2018\/11\/mercedes-benz-sl-1080x720.png?fit=1080%2C720&ssl=1&resize=350%2C200","width":350,"height":200,"srcset":"https:\/\/i0.wp.com\/terjebjornstad.com\/no\/wp-content\/uploads\/2018\/11\/mercedes-benz-sl-1080x720.png?fit=1080%2C720&ssl=1&resize=350%2C200 1x, https:\/\/i0.wp.com\/terjebjornstad.com\/no\/wp-content\/uploads\/2018\/11\/mercedes-benz-sl-1080x720.png?fit=1080%2C720&ssl=1&resize=525%2C300 1.5x, https:\/\/i0.wp.com\/terjebjornstad.com\/no\/wp-content\/uploads\/2018\/11\/mercedes-benz-sl-1080x720.png?fit=1080%2C720&ssl=1&resize=700%2C400 2x, https:\/\/i0.wp.com\/terjebjornstad.com\/no\/wp-content\/uploads\/2018\/11\/mercedes-benz-sl-1080x720.png?fit=1080%2C720&ssl=1&resize=1050%2C600 3x"},"classes":[]},{"id":33679,"url":"https:\/\/terjebjornstad.com\/no\/mercedes-benz\/mercedes-benz-w201\/","url_meta":{"origin":27349,"position":5},"title":"Mercedes-Benz W201","author":"Terje Bj\u00f8rnstad","date":"16\/07\/2020","format":false,"excerpt":"Mercedes-Benz' f\u00f8rste sm\u00e5bil W201 var Daimler AGs f\u00f8rste sm\u00e5bil - markedsf\u00f8rt som 190. Betegnelsen \"sm\u00e5bil\" er et relativt begrep. Da W201 kom ut i 1982 skulle den konkurrere med sm\u00e5 executive kompaktbiler som BMW 3-serie og Audi 80. Tidligere modellserier fra Mercedes tilh\u00f8rte en klasse over - det som i\u2026","rel":"","context":"Liknende innlegg","block_context":{"text":"Liknende innlegg","link":""},"img":{"alt_text":"w201","src":"https:\/\/i0.wp.com\/terjebjornstad.com\/no\/wp-content\/uploads\/2020\/07\/mercedes-benz-190e-2-6-w201-720x720-1.png?fit=720%2C720&ssl=1&resize=350%2C200","width":350,"height":200,"srcset":"https:\/\/i0.wp.com\/terjebjornstad.com\/no\/wp-content\/uploads\/2020\/07\/mercedes-benz-190e-2-6-w201-720x720-1.png?fit=720%2C720&ssl=1&resize=350%2C200 1x, https:\/\/i0.wp.com\/terjebjornstad.com\/no\/wp-content\/uploads\/2020\/07\/mercedes-benz-190e-2-6-w201-720x720-1.png?fit=720%2C720&ssl=1&resize=525%2C300 1.5x, https:\/\/i0.wp.com\/terjebjornstad.com\/no\/wp-content\/uploads\/2020\/07\/mercedes-benz-190e-2-6-w201-720x720-1.png?fit=720%2C720&ssl=1&resize=700%2C400 2x"},"classes":[]}],"_links":{"self":[{"href":"https:\/\/terjebjornstad.com\/no\/wp-json\/wp\/v2\/pages\/27349","targetHints":{"allow":["GET"]}}],"collection":[{"href":"https:\/\/terjebjornstad.com\/no\/wp-json\/wp\/v2\/pages"}],"about":[{"href":"https:\/\/terjebjornstad.com\/no\/wp-json\/wp\/v2\/types\/page"}],"author":[{"embeddable":true,"href":"https:\/\/terjebjornstad.com\/no\/wp-json\/wp\/v2\/users\/1"}],"replies":[{"embeddable":true,"href":"https:\/\/terjebjornstad.com\/no\/wp-json\/wp\/v2\/comments?post=27349"}],"version-history":[{"count":24,"href":"https:\/\/terjebjornstad.com\/no\/wp-json\/wp\/v2\/pages\/27349\/revisions"}],"predecessor-version":[{"id":89111,"href":"https:\/\/terjebjornstad.com\/no\/wp-json\/wp\/v2\/pages\/27349\/revisions\/89111"}],"wp:attachment":[{"href":"https:\/\/terjebjornstad.com\/no\/wp-json\/wp\/v2\/media?parent=27349"}],"curies":[{"name":"wp","href":"https:\/\/api.w.org\/{rel}","templated":true}]}}