{"id":23516,"date":"2019-05-18T21:43:59","date_gmt":"2019-05-18T21:43:59","guid":{"rendered":"https:\/\/terjebjornstad.com\/no\/?page_id=23516"},"modified":"2026-02-11T23:57:22","modified_gmt":"2026-02-11T22:57:22","slug":"tvr-400s","status":"publish","type":"page","link":"https:\/\/terjebjornstad.com\/no\/tvr-400s\/","title":{"rendered":"TVR S-serie, 280S, 400S"},"content":{"rendered":"<div class=\"copy_teb\"><figure id=\"attachment_23493\" aria-describedby=\"caption-attachment-23493\" style=\"width: 1080px\" class=\"wp-caption aligncenter\"><a href=\"https:\/\/i0.wp.com\/terjebjornstad.com\/no\/wp-content\/uploads\/2021\/09\/TVR-400s-1080x1080-2.jpg?ssl=1\"><img data-recalc-dims=\"1\" loading=\"lazy\" decoding=\"async\" src=\"https:\/\/i0.wp.com\/terjebjornstad.com\/no\/wp-content\/uploads\/2021\/09\/TVR-400s-1080x1080-2.jpg?resize=980%2C980&#038;ssl=1\" alt=\"400s\" width=\"980\" height=\"980\" class=\"size-full wp-image-23493\" \/><\/a><figcaption id=\"caption-attachment-23493\" class=\"wp-caption-text\">TVR 400S<\/figcaption><\/figure><\/p>\n<blockquote><p>TVR hadde f\u00e5tt ny eier og S-serie var den f\u00f8rste nye modellen fra Blackpool. Den hadde ikke noe eget modellnavn som tidligere TVR-modeller. Bare noe med &laquo;S&raquo;. <\/p><\/blockquote>\n\n<h3 class=\"tebh2\">Alle varianter p\u00e5 &laquo;S&raquo;<\/h3>\n<p>Ser du en TVR registrert mellom 1987 og 1991, kan det v\u00e6re en TVR S. Hva mer modellen kalles, kan v\u00e6re s\u00e5 mangt. \u00c9n mulighet er at den kalles 280S, 290S eller 400S avhengig av motorvolum. 280 og 290 er Ford V6 fra K\u00f6ln. 400S har en V8-motor fra Rover. Det benyttes ogs\u00e5 andre modellbetegnelser om de samme bilene, som S1 (280S), S2 (290S) eller S3 og S4. Det benyttes ogs\u00e5 V8S om biler med V8-motorer. Usikre p\u00e5 hvilke betegnelser bilene hadde ved f\u00f8rstegangs-registrering. Biler med V8-motor fikk for \u00f8vrig en kul p\u00e5 panseret og ekstralys som vist p\u00e5 bildene.<\/p>\n\n<figure id=\"attachment_42898\" aria-describedby=\"caption-attachment-42898\" style=\"width: 1080px\" class=\"wp-caption aligncenter\"><a href=\"https:\/\/i0.wp.com\/terjebjornstad.com\/no\/wp-content\/uploads\/2021\/09\/tvr-400s-2-1080x1080-2.jpg?ssl=1\"><img data-recalc-dims=\"1\" loading=\"lazy\" decoding=\"async\" data-attachment-id=\"42898\" data-permalink=\"https:\/\/terjebjornstad.com\/no\/tvr-400s\/tvr-400s-2-1080x1080-2\/\" data-orig-file=\"https:\/\/i0.wp.com\/terjebjornstad.com\/no\/wp-content\/uploads\/2021\/09\/tvr-400s-2-1080x1080-2.jpg?fit=1080%2C1080&amp;ssl=1\" data-orig-size=\"1080,1080\" data-comments-opened=\"1\" data-image-meta=\"{&quot;aperture&quot;:&quot;0&quot;,&quot;credit&quot;:&quot;&quot;,&quot;camera&quot;:&quot;&quot;,&quot;caption&quot;:&quot;&quot;,&quot;created_timestamp&quot;:&quot;0&quot;,&quot;copyright&quot;:&quot;&quot;,&quot;focal_length&quot;:&quot;0&quot;,&quot;iso&quot;:&quot;0&quot;,&quot;shutter_speed&quot;:&quot;0&quot;,&quot;title&quot;:&quot;&quot;,&quot;orientation&quot;:&quot;0&quot;}\" data-image-title=\"tvr-400s-2-1080&amp;#215;1080-2\" data-image-description=\"\" data-image-caption=\"&lt;p&gt;TVR V8S&lt;\/p&gt;\n\" data-large-file=\"https:\/\/i0.wp.com\/terjebjornstad.com\/no\/wp-content\/uploads\/2021\/09\/tvr-400s-2-1080x1080-2.jpg?fit=980%2C980&amp;ssl=1\" src=\"https:\/\/i0.wp.com\/terjebjornstad.com\/no\/wp-content\/uploads\/2021\/09\/tvr-400s-2-1080x1080-2.jpg?resize=980%2C980&#038;ssl=1\" alt=\"\" width=\"980\" height=\"980\" class=\"size-full wp-image-42898\" srcset=\"https:\/\/i0.wp.com\/terjebjornstad.com\/no\/wp-content\/uploads\/2021\/09\/tvr-400s-2-1080x1080-2.jpg?w=1080&amp;ssl=1 1080w, https:\/\/i0.wp.com\/terjebjornstad.com\/no\/wp-content\/uploads\/2021\/09\/tvr-400s-2-1080x1080-2.jpg?resize=300%2C300&amp;ssl=1 300w, https:\/\/i0.wp.com\/terjebjornstad.com\/no\/wp-content\/uploads\/2021\/09\/tvr-400s-2-1080x1080-2.jpg?resize=150%2C150&amp;ssl=1 150w, https:\/\/i0.wp.com\/terjebjornstad.com\/no\/wp-content\/uploads\/2021\/09\/tvr-400s-2-1080x1080-2.jpg?resize=768%2C768&amp;ssl=1 768w, https:\/\/i0.wp.com\/terjebjornstad.com\/no\/wp-content\/uploads\/2021\/09\/tvr-400s-2-1080x1080-2.jpg?resize=690%2C690&amp;ssl=1 690w, https:\/\/i0.wp.com\/terjebjornstad.com\/no\/wp-content\/uploads\/2021\/09\/tvr-400s-2-1080x1080-2.jpg?resize=980%2C980&amp;ssl=1 980w, https:\/\/i0.wp.com\/terjebjornstad.com\/no\/wp-content\/uploads\/2021\/09\/tvr-400s-2-1080x1080-2.jpg?resize=50%2C50&amp;ssl=1 50w\" sizes=\"auto, (max-width: 980px) 100vw, 980px\" \/><\/a><figcaption id=\"caption-attachment-42898\" class=\"wp-caption-text\">TVR V8S<\/figcaption><\/figure>\n<h3 class=\"tebh2\">Om bildene<\/h3>\n<p>Den avbildede bilen er fotografert utenfor Stor\u00f8ya Skole\/Grendehus p\u00e5 Fornebu i 2021. <\/p>\n<p>&nbsp;<br \/>\n<br \/>\n&nbsp;<\/p>\n<h3 class=\"tebh2\">Se ogs\u00e5<\/h3>\n<figure id=\"attachment_65815\" aria-describedby=\"caption-attachment-65815\" style=\"width: 150px\" class=\"wp-caption alignleft\"><a href=\"https:\/\/terjebjornstad.com\/no\/tvr-chimaera\/\"><img data-recalc-dims=\"1\" loading=\"lazy\" decoding=\"async\" data-attachment-id=\"65815\" data-permalink=\"https:\/\/terjebjornstad.com\/no\/tvr\/tvr-chimaera-2-1080x720-1\/\" data-orig-file=\"https:\/\/i0.wp.com\/terjebjornstad.com\/no\/wp-content\/uploads\/2023\/11\/tvr-chimaera-2-1080x720-1.jpg?fit=1080%2C720&amp;ssl=1\" data-orig-size=\"1080,720\" data-comments-opened=\"1\" data-image-meta=\"{&quot;aperture&quot;:&quot;0&quot;,&quot;credit&quot;:&quot;&quot;,&quot;camera&quot;:&quot;&quot;,&quot;caption&quot;:&quot;&quot;,&quot;created_timestamp&quot;:&quot;0&quot;,&quot;copyright&quot;:&quot;&quot;,&quot;focal_length&quot;:&quot;0&quot;,&quot;iso&quot;:&quot;0&quot;,&quot;shutter_speed&quot;:&quot;0&quot;,&quot;title&quot;:&quot;&quot;,&quot;orientation&quot;:&quot;0&quot;}\" data-image-title=\"tvr-chimaera-2-1080&amp;#215;720-1\" data-image-description=\"\" data-image-caption=\"&lt;p&gt;TVR Chimaera&lt;\/p&gt;\n\" data-large-file=\"https:\/\/i0.wp.com\/terjebjornstad.com\/no\/wp-content\/uploads\/2023\/11\/tvr-chimaera-2-1080x720-1.jpg?fit=980%2C653&amp;ssl=1\" src=\"https:\/\/i0.wp.com\/terjebjornstad.com\/no\/wp-content\/uploads\/2023\/11\/tvr-chimaera-2-1080x720-1.jpg?resize=150%2C150&#038;ssl=1\" alt=\"\" width=\"150\" height=\"150\" class=\"size-thumbnail wp-image-65815\" srcset=\"https:\/\/i0.wp.com\/terjebjornstad.com\/no\/wp-content\/uploads\/2023\/11\/tvr-chimaera-2-1080x720-1.jpg?resize=150%2C150&amp;ssl=1 150w, https:\/\/i0.wp.com\/terjebjornstad.com\/no\/wp-content\/uploads\/2023\/11\/tvr-chimaera-2-1080x720-1.jpg?resize=50%2C50&amp;ssl=1 50w, https:\/\/i0.wp.com\/terjebjornstad.com\/no\/wp-content\/uploads\/2023\/11\/tvr-chimaera-2-1080x720-1.jpg?zoom=2&amp;resize=150%2C150&amp;ssl=1 300w, https:\/\/i0.wp.com\/terjebjornstad.com\/no\/wp-content\/uploads\/2023\/11\/tvr-chimaera-2-1080x720-1.jpg?zoom=3&amp;resize=150%2C150&amp;ssl=1 450w\" sizes=\"auto, (max-width: 150px) 100vw, 150px\" \/><\/a><figcaption id=\"caption-attachment-65815\" class=\"wp-caption-text\">TVR Chimaera<\/figcaption><\/figure>\n<h6><\/h6>\n<p><a href=\"https:\/\/www.tvr.co.uk\/\" target=\"_blank\" rel=\"noopener\"><strong>TVR.co.uk<\/strong><\/a>\n<\/div>\n","protected":false},"excerpt":{"rendered":"<p>TVR hadde f\u00e5tt ny eier og S-serie var den f\u00f8rste nye modellen fra Blackpool. Den hadde ikke noe eget modellnavn som tidligere TVR-modeller. Bare noe med &laquo;S&raquo;. Alle varianter p\u00e5 &laquo;S&raquo; Ser du en TVR registrert mellom 1987 og 1991, kan det v\u00e6re en TVR S. Hva mer modellen kalles, kan v\u00e6re s\u00e5 mangt. \u00c9n [&hellip;]<\/p>\n","protected":false},"author":1,"featured_media":42899,"parent":0,"menu_order":0,"comment_status":"closed","ping_status":"closed","template":"","meta":{"_monsterinsights_skip_tracking":false,"_monsterinsights_sitenote_active":false,"_monsterinsights_sitenote_note":"","_monsterinsights_sitenote_category":0,"jetpack_post_was_ever_published":false,"footnotes":""},"class_list":["post-23516","page","type-page","status-publish","has-post-thumbnail","hentry"],"yoast_head":"<!-- This site is optimized with the Yoast SEO plugin v27.5 - https:\/\/yoast.com\/product\/yoast-seo-wordpress\/ -->\n<title>TVR S-serie, 280S, 400S - Terjes biler<\/title>\n<meta name=\"description\" content=\"TVR 280S, 290S og TVR 400S tilh\u00f8rte S-serien. Motorene var 2,8 og 2,9 V6 fra Ford, K\u00f6ln, eller 4,0 V8 fra Rover.\" \/>\n<meta name=\"robots\" content=\"index, follow, max-snippet:-1, max-image-preview:large, max-video-preview:-1\" \/>\n<link rel=\"canonical\" href=\"https:\/\/terjebjornstad.com\/no\/tvr-400s\/\" \/>\n<meta property=\"og:locale\" content=\"nb_NO\" \/>\n<meta property=\"og:type\" content=\"article\" \/>\n<meta property=\"og:title\" content=\"TVR S-serie, 280S, 400S - Terjes biler\" \/>\n<meta property=\"og:description\" content=\"TVR 280S, 290S og TVR 400S tilh\u00f8rte S-serien. Motorene var 2,8 og 2,9 V6 fra Ford, K\u00f6ln, eller 4,0 V8 fra Rover.\" \/>\n<meta property=\"og:url\" content=\"https:\/\/terjebjornstad.com\/no\/tvr-400s\/\" \/>\n<meta property=\"og:site_name\" content=\"Terjes biler\" \/>\n<meta property=\"article:publisher\" content=\"https:\/\/www.facebook.com\/terjesbiler\/\" \/>\n<meta property=\"article:modified_time\" content=\"2026-02-11T22:57:22+00:00\" \/>\n<meta property=\"og:image\" content=\"https:\/\/terjebjornstad.com\/no\/wp-content\/uploads\/2021\/09\/TVR-400s-1080x1080-2.jpg\" \/>\n\t<meta property=\"og:image:width\" content=\"1080\" \/>\n\t<meta property=\"og:image:height\" content=\"1080\" \/>\n\t<meta property=\"og:image:type\" content=\"image\/jpeg\" \/>\n<meta name=\"twitter:card\" content=\"summary_large_image\" \/>\n<meta name=\"twitter:label1\" content=\"Ansl. lesetid\" \/>\n\t<meta name=\"twitter:data1\" content=\"2 minutter\" \/>\n<script type=\"application\/ld+json\" class=\"yoast-schema-graph\">{\"@context\":\"https:\\\/\\\/schema.org\",\"@graph\":[{\"@type\":\"WebPage\",\"@id\":\"https:\\\/\\\/terjebjornstad.com\\\/no\\\/tvr-400s\\\/\",\"url\":\"https:\\\/\\\/terjebjornstad.com\\\/no\\\/tvr-400s\\\/\",\"name\":\"TVR S-serie, 280S, 400S - Terjes biler\",\"isPartOf\":{\"@id\":\"https:\\\/\\\/terjebjornstad.com\\\/no\\\/#website\"},\"primaryImageOfPage\":{\"@id\":\"https:\\\/\\\/terjebjornstad.com\\\/no\\\/tvr-400s\\\/#primaryimage\"},\"image\":{\"@id\":\"https:\\\/\\\/terjebjornstad.com\\\/no\\\/tvr-400s\\\/#primaryimage\"},\"thumbnailUrl\":\"https:\\\/\\\/i0.wp.com\\\/terjebjornstad.com\\\/no\\\/wp-content\\\/uploads\\\/2021\\\/09\\\/TVR-400s-1080x1080-2.jpg?fit=1080%2C1080&ssl=1\",\"datePublished\":\"2019-05-18T21:43:59+00:00\",\"dateModified\":\"2026-02-11T22:57:22+00:00\",\"description\":\"TVR 280S, 290S og TVR 400S tilh\u00f8rte S-serien. Motorene var 2,8 og 2,9 V6 fra Ford, K\u00f6ln, eller 4,0 V8 fra Rover.\",\"breadcrumb\":{\"@id\":\"https:\\\/\\\/terjebjornstad.com\\\/no\\\/tvr-400s\\\/#breadcrumb\"},\"inLanguage\":\"nb-NO\",\"potentialAction\":[{\"@type\":\"ReadAction\",\"target\":[\"https:\\\/\\\/terjebjornstad.com\\\/no\\\/tvr-400s\\\/\"]}]},{\"@type\":\"ImageObject\",\"inLanguage\":\"nb-NO\",\"@id\":\"https:\\\/\\\/terjebjornstad.com\\\/no\\\/tvr-400s\\\/#primaryimage\",\"url\":\"https:\\\/\\\/i0.wp.com\\\/terjebjornstad.com\\\/no\\\/wp-content\\\/uploads\\\/2021\\\/09\\\/TVR-400s-1080x1080-2.jpg?fit=1080%2C1080&ssl=1\",\"contentUrl\":\"https:\\\/\\\/i0.wp.com\\\/terjebjornstad.com\\\/no\\\/wp-content\\\/uploads\\\/2021\\\/09\\\/TVR-400s-1080x1080-2.jpg?fit=1080%2C1080&ssl=1\",\"width\":1080,\"height\":1080,\"caption\":\"TVR V8S\"},{\"@type\":\"BreadcrumbList\",\"@id\":\"https:\\\/\\\/terjebjornstad.com\\\/no\\\/tvr-400s\\\/#breadcrumb\",\"itemListElement\":[{\"@type\":\"ListItem\",\"position\":1,\"name\":\"Hjem\",\"item\":\"https:\\\/\\\/terjebjornstad.com\\\/no\\\/\"},{\"@type\":\"ListItem\",\"position\":2,\"name\":\"TVR S-serie, 280S, 400S\"}]},{\"@type\":\"WebSite\",\"@id\":\"https:\\\/\\\/terjebjornstad.com\\\/no\\\/#website\",\"url\":\"https:\\\/\\\/terjebjornstad.com\\\/no\\\/\",\"name\":\"Terjes biler\",\"description\":\"HONEST ABOUT CARS\",\"publisher\":{\"@id\":\"https:\\\/\\\/terjebjornstad.com\\\/no\\\/#organization\"},\"alternateName\":\"Terjebjornstad.com\",\"potentialAction\":[{\"@type\":\"SearchAction\",\"target\":{\"@type\":\"EntryPoint\",\"urlTemplate\":\"https:\\\/\\\/terjebjornstad.com\\\/no\\\/?s={search_term_string}\"},\"query-input\":{\"@type\":\"PropertyValueSpecification\",\"valueRequired\":true,\"valueName\":\"search_term_string\"}}],\"inLanguage\":\"nb-NO\"},{\"@type\":\"Organization\",\"@id\":\"https:\\\/\\\/terjebjornstad.com\\\/no\\\/#organization\",\"name\":\"Terje Bj\u00f8rnstad ENK\",\"url\":\"https:\\\/\\\/terjebjornstad.com\\\/no\\\/\",\"logo\":{\"@type\":\"ImageObject\",\"inLanguage\":\"nb-NO\",\"@id\":\"https:\\\/\\\/terjebjornstad.com\\\/no\\\/#\\\/schema\\\/logo\\\/image\\\/\",\"url\":\"https:\\\/\\\/i0.wp.com\\\/terjebjornstad.com\\\/no\\\/wp-content\\\/uploads\\\/2026\\\/02\\\/terjesbiler2024-960x354-1.png?fit=960%2C354&ssl=1\",\"contentUrl\":\"https:\\\/\\\/i0.wp.com\\\/terjebjornstad.com\\\/no\\\/wp-content\\\/uploads\\\/2026\\\/02\\\/terjesbiler2024-960x354-1.png?fit=960%2C354&ssl=1\",\"width\":960,\"height\":354,\"caption\":\"Terje Bj\u00f8rnstad ENK\"},\"image\":{\"@id\":\"https:\\\/\\\/terjebjornstad.com\\\/no\\\/#\\\/schema\\\/logo\\\/image\\\/\"},\"sameAs\":[\"https:\\\/\\\/www.facebook.com\\\/terjesbiler\\\/\",\"https:\\\/\\\/www.instagram.com\\\/terjesbiler\\\/\",\"https:\\\/\\\/www.pinteres.com\\\/terjebjrnstad\\\/terjes-biler\\\/\"]}]}<\/script>\n<!-- \/ Yoast SEO plugin. -->","yoast_head_json":{"title":"TVR S-serie, 280S, 400S - Terjes biler","description":"TVR 280S, 290S og TVR 400S tilh\u00f8rte S-serien. Motorene var 2,8 og 2,9 V6 fra Ford, K\u00f6ln, eller 4,0 V8 fra Rover.","robots":{"index":"index","follow":"follow","max-snippet":"max-snippet:-1","max-image-preview":"max-image-preview:large","max-video-preview":"max-video-preview:-1"},"canonical":"https:\/\/terjebjornstad.com\/no\/tvr-400s\/","og_locale":"nb_NO","og_type":"article","og_title":"TVR S-serie, 280S, 400S - Terjes biler","og_description":"TVR 280S, 290S og TVR 400S tilh\u00f8rte S-serien. Motorene var 2,8 og 2,9 V6 fra Ford, K\u00f6ln, eller 4,0 V8 fra Rover.","og_url":"https:\/\/terjebjornstad.com\/no\/tvr-400s\/","og_site_name":"Terjes biler","article_publisher":"https:\/\/www.facebook.com\/terjesbiler\/","article_modified_time":"2026-02-11T22:57:22+00:00","og_image":[{"width":1080,"height":1080,"url":"https:\/\/terjebjornstad.com\/no\/wp-content\/uploads\/2021\/09\/TVR-400s-1080x1080-2.jpg","type":"image\/jpeg"}],"twitter_card":"summary_large_image","twitter_misc":{"Ansl. lesetid":"2 minutter"},"schema":{"@context":"https:\/\/schema.org","@graph":[{"@type":"WebPage","@id":"https:\/\/terjebjornstad.com\/no\/tvr-400s\/","url":"https:\/\/terjebjornstad.com\/no\/tvr-400s\/","name":"TVR S-serie, 280S, 400S - Terjes biler","isPartOf":{"@id":"https:\/\/terjebjornstad.com\/no\/#website"},"primaryImageOfPage":{"@id":"https:\/\/terjebjornstad.com\/no\/tvr-400s\/#primaryimage"},"image":{"@id":"https:\/\/terjebjornstad.com\/no\/tvr-400s\/#primaryimage"},"thumbnailUrl":"https:\/\/i0.wp.com\/terjebjornstad.com\/no\/wp-content\/uploads\/2021\/09\/TVR-400s-1080x1080-2.jpg?fit=1080%2C1080&ssl=1","datePublished":"2019-05-18T21:43:59+00:00","dateModified":"2026-02-11T22:57:22+00:00","description":"TVR 280S, 290S og TVR 400S tilh\u00f8rte S-serien. Motorene var 2,8 og 2,9 V6 fra Ford, K\u00f6ln, eller 4,0 V8 fra Rover.","breadcrumb":{"@id":"https:\/\/terjebjornstad.com\/no\/tvr-400s\/#breadcrumb"},"inLanguage":"nb-NO","potentialAction":[{"@type":"ReadAction","target":["https:\/\/terjebjornstad.com\/no\/tvr-400s\/"]}]},{"@type":"ImageObject","inLanguage":"nb-NO","@id":"https:\/\/terjebjornstad.com\/no\/tvr-400s\/#primaryimage","url":"https:\/\/i0.wp.com\/terjebjornstad.com\/no\/wp-content\/uploads\/2021\/09\/TVR-400s-1080x1080-2.jpg?fit=1080%2C1080&ssl=1","contentUrl":"https:\/\/i0.wp.com\/terjebjornstad.com\/no\/wp-content\/uploads\/2021\/09\/TVR-400s-1080x1080-2.jpg?fit=1080%2C1080&ssl=1","width":1080,"height":1080,"caption":"TVR V8S"},{"@type":"BreadcrumbList","@id":"https:\/\/terjebjornstad.com\/no\/tvr-400s\/#breadcrumb","itemListElement":[{"@type":"ListItem","position":1,"name":"Hjem","item":"https:\/\/terjebjornstad.com\/no\/"},{"@type":"ListItem","position":2,"name":"TVR S-serie, 280S, 400S"}]},{"@type":"WebSite","@id":"https:\/\/terjebjornstad.com\/no\/#website","url":"https:\/\/terjebjornstad.com\/no\/","name":"Terjes biler","description":"HONEST ABOUT CARS","publisher":{"@id":"https:\/\/terjebjornstad.com\/no\/#organization"},"alternateName":"Terjebjornstad.com","potentialAction":[{"@type":"SearchAction","target":{"@type":"EntryPoint","urlTemplate":"https:\/\/terjebjornstad.com\/no\/?s={search_term_string}"},"query-input":{"@type":"PropertyValueSpecification","valueRequired":true,"valueName":"search_term_string"}}],"inLanguage":"nb-NO"},{"@type":"Organization","@id":"https:\/\/terjebjornstad.com\/no\/#organization","name":"Terje Bj\u00f8rnstad ENK","url":"https:\/\/terjebjornstad.com\/no\/","logo":{"@type":"ImageObject","inLanguage":"nb-NO","@id":"https:\/\/terjebjornstad.com\/no\/#\/schema\/logo\/image\/","url":"https:\/\/i0.wp.com\/terjebjornstad.com\/no\/wp-content\/uploads\/2026\/02\/terjesbiler2024-960x354-1.png?fit=960%2C354&ssl=1","contentUrl":"https:\/\/i0.wp.com\/terjebjornstad.com\/no\/wp-content\/uploads\/2026\/02\/terjesbiler2024-960x354-1.png?fit=960%2C354&ssl=1","width":960,"height":354,"caption":"Terje Bj\u00f8rnstad ENK"},"image":{"@id":"https:\/\/terjebjornstad.com\/no\/#\/schema\/logo\/image\/"},"sameAs":["https:\/\/www.facebook.com\/terjesbiler\/","https:\/\/www.instagram.com\/terjesbiler\/","https:\/\/www.pinteres.com\/terjebjrnstad\/terjes-biler\/"]}]}},"jetpack_sharing_enabled":true,"jetpack_shortlink":"https:\/\/wp.me\/P48zYA-67i","jetpack-related-posts":[{"id":5746,"url":"https:\/\/terjebjornstad.com\/no\/tvr\/","url_meta":{"origin":23516,"position":0},"title":"TVR ble stiftet like etter\u2026","author":"Terje Bj\u00f8rnstad","date":"23\/06\/2016","format":false,"excerpt":"TVR ble stiftet like etter krigen i Blackpool og har produsert lette, sportsbiler i sm\u00e5 serier. Bilene er laget av glassfiber p\u00e5 st\u00e5lramme.","rel":"","context":"Liknende innlegg","block_context":{"text":"Liknende innlegg","link":""},"img":{"alt_text":"","src":"https:\/\/i0.wp.com\/terjebjornstad.com\/no\/wp-content\/uploads\/2023\/11\/tvr-chimaera-2-1080x720-1.jpg?resize=350%2C200&ssl=1","width":350,"height":200,"srcset":"https:\/\/i0.wp.com\/terjebjornstad.com\/no\/wp-content\/uploads\/2023\/11\/tvr-chimaera-2-1080x720-1.jpg?resize=350%2C200&ssl=1 1x, https:\/\/i0.wp.com\/terjebjornstad.com\/no\/wp-content\/uploads\/2023\/11\/tvr-chimaera-2-1080x720-1.jpg?resize=525%2C300&ssl=1 1.5x, https:\/\/i0.wp.com\/terjebjornstad.com\/no\/wp-content\/uploads\/2023\/11\/tvr-chimaera-2-1080x720-1.jpg?resize=700%2C400&ssl=1 2x, https:\/\/i0.wp.com\/terjebjornstad.com\/no\/wp-content\/uploads\/2023\/11\/tvr-chimaera-2-1080x720-1.jpg?resize=1050%2C600&ssl=1 3x"},"classes":[]},{"id":25980,"url":"https:\/\/terjebjornstad.com\/no\/tvr-chimaera\/","url_meta":{"origin":23516,"position":1},"title":"TVR Chimaera","author":"Terje Bj\u00f8rnstad","date":"08\/09\/2019","format":false,"excerpt":"Chimaera (uttales: kaj'mera) er en 2-seter med V8-motor fra Range Rover med glassfiber-karosseri p\u00e5 st\u00e5lr\u00f8rsramme. H\u00e5ndlaget - made in England. Om modellen Modellen ble produsert mellom 1992 og 2003. Den har glassfiber-karosseri p\u00e5 st\u00e5lr\u00f8rsramme, V8-motor fra Rover av samme typer som ble benyttet i Range Rover. Chimaera har gode ytelser,\u2026","rel":"","context":"Liknende innlegg","block_context":{"text":"Liknende innlegg","link":""},"img":{"alt_text":"","src":"https:\/\/i0.wp.com\/terjebjornstad.com\/no\/wp-content\/uploads\/2019\/09\/tvr-chimaera-2-1080x720.png?fit=1080%2C720&ssl=1&resize=350%2C200","width":350,"height":200,"srcset":"https:\/\/i0.wp.com\/terjebjornstad.com\/no\/wp-content\/uploads\/2019\/09\/tvr-chimaera-2-1080x720.png?fit=1080%2C720&ssl=1&resize=350%2C200 1x, https:\/\/i0.wp.com\/terjebjornstad.com\/no\/wp-content\/uploads\/2019\/09\/tvr-chimaera-2-1080x720.png?fit=1080%2C720&ssl=1&resize=525%2C300 1.5x, https:\/\/i0.wp.com\/terjebjornstad.com\/no\/wp-content\/uploads\/2019\/09\/tvr-chimaera-2-1080x720.png?fit=1080%2C720&ssl=1&resize=700%2C400 2x, https:\/\/i0.wp.com\/terjebjornstad.com\/no\/wp-content\/uploads\/2019\/09\/tvr-chimaera-2-1080x720.png?fit=1080%2C720&ssl=1&resize=1050%2C600 3x"},"classes":[]},{"id":5743,"url":"https:\/\/terjebjornstad.com\/no\/1967-1971-tvr-tuscan\/","url_meta":{"origin":23516,"position":2},"title":"TVR Tuscan","author":"Terje Bj\u00f8rnstad","date":"23\/06\/2016","format":false,"excerpt":"Vi har sparsomt med opplysninger om disse h\u00e5ndlagde engelske sportsbilene produsert i sm\u00e5 serier. Tidlige TVR-modeller opererer med modellnavn som Grantura, Tuscan, Vixen, M-serie og Taimar, skj\u00f8nt de ser alle ganske like ut. TVR er et sportsbilmerke med en sv\u00e6rt liten produksjon av h\u00e5ndlagde biler. Selv om bilene appellerer til\u2026","rel":"","context":"Liknende innlegg","block_context":{"text":"Liknende innlegg","link":""},"img":{"alt_text":"","src":"https:\/\/i0.wp.com\/terjebjornstad.com\/no\/wp-content\/uploads\/2016\/05\/tvr-tuscan-1.png?fit=686%2C554&ssl=1&resize=350%2C200","width":350,"height":200,"srcset":"https:\/\/i0.wp.com\/terjebjornstad.com\/no\/wp-content\/uploads\/2016\/05\/tvr-tuscan-1.png?fit=686%2C554&ssl=1&resize=350%2C200 1x, https:\/\/i0.wp.com\/terjebjornstad.com\/no\/wp-content\/uploads\/2016\/05\/tvr-tuscan-1.png?fit=686%2C554&ssl=1&resize=525%2C300 1.5x"},"classes":[]},{"id":18197,"url":"https:\/\/terjebjornstad.com\/no\/mercedes-benz-w116\/","url_meta":{"origin":23516,"position":3},"title":"Mercedes-Benz W116","author":"Terje Bj\u00f8rnstad","date":"19\/07\/2018","format":false,"excerpt":"Flagget klasse og rikdom W116 br\u00f8t med forgjengernes mer diskrete luksus. Modellen flagget klasse og rikdom p\u00e5 en helt annen m\u00e5te enn sin forgjenger, den diskrete W108. Til og med Mercedes W111 \"Heckflosse\" virker diskret sammenlignet med W116. Modellhistorikk Mercedes-Benz S-klasse W116 ble produsert fra modell\u00e5r 1973 til og med\u2026","rel":"","context":"Liknende innlegg","block_context":{"text":"Liknende innlegg","link":""},"img":{"alt_text":"","src":"https:\/\/i0.wp.com\/terjebjornstad.com\/no\/wp-content\/uploads\/2018\/07\/mercedes-benz-w116-1-1080x720.png?fit=1080%2C720&ssl=1&resize=350%2C200","width":350,"height":200,"srcset":"https:\/\/i0.wp.com\/terjebjornstad.com\/no\/wp-content\/uploads\/2018\/07\/mercedes-benz-w116-1-1080x720.png?fit=1080%2C720&ssl=1&resize=350%2C200 1x, https:\/\/i0.wp.com\/terjebjornstad.com\/no\/wp-content\/uploads\/2018\/07\/mercedes-benz-w116-1-1080x720.png?fit=1080%2C720&ssl=1&resize=525%2C300 1.5x, https:\/\/i0.wp.com\/terjebjornstad.com\/no\/wp-content\/uploads\/2018\/07\/mercedes-benz-w116-1-1080x720.png?fit=1080%2C720&ssl=1&resize=700%2C400 2x, https:\/\/i0.wp.com\/terjebjornstad.com\/no\/wp-content\/uploads\/2018\/07\/mercedes-benz-w116-1-1080x720.png?fit=1080%2C720&ssl=1&resize=1050%2C600 3x"},"classes":[]},{"id":37687,"url":"https:\/\/terjebjornstad.com\/no\/lotus-esprit\/","url_meta":{"origin":23516,"position":4},"title":"Lotus Esprit","author":"Terje Bj\u00f8rnstad","date":"22\/01\/2021","format":false,"excerpt":"Det er vanskelig \u00e5 forestille seg Lotus Esprit som veteranbil. Bilen som hang p\u00e5 alle gutterom, James Bond-bilen og bilene som ble foretrukket av britiske playboys bosatt i Monaco. Sannheten er likevel ikke til \u00e5 komme unna. Under det h\u00e5ndlagde glassfiberkarosseriet skjuler det seg en gammel bil, teknologisk low-tech etter\u2026","rel":"","context":"Liknende innlegg","block_context":{"text":"Liknende innlegg","link":""},"img":{"alt_text":"lotus esprit","src":"https:\/\/i0.wp.com\/terjebjornstad.com\/no\/wp-content\/uploads\/2021\/01\/198-4lotus-esprite-turbo-2140-1080x720-1.png?fit=1080%2C720&ssl=1&resize=350%2C200","width":350,"height":200,"srcset":"https:\/\/i0.wp.com\/terjebjornstad.com\/no\/wp-content\/uploads\/2021\/01\/198-4lotus-esprite-turbo-2140-1080x720-1.png?fit=1080%2C720&ssl=1&resize=350%2C200 1x, https:\/\/i0.wp.com\/terjebjornstad.com\/no\/wp-content\/uploads\/2021\/01\/198-4lotus-esprite-turbo-2140-1080x720-1.png?fit=1080%2C720&ssl=1&resize=525%2C300 1.5x, https:\/\/i0.wp.com\/terjebjornstad.com\/no\/wp-content\/uploads\/2021\/01\/198-4lotus-esprite-turbo-2140-1080x720-1.png?fit=1080%2C720&ssl=1&resize=700%2C400 2x, https:\/\/i0.wp.com\/terjebjornstad.com\/no\/wp-content\/uploads\/2021\/01\/198-4lotus-esprite-turbo-2140-1080x720-1.png?fit=1080%2C720&ssl=1&resize=1050%2C600 3x"},"classes":[]},{"id":72186,"url":"https:\/\/terjebjornstad.com\/no\/bilene-fra-1967\/","url_meta":{"origin":23516,"position":5},"title":"Bilene fra 1967","author":"Terje Bj\u00f8rnstad","date":"20\/05\/2024","format":false,"excerpt":"Sverige innf\u00f8rte h\u00f8yrekj\u00f8ring og sangen \"H\u00e5ll dig till h\u00f6ger, Svenson\" med Telstars kom p\u00e5 Svensktoppen. Seksdagerskrigen br\u00f8t ut i Midt-\u00d8sten. Popstjernen Twiggy kj\u00f8rte Mini og Beatles sang \"All You Need is Love\". Turer med bil, telt, camping-stoler og fiskestenger var typisk for 1967. Vi kj\u00f8rte lange turer i Moskvichen, ofte\u2026","rel":"","context":"Liknende innlegg","block_context":{"text":"Liknende innlegg","link":""},"img":{"alt_text":"1967 Mercedes-Benz LP0609","src":"https:\/\/i0.wp.com\/terjebjornstad.com\/no\/wp-content\/uploads\/2024\/05\/1967-mercedes-benz-lp-0609-1280x1280-1.jpg?resize=350%2C200&ssl=1","width":350,"height":200,"srcset":"https:\/\/i0.wp.com\/terjebjornstad.com\/no\/wp-content\/uploads\/2024\/05\/1967-mercedes-benz-lp-0609-1280x1280-1.jpg?resize=350%2C200&ssl=1 1x, https:\/\/i0.wp.com\/terjebjornstad.com\/no\/wp-content\/uploads\/2024\/05\/1967-mercedes-benz-lp-0609-1280x1280-1.jpg?resize=525%2C300&ssl=1 1.5x, https:\/\/i0.wp.com\/terjebjornstad.com\/no\/wp-content\/uploads\/2024\/05\/1967-mercedes-benz-lp-0609-1280x1280-1.jpg?resize=700%2C400&ssl=1 2x, https:\/\/i0.wp.com\/terjebjornstad.com\/no\/wp-content\/uploads\/2024\/05\/1967-mercedes-benz-lp-0609-1280x1280-1.jpg?resize=1050%2C600&ssl=1 3x"},"classes":[]}],"_links":{"self":[{"href":"https:\/\/terjebjornstad.com\/no\/wp-json\/wp\/v2\/pages\/23516","targetHints":{"allow":["GET"]}}],"collection":[{"href":"https:\/\/terjebjornstad.com\/no\/wp-json\/wp\/v2\/pages"}],"about":[{"href":"https:\/\/terjebjornstad.com\/no\/wp-json\/wp\/v2\/types\/page"}],"author":[{"embeddable":true,"href":"https:\/\/terjebjornstad.com\/no\/wp-json\/wp\/v2\/users\/1"}],"replies":[{"embeddable":true,"href":"https:\/\/terjebjornstad.com\/no\/wp-json\/wp\/v2\/comments?post=23516"}],"version-history":[{"count":14,"href":"https:\/\/terjebjornstad.com\/no\/wp-json\/wp\/v2\/pages\/23516\/revisions"}],"predecessor-version":[{"id":89515,"href":"https:\/\/terjebjornstad.com\/no\/wp-json\/wp\/v2\/pages\/23516\/revisions\/89515"}],"wp:featuredmedia":[{"embeddable":true,"href":"https:\/\/terjebjornstad.com\/no\/wp-json\/wp\/v2\/media\/42899"}],"wp:attachment":[{"href":"https:\/\/terjebjornstad.com\/no\/wp-json\/wp\/v2\/media?parent=23516"}],"curies":[{"name":"wp","href":"https:\/\/api.w.org\/{rel}","templated":true}]}}