{"id":15466,"date":"2018-04-20T12:03:32","date_gmt":"2018-04-20T12:03:32","guid":{"rendered":"http:\/\/terjebjornstad.com\/no\/?page_id=15466"},"modified":"2026-03-04T01:22:18","modified_gmt":"2026-03-04T00:22:18","slug":"seat-ateca","status":"publish","type":"page","link":"https:\/\/terjebjornstad.com\/no\/seat-ateca\/","title":{"rendered":""},"content":{"rendered":"<div class=\"copy_teb\"><center>Du blir automatisk omdirigert til:<\/p>\n<figure id=\"attachment_15438\" aria-describedby=\"caption-attachment-15438\" style=\"width: 300px\" class=\"wp-caption aligncenter\"><a href=\"https:\/\/terjebjornstad.com\/no\/2018\/04\/20\/seat-ateca\/\"><img data-recalc-dims=\"1\" loading=\"lazy\" decoding=\"async\" data-attachment-id=\"15438\" data-permalink=\"https:\/\/terjebjornstad.com\/no\/2018\/04\/20\/seat-ateca\/seat-ateca-fr-31\/\" data-orig-file=\"https:\/\/i0.wp.com\/terjebjornstad.com\/no\/wp-content\/uploads\/2018\/04\/seat-ateca-fr-31.png?fit=686%2C457&amp;ssl=1\" data-orig-size=\"686,457\" data-comments-opened=\"1\" data-image-meta=\"{&quot;aperture&quot;:&quot;0&quot;,&quot;credit&quot;:&quot;&quot;,&quot;camera&quot;:&quot;&quot;,&quot;caption&quot;:&quot;&quot;,&quot;created_timestamp&quot;:&quot;0&quot;,&quot;copyright&quot;:&quot;&quot;,&quot;focal_length&quot;:&quot;0&quot;,&quot;iso&quot;:&quot;0&quot;,&quot;shutter_speed&quot;:&quot;0&quot;,&quot;title&quot;:&quot;&quot;,&quot;orientation&quot;:&quot;0&quot;}\" data-image-title=\"Seat Ateca FR\" data-image-description=\"\" data-image-caption=\"&lt;p&gt;Seat Ateca&lt;\/p&gt;\n\" data-large-file=\"https:\/\/i0.wp.com\/terjebjornstad.com\/no\/wp-content\/uploads\/2018\/04\/seat-ateca-fr-31.png?fit=686%2C457&amp;ssl=1\" src=\"https:\/\/i0.wp.com\/terjebjornstad.com\/no\/wp-content\/uploads\/2018\/04\/seat-ateca-fr-31.png?resize=300%2C200&#038;ssl=1\" alt=\"\" width=\"300\" height=\"200\" class=\"size-medium wp-image-15438\" srcset=\"https:\/\/i0.wp.com\/terjebjornstad.com\/no\/wp-content\/uploads\/2018\/04\/seat-ateca-fr-31.png?resize=300%2C200&amp;ssl=1 300w, https:\/\/i0.wp.com\/terjebjornstad.com\/no\/wp-content\/uploads\/2018\/04\/seat-ateca-fr-31.png?w=686&amp;ssl=1 686w\" sizes=\"auto, (max-width: 300px) 100vw, 300px\" \/><\/a><figcaption id=\"caption-attachment-15438\" class=\"wp-caption-text\">Seat Ateca FR 1.4 TSI 4DRIVE<\/figcaption><\/figure>\n<h6><\/h6>\n<p>\t\t<meta http-equiv=\"refresh\" content=\"5; url=https:\/\/terjebjornstad.com\/no\/2018\/04\/20\/seat-ateca\/\">\n\t\t\t\tPlease wait while you are redirected...or <a href=\"https:\/\/terjebjornstad.com\/no\/2018\/04\/20\/seat-ateca\/\">Click Here<\/a> if you do not want to wait.\n\t\t\t\t<br \/>\n<\/center><\/p>\n<h6><\/h6>\n<\/div>\n","protected":false},"excerpt":{"rendered":"<p>Du blir automatisk omdirigert til:<\/p>\n","protected":false},"author":1,"featured_media":0,"parent":0,"menu_order":0,"comment_status":"closed","ping_status":"closed","template":"","meta":{"_monsterinsights_skip_tracking":false,"_monsterinsights_sitenote_active":false,"_monsterinsights_sitenote_note":"","_monsterinsights_sitenote_category":0,"jetpack_post_was_ever_published":false,"footnotes":""},"class_list":["post-15466","page","type-page","status-publish","hentry"],"yoast_head":"<!-- This site is optimized with the Yoast SEO plugin v27.5 - https:\/\/yoast.com\/product\/yoast-seo-wordpress\/ -->\n<title>- Terjes biler<\/title>\n<meta name=\"robots\" content=\"index, follow, max-snippet:-1, max-image-preview:large, max-video-preview:-1\" \/>\n<link rel=\"canonical\" href=\"https:\/\/terjebjornstad.com\/no\/seat-ateca\/\" \/>\n<meta property=\"og:locale\" content=\"nb_NO\" \/>\n<meta property=\"og:type\" content=\"article\" \/>\n<meta property=\"og:title\" content=\"- Terjes biler\" \/>\n<meta property=\"og:description\" content=\"Du blir automatisk omdirigert til:\" \/>\n<meta property=\"og:url\" content=\"https:\/\/terjebjornstad.com\/no\/seat-ateca\/\" \/>\n<meta property=\"og:site_name\" content=\"Terjes biler\" \/>\n<meta property=\"article:publisher\" content=\"https:\/\/www.facebook.com\/terjesbiler\/\" \/>\n<meta property=\"article:modified_time\" content=\"2026-03-04T00:22:18+00:00\" \/>\n<meta property=\"og:image\" content=\"https:\/\/terjebjornstad.com\/no\/wp-content\/uploads\/2018\/04\/seat-ateca-fr-31-300x200.png\" \/>\n<meta name=\"twitter:card\" content=\"summary_large_image\" \/>\n<meta name=\"twitter:label1\" content=\"Ansl. lesetid\" \/>\n\t<meta name=\"twitter:data1\" content=\"2 minutter\" \/>\n<script type=\"application\/ld+json\" class=\"yoast-schema-graph\">{\"@context\":\"https:\\\/\\\/schema.org\",\"@graph\":[{\"@type\":\"WebPage\",\"@id\":\"https:\\\/\\\/terjebjornstad.com\\\/no\\\/seat-ateca\\\/\",\"url\":\"https:\\\/\\\/terjebjornstad.com\\\/no\\\/seat-ateca\\\/\",\"name\":\"- Terjes biler\",\"isPartOf\":{\"@id\":\"https:\\\/\\\/terjebjornstad.com\\\/no\\\/#website\"},\"primaryImageOfPage\":{\"@id\":\"https:\\\/\\\/terjebjornstad.com\\\/no\\\/seat-ateca\\\/#primaryimage\"},\"image\":{\"@id\":\"https:\\\/\\\/terjebjornstad.com\\\/no\\\/seat-ateca\\\/#primaryimage\"},\"thumbnailUrl\":\"https:\\\/\\\/terjebjornstad.com\\\/no\\\/wp-content\\\/uploads\\\/2018\\\/04\\\/seat-ateca-fr-31-300x200.png\",\"datePublished\":\"2018-04-20T12:03:32+00:00\",\"dateModified\":\"2026-03-04T00:22:18+00:00\",\"inLanguage\":\"nb-NO\",\"potentialAction\":[{\"@type\":\"ReadAction\",\"target\":[\"https:\\\/\\\/terjebjornstad.com\\\/no\\\/seat-ateca\\\/\"]}]},{\"@type\":\"ImageObject\",\"inLanguage\":\"nb-NO\",\"@id\":\"https:\\\/\\\/terjebjornstad.com\\\/no\\\/seat-ateca\\\/#primaryimage\",\"url\":\"https:\\\/\\\/i0.wp.com\\\/terjebjornstad.com\\\/no\\\/wp-content\\\/uploads\\\/2018\\\/04\\\/seat-ateca-fr-31.png?fit=686%2C457&ssl=1\",\"contentUrl\":\"https:\\\/\\\/i0.wp.com\\\/terjebjornstad.com\\\/no\\\/wp-content\\\/uploads\\\/2018\\\/04\\\/seat-ateca-fr-31.png?fit=686%2C457&ssl=1\",\"width\":686,\"height\":457,\"caption\":\"Seat Ateca\"},{\"@type\":\"WebSite\",\"@id\":\"https:\\\/\\\/terjebjornstad.com\\\/no\\\/#website\",\"url\":\"https:\\\/\\\/terjebjornstad.com\\\/no\\\/\",\"name\":\"Terjes biler\",\"description\":\"HONEST ABOUT CARS\",\"publisher\":{\"@id\":\"https:\\\/\\\/terjebjornstad.com\\\/no\\\/#organization\"},\"alternateName\":\"Terjebjornstad.com\",\"potentialAction\":[{\"@type\":\"SearchAction\",\"target\":{\"@type\":\"EntryPoint\",\"urlTemplate\":\"https:\\\/\\\/terjebjornstad.com\\\/no\\\/?s={search_term_string}\"},\"query-input\":{\"@type\":\"PropertyValueSpecification\",\"valueRequired\":true,\"valueName\":\"search_term_string\"}}],\"inLanguage\":\"nb-NO\"},{\"@type\":\"Organization\",\"@id\":\"https:\\\/\\\/terjebjornstad.com\\\/no\\\/#organization\",\"name\":\"Terje Bj\u00f8rnstad ENK\",\"url\":\"https:\\\/\\\/terjebjornstad.com\\\/no\\\/\",\"logo\":{\"@type\":\"ImageObject\",\"inLanguage\":\"nb-NO\",\"@id\":\"https:\\\/\\\/terjebjornstad.com\\\/no\\\/#\\\/schema\\\/logo\\\/image\\\/\",\"url\":\"https:\\\/\\\/i0.wp.com\\\/terjebjornstad.com\\\/no\\\/wp-content\\\/uploads\\\/2026\\\/02\\\/terjesbiler2024-960x354-1.png?fit=960%2C354&ssl=1\",\"contentUrl\":\"https:\\\/\\\/i0.wp.com\\\/terjebjornstad.com\\\/no\\\/wp-content\\\/uploads\\\/2026\\\/02\\\/terjesbiler2024-960x354-1.png?fit=960%2C354&ssl=1\",\"width\":960,\"height\":354,\"caption\":\"Terje Bj\u00f8rnstad ENK\"},\"image\":{\"@id\":\"https:\\\/\\\/terjebjornstad.com\\\/no\\\/#\\\/schema\\\/logo\\\/image\\\/\"},\"sameAs\":[\"https:\\\/\\\/www.facebook.com\\\/terjesbiler\\\/\",\"https:\\\/\\\/www.instagram.com\\\/terjesbiler\\\/\",\"https:\\\/\\\/www.pinteres.com\\\/terjebjrnstad\\\/terjes-biler\\\/\"]}]}<\/script>\n<!-- \/ Yoast SEO plugin. -->","yoast_head_json":{"title":"- Terjes biler","robots":{"index":"index","follow":"follow","max-snippet":"max-snippet:-1","max-image-preview":"max-image-preview:large","max-video-preview":"max-video-preview:-1"},"canonical":"https:\/\/terjebjornstad.com\/no\/seat-ateca\/","og_locale":"nb_NO","og_type":"article","og_title":"- Terjes biler","og_description":"Du blir automatisk omdirigert til:","og_url":"https:\/\/terjebjornstad.com\/no\/seat-ateca\/","og_site_name":"Terjes biler","article_publisher":"https:\/\/www.facebook.com\/terjesbiler\/","article_modified_time":"2026-03-04T00:22:18+00:00","og_image":[{"url":"https:\/\/terjebjornstad.com\/no\/wp-content\/uploads\/2018\/04\/seat-ateca-fr-31-300x200.png","type":"","width":"","height":""}],"twitter_card":"summary_large_image","twitter_misc":{"Ansl. lesetid":"2 minutter"},"schema":{"@context":"https:\/\/schema.org","@graph":[{"@type":"WebPage","@id":"https:\/\/terjebjornstad.com\/no\/seat-ateca\/","url":"https:\/\/terjebjornstad.com\/no\/seat-ateca\/","name":"- Terjes biler","isPartOf":{"@id":"https:\/\/terjebjornstad.com\/no\/#website"},"primaryImageOfPage":{"@id":"https:\/\/terjebjornstad.com\/no\/seat-ateca\/#primaryimage"},"image":{"@id":"https:\/\/terjebjornstad.com\/no\/seat-ateca\/#primaryimage"},"thumbnailUrl":"https:\/\/terjebjornstad.com\/no\/wp-content\/uploads\/2018\/04\/seat-ateca-fr-31-300x200.png","datePublished":"2018-04-20T12:03:32+00:00","dateModified":"2026-03-04T00:22:18+00:00","inLanguage":"nb-NO","potentialAction":[{"@type":"ReadAction","target":["https:\/\/terjebjornstad.com\/no\/seat-ateca\/"]}]},{"@type":"ImageObject","inLanguage":"nb-NO","@id":"https:\/\/terjebjornstad.com\/no\/seat-ateca\/#primaryimage","url":"https:\/\/i0.wp.com\/terjebjornstad.com\/no\/wp-content\/uploads\/2018\/04\/seat-ateca-fr-31.png?fit=686%2C457&ssl=1","contentUrl":"https:\/\/i0.wp.com\/terjebjornstad.com\/no\/wp-content\/uploads\/2018\/04\/seat-ateca-fr-31.png?fit=686%2C457&ssl=1","width":686,"height":457,"caption":"Seat Ateca"},{"@type":"WebSite","@id":"https:\/\/terjebjornstad.com\/no\/#website","url":"https:\/\/terjebjornstad.com\/no\/","name":"Terjes biler","description":"HONEST ABOUT CARS","publisher":{"@id":"https:\/\/terjebjornstad.com\/no\/#organization"},"alternateName":"Terjebjornstad.com","potentialAction":[{"@type":"SearchAction","target":{"@type":"EntryPoint","urlTemplate":"https:\/\/terjebjornstad.com\/no\/?s={search_term_string}"},"query-input":{"@type":"PropertyValueSpecification","valueRequired":true,"valueName":"search_term_string"}}],"inLanguage":"nb-NO"},{"@type":"Organization","@id":"https:\/\/terjebjornstad.com\/no\/#organization","name":"Terje Bj\u00f8rnstad ENK","url":"https:\/\/terjebjornstad.com\/no\/","logo":{"@type":"ImageObject","inLanguage":"nb-NO","@id":"https:\/\/terjebjornstad.com\/no\/#\/schema\/logo\/image\/","url":"https:\/\/i0.wp.com\/terjebjornstad.com\/no\/wp-content\/uploads\/2026\/02\/terjesbiler2024-960x354-1.png?fit=960%2C354&ssl=1","contentUrl":"https:\/\/i0.wp.com\/terjebjornstad.com\/no\/wp-content\/uploads\/2026\/02\/terjesbiler2024-960x354-1.png?fit=960%2C354&ssl=1","width":960,"height":354,"caption":"Terje Bj\u00f8rnstad ENK"},"image":{"@id":"https:\/\/terjebjornstad.com\/no\/#\/schema\/logo\/image\/"},"sameAs":["https:\/\/www.facebook.com\/terjesbiler\/","https:\/\/www.instagram.com\/terjesbiler\/","https:\/\/www.pinteres.com\/terjebjrnstad\/terjes-biler\/"]}]}},"jetpack_sharing_enabled":true,"jetpack_shortlink":"https:\/\/wp.me\/P48zYA-41s","jetpack-related-posts":[{"id":5481,"url":"https:\/\/terjebjornstad.com\/no\/seat\/","url_meta":{"origin":15466,"position":0},"title":"Seat ble stiftet i 1950\u2026","author":"Terje Bj\u00f8rnstad","date":"22\/06\/2016","format":false,"excerpt":"Seat ble stiftet i 1950 mellom den spanske stat og Fiat for \u00e5 produsere Fiat-modeller p\u00e5 lisens. Seat ble et popul\u00e6rt merke i Spania. I 1986 ble selskapet solgt til Volkswagen. Fabrikkanlegget i Martorell, Katalonia, produserer n\u00e5 biler for Volkswagen-gruppen. Tidligere publisert om Seat og Cupra Seat\/Cupra-modeller i tekst og\u2026","rel":"","context":"Liknende innlegg","block_context":{"text":"Liknende innlegg","link":""},"img":{"alt_text":"","src":"https:\/\/i0.wp.com\/terjebjornstad.com\/no\/wp-content\/uploads\/2023\/04\/seat-logo-300x200-1-1.jpg?resize=350%2C200&ssl=1","width":350,"height":200},"classes":[]},{"id":30637,"url":"https:\/\/terjebjornstad.com\/no\/bildekatalogen\/","url_meta":{"origin":15466,"position":1},"title":"Bilmerker Alfa Romeo&nbsp;&nbsp;&nbsp;&nbsp;&nbsp;&nbsp;&nbsp; Alpine&nbsp;&nbsp;&nbsp;&nbsp;&nbsp;&nbsp;&nbsp; Alvis&nbsp;&nbsp;&nbsp;&nbsp;&nbsp;&nbsp;&nbsp;\u2026","author":"Terje Bj\u00f8rnstad","date":"18\/02\/2020","format":false,"excerpt":"Bilmerker Alfa Romeo\u00a0\u00a0\u00a0\u00a0\u00a0\u00a0\u00a0 Alpine\u00a0\u00a0\u00a0\u00a0\u00a0\u00a0\u00a0 Alvis\u00a0\u00a0\u00a0\u00a0\u00a0\u00a0\u00a0 AMC\/Rambler\u00a0\u00a0\u00a0\u00a0\u00a0\u00a0\u00a0 Aston Martin\u00a0\u00a0\u00a0\u00a0\u00a0\u00a0\u00a0 Audi\u00a0\u00a0\u00a0\u00a0\u00a0\u00a0\u00a0 Austin\u00a0\u00a0\u00a0\u00a0\u00a0\u00a0\u00a0 Autobianchi\u00a0\u00a0\u00a0\u00a0\u00a0\u00a0\u00a0 Bentley\u00a0\u00a0\u00a0\u00a0\u00a0\u00a0\u00a0 BMW\u00a0\u00a0\u00a0\u00a0\u00a0\u00a0\u00a0 Bristol\u00a0\u00a0\u00a0\u00a0\u00a0\u00a0\u00a0 Bugatti\u00a0\u00a0\u00a0\u00a0\u00a0\u00a0\u00a0 Buick\u00a0\u00a0\u00a0\u00a0\u00a0\u00a0\u00a0 Cadillac\u00a0\u00a0\u00a0\u00a0\u00a0\u00a0\u00a0 Caterham\u00a0\u00a0\u00a0\u00a0\u00a0\u00a0\u00a0 Chevrolet\u00a0\u00a0\u00a0\u00a0\u00a0\u00a0\u00a0 Chrysler\u00a0\u00a0\u00a0\u00a0\u00a0\u00a0\u00a0 Citro\u00ebn\/DS\u00a0\u00a0\u00a0\u00a0\u00a0\u00a0\u00a0 DAF\u00a0\u00a0\u00a0\u00a0\u00a0\u00a0\u00a0 DeLorean\u00a0\u00a0\u00a0\u00a0\u00a0\u00a0\u00a0 DeTomaso\u00a0\u00a0\u00a0\u00a0\u00a0\u00a0\u00a0 DKW\u00a0\u00a0\u00a0\u00a0\u00a0\u00a0\u00a0 Dodge\u00a0\u00a0\u00a0\u00a0\u00a0\u00a0\u00a0 Donkervoort\u00a0\u00a0\u00a0\u00a0\u00a0\u00a0\u00a0 Ferrari\u00a0\u00a0\u00a0\u00a0\u00a0\u00a0\u00a0 Fiat\u00a0\u00a0\u00a0\u00a0\u00a0\u00a0\u00a0 Fisker\/Karma\u00a0\u00a0\u00a0\u00a0\u00a0\u00a0\u00a0 Ford\u00a0\u00a0\u00a0\u00a0\u00a0\u00a0\u00a0 Gordon Keeble\u00a0\u00a0\u00a0\u00a0\u00a0\u00a0\u00a0 Hispano-Suiza\u00a0\u00a0\u00a0\u00a0\u00a0\u00a0\u00a0 Honda\u00a0\u00a0\u00a0\u00a0\u00a0\u00a0\u00a0 Hummer\u00a0\u00a0\u00a0\u00a0\u00a0\u00a0\u00a0 Hyundai\u00a0\u00a0\u00a0\u00a0\u00a0\u00a0\u00a0 Iso\u00a0\u00a0\u00a0\u00a0\u00a0\u00a0\u00a0 Isuzu\u00a0\u00a0\u00a0\u00a0\u00a0\u00a0\u00a0 Jaguar\u00a0\u00a0\u00a0\u00a0\u00a0\u00a0\u00a0 Jeep\u00a0\u00a0\u00a0\u00a0\u00a0\u00a0\u00a0 Kaiser-Frazer\u00a0\u00a0\u00a0\u00a0\u00a0\u00a0\u00a0 KIA\u00a0\u00a0\u00a0\u00a0\u00a0\u00a0\u00a0 Lamborghini\u00a0\u00a0\u00a0\u00a0\u00a0\u00a0\u00a0 Lancia\u00a0\u00a0\u00a0\u00a0\u00a0\u00a0\u00a0 Land Rover\u00a0\u00a0\u00a0\u00a0\u00a0\u00a0\u00a0 Lexus\u00a0\u00a0\u00a0\u00a0\u00a0\u00a0\u00a0 Lincoln\u00a0\u00a0\u00a0\u00a0\u00a0\u00a0\u00a0 Lotus\u00a0\u00a0\u00a0\u00a0\u00a0\u00a0\u00a0\u2026","rel":"","context":"Liknende innlegg","block_context":{"text":"Liknende innlegg","link":""},"img":{"alt_text":"bilmerker","src":"https:\/\/i0.wp.com\/terjebjornstad.com\/no\/wp-content\/uploads\/2024\/09\/bilkatalogen-1-wiii-1.png?resize=350%2C200&ssl=1","width":350,"height":200},"classes":[]},{"id":14935,"url":"https:\/\/terjebjornstad.com\/no\/the-sunday-drive\/","url_meta":{"origin":15466,"position":2},"title":"The Sunday Drive","author":"Terje Bj\u00f8rnstad","date":"10\/03\/2018","format":false,"excerpt":"\u00a0 \u00a0 Eldre omtaler","rel":"","context":"Liknende innlegg","block_context":{"text":"Liknende innlegg","link":""},"img":{"alt_text":"memorylane1","src":"https:\/\/i0.wp.com\/terjebjornstad.com\/no\/wp-content\/uploads\/2018\/03\/TheSundayDrive.png?resize=350%2C200&ssl=1","width":350,"height":200},"classes":[]},{"id":35330,"url":"https:\/\/terjebjornstad.com\/no\/35330-2\/","url_meta":{"origin":15466,"position":3},"title":"&nbsp;","author":"Terje Bj\u00f8rnstad","date":"04\/10\/2020","format":false,"excerpt":"\u00a0","rel":"","context":"Liknende innlegg","block_context":{"text":"Liknende innlegg","link":""},"img":{"alt_text":"","src":"https:\/\/i0.wp.com\/terjebjornstad.com\/no\/wp-content\/uploads\/2024\/11\/allbwd.png?resize=350%2C200&ssl=1","width":350,"height":200},"classes":[]},{"id":91897,"url":"https:\/\/terjebjornstad.com\/no\/seat-marbella\/","url_meta":{"origin":15466,"position":4},"title":"Seat Marbella","author":"Terje Bj\u00f8rnstad","date":"27\/03\/2026","format":false,"excerpt":"Modellen ble lansert som Seat Panda - en spansk utgave av Fiat Panda. Men da samarbeidet med Fiat stanset, ble modellen gjenskapt som Seat Marbella. Arv fra Fiat Panda Da Fiat Panda ble lansert, eksisterte enn\u00e5 samarbeidet mellom Fiat og Seat. Derfor rullet det Panda'er ut av Seat-fabrikken ogs\u00e5 -\u2026","rel":"","context":"Liknende innlegg","block_context":{"text":"Liknende innlegg","link":""},"img":{"alt_text":"","src":"https:\/\/i0.wp.com\/terjebjornstad.com\/no\/wp-content\/uploads\/2022\/01\/seat-marbella-5-junior-1-1080x720-1.png?fit=1080%2C720&ssl=1&resize=350%2C200","width":350,"height":200,"srcset":"https:\/\/i0.wp.com\/terjebjornstad.com\/no\/wp-content\/uploads\/2022\/01\/seat-marbella-5-junior-1-1080x720-1.png?fit=1080%2C720&ssl=1&resize=350%2C200 1x, https:\/\/i0.wp.com\/terjebjornstad.com\/no\/wp-content\/uploads\/2022\/01\/seat-marbella-5-junior-1-1080x720-1.png?fit=1080%2C720&ssl=1&resize=525%2C300 1.5x, https:\/\/i0.wp.com\/terjebjornstad.com\/no\/wp-content\/uploads\/2022\/01\/seat-marbella-5-junior-1-1080x720-1.png?fit=1080%2C720&ssl=1&resize=700%2C400 2x, https:\/\/i0.wp.com\/terjebjornstad.com\/no\/wp-content\/uploads\/2022\/01\/seat-marbella-5-junior-1-1080x720-1.png?fit=1080%2C720&ssl=1&resize=1050%2C600 3x"},"classes":[]},{"id":71695,"url":"https:\/\/terjebjornstad.com\/no\/seat-600\/","url_meta":{"origin":15466,"position":5},"title":"Seat 600","author":"Terje Bj\u00f8rnstad","date":"09\/05\/2024","format":false,"excerpt":"Seat 600 Jeg kjenner flere spanjoler. N\u00e5r de snakker om biler, kommer de nesten alltid inn p\u00e5 Seat 600 - enten det var familiens bil alle dro p\u00e5 ferie i, eller besteforeldrenes bil. Dette er Spanias virkelige folkevogn! Seat Seiscientos er biler som mange spanjoler har gode minner om, og\u2026","rel":"","context":"Liknende innlegg","block_context":{"text":"Liknende innlegg","link":""},"img":{"alt_text":"","src":"https:\/\/i0.wp.com\/terjebjornstad.com\/no\/wp-content\/uploads\/2019\/05\/seat-600.rallye-1080x720.png?fit=1080%2C720&ssl=1&resize=350%2C200","width":350,"height":200,"srcset":"https:\/\/i0.wp.com\/terjebjornstad.com\/no\/wp-content\/uploads\/2019\/05\/seat-600.rallye-1080x720.png?fit=1080%2C720&ssl=1&resize=350%2C200 1x, https:\/\/i0.wp.com\/terjebjornstad.com\/no\/wp-content\/uploads\/2019\/05\/seat-600.rallye-1080x720.png?fit=1080%2C720&ssl=1&resize=525%2C300 1.5x, https:\/\/i0.wp.com\/terjebjornstad.com\/no\/wp-content\/uploads\/2019\/05\/seat-600.rallye-1080x720.png?fit=1080%2C720&ssl=1&resize=700%2C400 2x, https:\/\/i0.wp.com\/terjebjornstad.com\/no\/wp-content\/uploads\/2019\/05\/seat-600.rallye-1080x720.png?fit=1080%2C720&ssl=1&resize=1050%2C600 3x"},"classes":[]}],"_links":{"self":[{"href":"https:\/\/terjebjornstad.com\/no\/wp-json\/wp\/v2\/pages\/15466","targetHints":{"allow":["GET"]}}],"collection":[{"href":"https:\/\/terjebjornstad.com\/no\/wp-json\/wp\/v2\/pages"}],"about":[{"href":"https:\/\/terjebjornstad.com\/no\/wp-json\/wp\/v2\/types\/page"}],"author":[{"embeddable":true,"href":"https:\/\/terjebjornstad.com\/no\/wp-json\/wp\/v2\/users\/1"}],"replies":[{"embeddable":true,"href":"https:\/\/terjebjornstad.com\/no\/wp-json\/wp\/v2\/comments?post=15466"}],"version-history":[{"count":6,"href":"https:\/\/terjebjornstad.com\/no\/wp-json\/wp\/v2\/pages\/15466\/revisions"}],"predecessor-version":[{"id":90748,"href":"https:\/\/terjebjornstad.com\/no\/wp-json\/wp\/v2\/pages\/15466\/revisions\/90748"}],"wp:attachment":[{"href":"https:\/\/terjebjornstad.com\/no\/wp-json\/wp\/v2\/media?parent=15466"}],"curies":[{"name":"wp","href":"https:\/\/api.w.org\/{rel}","templated":true}]}}