{"id":13866,"date":"2017-11-17T00:36:59","date_gmt":"2017-11-17T00:36:59","guid":{"rendered":"http:\/\/terjebjornstad.com\/no\/?page_id=13866"},"modified":"2026-02-09T00:04:12","modified_gmt":"2026-02-08T23:04:12","slug":"chrysler-160-180-2-litre","status":"publish","type":"page","link":"https:\/\/terjebjornstad.com\/no\/chrysler-160-180-2-litre\/","title":{"rendered":"Chrysler 160\/180\/2 litres"},"content":{"rendered":"<div class=\"copy_teb\"><figure id=\"attachment_13763\" aria-describedby=\"caption-attachment-13763\" style=\"width: 686px\" class=\"wp-caption aligncenter\"><a href=\"https:\/\/i0.wp.com\/terjebjornstad.com\/no\/wp-content\/uploads\/2017\/11\/french-chrysler-180-1-686.png?ssl=1\"><img data-recalc-dims=\"1\" loading=\"lazy\" decoding=\"async\" data-attachment-id=\"13763\" data-permalink=\"https:\/\/terjebjornstad.com\/no\/2017\/11\/15\/husker-du-disse-franske\/french-chrysler-180-1-686\/\" data-orig-file=\"https:\/\/i0.wp.com\/terjebjornstad.com\/no\/wp-content\/uploads\/2017\/11\/french-chrysler-180-1-686.png?fit=686%2C500&amp;ssl=1\" data-orig-size=\"686,500\" data-comments-opened=\"1\" data-image-meta=\"{&quot;aperture&quot;:&quot;0&quot;,&quot;credit&quot;:&quot;&quot;,&quot;camera&quot;:&quot;&quot;,&quot;caption&quot;:&quot;&quot;,&quot;created_timestamp&quot;:&quot;0&quot;,&quot;copyright&quot;:&quot;&quot;,&quot;focal_length&quot;:&quot;0&quot;,&quot;iso&quot;:&quot;0&quot;,&quot;shutter_speed&quot;:&quot;0&quot;,&quot;title&quot;:&quot;&quot;,&quot;orientation&quot;:&quot;0&quot;}\" data-image-title=\"french-chrysler-180-1-686\" data-image-description=\"\" data-image-caption=\"&lt;p&gt;Chrysler 2 litres&lt;\/p&gt;\n\" data-large-file=\"https:\/\/i0.wp.com\/terjebjornstad.com\/no\/wp-content\/uploads\/2017\/11\/french-chrysler-180-1-686.png?fit=686%2C500&amp;ssl=1\" src=\"https:\/\/i0.wp.com\/terjebjornstad.com\/no\/wp-content\/uploads\/2017\/11\/french-chrysler-180-1-686.png?resize=686%2C500&#038;ssl=1\" alt=\"\" width=\"686\" height=\"500\" class=\"size-full wp-image-13763\" srcset=\"https:\/\/i0.wp.com\/terjebjornstad.com\/no\/wp-content\/uploads\/2017\/11\/french-chrysler-180-1-686.png?w=686&amp;ssl=1 686w, https:\/\/i0.wp.com\/terjebjornstad.com\/no\/wp-content\/uploads\/2017\/11\/french-chrysler-180-1-686.png?resize=300%2C219&amp;ssl=1 300w\" sizes=\"auto, (max-width: 686px) 100vw, 686px\" \/><\/a><figcaption id=\"caption-attachment-13763\" class=\"wp-caption-text\">Chrysler 2 litres, Canet-en-Roussillon, Frankrike.<\/figcaption><\/figure><\/p>\n\n<h3 class=\"tebh2\">Stor interesse for denne i dag<\/h3>\n<p>Jeg kom nylig over en Chrysler 2 litres i Frankrike. Den ankom en bilsamling av spesielle kj\u00f8ret\u00f8yer for bilentusiaster. 2-literen med 3-trinns automat var knapt h\u00f8rbar da den gled langs paradeveien og parkerte ved havnen. Anglo-amerikansk design og fransk\/spansk produksjon. Jeg synes bilen s\u00e5 veldig flott ut i hvitt med sort vinyltopp og gule lykter, og interessen fra det franske publikummet var stor. Mye st\u00f8rre enn da bilen ble lansert.<br \/>\n&nbsp;<br \/>\n<figure id=\"attachment_48716\" aria-describedby=\"caption-attachment-48716\" style=\"width: 1080px\" class=\"wp-caption aligncenter\"><a href=\"https:\/\/i0.wp.com\/terjebjornstad.com\/no\/wp-content\/uploads\/2022\/05\/1977-chrysler-2litres-1080x1080-1.jpg?ssl=1\"><img data-recalc-dims=\"1\" loading=\"lazy\" decoding=\"async\" data-attachment-id=\"48716\" data-permalink=\"https:\/\/terjebjornstad.com\/no\/2022\/05\/29\/rootes-car-club-pa-hadeland-glassverk\/1977-chrysler-2litres-1080x1080\/\" data-orig-file=\"https:\/\/i0.wp.com\/terjebjornstad.com\/no\/wp-content\/uploads\/2022\/05\/1977-chrysler-2litres-1080x1080-1.jpg?fit=1080%2C1080&amp;ssl=1\" data-orig-size=\"1080,1080\" data-comments-opened=\"1\" data-image-meta=\"{&quot;aperture&quot;:&quot;0&quot;,&quot;credit&quot;:&quot;&quot;,&quot;camera&quot;:&quot;&quot;,&quot;caption&quot;:&quot;&quot;,&quot;created_timestamp&quot;:&quot;0&quot;,&quot;copyright&quot;:&quot;&quot;,&quot;focal_length&quot;:&quot;0&quot;,&quot;iso&quot;:&quot;0&quot;,&quot;shutter_speed&quot;:&quot;0&quot;,&quot;title&quot;:&quot;&quot;,&quot;orientation&quot;:&quot;0&quot;}\" data-image-title=\"1977-chrysler-2litres-1080&amp;#215;1080\" data-image-description=\"\" data-image-caption=\"&lt;p&gt;Chrysler 2 Litres&lt;\/p&gt;\n\" data-large-file=\"https:\/\/i0.wp.com\/terjebjornstad.com\/no\/wp-content\/uploads\/2022\/05\/1977-chrysler-2litres-1080x1080-1.jpg?fit=980%2C980&amp;ssl=1\" src=\"https:\/\/i0.wp.com\/terjebjornstad.com\/no\/wp-content\/uploads\/2022\/05\/1977-chrysler-2litres-1080x1080-1.jpg?resize=980%2C980&#038;ssl=1\" alt=\"\" width=\"980\" height=\"980\" class=\"size-full wp-image-48716\" srcset=\"https:\/\/i0.wp.com\/terjebjornstad.com\/no\/wp-content\/uploads\/2022\/05\/1977-chrysler-2litres-1080x1080-1.jpg?w=1080&amp;ssl=1 1080w, https:\/\/i0.wp.com\/terjebjornstad.com\/no\/wp-content\/uploads\/2022\/05\/1977-chrysler-2litres-1080x1080-1.jpg?resize=300%2C300&amp;ssl=1 300w, https:\/\/i0.wp.com\/terjebjornstad.com\/no\/wp-content\/uploads\/2022\/05\/1977-chrysler-2litres-1080x1080-1.jpg?resize=150%2C150&amp;ssl=1 150w, https:\/\/i0.wp.com\/terjebjornstad.com\/no\/wp-content\/uploads\/2022\/05\/1977-chrysler-2litres-1080x1080-1.jpg?resize=768%2C768&amp;ssl=1 768w, https:\/\/i0.wp.com\/terjebjornstad.com\/no\/wp-content\/uploads\/2022\/05\/1977-chrysler-2litres-1080x1080-1.jpg?resize=690%2C690&amp;ssl=1 690w, https:\/\/i0.wp.com\/terjebjornstad.com\/no\/wp-content\/uploads\/2022\/05\/1977-chrysler-2litres-1080x1080-1.jpg?resize=980%2C980&amp;ssl=1 980w, https:\/\/i0.wp.com\/terjebjornstad.com\/no\/wp-content\/uploads\/2022\/05\/1977-chrysler-2litres-1080x1080-1.jpg?resize=50%2C50&amp;ssl=1 50w\" sizes=\"auto, (max-width: 980px) 100vw, 980px\" \/><\/a><figcaption id=\"caption-attachment-48716\" class=\"wp-caption-text\">Chrysler 2 Litres, Hadeland Glassverk.<\/figcaption><\/figure><br \/>\n&nbsp;<br \/>\n<figure id=\"attachment_48715\" aria-describedby=\"caption-attachment-48715\" style=\"width: 1080px\" class=\"wp-caption aligncenter\"><a href=\"https:\/\/i0.wp.com\/terjebjornstad.com\/no\/wp-content\/uploads\/2022\/05\/1977-chrysler-2litres-2-2326-1080x1080-1.jpg?ssl=1\"><img data-recalc-dims=\"1\" loading=\"lazy\" decoding=\"async\" data-attachment-id=\"48715\" data-permalink=\"https:\/\/terjebjornstad.com\/no\/chrysler-160-180-2-litre\/1977-chrysler-2litres-2-2326-1080x1080\/\" data-orig-file=\"https:\/\/i0.wp.com\/terjebjornstad.com\/no\/wp-content\/uploads\/2022\/05\/1977-chrysler-2litres-2-2326-1080x1080-1.jpg?fit=1080%2C1080&amp;ssl=1\" data-orig-size=\"1080,1080\" data-comments-opened=\"1\" data-image-meta=\"{&quot;aperture&quot;:&quot;0&quot;,&quot;credit&quot;:&quot;&quot;,&quot;camera&quot;:&quot;&quot;,&quot;caption&quot;:&quot;&quot;,&quot;created_timestamp&quot;:&quot;0&quot;,&quot;copyright&quot;:&quot;&quot;,&quot;focal_length&quot;:&quot;0&quot;,&quot;iso&quot;:&quot;0&quot;,&quot;shutter_speed&quot;:&quot;0&quot;,&quot;title&quot;:&quot;&quot;,&quot;orientation&quot;:&quot;0&quot;}\" data-image-title=\"1977-chrysler-2litres-2-2326-1080&amp;#215;1080\" data-image-description=\"\" data-image-caption=\"&lt;p&gt;Toppmodell med automatgir og Chrysler skvettlapper&lt;\/p&gt;\n\" data-large-file=\"https:\/\/i0.wp.com\/terjebjornstad.com\/no\/wp-content\/uploads\/2022\/05\/1977-chrysler-2litres-2-2326-1080x1080-1.jpg?fit=980%2C980&amp;ssl=1\" src=\"https:\/\/i0.wp.com\/terjebjornstad.com\/no\/wp-content\/uploads\/2022\/05\/1977-chrysler-2litres-2-2326-1080x1080-1.jpg?resize=980%2C980&#038;ssl=1\" alt=\"\" width=\"980\" height=\"980\" class=\"size-full wp-image-48715\" srcset=\"https:\/\/i0.wp.com\/terjebjornstad.com\/no\/wp-content\/uploads\/2022\/05\/1977-chrysler-2litres-2-2326-1080x1080-1.jpg?w=1080&amp;ssl=1 1080w, https:\/\/i0.wp.com\/terjebjornstad.com\/no\/wp-content\/uploads\/2022\/05\/1977-chrysler-2litres-2-2326-1080x1080-1.jpg?resize=300%2C300&amp;ssl=1 300w, https:\/\/i0.wp.com\/terjebjornstad.com\/no\/wp-content\/uploads\/2022\/05\/1977-chrysler-2litres-2-2326-1080x1080-1.jpg?resize=150%2C150&amp;ssl=1 150w, https:\/\/i0.wp.com\/terjebjornstad.com\/no\/wp-content\/uploads\/2022\/05\/1977-chrysler-2litres-2-2326-1080x1080-1.jpg?resize=768%2C768&amp;ssl=1 768w, https:\/\/i0.wp.com\/terjebjornstad.com\/no\/wp-content\/uploads\/2022\/05\/1977-chrysler-2litres-2-2326-1080x1080-1.jpg?resize=690%2C690&amp;ssl=1 690w, https:\/\/i0.wp.com\/terjebjornstad.com\/no\/wp-content\/uploads\/2022\/05\/1977-chrysler-2litres-2-2326-1080x1080-1.jpg?resize=980%2C980&amp;ssl=1 980w, https:\/\/i0.wp.com\/terjebjornstad.com\/no\/wp-content\/uploads\/2022\/05\/1977-chrysler-2litres-2-2326-1080x1080-1.jpg?resize=50%2C50&amp;ssl=1 50w\" sizes=\"auto, (max-width: 980px) 100vw, 980px\" \/><\/a><figcaption id=\"caption-attachment-48715\" class=\"wp-caption-text\">Toppmodell med automatgir og Chrysler skvettlapper<\/figcaption><\/figure><br \/>\n&nbsp;<br \/>\n<figure id=\"attachment_13847\" aria-describedby=\"caption-attachment-13847\" style=\"width: 634px\" class=\"wp-caption aligncenter\"><a href=\"https:\/\/i0.wp.com\/terjebjornstad.com\/no\/wp-content\/uploads\/2017\/11\/chrysler180-4.png?ssl=1\"><img data-recalc-dims=\"1\" loading=\"lazy\" decoding=\"async\" data-attachment-id=\"13847\" data-permalink=\"https:\/\/terjebjornstad.com\/no\/2017\/11\/16\/bare-chrysler\/chrysler180-4\/\" data-orig-file=\"https:\/\/i0.wp.com\/terjebjornstad.com\/no\/wp-content\/uploads\/2017\/11\/chrysler180-4.png?fit=634%2C360&amp;ssl=1\" data-orig-size=\"634,360\" data-comments-opened=\"1\" data-image-meta=\"{&quot;aperture&quot;:&quot;0&quot;,&quot;credit&quot;:&quot;&quot;,&quot;camera&quot;:&quot;&quot;,&quot;caption&quot;:&quot;&quot;,&quot;created_timestamp&quot;:&quot;0&quot;,&quot;copyright&quot;:&quot;&quot;,&quot;focal_length&quot;:&quot;0&quot;,&quot;iso&quot;:&quot;0&quot;,&quot;shutter_speed&quot;:&quot;0&quot;,&quot;title&quot;:&quot;&quot;,&quot;orientation&quot;:&quot;0&quot;}\" data-image-title=\"chrysler180-4\" data-image-description=\"\" data-image-caption=\"&lt;p&gt;Et annet presse\/reklamebilde. Jeg tror franske jegere ville valgt et mer praktisk kj\u00f8ret\u00f8y som jaktbil.&lt;\/p&gt;\n\" data-large-file=\"https:\/\/i0.wp.com\/terjebjornstad.com\/no\/wp-content\/uploads\/2017\/11\/chrysler180-4.png?fit=634%2C360&amp;ssl=1\" src=\"https:\/\/i0.wp.com\/terjebjornstad.com\/no\/wp-content\/uploads\/2017\/11\/chrysler180-4.png?resize=634%2C360&#038;ssl=1\" alt=\"\" width=\"634\" height=\"360\" class=\"size-full wp-image-13847\" srcset=\"https:\/\/i0.wp.com\/terjebjornstad.com\/no\/wp-content\/uploads\/2017\/11\/chrysler180-4.png?w=634&amp;ssl=1 634w, https:\/\/i0.wp.com\/terjebjornstad.com\/no\/wp-content\/uploads\/2017\/11\/chrysler180-4.png?resize=300%2C170&amp;ssl=1 300w\" sizes=\"auto, (max-width: 634px) 100vw, 634px\" \/><\/a><figcaption id=\"caption-attachment-13847\" class=\"wp-caption-text\">Et annet presse\/reklamebilde. Jeg tror franske jegere ville valgt et mer praktisk kj\u00f8ret\u00f8y som jaktbil.<\/figcaption><\/figure><br \/>\n&nbsp;<br \/>\n<figure id=\"attachment_13848\" aria-describedby=\"caption-attachment-13848\" style=\"width: 600px\" class=\"wp-caption aligncenter\"><a href=\"https:\/\/i0.wp.com\/terjebjornstad.com\/no\/wp-content\/uploads\/2017\/11\/chrysler180-3.png?ssl=1\"><img data-recalc-dims=\"1\" loading=\"lazy\" decoding=\"async\" data-attachment-id=\"13848\" data-permalink=\"https:\/\/terjebjornstad.com\/no\/2017\/11\/16\/bare-chrysler\/chrysler180-3\/\" data-orig-file=\"https:\/\/i0.wp.com\/terjebjornstad.com\/no\/wp-content\/uploads\/2017\/11\/chrysler180-3.png?fit=600%2C445&amp;ssl=1\" data-orig-size=\"600,445\" data-comments-opened=\"1\" data-image-meta=\"{&quot;aperture&quot;:&quot;0&quot;,&quot;credit&quot;:&quot;&quot;,&quot;camera&quot;:&quot;&quot;,&quot;caption&quot;:&quot;&quot;,&quot;created_timestamp&quot;:&quot;0&quot;,&quot;copyright&quot;:&quot;&quot;,&quot;focal_length&quot;:&quot;0&quot;,&quot;iso&quot;:&quot;0&quot;,&quot;shutter_speed&quot;:&quot;0&quot;,&quot;title&quot;:&quot;&quot;,&quot;orientation&quot;:&quot;0&quot;}\" data-image-title=\"chrysler180-3\" data-image-description=\"\" data-image-caption=\"&lt;p&gt;Reklame\/pressebilde av Chrysler 2-litre.&lt;\/p&gt;\n\" data-large-file=\"https:\/\/i0.wp.com\/terjebjornstad.com\/no\/wp-content\/uploads\/2017\/11\/chrysler180-3.png?fit=600%2C445&amp;ssl=1\" src=\"https:\/\/i0.wp.com\/terjebjornstad.com\/no\/wp-content\/uploads\/2017\/11\/chrysler180-3.png?resize=600%2C445&#038;ssl=1\" alt=\"\" width=\"600\" height=\"445\" class=\"size-full wp-image-13848\" srcset=\"https:\/\/i0.wp.com\/terjebjornstad.com\/no\/wp-content\/uploads\/2017\/11\/chrysler180-3.png?w=600&amp;ssl=1 600w, https:\/\/i0.wp.com\/terjebjornstad.com\/no\/wp-content\/uploads\/2017\/11\/chrysler180-3.png?resize=300%2C223&amp;ssl=1 300w\" sizes=\"auto, (max-width: 600px) 100vw, 600px\" \/><\/a><figcaption id=\"caption-attachment-13848\" class=\"wp-caption-text\">Reklame\/pressebilde av Chrysler 2-litre.<\/figcaption><\/figure><br \/>\n&nbsp;<br \/>\n<figure id=\"attachment_13849\" aria-describedby=\"caption-attachment-13849\" style=\"width: 575px\" class=\"wp-caption aligncenter\"><a href=\"https:\/\/i0.wp.com\/terjebjornstad.com\/no\/wp-content\/uploads\/2017\/11\/chrysler180-2.png?ssl=1\"><img data-recalc-dims=\"1\" loading=\"lazy\" decoding=\"async\" data-attachment-id=\"13849\" data-permalink=\"https:\/\/terjebjornstad.com\/no\/2017\/11\/16\/bare-chrysler\/chrysler180-2\/\" data-orig-file=\"https:\/\/i0.wp.com\/terjebjornstad.com\/no\/wp-content\/uploads\/2017\/11\/chrysler180-2.png?fit=575%2C375&amp;ssl=1\" data-orig-size=\"575,375\" data-comments-opened=\"1\" data-image-meta=\"{&quot;aperture&quot;:&quot;0&quot;,&quot;credit&quot;:&quot;&quot;,&quot;camera&quot;:&quot;&quot;,&quot;caption&quot;:&quot;&quot;,&quot;created_timestamp&quot;:&quot;0&quot;,&quot;copyright&quot;:&quot;&quot;,&quot;focal_length&quot;:&quot;0&quot;,&quot;iso&quot;:&quot;0&quot;,&quot;shutter_speed&quot;:&quot;0&quot;,&quot;title&quot;:&quot;&quot;,&quot;orientation&quot;:&quot;0&quot;}\" data-image-title=\"chrysler180-2\" data-image-description=\"\" data-image-caption=\"&lt;p&gt;Turteller og klokke i dash&amp;#8217;en.&lt;\/p&gt;\n\" data-large-file=\"https:\/\/i0.wp.com\/terjebjornstad.com\/no\/wp-content\/uploads\/2017\/11\/chrysler180-2.png?fit=575%2C375&amp;ssl=1\" src=\"https:\/\/i0.wp.com\/terjebjornstad.com\/no\/wp-content\/uploads\/2017\/11\/chrysler180-2.png?resize=575%2C375&#038;ssl=1\" alt=\"\" width=\"575\" height=\"375\" class=\"size-full wp-image-13849\" srcset=\"https:\/\/i0.wp.com\/terjebjornstad.com\/no\/wp-content\/uploads\/2017\/11\/chrysler180-2.png?w=575&amp;ssl=1 575w, https:\/\/i0.wp.com\/terjebjornstad.com\/no\/wp-content\/uploads\/2017\/11\/chrysler180-2.png?resize=300%2C196&amp;ssl=1 300w\" sizes=\"auto, (max-width: 575px) 100vw, 575px\" \/><\/a><figcaption id=\"caption-attachment-13849\" class=\"wp-caption-text\">Turteller og klokke som standardutstyr i toppmodellen.<\/figcaption><\/figure><br \/>\n&nbsp;<br \/>\n<figure id=\"attachment_13850\" aria-describedby=\"caption-attachment-13850\" style=\"width: 575px\" class=\"wp-caption aligncenter\"><a href=\"https:\/\/i0.wp.com\/terjebjornstad.com\/no\/wp-content\/uploads\/2017\/11\/chrysler180-1.png?ssl=1\"><img data-recalc-dims=\"1\" loading=\"lazy\" decoding=\"async\" data-attachment-id=\"13850\" data-permalink=\"https:\/\/terjebjornstad.com\/no\/2017\/11\/16\/bare-chrysler\/chrysler180-1\/\" data-orig-file=\"https:\/\/i0.wp.com\/terjebjornstad.com\/no\/wp-content\/uploads\/2017\/11\/chrysler180-1.png?fit=575%2C375&amp;ssl=1\" data-orig-size=\"575,375\" data-comments-opened=\"1\" data-image-meta=\"{&quot;aperture&quot;:&quot;0&quot;,&quot;credit&quot;:&quot;&quot;,&quot;camera&quot;:&quot;&quot;,&quot;caption&quot;:&quot;&quot;,&quot;created_timestamp&quot;:&quot;0&quot;,&quot;copyright&quot;:&quot;&quot;,&quot;focal_length&quot;:&quot;0&quot;,&quot;iso&quot;:&quot;0&quot;,&quot;shutter_speed&quot;:&quot;0&quot;,&quot;title&quot;:&quot;&quot;,&quot;orientation&quot;:&quot;0&quot;}\" data-image-title=\"chrysler180-1\" data-image-description=\"\" data-image-caption=\"&lt;p&gt;Tre\/treimitasjon i dashbordet var ganske vanlig p\u00e5 franske familebiler p\u00e5 70-tallet.&lt;\/p&gt;\n\" data-large-file=\"https:\/\/i0.wp.com\/terjebjornstad.com\/no\/wp-content\/uploads\/2017\/11\/chrysler180-1.png?fit=575%2C375&amp;ssl=1\" src=\"https:\/\/i0.wp.com\/terjebjornstad.com\/no\/wp-content\/uploads\/2017\/11\/chrysler180-1.png?resize=575%2C375&#038;ssl=1\" alt=\"\" width=\"575\" height=\"375\" class=\"size-full wp-image-13850\" srcset=\"https:\/\/i0.wp.com\/terjebjornstad.com\/no\/wp-content\/uploads\/2017\/11\/chrysler180-1.png?w=575&amp;ssl=1 575w, https:\/\/i0.wp.com\/terjebjornstad.com\/no\/wp-content\/uploads\/2017\/11\/chrysler180-1.png?resize=300%2C196&amp;ssl=1 300w\" sizes=\"auto, (max-width: 575px) 100vw, 575px\" \/><\/a><figcaption id=\"caption-attachment-13850\" class=\"wp-caption-text\">Tre\/treimitasjon i dashbordet var ganske vanlig p\u00e5 franske familebiler p\u00e5 70-tallet.<\/figcaption><\/figure><br \/>\n&nbsp;<br \/>\n<figure id=\"attachment_13842\" aria-describedby=\"caption-attachment-13842\" style=\"width: 686px\" class=\"wp-caption aligncenter\"><a href=\"https:\/\/i0.wp.com\/terjebjornstad.com\/no\/wp-content\/uploads\/2017\/11\/french-chrysler-180-2-686.png?ssl=1\"><img data-recalc-dims=\"1\" loading=\"lazy\" decoding=\"async\" data-attachment-id=\"13842\" data-permalink=\"https:\/\/terjebjornstad.com\/no\/2017\/11\/16\/bare-chrysler\/french-chrysler-180-2-686\/\" data-orig-file=\"https:\/\/i0.wp.com\/terjebjornstad.com\/no\/wp-content\/uploads\/2017\/11\/french-chrysler-180-2-686.png?fit=686%2C457&amp;ssl=1\" data-orig-size=\"686,457\" data-comments-opened=\"1\" data-image-meta=\"{&quot;aperture&quot;:&quot;0&quot;,&quot;credit&quot;:&quot;&quot;,&quot;camera&quot;:&quot;&quot;,&quot;caption&quot;:&quot;&quot;,&quot;created_timestamp&quot;:&quot;0&quot;,&quot;copyright&quot;:&quot;&quot;,&quot;focal_length&quot;:&quot;0&quot;,&quot;iso&quot;:&quot;0&quot;,&quot;shutter_speed&quot;:&quot;0&quot;,&quot;title&quot;:&quot;&quot;,&quot;orientation&quot;:&quot;0&quot;}\" data-image-title=\"french-chrysler-180-2-686\" data-image-description=\"\" data-image-caption=\"&lt;p&gt;Etter hva jeg kan huske, var det f\u00e5 euro-chrysler&amp;#8217;e p\u00e5 veien med denne fargekomboen. De fleste var enten gusje-gr\u00f8nne eller brunaktige.&lt;\/p&gt;\n\" data-large-file=\"https:\/\/i0.wp.com\/terjebjornstad.com\/no\/wp-content\/uploads\/2017\/11\/french-chrysler-180-2-686.png?fit=686%2C457&amp;ssl=1\" src=\"https:\/\/i0.wp.com\/terjebjornstad.com\/no\/wp-content\/uploads\/2017\/11\/french-chrysler-180-2-686.png?resize=686%2C457&#038;ssl=1\" alt=\"\" width=\"686\" height=\"457\" class=\"size-full wp-image-13842\" srcset=\"https:\/\/i0.wp.com\/terjebjornstad.com\/no\/wp-content\/uploads\/2017\/11\/french-chrysler-180-2-686.png?w=686&amp;ssl=1 686w, https:\/\/i0.wp.com\/terjebjornstad.com\/no\/wp-content\/uploads\/2017\/11\/french-chrysler-180-2-686.png?resize=300%2C200&amp;ssl=1 300w\" sizes=\"auto, (max-width: 686px) 100vw, 686px\" \/><\/a><figcaption id=\"caption-attachment-13842\" class=\"wp-caption-text\">Etter hva jeg kan huske, var det f\u00e5 euro-chrysler&#8217;e p\u00e5 veien med denne fargekombinasjonen. De fleste var enten gyldne, brune eller gr\u00f8nne.<\/figcaption><\/figure><br \/>\n&nbsp;<br \/>\n<figure id=\"attachment_13841\" aria-describedby=\"caption-attachment-13841\" style=\"width: 686px\" class=\"wp-caption aligncenter\"><a href=\"https:\/\/i0.wp.com\/terjebjornstad.com\/no\/wp-content\/uploads\/2017\/11\/french-chrysler-180-3-686.png?ssl=1\"><img data-recalc-dims=\"1\" loading=\"lazy\" decoding=\"async\" data-attachment-id=\"13841\" data-permalink=\"https:\/\/terjebjornstad.com\/no\/2017\/11\/16\/bare-chrysler\/french-chrysler-180-3-686\/\" data-orig-file=\"https:\/\/i0.wp.com\/terjebjornstad.com\/no\/wp-content\/uploads\/2017\/11\/french-chrysler-180-3-686.png?fit=686%2C457&amp;ssl=1\" data-orig-size=\"686,457\" data-comments-opened=\"1\" data-image-meta=\"{&quot;aperture&quot;:&quot;0&quot;,&quot;credit&quot;:&quot;&quot;,&quot;camera&quot;:&quot;&quot;,&quot;caption&quot;:&quot;&quot;,&quot;created_timestamp&quot;:&quot;0&quot;,&quot;copyright&quot;:&quot;&quot;,&quot;focal_length&quot;:&quot;0&quot;,&quot;iso&quot;:&quot;0&quot;,&quot;shutter_speed&quot;:&quot;0&quot;,&quot;title&quot;:&quot;&quot;,&quot;orientation&quot;:&quot;0&quot;}\" data-image-title=\"french-chrysler-180-3-686\" data-image-description=\"\" data-image-caption=\"&lt;p&gt;2 litre med 3-trinns automat var en skikkelig direkt\u00f8rbil tilbake i 70-\u00e5rene.&lt;\/p&gt;\n\" data-large-file=\"https:\/\/i0.wp.com\/terjebjornstad.com\/no\/wp-content\/uploads\/2017\/11\/french-chrysler-180-3-686.png?fit=686%2C457&amp;ssl=1\" src=\"https:\/\/i0.wp.com\/terjebjornstad.com\/no\/wp-content\/uploads\/2017\/11\/french-chrysler-180-3-686.png?resize=686%2C457&#038;ssl=1\" alt=\"\" width=\"686\" height=\"457\" class=\"size-full wp-image-13841\" srcset=\"https:\/\/i0.wp.com\/terjebjornstad.com\/no\/wp-content\/uploads\/2017\/11\/french-chrysler-180-3-686.png?w=686&amp;ssl=1 686w, https:\/\/i0.wp.com\/terjebjornstad.com\/no\/wp-content\/uploads\/2017\/11\/french-chrysler-180-3-686.png?resize=300%2C200&amp;ssl=1 300w\" sizes=\"auto, (max-width: 686px) 100vw, 686px\" \/><\/a><figcaption id=\"caption-attachment-13841\" class=\"wp-caption-text\">2 liters motor med 3-trinns automat var en skikkelig direkt\u00f8rbil tilbake i 1970-\u00e5rene.<\/figcaption><\/figure><\/p>\n<h3 class=\"tebh2\">Om bildene<\/h3>\n<p>Den hvite bilen er avbildet p\u00e5 Canet-en-Roussillon, uten for Perpignan i Frankrike. Biltreffet er av typen Cars &#038; Coffee (uten kaffe). Det er ogs\u00e5 tatt med noen pressebilder\/reklamebilder fra 70-tallet.<\/p>\n<p>&nbsp;<br \/>\n<br \/>\n<figure id=\"attachment_75733\" aria-describedby=\"caption-attachment-75733\" style=\"width: 300px\" class=\"wp-caption aligncenter\"><a href=\"https:\/\/terjebjornstad.com\/no\/chrysler-2\/\"><img data-recalc-dims=\"1\" loading=\"lazy\" decoding=\"async\" data-attachment-id=\"75733\" data-permalink=\"https:\/\/terjebjornstad.com\/no\/chrysler-2\/chrysler-300x200\/\" data-orig-file=\"https:\/\/i0.wp.com\/terjebjornstad.com\/no\/wp-content\/uploads\/2024\/10\/chrysler-300x200-1.png?fit=300%2C200&amp;ssl=1\" data-orig-size=\"300,200\" data-comments-opened=\"1\" data-image-meta=\"{&quot;aperture&quot;:&quot;0&quot;,&quot;credit&quot;:&quot;&quot;,&quot;camera&quot;:&quot;&quot;,&quot;caption&quot;:&quot;&quot;,&quot;created_timestamp&quot;:&quot;0&quot;,&quot;copyright&quot;:&quot;&quot;,&quot;focal_length&quot;:&quot;0&quot;,&quot;iso&quot;:&quot;0&quot;,&quot;shutter_speed&quot;:&quot;0&quot;,&quot;title&quot;:&quot;&quot;,&quot;orientation&quot;:&quot;0&quot;}\" data-image-title=\"chrysler-300&amp;#215;200\" data-image-description=\"\" data-image-caption=\"&lt;p&gt;&amp;nbsp;&lt;\/p&gt;\n\" data-large-file=\"https:\/\/i0.wp.com\/terjebjornstad.com\/no\/wp-content\/uploads\/2024\/10\/chrysler-300x200-1.png?fit=300%2C200&amp;ssl=1\" src=\"https:\/\/i0.wp.com\/terjebjornstad.com\/no\/wp-content\/uploads\/2024\/10\/chrysler-300x200-1.png?resize=300%2C200&#038;ssl=1\" alt=\"\" width=\"300\" height=\"200\" class=\"size-full wp-image-75733\" \/><\/a><figcaption id=\"caption-attachment-75733\" class=\"wp-caption-text\">&nbsp;<\/figcaption><\/figure><\/p>\n<h3 class=\"tebh2\">Se ogs\u00e5<\/h3>\n<figure id=\"attachment_36784\" aria-describedby=\"caption-attachment-36784\" style=\"width: 150px\" class=\"wp-caption alignleft\"><a href=\"https:\/\/terjebjornstad.com\/no\/2020\/12\/13\/en-stor-og-luksurios-europeisk-chrysler\/\"><img data-recalc-dims=\"1\" loading=\"lazy\" decoding=\"async\" data-attachment-id=\"36784\" data-permalink=\"https:\/\/terjebjornstad.com\/no\/2020\/12\/13\/en-stor-og-luksurios-europeisk-chrysler\/chrysler-2-liter-01\/\" data-orig-file=\"https:\/\/i0.wp.com\/terjebjornstad.com\/no\/wp-content\/uploads\/2020\/12\/Chrysler-2-Liter-01.jpg?fit=1200%2C1191&amp;ssl=1\" data-orig-size=\"1200,1191\" data-comments-opened=\"1\" data-image-meta=\"{&quot;aperture&quot;:&quot;0&quot;,&quot;credit&quot;:&quot;&quot;,&quot;camera&quot;:&quot;&quot;,&quot;caption&quot;:&quot;&quot;,&quot;created_timestamp&quot;:&quot;1449414268&quot;,&quot;copyright&quot;:&quot;&quot;,&quot;focal_length&quot;:&quot;0&quot;,&quot;iso&quot;:&quot;0&quot;,&quot;shutter_speed&quot;:&quot;0&quot;,&quot;title&quot;:&quot;&quot;,&quot;orientation&quot;:&quot;1&quot;}\" data-image-title=\"Chrysler 2 Liter 01\" data-image-description=\"\" data-image-caption=\"&lt;p&gt;En stor og luksuri\u00f8s europeisk Chrysler&lt;\/p&gt;\n\" data-large-file=\"https:\/\/i0.wp.com\/terjebjornstad.com\/no\/wp-content\/uploads\/2020\/12\/Chrysler-2-Liter-01.jpg?fit=980%2C973&amp;ssl=1\" src=\"https:\/\/i0.wp.com\/terjebjornstad.com\/no\/wp-content\/uploads\/2020\/12\/Chrysler-2-Liter-01.jpg?resize=150%2C150&#038;ssl=1\" alt=\"\" width=\"150\" height=\"150\" class=\"size-thumbnail wp-image-36784\" srcset=\"https:\/\/i0.wp.com\/terjebjornstad.com\/no\/wp-content\/uploads\/2020\/12\/Chrysler-2-Liter-01.jpg?resize=150%2C150&amp;ssl=1 150w, https:\/\/i0.wp.com\/terjebjornstad.com\/no\/wp-content\/uploads\/2020\/12\/Chrysler-2-Liter-01.jpg?resize=300%2C298&amp;ssl=1 300w, https:\/\/i0.wp.com\/terjebjornstad.com\/no\/wp-content\/uploads\/2020\/12\/Chrysler-2-Liter-01.jpg?resize=1080%2C1072&amp;ssl=1 1080w, https:\/\/i0.wp.com\/terjebjornstad.com\/no\/wp-content\/uploads\/2020\/12\/Chrysler-2-Liter-01.jpg?resize=768%2C762&amp;ssl=1 768w, https:\/\/i0.wp.com\/terjebjornstad.com\/no\/wp-content\/uploads\/2020\/12\/Chrysler-2-Liter-01.jpg?resize=690%2C685&amp;ssl=1 690w, https:\/\/i0.wp.com\/terjebjornstad.com\/no\/wp-content\/uploads\/2020\/12\/Chrysler-2-Liter-01.jpg?resize=980%2C973&amp;ssl=1 980w, https:\/\/i0.wp.com\/terjebjornstad.com\/no\/wp-content\/uploads\/2020\/12\/Chrysler-2-Liter-01.jpg?resize=50%2C50&amp;ssl=1 50w, https:\/\/i0.wp.com\/terjebjornstad.com\/no\/wp-content\/uploads\/2020\/12\/Chrysler-2-Liter-01.jpg?w=1200&amp;ssl=1 1200w\" sizes=\"auto, (max-width: 150px) 100vw, 150px\" \/><\/a><figcaption id=\"caption-attachment-36784\" class=\"wp-caption-text\">En stor og luksuri\u00f8s europeisk Chrysler<\/figcaption><\/figure>\n<h6><\/h6>\n<p><a href=\"https:\/\/terjebjornstad.com\/no\/2017\/11\/16\/bare-chrysler\/\"><strong>Les hele historien om Chrysler 160\/180\/2-litres her<\/strong><\/a><\/h3>\n<h6><\/h6>\n<\/div>\n","protected":false},"excerpt":{"rendered":"<p>Stor interesse for denne i dag Jeg kom nylig over en Chrysler 2 litres i Frankrike. Den ankom en bilsamling av spesielle kj\u00f8ret\u00f8yer for bilentusiaster. 2-literen med 3-trinns automat var knapt h\u00f8rbar da den gled langs paradeveien og parkerte ved havnen. Anglo-amerikansk design og fransk\/spansk produksjon. Jeg synes bilen s\u00e5 veldig flott ut i hvitt [&hellip;]<\/p>\n","protected":false},"author":1,"featured_media":0,"parent":0,"menu_order":0,"comment_status":"closed","ping_status":"closed","template":"templates\/full-width-page.php","meta":{"_monsterinsights_skip_tracking":false,"_monsterinsights_sitenote_active":false,"_monsterinsights_sitenote_note":"","_monsterinsights_sitenote_category":0,"jetpack_post_was_ever_published":false,"footnotes":""},"class_list":["post-13866","page","type-page","status-publish","hentry"],"yoast_head":"<!-- This site is optimized with the Yoast SEO plugin v27.5 - https:\/\/yoast.com\/product\/yoast-seo-wordpress\/ -->\n<title>Chrysler 160\/180\/2 litres - Terjes biler<\/title>\n<meta name=\"robots\" content=\"index, follow, max-snippet:-1, max-image-preview:large, max-video-preview:-1\" \/>\n<link rel=\"canonical\" href=\"https:\/\/terjebjornstad.com\/no\/chrysler-160-180-2-litre\/\" \/>\n<meta property=\"og:locale\" content=\"nb_NO\" \/>\n<meta property=\"og:type\" content=\"article\" \/>\n<meta property=\"og:title\" content=\"Chrysler 160\/180\/2 litres - Terjes biler\" \/>\n<meta property=\"og:description\" content=\"Stor interesse for denne i dag Jeg kom nylig over en Chrysler 2 litres i Frankrike. Den ankom en bilsamling av spesielle kj\u00f8ret\u00f8yer for bilentusiaster. 2-literen med 3-trinns automat var knapt h\u00f8rbar da den gled langs paradeveien og parkerte ved havnen. Anglo-amerikansk design og fransk\/spansk produksjon. Jeg synes bilen s\u00e5 veldig flott ut i hvitt [&hellip;]\" \/>\n<meta property=\"og:url\" content=\"https:\/\/terjebjornstad.com\/no\/chrysler-160-180-2-litre\/\" \/>\n<meta property=\"og:site_name\" content=\"Terjes biler\" \/>\n<meta property=\"article:publisher\" content=\"https:\/\/www.facebook.com\/terjesbiler\/\" \/>\n<meta property=\"article:modified_time\" content=\"2026-02-08T23:04:12+00:00\" \/>\n<meta property=\"og:image\" content=\"https:\/\/terjebjornstad.com\/no\/wp-content\/uploads\/2017\/11\/french-chrysler-180-1-686.png\" \/>\n<meta name=\"twitter:card\" content=\"summary_large_image\" \/>\n<meta name=\"twitter:label1\" content=\"Ansl. lesetid\" \/>\n\t<meta name=\"twitter:data1\" content=\"4 minutter\" \/>\n<script type=\"application\/ld+json\" class=\"yoast-schema-graph\">{\"@context\":\"https:\\\/\\\/schema.org\",\"@graph\":[{\"@type\":\"WebPage\",\"@id\":\"https:\\\/\\\/terjebjornstad.com\\\/no\\\/chrysler-160-180-2-litre\\\/\",\"url\":\"https:\\\/\\\/terjebjornstad.com\\\/no\\\/chrysler-160-180-2-litre\\\/\",\"name\":\"Chrysler 160\\\/180\\\/2 litres - Terjes biler\",\"isPartOf\":{\"@id\":\"https:\\\/\\\/terjebjornstad.com\\\/no\\\/#website\"},\"primaryImageOfPage\":{\"@id\":\"https:\\\/\\\/terjebjornstad.com\\\/no\\\/chrysler-160-180-2-litre\\\/#primaryimage\"},\"image\":{\"@id\":\"https:\\\/\\\/terjebjornstad.com\\\/no\\\/chrysler-160-180-2-litre\\\/#primaryimage\"},\"thumbnailUrl\":\"https:\\\/\\\/terjebjornstad.com\\\/no\\\/wp-content\\\/uploads\\\/2017\\\/11\\\/french-chrysler-180-1-686.png\",\"datePublished\":\"2017-11-17T00:36:59+00:00\",\"dateModified\":\"2026-02-08T23:04:12+00:00\",\"breadcrumb\":{\"@id\":\"https:\\\/\\\/terjebjornstad.com\\\/no\\\/chrysler-160-180-2-litre\\\/#breadcrumb\"},\"inLanguage\":\"nb-NO\",\"potentialAction\":[{\"@type\":\"ReadAction\",\"target\":[\"https:\\\/\\\/terjebjornstad.com\\\/no\\\/chrysler-160-180-2-litre\\\/\"]}]},{\"@type\":\"ImageObject\",\"inLanguage\":\"nb-NO\",\"@id\":\"https:\\\/\\\/terjebjornstad.com\\\/no\\\/chrysler-160-180-2-litre\\\/#primaryimage\",\"url\":\"https:\\\/\\\/i0.wp.com\\\/terjebjornstad.com\\\/no\\\/wp-content\\\/uploads\\\/2017\\\/11\\\/french-chrysler-180-1-686.png?fit=686%2C500&ssl=1\",\"contentUrl\":\"https:\\\/\\\/i0.wp.com\\\/terjebjornstad.com\\\/no\\\/wp-content\\\/uploads\\\/2017\\\/11\\\/french-chrysler-180-1-686.png?fit=686%2C500&ssl=1\",\"width\":686,\"height\":500,\"caption\":\"Chrysler 2 litres\"},{\"@type\":\"BreadcrumbList\",\"@id\":\"https:\\\/\\\/terjebjornstad.com\\\/no\\\/chrysler-160-180-2-litre\\\/#breadcrumb\",\"itemListElement\":[{\"@type\":\"ListItem\",\"position\":1,\"name\":\"Hjem\",\"item\":\"https:\\\/\\\/terjebjornstad.com\\\/no\\\/\"},{\"@type\":\"ListItem\",\"position\":2,\"name\":\"Chrysler 160\\\/180\\\/2 litres\"}]},{\"@type\":\"WebSite\",\"@id\":\"https:\\\/\\\/terjebjornstad.com\\\/no\\\/#website\",\"url\":\"https:\\\/\\\/terjebjornstad.com\\\/no\\\/\",\"name\":\"Terjes biler\",\"description\":\"HONEST ABOUT CARS\",\"publisher\":{\"@id\":\"https:\\\/\\\/terjebjornstad.com\\\/no\\\/#organization\"},\"alternateName\":\"Terjebjornstad.com\",\"potentialAction\":[{\"@type\":\"SearchAction\",\"target\":{\"@type\":\"EntryPoint\",\"urlTemplate\":\"https:\\\/\\\/terjebjornstad.com\\\/no\\\/?s={search_term_string}\"},\"query-input\":{\"@type\":\"PropertyValueSpecification\",\"valueRequired\":true,\"valueName\":\"search_term_string\"}}],\"inLanguage\":\"nb-NO\"},{\"@type\":\"Organization\",\"@id\":\"https:\\\/\\\/terjebjornstad.com\\\/no\\\/#organization\",\"name\":\"Terje Bj\u00f8rnstad ENK\",\"url\":\"https:\\\/\\\/terjebjornstad.com\\\/no\\\/\",\"logo\":{\"@type\":\"ImageObject\",\"inLanguage\":\"nb-NO\",\"@id\":\"https:\\\/\\\/terjebjornstad.com\\\/no\\\/#\\\/schema\\\/logo\\\/image\\\/\",\"url\":\"https:\\\/\\\/i0.wp.com\\\/terjebjornstad.com\\\/no\\\/wp-content\\\/uploads\\\/2026\\\/02\\\/terjesbiler2024-960x354-1.png?fit=960%2C354&ssl=1\",\"contentUrl\":\"https:\\\/\\\/i0.wp.com\\\/terjebjornstad.com\\\/no\\\/wp-content\\\/uploads\\\/2026\\\/02\\\/terjesbiler2024-960x354-1.png?fit=960%2C354&ssl=1\",\"width\":960,\"height\":354,\"caption\":\"Terje Bj\u00f8rnstad ENK\"},\"image\":{\"@id\":\"https:\\\/\\\/terjebjornstad.com\\\/no\\\/#\\\/schema\\\/logo\\\/image\\\/\"},\"sameAs\":[\"https:\\\/\\\/www.facebook.com\\\/terjesbiler\\\/\",\"https:\\\/\\\/www.instagram.com\\\/terjesbiler\\\/\",\"https:\\\/\\\/www.pinteres.com\\\/terjebjrnstad\\\/terjes-biler\\\/\"]}]}<\/script>\n<!-- \/ Yoast SEO plugin. -->","yoast_head_json":{"title":"Chrysler 160\/180\/2 litres - Terjes biler","robots":{"index":"index","follow":"follow","max-snippet":"max-snippet:-1","max-image-preview":"max-image-preview:large","max-video-preview":"max-video-preview:-1"},"canonical":"https:\/\/terjebjornstad.com\/no\/chrysler-160-180-2-litre\/","og_locale":"nb_NO","og_type":"article","og_title":"Chrysler 160\/180\/2 litres - Terjes biler","og_description":"Stor interesse for denne i dag Jeg kom nylig over en Chrysler 2 litres i Frankrike. Den ankom en bilsamling av spesielle kj\u00f8ret\u00f8yer for bilentusiaster. 2-literen med 3-trinns automat var knapt h\u00f8rbar da den gled langs paradeveien og parkerte ved havnen. Anglo-amerikansk design og fransk\/spansk produksjon. Jeg synes bilen s\u00e5 veldig flott ut i hvitt [&hellip;]","og_url":"https:\/\/terjebjornstad.com\/no\/chrysler-160-180-2-litre\/","og_site_name":"Terjes biler","article_publisher":"https:\/\/www.facebook.com\/terjesbiler\/","article_modified_time":"2026-02-08T23:04:12+00:00","og_image":[{"url":"https:\/\/terjebjornstad.com\/no\/wp-content\/uploads\/2017\/11\/french-chrysler-180-1-686.png","type":"","width":"","height":""}],"twitter_card":"summary_large_image","twitter_misc":{"Ansl. lesetid":"4 minutter"},"schema":{"@context":"https:\/\/schema.org","@graph":[{"@type":"WebPage","@id":"https:\/\/terjebjornstad.com\/no\/chrysler-160-180-2-litre\/","url":"https:\/\/terjebjornstad.com\/no\/chrysler-160-180-2-litre\/","name":"Chrysler 160\/180\/2 litres - Terjes biler","isPartOf":{"@id":"https:\/\/terjebjornstad.com\/no\/#website"},"primaryImageOfPage":{"@id":"https:\/\/terjebjornstad.com\/no\/chrysler-160-180-2-litre\/#primaryimage"},"image":{"@id":"https:\/\/terjebjornstad.com\/no\/chrysler-160-180-2-litre\/#primaryimage"},"thumbnailUrl":"https:\/\/terjebjornstad.com\/no\/wp-content\/uploads\/2017\/11\/french-chrysler-180-1-686.png","datePublished":"2017-11-17T00:36:59+00:00","dateModified":"2026-02-08T23:04:12+00:00","breadcrumb":{"@id":"https:\/\/terjebjornstad.com\/no\/chrysler-160-180-2-litre\/#breadcrumb"},"inLanguage":"nb-NO","potentialAction":[{"@type":"ReadAction","target":["https:\/\/terjebjornstad.com\/no\/chrysler-160-180-2-litre\/"]}]},{"@type":"ImageObject","inLanguage":"nb-NO","@id":"https:\/\/terjebjornstad.com\/no\/chrysler-160-180-2-litre\/#primaryimage","url":"https:\/\/i0.wp.com\/terjebjornstad.com\/no\/wp-content\/uploads\/2017\/11\/french-chrysler-180-1-686.png?fit=686%2C500&ssl=1","contentUrl":"https:\/\/i0.wp.com\/terjebjornstad.com\/no\/wp-content\/uploads\/2017\/11\/french-chrysler-180-1-686.png?fit=686%2C500&ssl=1","width":686,"height":500,"caption":"Chrysler 2 litres"},{"@type":"BreadcrumbList","@id":"https:\/\/terjebjornstad.com\/no\/chrysler-160-180-2-litre\/#breadcrumb","itemListElement":[{"@type":"ListItem","position":1,"name":"Hjem","item":"https:\/\/terjebjornstad.com\/no\/"},{"@type":"ListItem","position":2,"name":"Chrysler 160\/180\/2 litres"}]},{"@type":"WebSite","@id":"https:\/\/terjebjornstad.com\/no\/#website","url":"https:\/\/terjebjornstad.com\/no\/","name":"Terjes biler","description":"HONEST ABOUT CARS","publisher":{"@id":"https:\/\/terjebjornstad.com\/no\/#organization"},"alternateName":"Terjebjornstad.com","potentialAction":[{"@type":"SearchAction","target":{"@type":"EntryPoint","urlTemplate":"https:\/\/terjebjornstad.com\/no\/?s={search_term_string}"},"query-input":{"@type":"PropertyValueSpecification","valueRequired":true,"valueName":"search_term_string"}}],"inLanguage":"nb-NO"},{"@type":"Organization","@id":"https:\/\/terjebjornstad.com\/no\/#organization","name":"Terje Bj\u00f8rnstad ENK","url":"https:\/\/terjebjornstad.com\/no\/","logo":{"@type":"ImageObject","inLanguage":"nb-NO","@id":"https:\/\/terjebjornstad.com\/no\/#\/schema\/logo\/image\/","url":"https:\/\/i0.wp.com\/terjebjornstad.com\/no\/wp-content\/uploads\/2026\/02\/terjesbiler2024-960x354-1.png?fit=960%2C354&ssl=1","contentUrl":"https:\/\/i0.wp.com\/terjebjornstad.com\/no\/wp-content\/uploads\/2026\/02\/terjesbiler2024-960x354-1.png?fit=960%2C354&ssl=1","width":960,"height":354,"caption":"Terje Bj\u00f8rnstad ENK"},"image":{"@id":"https:\/\/terjebjornstad.com\/no\/#\/schema\/logo\/image\/"},"sameAs":["https:\/\/www.facebook.com\/terjesbiler\/","https:\/\/www.instagram.com\/terjesbiler\/","https:\/\/www.pinteres.com\/terjebjrnstad\/terjes-biler\/"]}]}},"jetpack_sharing_enabled":true,"jetpack_shortlink":"https:\/\/wp.me\/P48zYA-3BE","jetpack-related-posts":[{"id":7782,"url":"https:\/\/terjebjornstad.com\/no\/matrasimcatalbot\/","url_meta":{"origin":13866,"position":0},"title":"Simca (Soci\u00e9t\u00e9 Industrielle de M\u00e9canique\u2026","author":"Terje Bj\u00f8rnstad","date":"11\/10\/2016","format":false,"excerpt":"Simca (Soci\u00e9t\u00e9 Industrielle de M\u00e9canique et Carrosserie Automobile) begynte i 1934 med \u00e5 produsere Fiat p\u00e5 lisens. I 1951 kom Aronde som umiddelbart ble en salgssuksess. Etter overtakelsen av Fords fabrikk i Frankrike fikk Simca Vedette med i modellutvalget. Andre popul\u00e6re modeller var Simca 1000, 1300\/1500 og Simca 1100. I\u2026","rel":"","context":"Liknende innlegg","block_context":{"text":"Liknende innlegg","link":""},"img":{"alt_text":"","src":"https:\/\/i0.wp.com\/terjebjornstad.com\/no\/wp-content\/uploads\/2020\/07\/simca-logo-300x300-1.jpg?resize=350%2C200&ssl=1","width":350,"height":200},"classes":[]},{"id":75728,"url":"https:\/\/terjebjornstad.com\/no\/chrysler-2\/","url_meta":{"origin":13866,"position":1},"title":"Chrysler ble startet opp i\u2026","author":"Terje Bj\u00f8rnstad","date":"01\/10\/2024","format":false,"excerpt":"Chrysler ble startet opp i 1925 av Walter Chrysler. Etter krigen ble flere amerikanske bilprodusenter sl\u00e5tt sammen - og mange av dem ble etter hvert kj\u00f8pt opp av Chrysler. I 1967 kj\u00f8pte Chrysler opp Rootes. I 1998 ble selskapet kj\u00f8pt opp av Daimler-Benz til Daimler Chrysler. I 2014 overtok Fiat\u2026","rel":"","context":"Liknende innlegg","block_context":{"text":"Liknende innlegg","link":""},"img":{"alt_text":"","src":"https:\/\/i0.wp.com\/terjebjornstad.com\/no\/wp-content\/uploads\/2024\/10\/chrysler-300x200-1.png?resize=350%2C200&ssl=1","width":350,"height":200},"classes":[]},{"id":16765,"url":"https:\/\/terjebjornstad.com\/no\/simca-vedette\/","url_meta":{"origin":13866,"position":2},"title":"Simca Vedette","author":"Terje Bj\u00f8rnstad","date":"22\/05\/2018","format":false,"excerpt":"Beaulieu og Chambord Simca V8 var basert p\u00e5 restene etter at amerikanske Ford hadde fors\u00f8kt \u00e5 etablere seg p\u00e5 fransk jord like etter krigen. Motoren de hadde tatt med seg til prosjektet, var en nedskalert variant av Ford's sideventilerte flathead V8 fra tidlig p\u00e5 tredvetallet. \u00a0Da Simca overtok boet i\u2026","rel":"","context":"Liknende innlegg","block_context":{"text":"Liknende innlegg","link":""},"img":{"alt_text":"","src":"https:\/\/i0.wp.com\/terjebjornstad.com\/no\/wp-content\/uploads\/2018\/05\/vedette-beaulieu-4-686.png?fit=686%2C457&ssl=1&resize=350%2C200","width":350,"height":200,"srcset":"https:\/\/i0.wp.com\/terjebjornstad.com\/no\/wp-content\/uploads\/2018\/05\/vedette-beaulieu-4-686.png?fit=686%2C457&ssl=1&resize=350%2C200 1x, https:\/\/i0.wp.com\/terjebjornstad.com\/no\/wp-content\/uploads\/2018\/05\/vedette-beaulieu-4-686.png?fit=686%2C457&ssl=1&resize=525%2C300 1.5x"},"classes":[]},{"id":55499,"url":"https:\/\/terjebjornstad.com\/no\/hillman-hunter\/","url_meta":{"origin":13866,"position":3},"title":"Hillman Minx og Hunter","author":"Terje Bj\u00f8rnstad","date":"30\/12\/2022","format":false,"excerpt":"Modellhistorikk Hillman Minx\/Hunter ble utformet og satt i produksjon av Rootes i 1966. \u00c5ret etter ble de kj\u00f8pt opp av Chrysler. I ettertid vet vi jo at Chrysler ikke lyktes s\u00e6rlig godt med sine oppkj\u00f8p i Europa. Da Hillman Minx\/Hunter gikk ut av produksjon i 1979, hadde den f\u00e5tt flere\u2026","rel":"","context":"Liknende innlegg","block_context":{"text":"Liknende innlegg","link":""},"img":{"alt_text":"","src":"https:\/\/i0.wp.com\/terjebjornstad.com\/no\/wp-content\/uploads\/2022\/05\/1970-hillman-minx-1080x720-1.png?fit=1080%2C720&ssl=1&resize=350%2C200","width":350,"height":200,"srcset":"https:\/\/i0.wp.com\/terjebjornstad.com\/no\/wp-content\/uploads\/2022\/05\/1970-hillman-minx-1080x720-1.png?fit=1080%2C720&ssl=1&resize=350%2C200 1x, https:\/\/i0.wp.com\/terjebjornstad.com\/no\/wp-content\/uploads\/2022\/05\/1970-hillman-minx-1080x720-1.png?fit=1080%2C720&ssl=1&resize=525%2C300 1.5x, https:\/\/i0.wp.com\/terjebjornstad.com\/no\/wp-content\/uploads\/2022\/05\/1970-hillman-minx-1080x720-1.png?fit=1080%2C720&ssl=1&resize=700%2C400 2x, https:\/\/i0.wp.com\/terjebjornstad.com\/no\/wp-content\/uploads\/2022\/05\/1970-hillman-minx-1080x720-1.png?fit=1080%2C720&ssl=1&resize=1050%2C600 3x"},"classes":[]},{"id":8232,"url":"https:\/\/terjebjornstad.com\/no\/matra-bagheera\/","url_meta":{"origin":13866,"position":4},"title":"Matra Bagheera","author":"Terje Bj\u00f8rnstad","date":"31\/10\/2016","format":false,"excerpt":"Matra Bagheera er en sportslig bil med glassfiberkarosseri bygget p\u00e5 st\u00e5lr\u00f8rsramme. Den har et meget originalt sete-arrangement - \u00e9n seterad med 3 seter i bredden. Var s\u00e5rbar for rust Bagheera hadde nesten alt for \u00e5 kunne bli en suksess, men st\u00e5lr\u00f8rskonstruksjonen var utsatt for rust. N\u00e5r den rustet, kunne hele\u2026","rel":"","context":"Liknende innlegg","block_context":{"text":"Liknende innlegg","link":""},"img":{"alt_text":"","src":"https:\/\/i0.wp.com\/terjebjornstad.com\/no\/wp-content\/uploads\/2023\/01\/matra-bagheera-1-1080x720-1.jpg?fit=1080%2C720&ssl=1&resize=350%2C200","width":350,"height":200,"srcset":"https:\/\/i0.wp.com\/terjebjornstad.com\/no\/wp-content\/uploads\/2023\/01\/matra-bagheera-1-1080x720-1.jpg?fit=1080%2C720&ssl=1&resize=350%2C200 1x, https:\/\/i0.wp.com\/terjebjornstad.com\/no\/wp-content\/uploads\/2023\/01\/matra-bagheera-1-1080x720-1.jpg?fit=1080%2C720&ssl=1&resize=525%2C300 1.5x, https:\/\/i0.wp.com\/terjebjornstad.com\/no\/wp-content\/uploads\/2023\/01\/matra-bagheera-1-1080x720-1.jpg?fit=1080%2C720&ssl=1&resize=700%2C400 2x, https:\/\/i0.wp.com\/terjebjornstad.com\/no\/wp-content\/uploads\/2023\/01\/matra-bagheera-1-1080x720-1.jpg?fit=1080%2C720&ssl=1&resize=1050%2C600 3x"},"classes":[]},{"id":7783,"url":"https:\/\/terjebjornstad.com\/no\/simca-1100\/","url_meta":{"origin":13866,"position":5},"title":"Simca 1100","author":"Terje Bj\u00f8rnstad","date":"11\/10\/2016","format":false,"excerpt":"\u00a0 Popul\u00e6r bil her p\u00e5 Terjes biler Simca 1100 ser man ikke s\u00e5 ofte p\u00e5 veien lenger. Men det var en vanlig bil fra slutten av sekstitallet til litt ut p\u00e5 \u00e5ttitallet. At bilmerket fremdeles er popul\u00e6rt, merker jeg her p\u00e5 bloggen, for bildet av Simca 1100 er en av\u2026","rel":"","context":"Liknende innlegg","block_context":{"text":"Liknende innlegg","link":""},"img":{"alt_text":"Simca 1100","src":"https:\/\/i0.wp.com\/terjebjornstad.com\/no\/wp-content\/uploads\/2016\/10\/1973-simca-1100-1.png?fit=686%2C457&ssl=1&resize=350%2C200","width":350,"height":200,"srcset":"https:\/\/i0.wp.com\/terjebjornstad.com\/no\/wp-content\/uploads\/2016\/10\/1973-simca-1100-1.png?fit=686%2C457&ssl=1&resize=350%2C200 1x, https:\/\/i0.wp.com\/terjebjornstad.com\/no\/wp-content\/uploads\/2016\/10\/1973-simca-1100-1.png?fit=686%2C457&ssl=1&resize=525%2C300 1.5x"},"classes":[]}],"_links":{"self":[{"href":"https:\/\/terjebjornstad.com\/no\/wp-json\/wp\/v2\/pages\/13866","targetHints":{"allow":["GET"]}}],"collection":[{"href":"https:\/\/terjebjornstad.com\/no\/wp-json\/wp\/v2\/pages"}],"about":[{"href":"https:\/\/terjebjornstad.com\/no\/wp-json\/wp\/v2\/types\/page"}],"author":[{"embeddable":true,"href":"https:\/\/terjebjornstad.com\/no\/wp-json\/wp\/v2\/users\/1"}],"replies":[{"embeddable":true,"href":"https:\/\/terjebjornstad.com\/no\/wp-json\/wp\/v2\/comments?post=13866"}],"version-history":[{"count":21,"href":"https:\/\/terjebjornstad.com\/no\/wp-json\/wp\/v2\/pages\/13866\/revisions"}],"predecessor-version":[{"id":88552,"href":"https:\/\/terjebjornstad.com\/no\/wp-json\/wp\/v2\/pages\/13866\/revisions\/88552"}],"wp:attachment":[{"href":"https:\/\/terjebjornstad.com\/no\/wp-json\/wp\/v2\/media?parent=13866"}],"curies":[{"name":"wp","href":"https:\/\/api.w.org\/{rel}","templated":true}]}}