{"id":11827,"date":"2017-08-23T21:20:27","date_gmt":"2017-08-23T21:20:27","guid":{"rendered":"http:\/\/terjebjornstad.com\/no\/?page_id=11827"},"modified":"2026-02-08T01:02:53","modified_gmt":"2026-02-08T00:02:53","slug":"audi-r8","status":"publish","type":"page","link":"https:\/\/terjebjornstad.com\/no\/audi-r8\/","title":{"rendered":"Audi R8 4S"},"content":{"rendered":"<div class=\"copy_teb\"><figure id=\"attachment_6659\" aria-describedby=\"caption-attachment-6659\" style=\"width: 686px\" class=\"wp-caption aligncenter\"><img data-recalc-dims=\"1\" loading=\"lazy\" decoding=\"async\" data-attachment-id=\"6659\" data-permalink=\"https:\/\/terjebjornstad.com\/no\/2016-audi-r8\/2016-audi-r8-3\/\" data-orig-file=\"https:\/\/i0.wp.com\/terjebjornstad.com\/no\/wp-content\/uploads\/2016\/08\/2016-audi-r8-3.png?fit=686%2C511&amp;ssl=1\" data-orig-size=\"686,511\" data-comments-opened=\"1\" data-image-meta=\"{&quot;aperture&quot;:&quot;0&quot;,&quot;credit&quot;:&quot;&quot;,&quot;camera&quot;:&quot;&quot;,&quot;caption&quot;:&quot;&quot;,&quot;created_timestamp&quot;:&quot;0&quot;,&quot;copyright&quot;:&quot;&quot;,&quot;focal_length&quot;:&quot;0&quot;,&quot;iso&quot;:&quot;0&quot;,&quot;shutter_speed&quot;:&quot;0&quot;,&quot;title&quot;:&quot;&quot;,&quot;orientation&quot;:&quot;0&quot;}\" data-image-title=\"Audi R8\" data-image-description=\"\" data-image-caption=\"&lt;p&gt;2016 Audi R8.&lt;\/p&gt;\n\" data-large-file=\"https:\/\/i0.wp.com\/terjebjornstad.com\/no\/wp-content\/uploads\/2016\/08\/2016-audi-r8-3.png?fit=686%2C511&amp;ssl=1\" src=\"https:\/\/i0.wp.com\/terjebjornstad.com\/no\/wp-content\/uploads\/2016\/08\/2016-audi-r8-3.png?resize=686%2C511&#038;ssl=1\" alt=\"\" width=\"686\" height=\"511\" class=\"size-full wp-image-6659\" srcset=\"https:\/\/i0.wp.com\/terjebjornstad.com\/no\/wp-content\/uploads\/2016\/08\/2016-audi-r8-3.png?w=686&amp;ssl=1 686w, https:\/\/i0.wp.com\/terjebjornstad.com\/no\/wp-content\/uploads\/2016\/08\/2016-audi-r8-3.png?resize=300%2C223&amp;ssl=1 300w\" sizes=\"auto, (max-width: 686px) 100vw, 686px\" \/><figcaption id=\"caption-attachment-6659\" class=\"wp-caption-text\">2016 Audi R8.<\/figcaption><\/figure><\/p>\n<h3 class=\"tebh2\">Deler mye med Hurac\u00e1n<\/h3>\n<p>Andre generasjon R8 deler plattform med Lamborghini Hurac\u00e1n. Begge leveres i to karosseri-varianter, Coup\u00e9 og Spyder. Begge med midtplassert V10-motor. I R8 kan du velge mellom 540 HK og 610 HK. I Hurac\u00e1n er det 580 HK og 610 HK. Begge har Quattro-systemet og samme godlyd n\u00e5r de gir gass.<\/p>\n<h3 class=\"tebh2\">2. generasjon<\/h3>\n<p>Nye Audi R8 kom i 2015. Utvendig skiller den seg fra forgjengeren med ny front, nye frontlys, endrete luftinntak foran og p\u00e5 sidene, samt mer markert 6-kantet monoframe-grill. Partiet bak sidevinduene er ogs\u00e5 endret. <\/p>\n<p><figure id=\"attachment_6658\" aria-describedby=\"caption-attachment-6658\" style=\"width: 686px\" class=\"wp-caption aligncenter\"><a href=\"https:\/\/i0.wp.com\/terjebjornstad.com\/no\/wp-content\/uploads\/2016\/08\/2016-audi-r8-1.png?ssl=1\"><img data-recalc-dims=\"1\" loading=\"lazy\" decoding=\"async\" data-attachment-id=\"6658\" data-permalink=\"https:\/\/terjebjornstad.com\/no\/2016-audi-r8\/2016-audi-r8-1\/\" data-orig-file=\"https:\/\/i0.wp.com\/terjebjornstad.com\/no\/wp-content\/uploads\/2016\/08\/2016-audi-r8-1.png?fit=686%2C457&amp;ssl=1\" data-orig-size=\"686,457\" data-comments-opened=\"1\" data-image-meta=\"{&quot;aperture&quot;:&quot;0&quot;,&quot;credit&quot;:&quot;&quot;,&quot;camera&quot;:&quot;&quot;,&quot;caption&quot;:&quot;&quot;,&quot;created_timestamp&quot;:&quot;0&quot;,&quot;copyright&quot;:&quot;&quot;,&quot;focal_length&quot;:&quot;0&quot;,&quot;iso&quot;:&quot;0&quot;,&quot;shutter_speed&quot;:&quot;0&quot;,&quot;title&quot;:&quot;&quot;,&quot;orientation&quot;:&quot;0&quot;}\" data-image-title=\"Audi R8\" data-image-description=\"\" data-image-caption=\"&lt;p&gt;Audi R8 4S&lt;\/p&gt;\n\" data-large-file=\"https:\/\/i0.wp.com\/terjebjornstad.com\/no\/wp-content\/uploads\/2016\/08\/2016-audi-r8-1.png?fit=686%2C457&amp;ssl=1\" src=\"https:\/\/i0.wp.com\/terjebjornstad.com\/no\/wp-content\/uploads\/2016\/08\/2016-audi-r8-1.png?resize=686%2C457&#038;ssl=1\" alt=\"\" width=\"686\" height=\"457\" class=\"size-full wp-image-6658\" srcset=\"https:\/\/i0.wp.com\/terjebjornstad.com\/no\/wp-content\/uploads\/2016\/08\/2016-audi-r8-1.png?w=686&amp;ssl=1 686w, https:\/\/i0.wp.com\/terjebjornstad.com\/no\/wp-content\/uploads\/2016\/08\/2016-audi-r8-1.png?resize=300%2C200&amp;ssl=1 300w\" sizes=\"auto, (max-width: 686px) 100vw, 686px\" \/><\/a><figcaption id=\"caption-attachment-6658\" class=\"wp-caption-text\">Audi R8 4S<\/figcaption><\/figure><figure id=\"attachment_6660\" aria-describedby=\"caption-attachment-6660\" style=\"width: 686px\" class=\"wp-caption aligncenter\"><a href=\"https:\/\/i0.wp.com\/terjebjornstad.com\/no\/wp-content\/uploads\/2016\/08\/2016-audi-r8-5.png?ssl=1\"><img data-recalc-dims=\"1\" loading=\"lazy\" decoding=\"async\" data-attachment-id=\"6660\" data-permalink=\"https:\/\/terjebjornstad.com\/no\/2016-audi-r8\/2016-audi-r8-5\/\" data-orig-file=\"https:\/\/i0.wp.com\/terjebjornstad.com\/no\/wp-content\/uploads\/2016\/08\/2016-audi-r8-5.png?fit=686%2C457&amp;ssl=1\" data-orig-size=\"686,457\" data-comments-opened=\"1\" data-image-meta=\"{&quot;aperture&quot;:&quot;0&quot;,&quot;credit&quot;:&quot;&quot;,&quot;camera&quot;:&quot;&quot;,&quot;caption&quot;:&quot;&quot;,&quot;created_timestamp&quot;:&quot;0&quot;,&quot;copyright&quot;:&quot;&quot;,&quot;focal_length&quot;:&quot;0&quot;,&quot;iso&quot;:&quot;0&quot;,&quot;shutter_speed&quot;:&quot;0&quot;,&quot;title&quot;:&quot;&quot;,&quot;orientation&quot;:&quot;0&quot;}\" data-image-title=\"2016 Audi R8\" data-image-description=\"\" data-image-caption=\"&lt;p&gt;2016 Audi R8 (Oslo NO, 2016)&lt;\/p&gt;\n\" data-large-file=\"https:\/\/i0.wp.com\/terjebjornstad.com\/no\/wp-content\/uploads\/2016\/08\/2016-audi-r8-5.png?fit=686%2C457&amp;ssl=1\" src=\"https:\/\/i0.wp.com\/terjebjornstad.com\/no\/wp-content\/uploads\/2016\/08\/2016-audi-r8-5.png?resize=686%2C457&#038;ssl=1\" alt=\"\" width=\"686\" height=\"457\" class=\"size-full wp-image-6660\" srcset=\"https:\/\/i0.wp.com\/terjebjornstad.com\/no\/wp-content\/uploads\/2016\/08\/2016-audi-r8-5.png?w=686&amp;ssl=1 686w, https:\/\/i0.wp.com\/terjebjornstad.com\/no\/wp-content\/uploads\/2016\/08\/2016-audi-r8-5.png?resize=300%2C200&amp;ssl=1 300w\" sizes=\"auto, (max-width: 686px) 100vw, 686px\" \/><\/a><figcaption id=\"caption-attachment-6660\" class=\"wp-caption-text\">2016 Audi R8 (Oslo NO, 2016)<\/figcaption><\/figure><\/p>\n<p><figure id=\"attachment_6661\" aria-describedby=\"caption-attachment-6661\" style=\"width: 686px\" class=\"wp-caption aligncenter\"><a href=\"https:\/\/i0.wp.com\/terjebjornstad.com\/no\/wp-content\/uploads\/2016\/08\/2016-audi-r8-7.png?ssl=1\"><img data-recalc-dims=\"1\" loading=\"lazy\" decoding=\"async\" data-attachment-id=\"6661\" data-permalink=\"https:\/\/terjebjornstad.com\/no\/2016-audi-r8\/2016-audi-r8-7\/\" data-orig-file=\"https:\/\/i0.wp.com\/terjebjornstad.com\/no\/wp-content\/uploads\/2016\/08\/2016-audi-r8-7.png?fit=686%2C457&amp;ssl=1\" data-orig-size=\"686,457\" data-comments-opened=\"1\" data-image-meta=\"{&quot;aperture&quot;:&quot;0&quot;,&quot;credit&quot;:&quot;&quot;,&quot;camera&quot;:&quot;&quot;,&quot;caption&quot;:&quot;&quot;,&quot;created_timestamp&quot;:&quot;0&quot;,&quot;copyright&quot;:&quot;&quot;,&quot;focal_length&quot;:&quot;0&quot;,&quot;iso&quot;:&quot;0&quot;,&quot;shutter_speed&quot;:&quot;0&quot;,&quot;title&quot;:&quot;&quot;,&quot;orientation&quot;:&quot;0&quot;}\" data-image-title=\"Audi R8\" data-image-description=\"\" data-image-caption=\"&lt;p&gt;2016 Audi R8 (Oslo NO, 2016)&lt;\/p&gt;\n\" data-large-file=\"https:\/\/i0.wp.com\/terjebjornstad.com\/no\/wp-content\/uploads\/2016\/08\/2016-audi-r8-7.png?fit=686%2C457&amp;ssl=1\" src=\"https:\/\/i0.wp.com\/terjebjornstad.com\/no\/wp-content\/uploads\/2016\/08\/2016-audi-r8-7.png?resize=686%2C457&#038;ssl=1\" alt=\"\" width=\"686\" height=\"457\" class=\"size-full wp-image-6661\" srcset=\"https:\/\/i0.wp.com\/terjebjornstad.com\/no\/wp-content\/uploads\/2016\/08\/2016-audi-r8-7.png?w=686&amp;ssl=1 686w, https:\/\/i0.wp.com\/terjebjornstad.com\/no\/wp-content\/uploads\/2016\/08\/2016-audi-r8-7.png?resize=300%2C200&amp;ssl=1 300w\" sizes=\"auto, (max-width: 686px) 100vw, 686px\" \/><\/a><figcaption id=\"caption-attachment-6661\" class=\"wp-caption-text\">2016 Audi R8 (Oslo NO, 2016)<\/figcaption><\/figure><br \/>\n&nbsp;<br \/>\n<figure id=\"attachment_12091\" aria-describedby=\"caption-attachment-12091\" style=\"width: 686px\" class=\"wp-caption aligncenter\"><a href=\"https:\/\/i0.wp.com\/terjebjornstad.com\/no\/wp-content\/uploads\/2017\/08\/audi-r8-1-2708-686.png?ssl=1\"><img data-recalc-dims=\"1\" loading=\"lazy\" decoding=\"async\" data-attachment-id=\"12091\" data-permalink=\"https:\/\/terjebjornstad.com\/no\/audi-r8\/audi-r8-1-2708-686\/\" data-orig-file=\"https:\/\/i0.wp.com\/terjebjornstad.com\/no\/wp-content\/uploads\/2017\/08\/audi-r8-1-2708-686.png?fit=686%2C457&amp;ssl=1\" data-orig-size=\"686,457\" data-comments-opened=\"1\" data-image-meta=\"{&quot;aperture&quot;:&quot;0&quot;,&quot;credit&quot;:&quot;&quot;,&quot;camera&quot;:&quot;&quot;,&quot;caption&quot;:&quot;&quot;,&quot;created_timestamp&quot;:&quot;0&quot;,&quot;copyright&quot;:&quot;&quot;,&quot;focal_length&quot;:&quot;0&quot;,&quot;iso&quot;:&quot;0&quot;,&quot;shutter_speed&quot;:&quot;0&quot;,&quot;title&quot;:&quot;&quot;,&quot;orientation&quot;:&quot;0&quot;}\" data-image-title=\"Audi R8\" data-image-description=\"\" data-image-caption=\"&lt;p&gt;Audi R8 4S&lt;\/p&gt;\n\" data-large-file=\"https:\/\/i0.wp.com\/terjebjornstad.com\/no\/wp-content\/uploads\/2017\/08\/audi-r8-1-2708-686.png?fit=686%2C457&amp;ssl=1\" src=\"https:\/\/i0.wp.com\/terjebjornstad.com\/no\/wp-content\/uploads\/2017\/08\/audi-r8-1-2708-686.png?resize=686%2C457&#038;ssl=1\" alt=\"\" width=\"686\" height=\"457\" class=\"size-full wp-image-12091\" srcset=\"https:\/\/i0.wp.com\/terjebjornstad.com\/no\/wp-content\/uploads\/2017\/08\/audi-r8-1-2708-686.png?w=686&amp;ssl=1 686w, https:\/\/i0.wp.com\/terjebjornstad.com\/no\/wp-content\/uploads\/2017\/08\/audi-r8-1-2708-686.png?resize=300%2C200&amp;ssl=1 300w\" sizes=\"auto, (max-width: 686px) 100vw, 686px\" \/><\/a><figcaption id=\"caption-attachment-12091\" class=\"wp-caption-text\">Audi R8 4S<\/figcaption><\/figure><br \/>\n&nbsp;<br \/>\n<figure id=\"attachment_12093\" aria-describedby=\"caption-attachment-12093\" style=\"width: 686px\" class=\"wp-caption aligncenter\"><a href=\"https:\/\/i0.wp.com\/terjebjornstad.com\/no\/wp-content\/uploads\/2017\/08\/audi-r8-5-2708-686.png?ssl=1\"><img data-recalc-dims=\"1\" loading=\"lazy\" decoding=\"async\" data-attachment-id=\"12093\" data-permalink=\"https:\/\/terjebjornstad.com\/no\/2017\/08\/28\/pa-utstilling\/audi-r8-5-2708-686\/\" data-orig-file=\"https:\/\/i0.wp.com\/terjebjornstad.com\/no\/wp-content\/uploads\/2017\/08\/audi-r8-5-2708-686.png?fit=686%2C536&amp;ssl=1\" data-orig-size=\"686,536\" data-comments-opened=\"1\" data-image-meta=\"{&quot;aperture&quot;:&quot;0&quot;,&quot;credit&quot;:&quot;&quot;,&quot;camera&quot;:&quot;&quot;,&quot;caption&quot;:&quot;&quot;,&quot;created_timestamp&quot;:&quot;0&quot;,&quot;copyright&quot;:&quot;&quot;,&quot;focal_length&quot;:&quot;0&quot;,&quot;iso&quot;:&quot;0&quot;,&quot;shutter_speed&quot;:&quot;0&quot;,&quot;title&quot;:&quot;&quot;,&quot;orientation&quot;:&quot;0&quot;}\" data-image-title=\"Audi R8\" data-image-description=\"\" data-image-caption=\"&lt;p&gt;R8 mot en r\u00e5 Nissan Skyline GT-R kj\u00f8remaskin med rundt 550 HK, eller noe s\u00e5nt.&lt;\/p&gt;\n\" data-large-file=\"https:\/\/i0.wp.com\/terjebjornstad.com\/no\/wp-content\/uploads\/2017\/08\/audi-r8-5-2708-686.png?fit=686%2C536&amp;ssl=1\" src=\"https:\/\/i0.wp.com\/terjebjornstad.com\/no\/wp-content\/uploads\/2017\/08\/audi-r8-5-2708-686.png?resize=686%2C536&#038;ssl=1\" alt=\"\" width=\"686\" height=\"536\" class=\"size-full wp-image-12093\" srcset=\"https:\/\/i0.wp.com\/terjebjornstad.com\/no\/wp-content\/uploads\/2017\/08\/audi-r8-5-2708-686.png?w=686&amp;ssl=1 686w, https:\/\/i0.wp.com\/terjebjornstad.com\/no\/wp-content\/uploads\/2017\/08\/audi-r8-5-2708-686.png?resize=300%2C234&amp;ssl=1 300w\" sizes=\"auto, (max-width: 686px) 100vw, 686px\" \/><\/a><figcaption id=\"caption-attachment-12093\" class=\"wp-caption-text\">R8 mot en r\u00e5 Nissan Skyline GT-R kj\u00f8remaskin med rundt 550 HK, eller noe s\u00e5nt.<\/figcaption><\/figure><figure id=\"attachment_12092\" aria-describedby=\"caption-attachment-12092\" style=\"width: 686px\" class=\"wp-caption aligncenter\"><a href=\"https:\/\/i0.wp.com\/terjebjornstad.com\/no\/wp-content\/uploads\/2017\/08\/audi-r8-3-2708-686.png?ssl=1\"><img data-recalc-dims=\"1\" loading=\"lazy\" decoding=\"async\" data-attachment-id=\"12092\" data-permalink=\"https:\/\/terjebjornstad.com\/no\/2017\/08\/28\/pa-utstilling\/audi-r8-3-2708-686\/\" data-orig-file=\"https:\/\/i0.wp.com\/terjebjornstad.com\/no\/wp-content\/uploads\/2017\/08\/audi-r8-3-2708-686.png?fit=686%2C457&amp;ssl=1\" data-orig-size=\"686,457\" data-comments-opened=\"1\" data-image-meta=\"{&quot;aperture&quot;:&quot;0&quot;,&quot;credit&quot;:&quot;&quot;,&quot;camera&quot;:&quot;&quot;,&quot;caption&quot;:&quot;&quot;,&quot;created_timestamp&quot;:&quot;0&quot;,&quot;copyright&quot;:&quot;&quot;,&quot;focal_length&quot;:&quot;0&quot;,&quot;iso&quot;:&quot;0&quot;,&quot;shutter_speed&quot;:&quot;0&quot;,&quot;title&quot;:&quot;&quot;,&quot;orientation&quot;:&quot;0&quot;}\" data-image-title=\"Audi R8\" data-image-description=\"\" data-image-caption=\"&lt;p&gt;Tar med n\u00e6rbilde for \u00e5 forst\u00e5 at finne ut hvorfor noen velger Audi fremfor Lamborghini. Og forresten, s\u00e5 er Audi billigere, hvis man kan bruke et s\u00e5nt uttrykk.&lt;\/p&gt;\n\" data-large-file=\"https:\/\/i0.wp.com\/terjebjornstad.com\/no\/wp-content\/uploads\/2017\/08\/audi-r8-3-2708-686.png?fit=686%2C457&amp;ssl=1\" src=\"https:\/\/i0.wp.com\/terjebjornstad.com\/no\/wp-content\/uploads\/2017\/08\/audi-r8-3-2708-686.png?resize=686%2C457&#038;ssl=1\" alt=\"\" width=\"686\" height=\"457\" class=\"size-full wp-image-12092\" srcset=\"https:\/\/i0.wp.com\/terjebjornstad.com\/no\/wp-content\/uploads\/2017\/08\/audi-r8-3-2708-686.png?w=686&amp;ssl=1 686w, https:\/\/i0.wp.com\/terjebjornstad.com\/no\/wp-content\/uploads\/2017\/08\/audi-r8-3-2708-686.png?resize=300%2C200&amp;ssl=1 300w\" sizes=\"auto, (max-width: 686px) 100vw, 686px\" \/><\/a><figcaption id=\"caption-attachment-12092\" class=\"wp-caption-text\">Tar med n\u00e6rbilde for \u00e5 forst\u00e5 at finne ut hvorfor noen velger Audi fremfor Lamborghini. Og forresten, s\u00e5 er Audi billigere, hvis man kan bruke et s\u00e5nt uttrykk.<\/figcaption><\/figure><\/p>\n<p><figure id=\"attachment_8055\" aria-describedby=\"caption-attachment-8055\" style=\"width: 686px\" class=\"wp-caption aligncenter\"><a href=\"https:\/\/i0.wp.com\/terjebjornstad.com\/no\/wp-content\/uploads\/2016\/10\/caliper-audi-r8-1.png?ssl=1\"><img data-recalc-dims=\"1\" loading=\"lazy\" decoding=\"async\" data-attachment-id=\"8055\" data-permalink=\"https:\/\/terjebjornstad.com\/no\/2016\/10\/23\/vis-meg-dine-bremsecalipere\/caliper-audi-r8-1\/\" data-orig-file=\"https:\/\/i0.wp.com\/terjebjornstad.com\/no\/wp-content\/uploads\/2016\/10\/caliper-audi-r8-1.png?fit=686%2C686&amp;ssl=1\" data-orig-size=\"686,686\" data-comments-opened=\"1\" data-image-meta=\"{&quot;aperture&quot;:&quot;0&quot;,&quot;credit&quot;:&quot;&quot;,&quot;camera&quot;:&quot;&quot;,&quot;caption&quot;:&quot;&quot;,&quot;created_timestamp&quot;:&quot;0&quot;,&quot;copyright&quot;:&quot;&quot;,&quot;focal_length&quot;:&quot;0&quot;,&quot;iso&quot;:&quot;0&quot;,&quot;shutter_speed&quot;:&quot;0&quot;,&quot;title&quot;:&quot;&quot;,&quot;orientation&quot;:&quot;0&quot;}\" data-image-title=\"Caliper Audi R8\" data-image-description=\"\" data-image-caption=\"&lt;p&gt;I samme familie som Bentley, Audi R8.&lt;\/p&gt;\n\" data-large-file=\"https:\/\/i0.wp.com\/terjebjornstad.com\/no\/wp-content\/uploads\/2016\/10\/caliper-audi-r8-1.png?fit=686%2C686&amp;ssl=1\" src=\"https:\/\/i0.wp.com\/terjebjornstad.com\/no\/wp-content\/uploads\/2016\/10\/caliper-audi-r8-1.png?resize=686%2C686&#038;ssl=1\" alt=\"\" width=\"686\" height=\"686\" class=\"size-full wp-image-8055\" srcset=\"https:\/\/i0.wp.com\/terjebjornstad.com\/no\/wp-content\/uploads\/2016\/10\/caliper-audi-r8-1.png?w=686&amp;ssl=1 686w, https:\/\/i0.wp.com\/terjebjornstad.com\/no\/wp-content\/uploads\/2016\/10\/caliper-audi-r8-1.png?resize=150%2C150&amp;ssl=1 150w, https:\/\/i0.wp.com\/terjebjornstad.com\/no\/wp-content\/uploads\/2016\/10\/caliper-audi-r8-1.png?resize=300%2C300&amp;ssl=1 300w, https:\/\/i0.wp.com\/terjebjornstad.com\/no\/wp-content\/uploads\/2016\/10\/caliper-audi-r8-1.png?resize=50%2C50&amp;ssl=1 50w\" sizes=\"auto, (max-width: 686px) 100vw, 686px\" \/><\/a><figcaption id=\"caption-attachment-8055\" class=\"wp-caption-text\">I samme familie som Bentley, Audi R8.<\/figcaption><\/figure><\/p>\n<h3 class=\"tebh2\">Om bildene<\/h3>\n<p>Bildene av denne den gr\u00e5 bilen er tatt hos Audiforhandleren p\u00e5 Lilleaker i Oslo og den hvite hos AutoXO Sport p\u00e5 Ramstad i B\u00e6rum.<br \/>\n&nbsp;<\/p>\n<p><br \/>\n<figure id=\"attachment_57942\" aria-describedby=\"caption-attachment-57942\" style=\"width: 300px\" class=\"wp-caption aligncenter\"><a href=\"https:\/\/terjebjornstad.com\/no\/audi\/\"><img data-recalc-dims=\"1\" loading=\"lazy\" decoding=\"async\" data-attachment-id=\"57942\" data-permalink=\"https:\/\/terjebjornstad.com\/no\/audi\/audi-logo\/\" data-orig-file=\"https:\/\/i0.wp.com\/terjebjornstad.com\/no\/wp-content\/uploads\/2023\/03\/audi-logo.jpg?fit=300%2C200&amp;ssl=1\" data-orig-size=\"300,200\" data-comments-opened=\"1\" data-image-meta=\"{&quot;aperture&quot;:&quot;0&quot;,&quot;credit&quot;:&quot;&quot;,&quot;camera&quot;:&quot;&quot;,&quot;caption&quot;:&quot;&quot;,&quot;created_timestamp&quot;:&quot;0&quot;,&quot;copyright&quot;:&quot;&quot;,&quot;focal_length&quot;:&quot;0&quot;,&quot;iso&quot;:&quot;0&quot;,&quot;shutter_speed&quot;:&quot;0&quot;,&quot;title&quot;:&quot;&quot;,&quot;orientation&quot;:&quot;0&quot;}\" data-image-title=\"audi-logo\" data-image-description=\"\" data-image-caption=\"&lt;p&gt;&amp;nbsp;&lt;\/p&gt;\n\" data-large-file=\"https:\/\/i0.wp.com\/terjebjornstad.com\/no\/wp-content\/uploads\/2023\/03\/audi-logo.jpg?fit=300%2C200&amp;ssl=1\" src=\"https:\/\/i0.wp.com\/terjebjornstad.com\/no\/wp-content\/uploads\/2023\/03\/audi-logo.jpg?resize=300%2C200&#038;ssl=1\" alt=\"\" width=\"300\" height=\"200\" class=\"size-full wp-image-57942\" \/><\/a><figcaption id=\"caption-attachment-57942\" class=\"wp-caption-text\">&nbsp;<\/figcaption><\/figure><\/p>\n<h3 class=\"tebh2\">Se ogs\u00e5<\/h3>\n<p><figure id=\"attachment_26040\" aria-describedby=\"caption-attachment-26040\" style=\"width: 150px\" class=\"wp-caption alignleft\"><a href=\"https:\/\/terjebjornstad.com\/no\/lamborghini-huracan\/\"><img data-recalc-dims=\"1\" loading=\"lazy\" decoding=\"async\" data-attachment-id=\"26040\" data-permalink=\"https:\/\/terjebjornstad.com\/no\/lamborghini-huracan\/lambo-huracan-lp610-9-1080x720\/\" data-orig-file=\"https:\/\/i0.wp.com\/terjebjornstad.com\/no\/wp-content\/uploads\/2019\/09\/lambo-huracan-lp610-9-1080x720.png?fit=1080%2C720&amp;ssl=1\" data-orig-size=\"1080,720\" data-comments-opened=\"1\" data-image-meta=\"{&quot;aperture&quot;:&quot;0&quot;,&quot;credit&quot;:&quot;&quot;,&quot;camera&quot;:&quot;&quot;,&quot;caption&quot;:&quot;&quot;,&quot;created_timestamp&quot;:&quot;0&quot;,&quot;copyright&quot;:&quot;&quot;,&quot;focal_length&quot;:&quot;0&quot;,&quot;iso&quot;:&quot;0&quot;,&quot;shutter_speed&quot;:&quot;0&quot;,&quot;title&quot;:&quot;&quot;,&quot;orientation&quot;:&quot;0&quot;}\" data-image-title=\"lambo-huracan-lp610-9-1080&amp;#215;720\" data-image-description=\"\" data-image-caption=\"&lt;p&gt;Lamborghini Huracan&lt;\/p&gt;\n\" data-large-file=\"https:\/\/i0.wp.com\/terjebjornstad.com\/no\/wp-content\/uploads\/2019\/09\/lambo-huracan-lp610-9-1080x720.png?fit=980%2C653&amp;ssl=1\" src=\"https:\/\/i0.wp.com\/terjebjornstad.com\/no\/wp-content\/uploads\/2019\/09\/lambo-huracan-lp610-9-1080x720.png?resize=150%2C150&#038;ssl=1\" alt=\"\" width=\"150\" height=\"150\" class=\"size-thumbnail wp-image-26040\" srcset=\"https:\/\/i0.wp.com\/terjebjornstad.com\/no\/wp-content\/uploads\/2019\/09\/lambo-huracan-lp610-9-1080x720.png?resize=150%2C150&amp;ssl=1 150w, https:\/\/i0.wp.com\/terjebjornstad.com\/no\/wp-content\/uploads\/2019\/09\/lambo-huracan-lp610-9-1080x720.png?resize=50%2C50&amp;ssl=1 50w, https:\/\/i0.wp.com\/terjebjornstad.com\/no\/wp-content\/uploads\/2019\/09\/lambo-huracan-lp610-9-1080x720.png?zoom=2&amp;resize=150%2C150&amp;ssl=1 300w, https:\/\/i0.wp.com\/terjebjornstad.com\/no\/wp-content\/uploads\/2019\/09\/lambo-huracan-lp610-9-1080x720.png?zoom=3&amp;resize=150%2C150&amp;ssl=1 450w\" sizes=\"auto, (max-width: 150px) 100vw, 150px\" \/><\/a><figcaption id=\"caption-attachment-26040\" class=\"wp-caption-text\">Lamborghini Huracan<\/figcaption><\/figure><figure id=\"attachment_11821\" aria-describedby=\"caption-attachment-11821\" style=\"width: 150px\" class=\"wp-caption alignleft\"><a href=\" https:\/\/terjebjornstad.com\/no\/audi-r8-1\/\"><img data-recalc-dims=\"1\" loading=\"lazy\" decoding=\"async\" data-attachment-id=\"11821\" data-permalink=\"https:\/\/terjebjornstad.com\/no\/audi\/audi-r8-1-5-686\/\" data-orig-file=\"https:\/\/i0.wp.com\/terjebjornstad.com\/no\/wp-content\/uploads\/2016\/06\/audi-r8-1-5-686.png?fit=686%2C858&amp;ssl=1\" data-orig-size=\"686,858\" data-comments-opened=\"1\" data-image-meta=\"{&quot;aperture&quot;:&quot;0&quot;,&quot;credit&quot;:&quot;&quot;,&quot;camera&quot;:&quot;&quot;,&quot;caption&quot;:&quot;&quot;,&quot;created_timestamp&quot;:&quot;0&quot;,&quot;copyright&quot;:&quot;&quot;,&quot;focal_length&quot;:&quot;0&quot;,&quot;iso&quot;:&quot;0&quot;,&quot;shutter_speed&quot;:&quot;0&quot;,&quot;title&quot;:&quot;&quot;,&quot;orientation&quot;:&quot;0&quot;}\" data-image-title=\"Audi R8\" data-image-description=\"\" data-image-caption=\"&lt;p&gt;Audi R8 1. generasjon&lt;\/p&gt;\n\" data-large-file=\"https:\/\/i0.wp.com\/terjebjornstad.com\/no\/wp-content\/uploads\/2016\/06\/audi-r8-1-5-686.png?fit=686%2C858&amp;ssl=1\" src=\"https:\/\/i0.wp.com\/terjebjornstad.com\/no\/wp-content\/uploads\/2016\/06\/audi-r8-1-5-686.png?resize=150%2C150&#038;ssl=1\" alt=\"\" width=\"150\" height=\"150\" class=\"size-thumbnail wp-image-11821\" srcset=\"https:\/\/i0.wp.com\/terjebjornstad.com\/no\/wp-content\/uploads\/2016\/06\/audi-r8-1-5-686.png?resize=150%2C150&amp;ssl=1 150w, https:\/\/i0.wp.com\/terjebjornstad.com\/no\/wp-content\/uploads\/2016\/06\/audi-r8-1-5-686.png?resize=50%2C50&amp;ssl=1 50w, https:\/\/i0.wp.com\/terjebjornstad.com\/no\/wp-content\/uploads\/2016\/06\/audi-r8-1-5-686.png?zoom=2&amp;resize=150%2C150&amp;ssl=1 300w, https:\/\/i0.wp.com\/terjebjornstad.com\/no\/wp-content\/uploads\/2016\/06\/audi-r8-1-5-686.png?zoom=3&amp;resize=150%2C150&amp;ssl=1 450w\" sizes=\"auto, (max-width: 150px) 100vw, 150px\" \/><\/a><figcaption id=\"caption-attachment-11821\" class=\"wp-caption-text\">Audi R8 1<\/figcaption><\/figure><\/p>\n<h6><\/h6>\n<\/div>\n","protected":false},"excerpt":{"rendered":"<p>Deler mye med Hurac\u00e1n Andre generasjon R8 deler plattform med Lamborghini Hurac\u00e1n. Begge leveres i to karosseri-varianter, Coup\u00e9 og Spyder. Begge med midtplassert V10-motor. I R8 kan du velge mellom 540 HK og 610 HK. I Hurac\u00e1n er det 580 HK og 610 HK. Begge har Quattro-systemet og samme godlyd n\u00e5r de gir gass. 2. [&hellip;]<\/p>\n","protected":false},"author":1,"featured_media":6658,"parent":0,"menu_order":0,"comment_status":"closed","ping_status":"closed","template":"","meta":{"_monsterinsights_skip_tracking":false,"_monsterinsights_sitenote_active":false,"_monsterinsights_sitenote_note":"","_monsterinsights_sitenote_category":0,"jetpack_post_was_ever_published":false,"footnotes":""},"class_list":["post-11827","page","type-page","status-publish","has-post-thumbnail","hentry"],"yoast_head":"<!-- This site is optimized with the Yoast SEO plugin v27.5 - https:\/\/yoast.com\/product\/yoast-seo-wordpress\/ -->\n<title>Audi R8 4S - Terjes biler Deler teknologi med Lamborghini Huracan.<\/title>\n<meta name=\"description\" content=\"R8 4S - Andre generasjon deler plattform med Lamborghini Hurac\u00e1n. Begge leveres i to karosseri-varianter, Coup\u00e9 og Spyder. Begge med midtplassert V10.\" \/>\n<meta name=\"robots\" content=\"index, follow, max-snippet:-1, max-image-preview:large, max-video-preview:-1\" \/>\n<link rel=\"canonical\" href=\"https:\/\/terjebjornstad.com\/no\/audi-r8\/\" \/>\n<meta property=\"og:locale\" content=\"nb_NO\" \/>\n<meta property=\"og:type\" content=\"article\" \/>\n<meta property=\"og:title\" content=\"Audi R8 4S - Terjes biler Deler teknologi med Lamborghini Huracan.\" \/>\n<meta property=\"og:description\" content=\"R8 4S - Andre generasjon deler plattform med Lamborghini Hurac\u00e1n. Begge leveres i to karosseri-varianter, Coup\u00e9 og Spyder. Begge med midtplassert V10.\" \/>\n<meta property=\"og:url\" content=\"https:\/\/terjebjornstad.com\/no\/audi-r8\/\" \/>\n<meta property=\"og:site_name\" content=\"Terjes biler\" \/>\n<meta property=\"article:publisher\" content=\"https:\/\/www.facebook.com\/terjesbiler\/\" \/>\n<meta property=\"article:modified_time\" content=\"2026-02-08T00:02:53+00:00\" \/>\n<meta property=\"og:image\" content=\"https:\/\/terjebjornstad.com\/no\/wp-content\/uploads\/2016\/08\/2016-audi-r8-1.png\" \/>\n\t<meta property=\"og:image:width\" content=\"686\" \/>\n\t<meta property=\"og:image:height\" content=\"457\" \/>\n\t<meta property=\"og:image:type\" content=\"image\/png\" \/>\n<meta name=\"twitter:card\" content=\"summary_large_image\" \/>\n<meta name=\"twitter:label1\" content=\"Ansl. lesetid\" \/>\n\t<meta name=\"twitter:data1\" content=\"4 minutter\" \/>\n<script type=\"application\/ld+json\" class=\"yoast-schema-graph\">{\"@context\":\"https:\\\/\\\/schema.org\",\"@graph\":[{\"@type\":\"WebPage\",\"@id\":\"https:\\\/\\\/terjebjornstad.com\\\/no\\\/audi-r8\\\/\",\"url\":\"https:\\\/\\\/terjebjornstad.com\\\/no\\\/audi-r8\\\/\",\"name\":\"Audi R8 4S - Terjes biler Deler teknologi med Lamborghini Huracan.\",\"isPartOf\":{\"@id\":\"https:\\\/\\\/terjebjornstad.com\\\/no\\\/#website\"},\"primaryImageOfPage\":{\"@id\":\"https:\\\/\\\/terjebjornstad.com\\\/no\\\/audi-r8\\\/#primaryimage\"},\"image\":{\"@id\":\"https:\\\/\\\/terjebjornstad.com\\\/no\\\/audi-r8\\\/#primaryimage\"},\"thumbnailUrl\":\"https:\\\/\\\/i0.wp.com\\\/terjebjornstad.com\\\/no\\\/wp-content\\\/uploads\\\/2016\\\/08\\\/2016-audi-r8-1.png?fit=686%2C457&ssl=1\",\"datePublished\":\"2017-08-23T21:20:27+00:00\",\"dateModified\":\"2026-02-08T00:02:53+00:00\",\"description\":\"R8 4S - Andre generasjon deler plattform med Lamborghini Hurac\u00e1n. Begge leveres i to karosseri-varianter, Coup\u00e9 og Spyder. Begge med midtplassert V10.\",\"breadcrumb\":{\"@id\":\"https:\\\/\\\/terjebjornstad.com\\\/no\\\/audi-r8\\\/#breadcrumb\"},\"inLanguage\":\"nb-NO\",\"potentialAction\":[{\"@type\":\"ReadAction\",\"target\":[\"https:\\\/\\\/terjebjornstad.com\\\/no\\\/audi-r8\\\/\"]}]},{\"@type\":\"ImageObject\",\"inLanguage\":\"nb-NO\",\"@id\":\"https:\\\/\\\/terjebjornstad.com\\\/no\\\/audi-r8\\\/#primaryimage\",\"url\":\"https:\\\/\\\/i0.wp.com\\\/terjebjornstad.com\\\/no\\\/wp-content\\\/uploads\\\/2016\\\/08\\\/2016-audi-r8-1.png?fit=686%2C457&ssl=1\",\"contentUrl\":\"https:\\\/\\\/i0.wp.com\\\/terjebjornstad.com\\\/no\\\/wp-content\\\/uploads\\\/2016\\\/08\\\/2016-audi-r8-1.png?fit=686%2C457&ssl=1\",\"width\":686,\"height\":457,\"caption\":\"Audi R8 4S\"},{\"@type\":\"BreadcrumbList\",\"@id\":\"https:\\\/\\\/terjebjornstad.com\\\/no\\\/audi-r8\\\/#breadcrumb\",\"itemListElement\":[{\"@type\":\"ListItem\",\"position\":1,\"name\":\"Hjem\",\"item\":\"https:\\\/\\\/terjebjornstad.com\\\/no\\\/\"},{\"@type\":\"ListItem\",\"position\":2,\"name\":\"Audi R8 4S\"}]},{\"@type\":\"WebSite\",\"@id\":\"https:\\\/\\\/terjebjornstad.com\\\/no\\\/#website\",\"url\":\"https:\\\/\\\/terjebjornstad.com\\\/no\\\/\",\"name\":\"Terjes biler\",\"description\":\"HONEST ABOUT CARS\",\"publisher\":{\"@id\":\"https:\\\/\\\/terjebjornstad.com\\\/no\\\/#organization\"},\"alternateName\":\"Terjebjornstad.com\",\"potentialAction\":[{\"@type\":\"SearchAction\",\"target\":{\"@type\":\"EntryPoint\",\"urlTemplate\":\"https:\\\/\\\/terjebjornstad.com\\\/no\\\/?s={search_term_string}\"},\"query-input\":{\"@type\":\"PropertyValueSpecification\",\"valueRequired\":true,\"valueName\":\"search_term_string\"}}],\"inLanguage\":\"nb-NO\"},{\"@type\":\"Organization\",\"@id\":\"https:\\\/\\\/terjebjornstad.com\\\/no\\\/#organization\",\"name\":\"Terje Bj\u00f8rnstad ENK\",\"url\":\"https:\\\/\\\/terjebjornstad.com\\\/no\\\/\",\"logo\":{\"@type\":\"ImageObject\",\"inLanguage\":\"nb-NO\",\"@id\":\"https:\\\/\\\/terjebjornstad.com\\\/no\\\/#\\\/schema\\\/logo\\\/image\\\/\",\"url\":\"https:\\\/\\\/i0.wp.com\\\/terjebjornstad.com\\\/no\\\/wp-content\\\/uploads\\\/2026\\\/02\\\/terjesbiler2024-960x354-1.png?fit=960%2C354&ssl=1\",\"contentUrl\":\"https:\\\/\\\/i0.wp.com\\\/terjebjornstad.com\\\/no\\\/wp-content\\\/uploads\\\/2026\\\/02\\\/terjesbiler2024-960x354-1.png?fit=960%2C354&ssl=1\",\"width\":960,\"height\":354,\"caption\":\"Terje Bj\u00f8rnstad ENK\"},\"image\":{\"@id\":\"https:\\\/\\\/terjebjornstad.com\\\/no\\\/#\\\/schema\\\/logo\\\/image\\\/\"},\"sameAs\":[\"https:\\\/\\\/www.facebook.com\\\/terjesbiler\\\/\",\"https:\\\/\\\/www.instagram.com\\\/terjesbiler\\\/\",\"https:\\\/\\\/www.pinteres.com\\\/terjebjrnstad\\\/terjes-biler\\\/\"]}]}<\/script>\n<!-- \/ Yoast SEO plugin. -->","yoast_head_json":{"title":"Audi R8 4S - Terjes biler Deler teknologi med Lamborghini Huracan.","description":"R8 4S - Andre generasjon deler plattform med Lamborghini Hurac\u00e1n. Begge leveres i to karosseri-varianter, Coup\u00e9 og Spyder. Begge med midtplassert V10.","robots":{"index":"index","follow":"follow","max-snippet":"max-snippet:-1","max-image-preview":"max-image-preview:large","max-video-preview":"max-video-preview:-1"},"canonical":"https:\/\/terjebjornstad.com\/no\/audi-r8\/","og_locale":"nb_NO","og_type":"article","og_title":"Audi R8 4S - Terjes biler Deler teknologi med Lamborghini Huracan.","og_description":"R8 4S - Andre generasjon deler plattform med Lamborghini Hurac\u00e1n. Begge leveres i to karosseri-varianter, Coup\u00e9 og Spyder. Begge med midtplassert V10.","og_url":"https:\/\/terjebjornstad.com\/no\/audi-r8\/","og_site_name":"Terjes biler","article_publisher":"https:\/\/www.facebook.com\/terjesbiler\/","article_modified_time":"2026-02-08T00:02:53+00:00","og_image":[{"width":686,"height":457,"url":"https:\/\/terjebjornstad.com\/no\/wp-content\/uploads\/2016\/08\/2016-audi-r8-1.png","type":"image\/png"}],"twitter_card":"summary_large_image","twitter_misc":{"Ansl. lesetid":"4 minutter"},"schema":{"@context":"https:\/\/schema.org","@graph":[{"@type":"WebPage","@id":"https:\/\/terjebjornstad.com\/no\/audi-r8\/","url":"https:\/\/terjebjornstad.com\/no\/audi-r8\/","name":"Audi R8 4S - Terjes biler Deler teknologi med Lamborghini Huracan.","isPartOf":{"@id":"https:\/\/terjebjornstad.com\/no\/#website"},"primaryImageOfPage":{"@id":"https:\/\/terjebjornstad.com\/no\/audi-r8\/#primaryimage"},"image":{"@id":"https:\/\/terjebjornstad.com\/no\/audi-r8\/#primaryimage"},"thumbnailUrl":"https:\/\/i0.wp.com\/terjebjornstad.com\/no\/wp-content\/uploads\/2016\/08\/2016-audi-r8-1.png?fit=686%2C457&ssl=1","datePublished":"2017-08-23T21:20:27+00:00","dateModified":"2026-02-08T00:02:53+00:00","description":"R8 4S - Andre generasjon deler plattform med Lamborghini Hurac\u00e1n. Begge leveres i to karosseri-varianter, Coup\u00e9 og Spyder. Begge med midtplassert V10.","breadcrumb":{"@id":"https:\/\/terjebjornstad.com\/no\/audi-r8\/#breadcrumb"},"inLanguage":"nb-NO","potentialAction":[{"@type":"ReadAction","target":["https:\/\/terjebjornstad.com\/no\/audi-r8\/"]}]},{"@type":"ImageObject","inLanguage":"nb-NO","@id":"https:\/\/terjebjornstad.com\/no\/audi-r8\/#primaryimage","url":"https:\/\/i0.wp.com\/terjebjornstad.com\/no\/wp-content\/uploads\/2016\/08\/2016-audi-r8-1.png?fit=686%2C457&ssl=1","contentUrl":"https:\/\/i0.wp.com\/terjebjornstad.com\/no\/wp-content\/uploads\/2016\/08\/2016-audi-r8-1.png?fit=686%2C457&ssl=1","width":686,"height":457,"caption":"Audi R8 4S"},{"@type":"BreadcrumbList","@id":"https:\/\/terjebjornstad.com\/no\/audi-r8\/#breadcrumb","itemListElement":[{"@type":"ListItem","position":1,"name":"Hjem","item":"https:\/\/terjebjornstad.com\/no\/"},{"@type":"ListItem","position":2,"name":"Audi R8 4S"}]},{"@type":"WebSite","@id":"https:\/\/terjebjornstad.com\/no\/#website","url":"https:\/\/terjebjornstad.com\/no\/","name":"Terjes biler","description":"HONEST ABOUT CARS","publisher":{"@id":"https:\/\/terjebjornstad.com\/no\/#organization"},"alternateName":"Terjebjornstad.com","potentialAction":[{"@type":"SearchAction","target":{"@type":"EntryPoint","urlTemplate":"https:\/\/terjebjornstad.com\/no\/?s={search_term_string}"},"query-input":{"@type":"PropertyValueSpecification","valueRequired":true,"valueName":"search_term_string"}}],"inLanguage":"nb-NO"},{"@type":"Organization","@id":"https:\/\/terjebjornstad.com\/no\/#organization","name":"Terje Bj\u00f8rnstad ENK","url":"https:\/\/terjebjornstad.com\/no\/","logo":{"@type":"ImageObject","inLanguage":"nb-NO","@id":"https:\/\/terjebjornstad.com\/no\/#\/schema\/logo\/image\/","url":"https:\/\/i0.wp.com\/terjebjornstad.com\/no\/wp-content\/uploads\/2026\/02\/terjesbiler2024-960x354-1.png?fit=960%2C354&ssl=1","contentUrl":"https:\/\/i0.wp.com\/terjebjornstad.com\/no\/wp-content\/uploads\/2026\/02\/terjesbiler2024-960x354-1.png?fit=960%2C354&ssl=1","width":960,"height":354,"caption":"Terje Bj\u00f8rnstad ENK"},"image":{"@id":"https:\/\/terjebjornstad.com\/no\/#\/schema\/logo\/image\/"},"sameAs":["https:\/\/www.facebook.com\/terjesbiler\/","https:\/\/www.instagram.com\/terjesbiler\/","https:\/\/www.pinteres.com\/terjebjrnstad\/terjes-biler\/"]}]}},"jetpack_sharing_enabled":true,"jetpack_shortlink":"https:\/\/wp.me\/P48zYA-34L","jetpack-related-posts":[{"id":9008,"url":"https:\/\/terjebjornstad.com\/no\/lamborghini-huracan\/","url_meta":{"origin":11827,"position":0},"title":"Lamborghini Huracan","author":"Terje Bj\u00f8rnstad","date":"15\/01\/2017","format":false,"excerpt":"Deler teknikk med Audi R8 Lamborghini Hurac\u00e1n og nye Audi R8 deler plattform. Vel er Audi R8 en r\u00e5 bil, men designet sl\u00e5r ikke Lamborghini. \u00c5 ha Volkswagengruppen i ryggen har betydd mye for utviklingen av Lamborghini - og ikke minst tillitsskapende for kundene. Det er flott \u00e5 se Lamborghini'er\u2026","rel":"","context":"Liknende innlegg","block_context":{"text":"Liknende innlegg","link":""},"img":{"alt_text":"huracan","src":"https:\/\/i0.wp.com\/terjebjornstad.com\/no\/wp-content\/uploads\/2019\/09\/lambo-huracan-lp610-9-1080x720.png?fit=1080%2C720&ssl=1&resize=350%2C200","width":350,"height":200,"srcset":"https:\/\/i0.wp.com\/terjebjornstad.com\/no\/wp-content\/uploads\/2019\/09\/lambo-huracan-lp610-9-1080x720.png?fit=1080%2C720&ssl=1&resize=350%2C200 1x, https:\/\/i0.wp.com\/terjebjornstad.com\/no\/wp-content\/uploads\/2019\/09\/lambo-huracan-lp610-9-1080x720.png?fit=1080%2C720&ssl=1&resize=525%2C300 1.5x, https:\/\/i0.wp.com\/terjebjornstad.com\/no\/wp-content\/uploads\/2019\/09\/lambo-huracan-lp610-9-1080x720.png?fit=1080%2C720&ssl=1&resize=700%2C400 2x, https:\/\/i0.wp.com\/terjebjornstad.com\/no\/wp-content\/uploads\/2019\/09\/lambo-huracan-lp610-9-1080x720.png?fit=1080%2C720&ssl=1&resize=1050%2C600 3x"},"classes":[]},{"id":27583,"url":"https:\/\/terjebjornstad.com\/no\/audi-r8-1\/","url_meta":{"origin":11827,"position":1},"title":"Audi R8 42","author":"Terje Bj\u00f8rnstad","date":"12\/11\/2019","format":false,"excerpt":"Ur-R8 Den opprinnelige R8 - f\u00f8rste generasjon, internbetegnelse \"42\", eller kanskje man kan si ur-R8, - har et fantastisk design, signert Walter de Silva. Jeg har mener Walter de Silva var p\u00e5 villspor da han i samme periode tegnet for Seat. Men R8 ble just perfekt - og vil alltid\u2026","rel":"","context":"Liknende innlegg","block_context":{"text":"Liknende innlegg","link":""},"img":{"alt_text":"audi r8","src":"https:\/\/i0.wp.com\/terjebjornstad.com\/no\/wp-content\/uploads\/2017\/08\/audi-r8-1-canet-686.png?fit=686%2C457&ssl=1&resize=350%2C200","width":350,"height":200,"srcset":"https:\/\/i0.wp.com\/terjebjornstad.com\/no\/wp-content\/uploads\/2017\/08\/audi-r8-1-canet-686.png?fit=686%2C457&ssl=1&resize=350%2C200 1x, https:\/\/i0.wp.com\/terjebjornstad.com\/no\/wp-content\/uploads\/2017\/08\/audi-r8-1-canet-686.png?fit=686%2C457&ssl=1&resize=525%2C300 1.5x"},"classes":[]},{"id":8417,"url":"https:\/\/terjebjornstad.com\/no\/lamborghini-gallardo\/","url_meta":{"origin":11827,"position":2},"title":"Lamborghini Gallardo","author":"Terje Bj\u00f8rnstad","date":"08\/11\/2016","format":false,"excerpt":"Den lille Lamborghini'en Lamborghini Gallardo ble produsert mellom 2003 og 2013. Den ble omtalt som \"Den lille Lamborghinien\". F\u00f8rst og fremst p\u00e5 grunn av motoren, en V10 i stedet for V12 - men ogs\u00e5 p\u00e5 grunn av lengden, litt over 4,3 meter. Gallardo var ogs\u00e5 f\u00f8rste modell som delte drivverk\u2026","rel":"","context":"Liknende innlegg","block_context":{"text":"Liknende innlegg","link":""},"img":{"alt_text":"","src":"https:\/\/i0.wp.com\/terjebjornstad.com\/no\/wp-content\/uploads\/2018\/04\/lambo-gallardo-1.png?fit=686%2C457&ssl=1&resize=350%2C200","width":350,"height":200,"srcset":"https:\/\/i0.wp.com\/terjebjornstad.com\/no\/wp-content\/uploads\/2018\/04\/lambo-gallardo-1.png?fit=686%2C457&ssl=1&resize=350%2C200 1x, https:\/\/i0.wp.com\/terjebjornstad.com\/no\/wp-content\/uploads\/2018\/04\/lambo-gallardo-1.png?fit=686%2C457&ssl=1&resize=525%2C300 1.5x"},"classes":[]},{"id":5287,"url":"https:\/\/terjebjornstad.com\/no\/audi\/","url_meta":{"origin":11827,"position":3},"title":"I 1932 ble fire selskaper\u2026","author":"Terje Bj\u00f8rnstad","date":"21\/06\/2016","format":false,"excerpt":"I 1932 ble fire selskaper sl\u00e5tt sammen til Auto Union. De fire var Horsch, Audi, Wanderer og DKW, og disse merkenavnene ble fortsatt brukt. Etter krigen ble Auto Union gjenetablert og gjenopptok produksjonen av DKW. Volkswagen kj\u00f8pte seg inn i selskapet - og tok etter hvert over NSU ogs\u00e5. Audi\u2026","rel":"","context":"Liknende innlegg","block_context":{"text":"Liknende innlegg","link":""},"img":{"alt_text":"","src":"https:\/\/i0.wp.com\/terjebjornstad.com\/no\/wp-content\/uploads\/2023\/03\/audi-logo.jpg?resize=350%2C200&ssl=1","width":350,"height":200},"classes":[]},{"id":22981,"url":"https:\/\/terjebjornstad.com\/no\/renault-8\/","url_meta":{"origin":11827,"position":4},"title":"Renault 8","author":"Terje Bj\u00f8rnstad","date":"25\/04\/2019","format":false,"excerpt":"Fransk kultbil Renault 8 var en direkte arvtaker etter legendariske 4 CV og Dauphine pakket inn i et 60-talls 3-boks design. I likhet med forgjengerne gjorde Renault 8 det godt innen bilsport. Alpine, som kikket Renault i kortene, lanserte en annen legendarisk modell, A110, basert p\u00e5 R8. Franskmenn har ofte\u2026","rel":"","context":"Liknende innlegg","block_context":{"text":"Liknende innlegg","link":""},"img":{"alt_text":"","src":"https:\/\/i0.wp.com\/terjebjornstad.com\/no\/wp-content\/uploads\/2017\/11\/renault-8s-gordini-rally-686.png?fit=686%2C686&ssl=1&resize=350%2C200","width":350,"height":200,"srcset":"https:\/\/i0.wp.com\/terjebjornstad.com\/no\/wp-content\/uploads\/2017\/11\/renault-8s-gordini-rally-686.png?fit=686%2C686&ssl=1&resize=350%2C200 1x, https:\/\/i0.wp.com\/terjebjornstad.com\/no\/wp-content\/uploads\/2017\/11\/renault-8s-gordini-rally-686.png?fit=686%2C686&ssl=1&resize=525%2C300 1.5x"},"classes":[]},{"id":10295,"url":"https:\/\/terjebjornstad.com\/no\/audi-r8-1-gen\/","url_meta":{"origin":11827,"position":5},"title":"Audi R8 (1. gen.)","author":"Terje Bj\u00f8rnstad","date":"24\/04\/2017","format":false,"excerpt":"\u00a0 Les mer om Audi R8 (42) \u00a0","rel":"","context":"Liknende innlegg","block_context":{"text":"Liknende innlegg","link":""},"img":{"alt_text":"","src":"https:\/\/i0.wp.com\/terjebjornstad.com\/no\/wp-content\/uploads\/2017\/04\/audi-r8-0417-1.png?resize=350%2C200&ssl=1","width":350,"height":200,"srcset":"https:\/\/i0.wp.com\/terjebjornstad.com\/no\/wp-content\/uploads\/2017\/04\/audi-r8-0417-1.png?resize=350%2C200&ssl=1 1x, https:\/\/i0.wp.com\/terjebjornstad.com\/no\/wp-content\/uploads\/2017\/04\/audi-r8-0417-1.png?resize=525%2C300&ssl=1 1.5x"},"classes":[]}],"_links":{"self":[{"href":"https:\/\/terjebjornstad.com\/no\/wp-json\/wp\/v2\/pages\/11827","targetHints":{"allow":["GET"]}}],"collection":[{"href":"https:\/\/terjebjornstad.com\/no\/wp-json\/wp\/v2\/pages"}],"about":[{"href":"https:\/\/terjebjornstad.com\/no\/wp-json\/wp\/v2\/types\/page"}],"author":[{"embeddable":true,"href":"https:\/\/terjebjornstad.com\/no\/wp-json\/wp\/v2\/users\/1"}],"replies":[{"embeddable":true,"href":"https:\/\/terjebjornstad.com\/no\/wp-json\/wp\/v2\/comments?post=11827"}],"version-history":[{"count":11,"href":"https:\/\/terjebjornstad.com\/no\/wp-json\/wp\/v2\/pages\/11827\/revisions"}],"predecessor-version":[{"id":81864,"href":"https:\/\/terjebjornstad.com\/no\/wp-json\/wp\/v2\/pages\/11827\/revisions\/81864"}],"wp:featuredmedia":[{"embeddable":true,"href":"https:\/\/terjebjornstad.com\/no\/wp-json\/wp\/v2\/media\/6658"}],"wp:attachment":[{"href":"https:\/\/terjebjornstad.com\/no\/wp-json\/wp\/v2\/media?parent=11827"}],"curies":[{"name":"wp","href":"https:\/\/api.w.org\/{rel}","templated":true}]}}