{"id":10211,"date":"2017-04-17T21:34:53","date_gmt":"2017-04-17T21:34:53","guid":{"rendered":"http:\/\/terjebjornstad.com\/no\/?page_id=10211"},"modified":"2026-02-08T02:12:30","modified_gmt":"2026-02-08T01:12:30","slug":"alvis","status":"publish","type":"page","link":"https:\/\/terjebjornstad.com\/no\/alvis\/","title":{"rendered":""},"content":{"rendered":"<figure id=\"attachment_57900\" aria-describedby=\"caption-attachment-57900\" style=\"width: 300px\" class=\"wp-caption alignleft\"><img data-recalc-dims=\"1\" loading=\"lazy\" decoding=\"async\" data-attachment-id=\"57900\" data-permalink=\"https:\/\/terjebjornstad.com\/no\/alvis\/alvis-logo-300x200\/\" data-orig-file=\"https:\/\/i0.wp.com\/terjebjornstad.com\/no\/wp-content\/uploads\/2023\/03\/alvis-logo-300x200-1.jpg?fit=300%2C200&amp;ssl=1\" data-orig-size=\"300,200\" data-comments-opened=\"1\" data-image-meta=\"{&quot;aperture&quot;:&quot;0&quot;,&quot;credit&quot;:&quot;&quot;,&quot;camera&quot;:&quot;&quot;,&quot;caption&quot;:&quot;&quot;,&quot;created_timestamp&quot;:&quot;0&quot;,&quot;copyright&quot;:&quot;&quot;,&quot;focal_length&quot;:&quot;0&quot;,&quot;iso&quot;:&quot;0&quot;,&quot;shutter_speed&quot;:&quot;0&quot;,&quot;title&quot;:&quot;&quot;,&quot;orientation&quot;:&quot;0&quot;}\" data-image-title=\"alvis-logo-300&amp;#215;200\" data-image-description=\"\" data-image-caption=\"&lt;p&gt;&amp;nbsp;&lt;\/p&gt;\n\" data-large-file=\"https:\/\/i0.wp.com\/terjebjornstad.com\/no\/wp-content\/uploads\/2023\/03\/alvis-logo-300x200-1.jpg?fit=300%2C200&amp;ssl=1\" src=\"https:\/\/i0.wp.com\/terjebjornstad.com\/no\/wp-content\/uploads\/2023\/03\/alvis-logo-300x200-1.jpg?resize=300%2C200&#038;ssl=1\" alt=\"\" width=\"300\" height=\"200\" class=\"size-full wp-image-57900\" \/><figcaption id=\"caption-attachment-57900\" class=\"wp-caption-text\">&nbsp;<\/figcaption><\/figure>\n<div class=\"copy_teb1\">Alvis var et tidligere engelsk bilmerke. Alvis Car and Engineering Company ble stiftet i 1919 av Thomas George John med produksjon av blant annet bensinmotorer. Etter hvert ble det bilproduksjon i relativt sm\u00e5 serier. Alvis bygde bilene p\u00e5 rammer og satte de bort til uavhengige karosserimakere for ferdigstillelse. Konseptet fortsatte etter krigen. I 1965 ble selskapet lagt under Rover. Bilproduksjonen forsvant da Rover et par \u00e5r senere gikk inn i British Leyland.<\/div>\n<h6><\/h6>\n<figure id=\"attachment_23914\" aria-describedby=\"caption-attachment-23914\" style=\"width: 300px\" class=\"wp-caption alignleft\"><a href=\"https:\/\/terjebjornstad.com\/no\/alvis-te21\/\"><img data-recalc-dims=\"1\" loading=\"lazy\" decoding=\"async\" data-attachment-id=\"23914\" data-permalink=\"https:\/\/terjebjornstad.com\/no\/alvis-te21\/1964-alvis-te21-graber-cabriolet-1080x720\/\" data-orig-file=\"https:\/\/i0.wp.com\/terjebjornstad.com\/no\/wp-content\/uploads\/2019\/06\/1964-alvis-te21-graber-cabriolet-1080x720.png?fit=1080%2C720&amp;ssl=1\" data-orig-size=\"1080,720\" data-comments-opened=\"1\" data-image-meta=\"{&quot;aperture&quot;:&quot;0&quot;,&quot;credit&quot;:&quot;&quot;,&quot;camera&quot;:&quot;&quot;,&quot;caption&quot;:&quot;&quot;,&quot;created_timestamp&quot;:&quot;0&quot;,&quot;copyright&quot;:&quot;&quot;,&quot;focal_length&quot;:&quot;0&quot;,&quot;iso&quot;:&quot;0&quot;,&quot;shutter_speed&quot;:&quot;0&quot;,&quot;title&quot;:&quot;&quot;,&quot;orientation&quot;:&quot;0&quot;}\" data-image-title=\"1964-alvis-te21-graber-cabriolet-1080&amp;#215;720\" data-image-description=\"\" data-image-caption=\"&lt;p&gt;Alvis TE21&lt;\/p&gt;\n\" data-large-file=\"https:\/\/i0.wp.com\/terjebjornstad.com\/no\/wp-content\/uploads\/2019\/06\/1964-alvis-te21-graber-cabriolet-1080x720.png?fit=980%2C653&amp;ssl=1\" src=\"https:\/\/i0.wp.com\/terjebjornstad.com\/no\/wp-content\/uploads\/2019\/06\/1964-alvis-te21-graber-cabriolet-1080x720.png?resize=300%2C200&#038;ssl=1\" alt=\"\" width=\"300\" height=\"200\" class=\"size-medium wp-image-23914\" srcset=\"https:\/\/i0.wp.com\/terjebjornstad.com\/no\/wp-content\/uploads\/2019\/06\/1964-alvis-te21-graber-cabriolet-1080x720.png?resize=300%2C200&amp;ssl=1 300w, https:\/\/i0.wp.com\/terjebjornstad.com\/no\/wp-content\/uploads\/2019\/06\/1964-alvis-te21-graber-cabriolet-1080x720.png?resize=768%2C512&amp;ssl=1 768w, https:\/\/i0.wp.com\/terjebjornstad.com\/no\/wp-content\/uploads\/2019\/06\/1964-alvis-te21-graber-cabriolet-1080x720.png?resize=1080%2C720&amp;ssl=1 1080w, https:\/\/i0.wp.com\/terjebjornstad.com\/no\/wp-content\/uploads\/2019\/06\/1964-alvis-te21-graber-cabriolet-1080x720.png?resize=690%2C460&amp;ssl=1 690w, https:\/\/i0.wp.com\/terjebjornstad.com\/no\/wp-content\/uploads\/2019\/06\/1964-alvis-te21-graber-cabriolet-1080x720.png?resize=980%2C653&amp;ssl=1 980w\" sizes=\"auto, (max-width: 300px) 100vw, 300px\" \/><\/a><figcaption id=\"caption-attachment-23914\" class=\"wp-caption-text\"><\/p>\n<h3 class=\"tebh2s\">Alvis TE21<\/h3>\n<div class=\"tebtext\">Sjelden bil med karosseri bygget av Graber (Sveits), mens mens de fleste bilene ble produsert av Mulliner Park Ward.<\/div>\n<p><\/figcaption><\/figure>\n<figure id=\"attachment_10137\" aria-describedby=\"caption-attachment-10137\" style=\"width: 300px\" class=\"wp-caption alignleft\"><a href=\"https:\/\/terjebjornstad.com\/no\/alvis-td21\/\"><img data-recalc-dims=\"1\" loading=\"lazy\" decoding=\"async\" data-attachment-id=\"10137\" data-permalink=\"https:\/\/terjebjornstad.com\/no\/2017\/04\/17\/frognerbiler\/alvis-1-2\/\" data-orig-file=\"https:\/\/i0.wp.com\/terjebjornstad.com\/no\/wp-content\/uploads\/2017\/04\/alvis-1.png?fit=686%2C457&amp;ssl=1\" data-orig-size=\"686,457\" data-comments-opened=\"1\" data-image-meta=\"{&quot;aperture&quot;:&quot;0&quot;,&quot;credit&quot;:&quot;&quot;,&quot;camera&quot;:&quot;&quot;,&quot;caption&quot;:&quot;&quot;,&quot;created_timestamp&quot;:&quot;0&quot;,&quot;copyright&quot;:&quot;&quot;,&quot;focal_length&quot;:&quot;0&quot;,&quot;iso&quot;:&quot;0&quot;,&quot;shutter_speed&quot;:&quot;0&quot;,&quot;title&quot;:&quot;&quot;,&quot;orientation&quot;:&quot;0&quot;}\" data-image-title=\"alvis-1\" data-image-description=\"\" data-image-caption=\"&lt;p&gt;Alvis TD21&lt;\/p&gt;\n\" data-large-file=\"https:\/\/i0.wp.com\/terjebjornstad.com\/no\/wp-content\/uploads\/2017\/04\/alvis-1.png?fit=686%2C457&amp;ssl=1\" src=\"https:\/\/i0.wp.com\/terjebjornstad.com\/no\/wp-content\/uploads\/2017\/04\/alvis-1.png?resize=300%2C200&#038;ssl=1\" alt=\"\" width=\"300\" height=\"200\" class=\"size-medium wp-image-10137\" srcset=\"https:\/\/i0.wp.com\/terjebjornstad.com\/no\/wp-content\/uploads\/2017\/04\/alvis-1.png?resize=300%2C200&amp;ssl=1 300w, https:\/\/i0.wp.com\/terjebjornstad.com\/no\/wp-content\/uploads\/2017\/04\/alvis-1.png?w=686&amp;ssl=1 686w\" sizes=\"auto, (max-width: 300px) 100vw, 300px\" \/><\/a><figcaption id=\"caption-attachment-10137\" class=\"wp-caption-text\"><\/p>\n<h3 class=\"tebh2s\">Alvis TD21<\/h3>\n<div class=\"tebtext\">Alvis var en gentleman\u2019s car som gjerne nevnes i samme \u00e5ndedrag som Jaguar og Bentley.<\/div>\n<p><\/figcaption><\/figure>\n<p><a href=\"https:\/\/terjebjornstad.com\/no\/bildekatalogen\/\"><img data-recalc-dims=\"1\" loading=\"lazy\" decoding=\"async\" data-attachment-id=\"30740\" data-permalink=\"https:\/\/terjebjornstad.com\/no\/bildekatalogen\/bilkatalogen-1\/\" data-orig-file=\"https:\/\/i0.wp.com\/terjebjornstad.com\/no\/wp-content\/uploads\/2020\/02\/bilkatalogen-1.png?fit=183%2C53&amp;ssl=1\" data-orig-size=\"183,53\" data-comments-opened=\"1\" data-image-meta=\"{&quot;aperture&quot;:&quot;0&quot;,&quot;credit&quot;:&quot;&quot;,&quot;camera&quot;:&quot;&quot;,&quot;caption&quot;:&quot;&quot;,&quot;created_timestamp&quot;:&quot;0&quot;,&quot;copyright&quot;:&quot;&quot;,&quot;focal_length&quot;:&quot;0&quot;,&quot;iso&quot;:&quot;0&quot;,&quot;shutter_speed&quot;:&quot;0&quot;,&quot;title&quot;:&quot;&quot;,&quot;orientation&quot;:&quot;0&quot;}\" data-image-title=\"bilkatalogen-1\" data-image-description=\"\" data-image-caption=\"\" data-large-file=\"https:\/\/i0.wp.com\/terjebjornstad.com\/no\/wp-content\/uploads\/2020\/02\/bilkatalogen-1.png?fit=183%2C53&amp;ssl=1\" src=\"https:\/\/i0.wp.com\/terjebjornstad.com\/no\/wp-content\/uploads\/2024\/09\/bilkatalogen-1-wiii-1.png?resize=183%2C53&#038;ssl=1\" alt=\"longchamp\" width=\"183\" height=\"53\" class=\"alignright size-full wp-image-30740\" \/><\/a><\/p>\n<h6><\/h6>\n","protected":false},"excerpt":{"rendered":"<p>Alvis var et tidligere engelsk bilmerke. Alvis Car and Engineering Company ble stiftet i 1919 av Thomas George John med produksjon av blant annet bensinmotorer. Etter hvert ble det bilproduksjon i relativt sm\u00e5 serier. Alvis bygde bilene p\u00e5 rammer og satte de bort til uavhengige karosserimakere for ferdigstillelse. Konseptet fortsatte etter krigen. I 1965 ble [&hellip;]<\/p>\n","protected":false},"author":1,"featured_media":57900,"parent":0,"menu_order":0,"comment_status":"closed","ping_status":"closed","template":"templates\/full-width-page.php","meta":{"_monsterinsights_skip_tracking":false,"_monsterinsights_sitenote_active":false,"_monsterinsights_sitenote_note":"","_monsterinsights_sitenote_category":0,"jetpack_post_was_ever_published":false,"footnotes":""},"class_list":["post-10211","page","type-page","status-publish","has-post-thumbnail","hentry"],"yoast_head":"<!-- This site is optimized with the Yoast SEO plugin v27.5 - https:\/\/yoast.com\/product\/yoast-seo-wordpress\/ -->\n<title>- Terjes biler<\/title>\n<meta name=\"robots\" content=\"index, follow, max-snippet:-1, max-image-preview:large, max-video-preview:-1\" \/>\n<link rel=\"canonical\" href=\"https:\/\/terjebjornstad.com\/no\/alvis\/\" \/>\n<meta property=\"og:locale\" content=\"nb_NO\" \/>\n<meta property=\"og:type\" content=\"article\" \/>\n<meta property=\"og:title\" content=\"- Terjes biler\" \/>\n<meta property=\"og:description\" content=\"Alvis var et tidligere engelsk bilmerke. Alvis Car and Engineering Company ble stiftet i 1919 av Thomas George John med produksjon av blant annet bensinmotorer. Etter hvert ble det bilproduksjon i relativt sm\u00e5 serier. Alvis bygde bilene p\u00e5 rammer og satte de bort til uavhengige karosserimakere for ferdigstillelse. Konseptet fortsatte etter krigen. I 1965 ble [&hellip;]\" \/>\n<meta property=\"og:url\" content=\"https:\/\/terjebjornstad.com\/no\/alvis\/\" \/>\n<meta property=\"og:site_name\" content=\"Terjes biler\" \/>\n<meta property=\"article:publisher\" content=\"https:\/\/www.facebook.com\/terjesbiler\/\" \/>\n<meta property=\"article:modified_time\" content=\"2026-02-08T01:12:30+00:00\" \/>\n<meta property=\"og:image\" content=\"https:\/\/terjebjornstad.com\/no\/wp-content\/uploads\/2023\/03\/alvis-logo-300x200-1.jpg\" \/>\n\t<meta property=\"og:image:width\" content=\"300\" \/>\n\t<meta property=\"og:image:height\" content=\"200\" \/>\n\t<meta property=\"og:image:type\" content=\"image\/jpeg\" \/>\n<meta name=\"twitter:card\" content=\"summary_large_image\" \/>\n<meta name=\"twitter:label1\" content=\"Ansl. lesetid\" \/>\n\t<meta name=\"twitter:data1\" content=\"2 minutter\" \/>\n<script type=\"application\/ld+json\" class=\"yoast-schema-graph\">{\"@context\":\"https:\\\/\\\/schema.org\",\"@graph\":[{\"@type\":\"WebPage\",\"@id\":\"https:\\\/\\\/terjebjornstad.com\\\/no\\\/alvis\\\/\",\"url\":\"https:\\\/\\\/terjebjornstad.com\\\/no\\\/alvis\\\/\",\"name\":\"- Terjes biler\",\"isPartOf\":{\"@id\":\"https:\\\/\\\/terjebjornstad.com\\\/no\\\/#website\"},\"primaryImageOfPage\":{\"@id\":\"https:\\\/\\\/terjebjornstad.com\\\/no\\\/alvis\\\/#primaryimage\"},\"image\":{\"@id\":\"https:\\\/\\\/terjebjornstad.com\\\/no\\\/alvis\\\/#primaryimage\"},\"thumbnailUrl\":\"https:\\\/\\\/i0.wp.com\\\/terjebjornstad.com\\\/no\\\/wp-content\\\/uploads\\\/2023\\\/03\\\/alvis-logo-300x200-1.jpg?fit=300%2C200&ssl=1\",\"datePublished\":\"2017-04-17T21:34:53+00:00\",\"dateModified\":\"2026-02-08T01:12:30+00:00\",\"inLanguage\":\"nb-NO\",\"potentialAction\":[{\"@type\":\"ReadAction\",\"target\":[\"https:\\\/\\\/terjebjornstad.com\\\/no\\\/alvis\\\/\"]}]},{\"@type\":\"ImageObject\",\"inLanguage\":\"nb-NO\",\"@id\":\"https:\\\/\\\/terjebjornstad.com\\\/no\\\/alvis\\\/#primaryimage\",\"url\":\"https:\\\/\\\/i0.wp.com\\\/terjebjornstad.com\\\/no\\\/wp-content\\\/uploads\\\/2023\\\/03\\\/alvis-logo-300x200-1.jpg?fit=300%2C200&ssl=1\",\"contentUrl\":\"https:\\\/\\\/i0.wp.com\\\/terjebjornstad.com\\\/no\\\/wp-content\\\/uploads\\\/2023\\\/03\\\/alvis-logo-300x200-1.jpg?fit=300%2C200&ssl=1\",\"width\":300,\"height\":200,\"caption\":\"&nbsp;\"},{\"@type\":\"WebSite\",\"@id\":\"https:\\\/\\\/terjebjornstad.com\\\/no\\\/#website\",\"url\":\"https:\\\/\\\/terjebjornstad.com\\\/no\\\/\",\"name\":\"Terjes biler\",\"description\":\"HONEST ABOUT CARS\",\"publisher\":{\"@id\":\"https:\\\/\\\/terjebjornstad.com\\\/no\\\/#organization\"},\"alternateName\":\"Terjebjornstad.com\",\"potentialAction\":[{\"@type\":\"SearchAction\",\"target\":{\"@type\":\"EntryPoint\",\"urlTemplate\":\"https:\\\/\\\/terjebjornstad.com\\\/no\\\/?s={search_term_string}\"},\"query-input\":{\"@type\":\"PropertyValueSpecification\",\"valueRequired\":true,\"valueName\":\"search_term_string\"}}],\"inLanguage\":\"nb-NO\"},{\"@type\":\"Organization\",\"@id\":\"https:\\\/\\\/terjebjornstad.com\\\/no\\\/#organization\",\"name\":\"Terje Bj\u00f8rnstad ENK\",\"url\":\"https:\\\/\\\/terjebjornstad.com\\\/no\\\/\",\"logo\":{\"@type\":\"ImageObject\",\"inLanguage\":\"nb-NO\",\"@id\":\"https:\\\/\\\/terjebjornstad.com\\\/no\\\/#\\\/schema\\\/logo\\\/image\\\/\",\"url\":\"https:\\\/\\\/i0.wp.com\\\/terjebjornstad.com\\\/no\\\/wp-content\\\/uploads\\\/2026\\\/02\\\/terjesbiler2024-960x354-1.png?fit=960%2C354&ssl=1\",\"contentUrl\":\"https:\\\/\\\/i0.wp.com\\\/terjebjornstad.com\\\/no\\\/wp-content\\\/uploads\\\/2026\\\/02\\\/terjesbiler2024-960x354-1.png?fit=960%2C354&ssl=1\",\"width\":960,\"height\":354,\"caption\":\"Terje Bj\u00f8rnstad ENK\"},\"image\":{\"@id\":\"https:\\\/\\\/terjebjornstad.com\\\/no\\\/#\\\/schema\\\/logo\\\/image\\\/\"},\"sameAs\":[\"https:\\\/\\\/www.facebook.com\\\/terjesbiler\\\/\",\"https:\\\/\\\/www.instagram.com\\\/terjesbiler\\\/\",\"https:\\\/\\\/www.pinteres.com\\\/terjebjrnstad\\\/terjes-biler\\\/\"]}]}<\/script>\n<!-- \/ Yoast SEO plugin. -->","yoast_head_json":{"title":"- Terjes biler","robots":{"index":"index","follow":"follow","max-snippet":"max-snippet:-1","max-image-preview":"max-image-preview:large","max-video-preview":"max-video-preview:-1"},"canonical":"https:\/\/terjebjornstad.com\/no\/alvis\/","og_locale":"nb_NO","og_type":"article","og_title":"- Terjes biler","og_description":"Alvis var et tidligere engelsk bilmerke. Alvis Car and Engineering Company ble stiftet i 1919 av Thomas George John med produksjon av blant annet bensinmotorer. Etter hvert ble det bilproduksjon i relativt sm\u00e5 serier. Alvis bygde bilene p\u00e5 rammer og satte de bort til uavhengige karosserimakere for ferdigstillelse. Konseptet fortsatte etter krigen. I 1965 ble [&hellip;]","og_url":"https:\/\/terjebjornstad.com\/no\/alvis\/","og_site_name":"Terjes biler","article_publisher":"https:\/\/www.facebook.com\/terjesbiler\/","article_modified_time":"2026-02-08T01:12:30+00:00","og_image":[{"width":300,"height":200,"url":"https:\/\/terjebjornstad.com\/no\/wp-content\/uploads\/2023\/03\/alvis-logo-300x200-1.jpg","type":"image\/jpeg"}],"twitter_card":"summary_large_image","twitter_misc":{"Ansl. lesetid":"2 minutter"},"schema":{"@context":"https:\/\/schema.org","@graph":[{"@type":"WebPage","@id":"https:\/\/terjebjornstad.com\/no\/alvis\/","url":"https:\/\/terjebjornstad.com\/no\/alvis\/","name":"- Terjes biler","isPartOf":{"@id":"https:\/\/terjebjornstad.com\/no\/#website"},"primaryImageOfPage":{"@id":"https:\/\/terjebjornstad.com\/no\/alvis\/#primaryimage"},"image":{"@id":"https:\/\/terjebjornstad.com\/no\/alvis\/#primaryimage"},"thumbnailUrl":"https:\/\/i0.wp.com\/terjebjornstad.com\/no\/wp-content\/uploads\/2023\/03\/alvis-logo-300x200-1.jpg?fit=300%2C200&ssl=1","datePublished":"2017-04-17T21:34:53+00:00","dateModified":"2026-02-08T01:12:30+00:00","inLanguage":"nb-NO","potentialAction":[{"@type":"ReadAction","target":["https:\/\/terjebjornstad.com\/no\/alvis\/"]}]},{"@type":"ImageObject","inLanguage":"nb-NO","@id":"https:\/\/terjebjornstad.com\/no\/alvis\/#primaryimage","url":"https:\/\/i0.wp.com\/terjebjornstad.com\/no\/wp-content\/uploads\/2023\/03\/alvis-logo-300x200-1.jpg?fit=300%2C200&ssl=1","contentUrl":"https:\/\/i0.wp.com\/terjebjornstad.com\/no\/wp-content\/uploads\/2023\/03\/alvis-logo-300x200-1.jpg?fit=300%2C200&ssl=1","width":300,"height":200,"caption":"&nbsp;"},{"@type":"WebSite","@id":"https:\/\/terjebjornstad.com\/no\/#website","url":"https:\/\/terjebjornstad.com\/no\/","name":"Terjes biler","description":"HONEST ABOUT CARS","publisher":{"@id":"https:\/\/terjebjornstad.com\/no\/#organization"},"alternateName":"Terjebjornstad.com","potentialAction":[{"@type":"SearchAction","target":{"@type":"EntryPoint","urlTemplate":"https:\/\/terjebjornstad.com\/no\/?s={search_term_string}"},"query-input":{"@type":"PropertyValueSpecification","valueRequired":true,"valueName":"search_term_string"}}],"inLanguage":"nb-NO"},{"@type":"Organization","@id":"https:\/\/terjebjornstad.com\/no\/#organization","name":"Terje Bj\u00f8rnstad ENK","url":"https:\/\/terjebjornstad.com\/no\/","logo":{"@type":"ImageObject","inLanguage":"nb-NO","@id":"https:\/\/terjebjornstad.com\/no\/#\/schema\/logo\/image\/","url":"https:\/\/i0.wp.com\/terjebjornstad.com\/no\/wp-content\/uploads\/2026\/02\/terjesbiler2024-960x354-1.png?fit=960%2C354&ssl=1","contentUrl":"https:\/\/i0.wp.com\/terjebjornstad.com\/no\/wp-content\/uploads\/2026\/02\/terjesbiler2024-960x354-1.png?fit=960%2C354&ssl=1","width":960,"height":354,"caption":"Terje Bj\u00f8rnstad ENK"},"image":{"@id":"https:\/\/terjebjornstad.com\/no\/#\/schema\/logo\/image\/"},"sameAs":["https:\/\/www.facebook.com\/terjesbiler\/","https:\/\/www.instagram.com\/terjesbiler\/","https:\/\/www.pinteres.com\/terjebjrnstad\/terjes-biler\/"]}]}},"jetpack_sharing_enabled":true,"jetpack_shortlink":"https:\/\/wp.me\/P48zYA-2EH","jetpack-related-posts":[{"id":24149,"url":"https:\/\/terjebjornstad.com\/no\/alvis-te21\/","url_meta":{"origin":10211,"position":0},"title":"Alvis TE21","author":"Terje Bj\u00f8rnstad","date":"14\/06\/2019","format":false,"excerpt":"B\u00e5de sveitsisk og britisk Alvis TE21 Drophead Coup\u00e9. Etterf\u00f8lger TD21. Dette er en stor britisk bil med 3 liters rekkesekser, 130 HK som ga toppfart p\u00e5 172 kmt\/t. Karrosseriet ble formgitt av karosserimakeriet Graber i Sveits, men produksjonen ble utf\u00f8rt av det velkjente karosserimakeriet Mulliner Park Ward i England, -\u2026","rel":"","context":"Liknende innlegg","block_context":{"text":"Liknende innlegg","link":""},"img":{"alt_text":"","src":"https:\/\/i0.wp.com\/terjebjornstad.com\/no\/wp-content\/uploads\/2019\/06\/1964-alvis-te21-graber-cabriolet-1080x720.png?fit=1080%2C720&ssl=1&resize=350%2C200","width":350,"height":200,"srcset":"https:\/\/i0.wp.com\/terjebjornstad.com\/no\/wp-content\/uploads\/2019\/06\/1964-alvis-te21-graber-cabriolet-1080x720.png?fit=1080%2C720&ssl=1&resize=350%2C200 1x, https:\/\/i0.wp.com\/terjebjornstad.com\/no\/wp-content\/uploads\/2019\/06\/1964-alvis-te21-graber-cabriolet-1080x720.png?fit=1080%2C720&ssl=1&resize=525%2C300 1.5x, https:\/\/i0.wp.com\/terjebjornstad.com\/no\/wp-content\/uploads\/2019\/06\/1964-alvis-te21-graber-cabriolet-1080x720.png?fit=1080%2C720&ssl=1&resize=700%2C400 2x, https:\/\/i0.wp.com\/terjebjornstad.com\/no\/wp-content\/uploads\/2019\/06\/1964-alvis-te21-graber-cabriolet-1080x720.png?fit=1080%2C720&ssl=1&resize=1050%2C600 3x"},"classes":[]},{"id":10209,"url":"https:\/\/terjebjornstad.com\/no\/alvis-td21\/","url_meta":{"origin":10211,"position":1},"title":"Alvis TD21","author":"Terje Bj\u00f8rnstad","date":"17\/04\/2017","format":false,"excerpt":"A Gentleman's Car Alvis TD21 Drophead Coup\u00e9. Stor britisk bil med en 3 liters rekkesekser. Det er biler man trygt kan karakterisere som en gentleman\u2019s car og nevnes i samme \u00e5ndedrag som Jaguar og Bentley. Bilene ble h\u00e5ndbygget av Alvis som kj\u00f8rbar bil p\u00e5 ramme. Deretter ble karosseriet montert av\u2026","rel":"","context":"Liknende innlegg","block_context":{"text":"Liknende innlegg","link":""},"img":{"alt_text":"","src":"https:\/\/i0.wp.com\/terjebjornstad.com\/no\/wp-content\/uploads\/2017\/04\/alvis-1.png?fit=686%2C457&ssl=1&resize=350%2C200","width":350,"height":200,"srcset":"https:\/\/i0.wp.com\/terjebjornstad.com\/no\/wp-content\/uploads\/2017\/04\/alvis-1.png?fit=686%2C457&ssl=1&resize=350%2C200 1x, https:\/\/i0.wp.com\/terjebjornstad.com\/no\/wp-content\/uploads\/2017\/04\/alvis-1.png?fit=686%2C457&ssl=1&resize=525%2C300 1.5x"},"classes":[]},{"id":71969,"url":"https:\/\/terjebjornstad.com\/no\/nye-bilmodeller-1963\/","url_meta":{"origin":10211,"position":2},"title":"Nye modeller 1963","author":"Terje Bj\u00f8rnstad","date":"18\/05\/2024","format":false,"excerpt":"Et knippe av bilmodeller som ble lansert i 1963. Nyhetene i 1963 Opel Rekord A Vauxhall Viva Hillman Imp Triumph 2000 Rover P6 Jaguar S-Type Mercedes-Benz Pagode Mercedes-Benz 600 Buick Riviera Alfa Romeo 105\/115 Alpine A110 Bristol 408 \u00a0 Engelske modeller Flere nye engelske modeller ble lansert i 1963. Den\u2026","rel":"","context":"Liknende innlegg","block_context":{"text":"Liknende innlegg","link":""},"img":{"alt_text":"1961","src":"https:\/\/i0.wp.com\/terjebjornstad.com\/no\/wp-content\/uploads\/2023\/04\/bilkatalogen-1-wiii.jpg?resize=350%2C200&ssl=1","width":350,"height":200},"classes":[]},{"id":25980,"url":"https:\/\/terjebjornstad.com\/no\/tvr-chimaera\/","url_meta":{"origin":10211,"position":3},"title":"TVR Chimaera","author":"Terje Bj\u00f8rnstad","date":"08\/09\/2019","format":false,"excerpt":"Chimaera (uttales: kaj'mera) er en 2-seter med V8-motor fra Range Rover med glassfiber-karosseri p\u00e5 st\u00e5lr\u00f8rsramme. H\u00e5ndlaget - made in England. Om modellen Modellen ble produsert mellom 1992 og 2003. Den har glassfiber-karosseri p\u00e5 st\u00e5lr\u00f8rsramme, V8-motor fra Rover av samme typer som ble benyttet i Range Rover. Chimaera har gode ytelser,\u2026","rel":"","context":"Liknende innlegg","block_context":{"text":"Liknende innlegg","link":""},"img":{"alt_text":"","src":"https:\/\/i0.wp.com\/terjebjornstad.com\/no\/wp-content\/uploads\/2019\/09\/tvr-chimaera-2-1080x720.png?fit=1080%2C720&ssl=1&resize=350%2C200","width":350,"height":200,"srcset":"https:\/\/i0.wp.com\/terjebjornstad.com\/no\/wp-content\/uploads\/2019\/09\/tvr-chimaera-2-1080x720.png?fit=1080%2C720&ssl=1&resize=350%2C200 1x, https:\/\/i0.wp.com\/terjebjornstad.com\/no\/wp-content\/uploads\/2019\/09\/tvr-chimaera-2-1080x720.png?fit=1080%2C720&ssl=1&resize=525%2C300 1.5x, https:\/\/i0.wp.com\/terjebjornstad.com\/no\/wp-content\/uploads\/2019\/09\/tvr-chimaera-2-1080x720.png?fit=1080%2C720&ssl=1&resize=700%2C400 2x, https:\/\/i0.wp.com\/terjebjornstad.com\/no\/wp-content\/uploads\/2019\/09\/tvr-chimaera-2-1080x720.png?fit=1080%2C720&ssl=1&resize=1050%2C600 3x"},"classes":[]},{"id":90863,"url":"https:\/\/terjebjornstad.com\/no\/","url_meta":{"origin":10211,"position":4},"title":"Biler vi har kj\u00f8rt nylig\u2026","author":"Terje Bj\u00f8rnstad","date":"05\/03\/2026","format":false,"excerpt":"Biler vi har kj\u00f8rt nylig Alfa Romeo Stelvio Audi e-tron 55 BMW I3 120Ah Citroen C3 Aircross Citroen C4 PureTech Citroen \u00eb-Jumpy 75 Kwh Cupra Born 58 kwh Ford Kuga ladbar hybrid Ford Mustang Mach-E Ford Transit Connect L1 Hyundai Kona Electric MG MG4 Mini Cooper SE Mitsubishi Eclipse Cross\u2026","rel":"","context":"Liknende innlegg","block_context":{"text":"Liknende innlegg","link":""},"img":{"alt_text":"","src":"https:\/\/i0.wp.com\/terjebjornstad.com\/no\/wp-content\/uploads\/2026\/02\/terjesbiler2024-960x354-1.png?fit=960%2C354&ssl=1&resize=350%2C200","width":350,"height":200,"srcset":"https:\/\/i0.wp.com\/terjebjornstad.com\/no\/wp-content\/uploads\/2026\/02\/terjesbiler2024-960x354-1.png?fit=960%2C354&ssl=1&resize=350%2C200 1x, https:\/\/i0.wp.com\/terjebjornstad.com\/no\/wp-content\/uploads\/2026\/02\/terjesbiler2024-960x354-1.png?fit=960%2C354&ssl=1&resize=525%2C300 1.5x, https:\/\/i0.wp.com\/terjebjornstad.com\/no\/wp-content\/uploads\/2026\/02\/terjesbiler2024-960x354-1.png?fit=960%2C354&ssl=1&resize=700%2C400 2x"},"classes":[]},{"id":683,"url":"https:\/\/terjebjornstad.com\/no\/terjes-biler\/","url_meta":{"origin":10211,"position":5},"title":"Biler vi har kj\u00f8rt nylig\u2026","author":"Terje Bj\u00f8rnstad","date":"02\/02\/2014","format":false,"excerpt":"Biler vi har kj\u00f8rt nylig Alfa Romeo Stelvio Audi e-tron 55 BMW I3 120Ah Citroen C3 Aircross Citroen C4 PureTech Citroen \u00eb-Jumpy 75 Kwh Cupra Born 58 kwh Ford Kuga ladbar hybrid Ford Mustang Mach-E Ford Transit Connect L1 Hyundai Kona Electric MG MG4 Mini Cooper SE Mitsubishi Eclipse Cross\u2026","rel":"","context":"Liknende innlegg","block_context":{"text":"Liknende innlegg","link":""},"img":{"alt_text":"","src":"https:\/\/i0.wp.com\/terjebjornstad.com\/no\/wp-content\/uploads\/2024\/10\/terjesbiler2024-960x354-1.png?fit=960%2C354&ssl=1&resize=350%2C200","width":350,"height":200,"srcset":"https:\/\/i0.wp.com\/terjebjornstad.com\/no\/wp-content\/uploads\/2024\/10\/terjesbiler2024-960x354-1.png?fit=960%2C354&ssl=1&resize=350%2C200 1x, https:\/\/i0.wp.com\/terjebjornstad.com\/no\/wp-content\/uploads\/2024\/10\/terjesbiler2024-960x354-1.png?fit=960%2C354&ssl=1&resize=525%2C300 1.5x, https:\/\/i0.wp.com\/terjebjornstad.com\/no\/wp-content\/uploads\/2024\/10\/terjesbiler2024-960x354-1.png?fit=960%2C354&ssl=1&resize=700%2C400 2x"},"classes":[]}],"_links":{"self":[{"href":"https:\/\/terjebjornstad.com\/no\/wp-json\/wp\/v2\/pages\/10211","targetHints":{"allow":["GET"]}}],"collection":[{"href":"https:\/\/terjebjornstad.com\/no\/wp-json\/wp\/v2\/pages"}],"about":[{"href":"https:\/\/terjebjornstad.com\/no\/wp-json\/wp\/v2\/types\/page"}],"author":[{"embeddable":true,"href":"https:\/\/terjebjornstad.com\/no\/wp-json\/wp\/v2\/users\/1"}],"replies":[{"embeddable":true,"href":"https:\/\/terjebjornstad.com\/no\/wp-json\/wp\/v2\/comments?post=10211"}],"version-history":[{"count":8,"href":"https:\/\/terjebjornstad.com\/no\/wp-json\/wp\/v2\/pages\/10211\/revisions"}],"predecessor-version":[{"id":88375,"href":"https:\/\/terjebjornstad.com\/no\/wp-json\/wp\/v2\/pages\/10211\/revisions\/88375"}],"wp:featuredmedia":[{"embeddable":true,"href":"https:\/\/terjebjornstad.com\/no\/wp-json\/wp\/v2\/media\/57900"}],"wp:attachment":[{"href":"https:\/\/terjebjornstad.com\/no\/wp-json\/wp\/v2\/media?parent=10211"}],"curies":[{"name":"wp","href":"https:\/\/api.w.org\/{rel}","templated":true}]}}