{"id":10200,"date":"2017-04-17T21:22:05","date_gmt":"2017-04-17T21:22:05","guid":{"rendered":"http:\/\/terjebjornstad.com\/no\/?page_id=10200"},"modified":"2026-03-19T00:13:39","modified_gmt":"2026-03-18T23:13:39","slug":"citroen-cx","status":"publish","type":"page","link":"https:\/\/terjebjornstad.com\/no\/citroen-cx\/","title":{"rendered":"Citroen CX"},"content":{"rendered":"<div class=\"copy_teb\"><figure id=\"attachment_70632\" aria-describedby=\"caption-attachment-70632\" style=\"width: 1920px\" class=\"wp-caption aligncenter\"><a href=\"https:\/\/i0.wp.com\/terjebjornstad.com\/no\/wp-content\/uploads\/2024\/03\/citroen-cx-turbo-1920x1280-1.jpg?ssl=1\"><img data-recalc-dims=\"1\" loading=\"lazy\" decoding=\"async\" data-attachment-id=\"70632\" data-permalink=\"https:\/\/terjebjornstad.com\/no\/citroen-cx\/citroen-cx-turbo-1920x1280\/\" data-orig-file=\"https:\/\/i0.wp.com\/terjebjornstad.com\/no\/wp-content\/uploads\/2024\/03\/citroen-cx-turbo-1920x1280-1.jpg?fit=1920%2C1280&amp;ssl=1\" data-orig-size=\"1920,1280\" data-comments-opened=\"1\" data-image-meta=\"{&quot;aperture&quot;:&quot;0&quot;,&quot;credit&quot;:&quot;&quot;,&quot;camera&quot;:&quot;&quot;,&quot;caption&quot;:&quot;&quot;,&quot;created_timestamp&quot;:&quot;0&quot;,&quot;copyright&quot;:&quot;&quot;,&quot;focal_length&quot;:&quot;0&quot;,&quot;iso&quot;:&quot;0&quot;,&quot;shutter_speed&quot;:&quot;0&quot;,&quot;title&quot;:&quot;&quot;,&quot;orientation&quot;:&quot;0&quot;}\" data-image-title=\"citroen-cx-turbo-1920&amp;#215;1280\" data-image-description=\"\" data-image-caption=\"&lt;p&gt;Citroen CX Turbo&lt;\/p&gt;\n\" data-large-file=\"https:\/\/i0.wp.com\/terjebjornstad.com\/no\/wp-content\/uploads\/2024\/03\/citroen-cx-turbo-1920x1280-1.jpg?fit=980%2C653&amp;ssl=1\" src=\"https:\/\/i0.wp.com\/terjebjornstad.com\/no\/wp-content\/uploads\/2024\/03\/citroen-cx-turbo-1920x1280-1.jpg?resize=980%2C653&#038;ssl=1\" alt=\"\" width=\"980\" height=\"653\" class=\"size-full wp-image-70632\" srcset=\"https:\/\/i0.wp.com\/terjebjornstad.com\/no\/wp-content\/uploads\/2024\/03\/citroen-cx-turbo-1920x1280-1.jpg?w=1920&amp;ssl=1 1920w, https:\/\/i0.wp.com\/terjebjornstad.com\/no\/wp-content\/uploads\/2024\/03\/citroen-cx-turbo-1920x1280-1.jpg?resize=300%2C200&amp;ssl=1 300w, https:\/\/i0.wp.com\/terjebjornstad.com\/no\/wp-content\/uploads\/2024\/03\/citroen-cx-turbo-1920x1280-1.jpg?resize=1080%2C720&amp;ssl=1 1080w, https:\/\/i0.wp.com\/terjebjornstad.com\/no\/wp-content\/uploads\/2024\/03\/citroen-cx-turbo-1920x1280-1.jpg?resize=768%2C512&amp;ssl=1 768w, https:\/\/i0.wp.com\/terjebjornstad.com\/no\/wp-content\/uploads\/2024\/03\/citroen-cx-turbo-1920x1280-1.jpg?resize=1536%2C1024&amp;ssl=1 1536w, https:\/\/i0.wp.com\/terjebjornstad.com\/no\/wp-content\/uploads\/2024\/03\/citroen-cx-turbo-1920x1280-1.jpg?resize=690%2C460&amp;ssl=1 690w, https:\/\/i0.wp.com\/terjebjornstad.com\/no\/wp-content\/uploads\/2024\/03\/citroen-cx-turbo-1920x1280-1.jpg?resize=980%2C653&amp;ssl=1 980w\" sizes=\"auto, (max-width: 980px) 100vw, 980px\" \/><\/a><figcaption id=\"caption-attachment-70632\" class=\"wp-caption-text\">Citroen CX Turbo<\/figcaption><\/figure><\/p>\n<blockquote><p>Produksjonen av CX gikk langt fra knirkefritt i starten. Det gjorde at modellen fikk et d\u00e5rlig rykte. Ufortjent, &#8211; for etter hvert gikk alt mye bedre.<\/p><\/blockquote>\n\n<h3 class=\"tebh2\">Etterfulgte legenden DS<\/h3>\n<p>Det kan ikke ha v\u00e6rt enkelt for Citroen \u00e5 lage en oppf\u00f8lger til legendariske Citro\u00ebn ID\/DS. Det ble ikke bedre av at Citroen ble tatt over av Peugeot\/PSA-gruppen i et fors\u00f8k p\u00e5 \u00e5 redde selskapet fra \u00e5 g\u00e5 konkurs. Dette skjedde like f\u00f8r lanseringen av nye CX. Det ble n\u00f8dvendig \u00e5 gj\u00f8re endringer i siste liten p\u00e5 motorvalget. Da hadde Citro\u00ebn brukt mye penger p\u00e5 \u00e5 utvikle en motorl\u00f8sning basert p\u00e5 Wankelteknologi. Alt dette arbeidet ble skrinlagt etter overtakelsen. Jeg skrev <a href=\"https:\/\/terjebjornstad.com\/no\/2017\/06\/27\/citroen-cx-en-legende\/\" target=\"_blank\" rel=\"noopener noreferrer\"><strong>et innlegg<\/strong><\/a> hvor jeg stiller sp\u00f8rsm\u00e5l til om CX er en legende p\u00e5 linje med sine forgjengere. CX har hatt sine problemer, akkurat som sine stallbr\u00f8dre i PSA, Peugeot 164 og Talbot Tagora. I ettertid fremst\u00e5r imidlertid CX som mer vellykket enn disse.<\/p>\n<p>&nbsp;<br \/>\n<figure id=\"attachment_13227\" aria-describedby=\"caption-attachment-13227\" style=\"width: 686px\" class=\"wp-caption aligncenter\"><a href=\"https:\/\/i0.wp.com\/terjebjornstad.com\/no\/wp-content\/uploads\/2017\/04\/citroen-cx-1510-686.png?ssl=1\"><img data-recalc-dims=\"1\" loading=\"lazy\" decoding=\"async\" data-attachment-id=\"13227\" data-permalink=\"https:\/\/terjebjornstad.com\/no\/citroen-cx\/citroen-cx-1510-686\/\" data-orig-file=\"https:\/\/i0.wp.com\/terjebjornstad.com\/no\/wp-content\/uploads\/2017\/04\/citroen-cx-1510-686.png?fit=686%2C500&amp;ssl=1\" data-orig-size=\"686,500\" data-comments-opened=\"1\" data-image-meta=\"{&quot;aperture&quot;:&quot;0&quot;,&quot;credit&quot;:&quot;&quot;,&quot;camera&quot;:&quot;&quot;,&quot;caption&quot;:&quot;&quot;,&quot;created_timestamp&quot;:&quot;0&quot;,&quot;copyright&quot;:&quot;&quot;,&quot;focal_length&quot;:&quot;0&quot;,&quot;iso&quot;:&quot;0&quot;,&quot;shutter_speed&quot;:&quot;0&quot;,&quot;title&quot;:&quot;&quot;,&quot;orientation&quot;:&quot;0&quot;}\" data-image-title=\"Citroen CX 2400 GTI\" data-image-description=\"\" data-image-caption=\"&lt;p&gt;Citro\u00ebn CX 2400 GTI&lt;\/p&gt;\n\" data-large-file=\"https:\/\/i0.wp.com\/terjebjornstad.com\/no\/wp-content\/uploads\/2017\/04\/citroen-cx-1510-686.png?fit=686%2C500&amp;ssl=1\" src=\"https:\/\/i0.wp.com\/terjebjornstad.com\/no\/wp-content\/uploads\/2017\/04\/citroen-cx-1510-686.png?resize=686%2C500&#038;ssl=1\" alt=\"\" width=\"686\" height=\"500\" class=\"size-full wp-image-13227\" srcset=\"https:\/\/i0.wp.com\/terjebjornstad.com\/no\/wp-content\/uploads\/2017\/04\/citroen-cx-1510-686.png?w=686&amp;ssl=1 686w, https:\/\/i0.wp.com\/terjebjornstad.com\/no\/wp-content\/uploads\/2017\/04\/citroen-cx-1510-686.png?resize=300%2C219&amp;ssl=1 300w\" sizes=\"auto, (max-width: 686px) 100vw, 686px\" \/><\/a><figcaption id=\"caption-attachment-13227\" class=\"wp-caption-text\">Citro\u00ebn CX 2400 GTI<\/figcaption><\/figure><br \/>\n&nbsp;<br \/>\n<figure id=\"attachment_13265\" aria-describedby=\"caption-attachment-13265\" style=\"width: 686px\" class=\"wp-caption aligncenter\"><a href=\"https:\/\/i0.wp.com\/terjebjornstad.com\/no\/wp-content\/uploads\/2017\/04\/citroen-cx-2400-gti-3.png?ssl=1\"><img data-recalc-dims=\"1\" loading=\"lazy\" decoding=\"async\" data-attachment-id=\"13265\" data-permalink=\"https:\/\/terjebjornstad.com\/no\/citroen-cx\/citroen-cx-2400-gti-3\/\" data-orig-file=\"https:\/\/i0.wp.com\/terjebjornstad.com\/no\/wp-content\/uploads\/2017\/04\/citroen-cx-2400-gti-3.png?fit=686%2C686&amp;ssl=1\" data-orig-size=\"686,686\" data-comments-opened=\"1\" data-image-meta=\"{&quot;aperture&quot;:&quot;0&quot;,&quot;credit&quot;:&quot;&quot;,&quot;camera&quot;:&quot;&quot;,&quot;caption&quot;:&quot;&quot;,&quot;created_timestamp&quot;:&quot;0&quot;,&quot;copyright&quot;:&quot;&quot;,&quot;focal_length&quot;:&quot;0&quot;,&quot;iso&quot;:&quot;0&quot;,&quot;shutter_speed&quot;:&quot;0&quot;,&quot;title&quot;:&quot;&quot;,&quot;orientation&quot;:&quot;0&quot;}\" data-image-title=\"Citroen CX 2400 GTI\" data-image-description=\"\" data-image-caption=\"&lt;p&gt;Detalj fra Citro\u00ebn CX 2400 GTi&lt;\/p&gt;\n\" data-large-file=\"https:\/\/i0.wp.com\/terjebjornstad.com\/no\/wp-content\/uploads\/2017\/04\/citroen-cx-2400-gti-3.png?fit=686%2C686&amp;ssl=1\" src=\"https:\/\/i0.wp.com\/terjebjornstad.com\/no\/wp-content\/uploads\/2017\/04\/citroen-cx-2400-gti-3.png?resize=686%2C686&#038;ssl=1\" alt=\"\" width=\"686\" height=\"686\" class=\"size-full wp-image-13265\" srcset=\"https:\/\/i0.wp.com\/terjebjornstad.com\/no\/wp-content\/uploads\/2017\/04\/citroen-cx-2400-gti-3.png?w=686&amp;ssl=1 686w, https:\/\/i0.wp.com\/terjebjornstad.com\/no\/wp-content\/uploads\/2017\/04\/citroen-cx-2400-gti-3.png?resize=150%2C150&amp;ssl=1 150w, https:\/\/i0.wp.com\/terjebjornstad.com\/no\/wp-content\/uploads\/2017\/04\/citroen-cx-2400-gti-3.png?resize=300%2C300&amp;ssl=1 300w, https:\/\/i0.wp.com\/terjebjornstad.com\/no\/wp-content\/uploads\/2017\/04\/citroen-cx-2400-gti-3.png?resize=50%2C50&amp;ssl=1 50w\" sizes=\"auto, (max-width: 686px) 100vw, 686px\" \/><\/a><figcaption id=\"caption-attachment-13265\" class=\"wp-caption-text\">Detalj fra Citro\u00ebn CX 2400 GTi<\/figcaption><\/figure><br \/>\n&nbsp;<\/p>\n<h3 class=\"tebh2ingreslbcenter\">Facelift<\/h3>\n<p>En facelift i 1986 var faktisk den eneste gjennom hele produksjonstiden (1974-1991). Da fikk CX mer aerodynamiske og fargeavstemte st\u00f8tfangere, kanalskj\u00f8rt, skjermskj\u00f8rt, nye speilhus og instrumentpanelet med de spesielle roterende tromlene ble byttet ut med ordin\u00e6re klokker.<br \/>\n&nbsp;<br \/>\n<figure id=\"attachment_11075\" aria-describedby=\"caption-attachment-11075\" style=\"width: 686px\" class=\"wp-caption aligncenter\"><a href=\"https:\/\/i0.wp.com\/terjebjornstad.com\/no\/wp-content\/uploads\/2017\/06\/citroen-cx-15-686.png?ssl=1\"><img data-recalc-dims=\"1\" loading=\"lazy\" decoding=\"async\" data-attachment-id=\"11075\" data-permalink=\"https:\/\/terjebjornstad.com\/no\/2017\/06\/27\/citroen-cx-en-legende\/citroen-cx-15-686\/\" data-orig-file=\"https:\/\/i0.wp.com\/terjebjornstad.com\/no\/wp-content\/uploads\/2017\/06\/citroen-cx-15-686.png?fit=686%2C457&amp;ssl=1\" data-orig-size=\"686,457\" data-comments-opened=\"1\" data-image-meta=\"{&quot;aperture&quot;:&quot;0&quot;,&quot;credit&quot;:&quot;&quot;,&quot;camera&quot;:&quot;&quot;,&quot;caption&quot;:&quot;&quot;,&quot;created_timestamp&quot;:&quot;0&quot;,&quot;copyright&quot;:&quot;&quot;,&quot;focal_length&quot;:&quot;0&quot;,&quot;iso&quot;:&quot;0&quot;,&quot;shutter_speed&quot;:&quot;0&quot;,&quot;title&quot;:&quot;&quot;,&quot;orientation&quot;:&quot;0&quot;}\" data-image-title=\"Citroen CX facelift\" data-image-description=\"\" data-image-caption=\"&lt;p&gt;Citroen CX serie 2&lt;\/p&gt;\n\" data-large-file=\"https:\/\/i0.wp.com\/terjebjornstad.com\/no\/wp-content\/uploads\/2017\/06\/citroen-cx-15-686.png?fit=686%2C457&amp;ssl=1\" src=\"https:\/\/i0.wp.com\/terjebjornstad.com\/no\/wp-content\/uploads\/2017\/06\/citroen-cx-15-686.png?resize=686%2C457&#038;ssl=1\" alt=\"\" width=\"686\" height=\"457\" class=\"size-full wp-image-11075\" srcset=\"https:\/\/i0.wp.com\/terjebjornstad.com\/no\/wp-content\/uploads\/2017\/06\/citroen-cx-15-686.png?w=686&amp;ssl=1 686w, https:\/\/i0.wp.com\/terjebjornstad.com\/no\/wp-content\/uploads\/2017\/06\/citroen-cx-15-686.png?resize=300%2C200&amp;ssl=1 300w\" sizes=\"auto, (max-width: 686px) 100vw, 686px\" \/><\/a><figcaption id=\"caption-attachment-11075\" class=\"wp-caption-text\">Citroen CX serie 2<\/figcaption><\/figure><br \/>\n&nbsp;<br \/>\n<figure id=\"attachment_43667\" aria-describedby=\"caption-attachment-43667\" style=\"width: 1080px\" class=\"wp-caption aligncenter\"><a href=\"https:\/\/i0.wp.com\/terjebjornstad.com\/no\/wp-content\/uploads\/2021\/10\/citoen-cx-turbo-1080x720-1.png?ssl=1\"><img data-recalc-dims=\"1\" loading=\"lazy\" decoding=\"async\" data-attachment-id=\"43667\" data-permalink=\"https:\/\/terjebjornstad.com\/no\/2021\/10\/05\/franske-klassikere-6\/citoen-cx-turbo-1080x720\/\" data-orig-file=\"https:\/\/i0.wp.com\/terjebjornstad.com\/no\/wp-content\/uploads\/2021\/10\/citoen-cx-turbo-1080x720-1.png?fit=1080%2C720&amp;ssl=1\" data-orig-size=\"1080,720\" data-comments-opened=\"1\" data-image-meta=\"{&quot;aperture&quot;:&quot;0&quot;,&quot;credit&quot;:&quot;&quot;,&quot;camera&quot;:&quot;&quot;,&quot;caption&quot;:&quot;&quot;,&quot;created_timestamp&quot;:&quot;0&quot;,&quot;copyright&quot;:&quot;&quot;,&quot;focal_length&quot;:&quot;0&quot;,&quot;iso&quot;:&quot;0&quot;,&quot;shutter_speed&quot;:&quot;0&quot;,&quot;title&quot;:&quot;&quot;,&quot;orientation&quot;:&quot;0&quot;}\" data-image-title=\"citoen-cx-turbo-1080&amp;#215;720\" data-image-description=\"\" data-image-caption=\"&lt;p&gt;Citroen Turbo serie 2&lt;\/p&gt;\n\" data-large-file=\"https:\/\/i0.wp.com\/terjebjornstad.com\/no\/wp-content\/uploads\/2021\/10\/citoen-cx-turbo-1080x720-1.png?fit=980%2C653&amp;ssl=1\" src=\"https:\/\/i0.wp.com\/terjebjornstad.com\/no\/wp-content\/uploads\/2021\/10\/citoen-cx-turbo-1080x720-1.png?resize=980%2C653&#038;ssl=1\" alt=\"\" width=\"980\" height=\"653\" class=\"size-full wp-image-43667\" srcset=\"https:\/\/i0.wp.com\/terjebjornstad.com\/no\/wp-content\/uploads\/2021\/10\/citoen-cx-turbo-1080x720-1.png?w=1080&amp;ssl=1 1080w, https:\/\/i0.wp.com\/terjebjornstad.com\/no\/wp-content\/uploads\/2021\/10\/citoen-cx-turbo-1080x720-1.png?resize=300%2C200&amp;ssl=1 300w, https:\/\/i0.wp.com\/terjebjornstad.com\/no\/wp-content\/uploads\/2021\/10\/citoen-cx-turbo-1080x720-1.png?resize=768%2C512&amp;ssl=1 768w, https:\/\/i0.wp.com\/terjebjornstad.com\/no\/wp-content\/uploads\/2021\/10\/citoen-cx-turbo-1080x720-1.png?resize=690%2C460&amp;ssl=1 690w, https:\/\/i0.wp.com\/terjebjornstad.com\/no\/wp-content\/uploads\/2021\/10\/citoen-cx-turbo-1080x720-1.png?resize=980%2C653&amp;ssl=1 980w\" sizes=\"auto, (max-width: 980px) 100vw, 980px\" \/><\/a><figcaption id=\"caption-attachment-43667\" class=\"wp-caption-text\">Citroen Turbo serie 2<\/figcaption><\/figure><br \/>\n&nbsp;<br \/>\n<figure id=\"attachment_84510\" aria-describedby=\"caption-attachment-84510\" style=\"width: 1920px\" class=\"wp-caption aligncenter\"><a href=\"https:\/\/i0.wp.com\/terjebjornstad.com\/no\/wp-content\/uploads\/2025\/09\/1988-citroen-cx-22-trs-1920x1920-1.jpg?ssl=1\"><img data-recalc-dims=\"1\" loading=\"lazy\" decoding=\"async\" data-attachment-id=\"84510\" data-permalink=\"https:\/\/terjebjornstad.com\/no\/2025\/09\/21\/ekebergmarkedet-2025\/1988-citroen-cx-22-trs-1920x1920\/\" data-orig-file=\"https:\/\/i0.wp.com\/terjebjornstad.com\/no\/wp-content\/uploads\/2025\/09\/1988-citroen-cx-22-trs-1920x1920-1.jpg?fit=1920%2C1920&amp;ssl=1\" data-orig-size=\"1920,1920\" data-comments-opened=\"1\" data-image-meta=\"{&quot;aperture&quot;:&quot;0&quot;,&quot;credit&quot;:&quot;&quot;,&quot;camera&quot;:&quot;&quot;,&quot;caption&quot;:&quot;&quot;,&quot;created_timestamp&quot;:&quot;0&quot;,&quot;copyright&quot;:&quot;&quot;,&quot;focal_length&quot;:&quot;0&quot;,&quot;iso&quot;:&quot;0&quot;,&quot;shutter_speed&quot;:&quot;0&quot;,&quot;title&quot;:&quot;&quot;,&quot;orientation&quot;:&quot;0&quot;}\" data-image-title=\"1988-citroen-cx-22-trs-1920&amp;#215;1920\" data-image-description=\"\" data-image-caption=\"&lt;p&gt;1988 Citroen CX 22 TRS.&lt;\/p&gt;\n\" data-large-file=\"https:\/\/i0.wp.com\/terjebjornstad.com\/no\/wp-content\/uploads\/2025\/09\/1988-citroen-cx-22-trs-1920x1920-1.jpg?fit=980%2C980&amp;ssl=1\" src=\"https:\/\/i0.wp.com\/terjebjornstad.com\/no\/wp-content\/uploads\/2025\/09\/1988-citroen-cx-22-trs-1920x1920-1.jpg?resize=980%2C980&#038;ssl=1\" alt=\"\" width=\"980\" height=\"980\" class=\"size-full wp-image-84510\" srcset=\"https:\/\/i0.wp.com\/terjebjornstad.com\/no\/wp-content\/uploads\/2025\/09\/1988-citroen-cx-22-trs-1920x1920-1.jpg?w=1920&amp;ssl=1 1920w, https:\/\/i0.wp.com\/terjebjornstad.com\/no\/wp-content\/uploads\/2025\/09\/1988-citroen-cx-22-trs-1920x1920-1.jpg?resize=300%2C300&amp;ssl=1 300w, https:\/\/i0.wp.com\/terjebjornstad.com\/no\/wp-content\/uploads\/2025\/09\/1988-citroen-cx-22-trs-1920x1920-1.jpg?resize=1080%2C1080&amp;ssl=1 1080w, https:\/\/i0.wp.com\/terjebjornstad.com\/no\/wp-content\/uploads\/2025\/09\/1988-citroen-cx-22-trs-1920x1920-1.jpg?resize=150%2C150&amp;ssl=1 150w, https:\/\/i0.wp.com\/terjebjornstad.com\/no\/wp-content\/uploads\/2025\/09\/1988-citroen-cx-22-trs-1920x1920-1.jpg?resize=768%2C768&amp;ssl=1 768w, https:\/\/i0.wp.com\/terjebjornstad.com\/no\/wp-content\/uploads\/2025\/09\/1988-citroen-cx-22-trs-1920x1920-1.jpg?resize=1536%2C1536&amp;ssl=1 1536w, https:\/\/i0.wp.com\/terjebjornstad.com\/no\/wp-content\/uploads\/2025\/09\/1988-citroen-cx-22-trs-1920x1920-1.jpg?resize=690%2C690&amp;ssl=1 690w, https:\/\/i0.wp.com\/terjebjornstad.com\/no\/wp-content\/uploads\/2025\/09\/1988-citroen-cx-22-trs-1920x1920-1.jpg?resize=980%2C980&amp;ssl=1 980w, https:\/\/i0.wp.com\/terjebjornstad.com\/no\/wp-content\/uploads\/2025\/09\/1988-citroen-cx-22-trs-1920x1920-1.jpg?resize=50%2C50&amp;ssl=1 50w\" sizes=\"auto, (max-width: 980px) 100vw, 980px\" \/><\/a><figcaption id=\"caption-attachment-84510\" class=\"wp-caption-text\">1988 Citroen CX 22 TRS.<\/figcaption><\/figure><\/p>\n<h3 class=\"tebh2ingreslbcenter\">Break<\/h3>\n<figure id=\"attachment_75262\" aria-describedby=\"caption-attachment-75262\" style=\"width: 1920px\" class=\"wp-caption aligncenter\"><a href=\"https:\/\/i0.wp.com\/terjebjornstad.com\/no\/wp-content\/uploads\/2024\/09\/1-13-citroen-cx-break-citronnade-1920x1280-1.jpg?ssl=1\"><img data-recalc-dims=\"1\" loading=\"lazy\" decoding=\"async\" data-attachment-id=\"75262\" data-permalink=\"https:\/\/terjebjornstad.com\/no\/2024\/09\/16\/citronnades-2024\/1-13-citroen-cx-break-citronnade-1920x1280\/\" data-orig-file=\"https:\/\/i0.wp.com\/terjebjornstad.com\/no\/wp-content\/uploads\/2024\/09\/1-13-citroen-cx-break-citronnade-1920x1280-1.jpg?fit=1920%2C1280&amp;ssl=1\" data-orig-size=\"1920,1280\" data-comments-opened=\"1\" data-image-meta=\"{&quot;aperture&quot;:&quot;0&quot;,&quot;credit&quot;:&quot;&quot;,&quot;camera&quot;:&quot;&quot;,&quot;caption&quot;:&quot;&quot;,&quot;created_timestamp&quot;:&quot;0&quot;,&quot;copyright&quot;:&quot;&quot;,&quot;focal_length&quot;:&quot;0&quot;,&quot;iso&quot;:&quot;0&quot;,&quot;shutter_speed&quot;:&quot;0&quot;,&quot;title&quot;:&quot;&quot;,&quot;orientation&quot;:&quot;0&quot;}\" data-image-title=\"1-13-citroen-cx-break-citronnade-1920&amp;#215;1280\" data-image-description=\"\" data-image-caption=\"&lt;p&gt;Citroen CX Break&lt;\/p&gt;\n\" data-large-file=\"https:\/\/i0.wp.com\/terjebjornstad.com\/no\/wp-content\/uploads\/2024\/09\/1-13-citroen-cx-break-citronnade-1920x1280-1.jpg?fit=980%2C653&amp;ssl=1\" src=\"https:\/\/i0.wp.com\/terjebjornstad.com\/no\/wp-content\/uploads\/2024\/09\/1-13-citroen-cx-break-citronnade-1920x1280-1.jpg?resize=980%2C653&#038;ssl=1\" alt=\"\" width=\"980\" height=\"653\" class=\"size-full wp-image-75262\" srcset=\"https:\/\/i0.wp.com\/terjebjornstad.com\/no\/wp-content\/uploads\/2024\/09\/1-13-citroen-cx-break-citronnade-1920x1280-1.jpg?w=1920&amp;ssl=1 1920w, https:\/\/i0.wp.com\/terjebjornstad.com\/no\/wp-content\/uploads\/2024\/09\/1-13-citroen-cx-break-citronnade-1920x1280-1.jpg?resize=300%2C200&amp;ssl=1 300w, https:\/\/i0.wp.com\/terjebjornstad.com\/no\/wp-content\/uploads\/2024\/09\/1-13-citroen-cx-break-citronnade-1920x1280-1.jpg?resize=1080%2C720&amp;ssl=1 1080w, https:\/\/i0.wp.com\/terjebjornstad.com\/no\/wp-content\/uploads\/2024\/09\/1-13-citroen-cx-break-citronnade-1920x1280-1.jpg?resize=768%2C512&amp;ssl=1 768w, https:\/\/i0.wp.com\/terjebjornstad.com\/no\/wp-content\/uploads\/2024\/09\/1-13-citroen-cx-break-citronnade-1920x1280-1.jpg?resize=1536%2C1024&amp;ssl=1 1536w, https:\/\/i0.wp.com\/terjebjornstad.com\/no\/wp-content\/uploads\/2024\/09\/1-13-citroen-cx-break-citronnade-1920x1280-1.jpg?resize=690%2C460&amp;ssl=1 690w, https:\/\/i0.wp.com\/terjebjornstad.com\/no\/wp-content\/uploads\/2024\/09\/1-13-citroen-cx-break-citronnade-1920x1280-1.jpg?resize=980%2C653&amp;ssl=1 980w\" sizes=\"auto, (max-width: 980px) 100vw, 980px\" \/><\/a><figcaption id=\"caption-attachment-75262\" class=\"wp-caption-text\">Citroen CX Break<\/figcaption><\/figure>\n<p><figure id=\"attachment_11921\" aria-describedby=\"caption-attachment-11921\" style=\"width: 686px\" class=\"wp-caption aligncenter\"><a href=\"https:\/\/i0.wp.com\/terjebjornstad.com\/no\/wp-content\/uploads\/2017\/08\/citroen-cx-break-3-686.png?ssl=1\"><img data-recalc-dims=\"1\" loading=\"lazy\" decoding=\"async\" data-attachment-id=\"11921\" data-permalink=\"https:\/\/terjebjornstad.com\/no\/citroen-cx\/citroen-cx-break-3-686\/\" data-orig-file=\"https:\/\/i0.wp.com\/terjebjornstad.com\/no\/wp-content\/uploads\/2017\/08\/citroen-cx-break-3-686.png?fit=686%2C457&amp;ssl=1\" data-orig-size=\"686,457\" data-comments-opened=\"1\" data-image-meta=\"{&quot;aperture&quot;:&quot;0&quot;,&quot;credit&quot;:&quot;&quot;,&quot;camera&quot;:&quot;&quot;,&quot;caption&quot;:&quot;&quot;,&quot;created_timestamp&quot;:&quot;0&quot;,&quot;copyright&quot;:&quot;&quot;,&quot;focal_length&quot;:&quot;0&quot;,&quot;iso&quot;:&quot;0&quot;,&quot;shutter_speed&quot;:&quot;0&quot;,&quot;title&quot;:&quot;&quot;,&quot;orientation&quot;:&quot;0&quot;}\" data-image-title=\"Citroen CX Break\" data-image-description=\"\" data-image-caption=\"&lt;p&gt;CX Break. 25 cm lengere enn sedan.&lt;\/p&gt;\n\" data-large-file=\"https:\/\/i0.wp.com\/terjebjornstad.com\/no\/wp-content\/uploads\/2017\/08\/citroen-cx-break-3-686.png?fit=686%2C457&amp;ssl=1\" src=\"https:\/\/i0.wp.com\/terjebjornstad.com\/no\/wp-content\/uploads\/2017\/08\/citroen-cx-break-3-686.png?resize=686%2C457&#038;ssl=1\" alt=\"\" width=\"686\" height=\"457\" class=\"size-full wp-image-11921\" srcset=\"https:\/\/i0.wp.com\/terjebjornstad.com\/no\/wp-content\/uploads\/2017\/08\/citroen-cx-break-3-686.png?w=686&amp;ssl=1 686w, https:\/\/i0.wp.com\/terjebjornstad.com\/no\/wp-content\/uploads\/2017\/08\/citroen-cx-break-3-686.png?resize=300%2C200&amp;ssl=1 300w\" sizes=\"auto, (max-width: 686px) 100vw, 686px\" \/><\/a><figcaption id=\"caption-attachment-11921\" class=\"wp-caption-text\">CX Break. 25 cm lengere enn sedan.<\/figcaption><\/figure><\/p>\n<p><figure id=\"attachment_11922\" aria-describedby=\"caption-attachment-11922\" style=\"width: 686px\" class=\"wp-caption aligncenter\"><a href=\"https:\/\/i0.wp.com\/terjebjornstad.com\/no\/wp-content\/uploads\/2017\/08\/citroen-cx-break-1-686.png?ssl=1\"><img data-recalc-dims=\"1\" loading=\"lazy\" decoding=\"async\" data-attachment-id=\"11922\" data-permalink=\"https:\/\/terjebjornstad.com\/no\/citroen-cx\/citroen-cx-break-1-686\/\" data-orig-file=\"https:\/\/i0.wp.com\/terjebjornstad.com\/no\/wp-content\/uploads\/2017\/08\/citroen-cx-break-1-686.png?fit=686%2C457&amp;ssl=1\" data-orig-size=\"686,457\" data-comments-opened=\"1\" data-image-meta=\"{&quot;aperture&quot;:&quot;0&quot;,&quot;credit&quot;:&quot;&quot;,&quot;camera&quot;:&quot;&quot;,&quot;caption&quot;:&quot;&quot;,&quot;created_timestamp&quot;:&quot;0&quot;,&quot;copyright&quot;:&quot;&quot;,&quot;focal_length&quot;:&quot;0&quot;,&quot;iso&quot;:&quot;0&quot;,&quot;shutter_speed&quot;:&quot;0&quot;,&quot;title&quot;:&quot;&quot;,&quot;orientation&quot;:&quot;0&quot;}\" data-image-title=\"Citroen CX Break\" data-image-description=\"\" data-image-caption=\"&lt;p&gt;1985 Citro\u00ebn CX Break.&lt;\/p&gt;\n\" data-large-file=\"https:\/\/i0.wp.com\/terjebjornstad.com\/no\/wp-content\/uploads\/2017\/08\/citroen-cx-break-1-686.png?fit=686%2C457&amp;ssl=1\" src=\"https:\/\/i0.wp.com\/terjebjornstad.com\/no\/wp-content\/uploads\/2017\/08\/citroen-cx-break-1-686.png?resize=686%2C457&#038;ssl=1\" alt=\"\" width=\"686\" height=\"457\" class=\"size-full wp-image-11922\" srcset=\"https:\/\/i0.wp.com\/terjebjornstad.com\/no\/wp-content\/uploads\/2017\/08\/citroen-cx-break-1-686.png?w=686&amp;ssl=1 686w, https:\/\/i0.wp.com\/terjebjornstad.com\/no\/wp-content\/uploads\/2017\/08\/citroen-cx-break-1-686.png?resize=300%2C200&amp;ssl=1 300w\" sizes=\"auto, (max-width: 686px) 100vw, 686px\" \/><\/a><figcaption id=\"caption-attachment-11922\" class=\"wp-caption-text\">1985 Citro\u00ebn CX Break.<\/figcaption><\/figure><br \/>\n&nbsp;<br \/>\nI Norge ble CX Break popul\u00e6r som 2-seter varebil, spesielt p\u00e5 slutten av modellens livsl\u00f8p. CX varebil med 2,5 turbodiesel ga mye bil for pengene. Breakutgaven er, med sine 492 cm, hele 25 cm lengere enn sedanen, og lengre enn de aller fleste bilene p\u00e5 den tiden. En annen fordel er at den t\u00e5ler mye vekt, da den hydrauliske fj\u00e6ringen holde bilen konstant vannrett. Den beste CX er trolig en type 2 stasjonsvogn (Break) med 2,5 turbodiesel, forutsatt at man kan finne en som ikke er g\u00e5tt alt for langt. CX Break var typiske bruksbiler og vanskelig \u00e5 finne i s\u00e5 bra forfatning som bilen p\u00e5 bildet over.<\/p>\n<p>&nbsp;<\/p>\n<h3 class=\"tebh2ingreslbcenter\">Prestige<\/h3>\n<p><figure id=\"attachment_41007\" aria-describedby=\"caption-attachment-41007\" style=\"width: 1082px\" class=\"wp-caption aligncenter\"><a href=\"https:\/\/i0.wp.com\/terjebjornstad.com\/no\/wp-content\/uploads\/2021\/06\/citroen-6-1976-cx-prestige-1080x720-1.png?ssl=1\"><img data-recalc-dims=\"1\" loading=\"lazy\" decoding=\"async\" data-attachment-id=\"41007\" data-permalink=\"https:\/\/terjebjornstad.com\/no\/2021\/06\/14\/fotosondag-citroen-og-g-500\/citroen-6-1976-cx-prestige-1080x720\/\" data-orig-file=\"https:\/\/i0.wp.com\/terjebjornstad.com\/no\/wp-content\/uploads\/2021\/06\/citroen-6-1976-cx-prestige-1080x720-1.png?fit=1082%2C755&amp;ssl=1\" data-orig-size=\"1082,755\" data-comments-opened=\"1\" data-image-meta=\"{&quot;aperture&quot;:&quot;0&quot;,&quot;credit&quot;:&quot;&quot;,&quot;camera&quot;:&quot;&quot;,&quot;caption&quot;:&quot;&quot;,&quot;created_timestamp&quot;:&quot;0&quot;,&quot;copyright&quot;:&quot;&quot;,&quot;focal_length&quot;:&quot;0&quot;,&quot;iso&quot;:&quot;0&quot;,&quot;shutter_speed&quot;:&quot;0&quot;,&quot;title&quot;:&quot;&quot;,&quot;orientation&quot;:&quot;0&quot;}\" data-image-title=\"citroen-6-1976-cx-prestige-1080&amp;#215;720\" data-image-description=\"\" data-image-caption=\"&lt;p&gt;1976 Citro\u00ebn CX Prestige med forlenget akselavstand&lt;\/p&gt;\n\" data-large-file=\"https:\/\/i0.wp.com\/terjebjornstad.com\/no\/wp-content\/uploads\/2021\/06\/citroen-6-1976-cx-prestige-1080x720-1.png?fit=980%2C684&amp;ssl=1\" src=\"https:\/\/i0.wp.com\/terjebjornstad.com\/no\/wp-content\/uploads\/2021\/06\/citroen-6-1976-cx-prestige-1080x720-1.png?resize=980%2C684&#038;ssl=1\" alt=\"citroen cx\" width=\"980\" height=\"684\" class=\"size-full wp-image-41007\" srcset=\"https:\/\/i0.wp.com\/terjebjornstad.com\/no\/wp-content\/uploads\/2021\/06\/citroen-6-1976-cx-prestige-1080x720-1.png?w=1082&amp;ssl=1 1082w, https:\/\/i0.wp.com\/terjebjornstad.com\/no\/wp-content\/uploads\/2021\/06\/citroen-6-1976-cx-prestige-1080x720-1.png?resize=300%2C209&amp;ssl=1 300w, https:\/\/i0.wp.com\/terjebjornstad.com\/no\/wp-content\/uploads\/2021\/06\/citroen-6-1976-cx-prestige-1080x720-1.png?resize=1080%2C754&amp;ssl=1 1080w, https:\/\/i0.wp.com\/terjebjornstad.com\/no\/wp-content\/uploads\/2021\/06\/citroen-6-1976-cx-prestige-1080x720-1.png?resize=768%2C536&amp;ssl=1 768w, https:\/\/i0.wp.com\/terjebjornstad.com\/no\/wp-content\/uploads\/2021\/06\/citroen-6-1976-cx-prestige-1080x720-1.png?resize=690%2C481&amp;ssl=1 690w, https:\/\/i0.wp.com\/terjebjornstad.com\/no\/wp-content\/uploads\/2021\/06\/citroen-6-1976-cx-prestige-1080x720-1.png?resize=980%2C684&amp;ssl=1 980w\" sizes=\"auto, (max-width: 980px) 100vw, 980px\" \/><\/a><figcaption id=\"caption-attachment-41007\" class=\"wp-caption-text\">1976 Citro\u00ebn CX 2,4 Prestige med forlenget akselavstand<\/figcaption><\/figure><br \/>\n&nbsp;<br \/>\n<figure id=\"attachment_40999\" aria-describedby=\"caption-attachment-40999\" style=\"width: 1080px\" class=\"wp-caption aligncenter\"><a href=\"https:\/\/i0.wp.com\/terjebjornstad.com\/no\/wp-content\/uploads\/2021\/06\/15-citroen-1976-cx-prestige-1080x720-1.png?ssl=1\"><img data-recalc-dims=\"1\" loading=\"lazy\" decoding=\"async\" data-attachment-id=\"40999\" data-permalink=\"https:\/\/terjebjornstad.com\/no\/2021\/06\/14\/fotosondag-citroen-og-g-500\/15-citroen-1976-cx-prestige-1080x720\/\" data-orig-file=\"https:\/\/i0.wp.com\/terjebjornstad.com\/no\/wp-content\/uploads\/2021\/06\/15-citroen-1976-cx-prestige-1080x720-1.png?fit=1080%2C720&amp;ssl=1\" data-orig-size=\"1080,720\" data-comments-opened=\"1\" data-image-meta=\"{&quot;aperture&quot;:&quot;0&quot;,&quot;credit&quot;:&quot;&quot;,&quot;camera&quot;:&quot;&quot;,&quot;caption&quot;:&quot;&quot;,&quot;created_timestamp&quot;:&quot;0&quot;,&quot;copyright&quot;:&quot;&quot;,&quot;focal_length&quot;:&quot;0&quot;,&quot;iso&quot;:&quot;0&quot;,&quot;shutter_speed&quot;:&quot;0&quot;,&quot;title&quot;:&quot;&quot;,&quot;orientation&quot;:&quot;0&quot;}\" data-image-title=\"15-citroen-1976-cx-prestige-1080&amp;#215;720\" data-image-description=\"\" data-image-caption=\"&lt;p&gt;Citro\u00ebn CX Prestige med en DS i bakgrunnen&lt;\/p&gt;\n\" data-large-file=\"https:\/\/i0.wp.com\/terjebjornstad.com\/no\/wp-content\/uploads\/2021\/06\/15-citroen-1976-cx-prestige-1080x720-1.png?fit=980%2C653&amp;ssl=1\" src=\"https:\/\/i0.wp.com\/terjebjornstad.com\/no\/wp-content\/uploads\/2021\/06\/15-citroen-1976-cx-prestige-1080x720-1.png?resize=980%2C653&#038;ssl=1\" alt=\"citroen cx\" width=\"980\" height=\"653\" class=\"size-full wp-image-40999\" srcset=\"https:\/\/i0.wp.com\/terjebjornstad.com\/no\/wp-content\/uploads\/2021\/06\/15-citroen-1976-cx-prestige-1080x720-1.png?w=1080&amp;ssl=1 1080w, https:\/\/i0.wp.com\/terjebjornstad.com\/no\/wp-content\/uploads\/2021\/06\/15-citroen-1976-cx-prestige-1080x720-1.png?resize=300%2C200&amp;ssl=1 300w, https:\/\/i0.wp.com\/terjebjornstad.com\/no\/wp-content\/uploads\/2021\/06\/15-citroen-1976-cx-prestige-1080x720-1.png?resize=768%2C512&amp;ssl=1 768w, https:\/\/i0.wp.com\/terjebjornstad.com\/no\/wp-content\/uploads\/2021\/06\/15-citroen-1976-cx-prestige-1080x720-1.png?resize=690%2C460&amp;ssl=1 690w, https:\/\/i0.wp.com\/terjebjornstad.com\/no\/wp-content\/uploads\/2021\/06\/15-citroen-1976-cx-prestige-1080x720-1.png?resize=980%2C653&amp;ssl=1 980w\" sizes=\"auto, (max-width: 980px) 100vw, 980px\" \/><\/a><figcaption id=\"caption-attachment-40999\" class=\"wp-caption-text\">Citro\u00ebn CX Prestige med en DS i bakgrunnen<\/figcaption><\/figure><br \/>\n&nbsp;<br \/>\n<figure id=\"attachment_41000\" aria-describedby=\"caption-attachment-41000\" style=\"width: 1080px\" class=\"wp-caption aligncenter\"><a href=\"https:\/\/i0.wp.com\/terjebjornstad.com\/no\/wp-content\/uploads\/2021\/06\/17-citroen-1976-cx-prestige-1080-519.png?ssl=1\"><img data-recalc-dims=\"1\" loading=\"lazy\" decoding=\"async\" data-attachment-id=\"41000\" data-permalink=\"https:\/\/terjebjornstad.com\/no\/2021\/06\/14\/fotosondag-citroen-og-g-500\/17-citroen-1976-cx-prestige-1080-519\/\" data-orig-file=\"https:\/\/i0.wp.com\/terjebjornstad.com\/no\/wp-content\/uploads\/2021\/06\/17-citroen-1976-cx-prestige-1080-519.png?fit=1080%2C519&amp;ssl=1\" data-orig-size=\"1080,519\" data-comments-opened=\"1\" data-image-meta=\"{&quot;aperture&quot;:&quot;0&quot;,&quot;credit&quot;:&quot;&quot;,&quot;camera&quot;:&quot;&quot;,&quot;caption&quot;:&quot;&quot;,&quot;created_timestamp&quot;:&quot;0&quot;,&quot;copyright&quot;:&quot;&quot;,&quot;focal_length&quot;:&quot;0&quot;,&quot;iso&quot;:&quot;0&quot;,&quot;shutter_speed&quot;:&quot;0&quot;,&quot;title&quot;:&quot;&quot;,&quot;orientation&quot;:&quot;0&quot;}\" data-image-title=\"17-citroen-1976-cx-prestige-1080-519\" data-image-description=\"\" data-image-caption=\"&lt;p&gt;Benplass som er et statsoverhode verdig&lt;\/p&gt;\n\" data-large-file=\"https:\/\/i0.wp.com\/terjebjornstad.com\/no\/wp-content\/uploads\/2021\/06\/17-citroen-1976-cx-prestige-1080-519.png?fit=980%2C471&amp;ssl=1\" src=\"https:\/\/i0.wp.com\/terjebjornstad.com\/no\/wp-content\/uploads\/2021\/06\/17-citroen-1976-cx-prestige-1080-519.png?resize=980%2C471&#038;ssl=1\" alt=\"\" width=\"980\" height=\"471\" class=\"size-full wp-image-41000\" srcset=\"https:\/\/i0.wp.com\/terjebjornstad.com\/no\/wp-content\/uploads\/2021\/06\/17-citroen-1976-cx-prestige-1080-519.png?w=1080&amp;ssl=1 1080w, https:\/\/i0.wp.com\/terjebjornstad.com\/no\/wp-content\/uploads\/2021\/06\/17-citroen-1976-cx-prestige-1080-519.png?resize=300%2C144&amp;ssl=1 300w, https:\/\/i0.wp.com\/terjebjornstad.com\/no\/wp-content\/uploads\/2021\/06\/17-citroen-1976-cx-prestige-1080-519.png?resize=768%2C369&amp;ssl=1 768w, https:\/\/i0.wp.com\/terjebjornstad.com\/no\/wp-content\/uploads\/2021\/06\/17-citroen-1976-cx-prestige-1080-519.png?resize=690%2C332&amp;ssl=1 690w, https:\/\/i0.wp.com\/terjebjornstad.com\/no\/wp-content\/uploads\/2021\/06\/17-citroen-1976-cx-prestige-1080-519.png?resize=980%2C471&amp;ssl=1 980w\" sizes=\"auto, (max-width: 980px) 100vw, 980px\" \/><\/a><figcaption id=\"caption-attachment-41000\" class=\"wp-caption-text\">Benplass som er et statsoverhode verdig<\/figcaption><\/figure><\/p>\n<p>&nbsp;<br \/>\nI 1976 lagde Citro\u00ebn en egen variant av CX med samme forlengede akselavstand som Break-utgaven. Modellen &laquo;Prestige&raquo; var tiltenkt sj\u00e5f\u00f8rdrevne biler som skulle frakte prominente passasjerer. Som kjent blir franske statsoverhoder kun kj\u00f8rt i franske limousiner. CX var Peugeot-gruppens (PSA) st\u00f8rste bil &#8211; og naturlig utgangspunkt for en president-limousine. Det f\u00f8rste \u00e5ret ble CX Prestige produsert med normal tah\u00f8yde. \u00c5ret etter fikk den forh\u00f8yet tak s\u00e5nn at ingen beh\u00f8vde \u00e5 ta av seg hatten. Den avbildede modellen har normal takh\u00f8yde &#8211; og sammen med forlenget bil ser den meget stilig ut. Vinyltak var standard.<\/p>\n<h5>&nbsp;<\/h5>\n<h3 class=\"tebh2\">Galleri<\/h3>\n<p><figure id=\"attachment_11069\" aria-describedby=\"caption-attachment-11069\" style=\"width: 686px\" class=\"wp-caption aligncenter\"><a href=\"https:\/\/i0.wp.com\/terjebjornstad.com\/no\/wp-content\/uploads\/2017\/06\/citroen-cx-1-686.png?ssl=1\"><img data-recalc-dims=\"1\" loading=\"lazy\" decoding=\"async\" data-attachment-id=\"11069\" data-permalink=\"https:\/\/terjebjornstad.com\/no\/2017\/06\/27\/citroen-cx-en-legende\/citroen-cx-1-686\/\" data-orig-file=\"https:\/\/i0.wp.com\/terjebjornstad.com\/no\/wp-content\/uploads\/2017\/06\/citroen-cx-1-686.png?fit=686%2C457&amp;ssl=1\" data-orig-size=\"686,457\" data-comments-opened=\"1\" data-image-meta=\"{&quot;aperture&quot;:&quot;0&quot;,&quot;credit&quot;:&quot;&quot;,&quot;camera&quot;:&quot;&quot;,&quot;caption&quot;:&quot;&quot;,&quot;created_timestamp&quot;:&quot;0&quot;,&quot;copyright&quot;:&quot;&quot;,&quot;focal_length&quot;:&quot;0&quot;,&quot;iso&quot;:&quot;0&quot;,&quot;shutter_speed&quot;:&quot;0&quot;,&quot;title&quot;:&quot;&quot;,&quot;orientation&quot;:&quot;0&quot;}\" data-image-title=\"Citroen CX serie 1\" data-image-description=\"\" data-image-caption=\"&lt;p&gt;Citro\u00ebn CX &amp;#8211; en legende?&lt;\/p&gt;\n\" data-large-file=\"https:\/\/i0.wp.com\/terjebjornstad.com\/no\/wp-content\/uploads\/2017\/06\/citroen-cx-1-686.png?fit=686%2C457&amp;ssl=1\" src=\"https:\/\/i0.wp.com\/terjebjornstad.com\/no\/wp-content\/uploads\/2017\/06\/citroen-cx-1-686.png?resize=686%2C457&#038;ssl=1\" alt=\"\" width=\"686\" height=\"457\" class=\"size-full wp-image-11069\" srcset=\"https:\/\/i0.wp.com\/terjebjornstad.com\/no\/wp-content\/uploads\/2017\/06\/citroen-cx-1-686.png?w=686&amp;ssl=1 686w, https:\/\/i0.wp.com\/terjebjornstad.com\/no\/wp-content\/uploads\/2017\/06\/citroen-cx-1-686.png?resize=300%2C200&amp;ssl=1 300w\" sizes=\"auto, (max-width: 686px) 100vw, 686px\" \/><\/a><figcaption id=\"caption-attachment-11069\" class=\"wp-caption-text\">Citro\u00ebn CX &#8211; en legende?<\/figcaption><\/figure><\/p>\n<figure id=\"attachment_11071\" aria-describedby=\"caption-attachment-11071\" style=\"width: 686px\" class=\"wp-caption aligncenter\"><a href=\"https:\/\/i0.wp.com\/terjebjornstad.com\/no\/wp-content\/uploads\/2017\/06\/citroen-cx-5-686.png?ssl=1\"><img data-recalc-dims=\"1\" loading=\"lazy\" decoding=\"async\" data-attachment-id=\"11071\" data-permalink=\"https:\/\/terjebjornstad.com\/no\/2017\/06\/27\/citroen-cx-en-legende\/citroen-cx-5-686\/\" data-orig-file=\"https:\/\/i0.wp.com\/terjebjornstad.com\/no\/wp-content\/uploads\/2017\/06\/citroen-cx-5-686.png?fit=686%2C457&amp;ssl=1\" data-orig-size=\"686,457\" data-comments-opened=\"1\" data-image-meta=\"{&quot;aperture&quot;:&quot;0&quot;,&quot;credit&quot;:&quot;&quot;,&quot;camera&quot;:&quot;&quot;,&quot;caption&quot;:&quot;&quot;,&quot;created_timestamp&quot;:&quot;0&quot;,&quot;copyright&quot;:&quot;&quot;,&quot;focal_length&quot;:&quot;0&quot;,&quot;iso&quot;:&quot;0&quot;,&quot;shutter_speed&quot;:&quot;0&quot;,&quot;title&quot;:&quot;&quot;,&quot;orientation&quot;:&quot;0&quot;}\" data-image-title=\"Citroen CX serie 1\" data-image-description=\"\" data-image-caption=\"&lt;p&gt;CX spesielle 14 tommers lettmetallsfelger.&lt;\/p&gt;\n\" data-large-file=\"https:\/\/i0.wp.com\/terjebjornstad.com\/no\/wp-content\/uploads\/2017\/06\/citroen-cx-5-686.png?fit=686%2C457&amp;ssl=1\" src=\"https:\/\/i0.wp.com\/terjebjornstad.com\/no\/wp-content\/uploads\/2017\/06\/citroen-cx-5-686.png?resize=686%2C457&#038;ssl=1\" alt=\"\" width=\"686\" height=\"457\" class=\"size-full wp-image-11071\" srcset=\"https:\/\/i0.wp.com\/terjebjornstad.com\/no\/wp-content\/uploads\/2017\/06\/citroen-cx-5-686.png?w=686&amp;ssl=1 686w, https:\/\/i0.wp.com\/terjebjornstad.com\/no\/wp-content\/uploads\/2017\/06\/citroen-cx-5-686.png?resize=300%2C200&amp;ssl=1 300w\" sizes=\"auto, (max-width: 686px) 100vw, 686px\" \/><\/a><figcaption id=\"caption-attachment-11071\" class=\"wp-caption-text\">CX spesielle 14 tommers lettmetallsfelger.<\/figcaption><\/figure>\n<figure id=\"attachment_11072\" aria-describedby=\"caption-attachment-11072\" style=\"width: 686px\" class=\"wp-caption aligncenter\"><a href=\"https:\/\/i0.wp.com\/terjebjornstad.com\/no\/wp-content\/uploads\/2017\/06\/citroen-cx-7-686.png?ssl=1\"><img data-recalc-dims=\"1\" loading=\"lazy\" decoding=\"async\" data-attachment-id=\"11072\" data-permalink=\"https:\/\/terjebjornstad.com\/no\/2017\/06\/27\/citroen-cx-en-legende\/citroen-cx-7-686\/\" data-orig-file=\"https:\/\/i0.wp.com\/terjebjornstad.com\/no\/wp-content\/uploads\/2017\/06\/citroen-cx-7-686.png?fit=686%2C362&amp;ssl=1\" data-orig-size=\"686,362\" data-comments-opened=\"1\" data-image-meta=\"{&quot;aperture&quot;:&quot;0&quot;,&quot;credit&quot;:&quot;&quot;,&quot;camera&quot;:&quot;&quot;,&quot;caption&quot;:&quot;&quot;,&quot;created_timestamp&quot;:&quot;0&quot;,&quot;copyright&quot;:&quot;&quot;,&quot;focal_length&quot;:&quot;0&quot;,&quot;iso&quot;:&quot;0&quot;,&quot;shutter_speed&quot;:&quot;0&quot;,&quot;title&quot;:&quot;&quot;,&quot;orientation&quot;:&quot;0&quot;}\" data-image-title=\"Citroen CX serie 1\" data-image-description=\"\" data-image-caption=\"&lt;p&gt;Citroen CX serie 1&lt;\/p&gt;\n\" data-large-file=\"https:\/\/i0.wp.com\/terjebjornstad.com\/no\/wp-content\/uploads\/2017\/06\/citroen-cx-7-686.png?fit=686%2C362&amp;ssl=1\" src=\"https:\/\/i0.wp.com\/terjebjornstad.com\/no\/wp-content\/uploads\/2017\/06\/citroen-cx-7-686.png?resize=686%2C362&#038;ssl=1\" alt=\"\" width=\"686\" height=\"362\" class=\"size-full wp-image-11072\" srcset=\"https:\/\/i0.wp.com\/terjebjornstad.com\/no\/wp-content\/uploads\/2017\/06\/citroen-cx-7-686.png?w=686&amp;ssl=1 686w, https:\/\/i0.wp.com\/terjebjornstad.com\/no\/wp-content\/uploads\/2017\/06\/citroen-cx-7-686.png?resize=300%2C158&amp;ssl=1 300w\" sizes=\"auto, (max-width: 686px) 100vw, 686px\" \/><\/a><figcaption id=\"caption-attachment-11072\" class=\"wp-caption-text\">Citroen CX serie 1<\/figcaption><\/figure>\n<figure id=\"attachment_11074\" aria-describedby=\"caption-attachment-11074\" style=\"width: 686px\" class=\"wp-caption aligncenter\"><a href=\"https:\/\/i0.wp.com\/terjebjornstad.com\/no\/wp-content\/uploads\/2017\/06\/citroen-cx-11-686.png?ssl=1\"><img data-recalc-dims=\"1\" loading=\"lazy\" decoding=\"async\" data-attachment-id=\"11074\" data-permalink=\"https:\/\/terjebjornstad.com\/no\/2017\/06\/27\/citroen-cx-en-legende\/citroen-cx-11-686\/\" data-orig-file=\"https:\/\/i0.wp.com\/terjebjornstad.com\/no\/wp-content\/uploads\/2017\/06\/citroen-cx-11-686.png?fit=686%2C550&amp;ssl=1\" data-orig-size=\"686,550\" data-comments-opened=\"1\" data-image-meta=\"{&quot;aperture&quot;:&quot;0&quot;,&quot;credit&quot;:&quot;&quot;,&quot;camera&quot;:&quot;&quot;,&quot;caption&quot;:&quot;&quot;,&quot;created_timestamp&quot;:&quot;0&quot;,&quot;copyright&quot;:&quot;&quot;,&quot;focal_length&quot;:&quot;0&quot;,&quot;iso&quot;:&quot;0&quot;,&quot;shutter_speed&quot;:&quot;0&quot;,&quot;title&quot;:&quot;&quot;,&quot;orientation&quot;:&quot;0&quot;}\" data-image-title=\"Citroen CX serie 1\" data-image-description=\"\" data-image-caption=\"&lt;p&gt;Citroen CX &amp;#8211; En legende?&lt;\/p&gt;\n\" data-large-file=\"https:\/\/i0.wp.com\/terjebjornstad.com\/no\/wp-content\/uploads\/2017\/06\/citroen-cx-11-686.png?fit=686%2C550&amp;ssl=1\" src=\"https:\/\/i0.wp.com\/terjebjornstad.com\/no\/wp-content\/uploads\/2017\/06\/citroen-cx-11-686.png?resize=686%2C550&#038;ssl=1\" alt=\"\" width=\"686\" height=\"550\" class=\"size-full wp-image-11074\" srcset=\"https:\/\/i0.wp.com\/terjebjornstad.com\/no\/wp-content\/uploads\/2017\/06\/citroen-cx-11-686.png?w=686&amp;ssl=1 686w, https:\/\/i0.wp.com\/terjebjornstad.com\/no\/wp-content\/uploads\/2017\/06\/citroen-cx-11-686.png?resize=300%2C241&amp;ssl=1 300w\" sizes=\"auto, (max-width: 686px) 100vw, 686px\" \/><\/a><figcaption id=\"caption-attachment-11074\" class=\"wp-caption-text\">Citroen CX &#8211; En legende?<\/figcaption><\/figure>\n<p><figure id=\"attachment_11070\" aria-describedby=\"caption-attachment-11070\" style=\"width: 686px\" class=\"wp-caption aligncenter\"><a href=\"https:\/\/i0.wp.com\/terjebjornstad.com\/no\/wp-content\/uploads\/2017\/06\/citroen-cx-3-686.png?ssl=1\"><img data-recalc-dims=\"1\" loading=\"lazy\" decoding=\"async\" data-attachment-id=\"11070\" data-permalink=\"https:\/\/terjebjornstad.com\/no\/2017\/06\/27\/citroen-cx-en-legende\/citroen-cx-3-686\/\" data-orig-file=\"https:\/\/i0.wp.com\/terjebjornstad.com\/no\/wp-content\/uploads\/2017\/06\/citroen-cx-3-686.png?fit=686%2C857&amp;ssl=1\" data-orig-size=\"686,857\" data-comments-opened=\"1\" data-image-meta=\"{&quot;aperture&quot;:&quot;0&quot;,&quot;credit&quot;:&quot;&quot;,&quot;camera&quot;:&quot;&quot;,&quot;caption&quot;:&quot;&quot;,&quot;created_timestamp&quot;:&quot;0&quot;,&quot;copyright&quot;:&quot;&quot;,&quot;focal_length&quot;:&quot;0&quot;,&quot;iso&quot;:&quot;0&quot;,&quot;shutter_speed&quot;:&quot;0&quot;,&quot;title&quot;:&quot;&quot;,&quot;orientation&quot;:&quot;0&quot;}\" data-image-title=\"Citroen CX serie 1\" data-image-description=\"\" data-image-caption=\"&lt;p&gt;Citroen CX serie 1&lt;\/p&gt;\n\" data-large-file=\"https:\/\/i0.wp.com\/terjebjornstad.com\/no\/wp-content\/uploads\/2017\/06\/citroen-cx-3-686.png?fit=686%2C857&amp;ssl=1\" src=\"https:\/\/i0.wp.com\/terjebjornstad.com\/no\/wp-content\/uploads\/2017\/06\/citroen-cx-3-686.png?resize=686%2C857&#038;ssl=1\" alt=\"\" width=\"686\" height=\"857\" class=\"size-full wp-image-11070\" srcset=\"https:\/\/i0.wp.com\/terjebjornstad.com\/no\/wp-content\/uploads\/2017\/06\/citroen-cx-3-686.png?w=686&amp;ssl=1 686w, https:\/\/i0.wp.com\/terjebjornstad.com\/no\/wp-content\/uploads\/2017\/06\/citroen-cx-3-686.png?resize=240%2C300&amp;ssl=1 240w\" sizes=\"auto, (max-width: 686px) 100vw, 686px\" \/><\/a><figcaption id=\"caption-attachment-11070\" class=\"wp-caption-text\">Citroen CX serie 1<\/figcaption><\/figure><\/p>\n<p>&nbsp;<\/p>\n<div id=\"v-uHpT28BF-1\" class=\"video-player\"><iframe title='VideoPress videoavspiller' aria-label='VideoPress videoavspiller' width='980' height='980' src='https:\/\/videopress.com\/embed\/uHpT28BF?hd=1&amp;cover=1&amp;loop=0&amp;autoPlay=0&amp;permalink=1&amp;muted=0&amp;controls=1&amp;playsinline=0&amp;useAverageColor=0&amp;preloadContent=metadata' frameborder='0' allowfullscreen data-resize-to-parent=\"true\" allow='clipboard-write'><\/iframe><script data-jetpack-boost=\"ignore\" src='https:\/\/s0.wp.com\/wp-content\/plugins\/video\/assets\/js\/next\/videopress-iframe.js'><\/script><\/div>\n<h3 class=\"tebh2\">Om bildene<\/h3>\n<p><strong>CX Berline<\/strong><br \/>\nDen gr\u00e5bl\u00e5 bilen i profil &#8211; i senket posisjon &#8211; er en fransk Citroen CX Turbo fotografert p\u00e5 et biltreff i Perpignan, Frankrike, 2023. Den lysegr\u00f8nne serie 1-bilen er fotografert p\u00e5 Maritim, Oslo. Det er en serie 1 bil. Den gr\u00e5bl\u00e5 serie 2 bilen er avbildet p\u00e5 Frogner i Oslo. Det er en GTI-utgave. Den r\u00f8de CX 2400 GTI er avbildet p\u00e5 et Cars &#038; Coffee-treff p\u00e5 \u00d8vrevoll galopp utenfor Oslo. Den bl\u00e5 med lettmetallsfelger er en 1988-modell som ble utstilt p\u00e5 Ekebergmarkedet h\u00f8sten 2025.<\/p>\n<p><strong>CX Break<\/strong><br \/>\nDen s\u00f8lvgr\u00e5 stasjonsvognen deltok p\u00e5 Citronnades-2024 i Sainte-Marie-la-Mer, Frankrike. Den gr\u00e5bl\u00e5 stasjonsvognen er fotografert p\u00e5 et Cars &#038; Coffee treff p\u00e5 \u00d8vrevoll galopp. <\/p>\n<p><strong>Prestige<\/strong><br \/>\nPrestige-modellen er avbildet p\u00e5 Ramstadsletta vest for Oslo. Den har en 2,4 liters motor og ble registrert som ny i Norge. Den skal ha fraktet flere profilerte, norske politikere. <\/p>\n<p>&nbsp;<\/p>\n<p>&nbsp;<br \/>\n<figure id=\"attachment_52852\" aria-describedby=\"caption-attachment-52852\" style=\"width: 671px\" class=\"wp-caption aligncenter\"><a href=\"https:\/\/i0.wp.com\/terjebjornstad.com\/no\/wp-content\/uploads\/2022\/09\/rd2-citroen-cx-671x994-1.jpg?ssl=1\"><img data-recalc-dims=\"1\" loading=\"lazy\" decoding=\"async\" data-attachment-id=\"52852\" data-permalink=\"https:\/\/terjebjornstad.com\/no\/citroen-cx\/rd2-citroen-cx-671x994\/\" data-orig-file=\"https:\/\/i0.wp.com\/terjebjornstad.com\/no\/wp-content\/uploads\/2022\/09\/rd2-citroen-cx-671x994-1.jpg?fit=671%2C994&amp;ssl=1\" data-orig-size=\"671,994\" data-comments-opened=\"1\" data-image-meta=\"{&quot;aperture&quot;:&quot;0&quot;,&quot;credit&quot;:&quot;&quot;,&quot;camera&quot;:&quot;&quot;,&quot;caption&quot;:&quot;&quot;,&quot;created_timestamp&quot;:&quot;0&quot;,&quot;copyright&quot;:&quot;&quot;,&quot;focal_length&quot;:&quot;0&quot;,&quot;iso&quot;:&quot;0&quot;,&quot;shutter_speed&quot;:&quot;0&quot;,&quot;title&quot;:&quot;&quot;,&quot;orientation&quot;:&quot;0&quot;}\" data-image-title=\"rd2-citroen-cx-671&amp;#215;994\" data-image-description=\"\" data-image-caption=\"&lt;p&gt;KIlde: Utklipp fra Det Beste 1979&lt;\/p&gt;\n\" data-large-file=\"https:\/\/i0.wp.com\/terjebjornstad.com\/no\/wp-content\/uploads\/2022\/09\/rd2-citroen-cx-671x994-1.jpg?fit=671%2C994&amp;ssl=1\" src=\"https:\/\/i0.wp.com\/terjebjornstad.com\/no\/wp-content\/uploads\/2022\/09\/rd2-citroen-cx-671x994-1.jpg?resize=671%2C994&#038;ssl=1\" alt=\"\" width=\"671\" height=\"994\" class=\"size-full wp-image-52852\" srcset=\"https:\/\/i0.wp.com\/terjebjornstad.com\/no\/wp-content\/uploads\/2022\/09\/rd2-citroen-cx-671x994-1.jpg?w=671&amp;ssl=1 671w, https:\/\/i0.wp.com\/terjebjornstad.com\/no\/wp-content\/uploads\/2022\/09\/rd2-citroen-cx-671x994-1.jpg?resize=203%2C300&amp;ssl=1 203w\" sizes=\"auto, (max-width: 671px) 100vw, 671px\" \/><\/a><figcaption id=\"caption-attachment-52852\" class=\"wp-caption-text\">KIlde: Utklipp fra Det Beste 1979<\/figcaption><\/figure><\/p>\n<p>&nbsp;<br \/>\n<br \/>\n<figure id=\"attachment_58170\" aria-describedby=\"caption-attachment-58170\" style=\"width: 300px\" class=\"wp-caption aligncenter\"><a href=\"http:\/\/terjebjornstad.com\/no\/citroen\/\"><img data-recalc-dims=\"1\" loading=\"lazy\" decoding=\"async\" data-attachment-id=\"58170\" data-permalink=\"https:\/\/terjebjornstad.com\/no\/citroen\/citroen-logo-300x200\/\" data-orig-file=\"https:\/\/i0.wp.com\/terjebjornstad.com\/no\/wp-content\/uploads\/2023\/03\/citroen-logo-300x200-1.jpg?fit=300%2C200&amp;ssl=1\" data-orig-size=\"300,200\" data-comments-opened=\"1\" data-image-meta=\"{&quot;aperture&quot;:&quot;0&quot;,&quot;credit&quot;:&quot;&quot;,&quot;camera&quot;:&quot;&quot;,&quot;caption&quot;:&quot;&quot;,&quot;created_timestamp&quot;:&quot;0&quot;,&quot;copyright&quot;:&quot;&quot;,&quot;focal_length&quot;:&quot;0&quot;,&quot;iso&quot;:&quot;0&quot;,&quot;shutter_speed&quot;:&quot;0&quot;,&quot;title&quot;:&quot;&quot;,&quot;orientation&quot;:&quot;0&quot;}\" data-image-title=\"citroen-logo-300&amp;#215;200\" data-image-description=\"\" data-image-caption=\"&lt;p&gt;&amp;nbsp;&lt;\/p&gt;\n\" data-large-file=\"https:\/\/i0.wp.com\/terjebjornstad.com\/no\/wp-content\/uploads\/2023\/03\/citroen-logo-300x200-1.jpg?fit=300%2C200&amp;ssl=1\" src=\"https:\/\/i0.wp.com\/terjebjornstad.com\/no\/wp-content\/uploads\/2023\/03\/citroen-logo-300x200-1.jpg?resize=300%2C200&#038;ssl=1\" alt=\"\" width=\"300\" height=\"200\" class=\"size-full wp-image-58170\" \/><\/a><figcaption id=\"caption-attachment-58170\" class=\"wp-caption-text\">&nbsp;<\/figcaption><\/figure><\/p>\n<h3 class=\"tebh2\">Se ogs\u00e5<\/h3>\n<figure id=\"attachment_13688\" aria-describedby=\"caption-attachment-13688\" style=\"width: 150px\" class=\"wp-caption alignleft\"><a href=\"https:\/\/terjebjornstad.com\/no\/2017\/11\/08\/leve-gudinnen\/\"><img data-recalc-dims=\"1\" loading=\"lazy\" decoding=\"async\" data-attachment-id=\"13688\" data-permalink=\"https:\/\/terjebjornstad.com\/no\/2017\/11\/08\/leve-gudinnen\/citroen-ds-0611-1-686\/\" data-orig-file=\"https:\/\/i0.wp.com\/terjebjornstad.com\/no\/wp-content\/uploads\/2017\/11\/citroen-ds-0611-1-686.png?fit=686%2C457&amp;ssl=1\" data-orig-size=\"686,457\" data-comments-opened=\"1\" data-image-meta=\"{&quot;aperture&quot;:&quot;0&quot;,&quot;credit&quot;:&quot;&quot;,&quot;camera&quot;:&quot;&quot;,&quot;caption&quot;:&quot;&quot;,&quot;created_timestamp&quot;:&quot;0&quot;,&quot;copyright&quot;:&quot;&quot;,&quot;focal_length&quot;:&quot;0&quot;,&quot;iso&quot;:&quot;0&quot;,&quot;shutter_speed&quot;:&quot;0&quot;,&quot;title&quot;:&quot;&quot;,&quot;orientation&quot;:&quot;0&quot;}\" data-image-title=\"1971 Citroen DS\" data-image-description=\"\" data-image-caption=\"&lt;p&gt;Citroen DS&lt;\/p&gt;\n\" data-large-file=\"https:\/\/i0.wp.com\/terjebjornstad.com\/no\/wp-content\/uploads\/2017\/11\/citroen-ds-0611-1-686.png?fit=686%2C457&amp;ssl=1\" src=\"https:\/\/i0.wp.com\/terjebjornstad.com\/no\/wp-content\/uploads\/2017\/11\/citroen-ds-0611-1-686.png?resize=150%2C150&#038;ssl=1\" alt=\"citroen cx\" width=\"150\" height=\"150\" class=\"size-full wp-image-13688\" srcset=\"https:\/\/i0.wp.com\/terjebjornstad.com\/no\/wp-content\/uploads\/2017\/11\/citroen-ds-0611-1-686.png?resize=150%2C150&amp;ssl=1 150w, https:\/\/i0.wp.com\/terjebjornstad.com\/no\/wp-content\/uploads\/2017\/11\/citroen-ds-0611-1-686.png?resize=50%2C50&amp;ssl=1 50w, https:\/\/i0.wp.com\/terjebjornstad.com\/no\/wp-content\/uploads\/2017\/11\/citroen-ds-0611-1-686.png?zoom=2&amp;resize=150%2C150&amp;ssl=1 300w, https:\/\/i0.wp.com\/terjebjornstad.com\/no\/wp-content\/uploads\/2017\/11\/citroen-ds-0611-1-686.png?zoom=3&amp;resize=150%2C150&amp;ssl=1 450w\" sizes=\"auto, (max-width: 150px) 100vw, 150px\" \/><\/a><figcaption id=\"caption-attachment-13688\" class=\"wp-caption-text\">Leve gudinnen!<\/figcaption><\/figure>\n<h6><\/h6>\n<p><a href=\"https:\/\/terjebjornstad.com\/no\/2017\/06\/27\/citroen-cx-en-legende\/\" target=\"_blank\" rel=\"noopener noreferrer\"><strong>Citroen CX &#8211; en legende?<\/strong><\/a><br \/>\n<a href=\"https:\/\/www.citroencx.no\/\" target=\"_blank\" rel=\"noopener noreferrer\"><strong>Norsk CX Klubb<\/strong><\/a><\/p>\n<h6><\/h6>\n<\/div>\n","protected":false},"excerpt":{"rendered":"<p>Produksjonen av CX gikk langt fra knirkefritt i starten. Det gjorde at modellen fikk et d\u00e5rlig rykte. Ufortjent, &#8211; for etter hvert gikk alt mye bedre. Etterfulgte legenden DS Det kan ikke ha v\u00e6rt enkelt for Citroen \u00e5 lage en oppf\u00f8lger til legendariske Citro\u00ebn ID\/DS. Det ble ikke bedre av at Citroen ble tatt over [&hellip;]<\/p>\n","protected":false},"author":1,"featured_media":11075,"parent":0,"menu_order":0,"comment_status":"closed","ping_status":"closed","template":"templates\/full-width-page.php","meta":{"_monsterinsights_skip_tracking":false,"_monsterinsights_sitenote_active":false,"_monsterinsights_sitenote_note":"","_monsterinsights_sitenote_category":0,"jetpack_post_was_ever_published":false,"footnotes":""},"class_list":["post-10200","page","type-page","status-publish","has-post-thumbnail","hentry"],"yoast_head":"<!-- This site is optimized with the Yoast SEO plugin v27.4 - https:\/\/yoast.com\/product\/yoast-seo-wordpress\/ -->\n<title>Citroen CX - Terjes biler Ble planlagt med wankelmotor.<\/title>\n<meta name=\"description\" content=\"Citroen CX - Det var ikke enkelt \u00e5 lage en oppf\u00f8lger til legendariske Citro\u00ebn ID\/DS. Heldigvis gikk det bedre etter hvert.\" \/>\n<meta name=\"robots\" content=\"index, follow, max-snippet:-1, max-image-preview:large, max-video-preview:-1\" \/>\n<link rel=\"canonical\" href=\"https:\/\/terjebjornstad.com\/no\/citroen-cx\/\" \/>\n<meta property=\"og:locale\" content=\"nb_NO\" \/>\n<meta property=\"og:type\" content=\"article\" \/>\n<meta property=\"og:title\" content=\"Citroen CX - Terjes biler Ble planlagt med wankelmotor.\" \/>\n<meta property=\"og:description\" content=\"Citroen CX - Det var ikke enkelt \u00e5 lage en oppf\u00f8lger til legendariske Citro\u00ebn ID\/DS. Heldigvis gikk det bedre etter hvert.\" \/>\n<meta property=\"og:url\" content=\"https:\/\/terjebjornstad.com\/no\/citroen-cx\/\" \/>\n<meta property=\"og:site_name\" content=\"Terjes biler\" \/>\n<meta property=\"article:publisher\" content=\"https:\/\/www.facebook.com\/terjesbiler\/\" \/>\n<meta property=\"article:modified_time\" content=\"2026-03-18T23:13:39+00:00\" \/>\n<meta property=\"og:image\" content=\"https:\/\/terjebjornstad.com\/no\/wp-content\/uploads\/2017\/06\/citroen-cx-15-686.png\" \/>\n\t<meta property=\"og:image:width\" content=\"686\" \/>\n\t<meta property=\"og:image:height\" content=\"457\" \/>\n\t<meta property=\"og:image:type\" content=\"image\/png\" \/>\n<meta name=\"twitter:card\" content=\"summary_large_image\" \/>\n<meta name=\"twitter:label1\" content=\"Ansl. lesetid\" \/>\n\t<meta name=\"twitter:data1\" content=\"9 minutter\" \/>\n<script type=\"application\/ld+json\" class=\"yoast-schema-graph\">{\"@context\":\"https:\\\/\\\/schema.org\",\"@graph\":[{\"@type\":\"WebPage\",\"@id\":\"https:\\\/\\\/terjebjornstad.com\\\/no\\\/citroen-cx\\\/\",\"url\":\"https:\\\/\\\/terjebjornstad.com\\\/no\\\/citroen-cx\\\/\",\"name\":\"Citroen CX - Terjes biler Ble planlagt med wankelmotor.\",\"isPartOf\":{\"@id\":\"https:\\\/\\\/terjebjornstad.com\\\/no\\\/#website\"},\"primaryImageOfPage\":{\"@id\":\"https:\\\/\\\/terjebjornstad.com\\\/no\\\/citroen-cx\\\/#primaryimage\"},\"image\":{\"@id\":\"https:\\\/\\\/terjebjornstad.com\\\/no\\\/citroen-cx\\\/#primaryimage\"},\"thumbnailUrl\":\"https:\\\/\\\/i0.wp.com\\\/terjebjornstad.com\\\/no\\\/wp-content\\\/uploads\\\/2017\\\/06\\\/citroen-cx-15-686.png?fit=686%2C457&ssl=1\",\"datePublished\":\"2017-04-17T21:22:05+00:00\",\"dateModified\":\"2026-03-18T23:13:39+00:00\",\"description\":\"Citroen CX - Det var ikke enkelt \u00e5 lage en oppf\u00f8lger til legendariske Citro\u00ebn ID\\\/DS. Heldigvis gikk det bedre etter hvert.\",\"breadcrumb\":{\"@id\":\"https:\\\/\\\/terjebjornstad.com\\\/no\\\/citroen-cx\\\/#breadcrumb\"},\"inLanguage\":\"nb-NO\",\"potentialAction\":[{\"@type\":\"ReadAction\",\"target\":[\"https:\\\/\\\/terjebjornstad.com\\\/no\\\/citroen-cx\\\/\"]}]},{\"@type\":\"ImageObject\",\"inLanguage\":\"nb-NO\",\"@id\":\"https:\\\/\\\/terjebjornstad.com\\\/no\\\/citroen-cx\\\/#primaryimage\",\"url\":\"https:\\\/\\\/i0.wp.com\\\/terjebjornstad.com\\\/no\\\/wp-content\\\/uploads\\\/2017\\\/06\\\/citroen-cx-15-686.png?fit=686%2C457&ssl=1\",\"contentUrl\":\"https:\\\/\\\/i0.wp.com\\\/terjebjornstad.com\\\/no\\\/wp-content\\\/uploads\\\/2017\\\/06\\\/citroen-cx-15-686.png?fit=686%2C457&ssl=1\",\"width\":686,\"height\":457,\"caption\":\"Citroen CX serie 2\"},{\"@type\":\"BreadcrumbList\",\"@id\":\"https:\\\/\\\/terjebjornstad.com\\\/no\\\/citroen-cx\\\/#breadcrumb\",\"itemListElement\":[{\"@type\":\"ListItem\",\"position\":1,\"name\":\"Hjem\",\"item\":\"https:\\\/\\\/terjebjornstad.com\\\/no\\\/\"},{\"@type\":\"ListItem\",\"position\":2,\"name\":\"Citroen CX\"}]},{\"@type\":\"WebSite\",\"@id\":\"https:\\\/\\\/terjebjornstad.com\\\/no\\\/#website\",\"url\":\"https:\\\/\\\/terjebjornstad.com\\\/no\\\/\",\"name\":\"Terjes biler\",\"description\":\"HONEST ABOUT CARS\",\"publisher\":{\"@id\":\"https:\\\/\\\/terjebjornstad.com\\\/no\\\/#organization\"},\"alternateName\":\"Terjebjornstad.com\",\"potentialAction\":[{\"@type\":\"SearchAction\",\"target\":{\"@type\":\"EntryPoint\",\"urlTemplate\":\"https:\\\/\\\/terjebjornstad.com\\\/no\\\/?s={search_term_string}\"},\"query-input\":{\"@type\":\"PropertyValueSpecification\",\"valueRequired\":true,\"valueName\":\"search_term_string\"}}],\"inLanguage\":\"nb-NO\"},{\"@type\":\"Organization\",\"@id\":\"https:\\\/\\\/terjebjornstad.com\\\/no\\\/#organization\",\"name\":\"Terje Bj\u00f8rnstad ENK\",\"url\":\"https:\\\/\\\/terjebjornstad.com\\\/no\\\/\",\"logo\":{\"@type\":\"ImageObject\",\"inLanguage\":\"nb-NO\",\"@id\":\"https:\\\/\\\/terjebjornstad.com\\\/no\\\/#\\\/schema\\\/logo\\\/image\\\/\",\"url\":\"https:\\\/\\\/i0.wp.com\\\/terjebjornstad.com\\\/no\\\/wp-content\\\/uploads\\\/2026\\\/02\\\/terjesbiler2024-960x354-1.png?fit=960%2C354&ssl=1\",\"contentUrl\":\"https:\\\/\\\/i0.wp.com\\\/terjebjornstad.com\\\/no\\\/wp-content\\\/uploads\\\/2026\\\/02\\\/terjesbiler2024-960x354-1.png?fit=960%2C354&ssl=1\",\"width\":960,\"height\":354,\"caption\":\"Terje Bj\u00f8rnstad ENK\"},\"image\":{\"@id\":\"https:\\\/\\\/terjebjornstad.com\\\/no\\\/#\\\/schema\\\/logo\\\/image\\\/\"},\"sameAs\":[\"https:\\\/\\\/www.facebook.com\\\/terjesbiler\\\/\",\"https:\\\/\\\/www.instagram.com\\\/terjesbiler\\\/\",\"https:\\\/\\\/www.pinteres.com\\\/terjebjrnstad\\\/terjes-biler\\\/\"]}]}<\/script>\n<!-- \/ Yoast SEO plugin. -->","yoast_head_json":{"title":"Citroen CX - Terjes biler Ble planlagt med wankelmotor.","description":"Citroen CX - Det var ikke enkelt \u00e5 lage en oppf\u00f8lger til legendariske Citro\u00ebn ID\/DS. Heldigvis gikk det bedre etter hvert.","robots":{"index":"index","follow":"follow","max-snippet":"max-snippet:-1","max-image-preview":"max-image-preview:large","max-video-preview":"max-video-preview:-1"},"canonical":"https:\/\/terjebjornstad.com\/no\/citroen-cx\/","og_locale":"nb_NO","og_type":"article","og_title":"Citroen CX - Terjes biler Ble planlagt med wankelmotor.","og_description":"Citroen CX - Det var ikke enkelt \u00e5 lage en oppf\u00f8lger til legendariske Citro\u00ebn ID\/DS. Heldigvis gikk det bedre etter hvert.","og_url":"https:\/\/terjebjornstad.com\/no\/citroen-cx\/","og_site_name":"Terjes biler","article_publisher":"https:\/\/www.facebook.com\/terjesbiler\/","article_modified_time":"2026-03-18T23:13:39+00:00","og_image":[{"width":686,"height":457,"url":"https:\/\/terjebjornstad.com\/no\/wp-content\/uploads\/2017\/06\/citroen-cx-15-686.png","type":"image\/png"}],"twitter_card":"summary_large_image","twitter_misc":{"Ansl. lesetid":"9 minutter"},"schema":{"@context":"https:\/\/schema.org","@graph":[{"@type":"WebPage","@id":"https:\/\/terjebjornstad.com\/no\/citroen-cx\/","url":"https:\/\/terjebjornstad.com\/no\/citroen-cx\/","name":"Citroen CX - Terjes biler Ble planlagt med wankelmotor.","isPartOf":{"@id":"https:\/\/terjebjornstad.com\/no\/#website"},"primaryImageOfPage":{"@id":"https:\/\/terjebjornstad.com\/no\/citroen-cx\/#primaryimage"},"image":{"@id":"https:\/\/terjebjornstad.com\/no\/citroen-cx\/#primaryimage"},"thumbnailUrl":"https:\/\/i0.wp.com\/terjebjornstad.com\/no\/wp-content\/uploads\/2017\/06\/citroen-cx-15-686.png?fit=686%2C457&ssl=1","datePublished":"2017-04-17T21:22:05+00:00","dateModified":"2026-03-18T23:13:39+00:00","description":"Citroen CX - Det var ikke enkelt \u00e5 lage en oppf\u00f8lger til legendariske Citro\u00ebn ID\/DS. Heldigvis gikk det bedre etter hvert.","breadcrumb":{"@id":"https:\/\/terjebjornstad.com\/no\/citroen-cx\/#breadcrumb"},"inLanguage":"nb-NO","potentialAction":[{"@type":"ReadAction","target":["https:\/\/terjebjornstad.com\/no\/citroen-cx\/"]}]},{"@type":"ImageObject","inLanguage":"nb-NO","@id":"https:\/\/terjebjornstad.com\/no\/citroen-cx\/#primaryimage","url":"https:\/\/i0.wp.com\/terjebjornstad.com\/no\/wp-content\/uploads\/2017\/06\/citroen-cx-15-686.png?fit=686%2C457&ssl=1","contentUrl":"https:\/\/i0.wp.com\/terjebjornstad.com\/no\/wp-content\/uploads\/2017\/06\/citroen-cx-15-686.png?fit=686%2C457&ssl=1","width":686,"height":457,"caption":"Citroen CX serie 2"},{"@type":"BreadcrumbList","@id":"https:\/\/terjebjornstad.com\/no\/citroen-cx\/#breadcrumb","itemListElement":[{"@type":"ListItem","position":1,"name":"Hjem","item":"https:\/\/terjebjornstad.com\/no\/"},{"@type":"ListItem","position":2,"name":"Citroen CX"}]},{"@type":"WebSite","@id":"https:\/\/terjebjornstad.com\/no\/#website","url":"https:\/\/terjebjornstad.com\/no\/","name":"Terjes biler","description":"HONEST ABOUT CARS","publisher":{"@id":"https:\/\/terjebjornstad.com\/no\/#organization"},"alternateName":"Terjebjornstad.com","potentialAction":[{"@type":"SearchAction","target":{"@type":"EntryPoint","urlTemplate":"https:\/\/terjebjornstad.com\/no\/?s={search_term_string}"},"query-input":{"@type":"PropertyValueSpecification","valueRequired":true,"valueName":"search_term_string"}}],"inLanguage":"nb-NO"},{"@type":"Organization","@id":"https:\/\/terjebjornstad.com\/no\/#organization","name":"Terje Bj\u00f8rnstad ENK","url":"https:\/\/terjebjornstad.com\/no\/","logo":{"@type":"ImageObject","inLanguage":"nb-NO","@id":"https:\/\/terjebjornstad.com\/no\/#\/schema\/logo\/image\/","url":"https:\/\/i0.wp.com\/terjebjornstad.com\/no\/wp-content\/uploads\/2026\/02\/terjesbiler2024-960x354-1.png?fit=960%2C354&ssl=1","contentUrl":"https:\/\/i0.wp.com\/terjebjornstad.com\/no\/wp-content\/uploads\/2026\/02\/terjesbiler2024-960x354-1.png?fit=960%2C354&ssl=1","width":960,"height":354,"caption":"Terje Bj\u00f8rnstad ENK"},"image":{"@id":"https:\/\/terjebjornstad.com\/no\/#\/schema\/logo\/image\/"},"sameAs":["https:\/\/www.facebook.com\/terjesbiler\/","https:\/\/www.instagram.com\/terjesbiler\/","https:\/\/www.pinteres.com\/terjebjrnstad\/terjes-biler\/"]}]}},"jetpack_sharing_enabled":true,"jetpack_shortlink":"https:\/\/wp.me\/P48zYA-2Ew","jetpack-related-posts":[{"id":5242,"url":"https:\/\/terjebjornstad.com\/no\/citroen\/","url_meta":{"origin":10200,"position":0},"title":"Automobiles Citro\u00ebn ble grunnlagt i\u2026","author":"Terje Bj\u00f8rnstad","date":"21\/06\/2016","format":false,"excerpt":"Automobiles Citro\u00ebn ble grunnlagt i 1919 av Andr\u00e9 Citro\u00ebn. Selskapet gikk konkurs to ganger - i 1934 forut for lansering av sin Traction Avant - og i 1974 like f\u00f8r CX skulle produseres. Citroen ble da tatt over av Peugeot og etter hver ble PSA stiftet. I 2021 gikk PSA\u2026","rel":"","context":"Liknende innlegg","block_context":{"text":"Liknende innlegg","link":""},"img":{"alt_text":"","src":"https:\/\/i0.wp.com\/terjebjornstad.com\/no\/wp-content\/uploads\/2023\/03\/citroen-logo-300x200-1.jpg?resize=350%2C200&ssl=1","width":350,"height":200},"classes":[]},{"id":42018,"url":"https:\/\/terjebjornstad.com\/no\/citroen-xm\/","url_meta":{"origin":10200,"position":1},"title":"Citroen XM","author":"Terje Bj\u00f8rnstad","date":"26\/07\/2021","format":false,"excerpt":"Det er ikke ofte man ser Citroen XM p\u00e5 veien. Jeg ferdes mye langs gater og veier i Syd-Frankrike. Jeg ser alltid etter DS, CX og XM. XM'er finner jeg bare i en eller annen forlatt tilstand. \u00a0 Barnesykdommer XM ble produsert som \u00e5rsmodeller fra 1989 til og med 2000.\u2026","rel":"","context":"Liknende innlegg","block_context":{"text":"Liknende innlegg","link":""},"img":{"alt_text":"","src":"https:\/\/i0.wp.com\/terjebjornstad.com\/no\/wp-content\/uploads\/2022\/08\/citroen-xm-turbo-ct-1290x853-1.jpg?fit=1200%2C800&ssl=1&resize=350%2C200","width":350,"height":200,"srcset":"https:\/\/i0.wp.com\/terjebjornstad.com\/no\/wp-content\/uploads\/2022\/08\/citroen-xm-turbo-ct-1290x853-1.jpg?fit=1200%2C800&ssl=1&resize=350%2C200 1x, https:\/\/i0.wp.com\/terjebjornstad.com\/no\/wp-content\/uploads\/2022\/08\/citroen-xm-turbo-ct-1290x853-1.jpg?fit=1200%2C800&ssl=1&resize=525%2C300 1.5x, https:\/\/i0.wp.com\/terjebjornstad.com\/no\/wp-content\/uploads\/2022\/08\/citroen-xm-turbo-ct-1290x853-1.jpg?fit=1200%2C800&ssl=1&resize=700%2C400 2x, https:\/\/i0.wp.com\/terjebjornstad.com\/no\/wp-content\/uploads\/2022\/08\/citroen-xm-turbo-ct-1290x853-1.jpg?fit=1200%2C800&ssl=1&resize=1050%2C600 3x"},"classes":[]},{"id":7480,"url":"https:\/\/terjebjornstad.com\/no\/citroen-ds-id\/","url_meta":{"origin":10200,"position":2},"title":"Citroen DS\/ID","author":"Terje Bj\u00f8rnstad","date":"21\/09\/2016","format":false,"excerpt":"Futuristisk, sofistikert, innovativ, eksentrisk og en tanke spr\u00f8. Det er karakteristikker som har fulgt Citroen DS gjennom 20 \u00e5r i produksjon. I l\u00f8pet av de 20 \u00e5rene Citroen DS har v\u00e6rt i produksjon, ble det gjort to facelifts. \u00c9n mindre oppdatering i 1962 og \u00e9n stor i 1967. Da modellen\u2026","rel":"","context":"Liknende innlegg","block_context":{"text":"Liknende innlegg","link":""},"img":{"alt_text":"","src":"https:\/\/i0.wp.com\/terjebjornstad.com\/no\/wp-content\/uploads\/2025\/12\/2-1970-citroen-ds21-pallas-1440x1080-1.jpg?resize=350%2C200&ssl=1","width":350,"height":200,"srcset":"https:\/\/i0.wp.com\/terjebjornstad.com\/no\/wp-content\/uploads\/2025\/12\/2-1970-citroen-ds21-pallas-1440x1080-1.jpg?resize=350%2C200&ssl=1 1x, https:\/\/i0.wp.com\/terjebjornstad.com\/no\/wp-content\/uploads\/2025\/12\/2-1970-citroen-ds21-pallas-1440x1080-1.jpg?resize=525%2C300&ssl=1 1.5x, https:\/\/i0.wp.com\/terjebjornstad.com\/no\/wp-content\/uploads\/2025\/12\/2-1970-citroen-ds21-pallas-1440x1080-1.jpg?resize=700%2C400&ssl=1 2x, https:\/\/i0.wp.com\/terjebjornstad.com\/no\/wp-content\/uploads\/2025\/12\/2-1970-citroen-ds21-pallas-1440x1080-1.jpg?resize=1050%2C600&ssl=1 3x, https:\/\/i0.wp.com\/terjebjornstad.com\/no\/wp-content\/uploads\/2025\/12\/2-1970-citroen-ds21-pallas-1440x1080-1.jpg?resize=1400%2C800&ssl=1 4x"},"classes":[]},{"id":41104,"url":"https:\/\/terjebjornstad.com\/no\/citroen-11cv\/","url_meta":{"origin":10200,"position":3},"title":"Citroen 11CV","author":"Terje Bj\u00f8rnstad","date":"15\/06\/2021","format":false,"excerpt":"\u00a0 Traction avant Selvb\u00e6rende karosseri, ett hjul i hvert hj\u00f8rne, uavhengig fj\u00e6ring p\u00e5 alle fire hjul, lavt tyngdepunkt, forhjulstrekk og tannstangstyring var ikke daglig kost da modellen dukket opp i 1934. Dette ble en bil med overlegne kj\u00f8reegenskaper. I reklamen ble modellens sikkerhet fremhevet - og da var det den\u2026","rel":"","context":"Liknende innlegg","block_context":{"text":"Liknende innlegg","link":""},"img":{"alt_text":"","src":"https:\/\/i0.wp.com\/terjebjornstad.com\/no\/wp-content\/uploads\/2021\/06\/22-citroen-1950-11-traction-avant-1080x720-1.png?fit=1080%2C720&ssl=1&resize=350%2C200","width":350,"height":200,"srcset":"https:\/\/i0.wp.com\/terjebjornstad.com\/no\/wp-content\/uploads\/2021\/06\/22-citroen-1950-11-traction-avant-1080x720-1.png?fit=1080%2C720&ssl=1&resize=350%2C200 1x, https:\/\/i0.wp.com\/terjebjornstad.com\/no\/wp-content\/uploads\/2021\/06\/22-citroen-1950-11-traction-avant-1080x720-1.png?fit=1080%2C720&ssl=1&resize=525%2C300 1.5x, https:\/\/i0.wp.com\/terjebjornstad.com\/no\/wp-content\/uploads\/2021\/06\/22-citroen-1950-11-traction-avant-1080x720-1.png?fit=1080%2C720&ssl=1&resize=700%2C400 2x, https:\/\/i0.wp.com\/terjebjornstad.com\/no\/wp-content\/uploads\/2021\/06\/22-citroen-1950-11-traction-avant-1080x720-1.png?fit=1080%2C720&ssl=1&resize=1050%2C600 3x"},"classes":[]},{"id":6163,"url":"https:\/\/terjebjornstad.com\/no\/2010-2012-citroen-c6\/","url_meta":{"origin":10200,"position":4},"title":"Citroen C6","author":"Terje Bj\u00f8rnstad","date":"10\/07\/2016","format":false,"excerpt":"Siste ordentlige Citroen? Citro\u00ebn C6 ble ingen kommersiell suksess. Peugeot-Citroen (PSA) trengte en bil for president og statsfolk. I dag er C6 en bil kun for entusiaster. Jeg er noks\u00e5 sikker p\u00e5 at C6-eiere er mer interessert i bil, enn andre. Ingen velger en Citroen C6 s\u00e5nn uten videre. Noen\u2026","rel":"","context":"Liknende innlegg","block_context":{"text":"Liknende innlegg","link":""},"img":{"alt_text":"","src":"https:\/\/i0.wp.com\/terjebjornstad.com\/no\/wp-content\/uploads\/2019\/12\/2007-citroen-c6-1080x720.png?fit=1080%2C720&ssl=1&resize=350%2C200","width":350,"height":200,"srcset":"https:\/\/i0.wp.com\/terjebjornstad.com\/no\/wp-content\/uploads\/2019\/12\/2007-citroen-c6-1080x720.png?fit=1080%2C720&ssl=1&resize=350%2C200 1x, https:\/\/i0.wp.com\/terjebjornstad.com\/no\/wp-content\/uploads\/2019\/12\/2007-citroen-c6-1080x720.png?fit=1080%2C720&ssl=1&resize=525%2C300 1.5x, https:\/\/i0.wp.com\/terjebjornstad.com\/no\/wp-content\/uploads\/2019\/12\/2007-citroen-c6-1080x720.png?fit=1080%2C720&ssl=1&resize=700%2C400 2x, https:\/\/i0.wp.com\/terjebjornstad.com\/no\/wp-content\/uploads\/2019\/12\/2007-citroen-c6-1080x720.png?fit=1080%2C720&ssl=1&resize=1050%2C600 3x"},"classes":[]},{"id":47806,"url":"https:\/\/terjebjornstad.com\/no\/citroen-visa\/","url_meta":{"origin":10200,"position":5},"title":"Citroen Visa","author":"Terje Bj\u00f8rnstad","date":"10\/04\/2022","format":false,"excerpt":"\u00a0 Fra luft til vann Citroen Visa ble utformet som en modellserie som skulle fange opp kunder fra 2CV, Dyane og Ami. Understell med lang fj\u00e6ringsvei samt et litt \"spr\u00f8tt\" design p\u00e5 bil, instrumentbord og innredning skulle f\u00e5 gamle Citroen-kunder til \u00e5 f\u00f8le seg hjemme. De f\u00f8rste bilene hadde til\u2026","rel":"","context":"Liknende innlegg","block_context":{"text":"Liknende innlegg","link":""},"img":{"alt_text":"","src":"https:\/\/i0.wp.com\/terjebjornstad.com\/no\/wp-content\/uploads\/2022\/04\/citroen-visa-club-1080x720-1.png?fit=1080%2C720&ssl=1&resize=350%2C200","width":350,"height":200,"srcset":"https:\/\/i0.wp.com\/terjebjornstad.com\/no\/wp-content\/uploads\/2022\/04\/citroen-visa-club-1080x720-1.png?fit=1080%2C720&ssl=1&resize=350%2C200 1x, https:\/\/i0.wp.com\/terjebjornstad.com\/no\/wp-content\/uploads\/2022\/04\/citroen-visa-club-1080x720-1.png?fit=1080%2C720&ssl=1&resize=525%2C300 1.5x, https:\/\/i0.wp.com\/terjebjornstad.com\/no\/wp-content\/uploads\/2022\/04\/citroen-visa-club-1080x720-1.png?fit=1080%2C720&ssl=1&resize=700%2C400 2x, https:\/\/i0.wp.com\/terjebjornstad.com\/no\/wp-content\/uploads\/2022\/04\/citroen-visa-club-1080x720-1.png?fit=1080%2C720&ssl=1&resize=1050%2C600 3x"},"classes":[]}],"_links":{"self":[{"href":"https:\/\/terjebjornstad.com\/no\/wp-json\/wp\/v2\/pages\/10200","targetHints":{"allow":["GET"]}}],"collection":[{"href":"https:\/\/terjebjornstad.com\/no\/wp-json\/wp\/v2\/pages"}],"about":[{"href":"https:\/\/terjebjornstad.com\/no\/wp-json\/wp\/v2\/types\/page"}],"author":[{"embeddable":true,"href":"https:\/\/terjebjornstad.com\/no\/wp-json\/wp\/v2\/users\/1"}],"replies":[{"embeddable":true,"href":"https:\/\/terjebjornstad.com\/no\/wp-json\/wp\/v2\/comments?post=10200"}],"version-history":[{"count":46,"href":"https:\/\/terjebjornstad.com\/no\/wp-json\/wp\/v2\/pages\/10200\/revisions"}],"predecessor-version":[{"id":91696,"href":"https:\/\/terjebjornstad.com\/no\/wp-json\/wp\/v2\/pages\/10200\/revisions\/91696"}],"wp:featuredmedia":[{"embeddable":true,"href":"https:\/\/terjebjornstad.com\/no\/wp-json\/wp\/v2\/media\/11075"}],"wp:attachment":[{"href":"https:\/\/terjebjornstad.com\/no\/wp-json\/wp\/v2\/media?parent=10200"}],"curies":[{"name":"wp","href":"https:\/\/api.w.org\/{rel}","templated":true}]}}