{"id":10100,"date":"2017-04-11T12:27:16","date_gmt":"2017-04-11T12:27:16","guid":{"rendered":"http:\/\/terjebjornstad.com\/no\/?page_id=10100"},"modified":"2026-02-09T10:13:17","modified_gmt":"2026-02-09T09:13:17","slug":"dkw","status":"publish","type":"page","link":"https:\/\/terjebjornstad.com\/no\/dkw\/","title":{"rendered":""},"content":{"rendered":"<figure id=\"attachment_58276\" aria-describedby=\"caption-attachment-58276\" style=\"width: 300px\" class=\"wp-caption alignleft\"><img data-recalc-dims=\"1\" loading=\"lazy\" decoding=\"async\" data-attachment-id=\"58276\" data-permalink=\"https:\/\/terjebjornstad.com\/no\/dkw\/dkw-logo-300x200\/\" data-orig-file=\"https:\/\/i0.wp.com\/terjebjornstad.com\/no\/wp-content\/uploads\/2023\/03\/dkw-logo-300x200-1.jpg?fit=300%2C200&amp;ssl=1\" data-orig-size=\"300,200\" data-comments-opened=\"1\" data-image-meta=\"{&quot;aperture&quot;:&quot;0&quot;,&quot;credit&quot;:&quot;&quot;,&quot;camera&quot;:&quot;&quot;,&quot;caption&quot;:&quot;&quot;,&quot;created_timestamp&quot;:&quot;0&quot;,&quot;copyright&quot;:&quot;&quot;,&quot;focal_length&quot;:&quot;0&quot;,&quot;iso&quot;:&quot;0&quot;,&quot;shutter_speed&quot;:&quot;0&quot;,&quot;title&quot;:&quot;&quot;,&quot;orientation&quot;:&quot;0&quot;}\" data-image-title=\"dkw-logo-300&amp;#215;200\" data-image-description=\"\" data-image-caption=\"&lt;p&gt;&amp;nbsp;&lt;\/p&gt;\n\" data-large-file=\"https:\/\/i0.wp.com\/terjebjornstad.com\/no\/wp-content\/uploads\/2023\/03\/dkw-logo-300x200-1.jpg?fit=300%2C200&amp;ssl=1\" src=\"https:\/\/i0.wp.com\/terjebjornstad.com\/no\/wp-content\/uploads\/2023\/03\/dkw-logo-300x200-1.jpg?resize=300%2C200&#038;ssl=1\" alt=\"\" width=\"300\" height=\"200\" class=\"size-full wp-image-58276\" \/><figcaption id=\"caption-attachment-58276\" class=\"wp-caption-text\">&nbsp;<\/figcaption><\/figure>\n<div class=\"copy_teb1\">DKW ble stiftet av dansken J\u00f8rgen Rasmussen i 1916 for \u00e5 bygge dampbiler. Det gikk ikke s\u00e5 bra, men han skapte en 2-taktsmotor i 1919. I 1932 fusjonerte DKW sammen med dav\u00e6rende Audi, Horsch og Wanderer til AutoUnionsymbolisert med fire ringer. Etter krigen havnet DKW bak jernteppet men ble relokalisert i Vest-Tyskland hvor de til slutt endte opp i Ingolstadt.<\/div>\n<h6><\/h6>\n<figure id=\"attachment_10003\" aria-describedby=\"caption-attachment-10003\" style=\"width: 300px\" class=\"wp-caption alignleft\"><a href=\"https:\/\/terjebjornstad.com\/no\/dkw-f91\/\"><img data-recalc-dims=\"1\" loading=\"lazy\" decoding=\"async\" data-attachment-id=\"10003\" data-permalink=\"https:\/\/terjebjornstad.com\/no\/2017\/04\/11\/fra-ferrari-til-cressida\/dkw3-6-1\/\" data-orig-file=\"https:\/\/i0.wp.com\/terjebjornstad.com\/no\/wp-content\/uploads\/2017\/04\/dkw3-6-1.png?fit=686%2C500&amp;ssl=1\" data-orig-size=\"686,500\" data-comments-opened=\"1\" data-image-meta=\"{&quot;aperture&quot;:&quot;0&quot;,&quot;credit&quot;:&quot;&quot;,&quot;camera&quot;:&quot;&quot;,&quot;caption&quot;:&quot;&quot;,&quot;created_timestamp&quot;:&quot;0&quot;,&quot;copyright&quot;:&quot;&quot;,&quot;focal_length&quot;:&quot;0&quot;,&quot;iso&quot;:&quot;0&quot;,&quot;shutter_speed&quot;:&quot;0&quot;,&quot;title&quot;:&quot;&quot;,&quot;orientation&quot;:&quot;0&quot;}\" data-image-title=\"dkw3-6-1\" data-image-description=\"\" data-image-caption=\"&lt;p&gt;DKW 3=6 Sonderklasse&lt;\/p&gt;\n\" data-large-file=\"https:\/\/i0.wp.com\/terjebjornstad.com\/no\/wp-content\/uploads\/2017\/04\/dkw3-6-1.png?fit=686%2C500&amp;ssl=1\" src=\"https:\/\/i0.wp.com\/terjebjornstad.com\/no\/wp-content\/uploads\/2017\/04\/dkw3-6-1.png?resize=274%2C200&#038;ssl=1\" alt=\"\" width=\"274\" height=\"200\" class=\"size-medium wp-image-10003\" srcset=\"https:\/\/i0.wp.com\/terjebjornstad.com\/no\/wp-content\/uploads\/2017\/04\/dkw3-6-1.png?resize=300%2C219&amp;ssl=1 300w, https:\/\/i0.wp.com\/terjebjornstad.com\/no\/wp-content\/uploads\/2017\/04\/dkw3-6-1.png?w=686&amp;ssl=1 686w\" sizes=\"auto, (max-width: 274px) 100vw, 274px\" \/><\/a><figcaption id=\"caption-attachment-10003\" class=\"wp-caption-text\"><\/p>\n<h3 class=\"tebh2s\">DKW F91<\/h3>\n<div class=\"tebtext\">Visste du at Audi stammer fra DKW? Den f\u00f8rste selvstendige Audi-modellen, Audi 60, var visuelt sett nesten en kopi av DKW AutoUnion F102.<\/div>\n<p><\/figcaption><\/figure>\n<figure id=\"attachment_48883\" aria-describedby=\"caption-attachment-48883\" style=\"width: 300px\" class=\"wp-caption alignleft\"><a href=\"https:\/\/terjebjornstad.com\/no\/dkw-auto-union-1000\/\"><img data-recalc-dims=\"1\" loading=\"lazy\" decoding=\"async\" data-attachment-id=\"48883\" data-permalink=\"https:\/\/terjebjornstad.com\/no\/dkw\/1958-dkw-autounion-1000-1080x720\/\" data-orig-file=\"https:\/\/i0.wp.com\/terjebjornstad.com\/no\/wp-content\/uploads\/2022\/06\/1958-dkw-autounion-1000-1080x720-1.png?fit=1080%2C720&amp;ssl=1\" data-orig-size=\"1080,720\" data-comments-opened=\"1\" data-image-meta=\"{&quot;aperture&quot;:&quot;0&quot;,&quot;credit&quot;:&quot;&quot;,&quot;camera&quot;:&quot;&quot;,&quot;caption&quot;:&quot;&quot;,&quot;created_timestamp&quot;:&quot;0&quot;,&quot;copyright&quot;:&quot;&quot;,&quot;focal_length&quot;:&quot;0&quot;,&quot;iso&quot;:&quot;0&quot;,&quot;shutter_speed&quot;:&quot;0&quot;,&quot;title&quot;:&quot;&quot;,&quot;orientation&quot;:&quot;0&quot;}\" data-image-title=\"1958-dkw-autounion-1000-1080&amp;#215;720\" data-image-description=\"\" data-image-caption=\"&lt;p&gt;DKW Autounion 1000&lt;\/p&gt;\n\" data-large-file=\"https:\/\/i0.wp.com\/terjebjornstad.com\/no\/wp-content\/uploads\/2022\/06\/1958-dkw-autounion-1000-1080x720-1.png?fit=980%2C653&amp;ssl=1\" src=\"https:\/\/i0.wp.com\/terjebjornstad.com\/no\/wp-content\/uploads\/2022\/06\/1958-dkw-autounion-1000-1080x720-1.png?resize=300%2C200&#038;ssl=1\" alt=\"motordilla\" width=\"300\" height=\"200\" class=\"size-medium wp-image-48883\" srcset=\"https:\/\/i0.wp.com\/terjebjornstad.com\/no\/wp-content\/uploads\/2022\/06\/1958-dkw-autounion-1000-1080x720-1.png?resize=300%2C200&amp;ssl=1 300w, https:\/\/i0.wp.com\/terjebjornstad.com\/no\/wp-content\/uploads\/2022\/06\/1958-dkw-autounion-1000-1080x720-1.png?resize=768%2C512&amp;ssl=1 768w, https:\/\/i0.wp.com\/terjebjornstad.com\/no\/wp-content\/uploads\/2022\/06\/1958-dkw-autounion-1000-1080x720-1.png?resize=690%2C460&amp;ssl=1 690w, https:\/\/i0.wp.com\/terjebjornstad.com\/no\/wp-content\/uploads\/2022\/06\/1958-dkw-autounion-1000-1080x720-1.png?resize=980%2C653&amp;ssl=1 980w, https:\/\/i0.wp.com\/terjebjornstad.com\/no\/wp-content\/uploads\/2022\/06\/1958-dkw-autounion-1000-1080x720-1.png?w=1080&amp;ssl=1 1080w\" sizes=\"auto, (max-width: 300px) 100vw, 300px\" \/><\/a><figcaption id=\"caption-attachment-48883\" class=\"wp-caption-text\"><\/p>\n<h3 class=\"tebh2s\">DKW Auto Union 1000<\/h3>\n<div class=\"tebtext\">\u2013 Pappa, er det en Audi? \u2013 spurte gutten da han passerte DKW\u2019en p\u00e5 bildet. Nei! \u2013 kom det bryskt fra faren. Men gutten hadde sett de fire ringene i grillen.<\/div>\n<p><\/figcaption><\/figure>\n<p><a href=\"https:\/\/terjebjornstad.com\/no\/bildekatalogen\/\"><img data-recalc-dims=\"1\" loading=\"lazy\" decoding=\"async\" data-attachment-id=\"30740\" data-permalink=\"https:\/\/terjebjornstad.com\/no\/bildekatalogen\/bilkatalogen-1\/\" data-orig-file=\"https:\/\/i0.wp.com\/terjebjornstad.com\/no\/wp-content\/uploads\/2020\/02\/bilkatalogen-1.png?fit=183%2C53&amp;ssl=1\" data-orig-size=\"183,53\" data-comments-opened=\"1\" data-image-meta=\"{&quot;aperture&quot;:&quot;0&quot;,&quot;credit&quot;:&quot;&quot;,&quot;camera&quot;:&quot;&quot;,&quot;caption&quot;:&quot;&quot;,&quot;created_timestamp&quot;:&quot;0&quot;,&quot;copyright&quot;:&quot;&quot;,&quot;focal_length&quot;:&quot;0&quot;,&quot;iso&quot;:&quot;0&quot;,&quot;shutter_speed&quot;:&quot;0&quot;,&quot;title&quot;:&quot;&quot;,&quot;orientation&quot;:&quot;0&quot;}\" data-image-title=\"bilkatalogen-1\" data-image-description=\"\" data-image-caption=\"\" data-large-file=\"https:\/\/i0.wp.com\/terjebjornstad.com\/no\/wp-content\/uploads\/2020\/02\/bilkatalogen-1.png?fit=183%2C53&amp;ssl=1\" src=\"https:\/\/i0.wp.com\/terjebjornstad.com\/no\/wp-content\/uploads\/2024\/09\/bilkatalogen-1-wiii-1.png?resize=183%2C53&#038;ssl=1\" alt=\"longchamp\" width=\"183\" height=\"53\" class=\"alignright size-full wp-image-30740\" \/><\/a><\/p>\n<h6><\/h6>\n","protected":false},"excerpt":{"rendered":"<p>DKW ble stiftet av dansken J\u00f8rgen Rasmussen i 1916 for \u00e5 bygge dampbiler. Det gikk ikke s\u00e5 bra, men han skapte en 2-taktsmotor i 1919. I 1932 fusjonerte DKW sammen med dav\u00e6rende Audi, Horsch og Wanderer til AutoUnionsymbolisert med fire ringer. Etter krigen havnet DKW bak jernteppet men ble relokalisert i Vest-Tyskland hvor de til [&hellip;]<\/p>\n","protected":false},"author":1,"featured_media":58276,"parent":0,"menu_order":0,"comment_status":"closed","ping_status":"closed","template":"templates\/full-width-page.php","meta":{"_monsterinsights_skip_tracking":false,"_monsterinsights_sitenote_active":false,"_monsterinsights_sitenote_note":"","_monsterinsights_sitenote_category":0,"jetpack_post_was_ever_published":false,"footnotes":""},"class_list":["post-10100","page","type-page","status-publish","has-post-thumbnail","hentry"],"yoast_head":"<!-- This site is optimized with the Yoast SEO plugin v27.5 - https:\/\/yoast.com\/product\/yoast-seo-wordpress\/ -->\n<title>- Terjes biler<\/title>\n<meta name=\"robots\" content=\"index, follow, max-snippet:-1, max-image-preview:large, max-video-preview:-1\" \/>\n<link rel=\"canonical\" href=\"https:\/\/terjebjornstad.com\/no\/dkw\/\" \/>\n<meta property=\"og:locale\" content=\"nb_NO\" \/>\n<meta property=\"og:type\" content=\"article\" \/>\n<meta property=\"og:title\" content=\"- Terjes biler\" \/>\n<meta property=\"og:description\" content=\"DKW ble stiftet av dansken J\u00f8rgen Rasmussen i 1916 for \u00e5 bygge dampbiler. Det gikk ikke s\u00e5 bra, men han skapte en 2-taktsmotor i 1919. I 1932 fusjonerte DKW sammen med dav\u00e6rende Audi, Horsch og Wanderer til AutoUnionsymbolisert med fire ringer. Etter krigen havnet DKW bak jernteppet men ble relokalisert i Vest-Tyskland hvor de til [&hellip;]\" \/>\n<meta property=\"og:url\" content=\"https:\/\/terjebjornstad.com\/no\/dkw\/\" \/>\n<meta property=\"og:site_name\" content=\"Terjes biler\" \/>\n<meta property=\"article:publisher\" content=\"https:\/\/www.facebook.com\/terjesbiler\/\" \/>\n<meta property=\"article:modified_time\" content=\"2026-02-09T09:13:17+00:00\" \/>\n<meta property=\"og:image\" content=\"https:\/\/terjebjornstad.com\/no\/wp-content\/uploads\/2023\/03\/dkw-logo-300x200-1.jpg\" \/>\n\t<meta property=\"og:image:width\" content=\"300\" \/>\n\t<meta property=\"og:image:height\" content=\"200\" \/>\n\t<meta property=\"og:image:type\" content=\"image\/jpeg\" \/>\n<meta name=\"twitter:card\" content=\"summary_large_image\" \/>\n<meta name=\"twitter:label1\" content=\"Ansl. lesetid\" \/>\n\t<meta name=\"twitter:data1\" content=\"2 minutter\" \/>\n<script type=\"application\/ld+json\" class=\"yoast-schema-graph\">{\"@context\":\"https:\\\/\\\/schema.org\",\"@graph\":[{\"@type\":\"WebPage\",\"@id\":\"https:\\\/\\\/terjebjornstad.com\\\/no\\\/dkw\\\/\",\"url\":\"https:\\\/\\\/terjebjornstad.com\\\/no\\\/dkw\\\/\",\"name\":\"- Terjes biler\",\"isPartOf\":{\"@id\":\"https:\\\/\\\/terjebjornstad.com\\\/no\\\/#website\"},\"primaryImageOfPage\":{\"@id\":\"https:\\\/\\\/terjebjornstad.com\\\/no\\\/dkw\\\/#primaryimage\"},\"image\":{\"@id\":\"https:\\\/\\\/terjebjornstad.com\\\/no\\\/dkw\\\/#primaryimage\"},\"thumbnailUrl\":\"https:\\\/\\\/i0.wp.com\\\/terjebjornstad.com\\\/no\\\/wp-content\\\/uploads\\\/2023\\\/03\\\/dkw-logo-300x200-1.jpg?fit=300%2C200&ssl=1\",\"datePublished\":\"2017-04-11T12:27:16+00:00\",\"dateModified\":\"2026-02-09T09:13:17+00:00\",\"inLanguage\":\"nb-NO\",\"potentialAction\":[{\"@type\":\"ReadAction\",\"target\":[\"https:\\\/\\\/terjebjornstad.com\\\/no\\\/dkw\\\/\"]}]},{\"@type\":\"ImageObject\",\"inLanguage\":\"nb-NO\",\"@id\":\"https:\\\/\\\/terjebjornstad.com\\\/no\\\/dkw\\\/#primaryimage\",\"url\":\"https:\\\/\\\/i0.wp.com\\\/terjebjornstad.com\\\/no\\\/wp-content\\\/uploads\\\/2023\\\/03\\\/dkw-logo-300x200-1.jpg?fit=300%2C200&ssl=1\",\"contentUrl\":\"https:\\\/\\\/i0.wp.com\\\/terjebjornstad.com\\\/no\\\/wp-content\\\/uploads\\\/2023\\\/03\\\/dkw-logo-300x200-1.jpg?fit=300%2C200&ssl=1\",\"width\":300,\"height\":200,\"caption\":\"&nbsp;\"},{\"@type\":\"WebSite\",\"@id\":\"https:\\\/\\\/terjebjornstad.com\\\/no\\\/#website\",\"url\":\"https:\\\/\\\/terjebjornstad.com\\\/no\\\/\",\"name\":\"Terjes biler\",\"description\":\"HONEST ABOUT CARS\",\"publisher\":{\"@id\":\"https:\\\/\\\/terjebjornstad.com\\\/no\\\/#organization\"},\"alternateName\":\"Terjebjornstad.com\",\"potentialAction\":[{\"@type\":\"SearchAction\",\"target\":{\"@type\":\"EntryPoint\",\"urlTemplate\":\"https:\\\/\\\/terjebjornstad.com\\\/no\\\/?s={search_term_string}\"},\"query-input\":{\"@type\":\"PropertyValueSpecification\",\"valueRequired\":true,\"valueName\":\"search_term_string\"}}],\"inLanguage\":\"nb-NO\"},{\"@type\":\"Organization\",\"@id\":\"https:\\\/\\\/terjebjornstad.com\\\/no\\\/#organization\",\"name\":\"Terje Bj\u00f8rnstad ENK\",\"url\":\"https:\\\/\\\/terjebjornstad.com\\\/no\\\/\",\"logo\":{\"@type\":\"ImageObject\",\"inLanguage\":\"nb-NO\",\"@id\":\"https:\\\/\\\/terjebjornstad.com\\\/no\\\/#\\\/schema\\\/logo\\\/image\\\/\",\"url\":\"https:\\\/\\\/i0.wp.com\\\/terjebjornstad.com\\\/no\\\/wp-content\\\/uploads\\\/2026\\\/02\\\/terjesbiler2024-960x354-1.png?fit=960%2C354&ssl=1\",\"contentUrl\":\"https:\\\/\\\/i0.wp.com\\\/terjebjornstad.com\\\/no\\\/wp-content\\\/uploads\\\/2026\\\/02\\\/terjesbiler2024-960x354-1.png?fit=960%2C354&ssl=1\",\"width\":960,\"height\":354,\"caption\":\"Terje Bj\u00f8rnstad ENK\"},\"image\":{\"@id\":\"https:\\\/\\\/terjebjornstad.com\\\/no\\\/#\\\/schema\\\/logo\\\/image\\\/\"},\"sameAs\":[\"https:\\\/\\\/www.facebook.com\\\/terjesbiler\\\/\",\"https:\\\/\\\/www.instagram.com\\\/terjesbiler\\\/\",\"https:\\\/\\\/www.pinteres.com\\\/terjebjrnstad\\\/terjes-biler\\\/\"]}]}<\/script>\n<!-- \/ Yoast SEO plugin. -->","yoast_head_json":{"title":"- Terjes biler","robots":{"index":"index","follow":"follow","max-snippet":"max-snippet:-1","max-image-preview":"max-image-preview:large","max-video-preview":"max-video-preview:-1"},"canonical":"https:\/\/terjebjornstad.com\/no\/dkw\/","og_locale":"nb_NO","og_type":"article","og_title":"- Terjes biler","og_description":"DKW ble stiftet av dansken J\u00f8rgen Rasmussen i 1916 for \u00e5 bygge dampbiler. Det gikk ikke s\u00e5 bra, men han skapte en 2-taktsmotor i 1919. I 1932 fusjonerte DKW sammen med dav\u00e6rende Audi, Horsch og Wanderer til AutoUnionsymbolisert med fire ringer. Etter krigen havnet DKW bak jernteppet men ble relokalisert i Vest-Tyskland hvor de til [&hellip;]","og_url":"https:\/\/terjebjornstad.com\/no\/dkw\/","og_site_name":"Terjes biler","article_publisher":"https:\/\/www.facebook.com\/terjesbiler\/","article_modified_time":"2026-02-09T09:13:17+00:00","og_image":[{"width":300,"height":200,"url":"https:\/\/terjebjornstad.com\/no\/wp-content\/uploads\/2023\/03\/dkw-logo-300x200-1.jpg","type":"image\/jpeg"}],"twitter_card":"summary_large_image","twitter_misc":{"Ansl. lesetid":"2 minutter"},"schema":{"@context":"https:\/\/schema.org","@graph":[{"@type":"WebPage","@id":"https:\/\/terjebjornstad.com\/no\/dkw\/","url":"https:\/\/terjebjornstad.com\/no\/dkw\/","name":"- Terjes biler","isPartOf":{"@id":"https:\/\/terjebjornstad.com\/no\/#website"},"primaryImageOfPage":{"@id":"https:\/\/terjebjornstad.com\/no\/dkw\/#primaryimage"},"image":{"@id":"https:\/\/terjebjornstad.com\/no\/dkw\/#primaryimage"},"thumbnailUrl":"https:\/\/i0.wp.com\/terjebjornstad.com\/no\/wp-content\/uploads\/2023\/03\/dkw-logo-300x200-1.jpg?fit=300%2C200&ssl=1","datePublished":"2017-04-11T12:27:16+00:00","dateModified":"2026-02-09T09:13:17+00:00","inLanguage":"nb-NO","potentialAction":[{"@type":"ReadAction","target":["https:\/\/terjebjornstad.com\/no\/dkw\/"]}]},{"@type":"ImageObject","inLanguage":"nb-NO","@id":"https:\/\/terjebjornstad.com\/no\/dkw\/#primaryimage","url":"https:\/\/i0.wp.com\/terjebjornstad.com\/no\/wp-content\/uploads\/2023\/03\/dkw-logo-300x200-1.jpg?fit=300%2C200&ssl=1","contentUrl":"https:\/\/i0.wp.com\/terjebjornstad.com\/no\/wp-content\/uploads\/2023\/03\/dkw-logo-300x200-1.jpg?fit=300%2C200&ssl=1","width":300,"height":200,"caption":"&nbsp;"},{"@type":"WebSite","@id":"https:\/\/terjebjornstad.com\/no\/#website","url":"https:\/\/terjebjornstad.com\/no\/","name":"Terjes biler","description":"HONEST ABOUT CARS","publisher":{"@id":"https:\/\/terjebjornstad.com\/no\/#organization"},"alternateName":"Terjebjornstad.com","potentialAction":[{"@type":"SearchAction","target":{"@type":"EntryPoint","urlTemplate":"https:\/\/terjebjornstad.com\/no\/?s={search_term_string}"},"query-input":{"@type":"PropertyValueSpecification","valueRequired":true,"valueName":"search_term_string"}}],"inLanguage":"nb-NO"},{"@type":"Organization","@id":"https:\/\/terjebjornstad.com\/no\/#organization","name":"Terje Bj\u00f8rnstad ENK","url":"https:\/\/terjebjornstad.com\/no\/","logo":{"@type":"ImageObject","inLanguage":"nb-NO","@id":"https:\/\/terjebjornstad.com\/no\/#\/schema\/logo\/image\/","url":"https:\/\/i0.wp.com\/terjebjornstad.com\/no\/wp-content\/uploads\/2026\/02\/terjesbiler2024-960x354-1.png?fit=960%2C354&ssl=1","contentUrl":"https:\/\/i0.wp.com\/terjebjornstad.com\/no\/wp-content\/uploads\/2026\/02\/terjesbiler2024-960x354-1.png?fit=960%2C354&ssl=1","width":960,"height":354,"caption":"Terje Bj\u00f8rnstad ENK"},"image":{"@id":"https:\/\/terjebjornstad.com\/no\/#\/schema\/logo\/image\/"},"sameAs":["https:\/\/www.facebook.com\/terjesbiler\/","https:\/\/www.instagram.com\/terjesbiler\/","https:\/\/www.pinteres.com\/terjebjrnstad\/terjes-biler\/"]}]}},"jetpack_sharing_enabled":true,"jetpack_shortlink":"https:\/\/wp.me\/P48zYA-2CU","jetpack-related-posts":[{"id":49236,"url":"https:\/\/terjebjornstad.com\/no\/dkw-auto-union-1000\/","url_meta":{"origin":10100,"position":0},"title":"DKW Auto Union 1000","author":"Terje Bj\u00f8rnstad","date":"21\/06\/2022","format":false,"excerpt":"- Pappa, er det en Audi? - spurte gutten da han passerte DKW'en p\u00e5 bildet. Nei! - kom det bryskt fra faren. Men gutten hadde jo sett de fire ringene i grillen han... Medlem av unionen De 4 ringene i DKW'en symboliserer det samme som i dagens Audi'er. Hver ring\u2026","rel":"","context":"Liknende innlegg","block_context":{"text":"Liknende innlegg","link":""},"img":{"alt_text":"motordilla","src":"https:\/\/i0.wp.com\/terjebjornstad.com\/no\/wp-content\/uploads\/2022\/06\/1958-dkw-autounion-1000-1080x720-1.png?fit=1080%2C720&ssl=1&resize=350%2C200","width":350,"height":200,"srcset":"https:\/\/i0.wp.com\/terjebjornstad.com\/no\/wp-content\/uploads\/2022\/06\/1958-dkw-autounion-1000-1080x720-1.png?fit=1080%2C720&ssl=1&resize=350%2C200 1x, https:\/\/i0.wp.com\/terjebjornstad.com\/no\/wp-content\/uploads\/2022\/06\/1958-dkw-autounion-1000-1080x720-1.png?fit=1080%2C720&ssl=1&resize=525%2C300 1.5x, https:\/\/i0.wp.com\/terjebjornstad.com\/no\/wp-content\/uploads\/2022\/06\/1958-dkw-autounion-1000-1080x720-1.png?fit=1080%2C720&ssl=1&resize=700%2C400 2x, https:\/\/i0.wp.com\/terjebjornstad.com\/no\/wp-content\/uploads\/2022\/06\/1958-dkw-autounion-1000-1080x720-1.png?fit=1080%2C720&ssl=1&resize=1050%2C600 3x"},"classes":[]},{"id":10096,"url":"https:\/\/terjebjornstad.com\/no\/dkw-f91\/","url_meta":{"origin":10100,"position":1},"title":"DKW 3=6 Sonderklasse","author":"Terje Bj\u00f8rnstad","date":"11\/04\/2017","format":false,"excerpt":"\u00a0 Audis forgjenger Visste du at Audi stammer fra DKW? Den f\u00f8rste selvstendige Audi-modellen, Audi 60, var visuelt sett nesten en kopi av DKW AutoUnion F102, som for \u00f8vrig delte mekanikk med DKW Autounion 1000, \u2013 som igjen stammet fra F91 - den samme modellen som du ser her. Alle\u2026","rel":"","context":"Liknende innlegg","block_context":{"text":"Liknende innlegg","link":""},"img":{"alt_text":"","src":"https:\/\/i0.wp.com\/terjebjornstad.com\/no\/wp-content\/uploads\/2017\/04\/dkw3-6-1.png?fit=686%2C500&ssl=1&resize=350%2C200","width":350,"height":200,"srcset":"https:\/\/i0.wp.com\/terjebjornstad.com\/no\/wp-content\/uploads\/2017\/04\/dkw3-6-1.png?fit=686%2C500&ssl=1&resize=350%2C200 1x, https:\/\/i0.wp.com\/terjebjornstad.com\/no\/wp-content\/uploads\/2017\/04\/dkw3-6-1.png?fit=686%2C500&ssl=1&resize=525%2C300 1.5x"},"classes":[]},{"id":5287,"url":"https:\/\/terjebjornstad.com\/no\/audi\/","url_meta":{"origin":10100,"position":2},"title":"I 1932 ble fire selskaper\u2026","author":"Terje Bj\u00f8rnstad","date":"21\/06\/2016","format":false,"excerpt":"I 1932 ble fire selskaper sl\u00e5tt sammen til Auto Union. De fire var Horsch, Audi, Wanderer og DKW, og disse merkenavnene ble fortsatt brukt. Etter krigen ble Auto Union gjenetablert og gjenopptok produksjonen av DKW. Volkswagen kj\u00f8pte seg inn i selskapet - og tok etter hvert over NSU ogs\u00e5. Audi\u2026","rel":"","context":"Liknende innlegg","block_context":{"text":"Liknende innlegg","link":""},"img":{"alt_text":"","src":"https:\/\/i0.wp.com\/terjebjornstad.com\/no\/wp-content\/uploads\/2023\/03\/audi-logo.jpg?resize=350%2C200&ssl=1","width":350,"height":200},"classes":[]},{"id":7533,"url":"https:\/\/terjebjornstad.com\/no\/1970-76-audi-100-coupe-s\/","url_meta":{"origin":10100,"position":3},"title":"Audi 100 C1","author":"Terje Bj\u00f8rnstad","date":"21\/09\/2016","format":false,"excerpt":"F\u00f8rste Audi Audi 100 (C1) kom i 1968 og dannet sammen med Audi 60 (samt 80 og 90) Audis modellprogram de f\u00f8rste \u00e5rene. Med internbetegnelsen \"C1\" kan Audi 100 betegnes som f\u00f8rste Audi. Audi 60 hadde r\u00f8tter hos DKW, og bar internbetegnelsen \"F103\", som er en DKW-betegnelse. Det er derfor\u2026","rel":"","context":"Liknende innlegg","block_context":{"text":"Liknende innlegg","link":""},"img":{"alt_text":"","src":"https:\/\/i0.wp.com\/terjebjornstad.com\/no\/wp-content\/uploads\/2019\/02\/audi-100-c1-us-1.png?fit=1080%2C720&ssl=1&resize=350%2C200","width":350,"height":200,"srcset":"https:\/\/i0.wp.com\/terjebjornstad.com\/no\/wp-content\/uploads\/2019\/02\/audi-100-c1-us-1.png?fit=1080%2C720&ssl=1&resize=350%2C200 1x, https:\/\/i0.wp.com\/terjebjornstad.com\/no\/wp-content\/uploads\/2019\/02\/audi-100-c1-us-1.png?fit=1080%2C720&ssl=1&resize=525%2C300 1.5x, https:\/\/i0.wp.com\/terjebjornstad.com\/no\/wp-content\/uploads\/2019\/02\/audi-100-c1-us-1.png?fit=1080%2C720&ssl=1&resize=700%2C400 2x, https:\/\/i0.wp.com\/terjebjornstad.com\/no\/wp-content\/uploads\/2019\/02\/audi-100-c1-us-1.png?fit=1080%2C720&ssl=1&resize=1050%2C600 3x"},"classes":[]},{"id":30637,"url":"https:\/\/terjebjornstad.com\/no\/bildekatalogen\/","url_meta":{"origin":10100,"position":4},"title":"Bilmerker Alfa Romeo&nbsp;&nbsp;&nbsp;&nbsp;&nbsp;&nbsp;&nbsp; Alpine&nbsp;&nbsp;&nbsp;&nbsp;&nbsp;&nbsp;&nbsp; Alvis&nbsp;&nbsp;&nbsp;&nbsp;&nbsp;&nbsp;&nbsp;\u2026","author":"Terje Bj\u00f8rnstad","date":"18\/02\/2020","format":false,"excerpt":"Bilmerker Alfa Romeo\u00a0\u00a0\u00a0\u00a0\u00a0\u00a0\u00a0 Alpine\u00a0\u00a0\u00a0\u00a0\u00a0\u00a0\u00a0 Alvis\u00a0\u00a0\u00a0\u00a0\u00a0\u00a0\u00a0 AMC\/Rambler\u00a0\u00a0\u00a0\u00a0\u00a0\u00a0\u00a0 Aston Martin\u00a0\u00a0\u00a0\u00a0\u00a0\u00a0\u00a0 Audi\u00a0\u00a0\u00a0\u00a0\u00a0\u00a0\u00a0 Austin\u00a0\u00a0\u00a0\u00a0\u00a0\u00a0\u00a0 Autobianchi\u00a0\u00a0\u00a0\u00a0\u00a0\u00a0\u00a0 Bentley\u00a0\u00a0\u00a0\u00a0\u00a0\u00a0\u00a0 BMW\u00a0\u00a0\u00a0\u00a0\u00a0\u00a0\u00a0 Bristol\u00a0\u00a0\u00a0\u00a0\u00a0\u00a0\u00a0 Bugatti\u00a0\u00a0\u00a0\u00a0\u00a0\u00a0\u00a0 Buick\u00a0\u00a0\u00a0\u00a0\u00a0\u00a0\u00a0 Cadillac\u00a0\u00a0\u00a0\u00a0\u00a0\u00a0\u00a0 Caterham\u00a0\u00a0\u00a0\u00a0\u00a0\u00a0\u00a0 Chevrolet\u00a0\u00a0\u00a0\u00a0\u00a0\u00a0\u00a0 Chrysler\u00a0\u00a0\u00a0\u00a0\u00a0\u00a0\u00a0 Citro\u00ebn\/DS\u00a0\u00a0\u00a0\u00a0\u00a0\u00a0\u00a0 DAF\u00a0\u00a0\u00a0\u00a0\u00a0\u00a0\u00a0 DeLorean\u00a0\u00a0\u00a0\u00a0\u00a0\u00a0\u00a0 DeTomaso\u00a0\u00a0\u00a0\u00a0\u00a0\u00a0\u00a0 DKW\u00a0\u00a0\u00a0\u00a0\u00a0\u00a0\u00a0 Dodge\u00a0\u00a0\u00a0\u00a0\u00a0\u00a0\u00a0 Donkervoort\u00a0\u00a0\u00a0\u00a0\u00a0\u00a0\u00a0 Ferrari\u00a0\u00a0\u00a0\u00a0\u00a0\u00a0\u00a0 Fiat\u00a0\u00a0\u00a0\u00a0\u00a0\u00a0\u00a0 Fisker\/Karma\u00a0\u00a0\u00a0\u00a0\u00a0\u00a0\u00a0 Ford\u00a0\u00a0\u00a0\u00a0\u00a0\u00a0\u00a0 Gordon Keeble\u00a0\u00a0\u00a0\u00a0\u00a0\u00a0\u00a0 Hispano-Suiza\u00a0\u00a0\u00a0\u00a0\u00a0\u00a0\u00a0 Honda\u00a0\u00a0\u00a0\u00a0\u00a0\u00a0\u00a0 Hummer\u00a0\u00a0\u00a0\u00a0\u00a0\u00a0\u00a0 Hyundai\u00a0\u00a0\u00a0\u00a0\u00a0\u00a0\u00a0 Iso\u00a0\u00a0\u00a0\u00a0\u00a0\u00a0\u00a0 Isuzu\u00a0\u00a0\u00a0\u00a0\u00a0\u00a0\u00a0 Jaguar\u00a0\u00a0\u00a0\u00a0\u00a0\u00a0\u00a0 Jeep\u00a0\u00a0\u00a0\u00a0\u00a0\u00a0\u00a0 Kaiser-Frazer\u00a0\u00a0\u00a0\u00a0\u00a0\u00a0\u00a0 KIA\u00a0\u00a0\u00a0\u00a0\u00a0\u00a0\u00a0 Lamborghini\u00a0\u00a0\u00a0\u00a0\u00a0\u00a0\u00a0 Lancia\u00a0\u00a0\u00a0\u00a0\u00a0\u00a0\u00a0 Land Rover\u00a0\u00a0\u00a0\u00a0\u00a0\u00a0\u00a0 Lexus\u00a0\u00a0\u00a0\u00a0\u00a0\u00a0\u00a0 Lincoln\u00a0\u00a0\u00a0\u00a0\u00a0\u00a0\u00a0 Lotus\u00a0\u00a0\u00a0\u00a0\u00a0\u00a0\u00a0\u2026","rel":"","context":"Liknende innlegg","block_context":{"text":"Liknende innlegg","link":""},"img":{"alt_text":"bilmerker","src":"https:\/\/i0.wp.com\/terjebjornstad.com\/no\/wp-content\/uploads\/2024\/09\/bilkatalogen-1-wiii-1.png?resize=350%2C200&ssl=1","width":350,"height":200},"classes":[]},{"id":23433,"url":"https:\/\/terjebjornstad.com\/no\/ford-p4\/","url_meta":{"origin":10100,"position":5},"title":"Ford P4","author":"Terje Bj\u00f8rnstad","date":"17\/05\/2019","format":false,"excerpt":"Ble utviklet av Ford USA, men ledelsen der hadde ingen tro p\u00e5 at biler med V4-motor og forhjulsdrift skulle lykkes der. Dermed ble prosjektet sendt til Tyskland. \u00a0 Skapt i USA - men ble for moderne der P4 kom i salg i 1962 som den f\u00f8rste Ford med forhjulstrekk. Man\u2026","rel":"","context":"Liknende innlegg","block_context":{"text":"Liknende innlegg","link":""},"img":{"alt_text":"","src":"https:\/\/i0.wp.com\/terjebjornstad.com\/no\/wp-content\/uploads\/2022\/07\/ford-m-klubben-b-1.png?fit=1080%2C720&ssl=1&resize=350%2C200","width":350,"height":200,"srcset":"https:\/\/i0.wp.com\/terjebjornstad.com\/no\/wp-content\/uploads\/2022\/07\/ford-m-klubben-b-1.png?fit=1080%2C720&ssl=1&resize=350%2C200 1x, https:\/\/i0.wp.com\/terjebjornstad.com\/no\/wp-content\/uploads\/2022\/07\/ford-m-klubben-b-1.png?fit=1080%2C720&ssl=1&resize=525%2C300 1.5x, https:\/\/i0.wp.com\/terjebjornstad.com\/no\/wp-content\/uploads\/2022\/07\/ford-m-klubben-b-1.png?fit=1080%2C720&ssl=1&resize=700%2C400 2x, https:\/\/i0.wp.com\/terjebjornstad.com\/no\/wp-content\/uploads\/2022\/07\/ford-m-klubben-b-1.png?fit=1080%2C720&ssl=1&resize=1050%2C600 3x"},"classes":[]}],"_links":{"self":[{"href":"https:\/\/terjebjornstad.com\/no\/wp-json\/wp\/v2\/pages\/10100","targetHints":{"allow":["GET"]}}],"collection":[{"href":"https:\/\/terjebjornstad.com\/no\/wp-json\/wp\/v2\/pages"}],"about":[{"href":"https:\/\/terjebjornstad.com\/no\/wp-json\/wp\/v2\/types\/page"}],"author":[{"embeddable":true,"href":"https:\/\/terjebjornstad.com\/no\/wp-json\/wp\/v2\/users\/1"}],"replies":[{"embeddable":true,"href":"https:\/\/terjebjornstad.com\/no\/wp-json\/wp\/v2\/comments?post=10100"}],"version-history":[{"count":14,"href":"https:\/\/terjebjornstad.com\/no\/wp-json\/wp\/v2\/pages\/10100\/revisions"}],"predecessor-version":[{"id":88634,"href":"https:\/\/terjebjornstad.com\/no\/wp-json\/wp\/v2\/pages\/10100\/revisions\/88634"}],"wp:featuredmedia":[{"embeddable":true,"href":"https:\/\/terjebjornstad.com\/no\/wp-json\/wp\/v2\/media\/58276"}],"wp:attachment":[{"href":"https:\/\/terjebjornstad.com\/no\/wp-json\/wp\/v2\/media?parent=10100"}],"curies":[{"name":"wp","href":"https:\/\/api.w.org\/{rel}","templated":true}]}}